{"id":19812,"date":"2023-10-25T13:25:43","date_gmt":"2023-10-25T11:25:43","guid":{"rendered":"https:\/\/www.equiposytalentoeventos.com\/corporate-learning\/?page_id=19812"},"modified":"2024-03-07T13:40:46","modified_gmt":"2024-03-07T12:40:46","slug":"edicion2023","status":"publish","type":"page","link":"https:\/\/www.equiposytalentoeventos.com\/corporate-learning\/edicion2023\/","title":{"rendered":"Edici\u00f3n 2023"},"content":{"rendered":"<p>[et_pb_section fb_built=\u00bb1&#8243; _builder_version=\u00bb4.16&#8243; background_color=\u00bbrgba(37,54,65,0.24)\u00bb background_image=\u00bbhttps:\/\/www.equiposytalentoeventos.com\/corporate-learning\/wp-content\/uploads\/2023\/10\/1_capc\u0327alera-2.jpg\u00bb background_position=\u00bbtop_center\u00bb background_repeat=\u00bbspace\u00bb background_blend=\u00bbmultiply\u00bb background_enable_video_mp4=\u00bboff\u00bb background_video_width=\u00bb1920&#8243; background_video_height=\u00bb1080&#8243; background_video_pause_outside_viewport=\u00bboff\u00bb width=\u00bb100%\u00bb custom_padding=\u00bb3px||0px|||\u00bb background_last_edited=\u00bbon|tablet\u00bb custom_css_main_element=\u00bbheight: 100vh;||display: flex;|| flex-direction: column;|| justify-content: center;\u00bb global_colors_info=\u00bb{}\u00bb][et_pb_row _builder_version=\u00bb4.24.0&#8243; module_alignment=\u00bbcenter\u00bb min_height=\u00bb570.2px\u00bb custom_margin=\u00bb-7px|auto|-7px|auto|false|false\u00bb custom_padding=\u00bb0px||||false|false\u00bb global_colors_info=\u00bb{}\u00bb][et_pb_column type=\u00bb4_4&#8243; _builder_version=\u00bb4.16&#8243; global_colors_info=\u00bb{}\u00bb][et_pb_text _builder_version=\u00bb4.16&#8243; text_font=\u00bbRubik|700|||||||\u00bb text_text_color=\u00bb#ffffff\u00bb text_font_size=\u00bb72px\u00bb text_line_height=\u00bb90px\u00bb text_font_size_tablet=\u00bb60px\u00bb text_font_size_phone=\u00bb32px\u00bb text_font_size_last_edited=\u00bbon|desktop\u00bb text_line_height_tablet=\u00bb80px\u00bb text_line_height_phone=\u00bb44px\u00bb text_line_height_last_edited=\u00bbon|desktop\u00bb global_colors_info=\u00bb{}\u00bb]<\/p>\n<p style=\"text-align: center;\">CORPORATE<br \/> LEARNING DAY 23<\/p>\n<p>[\/et_pb_text][et_pb_text _builder_version=\u00bb4.16&#8243; text_font=\u00bbUnivers||||||||\u00bb text_text_color=\u00bb#ffffff\u00bb text_font_size=\u00bb24px\u00bb text_line_height=\u00bb36px\u00bb width=\u00bb80%\u00bb width_tablet=\u00bb100%\u00bb width_phone=\u00bb100%\u00bb width_last_edited=\u00bbon|desktop\u00bb module_alignment=\u00bbcenter\u00bb custom_margin=\u00bb20px||||false|false\u00bb custom_margin_tablet=\u00bb\u00bb custom_margin_phone=\u00bb||||false|false\u00bb custom_margin_last_edited=\u00bbon|phone\u00bb custom_padding=\u00bb||||false|false\u00bb text_font_size_tablet=\u00bb22px\u00bb text_font_size_phone=\u00bb20px\u00bb text_font_size_last_edited=\u00bbon|phone\u00bb text_line_height_tablet=\u00bb32px\u00bb text_line_height_phone=\u00bb30px\u00bb text_line_height_last_edited=\u00bbon|desktop\u00bb global_colors_info=\u00bb{}\u00bb]<\/p>\n<p style=\"text-align: center;\"><span><span style=\"color: #ffffff;\">22 de noviembre de 2023<br \/><\/span><\/span><\/p>\n<p style=\"text-align: center;\"><span>Teatro Goya Madrid | Evento exclusivamente presencial<br \/><\/span><br \/><span style=\"font-size: x-large;\"> <strong>#CorporateLearningDay23<\/strong><\/span><\/p>\n<p>[\/et_pb_text][et_pb_button button_url=\u00bb#inscripcion\u00bb url_new_window=\u00bbon\u00bb button_text=\u00bbINSCR\u00cdBETE\u00bb button_alignment=\u00bbcenter\u00bb disabled_on=\u00bboff|off|off\u00bb _builder_version=\u00bb4.24.0&#8243; custom_button=\u00bbon\u00bb button_text_size=\u00bb36px\u00bb button_text_color=\u00bb#ffffff\u00bb button_bg_color=\u00bb#0ea4b2&#8243; button_border_width=\u00bb0px\u00bb button_border_radius=\u00bb9px\u00bb button_font=\u00bbUnivers LT 75 Black||||||||\u00bb button_use_icon=\u00bboff\u00bb background_layout=\u00bbdark\u00bb custom_margin_tablet=\u00bb0%||||false|false\u00bb custom_margin_phone=\u00bb0%|10%||0px|false|false\u00bb custom_margin_last_edited=\u00bbon|desktop\u00bb custom_padding=\u00bb20px|50px|20px|50px|false|false\u00bb global_colors_info=\u00bb{}\u00bb][\/et_pb_button][\/et_pb_column][\/et_pb_row][\/et_pb_section][et_pb_section fb_built=\u00bb1&#8243; _builder_version=\u00bb4.16&#8243; background_color=\u00bb#001f2b\u00bb custom_margin=\u00bb||||false|false\u00bb custom_padding=\u00bb5%|5%|120px|5%|false|false\u00bb global_colors_info=\u00bb{}\u00bb][et_pb_row custom_padding_last_edited=\u00bbon|tablet\u00bb disabled_on=\u00bboff|off|off\u00bb _builder_version=\u00bb4.16&#8243; width_tablet=\u00bb\u00bb width_phone=\u00bb\u00bb width_last_edited=\u00bbon|desktop\u00bb custom_padding=\u00bb||1.2%||false|false\u00bb custom_padding_tablet=\u00bb15%||||false|false\u00bb custom_padding_phone=\u00bb\u00bb global_colors_info=\u00bb{}\u00bb][et_pb_column type=\u00bb4_4&#8243; _builder_version=\u00bb4.16&#8243; global_colors_info=\u00bb{}\u00bb][et_pb_text _builder_version=\u00bb4.16&#8243; text_font=\u00bbUnivers|800|||||||\u00bb text_text_color=\u00bb#ffffff\u00bb text_font_size=\u00bb38px\u00bb text_line_height=\u00bb54px\u00bb custom_margin=\u00bb||42px||false|false\u00bb custom_margin_tablet=\u00bb\u00bb custom_margin_phone=\u00bb2%||||false|false\u00bb custom_margin_last_edited=\u00bbon|desktop\u00bb custom_padding=\u00bb||||false|false\u00bb text_font_size_tablet=\u00bb28px\u00bb text_font_size_phone=\u00bb24px\u00bb text_font_size_last_edited=\u00bbon|desktop\u00bb text_line_height_tablet=\u00bb40px\u00bb text_line_height_phone=\u00bb36px\u00bb text_line_height_last_edited=\u00bbon|desktop\u00bb border_width_all=\u00bb-3px\u00bb border_width_left=\u00bb0px\u00bb border_color_left=\u00bb#9cffff\u00bb border_radii_tablet=\u00bb\u00bb border_radii_phone=\u00bb\u00bb border_radii_last_edited=\u00bbon|tablet\u00bb global_colors_info=\u00bb{}\u00bb]<strong>TEM\u00c1TICAS <\/strong>[\/et_pb_text][\/et_pb_column][\/et_pb_row][et_pb_row column_structure=\u00bb1_3,1_3,1_3&#8243; make_equal=\u00bbon\u00bb disabled_on=\u00bboff|off|off\u00bb _builder_version=\u00bb4.16&#8243; custom_padding=\u00bb66px||50px|||\u00bb border_color_bottom=\u00bbrgba(156,255,255,0.52)\u00bb locked=\u00bboff\u00bb global_colors_info=\u00bb{}\u00bb][et_pb_column type=\u00bb1_3&#8243; _builder_version=\u00bb4.16&#8243; global_colors_info=\u00bb{}\u00bb][et_pb_text _builder_version=\u00bb4.16&#8243; text_font=\u00bbUnivers||||||||\u00bb text_text_color=\u00bb#ffffff\u00bb text_font_size=\u00bb20px\u00bb text_line_height=\u00bb30px\u00bb custom_padding=\u00bb|||24px|false|false\u00bb border_width_left=\u00bb5px\u00bb border_color_left=\u00bb#68c4d1&#8243; inline_fonts=\u00bbRubik\u00bb global_colors_info=\u00bb{}\u00bb]<\/p>\n<p class=\"p1\"><span style=\"font-size: x-large;\"><strong><span style=\"color: #11d8d8; font-family: Rubik;\">TRANSFORMATIVE LEARNING<\/span><\/strong><\/span><\/p>\n<p class=\"p1\">Innovaci\u00f3n y tecnolog\u00eda para la creaci\u00f3n de una experiencia de aprendizaje eficaz y sostenible<\/p>\n<p class=\"p1\"><span><\/span><\/p>\n<p class=\"p1\"><span><\/span><\/p>\n<p>[\/et_pb_text][\/et_pb_column][et_pb_column type=\u00bb1_3&#8243; _builder_version=\u00bb4.16&#8243; global_colors_info=\u00bb{}\u00bb][et_pb_text _builder_version=\u00bb4.16&#8243; text_font=\u00bbUnivers||||||||\u00bb text_text_color=\u00bb#ffffff\u00bb text_font_size=\u00bb20px\u00bb text_line_height=\u00bb30px\u00bb custom_padding=\u00bb|||24px|false|false\u00bb border_width_left=\u00bb5px\u00bb border_color_left=\u00bb#68c4d1&#8243; inline_fonts=\u00bbRubik\u00bb global_colors_info=\u00bb{}\u00bb]<\/p>\n<p class=\"p1\"><span style=\"font-size: x-large; font-family: Rubik; font-weight: normal;\"><strong><span style=\"color: #11d8d8;\">HUMAN ORGANIZATIONS<br \/><\/span><\/strong><\/span><\/p>\n<p class=\"p1\"><span style=\"color: #11d8d8; font-size: x-large;\"><\/span>C\u00f3mo el desarrollo y la formaci\u00f3n contribuyen al bienestar organizacional<\/p>\n<p class=\"p1\">\n<p class=\"p1\">\n<p>[\/et_pb_text][\/et_pb_column][et_pb_column type=\u00bb1_3&#8243; _builder_version=\u00bb4.16&#8243; global_colors_info=\u00bb{}\u00bb][et_pb_text _builder_version=\u00bb4.16&#8243; text_font=\u00bbUnivers||||||||\u00bb text_text_color=\u00bb#ffffff\u00bb text_font_size=\u00bb20px\u00bb text_line_height=\u00bb30px\u00bb custom_padding=\u00bb|||24px|false|false\u00bb border_width_left=\u00bb5px\u00bb border_color_left=\u00bb#68c4d1&#8243; inline_fonts=\u00bbRubik\u00bb global_colors_info=\u00bb{}\u00bb]<\/p>\n<p class=\"p1\"><span style=\"font-size: x-large; font-family: Rubik; font-weight: normal;\"><strong><span style=\"color: #11d8d8;\">AGILE LEARNING<br \/><\/span><\/strong><\/span><\/p>\n<p class=\"p1\"><span style=\"color: #11d8d8; font-size: x-large;\"><\/span>Del Ultra Learning al Agile Learning<\/p>\n<p class=\"p1\">\n<p class=\"p1\">\n<p>[\/et_pb_text][\/et_pb_column][\/et_pb_row][et_pb_row column_structure=\u00bb1_3,1_3,1_3&#8243; make_equal=\u00bbon\u00bb disabled_on=\u00bboff|off|off\u00bb _builder_version=\u00bb4.16&#8243; custom_padding=\u00bb66px||50px|||\u00bb border_color_bottom=\u00bbrgba(156,255,255,0.52)\u00bb locked=\u00bboff\u00bb global_colors_info=\u00bb{}\u00bb][et_pb_column type=\u00bb1_3&#8243; _builder_version=\u00bb4.16&#8243; global_colors_info=\u00bb{}\u00bb][et_pb_text _builder_version=\u00bb4.16&#8243; text_font=\u00bbUnivers||||||||\u00bb text_text_color=\u00bb#ffffff\u00bb text_font_size=\u00bb20px\u00bb text_line_height=\u00bb30px\u00bb custom_padding=\u00bb|||24px|false|false\u00bb border_width_left=\u00bb5px\u00bb border_color_left=\u00bb#68c4d1&#8243; inline_fonts=\u00bbRubik\u00bb global_colors_info=\u00bb{}\u00bb]<\/p>\n<p class=\"p1\"><span style=\"font-size: x-large;\"><strong><span style=\"color: #11d8d8; font-family: Rubik;\">NEW LEARNING EXPERIENCES<br \/><\/span><\/strong><\/span><\/p>\n<p class=\"p1\">Generar impacto a trav\u00e9s de experiencias memorables<\/p>\n<p class=\"p1\"><span><\/span><\/p>\n<p class=\"p1\"><span><\/span><\/p>\n<p>[\/et_pb_text][\/et_pb_column][et_pb_column type=\u00bb1_3&#8243; _builder_version=\u00bb4.16&#8243; global_colors_info=\u00bb{}\u00bb][et_pb_text _builder_version=\u00bb4.16&#8243; text_font=\u00bbUnivers||||||||\u00bb text_text_color=\u00bb#ffffff\u00bb text_font_size=\u00bb20px\u00bb text_line_height=\u00bb30px\u00bb custom_padding=\u00bb|||24px|false|false\u00bb border_width_left=\u00bb5px\u00bb border_color_left=\u00bb#68c4d1&#8243; inline_fonts=\u00bbRubik\u00bb global_colors_info=\u00bb{}\u00bb]<\/p>\n<p class=\"p1\"><span style=\"font-size: x-large; font-family: Rubik; font-weight: normal;\"><strong><span style=\"color: #11d8d8;\">TECH-DRIVEN L&amp;D<\/span><\/strong><\/span><\/p>\n<p class=\"p1\"><span style=\"color: #11d8d8; font-size: x-large;\"><\/span>Innovaci\u00f3n y digitalizaci\u00f3n para impulsar el aprendizaje y la formaci\u00f3n<\/p>\n<p class=\"p1\">\n<p class=\"p1\">\n<p>[\/et_pb_text][\/et_pb_column][et_pb_column type=\u00bb1_3&#8243; _builder_version=\u00bb4.16&#8243; global_colors_info=\u00bb{}\u00bb][et_pb_text _builder_version=\u00bb4.16&#8243; text_font=\u00bbUnivers||||||||\u00bb text_text_color=\u00bb#ffffff\u00bb text_font_size=\u00bb20px\u00bb text_line_height=\u00bb30px\u00bb custom_padding=\u00bb|||24px|false|false\u00bb border_width_left=\u00bb5px\u00bb border_color_left=\u00bb#68c4d1&#8243; inline_fonts=\u00bbRubik\u00bb global_colors_info=\u00bb{}\u00bb]<\/p>\n<p class=\"p1\"><span style=\"font-size: x-large; font-family: Rubik; font-weight: normal;\"><strong><span style=\"color: #11d8d8;\">RESKILLING &amp; UPSKILLING<\/span><\/strong><\/span><\/p>\n<p class=\"p1\">Iniciativas de L&amp;D para impulsar el aprendizaje en las organizaciones<\/p>\n<p class=\"p1\">\n<p class=\"p1\">\n<p>[\/et_pb_text][\/et_pb_column][\/et_pb_row][et_pb_row column_structure=\u00bb1_3,1_3,1_3&#8243; use_custom_gutter=\u00bbon\u00bb gutter_width=\u00bb1&#8243; custom_padding_last_edited=\u00bbon|desktop\u00bb _builder_version=\u00bb4.16&#8243; background_color=\u00bb#001f2b\u00bb width=\u00bb90%\u00bb width_tablet=\u00bb100%\u00bb width_phone=\u00bb100%\u00bb width_last_edited=\u00bboff|desktop\u00bb max_width_tablet=\u00bb100%\u00bb max_width_phone=\u00bb100%\u00bb max_width_last_edited=\u00bboff|desktop\u00bb module_alignment=\u00bbcenter\u00bb custom_margin=\u00bb120px||||false|false\u00bb custom_margin_tablet=\u00bb\u00bb custom_margin_phone=\u00bb\u00bb custom_margin_last_edited=\u00bbon|desktop\u00bb custom_padding=\u00bb100px||100px||false|false\u00bb custom_padding_tablet=\u00bb\u00bb custom_padding_phone=\u00bb\u00bb module_alignment_tablet=\u00bb\u00bb module_alignment_phone=\u00bbcenter\u00bb module_alignment_last_edited=\u00bbon|desktop\u00bb custom_css_main_element=\u00bbz-index:10&#8243; border_width_all=\u00bb1px\u00bb border_color_all=\u00bbrgba(156,255,255,0.93)\u00bb global_colors_info=\u00bb{}\u00bb custom_padding__hover_enabled=\u00bboff\u00bb][et_pb_column type=\u00bb1_3&#8243; _builder_version=\u00bb4.16&#8243; global_colors_info=\u00bb{}\u00bb][et_pb_number_counter title=\u00bbPONENTES\u00bb number=\u00bb57&#8243; percent_sign=\u00bboff\u00bb _builder_version=\u00bb4.16&#8243; title_font=\u00bbUnivers||||||||\u00bb title_text_color=\u00bb#ffffff\u00bb title_font_size=\u00bb24px\u00bb number_font=\u00bbUnivers||||||||\u00bb number_text_color=\u00bb#008F70&#8243; number_font_size=\u00bb96px\u00bb custom_margin=\u00bb|||25%\u00bb custom_margin_tablet=\u00bb|||20%|false|false\u00bb custom_margin_phone=\u00bb2%||2%|0%|false|false\u00bb custom_margin_last_edited=\u00bbon|desktop\u00bb custom_padding=\u00bb||0px|||\u00bb title_font_size_tablet=\u00bb22px\u00bb title_font_size_phone=\u00bb20px\u00bb title_font_size_last_edited=\u00bbon|desktop\u00bb number_font_size_tablet=\u00bb80px\u00bb number_font_size_phone=\u00bb80px\u00bb number_font_size_last_edited=\u00bbon|desktop\u00bb global_colors_info=\u00bb{}\u00bb][\/et_pb_number_counter][\/et_pb_column][et_pb_column type=\u00bb1_3&#8243; _builder_version=\u00bb4.16&#8243; global_colors_info=\u00bb{}\u00bb][et_pb_number_counter title=\u00bbMESAS REDONDAS\u00bb number=\u00bb12&#8243; percent_sign=\u00bboff\u00bb _builder_version=\u00bb4.16&#8243; title_font=\u00bbUnivers||||||||\u00bb title_text_color=\u00bb#ffffff\u00bb title_font_size=\u00bb24px\u00bb number_font=\u00bbUnivers||||||||\u00bb number_text_color=\u00bb#006B8D\u00bb number_font_size=\u00bb96px\u00bb custom_margin_tablet=\u00bb|20%|||false|false\u00bb custom_margin_phone=\u00bb2%|0%|2%||false|false\u00bb custom_margin_last_edited=\u00bbon|phone\u00bb title_font_size_tablet=\u00bb22px\u00bb title_font_size_phone=\u00bb20px\u00bb title_font_size_last_edited=\u00bbon|desktop\u00bb number_font_size_tablet=\u00bb80px\u00bb number_font_size_phone=\u00bb80px\u00bb number_font_size_last_edited=\u00bbon|desktop\u00bb global_colors_info=\u00bb{}\u00bb][\/et_pb_number_counter][\/et_pb_column][et_pb_column type=\u00bb1_3&#8243; _builder_version=\u00bb4.16&#8243; global_colors_info=\u00bb{}\u00bb][et_pb_number_counter title=\u00bbSPEED TALKS\u00bb number=\u00bb13&#8243; percent_sign=\u00bboff\u00bb _builder_version=\u00bb4.16&#8243; title_font=\u00bbUnivers||||||||\u00bb title_text_color=\u00bb#ffffff\u00bb title_font_size=\u00bb24px\u00bb number_font=\u00bbUnivers||||||||\u00bb number_text_color=\u00bb#E6007E\u00bb number_font_size=\u00bb96px\u00bb custom_margin=\u00bb|25%||\u00bb custom_margin_tablet=\u00bb10%|0%||20%|false|false\u00bb custom_margin_phone=\u00bb2%|0%|2%|0%|false|false\u00bb custom_margin_last_edited=\u00bbon|desktop\u00bb title_font_size_tablet=\u00bb22px\u00bb title_font_size_phone=\u00bb20px\u00bb title_font_size_last_edited=\u00bbon|desktop\u00bb number_font_size_tablet=\u00bb80px\u00bb number_font_size_phone=\u00bb80px\u00bb number_font_size_last_edited=\u00bbon|desktop\u00bb global_colors_info=\u00bb{}\u00bb][\/et_pb_number_counter][\/et_pb_column][\/et_pb_row][\/et_pb_section][et_pb_section fb_built=\u00bb1&#8243; _builder_version=\u00bb4.24.0&#8243; custom_margin=\u00bb0px||\u00bb custom_padding=\u00bb0px||120px||false|false\u00bb global_colors_info=\u00bb{}\u00bb][et_pb_row use_custom_gutter=\u00bbon\u00bb gutter_width=\u00bb1&#8243; make_equal=\u00bbon\u00bb disabled_on=\u00bboff|off|off\u00bb _builder_version=\u00bb4.16&#8243; width=\u00bb100%\u00bb max_width=\u00bb2560px\u00bb module_alignment=\u00bbcenter\u00bb custom_margin=\u00bb|auto||83px||\u00bb custom_padding=\u00bb0px||0px|||\u00bb global_colors_info=\u00bb{}\u00bb][et_pb_column type=\u00bb4_4&#8243; _builder_version=\u00bb4.16&#8243; global_colors_info=\u00bb{}\u00bb][et_pb_gallery gallery_ids=\u00bb19830,19835,19837,19831,19834,19836,19840,19846&#8243; gallery_orderby=\u00bbrand\u00bb posts_number=\u00bb8&#8243; show_title_and_caption=\u00bboff\u00bb show_pagination=\u00bboff\u00bb _builder_version=\u00bb4.16&#8243; width=\u00bb100%\u00bb global_colors_info=\u00bb{}\u00bb][\/et_pb_gallery][\/et_pb_column][\/et_pb_row][et_pb_row custom_padding_last_edited=\u00bbon|tablet\u00bb _builder_version=\u00bb4.16&#8243; width_tablet=\u00bb\u00bb width_phone=\u00bb\u00bb width_last_edited=\u00bbon|desktop\u00bb custom_padding=\u00bb5%||0px|0.2%|false|false\u00bb custom_padding_tablet=\u00bb15%||||false|false\u00bb custom_padding_phone=\u00bb\u00bb global_colors_info=\u00bb{}\u00bb][et_pb_column type=\u00bb4_4&#8243; _builder_version=\u00bb4.16&#8243; global_colors_info=\u00bb{}\u00bb][et_pb_text _builder_version=\u00bb4.16&#8243; text_font=\u00bbUnivers|900|||||||\u00bb text_font_size=\u00bb32px\u00bb text_line_height=\u00bb54px\u00bb custom_margin_tablet=\u00bb\u00bb custom_margin_phone=\u00bb2%||||false|false\u00bb custom_margin_last_edited=\u00bbon|desktop\u00bb text_font_size_tablet=\u00bb28px\u00bb text_font_size_phone=\u00bb24px\u00bb text_font_size_last_edited=\u00bbon|desktop\u00bb text_line_height_tablet=\u00bb40px\u00bb text_line_height_phone=\u00bb36px\u00bb text_line_height_last_edited=\u00bbon|desktop\u00bb global_colors_info=\u00bb{}\u00bb]<\/p>\n<p>SPONSORS PREMIUM<\/p>\n<p>[\/et_pb_text][et_pb_divider color=\u00bbrgba(0,0,0,0)\u00bb divider_weight=\u00bb2px\u00bb _builder_version=\u00bb4.16&#8243; width=\u00bb100%\u00bb width_tablet=\u00bb\u00bb width_phone=\u00bb\u00bb width_last_edited=\u00bbon|desktop\u00bb custom_margin=\u00bb-20px||||false|false\u00bb border_width_top=\u00bb3px\u00bb border_color_top=\u00bb#11d8d8&#8243; global_colors_info=\u00bb{}\u00bb][\/et_pb_divider][\/et_pb_column][\/et_pb_row][et_pb_row column_structure=\u00bb1_4,1_4,1_4,1_4&#8243; _builder_version=\u00bb4.24.0&#8243; custom_margin=\u00bb35px|auto|2px|auto|false|false\u00bb custom_margin_tablet=\u00bb35px|auto|2px|auto|false|false\u00bb custom_margin_phone=\u00bb||0px||false|false\u00bb custom_margin_last_edited=\u00bbon|tablet\u00bb custom_padding=\u00bb0px|0%|0px|0%|false|false\u00bb pac_drh_column_numbers_tablet=\u00bbpac_drh_tab_col_two\u00bb pac_drh_column_numbers_phone=\u00bbpac_drh_phone_col_two\u00bb global_colors_info=\u00bb{}\u00bb][et_pb_column type=\u00bb1_4&#8243; _builder_version=\u00bb4.16&#8243; global_colors_info=\u00bb{}\u00bb][et_pb_image src=\u00bbhttps:\/\/www.equiposytalentoeventos.com\/corporate-learning\/wp-content\/uploads\/2023\/10\/Personas-color-fondo-blanco.jpg\u00bb _builder_version=\u00bb4.16&#8243; custom_padding=\u00bb11px|||||\u00bb global_colors_info=\u00bb{}\u00bb][\/et_pb_image][\/et_pb_column][et_pb_column type=\u00bb1_4&#8243; _builder_version=\u00bb4.16&#8243; global_colors_info=\u00bb{}\u00bb][et_pb_image src=\u00bbhttps:\/\/www.equiposytalentoeventos.com\/corporate-learning\/wp-content\/uploads\/2023\/10\/Cegos.jpeg\u00bb _builder_version=\u00bb4.24.0&#8243; width=\u00bb80%\u00bb max_width=\u00bb80%\u00bb module_alignment=\u00bbcenter\u00bb max_height=\u00bb941px\u00bb custom_margin=\u00bb9px|0px|0px|0px|false|false\u00bb custom_margin_tablet=\u00bb9px|0px|0px|0px|false|false\u00bb custom_margin_phone=\u00bb9px|0px|0px|0px|false|false\u00bb custom_margin_last_edited=\u00bbon|tablet\u00bb custom_padding=\u00bb0px|0px|0px|0px|false|false\u00bb global_colors_info=\u00bb{}\u00bb][\/et_pb_image][\/et_pb_column][et_pb_column type=\u00bb1_4&#8243; _builder_version=\u00bb4.16&#8243; global_colors_info=\u00bb{}\u00bb][et_pb_image src=\u00bbhttps:\/\/www.equiposytalentoeventos.com\/corporate-learning\/wp-content\/uploads\/2022\/08\/Secondary-Logo-1.png\u00bb _builder_version=\u00bb4.24.0&#8243; width=\u00bb79%\u00bb width_tablet=\u00bb74%\u00bb width_phone=\u00bb\u00bb width_last_edited=\u00bbon|desktop\u00bb max_width=\u00bb79%\u00bb module_alignment=\u00bbcenter\u00bb min_height=\u00bb79%\u00bb custom_margin=\u00bb0px||||false|false\u00bb custom_padding=\u00bb||1px|0px||\u00bb global_colors_info=\u00bb{}\u00bb][\/et_pb_image][\/et_pb_column][et_pb_column type=\u00bb1_4&#8243; _builder_version=\u00bb4.16&#8243; global_colors_info=\u00bb{}\u00bb][et_pb_image src=\u00bbhttps:\/\/www.equiposytalentoeventos.com\/corporate-learning\/wp-content\/uploads\/2023\/10\/Cornerstone-Logo-Vertical-1.png\u00bb align=\u00bbcenter\u00bb _builder_version=\u00bb4.24.0&#8243; width=\u00bb95%\u00bb width_tablet=\u00bb74%\u00bb width_phone=\u00bb95%\u00bb width_last_edited=\u00bbon|desktop\u00bb max_width=\u00bb95%\u00bb module_alignment=\u00bbcenter\u00bb min_height=\u00bb95%\u00bb custom_margin=\u00bb-27px||||false|false\u00bb custom_padding=\u00bb19px||1px|0px||\u00bb global_colors_info=\u00bb{}\u00bb][\/et_pb_image][\/et_pb_column][\/et_pb_row][et_pb_row column_structure=\u00bb1_4,1_4,1_4,1_4&#8243; _builder_version=\u00bb4.24.0&#8243; custom_margin=\u00bb22px|auto|22px|auto|false|false\u00bb custom_margin_tablet=\u00bb8px|auto|0px|auto|false|false\u00bb custom_margin_phone=\u00bb0px||||false|false\u00bb custom_margin_last_edited=\u00bbon|tablet\u00bb custom_padding=\u00bb0px||0px||false|false\u00bb pac_drh_column_numbers_tablet=\u00bbpac_drh_tab_col_two\u00bb pac_drh_column_numbers_phone=\u00bbpac_drh_phone_col_two\u00bb global_colors_info=\u00bb{}\u00bb][et_pb_column type=\u00bb1_4&#8243; _builder_version=\u00bb4.16&#8243; global_colors_info=\u00bb{}\u00bb][et_pb_image src=\u00bbhttps:\/\/www.equiposytalentoeventos.com\/corporate-learning\/wp-content\/uploads\/2021\/10\/SponsorsPremium-ESCP_logo.jpg\u00bb align=\u00bbcenter\u00bb align_tablet=\u00bb\u00bb align_phone=\u00bbcenter\u00bb align_last_edited=\u00bbon|phone\u00bb _builder_version=\u00bb4.24.0&#8243; transform_scale=\u00bb115%|115%\u00bb width=\u00bb80%\u00bb width_tablet=\u00bb80%\u00bb width_phone=\u00bb80%\u00bb width_last_edited=\u00bbon|phone\u00bb max_width=\u00bb80%\u00bb custom_margin=\u00bb10px||-4px|41px|false|false\u00bb custom_margin_tablet=\u00bb10%||||false|false\u00bb custom_margin_phone=\u00bb9%|auto|0px|auto|false|false\u00bb custom_margin_last_edited=\u00bbon|desktop\u00bb custom_padding=\u00bb|26px||0px|false|false\u00bb module_alignment_tablet=\u00bbcenter\u00bb module_alignment_phone=\u00bb\u00bb module_alignment_last_edited=\u00bbon|desktop\u00bb global_colors_info=\u00bb{}\u00bb][\/et_pb_image][\/et_pb_column][et_pb_column type=\u00bb1_4&#8243; _builder_version=\u00bb4.16&#8243; global_colors_info=\u00bb{}\u00bb][et_pb_image src=\u00bbhttps:\/\/www.equiposytalentoeventos.com\/corporate-learning\/wp-content\/uploads\/2021\/10\/SponsorsPremium-ESIC_logo.jpg\u00bb _builder_version=\u00bb4.24.0&#8243; width=\u00bb49%\u00bb width_tablet=\u00bb49%\u00bb width_phone=\u00bb100px\u00bb width_last_edited=\u00bbon|tablet\u00bb max_width=\u00bb49%\u00bb module_alignment=\u00bbcenter\u00bb custom_margin=\u00bb15px||||false|false\u00bb custom_margin_tablet=\u00bb13px||||false|false\u00bb custom_margin_phone=\u00bb\u00bb custom_margin_last_edited=\u00bbon|desktop\u00bb global_colors_info=\u00bb{}\u00bb][\/et_pb_image][\/et_pb_column][et_pb_column type=\u00bb1_4&#8243; _builder_version=\u00bb4.16&#8243; global_colors_info=\u00bb{}\u00bb][et_pb_image src=\u00bbhttps:\/\/www.equiposytalentoeventos.com\/corporate-learning\/wp-content\/uploads\/2023\/10\/goodhabitz.png\u00bb align=\u00bbcenter\u00bb _builder_version=\u00bb4.24.0&#8243; width=\u00bb85%\u00bb max_width=\u00bb85%\u00bb module_alignment=\u00bbcenter\u00bb custom_margin=\u00bb6px||||false|false\u00bb custom_margin_tablet=\u00bb0px||||false|false\u00bb custom_margin_phone=\u00bb0px||||false|false\u00bb custom_margin_last_edited=\u00bbon|desktop\u00bb custom_padding=\u00bb15px||||false|false\u00bb global_colors_info=\u00bb{}\u00bb][\/et_pb_image][\/et_pb_column][et_pb_column type=\u00bb1_4&#8243; _builder_version=\u00bb4.16&#8243; global_colors_info=\u00bb{}\u00bb][et_pb_image src=\u00bbhttps:\/\/www.equiposytalentoeventos.com\/corporate-learning\/wp-content\/uploads\/2021\/10\/Logo-Corporate_altaresolucion-Hedima.jpg\u00bb align_tablet=\u00bb\u00bb align_phone=\u00bbcenter\u00bb align_last_edited=\u00bbon|desktop\u00bb _builder_version=\u00bb4.24.0&#8243; transform_scale=\u00bb115%|115%\u00bb width=\u00bb63%\u00bb width_tablet=\u00bb80%\u00bb width_phone=\u00bb55%\u00bb width_last_edited=\u00bbon|desktop\u00bb max_width=\u00bb285px\u00bb module_alignment=\u00bbcenter\u00bb custom_margin=\u00bb11px||||false|false\u00bb custom_margin_tablet=\u00bb10%||||false|false\u00bb custom_margin_phone=\u00bb0%||3%||false|false\u00bb custom_margin_last_edited=\u00bbon|desktop\u00bb module_alignment_tablet=\u00bbcenter\u00bb module_alignment_last_edited=\u00bboff|tablet\u00bb global_colors_info=\u00bb{}\u00bb][\/et_pb_image][\/et_pb_column][\/et_pb_row][et_pb_row column_structure=\u00bb1_4,1_4,1_4,1_4&#8243; _builder_version=\u00bb4.24.0&#8243; custom_margin=\u00bb|auto|0px|auto|false|false\u00bb custom_padding=\u00bb20px||||false|false\u00bb pac_drh_column_numbers_tablet=\u00bbpac_drh_tab_col_two\u00bb pac_drh_column_numbers_phone=\u00bbpac_drh_phone_col_two\u00bb global_colors_info=\u00bb{}\u00bb][et_pb_column type=\u00bb1_4&#8243; _builder_version=\u00bb4.16&#8243; global_colors_info=\u00bb{}\u00bb][et_pb_image src=\u00bbhttps:\/\/www.equiposytalentoeventos.com\/corporate-learning\/wp-content\/uploads\/2018\/09\/IDDI.png\u00bb _builder_version=\u00bb4.24.0&#8243; width=\u00bb85%\u00bb width_tablet=\u00bb85%\u00bb width_phone=\u00bb85%\u00bb width_last_edited=\u00bbon|phone\u00bb max_width=\u00bb85%\u00bb module_alignment=\u00bbcenter\u00bb custom_margin=\u00bb0px||||false|false\u00bb custom_margin_tablet=\u00bb0px||||false|false\u00bb custom_margin_phone=\u00bb0px||||false|false\u00bb custom_margin_last_edited=\u00bbon|desktop\u00bb global_colors_info=\u00bb{}\u00bb][\/et_pb_image][\/et_pb_column][et_pb_column type=\u00bb1_4&#8243; _builder_version=\u00bb4.16&#8243; global_colors_info=\u00bb{}\u00bb][et_pb_image src=\u00bbhttps:\/\/www.equiposytalentoeventos.com\/corporate-learning\/wp-content\/uploads\/2023\/10\/moebius-logo.png\u00bb align_tablet=\u00bbcenter\u00bb align_phone=\u00bbcenter\u00bb align_last_edited=\u00bbon|tablet\u00bb _builder_version=\u00bb4.24.0&#8243; width=\u00bb80%\u00bb width_tablet=\u00bb80%\u00bb width_phone=\u00bb80%\u00bb width_last_edited=\u00bbon|tablet\u00bb max_width=\u00bb80%\u00bb module_alignment=\u00bbcenter\u00bb custom_margin=\u00bb-7px||||false|false\u00bb custom_margin_tablet=\u00bb-8px||||false|false\u00bb custom_margin_phone=\u00bb-8px||||false|false\u00bb custom_margin_last_edited=\u00bbon|tablet\u00bb custom_padding=\u00bb0px||||false|false\u00bb global_colors_info=\u00bb{}\u00bb][\/et_pb_image][\/et_pb_column][et_pb_column type=\u00bb1_4&#8243; _builder_version=\u00bb4.16&#8243; global_colors_info=\u00bb{}\u00bb][et_pb_image src=\u00bbhttps:\/\/www.equiposytalentoeventos.com\/corporate-learning\/wp-content\/uploads\/2023\/10\/Naturgy.png\u00bb _builder_version=\u00bb4.24.0&#8243; width=\u00bb80%\u00bb width_tablet=\u00bb80%\u00bb width_phone=\u00bb80%\u00bb width_last_edited=\u00bbon|phone\u00bb max_width=\u00bb80%\u00bb module_alignment=\u00bbcenter\u00bb custom_margin=\u00bb-17px||||false|false\u00bb custom_margin_tablet=\u00bb0px||||false|false\u00bb custom_margin_phone=\u00bb0px||||false|false\u00bb custom_margin_last_edited=\u00bbon|tablet\u00bb custom_padding=\u00bb3px|||||\u00bb global_colors_info=\u00bb{}\u00bb][\/et_pb_image][\/et_pb_column][et_pb_column type=\u00bb1_4&#8243; _builder_version=\u00bb4.16&#8243; global_colors_info=\u00bb{}\u00bb][et_pb_image src=\u00bbhttps:\/\/www.equiposytalentoeventos.com\/corporate-learning\/wp-content\/uploads\/2023\/10\/Netex.jpg\u00bb align=\u00bbcenter\u00bb _builder_version=\u00bb4.24.0&#8243; width=\u00bb77%\u00bb max_width=\u00bb300px\u00bb module_alignment=\u00bbcenter\u00bb custom_margin=\u00bb0px|||-11px|false|false\u00bb custom_padding=\u00bb0px|||0px|false|false\u00bb global_colors_info=\u00bb{}\u00bb][\/et_pb_image][\/et_pb_column][\/et_pb_row][et_pb_row column_structure=\u00bb1_4,1_4,1_4,1_4&#8243; _builder_version=\u00bb4.24.0&#8243; custom_margin=\u00bb20px|auto|20px|auto|false|false\u00bb custom_margin_tablet=\u00bb-20px||-20px||false|false\u00bb custom_margin_phone=\u00bb-20px||-20px||false|false\u00bb custom_margin_last_edited=\u00bbon|desktop\u00bb custom_padding=\u00bb0px||0px||false|false\u00bb pac_drh_column_numbers_tablet=\u00bbpac_drh_tab_col_two\u00bb pac_drh_column_numbers_phone=\u00bbpac_drh_phone_col_two\u00bb global_colors_info=\u00bb{}\u00bb][et_pb_column type=\u00bb1_4&#8243; _builder_version=\u00bb4.16&#8243; global_colors_info=\u00bb{}\u00bb][et_pb_image src=\u00bbhttps:\/\/www.equiposytalentoeventos.com\/corporate-learning\/wp-content\/uploads\/2023\/10\/IM_ODILO_logo_RGB-2.png\u00bb _builder_version=\u00bb4.24.0&#8243; width=\u00bb75%\u00bb max_width=\u00bb100%\u00bb module_alignment=\u00bbcenter\u00bb custom_margin=\u00bb0px||||false|false\u00bb custom_margin_tablet=\u00bb0px||||false|false\u00bb custom_margin_phone=\u00bb0px||||false|false\u00bb custom_margin_last_edited=\u00bbon|desktop\u00bb global_colors_info=\u00bb{}\u00bb][\/et_pb_image][\/et_pb_column][et_pb_column type=\u00bb1_4&#8243; _builder_version=\u00bb4.16&#8243; global_colors_info=\u00bb{}\u00bb][et_pb_image src=\u00bbhttps:\/\/www.equiposytalentoeventos.com\/corporate-learning\/wp-content\/uploads\/2023\/10\/overlap.png\u00bb _builder_version=\u00bb4.24.0&#8243; width=\u00bb80%\u00bb width_tablet=\u00bb80%\u00bb width_phone=\u00bb80%\u00bb width_last_edited=\u00bbon|tablet\u00bb max_width=\u00bb80%\u00bb module_alignment=\u00bbcenter\u00bb custom_margin=\u00bb0px||||false|false\u00bb custom_margin_tablet=\u00bb0px||||false|false\u00bb custom_margin_phone=\u00bb0px||||false|false\u00bb custom_margin_last_edited=\u00bbon|desktop\u00bb custom_padding=\u00bb12px|||||\u00bb global_colors_info=\u00bb{}\u00bb][\/et_pb_image][\/et_pb_column][et_pb_column type=\u00bb1_4&#8243; _builder_version=\u00bb4.16&#8243; global_colors_info=\u00bb{}\u00bb][et_pb_image src=\u00bbhttps:\/\/www.equiposytalentoeventos.com\/corporate-learning\/wp-content\/uploads\/2023\/10\/Randstad-logo-learning.png\u00bb align=\u00bbcenter\u00bb _builder_version=\u00bb4.24.0&#8243; width=\u00bb50%\u00bb width_tablet=\u00bb50%\u00bb width_phone=\u00bb50%\u00bb width_last_edited=\u00bbon|phone\u00bb max_width=\u00bb50%\u00bb max_width_tablet=\u00bb80%\u00bb max_width_phone=\u00bb50%\u00bb max_width_last_edited=\u00bbon|phone\u00bb module_alignment=\u00bbcenter\u00bb custom_margin=\u00bb0px||||false|false\u00bb custom_padding=\u00bb0px||||false|false\u00bb global_colors_info=\u00bb{}\u00bb][\/et_pb_image][\/et_pb_column][et_pb_column type=\u00bb1_4&#8243; _builder_version=\u00bb4.16&#8243; global_colors_info=\u00bb{}\u00bb][et_pb_image src=\u00bbhttps:\/\/www.equiposytalentoeventos.com\/corporate-learning\/wp-content\/uploads\/2019\/07\/09_speex.jpg\u00bb title_text=\u00bb09_speex\u00bb show_bottom_space_tablet=\u00bboff\u00bb show_bottom_space_phone=\u00bboff\u00bb show_bottom_space_last_edited=\u00bbon|tablet\u00bb _builder_version=\u00bb4.24.0&#8243; width=\u00bb72%\u00bb max_width=\u00bb300px\u00bb module_alignment=\u00bbcenter\u00bb custom_margin=\u00bb17px||0px||false|false\u00bb custom_margin_tablet=\u00bb17px||0px||false|false\u00bb custom_margin_phone=\u00bb17px||0px||false|false\u00bb custom_margin_last_edited=\u00bbon|desktop\u00bb custom_padding=\u00bb0px||0px||false|false\u00bb global_colors_info=\u00bb{}\u00bb][\/et_pb_image][\/et_pb_column][\/et_pb_row][et_pb_row column_structure=\u00bb1_4,1_4,1_4,1_4&#8243; _builder_version=\u00bb4.24.0&#8243; custom_margin=\u00bbauto|auto|auto|auto|false|false\u00bb custom_padding=\u00bb||||false|false\u00bb pac_drh_column_numbers_tablet=\u00bbpac_drh_tab_col_two\u00bb pac_drh_column_numbers_phone=\u00bbpac_drh_phone_col_two\u00bb global_colors_info=\u00bb{}\u00bb][et_pb_column type=\u00bb1_4&#8243; _builder_version=\u00bb4.16&#8243; global_colors_info=\u00bb{}\u00bb][et_pb_image src=\u00bbhttps:\/\/www.equiposytalentoeventos.com\/corporate-learning\/wp-content\/uploads\/2023\/10\/Logo_TelefonicaEducacionDigital_Marca@4x_Azul.png\u00bb title_text=\u00bbLogo_TelefonicaEducacionDigital_Marca@4x_Azul\u00bb _builder_version=\u00bb4.24.0&#8243; width=\u00bb75%\u00bb max_width=\u00bb100%\u00bb module_alignment=\u00bbcenter\u00bb custom_margin=\u00bb0px||||false|false\u00bb global_colors_info=\u00bb{}\u00bb][\/et_pb_image][\/et_pb_column][et_pb_column type=\u00bb1_4&#8243; _builder_version=\u00bb4.16&#8243; global_colors_info=\u00bb{}\u00bb][et_pb_image src=\u00bbhttps:\/\/www.equiposytalentoeventos.com\/corporate-learning\/wp-content\/uploads\/2023\/11\/the-power-mba.png\u00bb title_text=\u00bbthe power mba\u00bb _builder_version=\u00bb4.24.0&#8243; width=\u00bb84%\u00bb max_width=\u00bb300px\u00bb module_alignment=\u00bbcenter\u00bb custom_margin=\u00bb0px||0px||false|false\u00bb custom_padding=\u00bb0px||0px||false|false\u00bb global_colors_info=\u00bb{}\u00bb][\/et_pb_image][\/et_pb_column][et_pb_column type=\u00bb1_4&#8243; _builder_version=\u00bb4.16&#8243; global_colors_info=\u00bb{}\u00bb][\/et_pb_column][et_pb_column type=\u00bb1_4&#8243; _builder_version=\u00bb4.16&#8243; global_colors_info=\u00bb{}\u00bb][\/et_pb_column][\/et_pb_row][et_pb_row _builder_version=\u00bb4.16&#8243; global_colors_info=\u00bb{}\u00bb][et_pb_column type=\u00bb4_4&#8243; _builder_version=\u00bb4.16&#8243; global_colors_info=\u00bb{}\u00bb][et_pb_text _builder_version=\u00bb4.16&#8243; text_font=\u00bbUnivers|900|||||||\u00bb text_font_size=\u00bb32px\u00bb text_line_height=\u00bb54px\u00bb custom_margin_tablet=\u00bb\u00bb custom_margin_phone=\u00bb2%||||false|false\u00bb custom_margin_last_edited=\u00bbon|desktop\u00bb text_font_size_tablet=\u00bb28px\u00bb text_font_size_phone=\u00bb24px\u00bb text_font_size_last_edited=\u00bbon|desktop\u00bb text_line_height_tablet=\u00bb40px\u00bb text_line_height_phone=\u00bb36px\u00bb text_line_height_last_edited=\u00bbon|desktop\u00bb global_colors_info=\u00bb{}\u00bb]<\/p>\n<p>SPONSORS<\/p>\n<p>[\/et_pb_text][et_pb_divider color=\u00bbrgba(0,0,0,0)\u00bb divider_weight=\u00bb2px\u00bb _builder_version=\u00bb4.16&#8243; width=\u00bb100%\u00bb width_tablet=\u00bb\u00bb width_phone=\u00bb\u00bb width_last_edited=\u00bbon|desktop\u00bb custom_margin=\u00bb-20px||||false|false\u00bb border_width_top=\u00bb3px\u00bb border_color_top=\u00bb#11d8d8&#8243; global_colors_info=\u00bb{}\u00bb][\/et_pb_divider][\/et_pb_column][\/et_pb_row][et_pb_row column_structure=\u00bb1_4,1_4,1_4,1_4&#8243; _builder_version=\u00bb4.24.0&#8243; custom_margin=\u00bb|auto|0px|auto|false|false\u00bb custom_margin_tablet=\u00bb||-30px||false|false\u00bb custom_margin_phone=\u00bb||-10px||false|false\u00bb custom_margin_last_edited=\u00bbon|tablet\u00bb custom_padding=\u00bb0px||||false|false\u00bb pac_drh_column_numbers_tablet=\u00bbpac_drh_tab_col_two\u00bb pac_drh_column_numbers_phone=\u00bbpac_drh_phone_col_two\u00bb global_colors_info=\u00bb{}\u00bb][et_pb_column type=\u00bb1_4&#8243; _builder_version=\u00bb4.16&#8243; global_colors_info=\u00bb{}\u00bb][et_pb_image src=\u00bbhttps:\/\/www.equiposytalentoeventos.com\/corporate-learning\/wp-content\/uploads\/2023\/11\/Actua_Logo.png\u00bb title_text=\u00bbActua_Logo\u00bb _builder_version=\u00bb4.23.1&#8243; width=\u00bb71%\u00bb max_width=\u00bb300px\u00bb module_alignment=\u00bbcenter\u00bb custom_margin=\u00bb-18px||||false|false\u00bb custom_padding=\u00bb12px|||||\u00bb global_colors_info=\u00bb{}\u00bb][\/et_pb_image][\/et_pb_column][et_pb_column type=\u00bb1_4&#8243; _builder_version=\u00bb4.16&#8243; global_colors_info=\u00bb{}\u00bb][et_pb_image src=\u00bbhttps:\/\/www.equiposytalentoeventos.com\/corporate-learning\/wp-content\/uploads\/2020\/11\/adams.png\u00bb _builder_version=\u00bb4.23.1&#8243; width=\u00bb42%\u00bb max_width=\u00bb100%\u00bb module_alignment=\u00bbcenter\u00bb custom_margin=\u00bb-36px||||false|false\u00bb global_colors_info=\u00bb{}\u00bb][\/et_pb_image][\/et_pb_column][et_pb_column type=\u00bb1_4&#8243; _builder_version=\u00bb4.16&#8243; global_colors_info=\u00bb{}\u00bb][et_pb_image src=\u00bbhttps:\/\/www.equiposytalentoeventos.com\/corporate-learning\/wp-content\/uploads\/2021\/10\/aditio-NO.jpg\u00bb _builder_version=\u00bb4.24.0&#8243; width=\u00bb64%\u00bb max_width=\u00bb300px\u00bb module_alignment=\u00bbcenter\u00bb custom_margin=\u00bb-18px||||false|false\u00bb custom_margin_tablet=\u00bb0px||||false|false\u00bb custom_margin_phone=\u00bb0px||||false|false\u00bb custom_margin_last_edited=\u00bbon|phone\u00bb custom_padding=\u00bb0px||||false|false\u00bb global_colors_info=\u00bb{}\u00bb][\/et_pb_image][\/et_pb_column][et_pb_column type=\u00bb1_4&#8243; _builder_version=\u00bb4.16&#8243; global_colors_info=\u00bb{}\u00bb][et_pb_image src=\u00bbhttps:\/\/www.equiposytalentoeventos.com\/corporate-learning\/wp-content\/uploads\/2019\/07\/ASTEX.jpg\u00bb align=\u00bbcenter\u00bb _builder_version=\u00bb4.16&#8243; width=\u00bb50%\u00bb max_width=\u00bb300px\u00bb module_alignment=\u00bbcenter\u00bb custom_margin=\u00bb0px||||false|false\u00bb custom_padding=\u00bb3px|||||\u00bb global_colors_info=\u00bb{}\u00bb][\/et_pb_image][\/et_pb_column][\/et_pb_row][et_pb_row column_structure=\u00bb1_4,1_4,1_4,1_4&#8243; _builder_version=\u00bb4.24.0&#8243; custom_margin=\u00bb|auto|0px|auto|false|false\u00bb custom_margin_tablet=\u00bb||-40px||false|false\u00bb custom_margin_phone=\u00bb||-40px||false|false\u00bb custom_margin_last_edited=\u00bbon|tablet\u00bb custom_padding=\u00bb0px||0px||false|false\u00bb pac_drh_column_numbers_tablet=\u00bbpac_drh_tab_col_two\u00bb pac_drh_column_numbers_phone=\u00bbpac_drh_phone_col_two\u00bb global_colors_info=\u00bb{}\u00bb][et_pb_column type=\u00bb1_4&#8243; _builder_version=\u00bb4.16&#8243; global_colors_info=\u00bb{}\u00bb][et_pb_image src=\u00bbhttps:\/\/www.equiposytalentoeventos.com\/corporate-learning\/wp-content\/uploads\/2021\/10\/SponsorsNetworking-BaiFormacion_logo.jpg\u00bb align=\u00bbcenter\u00bb _builder_version=\u00bb4.16&#8243; width=\u00bb59%\u00bb max_width=\u00bb300px\u00bb module_alignment=\u00bbcenter\u00bb custom_margin=\u00bb0px|||-11px|false|false\u00bb custom_padding=\u00bb3px|||0px||\u00bb global_colors_info=\u00bb{}\u00bb][\/et_pb_image][\/et_pb_column][et_pb_column type=\u00bb1_4&#8243; _builder_version=\u00bb4.16&#8243; global_colors_info=\u00bb{}\u00bb][et_pb_image src=\u00bbhttps:\/\/www.equiposytalentoeventos.com\/corporate-learning\/wp-content\/uploads\/2023\/11\/iformalia-1.jpeg\u00bb _builder_version=\u00bb4.23.1&#8243; width=\u00bb58%\u00bb max_width=\u00bb300px\u00bb module_alignment=\u00bbcenter\u00bb custom_margin=\u00bb0px||0px||false|false\u00bb custom_padding=\u00bb0px||||false|false\u00bb global_colors_info=\u00bb{}\u00bb][\/et_pb_image][\/et_pb_column][et_pb_column type=\u00bb1_4&#8243; _builder_version=\u00bb4.16&#8243; global_colors_info=\u00bb{}\u00bb][et_pb_image src=\u00bbhttps:\/\/www.equiposytalentoeventos.com\/corporate-learning\/wp-content\/uploads\/2023\/11\/Logo-iman-global-consulting.png\u00bb _builder_version=\u00bb4.23.1&#8243; width=\u00bb63%\u00bb max_width=\u00bb300px\u00bb module_alignment=\u00bbcenter\u00bb custom_margin=\u00bb0px||0px||false|false\u00bb custom_padding=\u00bb0px||||false|false\u00bb global_colors_info=\u00bb{}\u00bb][\/et_pb_image][\/et_pb_column][et_pb_column type=\u00bb1_4&#8243; _builder_version=\u00bb4.16&#8243; global_colors_info=\u00bb{}\u00bb][et_pb_image src=\u00bbhttps:\/\/www.equiposytalentoeventos.com\/corporate-learning\/wp-content\/uploads\/2023\/10\/Learninghubz.png\u00bb align=\u00bbcenter\u00bb _builder_version=\u00bb4.16&#8243; width=\u00bb92%\u00bb max_width=\u00bb300px\u00bb module_alignment=\u00bbcenter\u00bb custom_margin=\u00bb0px||||false|false\u00bb custom_padding=\u00bb3px|||||\u00bb global_colors_info=\u00bb{}\u00bb][\/et_pb_image][\/et_pb_column][\/et_pb_row][et_pb_row column_structure=\u00bb1_4,1_4,1_4,1_4&#8243; _builder_version=\u00bb4.24.0&#8243; custom_margin=\u00bb50px|auto|0px|auto|false|false\u00bb custom_padding=\u00bb0px||||false|false\u00bb pac_drh_column_numbers_tablet=\u00bbpac_drh_tab_col_two\u00bb pac_drh_column_numbers_phone=\u00bbpac_drh_phone_col_two\u00bb global_colors_info=\u00bb{}\u00bb][et_pb_column type=\u00bb1_4&#8243; _builder_version=\u00bb4.16&#8243; global_colors_info=\u00bb{}\u00bb][et_pb_image src=\u00bbhttps:\/\/www.equiposytalentoeventos.com\/corporate-learning\/wp-content\/uploads\/2023\/10\/Pearson_logo.svg_.png\u00bb _builder_version=\u00bb4.16&#8243; width=\u00bb75%\u00bb max_width=\u00bb100%\u00bb module_alignment=\u00bbcenter\u00bb custom_margin=\u00bb0px||||false|false\u00bb global_colors_info=\u00bb{}\u00bb][\/et_pb_image][\/et_pb_column][et_pb_column type=\u00bb1_4&#8243; _builder_version=\u00bb4.16&#8243; global_colors_info=\u00bb{}\u00bb][et_pb_image src=\u00bbhttps:\/\/www.equiposytalentoeventos.com\/corporate-learning\/wp-content\/uploads\/2022\/09\/Pinktum_Logo_RGB.png\u00bb _builder_version=\u00bb4.16&#8243; width=\u00bb75%\u00bb max_width=\u00bb100%\u00bb module_alignment=\u00bbcenter\u00bb custom_margin=\u00bb10px||||false|false\u00bb global_colors_info=\u00bb{}\u00bb][\/et_pb_image][\/et_pb_column][et_pb_column type=\u00bb1_4&#8243; _builder_version=\u00bb4.16&#8243; global_colors_info=\u00bb{}\u00bb][\/et_pb_column][et_pb_column type=\u00bb1_4&#8243; _builder_version=\u00bb4.16&#8243; global_colors_info=\u00bb{}\u00bb][\/et_pb_column][\/et_pb_row][\/et_pb_section][et_pb_section fb_built=\u00bb1&#8243; custom_padding_last_edited=\u00bbon|desktop\u00bb disabled_on=\u00bboff|off|off\u00bb _builder_version=\u00bb4.16&#8243; background_color=\u00bb#002333&#8243; custom_margin=\u00bb0%||||false|false\u00bb custom_margin_tablet=\u00bb\u00bb custom_margin_phone=\u00bb||||false|false\u00bb custom_margin_last_edited=\u00bbon|phone\u00bb custom_padding=\u00bb0px||5.2%|0px||\u00bb custom_padding_tablet=\u00bb\u00bb custom_padding_phone=\u00bb||12%||false|false\u00bb global_colors_info=\u00bb{}\u00bb][et_pb_row custom_padding_last_edited=\u00bbon|desktop\u00bb disabled_on=\u00bboff|off|off\u00bb _builder_version=\u00bb4.16&#8243; min_height=\u00bb60px\u00bb custom_padding=\u00bb6.1%||0px||false|false\u00bb custom_padding_tablet=\u00bb15%||||false|false\u00bb custom_padding_phone=\u00bb\u00bb global_colors_info=\u00bb{}\u00bb][et_pb_column type=\u00bb4_4&#8243; _builder_version=\u00bb4.16&#8243; global_colors_info=\u00bb{}\u00bb][et_pb_text module_id=\u00bbprograma\u00bb module_class=\u00bb#programa\u00bb _builder_version=\u00bb4.16&#8243; text_font=\u00bbUnivers LT 75 Black|800|||||||\u00bb text_text_color=\u00bb#ffffff\u00bb text_font_size=\u00bb32px\u00bb text_orientation=\u00bbcenter\u00bb text_font_size_tablet=\u00bb43px\u00bb text_font_size_phone=\u00bb36px\u00bb text_font_size_last_edited=\u00bbon|desktop\u00bb text_line_height_tablet=\u00bb\u00bb text_line_height_phone=\u00bb48px\u00bb text_line_height_last_edited=\u00bbon|phone\u00bb text_text_align=\u00bbcenter\u00bb global_colors_info=\u00bb{}\u00bb]<\/p>\n<p style=\"color: #9cffff; text-align: left;\">PROGRAMA<\/p>\n<p>[\/et_pb_text][\/et_pb_column][\/et_pb_row][et_pb_row column_structure=\u00bb1_3,2_3&#8243; make_equal=\u00bbon\u00bb custom_padding_last_edited=\u00bboff|phone\u00bb disabled_on=\u00bboff|off|off\u00bb _builder_version=\u00bb4.16&#8243; width_tablet=\u00bb\u00bb width_phone=\u00bb100%\u00bb width_last_edited=\u00bbon|phone\u00bb custom_padding=\u00bb5%||||false|false\u00bb custom_padding_phone=\u00bb||7%||false|false\u00bb border_color_bottom=\u00bbrgba(255,255,255,0.5)\u00bb border_radii_tablet=\u00bb\u00bb border_radii_phone=\u00bb\u00bb border_radii_last_edited=\u00bbon|phone\u00bb border_width_all_tablet=\u00bb\u00bb border_width_all_phone=\u00bb0px\u00bb border_width_all_last_edited=\u00bbon|phone\u00bb border_width_bottom_tablet=\u00bb\u00bb border_width_bottom_phone=\u00bb1px\u00bb border_width_bottom_last_edited=\u00bbon|phone\u00bb global_colors_info=\u00bb{}\u00bb][et_pb_column type=\u00bb1_3&#8243; _builder_version=\u00bb4.16&#8243; custom_css_main_element=\u00bb\t||\u00bb global_colors_info=\u00bb{}\u00bb][et_pb_text disabled_on=\u00bboff|off|off\u00bb _builder_version=\u00bb4.16&#8243; text_font=\u00bbUnivers LT 75 Black|800|||||||\u00bb text_text_color=\u00bb#ffffff\u00bb text_font_size=\u00bb26px\u00bb text_line_height=\u00bb42px\u00bb header_font=\u00bbUnivers LT 75 Black||||||||\u00bb custom_margin=\u00bb||||false|false\u00bb custom_margin_tablet=\u00bb\u00bb custom_margin_phone=\u00bb|||10%|false|false\u00bb custom_margin_last_edited=\u00bbon|desktop\u00bb text_font_size_tablet=\u00bb\u00bb text_font_size_phone=\u00bb28px\u00bb text_font_size_last_edited=\u00bbon|desktop\u00bb text_line_height_tablet=\u00bb\u00bb text_line_height_phone=\u00bb38px\u00bb text_line_height_last_edited=\u00bbon|phone\u00bb global_colors_info=\u00bb{}\u00bb]<\/p>\n<p>09:00 &#8211; 09:10<\/p>\n<p>[\/et_pb_text][\/et_pb_column][et_pb_column type=\u00bb2_3&#8243; _builder_version=\u00bb4.16&#8243; border_width_left=\u00bb0px\u00bb border_radii_tablet=\u00bb\u00bb border_radii_phone=\u00bb\u00bb border_radii_last_edited=\u00bbon|phone\u00bb global_colors_info=\u00bb{}\u00bb][et_pb_text _builder_version=\u00bb4.16&#8243; text_font=\u00bbUnivers LT 75 Black||||||||\u00bb text_text_color=\u00bb#ffffff\u00bb text_font_size=\u00bb24px\u00bb text_line_height=\u00bb28px\u00bb custom_padding=\u00bb|||8%|false|false\u00bb custom_padding_tablet=\u00bb\u00bb custom_padding_phone=\u00bb|10%||10%|false|false\u00bb custom_padding_last_edited=\u00bbon|desktop\u00bb text_font_size_tablet=\u00bb\u00bb text_font_size_phone=\u00bb\u00bb text_font_size_last_edited=\u00bbon|desktop\u00bb text_line_height_tablet=\u00bb\u00bb text_line_height_phone=\u00bb\u00bb text_line_height_last_edited=\u00bbon|desktop\u00bb border_color_left=\u00bb#ffffff\u00bb border_width_left_tablet=\u00bb\u00bb border_width_left_phone=\u00bb0px\u00bb border_width_left_last_edited=\u00bbon|desktop\u00bb global_colors_info=\u00bb{}\u00bb]<span style=\"font-size: 27px; color: #11d8d8;\"><b>BIENVENIDA<\/b><\/span><span style=\"color: rgba(255, 255, 255, 0.75);\"><\/span>[\/et_pb_text][\/et_pb_column][\/et_pb_row][et_pb_row column_structure=\u00bb1_3,2_3&#8243; make_equal=\u00bbon\u00bb custom_padding_last_edited=\u00bbon|phone\u00bb disabled_on=\u00bboff|off|off\u00bb _builder_version=\u00bb4.16&#8243; width_tablet=\u00bb\u00bb width_phone=\u00bb100%\u00bb width_last_edited=\u00bbon|phone\u00bb custom_padding_tablet=\u00bb\u00bb custom_padding_phone=\u00bb||7%||false|false\u00bb border_width_top=\u00bb2px\u00bb border_color_top=\u00bbrgba(17,216,216,0.4)\u00bb border_color_bottom=\u00bbrgba(255,255,255,0.5)\u00bb border_radii_tablet=\u00bb\u00bb border_radii_phone=\u00bb\u00bb border_radii_last_edited=\u00bbon|phone\u00bb border_width_all_tablet=\u00bb\u00bb border_width_all_phone=\u00bb0px\u00bb border_width_all_last_edited=\u00bbon|phone\u00bb border_width_bottom_tablet=\u00bb\u00bb border_width_bottom_phone=\u00bb1px\u00bb border_width_bottom_last_edited=\u00bbon|phone\u00bb global_colors_info=\u00bb{}\u00bb][et_pb_column type=\u00bb1_3&#8243; _builder_version=\u00bb4.16&#8243; custom_css_main_element=\u00bb\t||\u00bb global_colors_info=\u00bb{}\u00bb][et_pb_text disabled_on=\u00bboff|off|off\u00bb _builder_version=\u00bb4.16&#8243; text_font=\u00bbUnivers LT 75 Black|800|||||||\u00bb text_text_color=\u00bb#ffffff\u00bb text_font_size=\u00bb26px\u00bb text_line_height=\u00bb42px\u00bb header_font=\u00bbUnivers LT 75 Black||||||||\u00bb custom_margin=\u00bb||||false|false\u00bb custom_margin_tablet=\u00bb\u00bb custom_margin_phone=\u00bb|||10%|false|false\u00bb custom_margin_last_edited=\u00bbon|desktop\u00bb text_font_size_tablet=\u00bb\u00bb text_font_size_phone=\u00bb28px\u00bb text_font_size_last_edited=\u00bbon|desktop\u00bb text_line_height_tablet=\u00bb\u00bb text_line_height_phone=\u00bb38px\u00bb text_line_height_last_edited=\u00bbon|phone\u00bb global_colors_info=\u00bb{}\u00bb]<\/p>\n<p>09:10 &#8211; 09:40<\/p>\n<p>[\/et_pb_text][et_pb_text _builder_version=\u00bb4.16&#8243; text_font=\u00bbRubik|900|||||||\u00bb text_text_color=\u00bb#ffffff\u00bb text_line_height=\u00bb28px\u00bb custom_margin=\u00bb||10px|||\u00bb custom_padding=\u00bb||0px|||\u00bb custom_padding_tablet=\u00bb\u00bb custom_padding_phone=\u00bb|10%||10%|false|false\u00bb custom_padding_last_edited=\u00bbon|phone\u00bb text_font_size_tablet=\u00bb\u00bb text_font_size_phone=\u00bb\u00bb text_font_size_last_edited=\u00bbon|desktop\u00bb text_line_height_tablet=\u00bb\u00bb text_line_height_phone=\u00bb\u00bb text_line_height_last_edited=\u00bbon|desktop\u00bb global_colors_info=\u00bb{}\u00bb]<\/p>\n<p><span style=\"font-size: 24px; color: #68c4d1;\"><strong>CREATING IMPACT LEARNING CULTURES<\/strong><\/span><\/p>\n<p>[\/et_pb_text][et_pb_text _builder_version=\u00bb4.16&#8243; text_font=\u00bbUnivers||||||||\u00bb text_text_color=\u00bb#ffffff\u00bb text_line_height=\u00bb28px\u00bb custom_padding_tablet=\u00bb\u00bb custom_padding_phone=\u00bb|10%||10%|false|false\u00bb custom_padding_last_edited=\u00bbon|phone\u00bb text_font_size_tablet=\u00bb\u00bb text_font_size_phone=\u00bb\u00bb text_font_size_last_edited=\u00bbon|desktop\u00bb text_line_height_tablet=\u00bb\u00bb text_line_height_phone=\u00bb\u00bb text_line_height_last_edited=\u00bbon|desktop\u00bb global_colors_info=\u00bb{}\u00bb]<\/p>\n<p>C\u00f3mo conseguir una aut\u00e9ntica cultura de aprendizaje de impacto<\/p>\n<p>[\/et_pb_text][\/et_pb_column][et_pb_column type=\u00bb2_3&#8243; _builder_version=\u00bb4.16&#8243; border_width_left=\u00bb0px\u00bb border_radii_tablet=\u00bb\u00bb border_radii_phone=\u00bb\u00bb border_radii_last_edited=\u00bbon|phone\u00bb global_colors_info=\u00bb{}\u00bb][et_pb_text _builder_version=\u00bb4.16&#8243; text_font=\u00bbUnivers||||||||\u00bb text_text_color=\u00bb#ffffff\u00bb text_line_height=\u00bb28px\u00bb custom_padding=\u00bb|||8%|false|false\u00bb custom_padding_tablet=\u00bb\u00bb custom_padding_phone=\u00bb|10%||10%|false|false\u00bb custom_padding_last_edited=\u00bbon|desktop\u00bb text_font_size_tablet=\u00bb\u00bb text_font_size_phone=\u00bb\u00bb text_font_size_last_edited=\u00bbon|desktop\u00bb text_line_height_tablet=\u00bb\u00bb text_line_height_phone=\u00bb\u00bb text_line_height_last_edited=\u00bbon|desktop\u00bb border_color_left=\u00bb#ffffff\u00bb border_width_left_tablet=\u00bb\u00bb border_width_left_phone=\u00bb0px\u00bb border_width_left_last_edited=\u00bbon|desktop\u00bb global_colors_info=\u00bb{}\u00bb]<\/p>\n<p><span style=\"color: #11d8d8;\"><strong>Marta del Mazo,<\/strong> <span style=\"color: #ffffff;\"><span style=\"color: rgba(255, 255, 255, 0.7);\">Responsable Formaci\u00f3n y Aprendizaje de<\/span><\/span><strong> <span style=\"color: #ffffff;\">REPSOL<\/span><br \/>Mireia Segura, <\/strong><span style=\"color: #ffffff;\"><span style=\"color: rgba(255, 255, 255, 0.7);\">Directora de People &amp; Development de<strong> <\/strong><\/span><strong>ALLIANZ<\/strong><\/span><\/span><br \/><span style=\"color: #11d8d8;\"><strong>Astrid Nielsen, <\/strong><span style=\"color: #ffffff;\"><span style=\"color: rgba(255, 255, 255, 0.7);\">Directora de RRHH de<strong> <\/strong><\/span><strong>NIPPON GASES<br \/><span style=\"color: #11d8d8;\">Marta Vi\u00e9itez, <\/span><\/strong><span style=\"color: rgba(255, 255, 255, 0.7);\">Subdirectora Corporativa de Aprendizaje y Conocimiento de <\/span><strong>MAPFRE<br \/><\/strong><\/span><\/span><\/p>\n<p><span style=\"color: #11d8d8;\"><\/span><span style=\"color: #11d8d8;\"><\/span><span style=\"color: #11d8d8;\"><span style=\"color: #ffffff;\">Modera <strong><span style=\"color: #11d8d8;\">Jes\u00fas Ara\u00fajo<\/span>, <\/strong><span style=\"color: rgba(255, 255, 255, 0.7);\">CEO de<strong> <span style=\"color: #ffffff;\">CEGOS ESPA\u00d1A Y LATAM<\/span><\/strong><br \/><\/span><\/span><\/span><\/p>\n<p>[\/et_pb_text][\/et_pb_column][\/et_pb_row][et_pb_row column_structure=\u00bb1_3,2_3&#8243; make_equal=\u00bbon\u00bb custom_padding_last_edited=\u00bbon|phone\u00bb disabled_on=\u00bboff|off|off\u00bb _builder_version=\u00bb4.16&#8243; width_tablet=\u00bb\u00bb width_phone=\u00bb100%\u00bb width_last_edited=\u00bbon|phone\u00bb custom_padding_tablet=\u00bb\u00bb custom_padding_phone=\u00bb||7%||false|false\u00bb border_width_top=\u00bb2px\u00bb border_color_top=\u00bbrgba(17,216,216,0.4)\u00bb border_color_bottom=\u00bbrgba(255,255,255,0.5)\u00bb border_radii_tablet=\u00bb\u00bb border_radii_phone=\u00bb\u00bb border_radii_last_edited=\u00bbon|phone\u00bb border_width_all_tablet=\u00bb\u00bb border_width_all_phone=\u00bb0px\u00bb border_width_all_last_edited=\u00bbon|phone\u00bb border_width_bottom_tablet=\u00bb\u00bb border_width_bottom_phone=\u00bb1px\u00bb border_width_bottom_last_edited=\u00bbon|phone\u00bb global_colors_info=\u00bb{}\u00bb][et_pb_column type=\u00bb1_3&#8243; _builder_version=\u00bb4.16&#8243; custom_css_main_element=\u00bb\t||\u00bb global_colors_info=\u00bb{}\u00bb][et_pb_text disabled_on=\u00bboff|off|off\u00bb _builder_version=\u00bb4.16&#8243; text_font=\u00bbUnivers LT 75 Black|800|||||||\u00bb text_text_color=\u00bb#ffffff\u00bb text_font_size=\u00bb26px\u00bb text_line_height=\u00bb42px\u00bb header_font=\u00bbUnivers LT 75 Black||||||||\u00bb custom_margin=\u00bb||||false|false\u00bb custom_margin_tablet=\u00bb\u00bb custom_margin_phone=\u00bb|||10%|false|false\u00bb custom_margin_last_edited=\u00bbon|desktop\u00bb text_font_size_tablet=\u00bb\u00bb text_font_size_phone=\u00bb28px\u00bb text_font_size_last_edited=\u00bbon|desktop\u00bb text_line_height_tablet=\u00bb\u00bb text_line_height_phone=\u00bb38px\u00bb text_line_height_last_edited=\u00bbon|phone\u00bb global_colors_info=\u00bb{}\u00bb]<\/p>\n<p>09:40 &#8211; 10:10<\/p>\n<p>[\/et_pb_text][et_pb_text _builder_version=\u00bb4.16&#8243; text_font=\u00bbRubik|900|||||||\u00bb text_text_color=\u00bb#ffffff\u00bb text_line_height=\u00bb28px\u00bb custom_margin=\u00bb||10px|||\u00bb custom_padding=\u00bb||0px|||\u00bb custom_padding_tablet=\u00bb\u00bb custom_padding_phone=\u00bb|10%||10%|false|false\u00bb custom_padding_last_edited=\u00bbon|phone\u00bb text_font_size_tablet=\u00bb\u00bb text_font_size_phone=\u00bb\u00bb text_font_size_last_edited=\u00bbon|desktop\u00bb text_line_height_tablet=\u00bb\u00bb text_line_height_phone=\u00bb\u00bb text_line_height_last_edited=\u00bbon|desktop\u00bb global_colors_info=\u00bb{}\u00bb]<\/p>\n<p><span style=\"font-size: 24px; color: #68c4d1;\"><strong>CAREER DEVELOPMENT PROJECTS: A SUCCESS<\/strong><\/span><\/p>\n<p>[\/et_pb_text][et_pb_text _builder_version=\u00bb4.16&#8243; text_font=\u00bbUnivers||||||||\u00bb text_text_color=\u00bb#ffffff\u00bb text_line_height=\u00bb28px\u00bb custom_padding_tablet=\u00bb\u00bb custom_padding_phone=\u00bb|10%||10%|false|false\u00bb custom_padding_last_edited=\u00bbon|phone\u00bb text_font_size_tablet=\u00bb\u00bb text_font_size_phone=\u00bb\u00bb text_font_size_last_edited=\u00bbon|desktop\u00bb text_line_height_tablet=\u00bb\u00bb text_line_height_phone=\u00bb\u00bb text_line_height_last_edited=\u00bbon|desktop\u00bb global_colors_info=\u00bb{}\u00bb]<\/p>\n<p>Best practices en desarrollo corporativo<\/p>\n<p>[\/et_pb_text][\/et_pb_column][et_pb_column type=\u00bb2_3&#8243; _builder_version=\u00bb4.16&#8243; border_width_left=\u00bb0px\u00bb border_radii_tablet=\u00bb\u00bb border_radii_phone=\u00bb\u00bb border_radii_last_edited=\u00bbon|phone\u00bb global_colors_info=\u00bb{}\u00bb][et_pb_text _builder_version=\u00bb4.16&#8243; text_font=\u00bbUnivers||||||||\u00bb text_text_color=\u00bb#ffffff\u00bb text_line_height=\u00bb28px\u00bb custom_padding=\u00bb|||8%|false|false\u00bb custom_padding_tablet=\u00bb\u00bb custom_padding_phone=\u00bb|10%||10%|false|false\u00bb custom_padding_last_edited=\u00bbon|desktop\u00bb text_font_size_tablet=\u00bb\u00bb text_font_size_phone=\u00bb\u00bb text_font_size_last_edited=\u00bbon|desktop\u00bb text_line_height_tablet=\u00bb\u00bb text_line_height_phone=\u00bb\u00bb text_line_height_last_edited=\u00bbon|desktop\u00bb border_color_left=\u00bb#ffffff\u00bb border_width_left_tablet=\u00bb\u00bb border_width_left_phone=\u00bb0px\u00bb border_width_left_last_edited=\u00bbon|desktop\u00bb global_colors_info=\u00bb{}\u00bb]<\/p>\n<p><span style=\"color: #11d8d8;\"><strong>Kasia Chrol,<\/strong> <span style=\"color: #ffffff;\"><span style=\"color: rgba(255, 255, 255, 0.7);\">Talent Management, Inclusion &amp; Diversity Senior Manager de<\/span><\/span><strong> <span style=\"color: #ffffff;\">COCA-COLA EUROPACIFIC PARTNERS<\/span><br \/>Juana Rodero, <\/strong><span style=\"color: #ffffff;\"><span style=\"color: rgba(255, 255, 255, 0.7);\">People &amp; Culture Executive de <\/span><strong>PRIMARK<\/strong><\/span><strong><br \/>Daniela Dehne, <\/strong><span style=\"color: #ffffff;\"><span style=\"color: rgba(255, 255, 255, 0.7);\">Head of Talent Management de<\/span><strong> TK ELEVATOR<\/strong><\/span><\/span><br \/><span style=\"color: #11d8d8;\"><strong>Oriol Mas, <\/strong><span style=\"color: #ffffff;\"><span style=\"color: rgba(255, 255, 255, 0.7);\">Director General de<\/span><strong> RANDSTAD LEARNING<br \/><\/strong><\/span><\/span><\/p>\n<p><span style=\"color: #11d8d8;\"><span style=\"color: #ffffff;\">Modera <strong><span style=\"color: #11d8d8;\">Eva Galli<\/span>, <\/strong><span style=\"color: rgba(255, 255, 255, 0.7);\">Periodista de <strong><span style=\"color: #ffffff;\">EQUIPOS&amp;TALENTO<\/span><\/strong><br \/><\/span><\/span><\/span><\/p>\n<p>[\/et_pb_text][\/et_pb_column][\/et_pb_row][et_pb_row column_structure=\u00bb1_3,2_3&#8243; make_equal=\u00bbon\u00bb custom_padding_last_edited=\u00bbon|phone\u00bb disabled_on=\u00bboff|off|off\u00bb _builder_version=\u00bb4.16&#8243; width_tablet=\u00bb\u00bb width_phone=\u00bb100%\u00bb width_last_edited=\u00bbon|phone\u00bb custom_padding_tablet=\u00bb\u00bb custom_padding_phone=\u00bb||7%||false|false\u00bb border_width_top=\u00bb2px\u00bb border_color_top=\u00bbrgba(17,216,216,0.4)\u00bb border_color_bottom=\u00bbrgba(255,255,255,0.5)\u00bb border_radii_tablet=\u00bb\u00bb border_radii_phone=\u00bb\u00bb border_radii_last_edited=\u00bbon|phone\u00bb border_width_all_tablet=\u00bb\u00bb border_width_all_phone=\u00bb0px\u00bb border_width_all_last_edited=\u00bbon|phone\u00bb border_width_bottom_tablet=\u00bb\u00bb border_width_bottom_phone=\u00bb1px\u00bb border_width_bottom_last_edited=\u00bbon|phone\u00bb global_colors_info=\u00bb{}\u00bb][et_pb_column type=\u00bb1_3&#8243; _builder_version=\u00bb4.16&#8243; custom_css_main_element=\u00bb\t||\u00bb global_colors_info=\u00bb{}\u00bb][et_pb_text disabled_on=\u00bboff|off|off\u00bb _builder_version=\u00bb4.16&#8243; text_font=\u00bbUnivers LT 75 Black|800|||||||\u00bb text_text_color=\u00bb#ffffff\u00bb text_font_size=\u00bb26px\u00bb text_line_height=\u00bb42px\u00bb header_font=\u00bbUnivers LT 75 Black||||||||\u00bb custom_margin=\u00bb||||false|false\u00bb custom_margin_tablet=\u00bb\u00bb custom_margin_phone=\u00bb|||10%|false|false\u00bb custom_margin_last_edited=\u00bbon|desktop\u00bb text_font_size_tablet=\u00bb\u00bb text_font_size_phone=\u00bb28px\u00bb text_font_size_last_edited=\u00bbon|desktop\u00bb text_line_height_tablet=\u00bb\u00bb text_line_height_phone=\u00bb38px\u00bb text_line_height_last_edited=\u00bbon|phone\u00bb global_colors_info=\u00bb{}\u00bb]<\/p>\n<p>10:10 &#8211; 10:40<\/p>\n<p>[\/et_pb_text][et_pb_text _builder_version=\u00bb4.16&#8243; text_font=\u00bbRubik|900|||||||\u00bb text_text_color=\u00bb#ffffff\u00bb text_line_height=\u00bb28px\u00bb custom_padding_tablet=\u00bb\u00bb custom_padding_phone=\u00bb|10%||10%|false|false\u00bb custom_padding_last_edited=\u00bbon|phone\u00bb text_font_size_tablet=\u00bb\u00bb text_font_size_phone=\u00bb\u00bb text_font_size_last_edited=\u00bbon|desktop\u00bb text_line_height_tablet=\u00bb\u00bb text_line_height_phone=\u00bb\u00bb text_line_height_last_edited=\u00bbon|desktop\u00bb global_colors_info=\u00bb{}\u00bb]<\/p>\n<p><span style=\"font-size: 24px; color: #68c4d1;\"><strong>HUMAN ORGANIZATIONS<\/strong><\/span><span><br \/> <\/span><\/p>\n<p>[\/et_pb_text][et_pb_text _builder_version=\u00bb4.16&#8243; text_font=\u00bbUnivers||||||||\u00bb text_text_color=\u00bb#ffffff\u00bb text_line_height=\u00bb28px\u00bb custom_padding_tablet=\u00bb\u00bb custom_padding_phone=\u00bb|10%||10%|false|false\u00bb custom_padding_last_edited=\u00bbon|phone\u00bb text_font_size_tablet=\u00bb\u00bb text_font_size_phone=\u00bb\u00bb text_font_size_last_edited=\u00bbon|desktop\u00bb text_line_height_tablet=\u00bb\u00bb text_line_height_phone=\u00bb\u00bb text_line_height_last_edited=\u00bbon|desktop\u00bb global_colors_info=\u00bb{}\u00bb]<\/p>\n<p>C\u00f3mo el desarrollo y la formaci\u00f3n contribuyen al bienestar organizacional<\/p>\n<p>[\/et_pb_text][\/et_pb_column][et_pb_column type=\u00bb2_3&#8243; _builder_version=\u00bb4.16&#8243; border_width_left=\u00bb0px\u00bb border_radii_tablet=\u00bb\u00bb border_radii_phone=\u00bb\u00bb border_radii_last_edited=\u00bbon|phone\u00bb global_colors_info=\u00bb{}\u00bb][et_pb_text _builder_version=\u00bb4.16&#8243; text_font=\u00bbUnivers||||||||\u00bb text_text_color=\u00bb#ffffff\u00bb text_line_height=\u00bb28px\u00bb custom_padding=\u00bb|||8%|false|false\u00bb custom_padding_tablet=\u00bb\u00bb custom_padding_phone=\u00bb|10%||10%|false|false\u00bb custom_padding_last_edited=\u00bbon|desktop\u00bb text_font_size_tablet=\u00bb\u00bb text_font_size_phone=\u00bb\u00bb text_font_size_last_edited=\u00bbon|desktop\u00bb text_line_height_tablet=\u00bb\u00bb text_line_height_phone=\u00bb\u00bb text_line_height_last_edited=\u00bbon|desktop\u00bb border_color_left=\u00bb#ffffff\u00bb border_width_left_tablet=\u00bb\u00bb border_width_left_phone=\u00bb0px\u00bb border_width_left_last_edited=\u00bbon|desktop\u00bb global_colors_info=\u00bb{}\u00bb]<\/p>\n<p><span style=\"color: #11d8d8;\"><span style=\"color: #ffffff;\"><strong><span style=\"color: #11d8d8;\">Fernando Lallana,<\/span>\u00a0<\/strong><span style=\"color: rgba(255, 255, 255, 0.7);\">Responsable de bienestar de <\/span><strong>HEINEKEN<\/strong><br \/><\/span><\/span><span color=\"#11d8d8\" style=\"color: #11d8d8;\"><b>Paloma S\u00e1nchez-Cano,<\/b><\/span>\u00a0<span style=\"color: rgba(255, 255, 255, 0.7);\">Directora de RRHH de<\/span>\u00a0<strong>DAIKIN<br \/><span style=\"color: #11d8d8;\">Flor Maldonado,<\/span> <\/strong><span style=\"color: rgba(255, 255, 255, 0.7);\">Responsable de desarrollo para l\u00edderes de\u00a0<\/span><strong>CEPSA\u00a0<\/strong><span style=\"color: #11d8d8;\"><strong> <br \/><\/strong><\/span><\/p>\n<p class=\"p5\">Modera <span style=\"color: #11d8d8;\"><strong>Marina Tirado, <\/strong><span style=\"color: #ffffff;\"><span style=\"color: rgba(255, 255, 255, 0.7);\">Directora de la Unidad de Educaci\u00f3n Ejecutiva de la <span style=\"color: #ffffff;\"><strong>UNIVERSIDAD FRANCISCO DE VITORIA<\/strong><\/span><\/span><\/span><\/span><\/p>\n<p class=\"p5\"><span style=\"color: rgba(255, 255, 255, 0.75);\"><em><\/em><\/span><\/p>\n<p>[\/et_pb_text][\/et_pb_column][\/et_pb_row][et_pb_row column_structure=\u00bb1_3,2_3&#8243; make_equal=\u00bbon\u00bb custom_padding_last_edited=\u00bbon|phone\u00bb disabled_on=\u00bboff|off|off\u00bb _builder_version=\u00bb4.16&#8243; width_tablet=\u00bb\u00bb width_phone=\u00bb100%\u00bb width_last_edited=\u00bbon|phone\u00bb custom_margin=\u00bb|auto|-4px|auto||\u00bb custom_padding_tablet=\u00bb\u00bb custom_padding_phone=\u00bb||7%||false|false\u00bb border_width_top=\u00bb2px\u00bb border_color_top=\u00bbrgba(17,216,216,0.4)\u00bb border_color_bottom=\u00bbrgba(255,255,255,0.5)\u00bb border_radii_tablet=\u00bb\u00bb border_radii_phone=\u00bb\u00bb border_radii_last_edited=\u00bbon|phone\u00bb border_width_all_tablet=\u00bb\u00bb border_width_all_phone=\u00bb0px\u00bb border_width_all_last_edited=\u00bbon|phone\u00bb border_width_bottom_tablet=\u00bb\u00bb border_width_bottom_phone=\u00bb1px\u00bb border_width_bottom_last_edited=\u00bbon|phone\u00bb global_colors_info=\u00bb{}\u00bb][et_pb_column type=\u00bb1_3&#8243; _builder_version=\u00bb4.16&#8243; custom_css_main_element=\u00bb\t||\u00bb global_colors_info=\u00bb{}\u00bb][et_pb_text disabled_on=\u00bboff|off|off\u00bb _builder_version=\u00bb4.16&#8243; text_font=\u00bbUnivers LT 75 Black|800|||||||\u00bb text_text_color=\u00bb#ffffff\u00bb text_font_size=\u00bb26px\u00bb text_line_height=\u00bb42px\u00bb header_font=\u00bbUnivers LT 75 Black||||||||\u00bb custom_margin=\u00bb||||false|false\u00bb custom_margin_tablet=\u00bb\u00bb custom_margin_phone=\u00bb|||10%|false|false\u00bb custom_margin_last_edited=\u00bbon|desktop\u00bb text_font_size_tablet=\u00bb\u00bb text_font_size_phone=\u00bb28px\u00bb text_font_size_last_edited=\u00bbon|desktop\u00bb text_line_height_tablet=\u00bb\u00bb text_line_height_phone=\u00bb38px\u00bb text_line_height_last_edited=\u00bbon|phone\u00bb global_colors_info=\u00bb{}\u00bb]<\/p>\n<p>10:40 &#8211; 11:10<\/p>\n<p>[\/et_pb_text][et_pb_text _builder_version=\u00bb4.16&#8243; text_font=\u00bbRubik|900|||||||\u00bb text_text_color=\u00bb#ffffff\u00bb text_line_height=\u00bb28px\u00bb custom_padding_tablet=\u00bb\u00bb custom_padding_phone=\u00bb|10%||10%|false|false\u00bb custom_padding_last_edited=\u00bbon|phone\u00bb text_font_size_tablet=\u00bb\u00bb text_font_size_phone=\u00bb\u00bb text_font_size_last_edited=\u00bbon|desktop\u00bb text_line_height_tablet=\u00bb\u00bb text_line_height_phone=\u00bb\u00bb text_line_height_last_edited=\u00bbon|desktop\u00bb global_colors_info=\u00bb{}\u00bb]<\/p>\n<p><span style=\"font-size: 24px; color: #68c4d1;\"><strong>LIDERAZGO Y DIVERSIDAD<\/strong><\/span><span><br \/><\/span><\/p>\n<p>[\/et_pb_text][et_pb_text _builder_version=\u00bb4.16&#8243; text_font=\u00bbUnivers||||||||\u00bb text_text_color=\u00bb#ffffff\u00bb text_line_height=\u00bb28px\u00bb custom_padding_tablet=\u00bb\u00bb custom_padding_phone=\u00bb|10%||10%|false|false\u00bb custom_padding_last_edited=\u00bbon|phone\u00bb text_font_size_tablet=\u00bb\u00bb text_font_size_phone=\u00bb\u00bb text_font_size_last_edited=\u00bbon|desktop\u00bb text_line_height_tablet=\u00bb\u00bb text_line_height_phone=\u00bb\u00bb text_line_height_last_edited=\u00bbon|desktop\u00bb global_colors_info=\u00bb{}\u00bb]<\/p>\n<p>Desaf\u00edos 2024<\/p>\n<p>[\/et_pb_text][\/et_pb_column][et_pb_column type=\u00bb2_3&#8243; _builder_version=\u00bb4.16&#8243; border_width_left=\u00bb0px\u00bb border_radii_tablet=\u00bb\u00bb border_radii_phone=\u00bb\u00bb border_radii_last_edited=\u00bbon|phone\u00bb global_colors_info=\u00bb{}\u00bb][et_pb_text _builder_version=\u00bb4.16&#8243; text_font=\u00bbUnivers||||||||\u00bb text_text_color=\u00bb#ffffff\u00bb text_line_height=\u00bb28px\u00bb custom_padding=\u00bb|||8%|false|false\u00bb custom_padding_tablet=\u00bb\u00bb custom_padding_phone=\u00bb|10%||10%|false|false\u00bb custom_padding_last_edited=\u00bbon|desktop\u00bb text_font_size_tablet=\u00bb\u00bb text_font_size_phone=\u00bb\u00bb text_font_size_last_edited=\u00bbon|desktop\u00bb text_line_height_tablet=\u00bb\u00bb text_line_height_phone=\u00bb\u00bb text_line_height_last_edited=\u00bbon|desktop\u00bb border_color_left=\u00bb#ffffff\u00bb border_width_left_tablet=\u00bb\u00bb border_width_left_phone=\u00bb0px\u00bb border_width_left_last_edited=\u00bbon|desktop\u00bb global_colors_info=\u00bb{}\u00bb]<\/p>\n<p><span class=\"s1\"><span style=\"color: #11d8d8;\"><span style=\"color: #ffffff;\"><span style=\"color: rgba(255, 255, 255, 0.75);\"><span style=\"color: #ffffff;\"><strong><\/strong><\/span><\/span><\/span><\/span><\/span><span style=\"color: #ffffff;\"><span style=\"color: #ffffff;\"><b><span style=\"color: #11d8d8;\">Alba Herrero,<\/span>\u00a0<\/b><span><span style=\"color: rgba(255, 255, 255, 0.75);\">Directora de RRHH de<\/span> <strong>SAP ESPA\u00d1A Y PORTUGAL<br \/><span style=\"color: #11d8d8;\"><b>Zobeida Duben, <\/b><\/span><\/strong><span style=\"color: rgba(255, 255, 255, 0.7);\">Directora Desarrollo de Talento de<\/span><strong>\u00a0NTT DATA<br \/><span style=\"color: #11d8d8;\"><b>Tamara Codon, <\/b><\/span><\/strong><span style=\"color: rgba(255, 255, 255, 0.7);\">Head of HR Development &amp; Change Management de<\/span><strong> NAVANTIA<br \/><span style=\"color: #11d8d8;\">Pablo Gonz\u00e1lez de Suso,<\/span>\u00a0<\/strong><span style=\"color: rgba(255, 255, 255, 0.7);\">Human Resources Corporate Director de <\/span><strong>GONVARRI INDUSTRIES<br \/><\/strong><\/span><\/span><\/span><\/p>\n<p class=\"p5\">Modera <span style=\"color: #11d8d8;\"><b>Diana Clarke<\/b><\/span><span style=\"color: rgba(255, 255, 255, 0.75);\"><span style=\"color: #11d8d8;\"><strong>,<\/strong><\/span> Profesora de Executive Education y Directora Acad\u00e9mica del programa Women in Leardership de<\/span>\u00a0<span style=\"color: #ffffff;\"><b>ESCP BUSINESS SCHOOL<\/b><\/span><\/p>\n<p>[\/et_pb_text][\/et_pb_column][\/et_pb_row][et_pb_row column_structure=\u00bb1_3,2_3&#8243; make_equal=\u00bbon\u00bb custom_padding_last_edited=\u00bbon|phone\u00bb disabled_on=\u00bboff|off|off\u00bb _builder_version=\u00bb4.16&#8243; width_tablet=\u00bb\u00bb width_phone=\u00bb100%\u00bb width_last_edited=\u00bbon|phone\u00bb custom_padding_tablet=\u00bb\u00bb custom_padding_phone=\u00bb||7%||false|false\u00bb border_width_top=\u00bb2px\u00bb border_color_top=\u00bbrgba(17,216,216,0.4)\u00bb border_color_bottom=\u00bbrgba(255,255,255,0.5)\u00bb border_radii_tablet=\u00bb\u00bb border_radii_phone=\u00bb\u00bb border_radii_last_edited=\u00bbon|phone\u00bb border_width_all_tablet=\u00bb\u00bb border_width_all_phone=\u00bb0px\u00bb border_width_all_last_edited=\u00bbon|phone\u00bb border_width_bottom_tablet=\u00bb\u00bb border_width_bottom_phone=\u00bb1px\u00bb border_width_bottom_last_edited=\u00bbon|phone\u00bb global_colors_info=\u00bb{}\u00bb][et_pb_column type=\u00bb1_3&#8243; _builder_version=\u00bb4.16&#8243; custom_css_main_element=\u00bb\t||\u00bb global_colors_info=\u00bb{}\u00bb][et_pb_text disabled_on=\u00bboff|off|off\u00bb _builder_version=\u00bb4.16&#8243; text_font=\u00bbUnivers LT 75 Black|800|||||||\u00bb text_text_color=\u00bb#ffffff\u00bb text_font_size=\u00bb26px\u00bb text_line_height=\u00bb42px\u00bb header_font=\u00bbUnivers LT 75 Black||||||||\u00bb custom_margin=\u00bb||||false|false\u00bb custom_margin_tablet=\u00bb\u00bb custom_margin_phone=\u00bb|||10%|false|false\u00bb custom_margin_last_edited=\u00bbon|desktop\u00bb text_font_size_tablet=\u00bb\u00bb text_font_size_phone=\u00bb28px\u00bb text_font_size_last_edited=\u00bbon|desktop\u00bb text_line_height_tablet=\u00bb\u00bb text_line_height_phone=\u00bb38px\u00bb text_line_height_last_edited=\u00bbon|phone\u00bb global_colors_info=\u00bb{}\u00bb]<\/p>\n<p>11:10 &#8211; 11:30<\/p>\n<p>[\/et_pb_text][\/et_pb_column][et_pb_column type=\u00bb2_3&#8243; _builder_version=\u00bb4.16&#8243; border_width_left=\u00bb0px\u00bb border_radii_tablet=\u00bb\u00bb border_radii_phone=\u00bb\u00bb border_radii_last_edited=\u00bbon|phone\u00bb global_colors_info=\u00bb{}\u00bb][et_pb_text _builder_version=\u00bb4.16&#8243; text_font=\u00bbUnivers||||||||\u00bb text_text_color=\u00bb#ffffff\u00bb text_line_height=\u00bb28px\u00bb custom_padding=\u00bb|||8%|false|false\u00bb custom_padding_tablet=\u00bb\u00bb custom_padding_phone=\u00bb|10%||10%|false|false\u00bb custom_padding_last_edited=\u00bbon|desktop\u00bb text_font_size_tablet=\u00bb\u00bb text_font_size_phone=\u00bb\u00bb text_font_size_last_edited=\u00bbon|desktop\u00bb text_line_height_tablet=\u00bb\u00bb text_line_height_phone=\u00bb\u00bb text_line_height_last_edited=\u00bbon|desktop\u00bb border_color_left=\u00bb#ffffff\u00bb border_width_left_tablet=\u00bb\u00bb border_width_left_phone=\u00bb0px\u00bb border_width_left_last_edited=\u00bbon|desktop\u00bb global_colors_info=\u00bb{}\u00bb]<\/p>\n<p style=\"text-align: left;\"><span style=\"font-size: xx-large;\"><span style=\"color: #11d8d8;\"><strong>COFFEE BREAK<\/strong><\/span><strong><\/strong><\/span><\/p>\n<p class=\"p5\">\n<p class=\"p5\"><span style=\"color: #ffffff;\"><b><\/b><\/span><\/p>\n<p>[\/et_pb_text][\/et_pb_column][\/et_pb_row][et_pb_row column_structure=\u00bb1_3,2_3&#8243; make_equal=\u00bbon\u00bb custom_padding_last_edited=\u00bbon|phone\u00bb disabled_on=\u00bboff|off|off\u00bb _builder_version=\u00bb4.16&#8243; width_tablet=\u00bb\u00bb width_phone=\u00bb100%\u00bb width_last_edited=\u00bbon|phone\u00bb custom_padding_tablet=\u00bb\u00bb custom_padding_phone=\u00bb||7%||false|false\u00bb border_color_all=\u00bbrgba(17,216,216,0.4)\u00bb border_width_top=\u00bb2px\u00bb border_color_bottom=\u00bbrgba(255,255,255,0.5)\u00bb border_radii_tablet=\u00bb\u00bb border_radii_phone=\u00bb\u00bb border_radii_last_edited=\u00bbon|phone\u00bb border_width_all_tablet=\u00bb\u00bb border_width_all_phone=\u00bb0px\u00bb border_width_all_last_edited=\u00bbon|phone\u00bb border_width_bottom_tablet=\u00bb\u00bb border_width_bottom_phone=\u00bb1px\u00bb border_width_bottom_last_edited=\u00bbon|phone\u00bb global_colors_info=\u00bb{}\u00bb][et_pb_column type=\u00bb1_3&#8243; _builder_version=\u00bb4.16&#8243; custom_css_main_element=\u00bb\t||\u00bb global_colors_info=\u00bb{}\u00bb][et_pb_text disabled_on=\u00bboff|off|off\u00bb _builder_version=\u00bb4.23.1&#8243; text_font=\u00bbUnivers LT 75 Black|800|||||||\u00bb text_text_color=\u00bb#ffffff\u00bb text_font_size=\u00bb26px\u00bb text_line_height=\u00bb42px\u00bb header_font=\u00bbUnivers LT 75 Black||||||||\u00bb custom_margin=\u00bb||||false|false\u00bb custom_margin_tablet=\u00bb\u00bb custom_margin_phone=\u00bb|||10%|false|false\u00bb custom_margin_last_edited=\u00bbon|desktop\u00bb text_font_size_tablet=\u00bb\u00bb text_font_size_phone=\u00bb28px\u00bb text_font_size_last_edited=\u00bbon|desktop\u00bb text_line_height_tablet=\u00bb\u00bb text_line_height_phone=\u00bb38px\u00bb text_line_height_last_edited=\u00bbon|phone\u00bb global_colors_info=\u00bb{}\u00bb]<\/p>\n<p>11:30 &#8211; 11:55<\/p>\n<p>[\/et_pb_text][et_pb_text _builder_version=\u00bb4.23.1&#8243; text_font=\u00bbRubik|900|||||||\u00bb text_text_color=\u00bb#ffffff\u00bb text_line_height=\u00bb28px\u00bb custom_margin=\u00bb||8px|||\u00bb custom_padding=\u00bb0px|||||\u00bb custom_padding_tablet=\u00bb\u00bb custom_padding_phone=\u00bb|10%||10%|false|false\u00bb custom_padding_last_edited=\u00bbon|phone\u00bb text_font_size_tablet=\u00bb\u00bb text_font_size_phone=\u00bb\u00bb text_font_size_last_edited=\u00bbon|desktop\u00bb text_line_height_tablet=\u00bb\u00bb text_line_height_phone=\u00bb\u00bb text_line_height_last_edited=\u00bbon|desktop\u00bb global_colors_info=\u00bb{}\u00bb]<\/p>\n<p><span style=\"font-size: 24px; color: #68c4d1;\"><strong>EMPOWERING PEOPLE &amp; DIGITAL LEARNING<br \/><\/strong><\/span><\/p>\n<p>[\/et_pb_text][et_pb_text _builder_version=\u00bb4.16&#8243; text_font=\u00bbUnivers||||||||\u00bb text_text_color=\u00bb#ffffff\u00bb text_line_height=\u00bb28px\u00bb custom_padding=\u00bb0px|||||\u00bb custom_padding_tablet=\u00bb\u00bb custom_padding_phone=\u00bb|10%||10%|false|false\u00bb custom_padding_last_edited=\u00bbon|phone\u00bb text_font_size_tablet=\u00bb\u00bb text_font_size_phone=\u00bb\u00bb text_font_size_last_edited=\u00bbon|desktop\u00bb text_line_height_tablet=\u00bb\u00bb text_line_height_phone=\u00bb\u00bb text_line_height_last_edited=\u00bbon|desktop\u00bb global_colors_info=\u00bb{}\u00bb]<\/p>\n<p>El impacto de una cultura de aprendizaje digital al autodesarrollo<\/p>\n<p>[\/et_pb_text][\/et_pb_column][et_pb_column type=\u00bb2_3&#8243; _builder_version=\u00bb4.16&#8243; border_width_left=\u00bb0px\u00bb border_radii_tablet=\u00bb\u00bb border_radii_phone=\u00bb\u00bb border_radii_last_edited=\u00bbon|phone\u00bb global_colors_info=\u00bb{}\u00bb][et_pb_text _builder_version=\u00bb4.16&#8243; text_font=\u00bbUnivers||||||||\u00bb text_text_color=\u00bb#ffffff\u00bb text_line_height=\u00bb28px\u00bb custom_padding=\u00bb8px|||8%|false|false\u00bb custom_padding_tablet=\u00bb\u00bb custom_padding_phone=\u00bb|10%||10%|false|false\u00bb custom_padding_last_edited=\u00bbon|desktop\u00bb text_font_size_tablet=\u00bb\u00bb text_font_size_phone=\u00bb\u00bb text_font_size_last_edited=\u00bbon|desktop\u00bb text_line_height_tablet=\u00bb\u00bb text_line_height_phone=\u00bb\u00bb text_line_height_last_edited=\u00bbon|desktop\u00bb border_color_left=\u00bb#ffffff\u00bb border_width_left_tablet=\u00bb\u00bb border_width_left_phone=\u00bb0px\u00bb border_width_left_last_edited=\u00bbon|desktop\u00bb global_colors_info=\u00bb{}\u00bb]<\/p>\n<p><span style=\"color: #11d8d8;\"><span style=\"color: #ffffff;\"><strong><span style=\"color: #11d8d8;\">Anna Vanaclocha, <\/span><\/strong><span style=\"color: rgba(255, 255, 255, 0.7);\">Responsable de Talento de <\/span><strong>OUIGO ESPA\u00d1A<br \/><\/strong><\/span><\/span><\/p>\n<p><span style=\"font-size: 18px;\">Modera <\/span><span style=\"font-size: 18px; color: #11d8d8;\"><b>Roberto Mart\u00edn<\/b><\/span><span style=\"font-size: 18px; color: rgba(255, 255, 255, 0.75);\">, Head of Digital Marketing &amp; Growth de <\/span><b style=\"font-size: 18px;\">SPEEXX<\/b><br \/><strong><\/strong><\/p>\n<p>[\/et_pb_text][\/et_pb_column][\/et_pb_row][et_pb_row column_structure=\u00bb1_3,2_3&#8243; make_equal=\u00bbon\u00bb custom_padding_last_edited=\u00bbon|phone\u00bb disabled_on=\u00bboff|off|off\u00bb _builder_version=\u00bb4.16&#8243; width_tablet=\u00bb\u00bb width_phone=\u00bb100%\u00bb width_last_edited=\u00bbon|phone\u00bb custom_padding_tablet=\u00bb\u00bb custom_padding_phone=\u00bb||7%||false|false\u00bb border_color_all=\u00bbrgba(17,216,216,0.4)\u00bb border_width_top=\u00bb2px\u00bb border_color_bottom=\u00bbrgba(255,255,255,0.5)\u00bb border_radii_tablet=\u00bb\u00bb border_radii_phone=\u00bb\u00bb border_radii_last_edited=\u00bbon|phone\u00bb border_width_all_tablet=\u00bb\u00bb border_width_all_phone=\u00bb0px\u00bb border_width_all_last_edited=\u00bbon|phone\u00bb border_width_bottom_tablet=\u00bb\u00bb border_width_bottom_phone=\u00bb1px\u00bb border_width_bottom_last_edited=\u00bbon|phone\u00bb global_colors_info=\u00bb{}\u00bb][et_pb_column type=\u00bb1_3&#8243; _builder_version=\u00bb4.16&#8243; custom_css_main_element=\u00bb\t||\u00bb global_colors_info=\u00bb{}\u00bb][et_pb_text disabled_on=\u00bboff|off|off\u00bb _builder_version=\u00bb4.16&#8243; text_font=\u00bbUnivers LT 75 Black|800|||||||\u00bb text_text_color=\u00bb#ffffff\u00bb text_font_size=\u00bb26px\u00bb text_line_height=\u00bb42px\u00bb header_font=\u00bbUnivers LT 75 Black||||||||\u00bb custom_margin=\u00bb||||false|false\u00bb custom_margin_tablet=\u00bb\u00bb custom_margin_phone=\u00bb|||10%|false|false\u00bb custom_margin_last_edited=\u00bbon|desktop\u00bb text_font_size_tablet=\u00bb\u00bb text_font_size_phone=\u00bb28px\u00bb text_font_size_last_edited=\u00bbon|desktop\u00bb text_line_height_tablet=\u00bb\u00bb text_line_height_phone=\u00bb38px\u00bb text_line_height_last_edited=\u00bbon|phone\u00bb global_colors_info=\u00bb{}\u00bb]<\/p>\n<p>11:55 &#8211; 12:20<\/p>\n<p>[\/et_pb_text][et_pb_text _builder_version=\u00bb4.23.1&#8243; text_font=\u00bbRubik|900|||||||\u00bb text_text_color=\u00bb#ffffff\u00bb text_line_height=\u00bb28px\u00bb custom_margin=\u00bb||8px|||\u00bb custom_padding=\u00bb0px|||||\u00bb custom_padding_tablet=\u00bb\u00bb custom_padding_phone=\u00bb|10%||10%|false|false\u00bb custom_padding_last_edited=\u00bbon|phone\u00bb text_font_size_tablet=\u00bb\u00bb text_font_size_phone=\u00bb\u00bb text_font_size_last_edited=\u00bbon|desktop\u00bb text_line_height_tablet=\u00bb\u00bb text_line_height_phone=\u00bb\u00bb text_line_height_last_edited=\u00bbon|desktop\u00bb global_colors_info=\u00bb{}\u00bb]<\/p>\n<p><span style=\"font-size: 24px; color: #68c4d1;\"><strong>THE NEW CORPORATE SKILLS<br \/><\/strong><\/span><\/p>\n<p>[\/et_pb_text][et_pb_text _builder_version=\u00bb4.16&#8243; text_font=\u00bbUnivers||||||||\u00bb text_text_color=\u00bb#ffffff\u00bb text_line_height=\u00bb28px\u00bb custom_padding=\u00bb0px|||||\u00bb custom_padding_tablet=\u00bb\u00bb custom_padding_phone=\u00bb|10%||10%|false|false\u00bb custom_padding_last_edited=\u00bbon|phone\u00bb text_font_size_tablet=\u00bb\u00bb text_font_size_phone=\u00bb\u00bb text_font_size_last_edited=\u00bbon|desktop\u00bb text_line_height_tablet=\u00bb\u00bb text_line_height_phone=\u00bb\u00bb text_line_height_last_edited=\u00bbon|desktop\u00bb global_colors_info=\u00bb{}\u00bb]<\/p>\n<p>Iniciativas de L&amp;D para impulsar el desarrollo y bienestar de los empleados a trav\u00e9s de las skills<\/p>\n<p>[\/et_pb_text][\/et_pb_column][et_pb_column type=\u00bb2_3&#8243; _builder_version=\u00bb4.16&#8243; border_width_left=\u00bb0px\u00bb border_radii_tablet=\u00bb\u00bb border_radii_phone=\u00bb\u00bb border_radii_last_edited=\u00bbon|phone\u00bb global_colors_info=\u00bb{}\u00bb][et_pb_text _builder_version=\u00bb4.16&#8243; text_font=\u00bbUnivers||||||||\u00bb text_text_color=\u00bb#ffffff\u00bb text_line_height=\u00bb28px\u00bb custom_padding=\u00bb8px|||8%|false|false\u00bb custom_padding_tablet=\u00bb\u00bb custom_padding_phone=\u00bb|10%||10%|false|false\u00bb custom_padding_last_edited=\u00bbon|desktop\u00bb text_font_size_tablet=\u00bb\u00bb text_font_size_phone=\u00bb\u00bb text_font_size_last_edited=\u00bbon|desktop\u00bb text_line_height_tablet=\u00bb\u00bb text_line_height_phone=\u00bb\u00bb text_line_height_last_edited=\u00bbon|desktop\u00bb border_color_left=\u00bb#ffffff\u00bb border_width_left_tablet=\u00bb\u00bb border_width_left_phone=\u00bb0px\u00bb border_width_left_last_edited=\u00bbon|desktop\u00bb global_colors_info=\u00bb{}\u00bb]<\/p>\n<p><span style=\"color: #11d8d8;\"><strong>Jos\u00e9 Lu\u00eds Ausin, <\/strong><span style=\"color: #ffffff;\"><span style=\"color: rgba(255, 255, 255, 0.7);\">Responsable Universidad Corporativa de<\/span><strong> NATURGY<br \/><span style=\"color: #11d8d8;\">Marc Garc\u00eda,<\/span> <\/strong><span style=\"color: rgba(255, 255, 255, 0.7);\">Senior Manager de <\/span><strong>EY<\/strong><\/span><strong><\/strong><\/span><span style=\"color: #11d8d8;\"><br \/> <strong><\/strong><\/span><\/p>\n<p><span style=\"font-size: 18px;\">Modera <\/span><span style=\"font-size: 18px; color: #11d8d8;\"><b>Sergio Sotelo<\/b><\/span><span style=\"font-size: 18px; color: rgba(255, 255, 255, 0.75);\">, Content &amp; Learning Consultant de <\/span><b style=\"font-size: 18px;\">CORNERSTONE<\/b><br \/><strong><\/strong><\/p>\n<p>[\/et_pb_text][\/et_pb_column][\/et_pb_row][et_pb_row column_structure=\u00bb1_3,2_3&#8243; make_equal=\u00bbon\u00bb custom_padding_last_edited=\u00bbon|phone\u00bb disabled_on=\u00bboff|off|off\u00bb _builder_version=\u00bb4.16&#8243; width_tablet=\u00bb\u00bb width_phone=\u00bb100%\u00bb width_last_edited=\u00bbon|phone\u00bb custom_padding_tablet=\u00bb\u00bb custom_padding_phone=\u00bb||7%||false|false\u00bb border_color_all=\u00bbrgba(17,216,216,0.4)\u00bb border_width_top=\u00bb2px\u00bb border_color_bottom=\u00bbrgba(255,255,255,0.5)\u00bb border_radii_tablet=\u00bb\u00bb border_radii_phone=\u00bb\u00bb border_radii_last_edited=\u00bbon|phone\u00bb border_width_all_tablet=\u00bb\u00bb border_width_all_phone=\u00bb0px\u00bb border_width_all_last_edited=\u00bbon|phone\u00bb border_width_bottom_tablet=\u00bb\u00bb border_width_bottom_phone=\u00bb1px\u00bb border_width_bottom_last_edited=\u00bbon|phone\u00bb global_colors_info=\u00bb{}\u00bb][et_pb_column type=\u00bb1_3&#8243; _builder_version=\u00bb4.16&#8243; custom_css_main_element=\u00bb\t||\u00bb global_colors_info=\u00bb{}\u00bb][et_pb_text disabled_on=\u00bboff|off|off\u00bb _builder_version=\u00bb4.16&#8243; text_font=\u00bbUnivers LT 75 Black|800|||||||\u00bb text_text_color=\u00bb#ffffff\u00bb text_font_size=\u00bb26px\u00bb text_line_height=\u00bb42px\u00bb header_font=\u00bbUnivers LT 75 Black||||||||\u00bb custom_margin=\u00bb||||false|false\u00bb custom_margin_tablet=\u00bb\u00bb custom_margin_phone=\u00bb|||10%|false|false\u00bb custom_margin_last_edited=\u00bbon|desktop\u00bb text_font_size_tablet=\u00bb\u00bb text_font_size_phone=\u00bb28px\u00bb text_font_size_last_edited=\u00bbon|desktop\u00bb text_line_height_tablet=\u00bb\u00bb text_line_height_phone=\u00bb38px\u00bb text_line_height_last_edited=\u00bbon|phone\u00bb global_colors_info=\u00bb{}\u00bb]<\/p>\n<p>12:20 &#8211; 12:45<\/p>\n<p>[\/et_pb_text][et_pb_text _builder_version=\u00bb4.16&#8243; text_font=\u00bbRubik|900|||||||\u00bb text_text_color=\u00bb#ffffff\u00bb text_line_height=\u00bb28px\u00bb custom_margin=\u00bb||8px|||\u00bb custom_padding=\u00bb0px|||||\u00bb custom_padding_tablet=\u00bb\u00bb custom_padding_phone=\u00bb|10%||10%|false|false\u00bb custom_padding_last_edited=\u00bbon|phone\u00bb text_font_size_tablet=\u00bb\u00bb text_font_size_phone=\u00bb\u00bb text_font_size_last_edited=\u00bbon|desktop\u00bb text_line_height_tablet=\u00bb\u00bb text_line_height_phone=\u00bb\u00bb text_line_height_last_edited=\u00bbon|desktop\u00bb global_colors_info=\u00bb{}\u00bb]<\/p>\n<p><span style=\"font-size: 24px; color: #68c4d1;\"><strong>TRANSFORMATIVE LEARNING<\/strong><\/span><\/p>\n<p>[\/et_pb_text][et_pb_text _builder_version=\u00bb4.16&#8243; text_font=\u00bbUnivers||||||||\u00bb text_text_color=\u00bb#ffffff\u00bb text_line_height=\u00bb28px\u00bb custom_padding=\u00bb0px|||||\u00bb custom_padding_tablet=\u00bb\u00bb custom_padding_phone=\u00bb|10%||10%|false|false\u00bb custom_padding_last_edited=\u00bbon|phone\u00bb text_font_size_tablet=\u00bb\u00bb text_font_size_phone=\u00bb\u00bb text_font_size_last_edited=\u00bbon|desktop\u00bb text_line_height_tablet=\u00bb\u00bb text_line_height_phone=\u00bb\u00bb text_line_height_last_edited=\u00bbon|desktop\u00bb global_colors_info=\u00bb{}\u00bb]<\/p>\n<p>Innovaci\u00f3n y tecnolog\u00eda para la creaci\u00f3n de una experiencia de aprendizaje eficaz y sostenible<\/p>\n<p>[\/et_pb_text][\/et_pb_column][et_pb_column type=\u00bb2_3&#8243; _builder_version=\u00bb4.16&#8243; border_width_left=\u00bb0px\u00bb border_radii_tablet=\u00bb\u00bb border_radii_phone=\u00bb\u00bb border_radii_last_edited=\u00bbon|phone\u00bb global_colors_info=\u00bb{}\u00bb][et_pb_text _builder_version=\u00bb4.16&#8243; text_font=\u00bbUnivers||||||||\u00bb text_text_color=\u00bb#ffffff\u00bb text_line_height=\u00bb28px\u00bb custom_padding=\u00bb8px|||8%|false|false\u00bb custom_padding_tablet=\u00bb\u00bb custom_padding_phone=\u00bb|10%||10%|false|false\u00bb custom_padding_last_edited=\u00bbon|desktop\u00bb text_font_size_tablet=\u00bb\u00bb text_font_size_phone=\u00bb\u00bb text_font_size_last_edited=\u00bbon|desktop\u00bb text_line_height_tablet=\u00bb\u00bb text_line_height_phone=\u00bb\u00bb text_line_height_last_edited=\u00bbon|desktop\u00bb border_color_left=\u00bb#ffffff\u00bb border_width_left_tablet=\u00bb\u00bb border_width_left_phone=\u00bb0px\u00bb border_width_left_last_edited=\u00bbon|desktop\u00bb global_colors_info=\u00bb{}\u00bb]<\/p>\n<p><span style=\"color: #11d8d8;\"><strong>Julio Ramos, <\/strong><span style=\"color: #ffffff;\"><span style=\"color: rgba(255, 255, 255, 0.7);\">Gerente Corporativo Desarrollo y Selecci\u00f3n de<\/span> <strong>SACYR<\/strong><\/span><strong><\/strong><\/span><span style=\"color: #11d8d8;\"><br \/><strong>Sandra del Toro Correa,<\/strong> <span style=\"color: #f2f2f2;\"><span style=\"color: rgba(242, 242, 242, 0.75);\">Coordinadora Corporativa Talento y Desarrollo de<\/span> <strong>OHLA\u00a0<\/strong>\u00a0<\/span><br \/><\/span><span style=\"color: #11d8d8;\"><strong>Lorena D\u00edez,<\/strong> <span style=\"color: #ffffff;\"><span style=\"color: rgba(255, 255, 255, 0.76);\">Global Head of Digital Development de<\/span> <strong>DECATHLON<\/strong><\/span><\/span><span style=\"color: #11d8d8;\"><\/span><\/p>\n<p><strong><\/strong><span style=\"color: #11d8d8;\"><span style=\"color: #ffffff;\"><strong><\/strong><\/span><\/span><span style=\"color: #11d8d8;\"><\/span><span style=\"color: #11d8d8;\"><\/span><\/p>\n<p><span style=\"font-size: 18px;\">Modera <\/span><span style=\"font-size: 18px; color: #11d8d8;\"><b>Esther Torremocha<\/b><\/span><span style=\"font-size: 18px; color: rgba(255, 255, 255, 0.75);\">, Manager de Energ\u00eda e Industria de <\/span><b style=\"font-size: 18px;\">OVERLAP ESPA\u00d1A<\/b><br \/><strong><\/strong><\/p>\n<p>[\/et_pb_text][\/et_pb_column][\/et_pb_row][et_pb_row column_structure=\u00bb1_3,2_3&#8243; make_equal=\u00bbon\u00bb custom_padding_last_edited=\u00bbon|phone\u00bb disabled_on=\u00bboff|off|off\u00bb _builder_version=\u00bb4.16&#8243; width_tablet=\u00bb\u00bb width_phone=\u00bb100%\u00bb width_last_edited=\u00bbon|phone\u00bb custom_padding_tablet=\u00bb\u00bb custom_padding_phone=\u00bb||7%||false|false\u00bb border_color_all=\u00bbrgba(17,216,216,0.4)\u00bb border_width_top=\u00bb2px\u00bb border_color_bottom=\u00bbrgba(255,255,255,0.5)\u00bb border_radii_tablet=\u00bb\u00bb border_radii_phone=\u00bb\u00bb border_radii_last_edited=\u00bbon|phone\u00bb border_width_all_tablet=\u00bb\u00bb border_width_all_phone=\u00bb0px\u00bb border_width_all_last_edited=\u00bbon|phone\u00bb border_width_bottom_tablet=\u00bb\u00bb border_width_bottom_phone=\u00bb1px\u00bb border_width_bottom_last_edited=\u00bbon|phone\u00bb global_colors_info=\u00bb{}\u00bb][et_pb_column type=\u00bb1_3&#8243; _builder_version=\u00bb4.16&#8243; custom_css_main_element=\u00bb\t||\u00bb global_colors_info=\u00bb{}\u00bb][et_pb_text disabled_on=\u00bboff|off|off\u00bb _builder_version=\u00bb4.16&#8243; text_font=\u00bbUnivers LT 75 Black|800|||||||\u00bb text_text_color=\u00bb#ffffff\u00bb text_font_size=\u00bb26px\u00bb text_line_height=\u00bb42px\u00bb header_font=\u00bbUnivers LT 75 Black||||||||\u00bb custom_margin=\u00bb||||false|false\u00bb custom_margin_tablet=\u00bb\u00bb custom_margin_phone=\u00bb|||10%|false|false\u00bb custom_margin_last_edited=\u00bbon|desktop\u00bb text_font_size_tablet=\u00bb\u00bb text_font_size_phone=\u00bb28px\u00bb text_font_size_last_edited=\u00bbon|desktop\u00bb text_line_height_tablet=\u00bb\u00bb text_line_height_phone=\u00bb38px\u00bb text_line_height_last_edited=\u00bbon|phone\u00bb global_colors_info=\u00bb{}\u00bb]<\/p>\n<p>12:45 &#8211; 13:15<\/p>\n<p>[\/et_pb_text][et_pb_text _builder_version=\u00bb4.16&#8243; text_font=\u00bbRubik|900|||||||\u00bb text_text_color=\u00bb#ffffff\u00bb text_line_height=\u00bb28px\u00bb custom_margin=\u00bb||5px|||\u00bb custom_padding=\u00bb0px||6px|||\u00bb custom_padding_tablet=\u00bb\u00bb custom_padding_phone=\u00bb|10%||10%|false|false\u00bb custom_padding_last_edited=\u00bbon|phone\u00bb text_font_size_tablet=\u00bb\u00bb text_font_size_phone=\u00bb\u00bb text_font_size_last_edited=\u00bbon|desktop\u00bb text_line_height_tablet=\u00bb\u00bb text_line_height_phone=\u00bb\u00bb text_line_height_last_edited=\u00bbon|desktop\u00bb global_colors_info=\u00bb{}\u00bb]<\/p>\n<p><span style=\"font-size: 24px; color: #68c4d1;\"><strong>TECH-DRIVEN L&amp;D<\/strong><\/span><br \/> <span> <\/span><\/p>\n<p>[\/et_pb_text][\/et_pb_column][et_pb_column type=\u00bb2_3&#8243; _builder_version=\u00bb4.16&#8243; border_width_left=\u00bb0px\u00bb border_radii_tablet=\u00bb\u00bb border_radii_phone=\u00bb\u00bb border_radii_last_edited=\u00bbon|phone\u00bb global_colors_info=\u00bb{}\u00bb][et_pb_text _builder_version=\u00bb4.16&#8243; text_font=\u00bbUnivers||||||||\u00bb text_text_color=\u00bb#ffffff\u00bb text_line_height=\u00bb28px\u00bb custom_padding=\u00bb|||8%|false|false\u00bb custom_padding_tablet=\u00bb\u00bb custom_padding_phone=\u00bb|10%||10%|false|false\u00bb custom_padding_last_edited=\u00bbon|desktop\u00bb text_font_size_tablet=\u00bb\u00bb text_font_size_phone=\u00bb\u00bb text_font_size_last_edited=\u00bbon|desktop\u00bb text_line_height_tablet=\u00bb\u00bb text_line_height_phone=\u00bb\u00bb text_line_height_last_edited=\u00bbon|desktop\u00bb border_color_left=\u00bb#ffffff\u00bb border_width_left_tablet=\u00bb\u00bb border_width_left_phone=\u00bb0px\u00bb border_width_left_last_edited=\u00bbon|desktop\u00bb global_colors_info=\u00bb{}\u00bb]<\/p>\n<p><span style=\"color: #11d8d8;\"><strong>Eduardo Tabernero, <\/strong><span style=\"color: rgba(255, 255, 255, 0.7);\">Director \u00c1rea Desarrollo de talento en\u00a0<\/span><strong><span style=\"color: #ffffff;\">VITHAS<\/span><br \/>Emilio del \u00c1guila, <\/strong><span style=\"color: #ffffff;\"><span style=\"color: rgba(255, 255, 255, 0.7);\">Director \u00c1rea de Talento de <\/span><strong>GRUPO CAJAMAR<\/strong><strong><br \/><span style=\"color: #11d8d8;\">Roser Bonancia,<\/span> <\/strong><span style=\"color: rgba(255, 255, 255, 0.7);\">Talent Manager de <\/span><strong>SERUNION-GRUPO ELIOR<br \/><\/strong><\/span><\/span><\/p>\n<p class=\"p5\">Modera <span color=\"#11d8d8\" style=\"color: #11d8d8;\"><b>Susana Zancajo<\/b><\/span><span style=\"color: rgba(255, 255, 255, 0.75);\">, Directora de Operaciones L&amp;D de <\/span> <span style=\"color: #ffffff;\"> <b>GRUPO HEDIMA CORPORATE\u00a0<\/b><\/span><\/p>\n<p><span style=\"color: rgba(255, 255, 255, 0.75);\">\u00a0<\/span><\/p>\n<p>[\/et_pb_text][\/et_pb_column][\/et_pb_row][et_pb_row column_structure=\u00bb1_3,2_3&#8243; make_equal=\u00bbon\u00bb custom_padding_last_edited=\u00bbon|phone\u00bb disabled_on=\u00bboff|off|off\u00bb _builder_version=\u00bb4.16&#8243; width_tablet=\u00bb\u00bb width_phone=\u00bb100%\u00bb width_last_edited=\u00bbon|phone\u00bb custom_padding_tablet=\u00bb\u00bb custom_padding_phone=\u00bb||7%||false|false\u00bb border_color_all=\u00bbrgba(17,216,216,0.4)\u00bb border_width_top=\u00bb2px\u00bb border_color_bottom=\u00bbrgba(255,255,255,0.5)\u00bb border_radii_tablet=\u00bb\u00bb border_radii_phone=\u00bb\u00bb border_radii_last_edited=\u00bbon|phone\u00bb border_width_all_tablet=\u00bb\u00bb border_width_all_phone=\u00bb0px\u00bb border_width_all_last_edited=\u00bbon|phone\u00bb border_width_bottom_tablet=\u00bb\u00bb border_width_bottom_phone=\u00bb1px\u00bb border_width_bottom_last_edited=\u00bbon|phone\u00bb global_colors_info=\u00bb{}\u00bb][et_pb_column type=\u00bb1_3&#8243; _builder_version=\u00bb4.16&#8243; custom_css_main_element=\u00bb\t||\u00bb global_colors_info=\u00bb{}\u00bb][et_pb_text disabled_on=\u00bboff|off|off\u00bb _builder_version=\u00bb4.16&#8243; text_font=\u00bbUnivers LT 75 Black|800|||||||\u00bb text_text_color=\u00bb#ffffff\u00bb text_font_size=\u00bb26px\u00bb text_line_height=\u00bb42px\u00bb header_font=\u00bbUnivers LT 75 Black||||||||\u00bb custom_margin=\u00bb||||false|false\u00bb custom_margin_tablet=\u00bb\u00bb custom_margin_phone=\u00bb|||10%|false|false\u00bb custom_margin_last_edited=\u00bbon|desktop\u00bb text_font_size_tablet=\u00bb\u00bb text_font_size_phone=\u00bb28px\u00bb text_font_size_last_edited=\u00bbon|desktop\u00bb text_line_height_tablet=\u00bb\u00bb text_line_height_phone=\u00bb38px\u00bb text_line_height_last_edited=\u00bbon|phone\u00bb global_colors_info=\u00bb{}\u00bb]<\/p>\n<p>13:15 &#8211; 13:40<\/p>\n<p>[\/et_pb_text][et_pb_text _builder_version=\u00bb4.16&#8243; text_font=\u00bbRubik|900|||||||\u00bb text_text_color=\u00bb#ffffff\u00bb text_line_height=\u00bb28px\u00bb custom_margin=\u00bb||5px|||\u00bb custom_padding=\u00bb0px||6px|||\u00bb custom_padding_tablet=\u00bb\u00bb custom_padding_phone=\u00bb|10%||10%|false|false\u00bb custom_padding_last_edited=\u00bbon|phone\u00bb text_font_size_tablet=\u00bb\u00bb text_font_size_phone=\u00bb\u00bb text_font_size_last_edited=\u00bbon|desktop\u00bb text_line_height_tablet=\u00bb\u00bb text_line_height_phone=\u00bb\u00bb text_line_height_last_edited=\u00bbon|desktop\u00bb global_colors_info=\u00bb{}\u00bb]<\/p>\n<p><span style=\"font-size: 24px; color: #68c4d1;\"><strong>EXPLORANDO LA IA, M\u00c1S ALL\u00c1 DE LAS HARD SKILLS<\/strong><\/span><br \/> <span> <\/span><\/p>\n<p>[\/et_pb_text][\/et_pb_column][et_pb_column type=\u00bb2_3&#8243; _builder_version=\u00bb4.16&#8243; border_width_left=\u00bb0px\u00bb border_radii_tablet=\u00bb\u00bb border_radii_phone=\u00bb\u00bb border_radii_last_edited=\u00bbon|phone\u00bb global_colors_info=\u00bb{}\u00bb][et_pb_text _builder_version=\u00bb4.16&#8243; text_font=\u00bbUnivers||||||||\u00bb text_text_color=\u00bb#ffffff\u00bb text_line_height=\u00bb28px\u00bb custom_padding=\u00bb|||8%|false|false\u00bb custom_padding_tablet=\u00bb\u00bb custom_padding_phone=\u00bb|10%||10%|false|false\u00bb custom_padding_last_edited=\u00bbon|desktop\u00bb text_font_size_tablet=\u00bb\u00bb text_font_size_phone=\u00bb\u00bb text_font_size_last_edited=\u00bbon|desktop\u00bb text_line_height_tablet=\u00bb\u00bb text_line_height_phone=\u00bb\u00bb text_line_height_last_edited=\u00bbon|desktop\u00bb border_color_left=\u00bb#ffffff\u00bb border_width_left_tablet=\u00bb\u00bb border_width_left_phone=\u00bb0px\u00bb border_width_left_last_edited=\u00bbon|desktop\u00bb global_colors_info=\u00bb{}\u00bb]<\/p>\n<p><span style=\"color: #11d8d8;\"><strong>David Vivancos, <\/strong><span style=\"color: rgba(255, 255, 255, 0.7);\">AI &amp; Data Science Senior Advisor. Serial Entrepreneur<\/span><strong><br \/>Rosal\u00eda O&#8217;Donnell, <\/strong><span style=\"color: #ffffff;\"><span style=\"color: rgba(255, 255, 255, 0.7);\">CEO de<strong> <\/strong><\/span><strong>TELEF\u00d3NICA EDUCACI\u00d3N DIGITAL<br \/><\/strong><\/span><\/span><\/p>\n<p><span style=\"color: #11d8d8;\"><span style=\"color: #ffffff;\"><strong><\/strong><\/span><\/span><span style=\"color: #11d8d8;\"><span style=\"color: #ffffff;\"><strong><\/strong><\/span><\/span>Modera <span color=\"#11d8d8\" style=\"color: #11d8d8;\"><b>Juanjo Fraile<\/b><\/span><span style=\"color: rgba(255, 255, 255, 0.75);\">, Adivsor &amp; Sherpa de Innovaci\u00f3n, Comunicaci\u00f3n y Desarrollo Personal. Fundador de <\/span><span style=\"color: #ffffff;\"><b>TALENTYA.COM <br \/><\/b><\/span><\/p>\n<p><span style=\"color: rgba(255, 255, 255, 0.75);\">\u00a0<\/span><\/p>\n<p>[\/et_pb_text][\/et_pb_column][\/et_pb_row][et_pb_row column_structure=\u00bb1_3,2_3&#8243; make_equal=\u00bbon\u00bb custom_padding_last_edited=\u00bbon|phone\u00bb disabled_on=\u00bboff|off|off\u00bb _builder_version=\u00bb4.16&#8243; width_tablet=\u00bb\u00bb width_phone=\u00bb100%\u00bb width_last_edited=\u00bbon|phone\u00bb custom_padding_tablet=\u00bb\u00bb custom_padding_phone=\u00bb||7%||false|false\u00bb border_color_all=\u00bbrgba(17,216,216,0.4)\u00bb border_width_top=\u00bb2px\u00bb border_color_bottom=\u00bbrgba(255,255,255,0.5)\u00bb border_radii_tablet=\u00bb\u00bb border_radii_phone=\u00bb\u00bb border_radii_last_edited=\u00bbon|phone\u00bb border_width_all_tablet=\u00bb\u00bb border_width_all_phone=\u00bb0px\u00bb border_width_all_last_edited=\u00bbon|phone\u00bb border_width_bottom_tablet=\u00bb\u00bb border_width_bottom_phone=\u00bb1px\u00bb border_width_bottom_last_edited=\u00bbon|phone\u00bb global_colors_info=\u00bb{}\u00bb][et_pb_column type=\u00bb1_3&#8243; _builder_version=\u00bb4.16&#8243; custom_css_main_element=\u00bb\t||\u00bb global_colors_info=\u00bb{}\u00bb][et_pb_text disabled_on=\u00bboff|off|off\u00bb _builder_version=\u00bb4.16&#8243; text_font=\u00bbUnivers LT 75 Black|800|||||||\u00bb text_text_color=\u00bb#ffffff\u00bb text_font_size=\u00bb26px\u00bb text_line_height=\u00bb42px\u00bb header_font=\u00bbUnivers LT 75 Black||||||||\u00bb custom_margin=\u00bb||||false|false\u00bb custom_margin_tablet=\u00bb\u00bb custom_margin_phone=\u00bb|||10%|false|false\u00bb custom_margin_last_edited=\u00bbon|desktop\u00bb text_font_size_tablet=\u00bb\u00bb text_font_size_phone=\u00bb28px\u00bb text_font_size_last_edited=\u00bbon|desktop\u00bb text_line_height_tablet=\u00bb\u00bb text_line_height_phone=\u00bb38px\u00bb text_line_height_last_edited=\u00bbon|phone\u00bb global_colors_info=\u00bb{}\u00bb]<\/p>\n<p>13:40 &#8211; 14:05<\/p>\n<p>[\/et_pb_text][et_pb_text _builder_version=\u00bb4.16&#8243; text_font=\u00bbRubik|900|||||||\u00bb text_text_color=\u00bb#ffffff\u00bb text_line_height=\u00bb28px\u00bb custom_margin=\u00bb||5px|||\u00bb custom_padding=\u00bb0px||6px|||\u00bb custom_padding_tablet=\u00bb\u00bb custom_padding_phone=\u00bb|10%||10%|false|false\u00bb custom_padding_last_edited=\u00bbon|phone\u00bb text_font_size_tablet=\u00bb\u00bb text_font_size_phone=\u00bb\u00bb text_font_size_last_edited=\u00bbon|desktop\u00bb text_line_height_tablet=\u00bb\u00bb text_line_height_phone=\u00bb\u00bb text_line_height_last_edited=\u00bbon|desktop\u00bb global_colors_info=\u00bb{}\u00bb]<\/p>\n<p><span style=\"font-size: 24px; color: #68c4d1;\"><strong>LEADERSHIP &amp; ORGANIZATIONAL DEVELOPMENT<\/strong><\/span><br \/> <span> <\/span><\/p>\n<p>[\/et_pb_text][et_pb_text _builder_version=\u00bb4.16&#8243; text_font=\u00bbUnivers||||||||\u00bb text_text_color=\u00bb#ffffff\u00bb text_line_height=\u00bb28px\u00bb custom_margin=\u00bb-17px|||||\u00bb custom_padding=\u00bb0px|||||\u00bb custom_padding_tablet=\u00bb\u00bb custom_padding_phone=\u00bb|10%||10%|false|false\u00bb custom_padding_last_edited=\u00bbon|phone\u00bb text_font_size_tablet=\u00bb\u00bb text_font_size_phone=\u00bb\u00bb text_font_size_last_edited=\u00bbon|desktop\u00bb text_line_height_tablet=\u00bb\u00bb text_line_height_phone=\u00bb\u00bb text_line_height_last_edited=\u00bbon|desktop\u00bb global_colors_info=\u00bb{}\u00bb]<\/p>\n<p>&nbsp;<\/p>\n<p>Liderazgo como palanca impulsora del crecimiento organizacional<\/p>\n<p>[\/et_pb_text][\/et_pb_column][et_pb_column type=\u00bb2_3&#8243; _builder_version=\u00bb4.16&#8243; border_width_left=\u00bb0px\u00bb border_radii_tablet=\u00bb\u00bb border_radii_phone=\u00bb\u00bb border_radii_last_edited=\u00bbon|phone\u00bb global_colors_info=\u00bb{}\u00bb][et_pb_text _builder_version=\u00bb4.16&#8243; text_font=\u00bbUnivers||||||||\u00bb text_text_color=\u00bb#ffffff\u00bb text_line_height=\u00bb28px\u00bb custom_padding=\u00bb|||8%|false|false\u00bb custom_padding_tablet=\u00bb\u00bb custom_padding_phone=\u00bb|10%||10%|false|false\u00bb custom_padding_last_edited=\u00bbon|desktop\u00bb text_font_size_tablet=\u00bb\u00bb text_font_size_phone=\u00bb\u00bb text_font_size_last_edited=\u00bbon|desktop\u00bb text_line_height_tablet=\u00bb\u00bb text_line_height_phone=\u00bb\u00bb text_line_height_last_edited=\u00bbon|desktop\u00bb border_color_left=\u00bb#ffffff\u00bb border_width_left_tablet=\u00bb\u00bb border_width_left_phone=\u00bb0px\u00bb border_width_left_last_edited=\u00bbon|desktop\u00bb global_colors_info=\u00bb{}\u00bb]<\/p>\n<p><span style=\"color: #11d8d8;\"><strong>Susana Sagi-Vela, <\/strong><span style=\"color: #ffffff;\"><span style=\"color: rgba(255, 255, 255, 0.7);\">Talent, Learning &amp; Development Director de<strong> <\/strong><\/span><strong>BANKINTER<br \/><span style=\"color: #11d8d8;\">Ana Villalba,<\/span> <\/strong><span style=\"color: rgba(255, 255, 255, 0.7);\">Learning &amp; Leadership Development Lead Iberia de <\/span><strong>ACCENTURE IBERIA<br \/><span><span style=\"color: #11d8d8;\">Pilar Bello, <\/span><\/span><\/strong><span style=\"color: rgba(255, 255, 255, 0.7);\">Learning &amp; Development Manager de<strong> <\/strong><\/span><strong><span>GFT<\/span><br \/><\/strong><\/span><\/span><\/p>\n<p><span style=\"color: #11d8d8;\"><span style=\"color: #ffffff;\">Modera<strong> <\/strong><\/span><\/span><strong><span style=\"color: #11d8d8;\"><span style=\"color: #ffffff;\"><span color=\"#11d8d8\" style=\"color: #11d8d8;\"><b>Nuria Aguado<\/b><\/span><span style=\"color: rgba(255, 255, 255, 0.75);\">, <\/span><\/span><\/span><\/strong><span style=\"color: #11d8d8;\"><span style=\"color: #ffffff;\"><span style=\"color: rgba(255, 255, 255, 0.75);\">Sales Manager B2B de<\/span><\/span><\/span><strong><span style=\"color: #11d8d8;\"><span style=\"color: #ffffff;\"><b> THE POWER MBA<\/b><\/span><\/span><br \/><\/strong><span style=\"color: #ffffff;\"><\/span><\/p>\n<p>[\/et_pb_text][\/et_pb_column][\/et_pb_row][et_pb_row column_structure=\u00bb1_3,2_3&#8243; make_equal=\u00bbon\u00bb custom_padding_last_edited=\u00bbon|phone\u00bb disabled_on=\u00bboff|off|off\u00bb _builder_version=\u00bb4.16&#8243; width_tablet=\u00bb\u00bb width_phone=\u00bb100%\u00bb width_last_edited=\u00bbon|phone\u00bb custom_padding_tablet=\u00bb\u00bb custom_padding_phone=\u00bb||7%||false|false\u00bb border_width_top=\u00bb2px\u00bb border_color_top=\u00bbrgba(17,216,216,0.4)\u00bb border_color_bottom=\u00bbrgba(255,255,255,0.5)\u00bb border_radii_tablet=\u00bb\u00bb border_radii_phone=\u00bb\u00bb border_radii_last_edited=\u00bbon|phone\u00bb border_width_all_tablet=\u00bb\u00bb border_width_all_phone=\u00bb0px\u00bb border_width_all_last_edited=\u00bbon|phone\u00bb border_width_bottom_tablet=\u00bb\u00bb border_width_bottom_phone=\u00bb1px\u00bb border_width_bottom_last_edited=\u00bbon|phone\u00bb global_colors_info=\u00bb{}\u00bb][et_pb_column type=\u00bb1_3&#8243; _builder_version=\u00bb4.16&#8243; custom_css_main_element=\u00bb\t||\u00bb global_colors_info=\u00bb{}\u00bb][et_pb_text disabled_on=\u00bboff|off|off\u00bb _builder_version=\u00bb4.16&#8243; text_font=\u00bbUnivers LT 75 Black|800|||||||\u00bb text_text_color=\u00bb#ffffff\u00bb text_font_size=\u00bb26px\u00bb text_line_height=\u00bb42px\u00bb header_font=\u00bbUnivers LT 75 Black||||||||\u00bb custom_margin=\u00bb||||false|false\u00bb custom_margin_tablet=\u00bb\u00bb custom_margin_phone=\u00bb|||10%|false|false\u00bb custom_margin_last_edited=\u00bbon|desktop\u00bb text_font_size_tablet=\u00bb\u00bb text_font_size_phone=\u00bb28px\u00bb text_font_size_last_edited=\u00bbon|desktop\u00bb text_line_height_tablet=\u00bb\u00bb text_line_height_phone=\u00bb38px\u00bb text_line_height_last_edited=\u00bbon|phone\u00bb global_colors_info=\u00bb{}\u00bb]<\/p>\n<p>14:05 &#8211; 14:30<\/p>\n<p>[\/et_pb_text][et_pb_text _builder_version=\u00bb4.16&#8243; text_font=\u00bbRubik|900|||||||\u00bb text_text_color=\u00bb#ffffff\u00bb text_line_height=\u00bb28px\u00bb custom_margin=\u00bb||26px|||\u00bb custom_padding=\u00bb0px|||||\u00bb custom_padding_tablet=\u00bb\u00bb custom_padding_phone=\u00bb|10%||10%|false|false\u00bb custom_padding_last_edited=\u00bbon|phone\u00bb text_font_size_tablet=\u00bb\u00bb text_font_size_phone=\u00bb\u00bb text_font_size_last_edited=\u00bbon|desktop\u00bb text_line_height_tablet=\u00bb\u00bb text_line_height_phone=\u00bb\u00bb text_line_height_last_edited=\u00bbon|desktop\u00bb global_colors_info=\u00bb{}\u00bb]<\/p>\n<p><span style=\"font-size: 24px; color: #68c4d1;\"><strong>INNOVACI\u00d3N EN FORMACI\u00d3N CORPORATIVA<\/strong><\/span><\/p>\n<p>[\/et_pb_text][et_pb_text _builder_version=\u00bb4.16&#8243; text_font=\u00bbUnivers||||||||\u00bb text_text_color=\u00bb#ffffff\u00bb text_line_height=\u00bb28px\u00bb custom_margin=\u00bb-17px|||||\u00bb custom_padding=\u00bb0px|||||\u00bb custom_padding_tablet=\u00bb\u00bb custom_padding_phone=\u00bb|10%||10%|false|false\u00bb custom_padding_last_edited=\u00bbon|phone\u00bb text_font_size_tablet=\u00bb\u00bb text_font_size_phone=\u00bb\u00bb text_font_size_last_edited=\u00bbon|desktop\u00bb text_line_height_tablet=\u00bb\u00bb text_line_height_phone=\u00bb\u00bb text_line_height_last_edited=\u00bbon|desktop\u00bb global_colors_info=\u00bb{}\u00bb]<\/p>\n<p>Claves de la Innovaci\u00f3n para Soluciones de Capacitaci\u00f3n de Alto Impacto<\/p>\n<p>[\/et_pb_text][\/et_pb_column][et_pb_column type=\u00bb2_3&#8243; _builder_version=\u00bb4.16&#8243; border_width_left=\u00bb0px\u00bb border_radii_tablet=\u00bb\u00bb border_radii_phone=\u00bb\u00bb border_radii_last_edited=\u00bbon|phone\u00bb global_colors_info=\u00bb{}\u00bb][et_pb_text _builder_version=\u00bb4.16&#8243; text_font=\u00bbUnivers||||||||\u00bb text_text_color=\u00bb#ffffff\u00bb text_line_height=\u00bb28px\u00bb custom_padding=\u00bb||4px|8%|false|false\u00bb custom_padding_tablet=\u00bb\u00bb custom_padding_phone=\u00bb|10%||10%|false|false\u00bb custom_padding_last_edited=\u00bbon|desktop\u00bb text_font_size_tablet=\u00bb\u00bb text_font_size_phone=\u00bb\u00bb text_font_size_last_edited=\u00bbon|desktop\u00bb text_line_height_tablet=\u00bb\u00bb text_line_height_phone=\u00bb\u00bb text_line_height_last_edited=\u00bbon|desktop\u00bb border_color_left=\u00bb#ffffff\u00bb border_width_left_tablet=\u00bb\u00bb border_width_left_phone=\u00bb0px\u00bb border_width_left_last_edited=\u00bbon|desktop\u00bb global_colors_info=\u00bb{}\u00bb]<\/p>\n<p><span style=\"color: #11d8d8;\"><strong>Rosa Rubio, <\/strong><span style=\"color: #ffffff;\"><span style=\"color: rgba(255, 255, 255, 0.7);\">Head of EX &#8211; Employee Experience &amp; Engagement de <\/span><strong>FUJITSU<br \/><\/strong><\/span><\/span><span style=\"color: #11d8d8;\"><span style=\"color: #ffffff;\"><strong><span style=\"color: #11d8d8;\">Javier Vidaurreta, <\/span><\/strong><span style=\"color: rgba(255, 255, 255, 0.7);\">People Partner de<\/span><strong> KPMG<\/strong><\/span><\/span><span style=\"color: #11d8d8;\"><span style=\"color: #ffffff;\"><strong><\/strong><\/span><\/span><strong> <\/strong><\/p>\n<p><span style=\"color: #11d8d8;\"><span style=\"color: #ffffff;\">Modera <strong><span color=\"#11d8d8\" style=\"color: #11d8d8;\"><b>Enrique Benayas<\/b><\/span><span style=\"color: rgba(255, 255, 255, 0.75);\">, C<\/span><\/strong><span style=\"color: rgba(255, 255, 255, 0.75);\">hief innovation officer director corporate &amp; executive education de<\/span><strong><span style=\"color: rgba(255, 255, 255, 0.75);\"> <\/span><b>ESIC<\/b><\/strong><\/span><\/span><\/p>\n<p><strong><\/strong><\/p>\n<p>[\/et_pb_text][\/et_pb_column][\/et_pb_row][et_pb_row column_structure=\u00bb1_3,2_3&#8243; make_equal=\u00bbon\u00bb custom_padding_last_edited=\u00bbon|phone\u00bb disabled_on=\u00bboff|off|off\u00bb _builder_version=\u00bb4.16&#8243; width_tablet=\u00bb\u00bb width_phone=\u00bb100%\u00bb width_last_edited=\u00bbon|phone\u00bb custom_padding_tablet=\u00bb\u00bb custom_padding_phone=\u00bb||7%||false|false\u00bb border_width_top=\u00bb2px\u00bb border_color_top=\u00bbrgba(17,216,216,0.4)\u00bb border_color_bottom=\u00bbrgba(255,255,255,0.5)\u00bb border_radii_tablet=\u00bb\u00bb border_radii_phone=\u00bb\u00bb border_radii_last_edited=\u00bbon|phone\u00bb border_width_all_tablet=\u00bb\u00bb border_width_all_phone=\u00bb0px\u00bb border_width_all_last_edited=\u00bbon|phone\u00bb border_width_bottom_tablet=\u00bb\u00bb border_width_bottom_phone=\u00bb1px\u00bb border_width_bottom_last_edited=\u00bbon|phone\u00bb global_colors_info=\u00bb{}\u00bb][et_pb_column type=\u00bb1_3&#8243; _builder_version=\u00bb4.16&#8243; custom_css_main_element=\u00bb\t||\u00bb global_colors_info=\u00bb{}\u00bb][et_pb_text disabled_on=\u00bboff|off|off\u00bb _builder_version=\u00bb4.16&#8243; text_font=\u00bbUnivers LT 75 Black|800|||||||\u00bb text_text_color=\u00bb#ffffff\u00bb text_font_size=\u00bb26px\u00bb text_line_height=\u00bb42px\u00bb header_font=\u00bbUnivers LT 75 Black||||||||\u00bb custom_margin=\u00bb||||false|false\u00bb custom_margin_tablet=\u00bb\u00bb custom_margin_phone=\u00bb|||10%|false|false\u00bb custom_margin_last_edited=\u00bbon|desktop\u00bb text_font_size_tablet=\u00bb\u00bb text_font_size_phone=\u00bb28px\u00bb text_font_size_last_edited=\u00bbon|desktop\u00bb text_line_height_tablet=\u00bb\u00bb text_line_height_phone=\u00bb38px\u00bb text_line_height_last_edited=\u00bbon|phone\u00bb global_colors_info=\u00bb{}\u00bb]<\/p>\n<p>14:30 &#8211; 15:30<\/p>\n<p>[\/et_pb_text][\/et_pb_column][et_pb_column type=\u00bb2_3&#8243; _builder_version=\u00bb4.16&#8243; border_width_left=\u00bb0px\u00bb border_radii_tablet=\u00bb\u00bb border_radii_phone=\u00bb\u00bb border_radii_last_edited=\u00bbon|phone\u00bb global_colors_info=\u00bb{}\u00bb][et_pb_text _builder_version=\u00bb4.16&#8243; text_font=\u00bbUnivers||||||||\u00bb text_text_color=\u00bb#ffffff\u00bb text_line_height=\u00bb28px\u00bb custom_padding=\u00bb|||8%|false|false\u00bb custom_padding_tablet=\u00bb\u00bb custom_padding_phone=\u00bb|10%||10%|false|false\u00bb custom_padding_last_edited=\u00bbon|desktop\u00bb text_font_size_tablet=\u00bb\u00bb text_font_size_phone=\u00bb\u00bb text_font_size_last_edited=\u00bbon|desktop\u00bb text_line_height_tablet=\u00bb\u00bb text_line_height_phone=\u00bb\u00bb text_line_height_last_edited=\u00bbon|desktop\u00bb border_color_left=\u00bb#ffffff\u00bb border_width_left_tablet=\u00bb\u00bb border_width_left_phone=\u00bb0px\u00bb border_width_left_last_edited=\u00bbon|desktop\u00bb global_colors_info=\u00bb{}\u00bb]<\/p>\n<p><span style=\"color: #11d8d8; font-size: xx-large;\"><strong>COCKTAIL<\/strong><\/span><strong><br \/><\/strong><\/p>\n<p>&nbsp;<\/p>\n<p>[\/et_pb_text][\/et_pb_column][\/et_pb_row][et_pb_row column_structure=\u00bb1_3,2_3&#8243; make_equal=\u00bbon\u00bb custom_padding_last_edited=\u00bbon|phone\u00bb disabled_on=\u00bboff|off|off\u00bb _builder_version=\u00bb4.16&#8243; width_tablet=\u00bb\u00bb width_phone=\u00bb100%\u00bb width_last_edited=\u00bbon|phone\u00bb custom_padding_tablet=\u00bb\u00bb custom_padding_phone=\u00bb||7%||false|false\u00bb border_width_top=\u00bb2px\u00bb border_color_top=\u00bbrgba(17,216,216,0.4)\u00bb border_color_bottom=\u00bbrgba(255,255,255,0.5)\u00bb border_radii_tablet=\u00bb\u00bb border_radii_phone=\u00bb\u00bb border_radii_last_edited=\u00bbon|phone\u00bb border_width_all_tablet=\u00bb\u00bb border_width_all_phone=\u00bb0px\u00bb border_width_all_last_edited=\u00bbon|phone\u00bb border_width_bottom_tablet=\u00bb\u00bb border_width_bottom_phone=\u00bb1px\u00bb border_width_bottom_last_edited=\u00bbon|phone\u00bb global_colors_info=\u00bb{}\u00bb][et_pb_column type=\u00bb1_3&#8243; _builder_version=\u00bb4.16&#8243; custom_css_main_element=\u00bb\t||\u00bb global_colors_info=\u00bb{}\u00bb][et_pb_text disabled_on=\u00bboff|off|off\u00bb _builder_version=\u00bb4.16&#8243; text_font=\u00bbUnivers LT 75 Black|800|||||||\u00bb text_text_color=\u00bb#ffffff\u00bb text_font_size=\u00bb26px\u00bb text_line_height=\u00bb42px\u00bb header_font=\u00bbUnivers LT 75 Black||||||||\u00bb custom_margin=\u00bb||||false|false\u00bb custom_margin_tablet=\u00bb\u00bb custom_margin_phone=\u00bb|||10%|false|false\u00bb custom_margin_last_edited=\u00bbon|desktop\u00bb text_font_size_tablet=\u00bb\u00bb text_font_size_phone=\u00bb28px\u00bb text_font_size_last_edited=\u00bbon|desktop\u00bb text_line_height_tablet=\u00bb\u00bb text_line_height_phone=\u00bb38px\u00bb text_line_height_last_edited=\u00bbon|phone\u00bb global_colors_info=\u00bb{}\u00bb]<\/p>\n<p>15:30 &#8211; 16:00<\/p>\n<p>[\/et_pb_text][et_pb_text _builder_version=\u00bb4.16&#8243; text_font=\u00bbRubik|900|||||||\u00bb text_text_color=\u00bb#ffffff\u00bb text_line_height=\u00bb28px\u00bb custom_padding=\u00bb0px|||||\u00bb custom_padding_tablet=\u00bb\u00bb custom_padding_phone=\u00bb|10%||10%|false|false\u00bb custom_padding_last_edited=\u00bbon|phone\u00bb text_font_size_tablet=\u00bb\u00bb text_font_size_phone=\u00bb\u00bb text_font_size_last_edited=\u00bbon|desktop\u00bb text_line_height_tablet=\u00bb\u00bb text_line_height_phone=\u00bb\u00bb text_line_height_last_edited=\u00bbon|desktop\u00bb global_colors_info=\u00bb{}\u00bb]<\/p>\n<p><span style=\"font-size: 24px; color: #68c4d1;\"><strong>NEW LEARNING EXPERIENCES<\/strong><\/span><\/p>\n<p>[\/et_pb_text][et_pb_text _builder_version=\u00bb4.16&#8243; text_font=\u00bbUnivers||||||||\u00bb text_text_color=\u00bb#ffffff\u00bb text_line_height=\u00bb28px\u00bb custom_margin=\u00bb-17px|||||\u00bb custom_padding=\u00bb0px|||||\u00bb custom_padding_tablet=\u00bb\u00bb custom_padding_phone=\u00bb|10%||10%|false|false\u00bb custom_padding_last_edited=\u00bbon|phone\u00bb text_font_size_tablet=\u00bb\u00bb text_font_size_phone=\u00bb\u00bb text_font_size_last_edited=\u00bbon|desktop\u00bb text_line_height_tablet=\u00bb\u00bb text_line_height_phone=\u00bb\u00bb text_line_height_last_edited=\u00bbon|desktop\u00bb global_colors_info=\u00bb{}\u00bb]<\/p>\n<p>Experiencias de aprendizaje y formaci\u00f3n para crear impacto<\/p>\n<p>[\/et_pb_text][\/et_pb_column][et_pb_column type=\u00bb2_3&#8243; _builder_version=\u00bb4.16&#8243; border_width_left=\u00bb0px\u00bb border_radii_tablet=\u00bb\u00bb border_radii_phone=\u00bb\u00bb border_radii_last_edited=\u00bbon|phone\u00bb global_colors_info=\u00bb{}\u00bb][et_pb_text _builder_version=\u00bb4.16&#8243; text_font=\u00bbUnivers||||||||\u00bb text_text_color=\u00bb#ffffff\u00bb text_line_height=\u00bb28px\u00bb custom_padding=\u00bb|||8%|false|false\u00bb custom_padding_tablet=\u00bb\u00bb custom_padding_phone=\u00bb|10%||10%|false|false\u00bb custom_padding_last_edited=\u00bbon|desktop\u00bb text_font_size_tablet=\u00bb\u00bb text_font_size_phone=\u00bb\u00bb text_font_size_last_edited=\u00bbon|desktop\u00bb text_line_height_tablet=\u00bb\u00bb text_line_height_phone=\u00bb\u00bb text_line_height_last_edited=\u00bbon|desktop\u00bb border_color_left=\u00bb#ffffff\u00bb border_width_left_tablet=\u00bb\u00bb border_width_left_phone=\u00bb0px\u00bb border_width_left_last_edited=\u00bbon|desktop\u00bb global_colors_info=\u00bb{}\u00bb]<\/p>\n<p><span style=\"color: #ffffff;\"><span style=\"color: #ffffff;\"><span><strong><span style=\"color: #11d8d8;\">Luis Lanuza,<\/span><\/strong><span style=\"color: rgba(255, 255, 255, 0.7);\">Director de Capacitaci\u00f3n y Gesti\u00f3n del Cambio de<\/span><strong>\u00a0ABANCA<br \/><span style=\"color: #11d8d8;\">Roc\u00edo Su\u00e1rez, <\/span><\/strong><span style=\"color: rgba(255, 255, 255, 0.7);\">Manager de Aprendizaje y Formaci\u00f3n de <\/span><strong>MAHOU SAN MIGUEL<br \/><span style=\"color: #11d8d8;\">Patricia de Blas, <\/span><\/strong><span style=\"color: #11d8d8;\"><span style=\"color: rgba(255, 255, 255, 0.7);\">Head of Talent de<strong> <\/strong><\/span><\/span><\/span><\/span><\/span><strong>IBERIA<\/strong><span style=\"color: #ffffff;\"><span style=\"color: #ffffff;\"><span><strong><br \/><\/strong><\/span><\/span><\/span><\/p>\n<p class=\"p5\">Modera <span style=\"color: #11d8d8;\"><b>Ana Armell<\/b><\/span><span style=\"color: rgba(255, 255, 255, 0.75);\"><span style=\"color: #11d8d8;\"><strong>,<\/strong><\/span> Strategic Content Manager de<\/span>\u00a0<span style=\"color: #ffffff;\"><b>NETEX LEARNING STUDIO<\/b><\/span><\/p>\n<p>[\/et_pb_text][\/et_pb_column][\/et_pb_row][et_pb_row column_structure=\u00bb1_3,2_3&#8243; make_equal=\u00bbon\u00bb custom_padding_last_edited=\u00bbon|phone\u00bb disabled_on=\u00bboff|off|off\u00bb _builder_version=\u00bb4.16&#8243; width_tablet=\u00bb\u00bb width_phone=\u00bb100%\u00bb width_last_edited=\u00bbon|phone\u00bb custom_padding_tablet=\u00bb\u00bb custom_padding_phone=\u00bb||7%||false|false\u00bb border_width_top=\u00bb2px\u00bb border_color_top=\u00bbrgba(17,216,216,0.4)\u00bb border_color_bottom=\u00bbrgba(255,255,255,0.5)\u00bb border_radii_tablet=\u00bb\u00bb border_radii_phone=\u00bb\u00bb border_radii_last_edited=\u00bbon|phone\u00bb border_width_all_tablet=\u00bb\u00bb border_width_all_phone=\u00bb0px\u00bb border_width_all_last_edited=\u00bbon|phone\u00bb border_width_bottom_tablet=\u00bb\u00bb border_width_bottom_phone=\u00bb1px\u00bb border_width_bottom_last_edited=\u00bbon|phone\u00bb global_colors_info=\u00bb{}\u00bb][et_pb_column type=\u00bb1_3&#8243; _builder_version=\u00bb4.16&#8243; custom_css_main_element=\u00bb\t||\u00bb global_colors_info=\u00bb{}\u00bb][et_pb_text disabled_on=\u00bboff|off|off\u00bb _builder_version=\u00bb4.16&#8243; text_font=\u00bbUnivers LT 75 Black|800|||||||\u00bb text_text_color=\u00bb#ffffff\u00bb text_font_size=\u00bb26px\u00bb text_line_height=\u00bb42px\u00bb header_font=\u00bbUnivers LT 75 Black||||||||\u00bb custom_margin=\u00bb||||false|false\u00bb custom_margin_tablet=\u00bb\u00bb custom_margin_phone=\u00bb|||10%|false|false\u00bb custom_margin_last_edited=\u00bbon|desktop\u00bb text_font_size_tablet=\u00bb\u00bb text_font_size_phone=\u00bb28px\u00bb text_font_size_last_edited=\u00bbon|desktop\u00bb text_line_height_tablet=\u00bb\u00bb text_line_height_phone=\u00bb38px\u00bb text_line_height_last_edited=\u00bbon|phone\u00bb global_colors_info=\u00bb{}\u00bb]<\/p>\n<p>16:00 &#8211; 16:30<\/p>\n<p>[\/et_pb_text][et_pb_text _builder_version=\u00bb4.16&#8243; text_font=\u00bbRubik|900|||||||\u00bb text_text_color=\u00bb#ffffff\u00bb text_line_height=\u00bb28px\u00bb custom_margin=\u00bb||8px|||\u00bb custom_padding=\u00bb0px|||||\u00bb custom_padding_tablet=\u00bb\u00bb custom_padding_phone=\u00bb|10%||10%|false|false\u00bb custom_padding_last_edited=\u00bbon|phone\u00bb text_font_size_tablet=\u00bb\u00bb text_font_size_phone=\u00bb\u00bb text_font_size_last_edited=\u00bbon|desktop\u00bb text_line_height_tablet=\u00bb\u00bb text_line_height_phone=\u00bb\u00bb text_line_height_last_edited=\u00bbon|desktop\u00bb global_colors_info=\u00bb{}\u00bb]<\/p>\n<p><span style=\"font-size: 24px; color: #68c4d1;\"><strong>AGILE LEARNING: APRENDER M\u00c1S R\u00c1PIDO, MEJOR Y CON M\u00c1S PROFUNDIDAD<br \/> <\/strong><\/span><\/p>\n<p>[\/et_pb_text][et_pb_text _builder_version=\u00bb4.16&#8243; text_font=\u00bbUnivers||||||||\u00bb text_text_color=\u00bb#ffffff\u00bb text_line_height=\u00bb28px\u00bb custom_padding=\u00bb0px|||||\u00bb custom_padding_tablet=\u00bb\u00bb custom_padding_phone=\u00bb|10%||10%|false|false\u00bb custom_padding_last_edited=\u00bbon|phone\u00bb text_font_size_tablet=\u00bb\u00bb text_font_size_phone=\u00bb\u00bb text_font_size_last_edited=\u00bbon|desktop\u00bb text_line_height_tablet=\u00bb\u00bb text_line_height_phone=\u00bb\u00bb text_line_height_last_edited=\u00bbon|desktop\u00bb global_colors_info=\u00bb{}\u00bb]<\/p>\n<p>Del Ultralearning al Agile Learning: estrategias para aprender en la era de los tutoriales, la IA y la sobreinformaci\u00f3n<\/p>\n<p>[\/et_pb_text][\/et_pb_column][et_pb_column type=\u00bb2_3&#8243; _builder_version=\u00bb4.16&#8243; border_width_left=\u00bb0px\u00bb border_radii_tablet=\u00bb\u00bb border_radii_phone=\u00bb\u00bb border_radii_last_edited=\u00bbon|phone\u00bb global_colors_info=\u00bb{}\u00bb][et_pb_text _builder_version=\u00bb4.16&#8243; text_font=\u00bbUnivers||||||||\u00bb text_text_color=\u00bb#ffffff\u00bb text_line_height=\u00bb28px\u00bb custom_padding=\u00bb||49px|8%|false|false\u00bb custom_padding_tablet=\u00bb\u00bb custom_padding_phone=\u00bb|10%||10%|false|false\u00bb custom_padding_last_edited=\u00bbon|desktop\u00bb text_font_size_tablet=\u00bb\u00bb text_font_size_phone=\u00bb\u00bb text_font_size_last_edited=\u00bbon|desktop\u00bb text_line_height_tablet=\u00bb\u00bb text_line_height_phone=\u00bb\u00bb text_line_height_last_edited=\u00bbon|desktop\u00bb border_color_left=\u00bb#ffffff\u00bb border_width_left_tablet=\u00bb\u00bb border_width_left_phone=\u00bb0px\u00bb border_width_left_last_edited=\u00bbon|desktop\u00bb global_colors_info=\u00bb{}\u00bb]<\/p>\n<p><span style=\"color: #11d8d8;\"><strong>Ignacio Aguado, <\/strong><span style=\"color: rgba(255, 255, 255, 0.71);\">CEO de <\/span><strong><span style=\"color: #ffffff;\">JASTAG <\/span><\/strong><span style=\"color: rgba(255, 255, 255, 0.71);\">y ex vicepresidente de la <strong><span style=\"color: #ffffff;\">COMUNIDAD DE MADRID<\/span><\/strong><\/span><strong><br \/><\/strong><\/span><span style=\"color: #11d8d8;\"><span style=\"color: #ffffff;\"><strong><span style=\"color: #11d8d8;\">Rafael Fern\u00e1ndez,<\/span> <\/strong><span style=\"color: rgba(255, 255, 255, 0.7);\">Director de Talento de <\/span><strong>CEPSA<br \/><span style=\"color: #11d8d8;\">Beth Canals,<\/span><\/strong><span style=\"color: rgba(255, 255, 255, 0.7);\"> Head of IC y Talent Manager de <\/span><strong>CELSA GROUP<br \/><\/strong><\/span><\/span><\/p>\n<p><span style=\"color: #11d8d8;\"><span style=\"color: #ffffff;\">Modera <\/span><strong><b>Andr\u00e9s P\u00e9rez, <\/b><\/strong><\/span><span style=\"color: rgba(255, 255, 255, 0.7);\">Socio de<\/span><strong> AUREN PERSONAS<br \/><\/strong><\/p>\n<p>[\/et_pb_text][\/et_pb_column][\/et_pb_row][et_pb_row column_structure=\u00bb1_3,2_3&#8243; make_equal=\u00bbon\u00bb custom_padding_last_edited=\u00bbon|phone\u00bb disabled_on=\u00bboff|off|off\u00bb _builder_version=\u00bb4.16&#8243; width_tablet=\u00bb\u00bb width_phone=\u00bb100%\u00bb width_last_edited=\u00bbon|phone\u00bb custom_padding_tablet=\u00bb\u00bb custom_padding_phone=\u00bb||7%||false|false\u00bb border_width_top=\u00bb2px\u00bb border_color_top=\u00bbrgba(17,216,216,0.4)\u00bb border_color_bottom=\u00bbrgba(255,255,255,0.5)\u00bb border_radii_tablet=\u00bb\u00bb border_radii_phone=\u00bb\u00bb border_radii_last_edited=\u00bbon|phone\u00bb border_width_all_tablet=\u00bb\u00bb border_width_all_phone=\u00bb0px\u00bb border_width_all_last_edited=\u00bbon|phone\u00bb border_width_bottom_tablet=\u00bb\u00bb border_width_bottom_phone=\u00bb1px\u00bb border_width_bottom_last_edited=\u00bbon|phone\u00bb global_colors_info=\u00bb{}\u00bb][et_pb_column type=\u00bb1_3&#8243; _builder_version=\u00bb4.16&#8243; custom_css_main_element=\u00bb\t||\u00bb global_colors_info=\u00bb{}\u00bb][et_pb_text disabled_on=\u00bboff|off|off\u00bb _builder_version=\u00bb4.16&#8243; text_font=\u00bbUnivers LT 75 Black|800|||||||\u00bb text_text_color=\u00bb#ffffff\u00bb text_font_size=\u00bb26px\u00bb text_line_height=\u00bb42px\u00bb header_font=\u00bbUnivers LT 75 Black||||||||\u00bb custom_margin=\u00bb||||false|false\u00bb custom_margin_tablet=\u00bb\u00bb custom_margin_phone=\u00bb|||10%|false|false\u00bb custom_margin_last_edited=\u00bbon|desktop\u00bb text_font_size_tablet=\u00bb\u00bb text_font_size_phone=\u00bb28px\u00bb text_font_size_last_edited=\u00bbon|desktop\u00bb text_line_height_tablet=\u00bb\u00bb text_line_height_phone=\u00bb38px\u00bb text_line_height_last_edited=\u00bbon|phone\u00bb global_colors_info=\u00bb{}\u00bb]<\/p>\n<p>16:30 &#8211; 17:00<\/p>\n<p>[\/et_pb_text][et_pb_text _builder_version=\u00bb4.16&#8243; text_font=\u00bbRubik|900|||||||\u00bb text_text_color=\u00bb#ffffff\u00bb text_line_height=\u00bb28px\u00bb custom_padding=\u00bb0px|||||\u00bb custom_padding_tablet=\u00bb\u00bb custom_padding_phone=\u00bb|10%||10%|false|false\u00bb custom_padding_last_edited=\u00bbon|phone\u00bb text_font_size_tablet=\u00bb\u00bb text_font_size_phone=\u00bb\u00bb text_font_size_last_edited=\u00bbon|desktop\u00bb text_line_height_tablet=\u00bb\u00bb text_line_height_phone=\u00bb\u00bb text_line_height_last_edited=\u00bbon|desktop\u00bb global_colors_info=\u00bb{}\u00bb]<\/p>\n<p><span style=\"font-size: 24px; color: #68c4d1;\"><strong>SKILLS 4 IMPACT: EFFECTIVE LEARNING &amp; GROWTH\u00a0<br \/> <\/strong><\/span><\/p>\n<p>[\/et_pb_text][et_pb_text _builder_version=\u00bb4.16&#8243; text_font=\u00bbUnivers||||||||\u00bb text_text_color=\u00bb#ffffff\u00bb text_line_height=\u00bb28px\u00bb custom_padding=\u00bb0px|||||\u00bb custom_padding_tablet=\u00bb\u00bb custom_padding_phone=\u00bb|10%||10%|false|false\u00bb custom_padding_last_edited=\u00bbon|phone\u00bb text_font_size_tablet=\u00bb\u00bb text_font_size_phone=\u00bb\u00bb text_font_size_last_edited=\u00bbon|desktop\u00bb text_line_height_tablet=\u00bb\u00bb text_line_height_phone=\u00bb\u00bb text_line_height_last_edited=\u00bbon|desktop\u00bb global_colors_info=\u00bb{}\u00bb]<\/p>\n<p>Best Practices: c\u00f3mo desarrollar las competencias clave para hacer frente a los retos HR 2024<\/p>\n<p>[\/et_pb_text][\/et_pb_column][et_pb_column type=\u00bb2_3&#8243; _builder_version=\u00bb4.16&#8243; border_width_left=\u00bb0px\u00bb border_radii_tablet=\u00bb\u00bb border_radii_phone=\u00bb\u00bb border_radii_last_edited=\u00bbon|phone\u00bb global_colors_info=\u00bb{}\u00bb][et_pb_text _builder_version=\u00bb4.16&#8243; text_font=\u00bbUnivers||||||||\u00bb text_text_color=\u00bb#ffffff\u00bb text_line_height=\u00bb28px\u00bb custom_padding=\u00bb|||8%|false|false\u00bb custom_padding_tablet=\u00bb\u00bb custom_padding_phone=\u00bb|10%||10%|false|false\u00bb custom_padding_last_edited=\u00bbon|desktop\u00bb text_font_size_tablet=\u00bb\u00bb text_font_size_phone=\u00bb\u00bb text_font_size_last_edited=\u00bbon|desktop\u00bb text_line_height_tablet=\u00bb\u00bb text_line_height_phone=\u00bb\u00bb text_line_height_last_edited=\u00bbon|desktop\u00bb border_color_left=\u00bb#ffffff\u00bb border_width_left_tablet=\u00bb\u00bb border_width_left_phone=\u00bb0px\u00bb border_width_left_last_edited=\u00bbon|desktop\u00bb global_colors_info=\u00bb{}\u00bb]<\/p>\n<p><span><strong><span style=\"color: #11d8d8;\">Daniel Ferreiro,<\/span> <\/strong><span style=\"color: rgba(255, 255, 255, 0.7);\">Responsable de Formaci\u00f3n y Selecci\u00f3n de <\/span><strong>SANITAS<\/strong><strong><br \/><span style=\"color: #11d8d8;\">Laura Bordonali, <\/span><\/strong><span style=\"color: rgba(255, 255, 255, 0.7);\">Training Manager de <\/span><strong>BLUESPACE<\/strong><\/span><br \/><span><strong><span style=\"color: #11d8d8;\">Laura Vives,<\/span><\/strong><span style=\"color: rgba(255, 255, 255, 0.7);\"> People &amp; Culture Business Partner de<strong> <\/strong><\/span><strong>TOWA INTERNATIONAL<br \/><\/strong><\/span><\/p>\n<p><span><span style=\"color: #11d8d8;\"><span style=\"color: #ffffff;\">Modera <\/span><\/span><strong><span style=\"color: #11d8d8;\"><b>Mariano Montes, <\/b><\/span><\/strong><span style=\"color: rgba(255, 255, 255, 0.7);\">CS Lead de <\/span><strong>GOODHABITZ<\/strong><\/span><\/p>\n<p>[\/et_pb_text][\/et_pb_column][\/et_pb_row][et_pb_row column_structure=\u00bb1_3,2_3&#8243; make_equal=\u00bbon\u00bb custom_padding_last_edited=\u00bbon|phone\u00bb disabled_on=\u00bboff|off|off\u00bb _builder_version=\u00bb4.16&#8243; width_tablet=\u00bb\u00bb width_phone=\u00bb100%\u00bb width_last_edited=\u00bbon|phone\u00bb custom_padding_tablet=\u00bb\u00bb custom_padding_phone=\u00bb||7%||false|false\u00bb border_width_top=\u00bb2px\u00bb border_color_top=\u00bbrgba(17,216,216,0.4)\u00bb border_color_bottom=\u00bbrgba(255,255,255,0.5)\u00bb border_radii_tablet=\u00bb\u00bb border_radii_phone=\u00bb\u00bb border_radii_last_edited=\u00bbon|phone\u00bb border_width_all_tablet=\u00bb\u00bb border_width_all_phone=\u00bb0px\u00bb border_width_all_last_edited=\u00bbon|phone\u00bb border_width_bottom_tablet=\u00bb\u00bb border_width_bottom_phone=\u00bb1px\u00bb border_width_bottom_last_edited=\u00bbon|phone\u00bb global_colors_info=\u00bb{}\u00bb][et_pb_column type=\u00bb1_3&#8243; _builder_version=\u00bb4.16&#8243; custom_css_main_element=\u00bb\t||\u00bb global_colors_info=\u00bb{}\u00bb][et_pb_text disabled_on=\u00bboff|off|off\u00bb _builder_version=\u00bb4.16&#8243; text_font=\u00bbUnivers LT 75 Black|800|||||||\u00bb text_text_color=\u00bb#ffffff\u00bb text_font_size=\u00bb26px\u00bb text_line_height=\u00bb42px\u00bb header_font=\u00bbUnivers LT 75 Black||||||||\u00bb custom_margin=\u00bb||||false|false\u00bb custom_margin_tablet=\u00bb\u00bb custom_margin_phone=\u00bb|||10%|false|false\u00bb custom_margin_last_edited=\u00bbon|desktop\u00bb text_font_size_tablet=\u00bb\u00bb text_font_size_phone=\u00bb28px\u00bb text_font_size_last_edited=\u00bbon|desktop\u00bb text_line_height_tablet=\u00bb\u00bb text_line_height_phone=\u00bb38px\u00bb text_line_height_last_edited=\u00bbon|phone\u00bb global_colors_info=\u00bb{}\u00bb]<\/p>\n<p>17:00 &#8211; 17:30<\/p>\n<p>[\/et_pb_text][et_pb_text _builder_version=\u00bb4.16&#8243; text_font=\u00bbRubik|900|||||||\u00bb text_text_color=\u00bb#ffffff\u00bb text_line_height=\u00bb28px\u00bb custom_padding=\u00bb0px|||||\u00bb custom_padding_tablet=\u00bb\u00bb custom_padding_phone=\u00bb|10%||10%|false|false\u00bb custom_padding_last_edited=\u00bbon|phone\u00bb text_font_size_tablet=\u00bb\u00bb text_font_size_phone=\u00bb\u00bb text_font_size_last_edited=\u00bbon|desktop\u00bb text_line_height_tablet=\u00bb\u00bb text_line_height_phone=\u00bb\u00bb text_line_height_last_edited=\u00bbon|desktop\u00bb global_colors_info=\u00bb{}\u00bb]<\/p>\n<p><span style=\"font-size: 24px; color: #68c4d1;\"><strong>TRAINING &amp; SUSTAINABLE DEVELOPMENT GOALS<br \/> <\/strong><\/span><\/p>\n<p>[\/et_pb_text][et_pb_text _builder_version=\u00bb4.16&#8243; text_font=\u00bbUnivers||||||||\u00bb text_text_color=\u00bb#ffffff\u00bb text_line_height=\u00bb28px\u00bb custom_padding=\u00bb0px|||||\u00bb custom_padding_tablet=\u00bb\u00bb custom_padding_phone=\u00bb|10%||10%|false|false\u00bb custom_padding_last_edited=\u00bbon|phone\u00bb text_font_size_tablet=\u00bb\u00bb text_font_size_phone=\u00bb\u00bb text_font_size_last_edited=\u00bbon|desktop\u00bb text_line_height_tablet=\u00bb\u00bb text_line_height_phone=\u00bb\u00bb text_line_height_last_edited=\u00bbon|desktop\u00bb global_colors_info=\u00bb{}\u00bb]<\/p>\n<p>La formaci\u00f3n como palanca de transformaci\u00f3n social<\/p>\n<p>[\/et_pb_text][\/et_pb_column][et_pb_column type=\u00bb2_3&#8243; _builder_version=\u00bb4.16&#8243; border_width_left=\u00bb0px\u00bb border_radii_tablet=\u00bb\u00bb border_radii_phone=\u00bb\u00bb border_radii_last_edited=\u00bbon|phone\u00bb global_colors_info=\u00bb{}\u00bb][et_pb_text _builder_version=\u00bb4.16&#8243; text_font=\u00bbUnivers||||||||\u00bb text_text_color=\u00bb#ffffff\u00bb text_line_height=\u00bb28px\u00bb custom_padding=\u00bb|||8%|false|false\u00bb custom_padding_tablet=\u00bb\u00bb custom_padding_phone=\u00bb|10%||10%|false|false\u00bb custom_padding_last_edited=\u00bbon|desktop\u00bb text_font_size_tablet=\u00bb\u00bb text_font_size_phone=\u00bb\u00bb text_font_size_last_edited=\u00bbon|desktop\u00bb text_line_height_tablet=\u00bb\u00bb text_line_height_phone=\u00bb\u00bb text_line_height_last_edited=\u00bbon|desktop\u00bb border_color_left=\u00bb#ffffff\u00bb border_width_left_tablet=\u00bb\u00bb border_width_left_phone=\u00bb0px\u00bb border_width_left_last_edited=\u00bbon|desktop\u00bb global_colors_info=\u00bb{}\u00bb]<\/p>\n<p><span><strong><span style=\"color: #11d8d8;\">Esperanza N\u00fa\u00f1ez,<\/span> <\/strong><span style=\"color: rgba(255, 255, 255, 0.7);\">Responsable de Talento de <\/span><strong>SEUR<\/strong><strong><br \/><\/strong><\/span><span><strong><span style=\"color: #11d8d8;\">Nuria Lanaspa<\/span>, <\/strong><span style=\"color: rgba(255, 255, 255, 0.7);\">Gesti\u00f3n y Desarrollo del Talento de<strong> <\/strong><\/span><strong>ALCAMPO<\/strong><\/span><br \/><span><strong><\/strong><\/span><span><strong><span style=\"color: #11d8d8;\">Miriam Gonz\u00e1lez<\/span>, <\/strong><span style=\"color: rgba(255, 255, 255, 0.7);\">HR Learning, Development &amp; People Experience de <\/span><strong>KIABI<\/strong><\/span><br \/><span><strong><\/strong><\/span><span><strong><span style=\"color: #11d8d8;\">Ignacio Castillo<\/span>, <\/strong><span style=\"color: rgba(255, 255, 255, 0.7);\">Director de Talento de <\/span><strong>ALSEA EUROPA<br \/><\/strong><\/span><\/p>\n<p><span><span style=\"color: #11d8d8;\"><span style=\"color: #ffffff;\">Modera<strong> <\/strong><\/span><\/span><strong><span style=\"color: #11d8d8;\"><b>Juncal Sainz de Vicu\u00f1a, <\/b><\/span><\/strong><span style=\"color: rgba(255, 255, 255, 0.7);\">Director of Corporate Sales Enterprise &amp; SMB de <\/span><strong>ODILO<\/strong><\/span><\/p>\n<p>[\/et_pb_text][\/et_pb_column][\/et_pb_row][et_pb_row column_structure=\u00bb1_3,2_3&#8243; make_equal=\u00bbon\u00bb custom_padding_last_edited=\u00bbon|phone\u00bb disabled_on=\u00bboff|off|off\u00bb _builder_version=\u00bb4.16&#8243; width_tablet=\u00bb\u00bb width_phone=\u00bb100%\u00bb width_last_edited=\u00bbon|phone\u00bb custom_padding_tablet=\u00bb\u00bb custom_padding_phone=\u00bb||7%||false|false\u00bb border_width_top=\u00bb2px\u00bb border_color_top=\u00bbrgba(17,216,216,0.4)\u00bb border_color_bottom=\u00bbrgba(255,255,255,0.5)\u00bb border_radii_tablet=\u00bb\u00bb border_radii_phone=\u00bb\u00bb border_radii_last_edited=\u00bbon|phone\u00bb border_width_all_tablet=\u00bb\u00bb border_width_all_phone=\u00bb0px\u00bb border_width_all_last_edited=\u00bbon|phone\u00bb border_width_bottom_tablet=\u00bb\u00bb border_width_bottom_phone=\u00bb1px\u00bb border_width_bottom_last_edited=\u00bbon|phone\u00bb global_colors_info=\u00bb{}\u00bb][et_pb_column type=\u00bb1_3&#8243; _builder_version=\u00bb4.16&#8243; custom_css_main_element=\u00bb\t||\u00bb global_colors_info=\u00bb{}\u00bb][et_pb_text disabled_on=\u00bboff|off|off\u00bb _builder_version=\u00bb4.16&#8243; text_font=\u00bbUnivers LT 75 Black|800|||||||\u00bb text_text_color=\u00bb#ffffff\u00bb text_font_size=\u00bb26px\u00bb text_line_height=\u00bb42px\u00bb header_font=\u00bbUnivers LT 75 Black||||||||\u00bb custom_margin=\u00bb||||false|false\u00bb custom_margin_tablet=\u00bb\u00bb custom_margin_phone=\u00bb|||10%|false|false\u00bb custom_margin_last_edited=\u00bbon|desktop\u00bb text_font_size_tablet=\u00bb\u00bb text_font_size_phone=\u00bb28px\u00bb text_font_size_last_edited=\u00bbon|desktop\u00bb text_line_height_tablet=\u00bb\u00bb text_line_height_phone=\u00bb38px\u00bb text_line_height_last_edited=\u00bbon|phone\u00bb global_colors_info=\u00bb{}\u00bb]<\/p>\n<p>17:30 &#8211; 18:00<\/p>\n<p>[\/et_pb_text][et_pb_text _builder_version=\u00bb4.16&#8243; text_font=\u00bbRubik|900|||||||\u00bb text_text_color=\u00bb#ffffff\u00bb text_line_height=\u00bb28px\u00bb custom_padding=\u00bb0px|||||\u00bb custom_padding_tablet=\u00bb\u00bb custom_padding_phone=\u00bb|10%||10%|false|false\u00bb custom_padding_last_edited=\u00bbon|phone\u00bb text_font_size_tablet=\u00bb\u00bb text_font_size_phone=\u00bb\u00bb text_font_size_last_edited=\u00bbon|desktop\u00bb text_line_height_tablet=\u00bb\u00bb text_line_height_phone=\u00bb\u00bb text_line_height_last_edited=\u00bbon|desktop\u00bb global_colors_info=\u00bb{}\u00bb]<\/p>\n<p><span style=\"font-size: 24px; color: #68c4d1;\"><strong>LEADERS LOVE PEOPLE<br \/> <\/strong><\/span><\/p>\n<p>[\/et_pb_text][et_pb_text _builder_version=\u00bb4.16&#8243; text_font=\u00bbUnivers||||||||\u00bb text_text_color=\u00bb#ffffff\u00bb text_line_height=\u00bb28px\u00bb custom_padding=\u00bb0px|||||\u00bb custom_padding_tablet=\u00bb\u00bb custom_padding_phone=\u00bb|10%||10%|false|false\u00bb custom_padding_last_edited=\u00bbon|phone\u00bb text_font_size_tablet=\u00bb\u00bb text_font_size_phone=\u00bb\u00bb text_font_size_last_edited=\u00bbon|desktop\u00bb text_line_height_tablet=\u00bb\u00bb text_line_height_phone=\u00bb\u00bb text_line_height_last_edited=\u00bbon|desktop\u00bb global_colors_info=\u00bb{}\u00bb]<\/p>\n<p>\u00bfC\u00f3mo ser un l\u00edder inspirador y motivar a tu equipo?<\/p>\n<p>[\/et_pb_text][\/et_pb_column][et_pb_column type=\u00bb2_3&#8243; _builder_version=\u00bb4.16&#8243; border_width_left=\u00bb0px\u00bb border_radii_tablet=\u00bb\u00bb border_radii_phone=\u00bb\u00bb border_radii_last_edited=\u00bbon|phone\u00bb global_colors_info=\u00bb{}\u00bb][et_pb_text _builder_version=\u00bb4.16&#8243; text_font=\u00bbUnivers||||||||\u00bb text_text_color=\u00bb#ffffff\u00bb text_line_height=\u00bb28px\u00bb custom_padding=\u00bb|||8%|false|false\u00bb custom_padding_tablet=\u00bb\u00bb custom_padding_phone=\u00bb|10%||10%|false|false\u00bb custom_padding_last_edited=\u00bbon|desktop\u00bb text_font_size_tablet=\u00bb\u00bb text_font_size_phone=\u00bb\u00bb text_font_size_last_edited=\u00bbon|desktop\u00bb text_line_height_tablet=\u00bb\u00bb text_line_height_phone=\u00bb\u00bb text_line_height_last_edited=\u00bbon|desktop\u00bb border_color_left=\u00bb#ffffff\u00bb border_width_left_tablet=\u00bb\u00bb border_width_left_phone=\u00bb0px\u00bb border_width_left_last_edited=\u00bbon|desktop\u00bb global_colors_info=\u00bb{}\u00bb]<\/p>\n<p><span><strong><span style=\"color: #11d8d8;\">Mar Garre,<\/span> <\/strong><span style=\"color: rgba(255, 255, 255, 0.7);\">Directora de Personas, Comunicaci\u00f3n y Sostenibilidad de<strong> <\/strong><\/span><strong>L\u00cdNEA DIRECTA<br \/><span style=\"color: #11d8d8;\">Richardson Santos,<\/span> <\/strong><span style=\"color: rgba(255, 255, 255, 0.7);\">Global L&amp;D Manager de <\/span><strong>IBERDROLA<br \/><span style=\"color: #11d8d8;\">Sergio de la Calle, <\/span><\/strong><span style=\"color: #9e9e9e;\">Programme Director&amp;Faculty en Universitas de <\/span><strong>TELEF\u00d3NICA<br \/><\/strong><\/span><\/p>\n<p><span><span style=\"color: #11d8d8;\"><span style=\"color: #ffffff;\">Modera <\/span><\/span><strong><span style=\"color: #11d8d8;\"><b>Elena Vargas, <\/b><\/span><\/strong><span style=\"color: rgba(255, 255, 255, 0.7);\"><span aria-hidden=\"true\">Enterprise Transformation Consultant<\/span> de<strong> <\/strong><\/span><strong>COACH HUB<br \/><\/strong><\/span><\/p>\n<p>[\/et_pb_text][\/et_pb_column][\/et_pb_row][\/et_pb_section][et_pb_section fb_built=\u00bb1&#8243; _builder_version=\u00bb4.16&#8243; background_image=\u00bbhttps:\/\/www.equiposytalentoeventos.com\/corporate-learning\/wp-content\/uploads\/2023\/10\/EVN20221025A-0132-copia.jpg\u00bb background_position=\u00bbtop_center\u00bb custom_margin=\u00bb||||false|false\u00bb custom_padding=\u00bb15%||15%||false|false\u00bb global_colors_info=\u00bb{}\u00bb][\/et_pb_section][et_pb_section fb_built=\u00bb1&#8243; disabled_on=\u00bboff|off|off\u00bb _builder_version=\u00bb4.16&#8243; background_color=\u00bb#002733&#8243; custom_padding=\u00bb0px||120px|0px|false|false\u00bb global_colors_info=\u00bb{}\u00bb][et_pb_row column_structure=\u00bb3_5,2_5&#8243; make_equal=\u00bbon\u00bb custom_padding_last_edited=\u00bbon|phone\u00bb module_id=\u00bbspeakers\u00bb _builder_version=\u00bb4.16&#8243; width_tablet=\u00bb\u00bb width_phone=\u00bb\u00bb width_last_edited=\u00bbon|desktop\u00bb custom_padding=\u00bb100px||0px||false|false\u00bb custom_padding_tablet=\u00bb\u00bb custom_padding_phone=\u00bb15%||||false|false\u00bb global_colors_info=\u00bb{}\u00bb][et_pb_column type=\u00bb3_5&#8243; _builder_version=\u00bb4.16&#8243; global_colors_info=\u00bb{}\u00bb][et_pb_text module_id=\u00bbspeakers\u00bb module_class=\u00bb#speakers\u00bb _builder_version=\u00bb4.16&#8243; text_font=\u00bbUnivers|900|||||||\u00bb text_font_size=\u00bb32px\u00bb text_line_height=\u00bb54px\u00bb custom_padding=\u00bb||0px|||\u00bb text_font_size_tablet=\u00bb32px\u00bb text_font_size_phone=\u00bb32px\u00bb text_font_size_last_edited=\u00bbon|desktop\u00bb text_line_height_tablet=\u00bb42px\u00bb text_line_height_phone=\u00bb48px\u00bb text_line_height_last_edited=\u00bbon|desktop\u00bb global_colors_info=\u00bb{}\u00bb]<span style=\"color: #ffffff;\">SPEAKERS<\/span>[\/et_pb_text][\/et_pb_column][et_pb_column type=\u00bb2_5&#8243; _builder_version=\u00bb4.16&#8243; global_colors_info=\u00bb{}\u00bb][\/et_pb_column][\/et_pb_row][et_pb_row make_equal=\u00bbon\u00bb custom_padding_last_edited=\u00bbon|phone\u00bb _builder_version=\u00bb4.16&#8243; width_tablet=\u00bb\u00bb width_phone=\u00bb\u00bb width_last_edited=\u00bbon|desktop\u00bb custom_margin=\u00bb|479px||auto||\u00bb custom_padding=\u00bb||0px||false|false\u00bb custom_padding_tablet=\u00bb\u00bb custom_padding_phone=\u00bb15%||||false|false\u00bb global_colors_info=\u00bb{}\u00bb][et_pb_column type=\u00bb4_4&#8243; _builder_version=\u00bb4.16&#8243; global_colors_info=\u00bb{}\u00bb][et_pb_divider color=\u00bbrgba(17,216,216,0.4)\u00bb divider_weight=\u00bb2px\u00bb _builder_version=\u00bb4.16&#8243; width=\u00bb100%\u00bb width_tablet=\u00bb\u00bb width_phone=\u00bb\u00bb width_last_edited=\u00bbon|desktop\u00bb custom_margin=\u00bb-20px||||false|false\u00bb global_colors_info=\u00bb{}\u00bb][\/et_pb_divider][\/et_pb_column][\/et_pb_row][et_pb_row column_structure=\u00bb1_4,1_4,1_4,1_4&#8243; use_custom_gutter=\u00bbon\u00bb gutter_width=\u00bb2&#8243; make_equal=\u00bbon\u00bb disabled_on=\u00bboff|off|off\u00bb _builder_version=\u00bb4.16&#8243; width_tablet=\u00bb\u00bb width_phone=\u00bb75%\u00bb width_last_edited=\u00bbon|desktop\u00bb max_width_tablet=\u00bb\u00bb max_width_phone=\u00bb\u00bb max_width_last_edited=\u00bbon|desktop\u00bb module_alignment=\u00bbcenter\u00bb min_height=\u00bb100px\u00bb custom_margin=\u00bb1.9%|auto||auto|false|false\u00bb custom_margin_phone=\u00bb|auto|0%|auto|false|false\u00bb custom_margin_last_edited=\u00bboff|phone\u00bb custom_padding=\u00bb0px|||0px||\u00bb global_colors_info=\u00bb{}\u00bb][et_pb_column type=\u00bb1_4&#8243; _builder_version=\u00bb4.16&#8243; global_colors_info=\u00bb{}\u00bb][et_pb_image src=\u00bbhttps:\/\/www.equiposytalentoeventos.com\/corporate-learning\/wp-content\/uploads\/2023\/10\/RichardsonSantos_IBERDROLA-1.jpeg\u00bb title_text=\u00bblaura_santacreu\u00bb align_tablet=\u00bb\u00bb align_phone=\u00bbleft\u00bb align_last_edited=\u00bbon|phone\u00bb _builder_version=\u00bb4.16&#8243; max_width=\u00bb180px\u00bb custom_padding=\u00bb|0px||||\u00bb border_color_all=\u00bb#ffffff\u00bb global_colors_info=\u00bb{}\u00bb][\/et_pb_image][et_pb_text _builder_version=\u00bb4.16&#8243; text_font=\u00bb||||||||\u00bb text_text_color=\u00bb#ffffff\u00bb text_line_height=\u00bb28px\u00bb custom_margin=\u00bb|||0%|false|false\u00bb custom_margin_tablet=\u00bb\u00bb custom_margin_phone=\u00bb|||0%|false|false\u00bb custom_margin_last_edited=\u00bbon|desktop\u00bb text_font_size_tablet=\u00bb\u00bb text_font_size_phone=\u00bb\u00bb text_font_size_last_edited=\u00bbon|desktop\u00bb text_line_height_tablet=\u00bb\u00bb text_line_height_phone=\u00bb\u00bb text_line_height_last_edited=\u00bbon|desktop\u00bb global_colors_info=\u00bb{}\u00bb]<\/p>\n<p><span style=\"font-size: 24px; color: #68c4d1;\"><strong><span>Richardson Santos, <\/span><\/strong><\/span><br \/><span style=\"color: #11d8d8;\"><span style=\"color: #ffffff;\"><span>Global L&amp;D Manager de<br \/><\/span><\/span><\/span><span style=\"color: #11d8d8;\"><strong><span>IBERDROLA<br \/><\/span><\/strong><\/span><\/p>\n<p>[\/et_pb_text][et_pb_social_media_follow use_icon_font_size=\u00bbon\u00bb icon_font_size=\u00bb22px\u00bb _builder_version=\u00bb4.16&#8243; custom_button=\u00bbon\u00bb module_alignment=\u00bbleft\u00bb custom_margin=\u00bb0%|||0%|false|false\u00bb custom_margin_tablet=\u00bb\u00bb custom_margin_phone=\u00bb|||0%|false|false\u00bb custom_margin_last_edited=\u00bbon|desktop\u00bb border_radii=\u00bbon|100px|100px|100px|100px\u00bb global_colors_info=\u00bb{}\u00bb][et_pb_social_media_follow_network social_network=\u00bblinkedin\u00bb url=\u00bbhttps:\/\/www.linkedin.com\/in\/richardsonfsantos\/\u00bb _builder_version=\u00bb4.16&#8243; background_color=\u00bb#007AB9&#8243; background_enable_color=\u00bbon\u00bb global_colors_info=\u00bb{}\u00bb follow_button=\u00bboff\u00bb url_new_window=\u00bbon\u00bb]linkedin[\/et_pb_social_media_follow_network][et_pb_social_media_follow_network social_network=\u00bbtwitter\u00bb url=\u00bbhttps:\/\/twitter.com\/iberdrola\u00bb _builder_version=\u00bb4.22.2&#8243; background_color=\u00bb#000000&#8243; global_colors_info=\u00bb{}\u00bb follow_button=\u00bboff\u00bb url_new_window=\u00bbon\u00bb]twitter[\/et_pb_social_media_follow_network][\/et_pb_social_media_follow][\/et_pb_column][et_pb_column type=\u00bb1_4&#8243; _builder_version=\u00bb4.16&#8243; global_colors_info=\u00bb{}\u00bb][et_pb_image src=\u00bbhttps:\/\/www.equiposytalentoeventos.com\/corporate-learning\/wp-content\/uploads\/2023\/10\/PalomaSanchez-Cano-DAIKIN.jpeg\u00bb title_text=\u00bblaura_santacreu\u00bb align_tablet=\u00bb\u00bb align_phone=\u00bbleft\u00bb align_last_edited=\u00bbon|phone\u00bb _builder_version=\u00bb4.16&#8243; max_width=\u00bb180px\u00bb custom_padding=\u00bb|0px||||\u00bb border_color_all=\u00bb#ffffff\u00bb locked=\u00bboff\u00bb global_colors_info=\u00bb{}\u00bb][\/et_pb_image][et_pb_text _builder_version=\u00bb4.16&#8243; text_font=\u00bb||||||||\u00bb text_text_color=\u00bb#ffffff\u00bb text_line_height=\u00bb28px\u00bb custom_margin=\u00bb|||0%|false|false\u00bb custom_margin_tablet=\u00bb\u00bb custom_margin_phone=\u00bb|||0%|false|false\u00bb custom_margin_last_edited=\u00bbon|desktop\u00bb text_font_size_tablet=\u00bb\u00bb text_font_size_phone=\u00bb\u00bb text_font_size_last_edited=\u00bbon|desktop\u00bb text_line_height_tablet=\u00bb\u00bb text_line_height_phone=\u00bb\u00bb text_line_height_last_edited=\u00bbon|desktop\u00bb locked=\u00bboff\u00bb global_colors_info=\u00bb{}\u00bb]<\/p>\n<p><span style=\"font-size: 24px; color: #68c4d1;\"><strong>Paloma<\/strong> <strong>S\u00e1nchez-Cano<span>, <\/span><\/strong><\/span><br \/><span>Directora de RRHH de<br \/><\/span><span style=\"color: #11d8d8;\"><strong>DAIKIN<\/strong><\/span><\/p>\n<p>[\/et_pb_text][et_pb_social_media_follow use_icon_font_size=\u00bbon\u00bb icon_font_size=\u00bb22px\u00bb _builder_version=\u00bb4.16&#8243; custom_button=\u00bbon\u00bb module_alignment=\u00bbleft\u00bb custom_margin=\u00bb0%|||0%|false|false\u00bb custom_margin_tablet=\u00bb\u00bb custom_margin_phone=\u00bb|||0%|false|false\u00bb custom_margin_last_edited=\u00bbon|desktop\u00bb border_radii=\u00bbon|100px|100px|100px|100px\u00bb locked=\u00bboff\u00bb global_colors_info=\u00bb{}\u00bb][et_pb_social_media_follow_network social_network=\u00bblinkedin\u00bb url=\u00bbhttps:\/\/es.linkedin.com\/in\/paloma-s%C3%A1nchez-cano-7ab41647&#8243; _builder_version=\u00bb4.16&#8243; background_color=\u00bb#007AB9&#8243; background_enable_color=\u00bbon\u00bb global_colors_info=\u00bb{}\u00bb follow_button=\u00bboff\u00bb url_new_window=\u00bbon\u00bb]linkedin[\/et_pb_social_media_follow_network][et_pb_social_media_follow_network social_network=\u00bbtwitter\u00bb url=\u00bbhttps:\/\/twitter.com\/DaikinEurope\u00bb _builder_version=\u00bb4.22.2&#8243; background_color=\u00bb#000000&#8243; global_colors_info=\u00bb{}\u00bb follow_button=\u00bboff\u00bb url_new_window=\u00bbon\u00bb]twitter[\/et_pb_social_media_follow_network][\/et_pb_social_media_follow][\/et_pb_column][et_pb_column type=\u00bb1_4&#8243; _builder_version=\u00bb4.16&#8243; global_colors_info=\u00bb{}\u00bb][et_pb_image src=\u00bbhttps:\/\/www.equiposytalentoeventos.com\/corporate-learning\/wp-content\/uploads\/2023\/10\/Flor_CEPSA.jpg\u00bb title_text=\u00bblaura_santacreu\u00bb align_tablet=\u00bb\u00bb align_phone=\u00bbleft\u00bb align_last_edited=\u00bbon|phone\u00bb _builder_version=\u00bb4.16&#8243; max_width=\u00bb180px\u00bb custom_padding=\u00bb|0px||||\u00bb border_color_all=\u00bb#ffffff\u00bb global_colors_info=\u00bb{}\u00bb][\/et_pb_image][et_pb_text _builder_version=\u00bb4.16&#8243; text_font=\u00bb||||||||\u00bb text_text_color=\u00bb#ffffff\u00bb text_line_height=\u00bb28px\u00bb custom_margin=\u00bb|||0%|false|false\u00bb custom_margin_tablet=\u00bb\u00bb custom_margin_phone=\u00bb|||0%|false|false\u00bb custom_margin_last_edited=\u00bbon|desktop\u00bb text_font_size_tablet=\u00bb\u00bb text_font_size_phone=\u00bb\u00bb text_font_size_last_edited=\u00bbon|desktop\u00bb text_line_height_tablet=\u00bb\u00bb text_line_height_phone=\u00bb\u00bb text_line_height_last_edited=\u00bbon|desktop\u00bb global_colors_info=\u00bb{}\u00bb]<\/p>\n<p><span style=\"font-size: 24px; color: #68c4d1;\"><strong><span>Flor Maldonado<\/span>, <\/strong><\/span><br \/><span>Responsable de desarrollo para l\u00edderes de<\/span><strong> <\/strong><span style=\"color: #11d8d8;\"><strong>CEPSA<\/strong><\/span><\/p>\n<p>[\/et_pb_text][et_pb_social_media_follow use_icon_font_size=\u00bbon\u00bb icon_font_size=\u00bb22px\u00bb _builder_version=\u00bb4.16&#8243; custom_button=\u00bbon\u00bb module_alignment=\u00bbleft\u00bb custom_margin=\u00bb0%|||0%|false|false\u00bb custom_margin_tablet=\u00bb\u00bb custom_margin_phone=\u00bb|||0%|false|false\u00bb custom_margin_last_edited=\u00bbon|desktop\u00bb border_radii=\u00bbon|100px|100px|100px|100px\u00bb locked=\u00bboff\u00bb global_colors_info=\u00bb{}\u00bb][et_pb_social_media_follow_network social_network=\u00bblinkedin\u00bb url=\u00bbhttps:\/\/www.linkedin.com\/in\/florencia-maldonado-70685323\/\u00bb _builder_version=\u00bb4.16&#8243; background_color=\u00bb#007AB9&#8243; background_enable_color=\u00bbon\u00bb global_colors_info=\u00bb{}\u00bb follow_button=\u00bboff\u00bb url_new_window=\u00bbon\u00bb]linkedin[\/et_pb_social_media_follow_network][et_pb_social_media_follow_network social_network=\u00bbtwitter\u00bb url=\u00bbhttps:\/\/twitter.com\/Cepsa_ES\u00bb _builder_version=\u00bb4.22.2&#8243; background_color=\u00bb#000000&#8243; global_colors_info=\u00bb{}\u00bb follow_button=\u00bboff\u00bb url_new_window=\u00bbon\u00bb]twitter[\/et_pb_social_media_follow_network][\/et_pb_social_media_follow][\/et_pb_column][et_pb_column type=\u00bb1_4&#8243; _builder_version=\u00bb4.16&#8243; global_colors_info=\u00bb{}\u00bb][et_pb_image src=\u00bbhttps:\/\/www.equiposytalentoeventos.com\/corporate-learning\/wp-content\/uploads\/2023\/10\/AlbaHerrero_SAP.jpg\u00bb title_text=\u00bblaura_santacreu\u00bb align_tablet=\u00bb\u00bb align_phone=\u00bbleft\u00bb align_last_edited=\u00bbon|phone\u00bb _builder_version=\u00bb4.16&#8243; max_width=\u00bb180px\u00bb custom_padding=\u00bb|0px||||\u00bb border_color_all=\u00bb#ffffff\u00bb locked=\u00bboff\u00bb global_colors_info=\u00bb{}\u00bb][\/et_pb_image][et_pb_text _builder_version=\u00bb4.16&#8243; text_font=\u00bb||||||||\u00bb text_text_color=\u00bb#ffffff\u00bb text_line_height=\u00bb28px\u00bb custom_margin=\u00bb|||0%|false|false\u00bb custom_margin_tablet=\u00bb\u00bb custom_margin_phone=\u00bb|||0%|false|false\u00bb custom_margin_last_edited=\u00bbon|desktop\u00bb text_font_size_tablet=\u00bb\u00bb text_font_size_phone=\u00bb\u00bb text_font_size_last_edited=\u00bbon|desktop\u00bb text_line_height_tablet=\u00bb\u00bb text_line_height_phone=\u00bb\u00bb text_line_height_last_edited=\u00bbon|desktop\u00bb locked=\u00bboff\u00bb global_colors_info=\u00bb{}\u00bb]<\/p>\n<p><span style=\"font-size: 24px; color: #68c4d1;\"><strong><b><span>Alba Herrero<\/span><\/b>, <\/strong><\/span><br \/><span>Directora de RRHH de<\/span>\u00a0<span style=\"color: #11d8d8;\"><strong>SAP Espa\u00f1a y Portugal<\/strong><\/span><\/p>\n<p>[\/et_pb_text][et_pb_social_media_follow use_icon_font_size=\u00bbon\u00bb icon_font_size=\u00bb22px\u00bb _builder_version=\u00bb4.16&#8243; custom_button=\u00bbon\u00bb module_alignment=\u00bbleft\u00bb custom_margin=\u00bb0%|||0%|false|false\u00bb custom_margin_tablet=\u00bb\u00bb custom_margin_phone=\u00bb|||0%|false|false\u00bb custom_margin_last_edited=\u00bbon|desktop\u00bb border_radii=\u00bbon|100px|100px|100px|100px\u00bb locked=\u00bboff\u00bb global_colors_info=\u00bb{}\u00bb][et_pb_social_media_follow_network social_network=\u00bblinkedin\u00bb url=\u00bbhttps:\/\/es.linkedin.com\/in\/albaherrero\u00bb _builder_version=\u00bb4.16&#8243; background_color=\u00bb#007AB9&#8243; background_enable_color=\u00bbon\u00bb global_colors_info=\u00bb{}\u00bb follow_button=\u00bboff\u00bb url_new_window=\u00bbon\u00bb]linkedin[\/et_pb_social_media_follow_network][et_pb_social_media_follow_network social_network=\u00bbtwitter\u00bb url=\u00bbhttps:\/\/twitter.com\/sapspain?lang=es\u00bb _builder_version=\u00bb4.22.2&#8243; background_color=\u00bb#000000&#8243; global_colors_info=\u00bb{}\u00bb follow_button=\u00bboff\u00bb url_new_window=\u00bbon\u00bb]twitter[\/et_pb_social_media_follow_network][\/et_pb_social_media_follow][\/et_pb_column][\/et_pb_row][et_pb_row column_structure=\u00bb1_4,1_4,1_4,1_4&#8243; use_custom_gutter=\u00bbon\u00bb gutter_width=\u00bb2&#8243; make_equal=\u00bbon\u00bb disabled_on=\u00bboff|off|off\u00bb _builder_version=\u00bb4.16&#8243; width_tablet=\u00bb\u00bb width_phone=\u00bb75%\u00bb width_last_edited=\u00bbon|desktop\u00bb max_width_tablet=\u00bb\u00bb max_width_phone=\u00bb\u00bb max_width_last_edited=\u00bbon|desktop\u00bb module_alignment=\u00bbcenter\u00bb min_height=\u00bb100px\u00bb custom_margin=\u00bb1.9%|auto||auto|false|false\u00bb custom_margin_phone=\u00bb|auto|0%|auto|false|false\u00bb custom_margin_last_edited=\u00bboff|phone\u00bb custom_padding=\u00bb0px|||0px||\u00bb global_colors_info=\u00bb{}\u00bb][et_pb_column type=\u00bb1_4&#8243; _builder_version=\u00bb4.16&#8243; global_colors_info=\u00bb{}\u00bb][et_pb_image src=\u00bbhttps:\/\/www.equiposytalentoeventos.com\/corporate-learning\/wp-content\/uploads\/2023\/10\/ZobeidaDuben_NTTDATA.jpg\u00bb title_text=\u00bblaura_santacreu\u00bb align_tablet=\u00bb\u00bb align_phone=\u00bbleft\u00bb align_last_edited=\u00bbon|phone\u00bb _builder_version=\u00bb4.16&#8243; max_width=\u00bb180px\u00bb custom_padding=\u00bb|0px||||\u00bb border_color_all=\u00bb#ffffff\u00bb global_colors_info=\u00bb{}\u00bb][\/et_pb_image][et_pb_text _builder_version=\u00bb4.16&#8243; text_font=\u00bb||||||||\u00bb text_text_color=\u00bb#ffffff\u00bb text_line_height=\u00bb28px\u00bb custom_margin=\u00bb|||0%|false|false\u00bb custom_margin_tablet=\u00bb\u00bb custom_margin_phone=\u00bb|||0%|false|false\u00bb custom_margin_last_edited=\u00bbon|desktop\u00bb text_font_size_tablet=\u00bb\u00bb text_font_size_phone=\u00bb\u00bb text_font_size_last_edited=\u00bbon|desktop\u00bb text_line_height_tablet=\u00bb\u00bb text_line_height_phone=\u00bb\u00bb text_line_height_last_edited=\u00bbon|desktop\u00bb global_colors_info=\u00bb{}\u00bb]<\/p>\n<p><span style=\"font-size: 24px;\"><span style=\"color: #68c4d1;\"><strong>Zobeida Duben<\/strong>, <\/span><\/span><br \/><span>Directora Desarrollo de Talento de<\/span>\u00a0<span style=\"color: #11d8d8;\"><strong>NTT DATA<\/strong><\/span><\/p>\n<p>[\/et_pb_text][et_pb_social_media_follow use_icon_font_size=\u00bbon\u00bb icon_font_size=\u00bb22px\u00bb _builder_version=\u00bb4.16&#8243; custom_button=\u00bbon\u00bb module_alignment=\u00bbleft\u00bb custom_margin=\u00bb0%|||0%|false|false\u00bb custom_margin_tablet=\u00bb\u00bb custom_margin_phone=\u00bb|||0%|false|false\u00bb custom_margin_last_edited=\u00bbon|desktop\u00bb border_radii=\u00bbon|100px|100px|100px|100px\u00bb global_colors_info=\u00bb{}\u00bb][et_pb_social_media_follow_network social_network=\u00bblinkedin\u00bb url=\u00bbhttps:\/\/es.linkedin.com\/in\/zobeida-duben-perez-54a9581a\u00bb _builder_version=\u00bb4.16&#8243; background_color=\u00bb#007AB9&#8243; background_enable_color=\u00bbon\u00bb global_colors_info=\u00bb{}\u00bb follow_button=\u00bboff\u00bb url_new_window=\u00bbon\u00bb]linkedin[\/et_pb_social_media_follow_network][et_pb_social_media_follow_network social_network=\u00bbtwitter\u00bb url=\u00bbhttps:\/\/twitter.com\/NTTDATA\u00bb _builder_version=\u00bb4.22.2&#8243; background_color=\u00bb#000000&#8243; global_colors_info=\u00bb{}\u00bb follow_button=\u00bboff\u00bb url_new_window=\u00bbon\u00bb]twitter[\/et_pb_social_media_follow_network][\/et_pb_social_media_follow][\/et_pb_column][et_pb_column type=\u00bb1_4&#8243; _builder_version=\u00bb4.16&#8243; global_colors_info=\u00bb{}\u00bb][et_pb_image src=\u00bbhttps:\/\/www.equiposytalentoeventos.com\/corporate-learning\/wp-content\/uploads\/2023\/10\/PabloGonzalez_GONVARRI.jpeg\u00bb title_text=\u00bblaura_santacreu\u00bb align_tablet=\u00bb\u00bb align_phone=\u00bbleft\u00bb align_last_edited=\u00bbon|phone\u00bb _builder_version=\u00bb4.16&#8243; max_width=\u00bb180px\u00bb custom_padding=\u00bb|0px||||\u00bb border_color_all=\u00bb#ffffff\u00bb locked=\u00bboff\u00bb global_colors_info=\u00bb{}\u00bb][\/et_pb_image][et_pb_text _builder_version=\u00bb4.16&#8243; text_font=\u00bb||||||||\u00bb text_text_color=\u00bb#ffffff\u00bb text_line_height=\u00bb28px\u00bb custom_margin=\u00bb|||0%|false|false\u00bb custom_margin_tablet=\u00bb\u00bb custom_margin_phone=\u00bb|||0%|false|false\u00bb custom_margin_last_edited=\u00bbon|desktop\u00bb text_font_size_tablet=\u00bb\u00bb text_font_size_phone=\u00bb\u00bb text_font_size_last_edited=\u00bbon|desktop\u00bb text_line_height_tablet=\u00bb\u00bb text_line_height_phone=\u00bb\u00bb text_line_height_last_edited=\u00bbon|desktop\u00bb locked=\u00bboff\u00bb global_colors_info=\u00bb{}\u00bb]<\/p>\n<p><span style=\"font-size: 24px; color: #68c4d1;\"><strong><span>Pablo Gonz\u00e1lez de Suso, <\/span><\/strong><\/span><br \/><span>Human Resources Corporate Director de<\/span>\u00a0<span style=\"color: #11d8d8;\"><strong>GONVARRI INDUSTRIES<br \/><\/strong><\/span><\/p>\n<p>[\/et_pb_text][et_pb_social_media_follow use_icon_font_size=\u00bbon\u00bb icon_font_size=\u00bb22px\u00bb _builder_version=\u00bb4.16&#8243; custom_button=\u00bbon\u00bb module_alignment=\u00bbleft\u00bb custom_margin=\u00bb0%|||0%|false|false\u00bb custom_margin_tablet=\u00bb\u00bb custom_margin_phone=\u00bb|||0%|false|false\u00bb custom_margin_last_edited=\u00bbon|desktop\u00bb border_radii=\u00bbon|100px|100px|100px|100px\u00bb locked=\u00bboff\u00bb global_colors_info=\u00bb{}\u00bb][et_pb_social_media_follow_network social_network=\u00bblinkedin\u00bb url=\u00bbhttps:\/\/es.linkedin.com\/in\/pablogonzalezdesuso\u00bb _builder_version=\u00bb4.16&#8243; background_color=\u00bb#007AB9&#8243; background_enable_color=\u00bbon\u00bb global_colors_info=\u00bb{}\u00bb follow_button=\u00bboff\u00bb url_new_window=\u00bbon\u00bb]linkedin[\/et_pb_social_media_follow_network][et_pb_social_media_follow_network social_network=\u00bbtwitter\u00bb url=\u00bbhttps:\/\/twitter.com\/gonvarri?lang=es\u00bb _builder_version=\u00bb4.22.2&#8243; background_color=\u00bb#000000&#8243; global_colors_info=\u00bb{}\u00bb follow_button=\u00bboff\u00bb url_new_window=\u00bbon\u00bb]twitter[\/et_pb_social_media_follow_network][\/et_pb_social_media_follow][\/et_pb_column][et_pb_column type=\u00bb1_4&#8243; _builder_version=\u00bb4.16&#8243; global_colors_info=\u00bb{}\u00bb][et_pb_image src=\u00bbhttps:\/\/www.equiposytalentoeventos.com\/corporate-learning\/wp-content\/uploads\/2023\/10\/Rosal\u00eda_TELEFONICA-EDUCACI\u00d3N-DIGITAL-e1698678669574.jpg\u00bb title_text=\u00bblaura_santacreu\u00bb align_tablet=\u00bb\u00bb align_phone=\u00bbleft\u00bb align_last_edited=\u00bbon|phone\u00bb _builder_version=\u00bb4.16&#8243; max_width=\u00bb180px\u00bb custom_padding=\u00bb|0px||||\u00bb border_color_all=\u00bb#ffffff\u00bb global_colors_info=\u00bb{}\u00bb][\/et_pb_image][et_pb_text _builder_version=\u00bb4.16&#8243; text_font=\u00bb||||||||\u00bb text_text_color=\u00bb#ffffff\u00bb text_line_height=\u00bb28px\u00bb custom_margin=\u00bb|||0%|false|false\u00bb custom_margin_tablet=\u00bb\u00bb custom_margin_phone=\u00bb|||0%|false|false\u00bb custom_margin_last_edited=\u00bbon|desktop\u00bb text_font_size_tablet=\u00bb\u00bb text_font_size_phone=\u00bb\u00bb text_font_size_last_edited=\u00bbon|desktop\u00bb text_line_height_tablet=\u00bb\u00bb text_line_height_phone=\u00bb\u00bb text_line_height_last_edited=\u00bbon|desktop\u00bb locked=\u00bboff\u00bb global_colors_info=\u00bb{}\u00bb]<\/p>\n<p><span style=\"font-size: 24px; color: #68c4d1;\"><strong><span>Rosal\u00eda O&#8217;Donnell, \u00a0 <\/span><\/strong><\/span><br \/><span style=\"color: #11d8d8;\"><strong><span style=\"color: #ffffff;\">CEO de <\/span>TELEF\u00d3NICA EDUCACI\u00d3N DIGITAL<br \/><\/strong><\/span><\/p>\n<p>[\/et_pb_text][et_pb_social_media_follow use_icon_font_size=\u00bbon\u00bb icon_font_size=\u00bb22px\u00bb _builder_version=\u00bb4.16&#8243; custom_button=\u00bbon\u00bb module_alignment=\u00bbleft\u00bb custom_margin=\u00bb0%|||0%|false|false\u00bb custom_margin_tablet=\u00bb\u00bb custom_margin_phone=\u00bb|||0%|false|false\u00bb custom_margin_last_edited=\u00bbon|desktop\u00bb border_radii=\u00bbon|100px|100px|100px|100px\u00bb locked=\u00bboff\u00bb global_colors_info=\u00bb{}\u00bb][et_pb_social_media_follow_network social_network=\u00bblinkedin\u00bb url=\u00bbhttps:\/\/www.linkedin.com\/in\/rosaliaodonnellbaeza\/\u00bb _builder_version=\u00bb4.16&#8243; background_color=\u00bb#007AB9&#8243; background_enable_color=\u00bbon\u00bb global_colors_info=\u00bb{}\u00bb follow_button=\u00bboff\u00bb url_new_window=\u00bbon\u00bb]linkedin[\/et_pb_social_media_follow_network][et_pb_social_media_follow_network social_network=\u00bbtwitter\u00bb url=\u00bbhttps:\/\/twitter.com\/Telefonica\u00bb _builder_version=\u00bb4.22.2&#8243; background_color=\u00bb#000000&#8243; global_colors_info=\u00bb{}\u00bb follow_button=\u00bboff\u00bb url_new_window=\u00bbon\u00bb]twitter[\/et_pb_social_media_follow_network][\/et_pb_social_media_follow][\/et_pb_column][et_pb_column type=\u00bb1_4&#8243; _builder_version=\u00bb4.16&#8243; global_colors_info=\u00bb{}\u00bb][et_pb_image src=\u00bbhttps:\/\/www.equiposytalentoeventos.com\/corporate-learning\/wp-content\/uploads\/2023\/10\/JulioRamos_SACYR.jpeg\u00bb title_text=\u00bblaura_santacreu\u00bb align_tablet=\u00bb\u00bb align_phone=\u00bbleft\u00bb align_last_edited=\u00bbon|phone\u00bb _builder_version=\u00bb4.16&#8243; max_width=\u00bb180px\u00bb custom_padding=\u00bb|0px||||\u00bb border_color_all=\u00bb#ffffff\u00bb global_colors_info=\u00bb{}\u00bb][\/et_pb_image][et_pb_text _builder_version=\u00bb4.16&#8243; text_font=\u00bb||||||||\u00bb text_text_color=\u00bb#ffffff\u00bb text_line_height=\u00bb28px\u00bb custom_margin=\u00bb|||0%|false|false\u00bb custom_margin_tablet=\u00bb\u00bb custom_margin_phone=\u00bb|||0%|false|false\u00bb custom_margin_last_edited=\u00bbon|desktop\u00bb text_font_size_tablet=\u00bb\u00bb text_font_size_phone=\u00bb\u00bb text_font_size_last_edited=\u00bbon|desktop\u00bb text_line_height_tablet=\u00bb\u00bb text_line_height_phone=\u00bb\u00bb text_line_height_last_edited=\u00bbon|desktop\u00bb global_colors_info=\u00bb{}\u00bb]<\/p>\n<p><span style=\"font-size: 24px; color: #68c4d1;\"><strong><span>Julio Ramos, <\/span><\/strong><\/span><br \/><span style=\"color: #11d8d8;\"><span style=\"color: #ffffff;\"><span>Gerente Corporativo Desarrollo y Selecci\u00f3n de<\/span><\/span><strong>\u00a0SACYR<\/strong><\/span><\/p>\n<p>[\/et_pb_text][et_pb_social_media_follow use_icon_font_size=\u00bbon\u00bb icon_font_size=\u00bb22px\u00bb _builder_version=\u00bb4.16&#8243; custom_button=\u00bbon\u00bb module_alignment=\u00bbleft\u00bb custom_margin=\u00bb0%|||0%|false|false\u00bb custom_margin_tablet=\u00bb\u00bb custom_margin_phone=\u00bb|||0%|false|false\u00bb custom_margin_last_edited=\u00bbon|desktop\u00bb border_radii=\u00bbon|100px|100px|100px|100px\u00bb global_colors_info=\u00bb{}\u00bb][et_pb_social_media_follow_network social_network=\u00bblinkedin\u00bb url=\u00bbhttps:\/\/es.linkedin.com\/in\/julioramosrhdirectorietalento\u00bb _builder_version=\u00bb4.16&#8243; background_color=\u00bb#007AB9&#8243; background_enable_color=\u00bbon\u00bb global_colors_info=\u00bb{}\u00bb follow_button=\u00bboff\u00bb url_new_window=\u00bbon\u00bb]linkedin[\/et_pb_social_media_follow_network][et_pb_social_media_follow_network social_network=\u00bbtwitter\u00bb url=\u00bbhttps:\/\/twitter.com\/SomosSacyr\u00bb _builder_version=\u00bb4.22.2&#8243; background_color=\u00bb#000000&#8243; global_colors_info=\u00bb{}\u00bb follow_button=\u00bboff\u00bb url_new_window=\u00bbon\u00bb]twitter[\/et_pb_social_media_follow_network][\/et_pb_social_media_follow][\/et_pb_column][\/et_pb_row][et_pb_row column_structure=\u00bb1_4,1_4,1_4,1_4&#8243; use_custom_gutter=\u00bbon\u00bb gutter_width=\u00bb2&#8243; make_equal=\u00bbon\u00bb disabled_on=\u00bboff|off|off\u00bb _builder_version=\u00bb4.16&#8243; width_tablet=\u00bb\u00bb width_phone=\u00bb75%\u00bb width_last_edited=\u00bbon|desktop\u00bb max_width_tablet=\u00bb\u00bb max_width_phone=\u00bb\u00bb max_width_last_edited=\u00bbon|desktop\u00bb module_alignment=\u00bbcenter\u00bb min_height=\u00bb100px\u00bb custom_margin=\u00bb1.9%|auto||auto|false|false\u00bb custom_margin_phone=\u00bb|auto|0%|auto|false|false\u00bb custom_margin_last_edited=\u00bboff|phone\u00bb custom_padding=\u00bb0px|||0px||\u00bb global_colors_info=\u00bb{}\u00bb][et_pb_column type=\u00bb1_4&#8243; _builder_version=\u00bb4.16&#8243; global_colors_info=\u00bb{}\u00bb][et_pb_image src=\u00bbhttps:\/\/www.equiposytalentoeventos.com\/corporate-learning\/wp-content\/uploads\/2023\/10\/EduardoTabernero_VITHAS.jpeg\u00bb title_text=\u00bblaura_santacreu\u00bb align_tablet=\u00bb\u00bb align_phone=\u00bbleft\u00bb align_last_edited=\u00bbon|phone\u00bb _builder_version=\u00bb4.16&#8243; max_width=\u00bb180px\u00bb custom_padding=\u00bb|0px||||\u00bb border_color_all=\u00bb#ffffff\u00bb locked=\u00bboff\u00bb global_colors_info=\u00bb{}\u00bb][\/et_pb_image][et_pb_text _builder_version=\u00bb4.16&#8243; text_font=\u00bb||||||||\u00bb text_text_color=\u00bb#ffffff\u00bb text_line_height=\u00bb28px\u00bb custom_margin=\u00bb|||0%|false|false\u00bb custom_margin_tablet=\u00bb\u00bb custom_margin_phone=\u00bb|||0%|false|false\u00bb custom_margin_last_edited=\u00bbon|desktop\u00bb text_font_size_tablet=\u00bb\u00bb text_font_size_phone=\u00bb\u00bb text_font_size_last_edited=\u00bbon|desktop\u00bb text_line_height_tablet=\u00bb\u00bb text_line_height_phone=\u00bb\u00bb text_line_height_last_edited=\u00bbon|desktop\u00bb locked=\u00bboff\u00bb global_colors_info=\u00bb{}\u00bb]<\/p>\n<p><span style=\"font-size: 24px; color: #68c4d1;\"><strong><span>Eduardo Tabernero, <\/span><\/strong><\/span><br \/><span style=\"color: #11d8d8;\"><span style=\"color: #ffffff;\"><span>Director \u00c1rea Desarrollo de talento en<\/span><\/span><strong> <span>VITHAS<\/span><\/strong><\/span><\/p>\n<p>[\/et_pb_text][et_pb_social_media_follow use_icon_font_size=\u00bbon\u00bb icon_font_size=\u00bb22px\u00bb _builder_version=\u00bb4.16&#8243; custom_button=\u00bbon\u00bb module_alignment=\u00bbleft\u00bb custom_margin=\u00bb0%|||0%|false|false\u00bb custom_margin_tablet=\u00bb\u00bb custom_margin_phone=\u00bb|||0%|false|false\u00bb custom_margin_last_edited=\u00bbon|desktop\u00bb border_radii=\u00bbon|100px|100px|100px|100px\u00bb locked=\u00bboff\u00bb global_colors_info=\u00bb{}\u00bb][et_pb_social_media_follow_network social_network=\u00bblinkedin\u00bb url=\u00bbhttps:\/\/es.linkedin.com\/in\/eduardo-tabernero-alba-personas-talento\u00bb _builder_version=\u00bb4.16&#8243; background_color=\u00bb#007AB9&#8243; background_enable_color=\u00bbon\u00bb global_colors_info=\u00bb{}\u00bb follow_button=\u00bboff\u00bb url_new_window=\u00bbon\u00bb]linkedin[\/et_pb_social_media_follow_network][et_pb_social_media_follow_network social_network=\u00bbtwitter\u00bb url=\u00bbhttps:\/\/twitter.com\/Vithas\u00bb _builder_version=\u00bb4.22.2&#8243; background_color=\u00bb#000000&#8243; global_colors_info=\u00bb{}\u00bb follow_button=\u00bboff\u00bb url_new_window=\u00bbon\u00bb]twitter[\/et_pb_social_media_follow_network][\/et_pb_social_media_follow][\/et_pb_column][et_pb_column type=\u00bb1_4&#8243; _builder_version=\u00bb4.16&#8243; global_colors_info=\u00bb{}\u00bb][et_pb_image src=\u00bbhttps:\/\/www.equiposytalentoeventos.com\/corporate-learning\/wp-content\/uploads\/2023\/10\/EmilioJesus_CAJAMAR.jpeg\u00bb title_text=\u00bblaura_santacreu\u00bb align_tablet=\u00bb\u00bb align_phone=\u00bbleft\u00bb align_last_edited=\u00bbon|phone\u00bb _builder_version=\u00bb4.16&#8243; max_width=\u00bb180px\u00bb custom_padding=\u00bb|0px||||\u00bb border_color_all=\u00bb#ffffff\u00bb global_colors_info=\u00bb{}\u00bb][\/et_pb_image][et_pb_text _builder_version=\u00bb4.16&#8243; text_font=\u00bb||||||||\u00bb text_text_color=\u00bb#ffffff\u00bb text_line_height=\u00bb28px\u00bb custom_margin=\u00bb|||0%|false|false\u00bb custom_margin_tablet=\u00bb\u00bb custom_margin_phone=\u00bb|||0%|false|false\u00bb custom_margin_last_edited=\u00bbon|desktop\u00bb text_font_size_tablet=\u00bb\u00bb text_font_size_phone=\u00bb\u00bb text_font_size_last_edited=\u00bbon|desktop\u00bb text_line_height_tablet=\u00bb\u00bb text_line_height_phone=\u00bb\u00bb text_line_height_last_edited=\u00bbon|desktop\u00bb global_colors_info=\u00bb{}\u00bb]<\/p>\n<p><span style=\"font-size: 24px; color: #68c4d1;\"><strong>Emilio del \u00c1guila, <\/strong><\/span><br \/><span style=\"color: #11d8d8;\"><span style=\"color: #ffffff;\"><span>Director \u00c1rea de Talento de<\/span>\u00a0<\/span><strong>GRUPO CAJAMAR<\/strong><\/span><\/p>\n<p>[\/et_pb_text][et_pb_social_media_follow use_icon_font_size=\u00bbon\u00bb icon_font_size=\u00bb22px\u00bb _builder_version=\u00bb4.16&#8243; custom_button=\u00bbon\u00bb module_alignment=\u00bbleft\u00bb custom_margin=\u00bb0%|||0%|false|false\u00bb custom_margin_tablet=\u00bb\u00bb custom_margin_phone=\u00bb|||0%|false|false\u00bb custom_margin_last_edited=\u00bbon|desktop\u00bb border_radii=\u00bbon|100px|100px|100px|100px\u00bb locked=\u00bboff\u00bb global_colors_info=\u00bb{}\u00bb][et_pb_social_media_follow_network social_network=\u00bblinkedin\u00bb url=\u00bbhttps:\/\/es.linkedin.com\/in\/emilio-jesus-del-aguila-berenguel\u00bb _builder_version=\u00bb4.16&#8243; background_color=\u00bb#007AB9&#8243; background_enable_color=\u00bbon\u00bb global_colors_info=\u00bb{}\u00bb follow_button=\u00bboff\u00bb url_new_window=\u00bbon\u00bb]linkedin[\/et_pb_social_media_follow_network][et_pb_social_media_follow_network social_network=\u00bbtwitter\u00bb url=\u00bbhttps:\/\/twitter.com\/Cajamar\u00bb _builder_version=\u00bb4.22.2&#8243; background_color=\u00bb#000000&#8243; global_colors_info=\u00bb{}\u00bb follow_button=\u00bboff\u00bb url_new_window=\u00bbon\u00bb]twitter[\/et_pb_social_media_follow_network][\/et_pb_social_media_follow][\/et_pb_column][et_pb_column type=\u00bb1_4&#8243; _builder_version=\u00bb4.16&#8243; global_colors_info=\u00bb{}\u00bb][et_pb_image src=\u00bbhttps:\/\/www.equiposytalentoeventos.com\/corporate-learning\/wp-content\/uploads\/2023\/10\/RoserBonancia_SERUNION.jpeg\u00bb title_text=\u00bblaura_santacreu\u00bb align_tablet=\u00bb\u00bb align_phone=\u00bbleft\u00bb align_last_edited=\u00bbon|phone\u00bb _builder_version=\u00bb4.16&#8243; max_width=\u00bb180px\u00bb custom_padding=\u00bb|0px||||\u00bb border_color_all=\u00bb#ffffff\u00bb locked=\u00bboff\u00bb global_colors_info=\u00bb{}\u00bb][\/et_pb_image][et_pb_text _builder_version=\u00bb4.16&#8243; text_font=\u00bb||||||||\u00bb text_text_color=\u00bb#ffffff\u00bb text_line_height=\u00bb28px\u00bb custom_margin=\u00bb|||0%|false|false\u00bb custom_margin_tablet=\u00bb\u00bb custom_margin_phone=\u00bb|||0%|false|false\u00bb custom_margin_last_edited=\u00bbon|desktop\u00bb text_font_size_tablet=\u00bb\u00bb text_font_size_phone=\u00bb\u00bb text_font_size_last_edited=\u00bbon|desktop\u00bb text_line_height_tablet=\u00bb\u00bb text_line_height_phone=\u00bb\u00bb text_line_height_last_edited=\u00bbon|desktop\u00bb locked=\u00bboff\u00bb global_colors_info=\u00bb{}\u00bb]<\/p>\n<p><span style=\"font-size: 24px; color: #68c4d1;\"><strong><span>Roser Bonancia<\/span>,\u00a0 <\/strong><\/span><br \/><span style=\"color: #ffffff;\"><span>Talent Manager de<\/span><span style=\"color: #11d8d8;\"><strong>\u00a0SERUNION-GRUPO ELIOR<\/strong><\/span><\/span><\/p>\n<p>[\/et_pb_text][et_pb_social_media_follow use_icon_font_size=\u00bbon\u00bb icon_font_size=\u00bb22px\u00bb _builder_version=\u00bb4.16&#8243; custom_button=\u00bbon\u00bb module_alignment=\u00bbleft\u00bb custom_margin=\u00bb0%|||0%|false|false\u00bb custom_margin_tablet=\u00bb\u00bb custom_margin_phone=\u00bb|||0%|false|false\u00bb custom_margin_last_edited=\u00bbon|desktop\u00bb border_radii=\u00bbon|100px|100px|100px|100px\u00bb locked=\u00bboff\u00bb global_colors_info=\u00bb{}\u00bb][et_pb_social_media_follow_network social_network=\u00bblinkedin\u00bb url=\u00bbhttps:\/\/es.linkedin.com\/in\/roserbonancia\u00bb _builder_version=\u00bb4.16&#8243; background_color=\u00bb#007AB9&#8243; background_enable_color=\u00bbon\u00bb global_colors_info=\u00bb{}\u00bb follow_button=\u00bboff\u00bb url_new_window=\u00bbon\u00bb]linkedin[\/et_pb_social_media_follow_network][et_pb_social_media_follow_network social_network=\u00bbtwitter\u00bb url=\u00bbhttps:\/\/twitter.com\/elior_group\u00bb _builder_version=\u00bb4.22.2&#8243; background_color=\u00bb#000000&#8243; global_colors_info=\u00bb{}\u00bb follow_button=\u00bboff\u00bb url_new_window=\u00bbon\u00bb]twitter[\/et_pb_social_media_follow_network][\/et_pb_social_media_follow][\/et_pb_column][et_pb_column type=\u00bb1_4&#8243; _builder_version=\u00bb4.16&#8243; global_colors_info=\u00bb{}\u00bb][et_pb_image src=\u00bbhttps:\/\/www.equiposytalentoeventos.com\/corporate-learning\/wp-content\/uploads\/2023\/10\/FernandoLallana_HEINEKEN.jpeg\u00bb title_text=\u00bblaura_santacreu\u00bb align_tablet=\u00bb\u00bb align_phone=\u00bbleft\u00bb align_last_edited=\u00bbon|phone\u00bb _builder_version=\u00bb4.16&#8243; max_width=\u00bb180px\u00bb custom_padding=\u00bb|0px||||\u00bb border_color_all=\u00bb#ffffff\u00bb global_colors_info=\u00bb{}\u00bb][\/et_pb_image][et_pb_text _builder_version=\u00bb4.16&#8243; text_font=\u00bb||||||||\u00bb text_text_color=\u00bb#ffffff\u00bb text_line_height=\u00bb28px\u00bb custom_margin=\u00bb|||0%|false|false\u00bb custom_margin_tablet=\u00bb\u00bb custom_margin_phone=\u00bb|||0%|false|false\u00bb custom_margin_last_edited=\u00bbon|desktop\u00bb text_font_size_tablet=\u00bb\u00bb text_font_size_phone=\u00bb\u00bb text_font_size_last_edited=\u00bbon|desktop\u00bb text_line_height_tablet=\u00bb\u00bb text_line_height_phone=\u00bb\u00bb text_line_height_last_edited=\u00bbon|desktop\u00bb global_colors_info=\u00bb{}\u00bb]<\/p>\n<p><span style=\"font-size: 24px; color: #68c4d1;\"><strong><span>Fernando Lallana, <\/span><\/strong><\/span><br \/><span style=\"color: #ffffff;\"><span>Responsable de bienestar de<\/span> <span style=\"color: #11d8d8;\"><strong>HEINEKEN<\/strong><\/span><\/span><\/p>\n<p>[\/et_pb_text][et_pb_social_media_follow use_icon_font_size=\u00bbon\u00bb icon_font_size=\u00bb22px\u00bb _builder_version=\u00bb4.16&#8243; custom_button=\u00bbon\u00bb module_alignment=\u00bbleft\u00bb custom_margin=\u00bb0%|||0%|false|false\u00bb custom_margin_tablet=\u00bb\u00bb custom_margin_phone=\u00bb|||0%|false|false\u00bb custom_margin_last_edited=\u00bbon|desktop\u00bb border_radii=\u00bbon|100px|100px|100px|100px\u00bb locked=\u00bboff\u00bb global_colors_info=\u00bb{}\u00bb][et_pb_social_media_follow_network social_network=\u00bblinkedin\u00bb url=\u00bbhttps:\/\/es.linkedin.com\/in\/fernando-lallana-fern%C3%A1ndez-bb4a2b9&#8243; _builder_version=\u00bb4.16&#8243; background_color=\u00bb#007AB9&#8243; background_enable_color=\u00bbon\u00bb global_colors_info=\u00bb{}\u00bb follow_button=\u00bboff\u00bb url_new_window=\u00bbon\u00bb]linkedin[\/et_pb_social_media_follow_network][et_pb_social_media_follow_network social_network=\u00bbtwitter\u00bb url=\u00bbhttps:\/\/twitter.com\/Heineken_ES\u00bb _builder_version=\u00bb4.22.2&#8243; background_color=\u00bb#000000&#8243; global_colors_info=\u00bb{}\u00bb follow_button=\u00bboff\u00bb url_new_window=\u00bbon\u00bb]twitter[\/et_pb_social_media_follow_network][\/et_pb_social_media_follow][\/et_pb_column][\/et_pb_row][et_pb_row column_structure=\u00bb1_4,1_4,1_4,1_4&#8243; use_custom_gutter=\u00bbon\u00bb gutter_width=\u00bb2&#8243; make_equal=\u00bbon\u00bb disabled_on=\u00bboff|off|off\u00bb _builder_version=\u00bb4.16&#8243; width_tablet=\u00bb\u00bb width_phone=\u00bb75%\u00bb width_last_edited=\u00bbon|desktop\u00bb max_width_tablet=\u00bb\u00bb max_width_phone=\u00bb\u00bb max_width_last_edited=\u00bbon|desktop\u00bb module_alignment=\u00bbcenter\u00bb min_height=\u00bb100px\u00bb custom_margin=\u00bb1.9%|auto||auto|false|false\u00bb custom_margin_phone=\u00bb|auto|0%|auto|false|false\u00bb custom_margin_last_edited=\u00bboff|phone\u00bb custom_padding=\u00bb0px|||0px||\u00bb global_colors_info=\u00bb{}\u00bb][et_pb_column type=\u00bb1_4&#8243; _builder_version=\u00bb4.16&#8243; global_colors_info=\u00bb{}\u00bb][et_pb_image src=\u00bbhttps:\/\/www.equiposytalentoeventos.com\/corporate-learning\/wp-content\/uploads\/2023\/10\/RosaRubio_Fujitsu.jpg\u00bb title_text=\u00bblaura_santacreu\u00bb align_tablet=\u00bb\u00bb align_phone=\u00bbleft\u00bb align_last_edited=\u00bbon|phone\u00bb _builder_version=\u00bb4.16&#8243; max_width=\u00bb180px\u00bb custom_padding=\u00bb|0px||||\u00bb border_color_all=\u00bb#ffffff\u00bb locked=\u00bboff\u00bb global_colors_info=\u00bb{}\u00bb][\/et_pb_image][et_pb_text _builder_version=\u00bb4.16&#8243; text_font=\u00bb||||||||\u00bb text_text_color=\u00bb#ffffff\u00bb text_line_height=\u00bb28px\u00bb custom_margin=\u00bb|||0%|false|false\u00bb custom_margin_tablet=\u00bb\u00bb custom_margin_phone=\u00bb|||0%|false|false\u00bb custom_margin_last_edited=\u00bbon|desktop\u00bb text_font_size_tablet=\u00bb\u00bb text_font_size_phone=\u00bb\u00bb text_font_size_last_edited=\u00bbon|desktop\u00bb text_line_height_tablet=\u00bb\u00bb text_line_height_phone=\u00bb\u00bb text_line_height_last_edited=\u00bbon|desktop\u00bb locked=\u00bboff\u00bb global_colors_info=\u00bb{}\u00bb]<\/p>\n<p><span style=\"font-size: 24px; color: #68c4d1;\"><strong><span>Rosa Rubio, <\/span><\/strong><\/span><br \/><span style=\"color: #11d8d8;\"><span style=\"color: #ffffff;\"><span>Head of EX \u2013 Employee Experience &amp; Engagement de<\/span>\u00a0<\/span><strong>FUJITSU<\/strong><\/span><\/p>\n<p>[\/et_pb_text][et_pb_social_media_follow use_icon_font_size=\u00bbon\u00bb icon_font_size=\u00bb22px\u00bb _builder_version=\u00bb4.16&#8243; custom_button=\u00bbon\u00bb module_alignment=\u00bbleft\u00bb custom_margin=\u00bb0%|||0%|false|false\u00bb custom_margin_tablet=\u00bb\u00bb custom_margin_phone=\u00bb|||0%|false|false\u00bb custom_margin_last_edited=\u00bbon|desktop\u00bb border_radii=\u00bbon|100px|100px|100px|100px\u00bb locked=\u00bboff\u00bb global_colors_info=\u00bb{}\u00bb][et_pb_social_media_follow_network social_network=\u00bblinkedin\u00bb url=\u00bbhttps:\/\/es.linkedin.com\/in\/rosa-rubio-06697032&#8243; _builder_version=\u00bb4.16&#8243; background_color=\u00bb#007AB9&#8243; background_enable_color=\u00bbon\u00bb global_colors_info=\u00bb{}\u00bb follow_button=\u00bboff\u00bb url_new_window=\u00bbon\u00bb]linkedin[\/et_pb_social_media_follow_network][et_pb_social_media_follow_network social_network=\u00bbtwitter\u00bb url=\u00bbhttps:\/\/twitter.com\/Fujitsu_Global\u00bb _builder_version=\u00bb4.22.2&#8243; background_color=\u00bb#000000&#8243; global_colors_info=\u00bb{}\u00bb follow_button=\u00bboff\u00bb url_new_window=\u00bbon\u00bb]twitter[\/et_pb_social_media_follow_network][\/et_pb_social_media_follow][\/et_pb_column][et_pb_column type=\u00bb1_4&#8243; _builder_version=\u00bb4.16&#8243; global_colors_info=\u00bb{}\u00bb][et_pb_image src=\u00bbhttps:\/\/www.equiposytalentoeventos.com\/corporate-learning\/wp-content\/uploads\/2023\/10\/Marta-del-Mazo_REPSOL.jpg\u00bb title_text=\u00bblaura_santacreu\u00bb align_tablet=\u00bb\u00bb align_phone=\u00bbleft\u00bb align_last_edited=\u00bbon|phone\u00bb _builder_version=\u00bb4.16&#8243; max_width=\u00bb180px\u00bb custom_padding=\u00bb|0px||||\u00bb border_color_all=\u00bb#ffffff\u00bb global_colors_info=\u00bb{}\u00bb][\/et_pb_image][et_pb_text _builder_version=\u00bb4.16&#8243; text_font=\u00bb||||||||\u00bb text_text_color=\u00bb#ffffff\u00bb text_line_height=\u00bb28px\u00bb custom_margin=\u00bb|||0%|false|false\u00bb custom_margin_tablet=\u00bb\u00bb custom_margin_phone=\u00bb|||0%|false|false\u00bb custom_margin_last_edited=\u00bbon|desktop\u00bb text_font_size_tablet=\u00bb\u00bb text_font_size_phone=\u00bb\u00bb text_font_size_last_edited=\u00bbon|desktop\u00bb text_line_height_tablet=\u00bb\u00bb text_line_height_phone=\u00bb\u00bb text_line_height_last_edited=\u00bbon|desktop\u00bb locked=\u00bboff\u00bb global_colors_info=\u00bb{}\u00bb]<\/p>\n<p><span style=\"font-size: 24px; color: #68c4d1;\"><strong><span>Marta del Mazo, \u00a0 <\/span><\/strong><\/span><br \/><span style=\"color: #11d8d8;\"><strong><span style=\"color: #ffffff;\">Responsable de Formaci\u00f3n y Aprendizaje de <\/span>REPSOL<\/strong><\/span><\/p>\n<p>[\/et_pb_text][et_pb_social_media_follow use_icon_font_size=\u00bbon\u00bb icon_font_size=\u00bb22px\u00bb _builder_version=\u00bb4.16&#8243; custom_button=\u00bbon\u00bb module_alignment=\u00bbleft\u00bb custom_margin=\u00bb0%|||0%|false|false\u00bb custom_margin_tablet=\u00bb\u00bb custom_margin_phone=\u00bb|||0%|false|false\u00bb custom_margin_last_edited=\u00bbon|desktop\u00bb border_radii=\u00bbon|100px|100px|100px|100px\u00bb locked=\u00bboff\u00bb global_colors_info=\u00bb{}\u00bb][et_pb_social_media_follow_network social_network=\u00bblinkedin\u00bb url=\u00bbhttps:\/\/www.linkedin.com\/in\/marta-del-mazo-roquero\/\u00bb _builder_version=\u00bb4.16&#8243; background_color=\u00bb#007AB9&#8243; background_enable_color=\u00bbon\u00bb global_colors_info=\u00bb{}\u00bb follow_button=\u00bboff\u00bb url_new_window=\u00bbon\u00bb]linkedin[\/et_pb_social_media_follow_network][et_pb_social_media_follow_network social_network=\u00bbtwitter\u00bb url=\u00bbhttps:\/\/twitter.com\/Repsol\u00bb _builder_version=\u00bb4.22.2&#8243; background_color=\u00bb#000000&#8243; global_colors_info=\u00bb{}\u00bb follow_button=\u00bboff\u00bb url_new_window=\u00bbon\u00bb]twitter[\/et_pb_social_media_follow_network][\/et_pb_social_media_follow][\/et_pb_column][et_pb_column type=\u00bb1_4&#8243; _builder_version=\u00bb4.16&#8243; global_colors_info=\u00bb{}\u00bb][et_pb_image src=\u00bbhttps:\/\/www.equiposytalentoeventos.com\/corporate-learning\/wp-content\/uploads\/2022\/10\/MarGarre_L\u00ednea-Directa_ok.jpg\u00bb title_text=\u00bblaura_santacreu\u00bb align_tablet=\u00bb\u00bb align_phone=\u00bbleft\u00bb align_last_edited=\u00bbon|phone\u00bb _builder_version=\u00bb4.16&#8243; max_width=\u00bb180px\u00bb custom_padding=\u00bb|0px||||\u00bb border_color_all=\u00bb#ffffff\u00bb global_colors_info=\u00bb{}\u00bb][\/et_pb_image][et_pb_text _builder_version=\u00bb4.16&#8243; text_font=\u00bb||||||||\u00bb text_text_color=\u00bb#ffffff\u00bb text_line_height=\u00bb28px\u00bb custom_margin=\u00bb|||0%|false|false\u00bb custom_margin_tablet=\u00bb\u00bb custom_margin_phone=\u00bb|||0%|false|false\u00bb custom_margin_last_edited=\u00bbon|desktop\u00bb text_font_size_tablet=\u00bb\u00bb text_font_size_phone=\u00bb\u00bb text_font_size_last_edited=\u00bbon|desktop\u00bb text_line_height_tablet=\u00bb\u00bb text_line_height_phone=\u00bb\u00bb text_line_height_last_edited=\u00bbon|desktop\u00bb locked=\u00bboff\u00bb global_colors_info=\u00bb{}\u00bb]<\/p>\n<p><span style=\"font-size: 24px; color: #68c4d1;\"><strong><span>Mar Garre, \u00a0 <\/span><\/strong><\/span><br \/><span style=\"color: #11d8d8;\"><strong><span style=\"color: #ffffff;\">Directora de Personas, Comunicaci\u00f3n y Sostenibilidad de <span style=\"color: #68c4d1;\">L\u00cdNEA DIRECTA<\/span><br \/><\/span><\/strong><\/span><\/p>\n<p>[\/et_pb_text][et_pb_social_media_follow use_icon_font_size=\u00bbon\u00bb icon_font_size=\u00bb22px\u00bb _builder_version=\u00bb4.16&#8243; custom_button=\u00bbon\u00bb module_alignment=\u00bbleft\u00bb custom_margin=\u00bb0%|||0%|false|false\u00bb custom_margin_tablet=\u00bb\u00bb custom_margin_phone=\u00bb|||0%|false|false\u00bb custom_margin_last_edited=\u00bbon|desktop\u00bb border_radii=\u00bbon|100px|100px|100px|100px\u00bb locked=\u00bboff\u00bb global_colors_info=\u00bb{}\u00bb][et_pb_social_media_follow_network social_network=\u00bblinkedin\u00bb url=\u00bbhttps:\/\/www.linkedin.com\/in\/mar-garre\/\u00bb _builder_version=\u00bb4.16&#8243; background_color=\u00bb#007AB9&#8243; background_enable_color=\u00bbon\u00bb global_colors_info=\u00bb{}\u00bb follow_button=\u00bboff\u00bb url_new_window=\u00bbon\u00bb]linkedin[\/et_pb_social_media_follow_network][et_pb_social_media_follow_network social_network=\u00bbtwitter\u00bb url=\u00bbhttps:\/\/twitter.com\/LineaDirecta_es\u00bb _builder_version=\u00bb4.22.2&#8243; background_color=\u00bb#000000&#8243; global_colors_info=\u00bb{}\u00bb follow_button=\u00bboff\u00bb url_new_window=\u00bbon\u00bb]twitter[\/et_pb_social_media_follow_network][\/et_pb_social_media_follow][\/et_pb_column][et_pb_column type=\u00bb1_4&#8243; _builder_version=\u00bb4.16&#8243; global_colors_info=\u00bb{}\u00bb][et_pb_image src=\u00bbhttps:\/\/www.equiposytalentoeventos.com\/corporate-learning\/wp-content\/uploads\/2023\/11\/Anna_OUIGO.jpg\u00bb title_text=\u00bbAnna_OUIGO\u00bb align_tablet=\u00bb\u00bb align_phone=\u00bbleft\u00bb align_last_edited=\u00bbon|phone\u00bb _builder_version=\u00bb4.23.1&#8243; max_width=\u00bb180px\u00bb custom_padding=\u00bb|0px||||\u00bb border_color_all=\u00bb#ffffff\u00bb global_colors_info=\u00bb{}\u00bb][\/et_pb_image][et_pb_text _builder_version=\u00bb4.16&#8243; text_font=\u00bb||||||||\u00bb text_text_color=\u00bb#ffffff\u00bb text_line_height=\u00bb28px\u00bb custom_margin=\u00bb|||0%|false|false\u00bb custom_margin_tablet=\u00bb\u00bb custom_margin_phone=\u00bb|||0%|false|false\u00bb custom_margin_last_edited=\u00bbon|desktop\u00bb text_font_size_tablet=\u00bb\u00bb text_font_size_phone=\u00bb\u00bb text_font_size_last_edited=\u00bbon|desktop\u00bb text_line_height_tablet=\u00bb\u00bb text_line_height_phone=\u00bb\u00bb text_line_height_last_edited=\u00bbon|desktop\u00bb global_colors_info=\u00bb{}\u00bb]<\/p>\n<p><span style=\"font-size: 24px; color: #68c4d1;\"><strong>Anna<\/strong> <strong>Vanaclocha<\/strong>,<strong><span><br \/><\/span><\/strong><\/span><span>Responsable de Talento de<\/span><strong> <\/strong><span style=\"color: #11d8d8;\"><strong>OUIGO ESPA\u00d1A<br \/><\/strong><\/span><\/p>\n<p>[\/et_pb_text][et_pb_social_media_follow use_icon_font_size=\u00bbon\u00bb icon_font_size=\u00bb22px\u00bb _builder_version=\u00bb4.23.1&#8243; custom_button=\u00bbon\u00bb module_alignment=\u00bbleft\u00bb custom_margin=\u00bb0%|||0%|false|false\u00bb custom_margin_tablet=\u00bb\u00bb custom_margin_phone=\u00bb|||0%|false|false\u00bb custom_margin_last_edited=\u00bbon|desktop\u00bb border_radii=\u00bbon|100px|100px|100px|100px\u00bb locked=\u00bboff\u00bb global_colors_info=\u00bb{}\u00bb][et_pb_social_media_follow_network social_network=\u00bblinkedin\u00bb url=\u00bbhttps:\/\/www.linkedin.com\/in\/anna-vanaclocha-gonz%C3%A1lez\/\u00bb _builder_version=\u00bb4.23.1&#8243; background_color=\u00bb#007AB9&#8243; background_enable_color=\u00bbon\u00bb global_colors_info=\u00bb{}\u00bb follow_button=\u00bboff\u00bb url_new_window=\u00bbon\u00bb]linkedin[\/et_pb_social_media_follow_network][et_pb_social_media_follow_network social_network=\u00bbtwitter\u00bb url=\u00bbhttps:\/\/twitter.com\/OUIGO_Es\u00bb _builder_version=\u00bb4.23.1&#8243; background_color=\u00bb#000000&#8243; global_colors_info=\u00bb{}\u00bb follow_button=\u00bboff\u00bb url_new_window=\u00bbon\u00bb]twitter[\/et_pb_social_media_follow_network][\/et_pb_social_media_follow][\/et_pb_column][\/et_pb_row][et_pb_row column_structure=\u00bb1_4,1_4,1_4,1_4&#8243; use_custom_gutter=\u00bbon\u00bb gutter_width=\u00bb2&#8243; make_equal=\u00bbon\u00bb disabled_on=\u00bboff|off|off\u00bb _builder_version=\u00bb4.16&#8243; width_tablet=\u00bb\u00bb width_phone=\u00bb75%\u00bb width_last_edited=\u00bbon|desktop\u00bb max_width_tablet=\u00bb\u00bb max_width_phone=\u00bb\u00bb max_width_last_edited=\u00bbon|desktop\u00bb module_alignment=\u00bbcenter\u00bb min_height=\u00bb100px\u00bb custom_margin=\u00bb1.9%|auto||auto|false|false\u00bb custom_margin_phone=\u00bb|auto|0%|auto|false|false\u00bb custom_margin_last_edited=\u00bboff|phone\u00bb custom_padding=\u00bb0px|||0px||\u00bb global_colors_info=\u00bb{}\u00bb][et_pb_column type=\u00bb1_4&#8243; _builder_version=\u00bb4.16&#8243; global_colors_info=\u00bb{}\u00bb][et_pb_image src=\u00bbhttps:\/\/www.equiposytalentoeventos.com\/corporate-learning\/wp-content\/uploads\/2023\/10\/LuisLanuza_ABANCA.jpeg\u00bb title_text=\u00bblaura_santacreu\u00bb align_tablet=\u00bb\u00bb align_phone=\u00bbleft\u00bb align_last_edited=\u00bbon|phone\u00bb _builder_version=\u00bb4.16&#8243; max_width=\u00bb180px\u00bb custom_padding=\u00bb|0px||||\u00bb border_color_all=\u00bb#ffffff\u00bb global_colors_info=\u00bb{}\u00bb][\/et_pb_image][et_pb_text _builder_version=\u00bb4.16&#8243; text_font=\u00bb||||||||\u00bb text_text_color=\u00bb#ffffff\u00bb text_line_height=\u00bb28px\u00bb custom_margin=\u00bb|||0%|false|false\u00bb custom_margin_tablet=\u00bb\u00bb custom_margin_phone=\u00bb|||0%|false|false\u00bb custom_margin_last_edited=\u00bbon|desktop\u00bb text_font_size_tablet=\u00bb\u00bb text_font_size_phone=\u00bb\u00bb text_font_size_last_edited=\u00bbon|desktop\u00bb text_line_height_tablet=\u00bb\u00bb text_line_height_phone=\u00bb\u00bb text_line_height_last_edited=\u00bbon|desktop\u00bb global_colors_info=\u00bb{}\u00bb]<\/p>\n<p><span style=\"font-size: 24px; color: #68c4d1;\"><strong><span>Luis Lanuza,\u00a0 <br \/><\/span><\/strong><\/span><span>Director de Capacitaci\u00f3n y Gesti\u00f3n del Cambio de<\/span>\u00a0<span style=\"color: #11d8d8;\"><strong>ABANCA<\/strong><\/span><\/p>\n<p>[\/et_pb_text][et_pb_social_media_follow use_icon_font_size=\u00bbon\u00bb icon_font_size=\u00bb22px\u00bb _builder_version=\u00bb4.16&#8243; custom_button=\u00bbon\u00bb module_alignment=\u00bbleft\u00bb custom_margin=\u00bb0%|||0%|false|false\u00bb custom_margin_tablet=\u00bb\u00bb custom_margin_phone=\u00bb|||0%|false|false\u00bb custom_margin_last_edited=\u00bbon|desktop\u00bb border_radii=\u00bbon|100px|100px|100px|100px\u00bb global_colors_info=\u00bb{}\u00bb][et_pb_social_media_follow_network social_network=\u00bblinkedin\u00bb url=\u00bbhttps:\/\/es.linkedin.com\/in\/luislanuza\u00bb _builder_version=\u00bb4.16&#8243; background_color=\u00bb#007AB9&#8243; background_enable_color=\u00bbon\u00bb global_colors_info=\u00bb{}\u00bb follow_button=\u00bboff\u00bb url_new_window=\u00bbon\u00bb]linkedin[\/et_pb_social_media_follow_network][et_pb_social_media_follow_network social_network=\u00bbtwitter\u00bb url=\u00bbhttps:\/\/twitter.com\/SomosABANCA\u00bb _builder_version=\u00bb4.22.2&#8243; background_color=\u00bb#000000&#8243; global_colors_info=\u00bb{}\u00bb follow_button=\u00bboff\u00bb url_new_window=\u00bbon\u00bb]twitter[\/et_pb_social_media_follow_network][\/et_pb_social_media_follow][\/et_pb_column][et_pb_column type=\u00bb1_4&#8243; _builder_version=\u00bb4.16&#8243; global_colors_info=\u00bb{}\u00bb][et_pb_image src=\u00bbhttps:\/\/www.equiposytalentoeventos.com\/corporate-learning\/wp-content\/uploads\/2023\/10\/Susana_Sagivela_Bankinter.jpg\u00bb title_text=\u00bblaura_santacreu\u00bb align_tablet=\u00bb\u00bb align_phone=\u00bbleft\u00bb align_last_edited=\u00bbon|phone\u00bb _builder_version=\u00bb4.16&#8243; max_width=\u00bb180px\u00bb custom_padding=\u00bb|0px||||\u00bb border_color_all=\u00bb#ffffff\u00bb locked=\u00bboff\u00bb global_colors_info=\u00bb{}\u00bb][\/et_pb_image][et_pb_text _builder_version=\u00bb4.16&#8243; text_font=\u00bb||||||||\u00bb text_text_color=\u00bb#ffffff\u00bb text_line_height=\u00bb28px\u00bb custom_margin=\u00bb|||0%|false|false\u00bb custom_margin_tablet=\u00bb\u00bb custom_margin_phone=\u00bb|||0%|false|false\u00bb custom_margin_last_edited=\u00bbon|desktop\u00bb text_font_size_tablet=\u00bb\u00bb text_font_size_phone=\u00bb\u00bb text_font_size_last_edited=\u00bbon|desktop\u00bb text_line_height_tablet=\u00bb\u00bb text_line_height_phone=\u00bb\u00bb text_line_height_last_edited=\u00bbon|desktop\u00bb locked=\u00bboff\u00bb global_colors_info=\u00bb{}\u00bb]<\/p>\n<p><span style=\"font-size: 24px; color: #68c4d1;\"><strong><span>Susana Sagi-Vela,\u00a0 <\/span><\/strong><\/span><br \/><span style=\"color: #11d8d8;\"><span style=\"color: #ffffff;\"><span>Directora de Talento de<\/span><\/span><strong>\u00a0<span>BANKINTER<\/span><\/strong><\/span><\/p>\n<p>[\/et_pb_text][et_pb_social_media_follow use_icon_font_size=\u00bbon\u00bb icon_font_size=\u00bb22px\u00bb _builder_version=\u00bb4.16&#8243; custom_button=\u00bbon\u00bb module_alignment=\u00bbleft\u00bb custom_margin=\u00bb0%|||0%|false|false\u00bb custom_margin_tablet=\u00bb\u00bb custom_margin_phone=\u00bb|||0%|false|false\u00bb custom_margin_last_edited=\u00bbon|desktop\u00bb border_radii=\u00bbon|100px|100px|100px|100px\u00bb locked=\u00bboff\u00bb global_colors_info=\u00bb{}\u00bb][et_pb_social_media_follow_network social_network=\u00bblinkedin\u00bb url=\u00bbhttps:\/\/es.linkedin.com\/in\/susana-sagi-vela\u00bb _builder_version=\u00bb4.16&#8243; background_color=\u00bb#007AB9&#8243; background_enable_color=\u00bbon\u00bb global_colors_info=\u00bb{}\u00bb follow_button=\u00bboff\u00bb url_new_window=\u00bbon\u00bb]linkedin[\/et_pb_social_media_follow_network][et_pb_social_media_follow_network social_network=\u00bbtwitter\u00bb url=\u00bbhttps:\/\/twitter.com\/Bankinter\u00bb _builder_version=\u00bb4.22.2&#8243; background_color=\u00bb#000000&#8243; global_colors_info=\u00bb{}\u00bb follow_button=\u00bboff\u00bb url_new_window=\u00bbon\u00bb]twitter[\/et_pb_social_media_follow_network][\/et_pb_social_media_follow][\/et_pb_column][et_pb_column type=\u00bb1_4&#8243; _builder_version=\u00bb4.16&#8243; global_colors_info=\u00bb{}\u00bb][et_pb_image src=\u00bbhttps:\/\/www.equiposytalentoeventos.com\/corporate-learning\/wp-content\/uploads\/2023\/11\/Miriam_KIABI.jpg\u00bb title_text=\u00bbMiriam_KIABI\u00bb align_tablet=\u00bb\u00bb align_phone=\u00bbleft\u00bb align_last_edited=\u00bbon|phone\u00bb _builder_version=\u00bb4.23.1&#8243; max_width=\u00bb180px\u00bb custom_padding=\u00bb|0px||||\u00bb border_color_all=\u00bb#ffffff\u00bb global_colors_info=\u00bb{}\u00bb][\/et_pb_image][et_pb_text _builder_version=\u00bb4.23.1&#8243; text_font=\u00bb||||||||\u00bb text_text_color=\u00bb#ffffff\u00bb text_line_height=\u00bb28px\u00bb custom_margin=\u00bb|||0%|false|false\u00bb custom_margin_tablet=\u00bb\u00bb custom_margin_phone=\u00bb|||0%|false|false\u00bb custom_margin_last_edited=\u00bbon|desktop\u00bb text_font_size_tablet=\u00bb\u00bb text_font_size_phone=\u00bb\u00bb text_font_size_last_edited=\u00bbon|desktop\u00bb text_line_height_tablet=\u00bb\u00bb text_line_height_phone=\u00bb\u00bb text_line_height_last_edited=\u00bbon|desktop\u00bb locked=\u00bboff\u00bb global_colors_info=\u00bb{}\u00bb]<\/p>\n<p><span style=\"font-size: 24px; color: #68c4d1;\"><strong><span>Miriam Gonz\u00e1lez, \u00a0 <\/span><\/strong><\/span><br \/>HR Learning, Development &amp; People Experience de<strong> <\/strong><span style=\"color: #11d8d8;\"><strong>KIABI<br \/><\/strong><\/span><\/p>\n<p>[\/et_pb_text][et_pb_social_media_follow use_icon_font_size=\u00bbon\u00bb icon_font_size=\u00bb22px\u00bb _builder_version=\u00bb4.23.1&#8243; custom_button=\u00bbon\u00bb module_alignment=\u00bbleft\u00bb custom_margin=\u00bb0%|||0%|false|false\u00bb custom_margin_tablet=\u00bb\u00bb custom_margin_phone=\u00bb|||0%|false|false\u00bb custom_margin_last_edited=\u00bbon|desktop\u00bb border_radii=\u00bbon|100px|100px|100px|100px\u00bb locked=\u00bboff\u00bb global_colors_info=\u00bb{}\u00bb][et_pb_social_media_follow_network social_network=\u00bblinkedin\u00bb url=\u00bbhttps:\/\/www.linkedin.com\/in\/miriam-gonz%C3%A1lez-gonz%C3%A1lez-676bba115\/\u00bb _builder_version=\u00bb4.23.1&#8243; background_color=\u00bb#007AB9&#8243; background_enable_color=\u00bbon\u00bb global_colors_info=\u00bb{}\u00bb follow_button=\u00bboff\u00bb url_new_window=\u00bbon\u00bb]linkedin[\/et_pb_social_media_follow_network][et_pb_social_media_follow_network social_network=\u00bbtwitter\u00bb url=\u00bbhttps:\/\/twitter.com\/KiabiES\u00bb _builder_version=\u00bb4.23.1&#8243; background_color=\u00bb#000000&#8243; global_colors_info=\u00bb{}\u00bb follow_button=\u00bboff\u00bb url_new_window=\u00bbon\u00bb]twitter[\/et_pb_social_media_follow_network][\/et_pb_social_media_follow][\/et_pb_column][et_pb_column type=\u00bb1_4&#8243; _builder_version=\u00bb4.16&#8243; global_colors_info=\u00bb{}\u00bb][et_pb_image src=\u00bbhttps:\/\/www.equiposytalentoeventos.com\/corporate-learning\/wp-content\/uploads\/2023\/10\/Kasia_COCA-COLA.jpg\u00bb title_text=\u00bblaura_santacreu\u00bb align_tablet=\u00bb\u00bb align_phone=\u00bbleft\u00bb align_last_edited=\u00bbon|phone\u00bb _builder_version=\u00bb4.16&#8243; max_width=\u00bb180px\u00bb custom_padding=\u00bb|0px||||\u00bb border_color_all=\u00bb#ffffff\u00bb global_colors_info=\u00bb{}\u00bb][\/et_pb_image][et_pb_text _builder_version=\u00bb4.16&#8243; text_font=\u00bb||||||||\u00bb text_text_color=\u00bb#ffffff\u00bb text_line_height=\u00bb28px\u00bb custom_margin=\u00bb|||0%|false|false\u00bb custom_margin_tablet=\u00bb\u00bb custom_margin_phone=\u00bb|||0%|false|false\u00bb custom_margin_last_edited=\u00bbon|desktop\u00bb text_font_size_tablet=\u00bb\u00bb text_font_size_phone=\u00bb\u00bb text_font_size_last_edited=\u00bbon|desktop\u00bb text_line_height_tablet=\u00bb\u00bb text_line_height_phone=\u00bb\u00bb text_line_height_last_edited=\u00bbon|desktop\u00bb global_colors_info=\u00bb{}\u00bb]<span style=\"font-size: 24px; color: #68c4d1;\"><strong>Kasia Chrol,\u00a0 <\/strong><\/span><br \/>\n<span style=\"color: #11d8d8;\"><span style=\"color: #ffffff;\"><span>Talent Management, Inclusion &#038; Diversity Senior Manager de<\/span><\/span><strong>\u00a0COCA-COLA EUROPACIFIC PARTNERS<\/strong><\/span>[\/et_pb_text][et_pb_social_media_follow use_icon_font_size=\u00bbon\u00bb icon_font_size=\u00bb22px\u00bb _builder_version=\u00bb4.16&#8243; custom_button=\u00bbon\u00bb module_alignment=\u00bbleft\u00bb custom_margin=\u00bb0%|||0%|false|false\u00bb custom_margin_tablet=\u00bb\u00bb custom_margin_phone=\u00bb|||0%|false|false\u00bb custom_margin_last_edited=\u00bbon|desktop\u00bb border_radii=\u00bbon|100px|100px|100px|100px\u00bb locked=\u00bboff\u00bb global_colors_info=\u00bb{}\u00bb][et_pb_social_media_follow_network social_network=\u00bblinkedin\u00bb url=\u00bbhttps:\/\/www.linkedin.com\/in\/katarzynachrol\/\u00bb _builder_version=\u00bb4.16&#8243; background_color=\u00bb#007AB9&#8243; background_enable_color=\u00bbon\u00bb global_colors_info=\u00bb{}\u00bb follow_button=\u00bboff\u00bb url_new_window=\u00bbon\u00bb]linkedin[\/et_pb_social_media_follow_network][et_pb_social_media_follow_network social_network=\u00bbtwitter\u00bb url=\u00bbhttps:\/\/twitter.com\/CocaColaEP\u00bb _builder_version=\u00bb4.22.2&#8243; background_color=\u00bb#000000&#8243; global_colors_info=\u00bb{}\u00bb follow_button=\u00bboff\u00bb url_new_window=\u00bbon\u00bb]twitter[\/et_pb_social_media_follow_network][\/et_pb_social_media_follow][\/et_pb_column][\/et_pb_row][et_pb_row column_structure=\u00bb1_4,1_4,1_4,1_4&#8243; use_custom_gutter=\u00bbon\u00bb gutter_width=\u00bb2&#8243; make_equal=\u00bbon\u00bb disabled_on=\u00bboff|off|off\u00bb _builder_version=\u00bb4.16&#8243; width_tablet=\u00bb\u00bb width_phone=\u00bb75%\u00bb width_last_edited=\u00bbon|desktop\u00bb max_width_tablet=\u00bb\u00bb max_width_phone=\u00bb\u00bb max_width_last_edited=\u00bbon|desktop\u00bb module_alignment=\u00bbcenter\u00bb min_height=\u00bb100px\u00bb custom_margin=\u00bb1.9%|auto||auto|false|false\u00bb custom_margin_phone=\u00bb|auto|0%|auto|false|false\u00bb custom_margin_last_edited=\u00bboff|phone\u00bb custom_padding=\u00bb0px|||0px||\u00bb global_colors_info=\u00bb{}\u00bb][et_pb_column type=\u00bb1_4&#8243; _builder_version=\u00bb4.16&#8243; global_colors_info=\u00bb{}\u00bb][et_pb_image src=\u00bbhttps:\/\/www.equiposytalentoeventos.com\/corporate-learning\/wp-content\/uploads\/2023\/10\/JuanaRodero_PRIMARK.jpg\u00bb title_text=\u00bblaura_santacreu\u00bb align_tablet=\u00bb\u00bb align_phone=\u00bbleft\u00bb align_last_edited=\u00bbon|phone\u00bb _builder_version=\u00bb4.16&#8243; max_width=\u00bb180px\u00bb custom_padding=\u00bb|0px||||\u00bb border_color_all=\u00bb#ffffff\u00bb global_colors_info=\u00bb{}\u00bb][\/et_pb_image][et_pb_text _builder_version=\u00bb4.16&#8243; text_font=\u00bb||||||||\u00bb text_text_color=\u00bb#ffffff\u00bb text_line_height=\u00bb28px\u00bb custom_margin=\u00bb|||0%|false|false\u00bb custom_margin_tablet=\u00bb\u00bb custom_margin_phone=\u00bb|||0%|false|false\u00bb custom_margin_last_edited=\u00bbon|desktop\u00bb text_font_size_tablet=\u00bb\u00bb text_font_size_phone=\u00bb\u00bb text_font_size_last_edited=\u00bbon|desktop\u00bb text_line_height_tablet=\u00bb\u00bb text_line_height_phone=\u00bb\u00bb text_line_height_last_edited=\u00bbon|desktop\u00bb global_colors_info=\u00bb{}\u00bb]<\/p>\n<p><span style=\"font-size: 24px; color: #68c4d1;\"><strong><span>Juana Rodero,\u00a0 <br \/><\/span><\/strong><\/span>People &amp; Culture Executive de <strong><span style=\"color: #11d8d8;\">PRIMARK<\/span><\/strong><\/p>\n<p>[\/et_pb_text][et_pb_social_media_follow use_icon_font_size=\u00bbon\u00bb icon_font_size=\u00bb22px\u00bb _builder_version=\u00bb4.16&#8243; custom_button=\u00bbon\u00bb module_alignment=\u00bbleft\u00bb custom_margin=\u00bb0%|||0%|false|false\u00bb custom_margin_tablet=\u00bb\u00bb custom_margin_phone=\u00bb|||0%|false|false\u00bb custom_margin_last_edited=\u00bbon|desktop\u00bb border_radii=\u00bbon|100px|100px|100px|100px\u00bb global_colors_info=\u00bb{}\u00bb][et_pb_social_media_follow_network social_network=\u00bblinkedin\u00bb url=\u00bbhttps:\/\/www.linkedin.com\/in\/juanarodero\/\u00bb _builder_version=\u00bb4.16&#8243; background_color=\u00bb#007AB9&#8243; background_enable_color=\u00bbon\u00bb global_colors_info=\u00bb{}\u00bb follow_button=\u00bboff\u00bb url_new_window=\u00bbon\u00bb]linkedin[\/et_pb_social_media_follow_network][et_pb_social_media_follow_network social_network=\u00bbtwitter\u00bb url=\u00bbhttps:\/\/twitter.com\/Primark\u00bb _builder_version=\u00bb4.22.2&#8243; background_color=\u00bb#000000&#8243; global_colors_info=\u00bb{}\u00bb follow_button=\u00bboff\u00bb url_new_window=\u00bbon\u00bb]twitter[\/et_pb_social_media_follow_network][\/et_pb_social_media_follow][\/et_pb_column][et_pb_column type=\u00bb1_4&#8243; _builder_version=\u00bb4.16&#8243; global_colors_info=\u00bb{}\u00bb][et_pb_image src=\u00bbhttps:\/\/www.equiposytalentoeventos.com\/corporate-learning\/wp-content\/uploads\/2023\/10\/Daniela_TK-ELEVATOR.jpeg\u00bb title_text=\u00bblaura_santacreu\u00bb align_tablet=\u00bb\u00bb align_phone=\u00bbleft\u00bb align_last_edited=\u00bbon|phone\u00bb _builder_version=\u00bb4.16&#8243; max_width=\u00bb180px\u00bb custom_padding=\u00bb|0px||||\u00bb border_color_all=\u00bb#ffffff\u00bb locked=\u00bboff\u00bb global_colors_info=\u00bb{}\u00bb][\/et_pb_image][et_pb_text _builder_version=\u00bb4.16&#8243; text_font=\u00bb||||||||\u00bb text_text_color=\u00bb#ffffff\u00bb text_line_height=\u00bb28px\u00bb custom_margin=\u00bb|||0%|false|false\u00bb custom_margin_tablet=\u00bb\u00bb custom_margin_phone=\u00bb|||0%|false|false\u00bb custom_margin_last_edited=\u00bbon|desktop\u00bb text_font_size_tablet=\u00bb\u00bb text_font_size_phone=\u00bb\u00bb text_font_size_last_edited=\u00bbon|desktop\u00bb text_line_height_tablet=\u00bb\u00bb text_line_height_phone=\u00bb\u00bb text_line_height_last_edited=\u00bbon|desktop\u00bb locked=\u00bboff\u00bb global_colors_info=\u00bb{}\u00bb]<\/p>\n<p><span style=\"font-size: 24px; color: #68c4d1;\"><strong><span>Daniela Dehne,\u00a0 <\/span><\/strong><\/span><br \/><span style=\"color: #11d8d8;\"><strong><span style=\"color: #ffffff;\">Head of Talent Management de<\/span>\u00a0<br \/><\/strong><\/span><span style=\"color: #11d8d8;\"><strong>TK ELEVATOR<\/strong><\/span><\/p>\n<p>[\/et_pb_text][et_pb_social_media_follow use_icon_font_size=\u00bbon\u00bb icon_font_size=\u00bb22px\u00bb _builder_version=\u00bb4.16&#8243; custom_button=\u00bbon\u00bb module_alignment=\u00bbleft\u00bb custom_margin=\u00bb0%|||0%|false|false\u00bb custom_margin_tablet=\u00bb\u00bb custom_margin_phone=\u00bb|||0%|false|false\u00bb custom_margin_last_edited=\u00bbon|desktop\u00bb border_radii=\u00bbon|100px|100px|100px|100px\u00bb locked=\u00bboff\u00bb global_colors_info=\u00bb{}\u00bb][et_pb_social_media_follow_network social_network=\u00bblinkedin\u00bb url=\u00bbhttps:\/\/es.linkedin.com\/in\/daniela-dehne-b3340419&#8243; _builder_version=\u00bb4.16&#8243; background_color=\u00bb#007AB9&#8243; background_enable_color=\u00bbon\u00bb global_colors_info=\u00bb{}\u00bb follow_button=\u00bboff\u00bb url_new_window=\u00bbon\u00bb]linkedin[\/et_pb_social_media_follow_network][et_pb_social_media_follow_network social_network=\u00bbtwitter\u00bb url=\u00bbhttps:\/\/twitter.com\/TKE_ES\u00bb _builder_version=\u00bb4.22.2&#8243; background_color=\u00bb#000000&#8243; global_colors_info=\u00bb{}\u00bb follow_button=\u00bboff\u00bb url_new_window=\u00bbon\u00bb]twitter[\/et_pb_social_media_follow_network][\/et_pb_social_media_follow][\/et_pb_column][et_pb_column type=\u00bb1_4&#8243; _builder_version=\u00bb4.16&#8243; global_colors_info=\u00bb{}\u00bb][et_pb_image src=\u00bbhttps:\/\/www.equiposytalentoeventos.com\/corporate-learning\/wp-content\/uploads\/2020\/11\/oriol_mas.jpg\u00bb title_text=\u00bboriol_mas\u00bb align_tablet=\u00bb\u00bb align_phone=\u00bbleft\u00bb align_last_edited=\u00bbon|phone\u00bb _builder_version=\u00bb4.23.1&#8243; max_width=\u00bb180px\u00bb custom_padding=\u00bb|0px||||\u00bb border_color_all=\u00bb#ffffff\u00bb global_colors_info=\u00bb{}\u00bb][\/et_pb_image][et_pb_text _builder_version=\u00bb4.16&#8243; text_font=\u00bb||||||||\u00bb text_text_color=\u00bb#ffffff\u00bb text_line_height=\u00bb28px\u00bb custom_margin=\u00bb|||0%|false|false\u00bb custom_margin_tablet=\u00bb\u00bb custom_margin_phone=\u00bb|||0%|false|false\u00bb custom_margin_last_edited=\u00bbon|desktop\u00bb text_font_size_tablet=\u00bb\u00bb text_font_size_phone=\u00bb\u00bb text_font_size_last_edited=\u00bbon|desktop\u00bb text_line_height_tablet=\u00bb\u00bb text_line_height_phone=\u00bb\u00bb text_line_height_last_edited=\u00bbon|desktop\u00bb global_colors_info=\u00bb{}\u00bb]<\/p>\n<p><span style=\"font-size: 24px; color: #68c4d1;\"><strong>Oriol Mas,\u00a0 <\/strong><\/span><br \/><span style=\"color: #11d8d8;\"><span style=\"color: #ffffff;\"><span>Director General de<\/span><\/span><strong>\u00a0RANDSTAD LEARNING<br \/><\/strong><\/span><\/p>\n<p>[\/et_pb_text][et_pb_social_media_follow use_icon_font_size=\u00bbon\u00bb icon_font_size=\u00bb22px\u00bb _builder_version=\u00bb4.23.1&#8243; custom_button=\u00bbon\u00bb module_alignment=\u00bbleft\u00bb custom_margin=\u00bb0%|||0%|false|false\u00bb custom_margin_tablet=\u00bb\u00bb custom_margin_phone=\u00bb|||0%|false|false\u00bb custom_margin_last_edited=\u00bbon|desktop\u00bb border_radii=\u00bbon|100px|100px|100px|100px\u00bb locked=\u00bboff\u00bb global_colors_info=\u00bb{}\u00bb][et_pb_social_media_follow_network social_network=\u00bblinkedin\u00bb url=\u00bbhttps:\/\/www.linkedin.com\/in\/oriolmas\/\u00bb _builder_version=\u00bb4.23.1&#8243; background_color=\u00bb#007AB9&#8243; background_enable_color=\u00bbon\u00bb global_colors_info=\u00bb{}\u00bb follow_button=\u00bboff\u00bb url_new_window=\u00bbon\u00bb]linkedin[\/et_pb_social_media_follow_network][et_pb_social_media_follow_network social_network=\u00bbtwitter\u00bb url=\u00bbhttps:\/\/twitter.com\/Randstad_es\u00bb _builder_version=\u00bb4.23.1&#8243; background_color=\u00bb#000000&#8243; global_colors_info=\u00bb{}\u00bb follow_button=\u00bboff\u00bb url_new_window=\u00bbon\u00bb]twitter[\/et_pb_social_media_follow_network][\/et_pb_social_media_follow][\/et_pb_column][et_pb_column type=\u00bb1_4&#8243; _builder_version=\u00bb4.16&#8243; global_colors_info=\u00bb{}\u00bb][et_pb_image src=\u00bbhttps:\/\/www.equiposytalentoeventos.com\/corporate-learning\/wp-content\/uploads\/2023\/10\/TamaraCodon_NAVANTIA.jpeg\u00bb title_text=\u00bblaura_santacreu\u00bb align_tablet=\u00bb\u00bb align_phone=\u00bbleft\u00bb align_last_edited=\u00bbon|phone\u00bb _builder_version=\u00bb4.16&#8243; max_width=\u00bb180px\u00bb custom_padding=\u00bb|0px||||\u00bb border_color_all=\u00bb#ffffff\u00bb global_colors_info=\u00bb{}\u00bb][\/et_pb_image][et_pb_text _builder_version=\u00bb4.16&#8243; text_font=\u00bb||||||||\u00bb text_text_color=\u00bb#ffffff\u00bb text_line_height=\u00bb28px\u00bb custom_margin=\u00bb|||0%|false|false\u00bb custom_margin_tablet=\u00bb\u00bb custom_margin_phone=\u00bb|||0%|false|false\u00bb custom_margin_last_edited=\u00bbon|desktop\u00bb text_font_size_tablet=\u00bb\u00bb text_font_size_phone=\u00bb\u00bb text_font_size_last_edited=\u00bbon|desktop\u00bb text_line_height_tablet=\u00bb\u00bb text_line_height_phone=\u00bb\u00bb text_line_height_last_edited=\u00bbon|desktop\u00bb global_colors_info=\u00bb{}\u00bb]<\/p>\n<p><span style=\"font-size: 24px; color: #68c4d1;\"><strong>Tamara Codon,\u00a0 <\/strong><\/span><br \/><span style=\"color: #11d8d8;\"><span style=\"color: #f2f2f2;\">Head of HR Development &amp; Change Management de<\/span><strong> NAVANTIA<\/strong><\/span><\/p>\n<p>[\/et_pb_text][et_pb_social_media_follow use_icon_font_size=\u00bbon\u00bb icon_font_size=\u00bb22px\u00bb _builder_version=\u00bb4.16&#8243; custom_button=\u00bbon\u00bb module_alignment=\u00bbleft\u00bb custom_margin=\u00bb0%|||0%|false|false\u00bb custom_margin_tablet=\u00bb\u00bb custom_margin_phone=\u00bb|||0%|false|false\u00bb custom_margin_last_edited=\u00bbon|desktop\u00bb border_radii=\u00bbon|100px|100px|100px|100px\u00bb locked=\u00bboff\u00bb global_colors_info=\u00bb{}\u00bb][et_pb_social_media_follow_network social_network=\u00bblinkedin\u00bb url=\u00bbhttps:\/\/www.linkedin.com\/in\/tamara-codon-varona-2b4a0933\/\u00bb _builder_version=\u00bb4.16&#8243; background_color=\u00bb#007AB9&#8243; background_enable_color=\u00bbon\u00bb global_colors_info=\u00bb{}\u00bb follow_button=\u00bboff\u00bb url_new_window=\u00bbon\u00bb]linkedin[\/et_pb_social_media_follow_network][et_pb_social_media_follow_network social_network=\u00bbtwitter\u00bb url=\u00bbhttps:\/\/twitter.com\/NavantiaOficial\u00bb _builder_version=\u00bb4.22.2&#8243; background_color=\u00bb#000000&#8243; global_colors_info=\u00bb{}\u00bb follow_button=\u00bboff\u00bb url_new_window=\u00bbon\u00bb]twitter[\/et_pb_social_media_follow_network][\/et_pb_social_media_follow][\/et_pb_column][\/et_pb_row][et_pb_row column_structure=\u00bb1_4,1_4,1_4,1_4&#8243; use_custom_gutter=\u00bbon\u00bb gutter_width=\u00bb2&#8243; make_equal=\u00bbon\u00bb disabled_on=\u00bboff|off|off\u00bb _builder_version=\u00bb4.16&#8243; width_tablet=\u00bb\u00bb width_phone=\u00bb75%\u00bb width_last_edited=\u00bbon|desktop\u00bb max_width_tablet=\u00bb\u00bb max_width_phone=\u00bb\u00bb max_width_last_edited=\u00bbon|desktop\u00bb module_alignment=\u00bbcenter\u00bb min_height=\u00bb100px\u00bb custom_margin=\u00bb1.9%|auto||auto|false|false\u00bb custom_margin_phone=\u00bb|auto|0%|auto|false|false\u00bb custom_margin_last_edited=\u00bboff|phone\u00bb custom_padding=\u00bb0px|||0px||\u00bb global_colors_info=\u00bb{}\u00bb][et_pb_column type=\u00bb1_4&#8243; _builder_version=\u00bb4.16&#8243; global_colors_info=\u00bb{}\u00bb][et_pb_image src=\u00bbhttps:\/\/www.equiposytalentoeventos.com\/corporate-learning\/wp-content\/uploads\/2023\/10\/Rafael_CEPSA.jpeg\u00bb title_text=\u00bblaura_santacreu\u00bb align_tablet=\u00bb\u00bb align_phone=\u00bbleft\u00bb align_last_edited=\u00bbon|phone\u00bb _builder_version=\u00bb4.16&#8243; max_width=\u00bb180px\u00bb custom_padding=\u00bb|0px||||\u00bb border_color_all=\u00bb#ffffff\u00bb global_colors_info=\u00bb{}\u00bb][\/et_pb_image][et_pb_text _builder_version=\u00bb4.16&#8243; text_font=\u00bb||||||||\u00bb text_text_color=\u00bb#ffffff\u00bb text_line_height=\u00bb28px\u00bb custom_margin=\u00bb|||0%|false|false\u00bb custom_margin_tablet=\u00bb\u00bb custom_margin_phone=\u00bb|||0%|false|false\u00bb custom_margin_last_edited=\u00bbon|desktop\u00bb text_font_size_tablet=\u00bb\u00bb text_font_size_phone=\u00bb\u00bb text_font_size_last_edited=\u00bbon|desktop\u00bb text_line_height_tablet=\u00bb\u00bb text_line_height_phone=\u00bb\u00bb text_line_height_last_edited=\u00bbon|desktop\u00bb global_colors_info=\u00bb{}\u00bb]<\/p>\n<p><span style=\"font-size: 24px; color: #68c4d1;\"><strong><span>Rafael Fern\u00e1ndez,\u00a0 <br \/><\/span><\/strong><\/span>Director de Talento de <span style=\"color: #11d8d8;\">CEPSA<\/span><\/p>\n<p>[\/et_pb_text][et_pb_social_media_follow use_icon_font_size=\u00bbon\u00bb icon_font_size=\u00bb22px\u00bb _builder_version=\u00bb4.16&#8243; custom_button=\u00bbon\u00bb module_alignment=\u00bbleft\u00bb custom_margin=\u00bb0%|||0%|false|false\u00bb custom_margin_tablet=\u00bb\u00bb custom_margin_phone=\u00bb|||0%|false|false\u00bb custom_margin_last_edited=\u00bbon|desktop\u00bb border_radii=\u00bbon|100px|100px|100px|100px\u00bb global_colors_info=\u00bb{}\u00bb][et_pb_social_media_follow_network social_network=\u00bblinkedin\u00bb url=\u00bbhttps:\/\/www.linkedin.com\/in\/rafael-fern%C3%A1ndez-qundez-73b13b5\/\u00bb _builder_version=\u00bb4.16&#8243; background_color=\u00bb#007AB9&#8243; background_enable_color=\u00bbon\u00bb global_colors_info=\u00bb{}\u00bb follow_button=\u00bboff\u00bb url_new_window=\u00bbon\u00bb]linkedin[\/et_pb_social_media_follow_network][et_pb_social_media_follow_network social_network=\u00bbtwitter\u00bb url=\u00bbhttps:\/\/twitter.com\/Cepsa_ES\u00bb _builder_version=\u00bb4.22.2&#8243; background_color=\u00bb#000000&#8243; global_colors_info=\u00bb{}\u00bb follow_button=\u00bboff\u00bb url_new_window=\u00bbon\u00bb]twitter[\/et_pb_social_media_follow_network][\/et_pb_social_media_follow][\/et_pb_column][et_pb_column type=\u00bb1_4&#8243; _builder_version=\u00bb4.16&#8243; global_colors_info=\u00bb{}\u00bb][et_pb_image src=\u00bbhttps:\/\/www.equiposytalentoeventos.com\/corporate-learning\/wp-content\/uploads\/2023\/10\/Daniel_SANITAS.jpg\u00bb title_text=\u00bblaura_santacreu\u00bb align_tablet=\u00bb\u00bb align_phone=\u00bbleft\u00bb align_last_edited=\u00bbon|phone\u00bb _builder_version=\u00bb4.16&#8243; max_width=\u00bb180px\u00bb custom_padding=\u00bb|0px||||\u00bb border_color_all=\u00bb#ffffff\u00bb locked=\u00bboff\u00bb global_colors_info=\u00bb{}\u00bb][\/et_pb_image][et_pb_text _builder_version=\u00bb4.16&#8243; text_font=\u00bb||||||||\u00bb text_text_color=\u00bb#ffffff\u00bb text_line_height=\u00bb28px\u00bb custom_margin=\u00bb|||0%|false|false\u00bb custom_margin_tablet=\u00bb\u00bb custom_margin_phone=\u00bb|||0%|false|false\u00bb custom_margin_last_edited=\u00bbon|desktop\u00bb text_font_size_tablet=\u00bb\u00bb text_font_size_phone=\u00bb\u00bb text_font_size_last_edited=\u00bbon|desktop\u00bb text_line_height_tablet=\u00bb\u00bb text_line_height_phone=\u00bb\u00bb text_line_height_last_edited=\u00bbon|desktop\u00bb locked=\u00bboff\u00bb global_colors_info=\u00bb{}\u00bb]<\/p>\n<p><span style=\"font-size: 24px; color: #68c4d1;\"><strong><span>Daniel Ferreiro,\u00a0 <\/span><\/strong><\/span><br \/><strong>Responsable <\/strong><span style=\"color: #11d8d8;\"><strong><span style=\"color: #ffffff;\">de Formaci\u00f3n y Selecci\u00f3n de<\/span><br \/> SANITAS<\/strong><\/span><\/p>\n<p>[\/et_pb_text][et_pb_social_media_follow use_icon_font_size=\u00bbon\u00bb icon_font_size=\u00bb22px\u00bb _builder_version=\u00bb4.16&#8243; custom_button=\u00bbon\u00bb module_alignment=\u00bbleft\u00bb custom_margin=\u00bb0%|||0%|false|false\u00bb custom_margin_tablet=\u00bb\u00bb custom_margin_phone=\u00bb|||0%|false|false\u00bb custom_margin_last_edited=\u00bbon|desktop\u00bb border_radii=\u00bbon|100px|100px|100px|100px\u00bb locked=\u00bboff\u00bb global_colors_info=\u00bb{}\u00bb][et_pb_social_media_follow_network social_network=\u00bblinkedin\u00bb url=\u00bbhttps:\/\/www.linkedin.com\/in\/danielferreiro\/\u00bb _builder_version=\u00bb4.16&#8243; background_color=\u00bb#007AB9&#8243; background_enable_color=\u00bbon\u00bb global_colors_info=\u00bb{}\u00bb follow_button=\u00bboff\u00bb url_new_window=\u00bbon\u00bb]linkedin[\/et_pb_social_media_follow_network][et_pb_social_media_follow_network social_network=\u00bbtwitter\u00bb url=\u00bbhttps:\/\/twitter.com\/sanitas\u00bb _builder_version=\u00bb4.22.2&#8243; background_color=\u00bb#000000&#8243; global_colors_info=\u00bb{}\u00bb follow_button=\u00bboff\u00bb url_new_window=\u00bbon\u00bb]twitter[\/et_pb_social_media_follow_network][\/et_pb_social_media_follow][\/et_pb_column][et_pb_column type=\u00bb1_4&#8243; _builder_version=\u00bb4.16&#8243; global_colors_info=\u00bb{}\u00bb][et_pb_image src=\u00bbhttps:\/\/www.equiposytalentoeventos.com\/corporate-learning\/wp-content\/uploads\/2023\/10\/Esperanza_SEUR.jpg\u00bb title_text=\u00bblaura_santacreu\u00bb align_tablet=\u00bb\u00bb align_phone=\u00bbleft\u00bb align_last_edited=\u00bbon|phone\u00bb _builder_version=\u00bb4.16&#8243; max_width=\u00bb180px\u00bb custom_padding=\u00bb|0px||||\u00bb border_color_all=\u00bb#ffffff\u00bb global_colors_info=\u00bb{}\u00bb][\/et_pb_image][et_pb_text _builder_version=\u00bb4.16&#8243; text_font=\u00bb||||||||\u00bb text_text_color=\u00bb#ffffff\u00bb text_line_height=\u00bb28px\u00bb custom_margin=\u00bb|||0%|false|false\u00bb custom_margin_tablet=\u00bb\u00bb custom_margin_phone=\u00bb|||0%|false|false\u00bb custom_margin_last_edited=\u00bbon|desktop\u00bb text_font_size_tablet=\u00bb\u00bb text_font_size_phone=\u00bb\u00bb text_font_size_last_edited=\u00bbon|desktop\u00bb text_line_height_tablet=\u00bb\u00bb text_line_height_phone=\u00bb\u00bb text_line_height_last_edited=\u00bbon|desktop\u00bb global_colors_info=\u00bb{}\u00bb]<\/p>\n<p><span style=\"font-size: 24px; color: #68c4d1;\"><strong>Esperanza N\u00fa\u00f1ez,\u00a0 <\/strong><\/span><br \/><span style=\"color: #11d8d8;\"><strong><span style=\"color: #ffffff;\">Responsable de Talento de<\/span> SEUR<\/strong><\/span><\/p>\n<p>[\/et_pb_text][et_pb_social_media_follow use_icon_font_size=\u00bbon\u00bb icon_font_size=\u00bb22px\u00bb _builder_version=\u00bb4.16&#8243; custom_button=\u00bbon\u00bb module_alignment=\u00bbleft\u00bb custom_margin=\u00bb0%|||0%|false|false\u00bb custom_margin_tablet=\u00bb\u00bb custom_margin_phone=\u00bb|||0%|false|false\u00bb custom_margin_last_edited=\u00bbon|desktop\u00bb border_radii=\u00bbon|100px|100px|100px|100px\u00bb locked=\u00bboff\u00bb global_colors_info=\u00bb{}\u00bb][et_pb_social_media_follow_network social_network=\u00bblinkedin\u00bb url=\u00bbhttps:\/\/www.linkedin.com\/in\/esperanzanunez\/\u00bb _builder_version=\u00bb4.16&#8243; background_color=\u00bb#007AB9&#8243; background_enable_color=\u00bbon\u00bb global_colors_info=\u00bb{}\u00bb follow_button=\u00bboff\u00bb url_new_window=\u00bbon\u00bb]linkedin[\/et_pb_social_media_follow_network][et_pb_social_media_follow_network social_network=\u00bbtwitter\u00bb url=\u00bbhttps:\/\/twitter.com\/SEUR\u00bb _builder_version=\u00bb4.22.2&#8243; background_color=\u00bb#000000&#8243; global_colors_info=\u00bb{}\u00bb follow_button=\u00bboff\u00bb url_new_window=\u00bbon\u00bb]twitter[\/et_pb_social_media_follow_network][\/et_pb_social_media_follow][\/et_pb_column][et_pb_column type=\u00bb1_4&#8243; _builder_version=\u00bb4.16&#8243; global_colors_info=\u00bb{}\u00bb][et_pb_image src=\u00bbhttps:\/\/www.equiposytalentoeventos.com\/corporate-learning\/wp-content\/uploads\/2023\/10\/PilarBello_GFT.jpg\u00bb title_text=\u00bblaura_santacreu\u00bb align_tablet=\u00bb\u00bb align_phone=\u00bbleft\u00bb align_last_edited=\u00bbon|phone\u00bb _builder_version=\u00bb4.16&#8243; max_width=\u00bb180px\u00bb custom_padding=\u00bb|0px||||\u00bb border_color_all=\u00bb#ffffff\u00bb global_colors_info=\u00bb{}\u00bb][\/et_pb_image][et_pb_text _builder_version=\u00bb4.16&#8243; text_font=\u00bb||||||||\u00bb text_text_color=\u00bb#ffffff\u00bb text_line_height=\u00bb28px\u00bb custom_margin=\u00bb|||0%|false|false\u00bb custom_margin_tablet=\u00bb\u00bb custom_margin_phone=\u00bb|||0%|false|false\u00bb custom_margin_last_edited=\u00bbon|desktop\u00bb text_font_size_tablet=\u00bb\u00bb text_font_size_phone=\u00bb\u00bb text_font_size_last_edited=\u00bbon|desktop\u00bb text_line_height_tablet=\u00bb\u00bb text_line_height_phone=\u00bb\u00bb text_line_height_last_edited=\u00bbon|desktop\u00bb global_colors_info=\u00bb{}\u00bb]<\/p>\n<p><span style=\"font-size: 24px; color: #68c4d1;\"><strong>Pilar Bello,\u00a0 <\/strong><\/span><br \/><span style=\"color: #11d8d8;\"><strong><span style=\"color: #ffffff;\">Learning &amp; Development Manager de<\/span> GFT<\/strong><\/span><\/p>\n<p>[\/et_pb_text][et_pb_social_media_follow use_icon_font_size=\u00bbon\u00bb icon_font_size=\u00bb22px\u00bb _builder_version=\u00bb4.16&#8243; custom_button=\u00bbon\u00bb module_alignment=\u00bbleft\u00bb custom_margin=\u00bb0%|||0%|false|false\u00bb custom_margin_tablet=\u00bb\u00bb custom_margin_phone=\u00bb|||0%|false|false\u00bb custom_margin_last_edited=\u00bbon|desktop\u00bb border_radii=\u00bbon|100px|100px|100px|100px\u00bb locked=\u00bboff\u00bb global_colors_info=\u00bb{}\u00bb][et_pb_social_media_follow_network social_network=\u00bblinkedin\u00bb url=\u00bbhttps:\/\/www.linkedin.com\/in\/pilarbello\/\u00bb _builder_version=\u00bb4.16&#8243; background_color=\u00bb#007AB9&#8243; background_enable_color=\u00bbon\u00bb global_colors_info=\u00bb{}\u00bb follow_button=\u00bboff\u00bb url_new_window=\u00bbon\u00bb]linkedin[\/et_pb_social_media_follow_network][et_pb_social_media_follow_network social_network=\u00bbtwitter\u00bb url=\u00bbhttps:\/\/twitter.com\/gft_es\u00bb _builder_version=\u00bb4.22.2&#8243; background_color=\u00bb#000000&#8243; global_colors_info=\u00bb{}\u00bb follow_button=\u00bboff\u00bb url_new_window=\u00bbon\u00bb]twitter[\/et_pb_social_media_follow_network][\/et_pb_social_media_follow][\/et_pb_column][\/et_pb_row][et_pb_row column_structure=\u00bb1_4,1_4,1_4,1_4&#8243; use_custom_gutter=\u00bbon\u00bb gutter_width=\u00bb2&#8243; make_equal=\u00bbon\u00bb disabled_on=\u00bboff|off|off\u00bb _builder_version=\u00bb4.16&#8243; width_tablet=\u00bb\u00bb width_phone=\u00bb75%\u00bb width_last_edited=\u00bbon|desktop\u00bb max_width_tablet=\u00bb\u00bb max_width_phone=\u00bb\u00bb max_width_last_edited=\u00bbon|desktop\u00bb module_alignment=\u00bbcenter\u00bb min_height=\u00bb100px\u00bb custom_margin=\u00bb1.9%|auto||auto|false|false\u00bb custom_margin_phone=\u00bb|auto|0%|auto|false|false\u00bb custom_margin_last_edited=\u00bboff|phone\u00bb custom_padding=\u00bb0px|||0px||\u00bb global_colors_info=\u00bb{}\u00bb][et_pb_column type=\u00bb1_4&#8243; _builder_version=\u00bb4.16&#8243; global_colors_info=\u00bb{}\u00bb][et_pb_image src=\u00bbhttps:\/\/www.equiposytalentoeventos.com\/corporate-learning\/wp-content\/uploads\/2023\/10\/MireiaSegura_ALLIANZ.jpeg\u00bb title_text=\u00bblaura_santacreu\u00bb align_tablet=\u00bb\u00bb align_phone=\u00bbleft\u00bb align_last_edited=\u00bbon|phone\u00bb _builder_version=\u00bb4.16&#8243; max_width=\u00bb180px\u00bb custom_padding=\u00bb|0px||||\u00bb border_color_all=\u00bb#ffffff\u00bb global_colors_info=\u00bb{}\u00bb][\/et_pb_image][et_pb_text _builder_version=\u00bb4.16&#8243; text_font=\u00bb||||||||\u00bb text_text_color=\u00bb#ffffff\u00bb text_line_height=\u00bb28px\u00bb custom_margin=\u00bb|||0%|false|false\u00bb custom_margin_tablet=\u00bb\u00bb custom_margin_phone=\u00bb|||0%|false|false\u00bb custom_margin_last_edited=\u00bbon|desktop\u00bb text_font_size_tablet=\u00bb\u00bb text_font_size_phone=\u00bb\u00bb text_font_size_last_edited=\u00bbon|desktop\u00bb text_line_height_tablet=\u00bb\u00bb text_line_height_phone=\u00bb\u00bb text_line_height_last_edited=\u00bbon|desktop\u00bb locked=\u00bboff\u00bb global_colors_info=\u00bb{}\u00bb]<\/p>\n<p><span style=\"font-size: 24px; color: #68c4d1;\"><strong><span>Mireia Segura, \u00a0 <\/span><\/strong><\/span><br \/><span style=\"color: #11d8d8;\"><strong><span style=\"color: #ffffff;\">Directora de People &amp; Development de<\/span>\u00a0ALLIANZ<\/strong><\/span><\/p>\n<p>[\/et_pb_text][et_pb_social_media_follow use_icon_font_size=\u00bbon\u00bb icon_font_size=\u00bb22px\u00bb _builder_version=\u00bb4.16&#8243; custom_button=\u00bbon\u00bb module_alignment=\u00bbleft\u00bb custom_margin=\u00bb0%|||0%|false|false\u00bb custom_margin_tablet=\u00bb\u00bb custom_margin_phone=\u00bb|||0%|false|false\u00bb custom_margin_last_edited=\u00bbon|desktop\u00bb border_radii=\u00bbon|100px|100px|100px|100px\u00bb locked=\u00bboff\u00bb global_colors_info=\u00bb{}\u00bb][et_pb_social_media_follow_network social_network=\u00bblinkedin\u00bb url=\u00bbhttps:\/\/www.linkedin.com\/in\/mireia-segura\/\u00bb _builder_version=\u00bb4.16&#8243; background_color=\u00bb#007AB9&#8243; background_enable_color=\u00bbon\u00bb global_colors_info=\u00bb{}\u00bb follow_button=\u00bboff\u00bb url_new_window=\u00bbon\u00bb]linkedin[\/et_pb_social_media_follow_network][et_pb_social_media_follow_network social_network=\u00bbtwitter\u00bb url=\u00bbhttps:\/\/twitter.com\/Allianz_es\u00bb _builder_version=\u00bb4.22.2&#8243; background_color=\u00bb#000000&#8243; global_colors_info=\u00bb{}\u00bb follow_button=\u00bboff\u00bb url_new_window=\u00bbon\u00bb]twitter[\/et_pb_social_media_follow_network][\/et_pb_social_media_follow][\/et_pb_column][et_pb_column type=\u00bb1_4&#8243; _builder_version=\u00bb4.16&#8243; global_colors_info=\u00bb{}\u00bb][et_pb_image src=\u00bbhttps:\/\/www.equiposytalentoeventos.com\/corporate-learning\/wp-content\/uploads\/2023\/10\/David-Vivancos-1-e1698678359183.jpg\u00bb title_text=\u00bblaura_santacreu\u00bb align_tablet=\u00bb\u00bb align_phone=\u00bbleft\u00bb align_last_edited=\u00bbon|phone\u00bb _builder_version=\u00bb4.16&#8243; max_width=\u00bb180px\u00bb custom_padding=\u00bb|0px||||\u00bb border_color_all=\u00bb#ffffff\u00bb global_colors_info=\u00bb{}\u00bb][\/et_pb_image][et_pb_text _builder_version=\u00bb4.16&#8243; text_font=\u00bb||||||||\u00bb text_text_color=\u00bb#ffffff\u00bb text_line_height=\u00bb28px\u00bb custom_margin=\u00bb|||0%|false|false\u00bb custom_margin_tablet=\u00bb\u00bb custom_margin_phone=\u00bb|||0%|false|false\u00bb custom_margin_last_edited=\u00bbon|desktop\u00bb text_font_size_tablet=\u00bb\u00bb text_font_size_phone=\u00bb\u00bb text_font_size_last_edited=\u00bbon|desktop\u00bb text_line_height_tablet=\u00bb\u00bb text_line_height_phone=\u00bb\u00bb text_line_height_last_edited=\u00bbon|desktop\u00bb locked=\u00bboff\u00bb global_colors_info=\u00bb{}\u00bb]<\/p>\n<p><span style=\"font-size: 24px; color: #68c4d1;\"><strong><span>David Vivancos, \u00a0 <\/span><\/strong><\/span><br \/><span style=\"color: #11d8d8;\"><strong><span style=\"color: #ffffff;\">AI &amp; Data Science Senior Advisor. Serial Entrepreneur<\/span><\/strong><\/span><\/p>\n<p>[\/et_pb_text][et_pb_social_media_follow use_icon_font_size=\u00bbon\u00bb icon_font_size=\u00bb22px\u00bb _builder_version=\u00bb4.16&#8243; custom_button=\u00bbon\u00bb module_alignment=\u00bbleft\u00bb custom_margin=\u00bb0%|||0%|false|false\u00bb custom_margin_tablet=\u00bb\u00bb custom_margin_phone=\u00bb|||0%|false|false\u00bb custom_margin_last_edited=\u00bbon|desktop\u00bb border_radii=\u00bbon|100px|100px|100px|100px\u00bb locked=\u00bboff\u00bb global_colors_info=\u00bb{}\u00bb][et_pb_social_media_follow_network social_network=\u00bblinkedin\u00bb url=\u00bbhttps:\/\/www.linkedin.com\/in\/davidvivancos\/\u00bb _builder_version=\u00bb4.16&#8243; background_color=\u00bb#007AB9&#8243; background_enable_color=\u00bbon\u00bb global_colors_info=\u00bb{}\u00bb follow_button=\u00bboff\u00bb url_new_window=\u00bbon\u00bb]linkedin[\/et_pb_social_media_follow_network][et_pb_social_media_follow_network social_network=\u00bbtwitter\u00bb url=\u00bbhttps:\/\/twitter.com\/VivancosDavid\u00bb _builder_version=\u00bb4.22.2&#8243; background_color=\u00bb#000000&#8243; global_colors_info=\u00bb{}\u00bb follow_button=\u00bboff\u00bb url_new_window=\u00bbon\u00bb]twitter[\/et_pb_social_media_follow_network][\/et_pb_social_media_follow][\/et_pb_column][et_pb_column type=\u00bb1_4&#8243; _builder_version=\u00bb4.16&#8243; global_colors_info=\u00bb{}\u00bb][et_pb_image src=\u00bbhttps:\/\/www.equiposytalentoeventos.com\/corporate-learning\/wp-content\/uploads\/2023\/10\/Astrid_NIPPON-GASES.jpg\u00bb title_text=\u00bblaura_santacreu\u00bb align_tablet=\u00bb\u00bb align_phone=\u00bbleft\u00bb align_last_edited=\u00bbon|phone\u00bb _builder_version=\u00bb4.16&#8243; max_width=\u00bb180px\u00bb custom_padding=\u00bb|0px||||\u00bb border_color_all=\u00bb#ffffff\u00bb global_colors_info=\u00bb{}\u00bb][\/et_pb_image][et_pb_text _builder_version=\u00bb4.16&#8243; text_font=\u00bb||||||||\u00bb text_text_color=\u00bb#ffffff\u00bb text_line_height=\u00bb28px\u00bb custom_margin=\u00bb|||0%|false|false\u00bb custom_margin_tablet=\u00bb\u00bb custom_margin_phone=\u00bb|||0%|false|false\u00bb custom_margin_last_edited=\u00bbon|desktop\u00bb text_font_size_tablet=\u00bb\u00bb text_font_size_phone=\u00bb\u00bb text_font_size_last_edited=\u00bbon|desktop\u00bb text_line_height_tablet=\u00bb\u00bb text_line_height_phone=\u00bb\u00bb text_line_height_last_edited=\u00bbon|desktop\u00bb locked=\u00bboff\u00bb global_colors_info=\u00bb{}\u00bb]<\/p>\n<p><span style=\"font-size: 24px; color: #68c4d1;\"><strong><span>Astrid Nielsen, \u00a0 <\/span><\/strong><\/span><br \/><span style=\"color: #11d8d8;\"><span style=\"color: #ffffff;\">Directora <\/span><span style=\"color: #ffffff;\">de RRHH de<\/span><strong><span style=\"color: #ffffff;\"> <span style=\"color: #68c4d1;\">NIPPON GASES<\/span><br \/><\/span><\/strong><\/span><\/p>\n<p>[\/et_pb_text][et_pb_social_media_follow use_icon_font_size=\u00bbon\u00bb icon_font_size=\u00bb22px\u00bb _builder_version=\u00bb4.16&#8243; custom_button=\u00bbon\u00bb module_alignment=\u00bbleft\u00bb custom_margin=\u00bb0%|||0%|false|false\u00bb custom_margin_tablet=\u00bb\u00bb custom_margin_phone=\u00bb|||0%|false|false\u00bb custom_margin_last_edited=\u00bbon|desktop\u00bb border_radii=\u00bbon|100px|100px|100px|100px\u00bb locked=\u00bboff\u00bb global_colors_info=\u00bb{}\u00bb][et_pb_social_media_follow_network social_network=\u00bblinkedin\u00bb url=\u00bbhttps:\/\/www.linkedin.com\/in\/astrid-nilsen\/?originalSubdomain=es\u00bb _builder_version=\u00bb4.16&#8243; background_color=\u00bb#007AB9&#8243; background_enable_color=\u00bbon\u00bb global_colors_info=\u00bb{}\u00bb follow_button=\u00bboff\u00bb url_new_window=\u00bbon\u00bb]linkedin[\/et_pb_social_media_follow_network][et_pb_social_media_follow_network social_network=\u00bbtwitter\u00bb url=\u00bbhttps:\/\/twitter.com\/NipponGasesESP\u00bb _builder_version=\u00bb4.22.2&#8243; background_color=\u00bb#000000&#8243; global_colors_info=\u00bb{}\u00bb follow_button=\u00bboff\u00bb url_new_window=\u00bbon\u00bb]twitter[\/et_pb_social_media_follow_network][\/et_pb_social_media_follow][\/et_pb_column][et_pb_column type=\u00bb1_4&#8243; _builder_version=\u00bb4.16&#8243; global_colors_info=\u00bb{}\u00bb][et_pb_image src=\u00bbhttps:\/\/www.equiposytalentoeventos.com\/corporate-learning\/wp-content\/uploads\/2023\/11\/Nuria_ALCAMPO-1.jpg\u00bb title_text=\u00bblaura_santacreu\u00bb align_tablet=\u00bb\u00bb align_phone=\u00bbleft\u00bb align_last_edited=\u00bbon|phone\u00bb _builder_version=\u00bb4.16&#8243; max_width=\u00bb180px\u00bb custom_padding=\u00bb|0px||||\u00bb border_color_all=\u00bb#ffffff\u00bb global_colors_info=\u00bb{}\u00bb][\/et_pb_image][et_pb_text _builder_version=\u00bb4.16&#8243; text_font=\u00bb||||||||\u00bb text_text_color=\u00bb#ffffff\u00bb text_line_height=\u00bb28px\u00bb custom_margin=\u00bb|||0%|false|false\u00bb custom_margin_tablet=\u00bb\u00bb custom_margin_phone=\u00bb|||0%|false|false\u00bb custom_margin_last_edited=\u00bbon|desktop\u00bb text_font_size_tablet=\u00bb\u00bb text_font_size_phone=\u00bb\u00bb text_font_size_last_edited=\u00bbon|desktop\u00bb text_line_height_tablet=\u00bb\u00bb text_line_height_phone=\u00bb\u00bb text_line_height_last_edited=\u00bbon|desktop\u00bb locked=\u00bboff\u00bb global_colors_info=\u00bb{}\u00bb]<\/p>\n<p><span style=\"font-size: 24px; color: #68c4d1;\"><strong><span>Nuria Lanaspa, \u00a0 <\/span><\/strong><\/span><br \/><span style=\"color: #11d8d8;\"><span style=\"color: #ffffff;\">Gesti\u00f3n y Desarrollo del Talento <\/span><span style=\"color: #ffffff;\">de<\/span><strong><span style=\"color: #ffffff;\"> <span style=\"color: #68c4d1;\">ALCAMPO<\/span><br \/><\/span><\/strong><\/span><\/p>\n<p>[\/et_pb_text][et_pb_social_media_follow use_icon_font_size=\u00bbon\u00bb icon_font_size=\u00bb22px\u00bb _builder_version=\u00bb4.16&#8243; custom_button=\u00bbon\u00bb module_alignment=\u00bbleft\u00bb custom_margin=\u00bb0%|||0%|false|false\u00bb custom_margin_tablet=\u00bb\u00bb custom_margin_phone=\u00bb|||0%|false|false\u00bb custom_margin_last_edited=\u00bbon|desktop\u00bb border_radii=\u00bbon|100px|100px|100px|100px\u00bb locked=\u00bboff\u00bb global_colors_info=\u00bb{}\u00bb][et_pb_social_media_follow_network social_network=\u00bblinkedin\u00bb url=\u00bbhttps:\/\/www.linkedin.com\/in\/nuria-lanaspa-18053314\/\u00bb _builder_version=\u00bb4.16&#8243; background_color=\u00bb#007AB9&#8243; background_enable_color=\u00bbon\u00bb global_colors_info=\u00bb{}\u00bb follow_button=\u00bboff\u00bb url_new_window=\u00bbon\u00bb]linkedin[\/et_pb_social_media_follow_network][et_pb_social_media_follow_network social_network=\u00bbtwitter\u00bb url=\u00bbhttps:\/\/twitter.com\/alcampo\u00bb _builder_version=\u00bb4.22.2&#8243; background_color=\u00bb#000000&#8243; global_colors_info=\u00bb{}\u00bb follow_button=\u00bboff\u00bb url_new_window=\u00bbon\u00bb]twitter[\/et_pb_social_media_follow_network][\/et_pb_social_media_follow][\/et_pb_column][\/et_pb_row][et_pb_row column_structure=\u00bb1_4,1_4,1_4,1_4&#8243; use_custom_gutter=\u00bbon\u00bb gutter_width=\u00bb2&#8243; make_equal=\u00bbon\u00bb disabled_on=\u00bboff|off|off\u00bb _builder_version=\u00bb4.16&#8243; width_tablet=\u00bb\u00bb width_phone=\u00bb75%\u00bb width_last_edited=\u00bbon|desktop\u00bb max_width_tablet=\u00bb\u00bb max_width_phone=\u00bb\u00bb max_width_last_edited=\u00bbon|desktop\u00bb module_alignment=\u00bbcenter\u00bb min_height=\u00bb100px\u00bb custom_margin=\u00bb1.9%|auto||auto|false|false\u00bb custom_margin_phone=\u00bb|auto|0%|auto|false|false\u00bb custom_margin_last_edited=\u00bboff|phone\u00bb custom_padding=\u00bb0px|||0px||\u00bb global_colors_info=\u00bb{}\u00bb][et_pb_column type=\u00bb1_4&#8243; _builder_version=\u00bb4.16&#8243; global_colors_info=\u00bb{}\u00bb][et_pb_image src=\u00bbhttps:\/\/www.equiposytalentoeventos.com\/corporate-learning\/wp-content\/uploads\/2023\/11\/Laura_BLUESPACE.jpg\u00bb title_text=\u00bblaura_santacreu\u00bb align_tablet=\u00bb\u00bb align_phone=\u00bbleft\u00bb align_last_edited=\u00bbon|phone\u00bb _builder_version=\u00bb4.16&#8243; max_width=\u00bb180px\u00bb custom_padding=\u00bb|0px||||\u00bb border_color_all=\u00bb#ffffff\u00bb global_colors_info=\u00bb{}\u00bb][\/et_pb_image][et_pb_text _builder_version=\u00bb4.16&#8243; text_font=\u00bb||||||||\u00bb text_text_color=\u00bb#ffffff\u00bb text_line_height=\u00bb28px\u00bb custom_margin=\u00bb|||0%|false|false\u00bb custom_margin_tablet=\u00bb\u00bb custom_margin_phone=\u00bb|||0%|false|false\u00bb custom_margin_last_edited=\u00bbon|desktop\u00bb text_font_size_tablet=\u00bb\u00bb text_font_size_phone=\u00bb\u00bb text_font_size_last_edited=\u00bbon|desktop\u00bb text_line_height_tablet=\u00bb\u00bb text_line_height_phone=\u00bb\u00bb text_line_height_last_edited=\u00bbon|desktop\u00bb locked=\u00bboff\u00bb global_colors_info=\u00bb{}\u00bb]<\/p>\n<p><span style=\"font-size: 24px; color: #68c4d1;\"><strong><span>Laura Bordonali, \u00a0 <\/span><\/strong><\/span><br \/><span style=\"color: #11d8d8;\"><strong><span style=\"color: #ffffff;\">Training Manager de <\/span>BLUESPACE<\/strong><\/span><\/p>\n<p>[\/et_pb_text][et_pb_social_media_follow use_icon_font_size=\u00bbon\u00bb icon_font_size=\u00bb22px\u00bb _builder_version=\u00bb4.16&#8243; custom_button=\u00bbon\u00bb module_alignment=\u00bbleft\u00bb custom_margin=\u00bb0%|||0%|false|false\u00bb custom_margin_tablet=\u00bb\u00bb custom_margin_phone=\u00bb|||0%|false|false\u00bb custom_margin_last_edited=\u00bbon|desktop\u00bb border_radii=\u00bbon|100px|100px|100px|100px\u00bb locked=\u00bboff\u00bb global_colors_info=\u00bb{}\u00bb][et_pb_social_media_follow_network social_network=\u00bblinkedin\u00bb url=\u00bbhttps:\/\/www.linkedin.com\/in\/laura-bordonali\/\u00bb _builder_version=\u00bb4.16&#8243; background_color=\u00bb#007AB9&#8243; background_enable_color=\u00bbon\u00bb global_colors_info=\u00bb{}\u00bb follow_button=\u00bboff\u00bb url_new_window=\u00bbon\u00bb]linkedin[\/et_pb_social_media_follow_network][\/et_pb_social_media_follow][\/et_pb_column][et_pb_column type=\u00bb1_4&#8243; _builder_version=\u00bb4.16&#8243; global_colors_info=\u00bb{}\u00bb][et_pb_image src=\u00bbhttps:\/\/www.equiposytalentoeventos.com\/corporate-learning\/wp-content\/uploads\/2023\/11\/Foto-Laura-Vives.jpg\u00bb title_text=\u00bbFoto Laura Vives\u00bb align_tablet=\u00bb\u00bb align_phone=\u00bbleft\u00bb align_last_edited=\u00bbon|phone\u00bb _builder_version=\u00bb4.23.1&#8243; max_width=\u00bb180px\u00bb custom_padding=\u00bb|0px||||\u00bb border_color_all=\u00bb#ffffff\u00bb global_colors_info=\u00bb{}\u00bb][\/et_pb_image][et_pb_text _builder_version=\u00bb4.16&#8243; text_font=\u00bb||||||||\u00bb text_text_color=\u00bb#ffffff\u00bb text_line_height=\u00bb28px\u00bb custom_margin=\u00bb|||0%|false|false\u00bb custom_margin_tablet=\u00bb\u00bb custom_margin_phone=\u00bb|||0%|false|false\u00bb custom_margin_last_edited=\u00bbon|desktop\u00bb text_font_size_tablet=\u00bb\u00bb text_font_size_phone=\u00bb\u00bb text_font_size_last_edited=\u00bbon|desktop\u00bb text_line_height_tablet=\u00bb\u00bb text_line_height_phone=\u00bb\u00bb text_line_height_last_edited=\u00bbon|desktop\u00bb locked=\u00bboff\u00bb global_colors_info=\u00bb{}\u00bb]<\/p>\n<p><span style=\"font-size: 24px; color: #68c4d1;\"><strong><span>Laura Vives,<\/span><\/strong><\/span><span style=\"font-size: 24px; color: #68c4d1;\"><strong><span>\u00a0\u00a0<\/span><\/strong><\/span><br \/><span style=\"color: #11d8d8;\"><strong><span style=\"color: #ffffff;\">People &amp; Culture Business Partner de <\/span>TOWA INTERNATIONAL<br \/><\/strong><\/span><\/p>\n<p>[\/et_pb_text][et_pb_social_media_follow use_icon_font_size=\u00bbon\u00bb icon_font_size=\u00bb22px\u00bb _builder_version=\u00bb4.23.1&#8243; custom_button=\u00bbon\u00bb module_alignment=\u00bbleft\u00bb custom_margin=\u00bb0%|||0%|false|false\u00bb custom_margin_tablet=\u00bb\u00bb custom_margin_phone=\u00bb|||0%|false|false\u00bb custom_margin_last_edited=\u00bbon|desktop\u00bb border_radii=\u00bbon|100px|100px|100px|100px\u00bb locked=\u00bboff\u00bb global_colors_info=\u00bb{}\u00bb][et_pb_social_media_follow_network social_network=\u00bblinkedin\u00bb url=\u00bbhttps:\/\/www.linkedin.com\/in\/laura-vives-aleu-2591a746\/\u00bb _builder_version=\u00bb4.23.1&#8243; background_color=\u00bb#007AB9&#8243; background_enable_color=\u00bbon\u00bb global_colors_info=\u00bb{}\u00bb follow_button=\u00bboff\u00bb url_new_window=\u00bbon\u00bb]linkedin[\/et_pb_social_media_follow_network][\/et_pb_social_media_follow][\/et_pb_column][et_pb_column type=\u00bb1_4&#8243; _builder_version=\u00bb4.16&#8243; global_colors_info=\u00bb{}\u00bb][et_pb_image src=\u00bbhttps:\/\/www.equiposytalentoeventos.com\/corporate-learning\/wp-content\/uploads\/2023\/11\/Marc_EY.jpg\u00bb title_text=\u00bbMarc_EY\u00bb align_tablet=\u00bb\u00bb align_phone=\u00bbleft\u00bb align_last_edited=\u00bbon|phone\u00bb _builder_version=\u00bb4.23.1&#8243; max_width=\u00bb180px\u00bb custom_padding=\u00bb|0px||||\u00bb border_color_all=\u00bb#ffffff\u00bb global_colors_info=\u00bb{}\u00bb][\/et_pb_image][et_pb_text _builder_version=\u00bb4.16&#8243; text_font=\u00bb||||||||\u00bb text_text_color=\u00bb#ffffff\u00bb text_line_height=\u00bb28px\u00bb custom_margin=\u00bb|||0%|false|false\u00bb custom_margin_tablet=\u00bb\u00bb custom_margin_phone=\u00bb|||0%|false|false\u00bb custom_margin_last_edited=\u00bbon|desktop\u00bb text_font_size_tablet=\u00bb\u00bb text_font_size_phone=\u00bb\u00bb text_font_size_last_edited=\u00bbon|desktop\u00bb text_line_height_tablet=\u00bb\u00bb text_line_height_phone=\u00bb\u00bb text_line_height_last_edited=\u00bbon|desktop\u00bb locked=\u00bboff\u00bb global_colors_info=\u00bb{}\u00bb]<\/p>\n<p><span style=\"font-size: 24px; color: #68c4d1;\"><strong><span>Marc Garc\u00eda, \u00a0 <\/span><\/strong><\/span><br \/><span style=\"color: #11d8d8;\"><strong><span style=\"color: #ffffff;\">Senior Manager de <\/span>EY<br \/><\/strong><\/span><\/p>\n<p>[\/et_pb_text][et_pb_social_media_follow use_icon_font_size=\u00bbon\u00bb icon_font_size=\u00bb22px\u00bb _builder_version=\u00bb4.23.1&#8243; custom_button=\u00bbon\u00bb module_alignment=\u00bbleft\u00bb custom_margin=\u00bb0%|||0%|false|false\u00bb custom_margin_tablet=\u00bb\u00bb custom_margin_phone=\u00bb|||0%|false|false\u00bb custom_margin_last_edited=\u00bbon|desktop\u00bb border_radii=\u00bbon|100px|100px|100px|100px\u00bb locked=\u00bboff\u00bb global_colors_info=\u00bb{}\u00bb][et_pb_social_media_follow_network social_network=\u00bblinkedin\u00bb url=\u00bbhttps:\/\/www.linkedin.com\/in\/marcgarciatamayo\/\u00bb _builder_version=\u00bb4.23.1&#8243; background_color=\u00bb#007AB9&#8243; background_enable_color=\u00bbon\u00bb global_colors_info=\u00bb{}\u00bb follow_button=\u00bboff\u00bb url_new_window=\u00bbon\u00bb]linkedin[\/et_pb_social_media_follow_network][et_pb_social_media_follow_network social_network=\u00bbtwitter\u00bb url=\u00bbhttps:\/\/twitter.com\/EY_Spain\u00bb _builder_version=\u00bb4.23.1&#8243; background_color=\u00bb#000000&#8243; global_colors_info=\u00bb{}\u00bb follow_button=\u00bboff\u00bb url_new_window=\u00bbon\u00bb]twitter[\/et_pb_social_media_follow_network][\/et_pb_social_media_follow][\/et_pb_column][et_pb_column type=\u00bb1_4&#8243; _builder_version=\u00bb4.16&#8243; global_colors_info=\u00bb{}\u00bb][et_pb_image src=\u00bbhttps:\/\/www.equiposytalentoeventos.com\/corporate-learning\/wp-content\/uploads\/2023\/11\/Jose-Luis_NATURGY.jpg\u00bb title_text=\u00bbJose Luis_NATURGY\u00bb align_tablet=\u00bb\u00bb align_phone=\u00bbleft\u00bb align_last_edited=\u00bbon|phone\u00bb _builder_version=\u00bb4.23.1&#8243; max_width=\u00bb180px\u00bb custom_padding=\u00bb|0px||||\u00bb border_color_all=\u00bb#ffffff\u00bb global_colors_info=\u00bb{}\u00bb][\/et_pb_image][et_pb_text _builder_version=\u00bb4.16&#8243; text_font=\u00bb||||||||\u00bb text_text_color=\u00bb#ffffff\u00bb text_line_height=\u00bb28px\u00bb custom_margin=\u00bb|||0%|false|false\u00bb custom_margin_tablet=\u00bb\u00bb custom_margin_phone=\u00bb|||0%|false|false\u00bb custom_margin_last_edited=\u00bbon|desktop\u00bb text_font_size_tablet=\u00bb\u00bb text_font_size_phone=\u00bb\u00bb text_font_size_last_edited=\u00bbon|desktop\u00bb text_line_height_tablet=\u00bb\u00bb text_line_height_phone=\u00bb\u00bb text_line_height_last_edited=\u00bbon|desktop\u00bb locked=\u00bboff\u00bb global_colors_info=\u00bb{}\u00bb]<\/p>\n<p><span style=\"font-size: 24px; color: #68c4d1;\"><strong><span><span style=\"color: #11d8d8;\">Jos\u00e9 Lu\u00eds Ausin<\/span>, \u00a0 <\/span><\/strong><\/span><br \/><span style=\"color: #11d8d8;\"><strong><span style=\"color: #ffffff;\">Responsable Universidad Corporativa de <\/span>NATURGY<br \/><\/strong><\/span><\/p>\n<p>[\/et_pb_text][et_pb_social_media_follow use_icon_font_size=\u00bbon\u00bb icon_font_size=\u00bb22px\u00bb _builder_version=\u00bb4.23.1&#8243; custom_button=\u00bbon\u00bb module_alignment=\u00bbleft\u00bb custom_margin=\u00bb0%|||0%|false|false\u00bb custom_margin_tablet=\u00bb\u00bb custom_margin_phone=\u00bb|||0%|false|false\u00bb custom_margin_last_edited=\u00bbon|desktop\u00bb border_radii=\u00bbon|100px|100px|100px|100px\u00bb locked=\u00bboff\u00bb global_colors_info=\u00bb{}\u00bb][et_pb_social_media_follow_network social_network=\u00bblinkedin\u00bb url=\u00bbhttps:\/\/www.linkedin.com\/in\/jose-luis-ausin\/\u00bb _builder_version=\u00bb4.23.1&#8243; background_color=\u00bb#007AB9&#8243; background_enable_color=\u00bbon\u00bb global_colors_info=\u00bb{}\u00bb follow_button=\u00bboff\u00bb url_new_window=\u00bbon\u00bb]linkedin[\/et_pb_social_media_follow_network][et_pb_social_media_follow_network social_network=\u00bbtwitter\u00bb url=\u00bbhttps:\/\/twitter.com\/Naturgy\u00bb _builder_version=\u00bb4.23.1&#8243; background_color=\u00bb#000000&#8243; global_colors_info=\u00bb{}\u00bb follow_button=\u00bboff\u00bb url_new_window=\u00bbon\u00bb]twitter[\/et_pb_social_media_follow_network][\/et_pb_social_media_follow][\/et_pb_column][\/et_pb_row][et_pb_row column_structure=\u00bb1_4,1_4,1_4,1_4&#8243; use_custom_gutter=\u00bbon\u00bb gutter_width=\u00bb2&#8243; make_equal=\u00bbon\u00bb disabled_on=\u00bboff|off|off\u00bb _builder_version=\u00bb4.16&#8243; width_tablet=\u00bb\u00bb width_phone=\u00bb75%\u00bb width_last_edited=\u00bbon|desktop\u00bb max_width_tablet=\u00bb\u00bb max_width_phone=\u00bb\u00bb max_width_last_edited=\u00bbon|desktop\u00bb module_alignment=\u00bbcenter\u00bb min_height=\u00bb100px\u00bb custom_margin=\u00bb1.9%|auto||auto|false|false\u00bb custom_margin_phone=\u00bb|auto|0%|auto|false|false\u00bb custom_margin_last_edited=\u00bboff|phone\u00bb custom_padding=\u00bb0px|||0px||\u00bb global_colors_info=\u00bb{}\u00bb][et_pb_column type=\u00bb1_4&#8243; _builder_version=\u00bb4.16&#8243; global_colors_info=\u00bb{}\u00bb][et_pb_image src=\u00bbhttps:\/\/www.equiposytalentoeventos.com\/corporate-learning\/wp-content\/uploads\/2023\/11\/Marta_MAPFRE.jpg\u00bb title_text=\u00bbMarta_MAPFRE\u00bb align_tablet=\u00bb\u00bb align_phone=\u00bbleft\u00bb align_last_edited=\u00bbon|phone\u00bb _builder_version=\u00bb4.23.1&#8243; max_width=\u00bb180px\u00bb custom_padding=\u00bb|0px||||\u00bb border_color_all=\u00bb#ffffff\u00bb global_colors_info=\u00bb{}\u00bb][\/et_pb_image][et_pb_text _builder_version=\u00bb4.16&#8243; text_font=\u00bb||||||||\u00bb text_text_color=\u00bb#ffffff\u00bb text_line_height=\u00bb28px\u00bb custom_margin=\u00bb|||0%|false|false\u00bb custom_margin_tablet=\u00bb\u00bb custom_margin_phone=\u00bb|||0%|false|false\u00bb custom_margin_last_edited=\u00bbon|desktop\u00bb text_font_size_tablet=\u00bb\u00bb text_font_size_phone=\u00bb\u00bb text_font_size_last_edited=\u00bbon|desktop\u00bb text_line_height_tablet=\u00bb\u00bb text_line_height_phone=\u00bb\u00bb text_line_height_last_edited=\u00bbon|desktop\u00bb locked=\u00bboff\u00bb global_colors_info=\u00bb{}\u00bb]<\/p>\n<p><span style=\"font-size: 24px; color: #68c4d1;\"><strong><span>Marta Vi\u00e9itez, \u00a0 <\/span><\/strong><\/span><br \/><span style=\"color: #11d8d8;\"><strong><span style=\"color: #ffffff;\">Subdirectora Corporativa de Aprendizaje y Conocimiento de <\/span>MAPFRE<\/strong><\/span><\/p>\n<p>[\/et_pb_text][et_pb_social_media_follow use_icon_font_size=\u00bbon\u00bb icon_font_size=\u00bb22px\u00bb _builder_version=\u00bb4.23.1&#8243; custom_button=\u00bbon\u00bb module_alignment=\u00bbleft\u00bb custom_margin=\u00bb0%|||0%|false|false\u00bb custom_margin_tablet=\u00bb\u00bb custom_margin_phone=\u00bb|||0%|false|false\u00bb custom_margin_last_edited=\u00bbon|desktop\u00bb border_radii=\u00bbon|100px|100px|100px|100px\u00bb locked=\u00bboff\u00bb global_colors_info=\u00bb{}\u00bb][et_pb_social_media_follow_network social_network=\u00bblinkedin\u00bb url=\u00bbhttps:\/\/www.linkedin.com\/in\/marta-vi%C3%A9itez-rold%C3%A1n\/\u00bb _builder_version=\u00bb4.23.1&#8243; background_color=\u00bb#007AB9&#8243; background_enable_color=\u00bbon\u00bb global_colors_info=\u00bb{}\u00bb follow_button=\u00bboff\u00bb url_new_window=\u00bbon\u00bb]linkedin[\/et_pb_social_media_follow_network][et_pb_social_media_follow_network social_network=\u00bbtwitter\u00bb url=\u00bbhttps:\/\/twitter.com\/MAPFRE_ES\u00bb _builder_version=\u00bb4.23.1&#8243; background_color=\u00bb#000000&#8243; global_colors_info=\u00bb{}\u00bb follow_button=\u00bboff\u00bb url_new_window=\u00bbon\u00bb]twitter[\/et_pb_social_media_follow_network][\/et_pb_social_media_follow][\/et_pb_column][et_pb_column type=\u00bb1_4&#8243; _builder_version=\u00bb4.16&#8243; global_colors_info=\u00bb{}\u00bb][et_pb_image src=\u00bbhttps:\/\/www.equiposytalentoeventos.com\/corporate-learning\/wp-content\/uploads\/2023\/11\/Patricia_IBERIA.jpg\u00bb title_text=\u00bbPatricia_IBERIA\u00bb align_tablet=\u00bb\u00bb align_phone=\u00bbleft\u00bb align_last_edited=\u00bbon|phone\u00bb _builder_version=\u00bb4.23.1&#8243; max_width=\u00bb180px\u00bb custom_padding=\u00bb|0px||||\u00bb border_color_all=\u00bb#ffffff\u00bb global_colors_info=\u00bb{}\u00bb][\/et_pb_image][et_pb_text _builder_version=\u00bb4.16&#8243; text_font=\u00bb||||||||\u00bb text_text_color=\u00bb#ffffff\u00bb text_line_height=\u00bb28px\u00bb custom_margin=\u00bb|||0%|false|false\u00bb custom_margin_tablet=\u00bb\u00bb custom_margin_phone=\u00bb|||0%|false|false\u00bb custom_margin_last_edited=\u00bbon|desktop\u00bb text_font_size_tablet=\u00bb\u00bb text_font_size_phone=\u00bb\u00bb text_font_size_last_edited=\u00bbon|desktop\u00bb text_line_height_tablet=\u00bb\u00bb text_line_height_phone=\u00bb\u00bb text_line_height_last_edited=\u00bbon|desktop\u00bb locked=\u00bboff\u00bb global_colors_info=\u00bb{}\u00bb]<\/p>\n<p><span style=\"font-size: 24px; color: #68c4d1;\"><strong><span>Patricia de Blas, \u00a0 <\/span><\/strong><\/span><br \/><span style=\"color: #11d8d8;\"><strong><span style=\"color: #ffffff;\">Head of Talent de <\/span>IBERIA<\/strong><\/span><\/p>\n<p>[\/et_pb_text][et_pb_social_media_follow use_icon_font_size=\u00bbon\u00bb icon_font_size=\u00bb22px\u00bb _builder_version=\u00bb4.23.1&#8243; custom_button=\u00bbon\u00bb module_alignment=\u00bbleft\u00bb custom_margin=\u00bb0%|||0%|false|false\u00bb custom_margin_tablet=\u00bb\u00bb custom_margin_phone=\u00bb|||0%|false|false\u00bb custom_margin_last_edited=\u00bbon|desktop\u00bb border_radii=\u00bbon|100px|100px|100px|100px\u00bb locked=\u00bboff\u00bb global_colors_info=\u00bb{}\u00bb][et_pb_social_media_follow_network social_network=\u00bblinkedin\u00bb url=\u00bbhttps:\/\/www.linkedin.com\/in\/patricia-de-blas-c%C3%A1ceres-she-her-3a8a7622\/\u00bb _builder_version=\u00bb4.23.1&#8243; background_color=\u00bb#007AB9&#8243; background_enable_color=\u00bbon\u00bb global_colors_info=\u00bb{}\u00bb follow_button=\u00bboff\u00bb url_new_window=\u00bbon\u00bb]linkedin[\/et_pb_social_media_follow_network][et_pb_social_media_follow_network social_network=\u00bbtwitter\u00bb url=\u00bbhttps:\/\/twitter.com\/Iberia\u00bb _builder_version=\u00bb4.23.1&#8243; background_color=\u00bb#000000&#8243; global_colors_info=\u00bb{}\u00bb follow_button=\u00bboff\u00bb url_new_window=\u00bbon\u00bb]twitter[\/et_pb_social_media_follow_network][\/et_pb_social_media_follow][\/et_pb_column][et_pb_column type=\u00bb1_4&#8243; _builder_version=\u00bb4.16&#8243; global_colors_info=\u00bb{}\u00bb][et_pb_image src=\u00bbhttps:\/\/www.equiposytalentoeventos.com\/corporate-learning\/wp-content\/uploads\/2023\/11\/Ana_ACCENTURE.jpg\u00bb title_text=\u00bbAna_ACCENTURE\u00bb align_tablet=\u00bb\u00bb align_phone=\u00bbleft\u00bb align_last_edited=\u00bbon|phone\u00bb _builder_version=\u00bb4.23.1&#8243; max_width=\u00bb180px\u00bb custom_padding=\u00bb|0px||||\u00bb border_color_all=\u00bb#ffffff\u00bb global_colors_info=\u00bb{}\u00bb][\/et_pb_image][et_pb_text _builder_version=\u00bb4.23.1&#8243; text_font=\u00bb||||||||\u00bb text_text_color=\u00bb#ffffff\u00bb text_line_height=\u00bb28px\u00bb custom_margin=\u00bb|||0%|false|false\u00bb custom_margin_tablet=\u00bb\u00bb custom_margin_phone=\u00bb|||0%|false|false\u00bb custom_margin_last_edited=\u00bbon|desktop\u00bb text_font_size_tablet=\u00bb\u00bb text_font_size_phone=\u00bb\u00bb text_font_size_last_edited=\u00bbon|desktop\u00bb text_line_height_tablet=\u00bb\u00bb text_line_height_phone=\u00bb\u00bb text_line_height_last_edited=\u00bbon|desktop\u00bb locked=\u00bboff\u00bb global_colors_info=\u00bb{}\u00bb]<\/p>\n<p><span style=\"font-size: 24px; color: #68c4d1;\"><strong><span>Ana Villalba, \u00a0 <\/span><\/strong><\/span><br \/><span style=\"color: #11d8d8;\"><strong><span style=\"color: #ffffff;\">Learning &amp; Leadership Development Lead Iberia de <\/span>ACCENTURE IBERIA<br \/><\/strong><\/span><\/p>\n<p>[\/et_pb_text][et_pb_social_media_follow use_icon_font_size=\u00bbon\u00bb icon_font_size=\u00bb22px\u00bb _builder_version=\u00bb4.23.1&#8243; custom_button=\u00bbon\u00bb module_alignment=\u00bbleft\u00bb custom_margin=\u00bb0%|||0%|false|false\u00bb custom_margin_tablet=\u00bb\u00bb custom_margin_phone=\u00bb|||0%|false|false\u00bb custom_margin_last_edited=\u00bbon|desktop\u00bb border_radii=\u00bbon|100px|100px|100px|100px\u00bb locked=\u00bboff\u00bb global_colors_info=\u00bb{}\u00bb][et_pb_social_media_follow_network social_network=\u00bblinkedin\u00bb url=\u00bbhttps:\/\/www.linkedin.com\/in\/ana-villalba-p%C3%A9rez-22334127\/\u00bb _builder_version=\u00bb4.23.1&#8243; background_color=\u00bb#007AB9&#8243; background_enable_color=\u00bbon\u00bb global_colors_info=\u00bb{}\u00bb follow_button=\u00bboff\u00bb url_new_window=\u00bbon\u00bb]linkedin[\/et_pb_social_media_follow_network][et_pb_social_media_follow_network social_network=\u00bbtwitter\u00bb url=\u00bbhttps:\/\/twitter.com\/AccentureSpain\u00bb _builder_version=\u00bb4.23.1&#8243; background_color=\u00bb#000000&#8243; global_colors_info=\u00bb{}\u00bb follow_button=\u00bboff\u00bb url_new_window=\u00bbon\u00bb]twitter[\/et_pb_social_media_follow_network][\/et_pb_social_media_follow][\/et_pb_column][et_pb_column type=\u00bb1_4&#8243; _builder_version=\u00bb4.16&#8243; global_colors_info=\u00bb{}\u00bb][et_pb_image src=\u00bbhttps:\/\/www.equiposytalentoeventos.com\/corporate-learning\/wp-content\/uploads\/2023\/11\/Sergio-de-la-Calle.jpeg\u00bb title_text=\u00bbSergio de la Calle\u00bb align_tablet=\u00bb\u00bb align_phone=\u00bbleft\u00bb align_last_edited=\u00bbon|phone\u00bb _builder_version=\u00bb4.23.1&#8243; max_width=\u00bb180px\u00bb custom_padding=\u00bb|0px||||\u00bb border_color_all=\u00bb#ffffff\u00bb global_colors_info=\u00bb{}\u00bb][\/et_pb_image][et_pb_text _builder_version=\u00bb4.23.1&#8243; text_font=\u00bb||||||||\u00bb text_text_color=\u00bb#ffffff\u00bb text_line_height=\u00bb28px\u00bb custom_margin=\u00bb|||0%|false|false\u00bb custom_margin_tablet=\u00bb\u00bb custom_margin_phone=\u00bb|||0%|false|false\u00bb custom_margin_last_edited=\u00bbon|desktop\u00bb text_font_size_tablet=\u00bb\u00bb text_font_size_phone=\u00bb\u00bb text_font_size_last_edited=\u00bbon|desktop\u00bb text_line_height_tablet=\u00bb\u00bb text_line_height_phone=\u00bb\u00bb text_line_height_last_edited=\u00bbon|desktop\u00bb locked=\u00bboff\u00bb global_colors_info=\u00bb{}\u00bb]<\/p>\n<p><span style=\"font-size: 24px; color: #68c4d1;\"><strong><span>Sergio de la Calle, \u00a0 <\/span><\/strong><\/span><br \/><span style=\"color: #ffffff;\"><strong>Programme Director&amp;Faculty en Universitas de <\/strong><\/span><span style=\"color: #11d8d8;\"><strong>TELEF\u00d3NICA<br \/><\/strong><\/span><\/p>\n<p>[\/et_pb_text][et_pb_social_media_follow use_icon_font_size=\u00bbon\u00bb icon_font_size=\u00bb22px\u00bb _builder_version=\u00bb4.23.1&#8243; custom_button=\u00bbon\u00bb module_alignment=\u00bbleft\u00bb custom_margin=\u00bb0%|||0%|false|false\u00bb custom_margin_tablet=\u00bb\u00bb custom_margin_phone=\u00bb|||0%|false|false\u00bb custom_margin_last_edited=\u00bbon|desktop\u00bb border_radii=\u00bbon|100px|100px|100px|100px\u00bb locked=\u00bboff\u00bb global_colors_info=\u00bb{}\u00bb][et_pb_social_media_follow_network social_network=\u00bblinkedin\u00bb url=\u00bbhttps:\/\/es.linkedin.com\/in\/sergiodelacalleasensio\u00bb _builder_version=\u00bb4.23.1&#8243; background_color=\u00bb#007AB9&#8243; background_enable_color=\u00bbon\u00bb global_colors_info=\u00bb{}\u00bb follow_button=\u00bboff\u00bb url_new_window=\u00bbon\u00bb]linkedin[\/et_pb_social_media_follow_network][et_pb_social_media_follow_network social_network=\u00bbtwitter\u00bb url=\u00bbhttps:\/\/twitter.com\/Telefonica_En\u00bb _builder_version=\u00bb4.23.1&#8243; background_color=\u00bb#000000&#8243; global_colors_info=\u00bb{}\u00bb follow_button=\u00bboff\u00bb url_new_window=\u00bbon\u00bb]twitter[\/et_pb_social_media_follow_network][\/et_pb_social_media_follow][\/et_pb_column][\/et_pb_row][et_pb_row column_structure=\u00bb1_4,1_4,1_4,1_4&#8243; use_custom_gutter=\u00bbon\u00bb gutter_width=\u00bb2&#8243; make_equal=\u00bbon\u00bb disabled_on=\u00bboff|off|off\u00bb _builder_version=\u00bb4.16&#8243; width_tablet=\u00bb\u00bb width_phone=\u00bb75%\u00bb width_last_edited=\u00bbon|desktop\u00bb max_width_tablet=\u00bb\u00bb max_width_phone=\u00bb\u00bb max_width_last_edited=\u00bbon|desktop\u00bb module_alignment=\u00bbcenter\u00bb min_height=\u00bb100px\u00bb custom_margin=\u00bb1.9%|auto||auto|false|false\u00bb custom_margin_phone=\u00bb|auto|0%|auto|false|false\u00bb custom_margin_last_edited=\u00bboff|phone\u00bb custom_padding=\u00bb0px|||0px||\u00bb global_colors_info=\u00bb{}\u00bb][et_pb_column type=\u00bb1_4&#8243; _builder_version=\u00bb4.16&#8243; global_colors_info=\u00bb{}\u00bb][et_pb_image src=\u00bbhttps:\/\/www.equiposytalentoeventos.com\/corporate-learning\/wp-content\/uploads\/2023\/11\/ohla.jpeg\u00bb title_text=\u00bbohla\u00bb align_tablet=\u00bb\u00bb align_phone=\u00bbleft\u00bb align_last_edited=\u00bbon|phone\u00bb _builder_version=\u00bb4.23.1&#8243; max_width=\u00bb180px\u00bb custom_padding=\u00bb|0px||||\u00bb border_color_all=\u00bb#ffffff\u00bb global_colors_info=\u00bb{}\u00bb][\/et_pb_image][et_pb_text _builder_version=\u00bb4.16&#8243; text_font=\u00bb||||||||\u00bb text_text_color=\u00bb#ffffff\u00bb text_line_height=\u00bb28px\u00bb custom_margin=\u00bb|||0%|false|false\u00bb custom_margin_tablet=\u00bb\u00bb custom_margin_phone=\u00bb|||0%|false|false\u00bb custom_margin_last_edited=\u00bbon|desktop\u00bb text_font_size_tablet=\u00bb\u00bb text_font_size_phone=\u00bb\u00bb text_font_size_last_edited=\u00bbon|desktop\u00bb text_line_height_tablet=\u00bb\u00bb text_line_height_phone=\u00bb\u00bb text_line_height_last_edited=\u00bbon|desktop\u00bb locked=\u00bboff\u00bb global_colors_info=\u00bb{}\u00bb]<\/p>\n<p><span style=\"font-size: 24px; color: #68c4d1;\"><strong><span>Sandra del Toro,\u00a0\u00a0<\/span><\/strong><\/span><br \/><span style=\"color: #11d8d8;\"><strong><span style=\"color: #ffffff;\">Coordinadora Corporativa Talento y Desarrollo de <\/span>OHLA\u00a0\u00a0<\/strong><\/span><\/p>\n<p>[\/et_pb_text][et_pb_social_media_follow use_icon_font_size=\u00bbon\u00bb icon_font_size=\u00bb22px\u00bb _builder_version=\u00bb4.23.1&#8243; custom_button=\u00bbon\u00bb module_alignment=\u00bbleft\u00bb custom_margin=\u00bb0%|||0%|false|false\u00bb custom_margin_tablet=\u00bb\u00bb custom_margin_phone=\u00bb|||0%|false|false\u00bb custom_margin_last_edited=\u00bbon|desktop\u00bb border_radii=\u00bbon|100px|100px|100px|100px\u00bb locked=\u00bboff\u00bb global_colors_info=\u00bb{}\u00bb][et_pb_social_media_follow_network social_network=\u00bblinkedin\u00bb url=\u00bbhttps:\/\/www.linkedin.com\/in\/sandra-del-toro-correa-7bb2991b9\/\u00bb _builder_version=\u00bb4.23.1&#8243; background_color=\u00bb#007AB9&#8243; background_enable_color=\u00bbon\u00bb global_colors_info=\u00bb{}\u00bb follow_button=\u00bboff\u00bb url_new_window=\u00bbon\u00bb]linkedin[\/et_pb_social_media_follow_network][\/et_pb_social_media_follow][\/et_pb_column][et_pb_column type=\u00bb1_4&#8243; _builder_version=\u00bb4.16&#8243; global_colors_info=\u00bb{}\u00bb][et_pb_image src=\u00bbhttps:\/\/www.equiposytalentoeventos.com\/corporate-learning\/wp-content\/uploads\/2023\/11\/Lorena-Di\u0301ez-Global-Head-of-Digital-Development-de-DECATHLON-.jpeg\u00bb title_text=\u00bbLorena Di\u0301ez, Global Head of Digital Development de DECATHLON\u00bb align_tablet=\u00bb\u00bb align_phone=\u00bbleft\u00bb align_last_edited=\u00bbon|phone\u00bb _builder_version=\u00bb4.23.1&#8243; max_width=\u00bb180px\u00bb custom_padding=\u00bb|0px||||\u00bb border_color_all=\u00bb#ffffff\u00bb global_colors_info=\u00bb{}\u00bb][\/et_pb_image][et_pb_text _builder_version=\u00bb4.16&#8243; text_font=\u00bb||||||||\u00bb text_text_color=\u00bb#ffffff\u00bb text_line_height=\u00bb28px\u00bb custom_margin=\u00bb|||0%|false|false\u00bb custom_margin_tablet=\u00bb\u00bb custom_margin_phone=\u00bb|||0%|false|false\u00bb custom_margin_last_edited=\u00bbon|desktop\u00bb text_font_size_tablet=\u00bb\u00bb text_font_size_phone=\u00bb\u00bb text_font_size_last_edited=\u00bbon|desktop\u00bb text_line_height_tablet=\u00bb\u00bb text_line_height_phone=\u00bb\u00bb text_line_height_last_edited=\u00bbon|desktop\u00bb locked=\u00bboff\u00bb global_colors_info=\u00bb{}\u00bb]<\/p>\n<p><span style=\"font-size: 24px; color: #68c4d1;\"><strong><span>Lorena D\u00edez,<\/span><\/strong><\/span><br \/><span style=\"color: #11d8d8;\"><strong><span style=\"color: #ffffff;\">Global Head of Digital Development de <\/span>DECATHLON<\/strong><\/span><\/p>\n<p>[\/et_pb_text][et_pb_social_media_follow use_icon_font_size=\u00bbon\u00bb icon_font_size=\u00bb22px\u00bb _builder_version=\u00bb4.23.1&#8243; custom_button=\u00bbon\u00bb module_alignment=\u00bbleft\u00bb custom_margin=\u00bb0%|||0%|false|false\u00bb custom_margin_tablet=\u00bb\u00bb custom_margin_phone=\u00bb|||0%|false|false\u00bb custom_margin_last_edited=\u00bbon|desktop\u00bb border_radii=\u00bbon|100px|100px|100px|100px\u00bb locked=\u00bboff\u00bb global_colors_info=\u00bb{}\u00bb][et_pb_social_media_follow_network social_network=\u00bblinkedin\u00bb url=\u00bbhttps:\/\/www.linkedin.com\/in\/lorena-d%C3%ADez-trigo-9a70842b\/\u00bb _builder_version=\u00bb4.23.1&#8243; background_color=\u00bb#007AB9&#8243; background_enable_color=\u00bbon\u00bb global_colors_info=\u00bb{}\u00bb follow_button=\u00bboff\u00bb url_new_window=\u00bbon\u00bb]linkedin[\/et_pb_social_media_follow_network][et_pb_social_media_follow_network social_network=\u00bbtwitter\u00bb url=\u00bbhttps:\/\/twitter.com\/DecathlonES\u00bb _builder_version=\u00bb4.23.1&#8243; background_color=\u00bb#000000&#8243; global_colors_info=\u00bb{}\u00bb follow_button=\u00bboff\u00bb url_new_window=\u00bbon\u00bb]twitter[\/et_pb_social_media_follow_network][\/et_pb_social_media_follow][\/et_pb_column][et_pb_column type=\u00bb1_4&#8243; _builder_version=\u00bb4.16&#8243; global_colors_info=\u00bb{}\u00bb][et_pb_image src=\u00bbhttps:\/\/www.equiposytalentoeventos.com\/corporate-learning\/wp-content\/uploads\/2023\/11\/Javier-Vidaurreta-People-Partner-de-KPMG.jpeg\u00bb title_text=\u00bbJavier Vidaurreta, People Partner de KPMG\u00bb align_tablet=\u00bb\u00bb align_phone=\u00bbleft\u00bb align_last_edited=\u00bbon|phone\u00bb _builder_version=\u00bb4.23.1&#8243; max_width=\u00bb180px\u00bb custom_padding=\u00bb|0px||||\u00bb border_color_all=\u00bb#ffffff\u00bb global_colors_info=\u00bb{}\u00bb][\/et_pb_image][et_pb_text _builder_version=\u00bb4.23.1&#8243; text_font=\u00bb||||||||\u00bb text_text_color=\u00bb#ffffff\u00bb text_line_height=\u00bb28px\u00bb custom_margin=\u00bb|||0%|false|false\u00bb custom_margin_tablet=\u00bb\u00bb custom_margin_phone=\u00bb|||0%|false|false\u00bb custom_margin_last_edited=\u00bbon|desktop\u00bb text_font_size_tablet=\u00bb\u00bb text_font_size_phone=\u00bb\u00bb text_font_size_last_edited=\u00bbon|desktop\u00bb text_line_height_tablet=\u00bb\u00bb text_line_height_phone=\u00bb\u00bb text_line_height_last_edited=\u00bbon|desktop\u00bb locked=\u00bboff\u00bb global_colors_info=\u00bb{}\u00bb]<\/p>\n<p><span style=\"font-size: 24px; color: #68c4d1;\"><strong><span>Javier Vidaurreta,<br \/><\/span><\/strong><\/span><span style=\"color: #11d8d8;\"><strong><span style=\"color: #ffffff;\">People Partner de\u00a0 <br \/><\/span>KPMG<br \/><\/strong><\/span><\/p>\n<p>[\/et_pb_text][et_pb_social_media_follow use_icon_font_size=\u00bbon\u00bb icon_font_size=\u00bb22px\u00bb _builder_version=\u00bb4.23.1&#8243; custom_button=\u00bbon\u00bb module_alignment=\u00bbleft\u00bb custom_margin=\u00bb0%|||0%|false|false\u00bb custom_margin_tablet=\u00bb\u00bb custom_margin_phone=\u00bb|||0%|false|false\u00bb custom_margin_last_edited=\u00bbon|desktop\u00bb border_radii=\u00bbon|100px|100px|100px|100px\u00bb locked=\u00bboff\u00bb global_colors_info=\u00bb{}\u00bb][et_pb_social_media_follow_network social_network=\u00bblinkedin\u00bb url=\u00bbhttps:\/\/www.linkedin.com\/in\/javiervidaurreta\/\u00bb _builder_version=\u00bb4.23.1&#8243; background_color=\u00bb#007AB9&#8243; background_enable_color=\u00bbon\u00bb global_colors_info=\u00bb{}\u00bb follow_button=\u00bboff\u00bb url_new_window=\u00bbon\u00bb]linkedin[\/et_pb_social_media_follow_network][et_pb_social_media_follow_network social_network=\u00bbtwitter\u00bb url=\u00bbhttps:\/\/twitter.com\/KPMG\u00bb _builder_version=\u00bb4.23.1&#8243; background_color=\u00bb#000000&#8243; global_colors_info=\u00bb{}\u00bb follow_button=\u00bboff\u00bb url_new_window=\u00bbon\u00bb]twitter[\/et_pb_social_media_follow_network][\/et_pb_social_media_follow][\/et_pb_column][et_pb_column type=\u00bb1_4&#8243; _builder_version=\u00bb4.16&#8243; global_colors_info=\u00bb{}\u00bb][et_pb_image src=\u00bbhttps:\/\/www.equiposytalentoeventos.com\/corporate-learning\/wp-content\/uploads\/2023\/11\/Roc\u00edo_MAHOU-SAN-MIGUEL.jpg\u00bb title_text=\u00bbRoc\u00edo_MAHOU SAN MIGUEL\u00bb align_tablet=\u00bb\u00bb align_phone=\u00bbleft\u00bb align_last_edited=\u00bbon|phone\u00bb _builder_version=\u00bb4.23.1&#8243; max_width=\u00bb180px\u00bb custom_padding=\u00bb|0px||||\u00bb border_color_all=\u00bb#ffffff\u00bb global_colors_info=\u00bb{}\u00bb][\/et_pb_image][et_pb_text _builder_version=\u00bb4.23.1&#8243; text_font=\u00bb||||||||\u00bb text_text_color=\u00bb#ffffff\u00bb text_line_height=\u00bb28px\u00bb custom_margin=\u00bb|||0%|false|false\u00bb custom_margin_tablet=\u00bb\u00bb custom_margin_phone=\u00bb|||0%|false|false\u00bb custom_margin_last_edited=\u00bbon|desktop\u00bb text_font_size_tablet=\u00bb\u00bb text_font_size_phone=\u00bb\u00bb text_font_size_last_edited=\u00bbon|desktop\u00bb text_line_height_tablet=\u00bb\u00bb text_line_height_phone=\u00bb\u00bb text_line_height_last_edited=\u00bbon|desktop\u00bb locked=\u00bboff\u00bb global_colors_info=\u00bb{}\u00bb]<\/p>\n<p><span style=\"font-size: 24px; color: #68c4d1;\"><strong><span>Roc\u00edo Su\u00e1rez,<br \/><\/span><\/strong><\/span><span style=\"color: #11d8d8;\"><strong><span style=\"color: #ffffff;\">Manager de Aprendizaje y Formaci\u00f3n de <\/span>MAHOU SAN MIGUEL<br \/><\/strong><\/span><\/p>\n<p>[\/et_pb_text][et_pb_social_media_follow use_icon_font_size=\u00bbon\u00bb icon_font_size=\u00bb22px\u00bb _builder_version=\u00bb4.23.1&#8243; custom_button=\u00bbon\u00bb module_alignment=\u00bbleft\u00bb custom_margin=\u00bb0%|||0%|false|false\u00bb custom_margin_tablet=\u00bb\u00bb custom_margin_phone=\u00bb|||0%|false|false\u00bb custom_margin_last_edited=\u00bbon|desktop\u00bb border_radii=\u00bbon|100px|100px|100px|100px\u00bb locked=\u00bboff\u00bb global_colors_info=\u00bb{}\u00bb][et_pb_social_media_follow_network social_network=\u00bblinkedin\u00bb url=\u00bbhttps:\/\/www.linkedin.com\/in\/roc%C3%ADo-su%C3%A1rez-gonz%C3%A1lez\/\u00bb _builder_version=\u00bb4.23.1&#8243; background_color=\u00bb#007AB9&#8243; background_enable_color=\u00bbon\u00bb global_colors_info=\u00bb{}\u00bb follow_button=\u00bboff\u00bb url_new_window=\u00bbon\u00bb]linkedin[\/et_pb_social_media_follow_network][et_pb_social_media_follow_network social_network=\u00bbtwitter\u00bb url=\u00bbhttps:\/\/twitter.com\/MahouSanMiguel\u00bb _builder_version=\u00bb4.23.1&#8243; background_color=\u00bb#000000&#8243; global_colors_info=\u00bb{}\u00bb follow_button=\u00bboff\u00bb url_new_window=\u00bbon\u00bb]twitter[\/et_pb_social_media_follow_network][\/et_pb_social_media_follow][\/et_pb_column][\/et_pb_row][et_pb_row column_structure=\u00bb1_4,1_4,1_4,1_4&#8243; use_custom_gutter=\u00bbon\u00bb gutter_width=\u00bb2&#8243; make_equal=\u00bbon\u00bb disabled_on=\u00bboff|off|off\u00bb _builder_version=\u00bb4.16&#8243; width_tablet=\u00bb\u00bb width_phone=\u00bb75%\u00bb width_last_edited=\u00bbon|desktop\u00bb max_width_tablet=\u00bb\u00bb max_width_phone=\u00bb\u00bb max_width_last_edited=\u00bbon|desktop\u00bb module_alignment=\u00bbcenter\u00bb min_height=\u00bb100px\u00bb custom_margin=\u00bb1.9%|auto||auto|false|false\u00bb custom_margin_phone=\u00bb|auto|0%|auto|false|false\u00bb custom_margin_last_edited=\u00bboff|phone\u00bb custom_padding=\u00bb0px|||0px||\u00bb global_colors_info=\u00bb{}\u00bb][et_pb_column type=\u00bb1_4&#8243; _builder_version=\u00bb4.16&#8243; global_colors_info=\u00bb{}\u00bb][et_pb_image src=\u00bbhttps:\/\/www.equiposytalentoeventos.com\/corporate-learning\/wp-content\/uploads\/2023\/11\/Ignacio_ALSEA.jpg\u00bb title_text=\u00bbIgnacio_ALSEA\u00bb align_tablet=\u00bb\u00bb align_phone=\u00bbleft\u00bb align_last_edited=\u00bbon|phone\u00bb _builder_version=\u00bb4.23.1&#8243; max_width=\u00bb180px\u00bb custom_padding=\u00bb|0px||||\u00bb border_color_all=\u00bb#ffffff\u00bb global_colors_info=\u00bb{}\u00bb][\/et_pb_image][et_pb_text _builder_version=\u00bb4.16&#8243; text_font=\u00bb||||||||\u00bb text_text_color=\u00bb#ffffff\u00bb text_line_height=\u00bb28px\u00bb custom_margin=\u00bb|||0%|false|false\u00bb custom_margin_tablet=\u00bb\u00bb custom_margin_phone=\u00bb|||0%|false|false\u00bb custom_margin_last_edited=\u00bbon|desktop\u00bb text_font_size_tablet=\u00bb\u00bb text_font_size_phone=\u00bb\u00bb text_font_size_last_edited=\u00bbon|desktop\u00bb text_line_height_tablet=\u00bb\u00bb text_line_height_phone=\u00bb\u00bb text_line_height_last_edited=\u00bbon|desktop\u00bb locked=\u00bboff\u00bb global_colors_info=\u00bb{}\u00bb]<\/p>\n<p><span style=\"font-size: 24px; color: #68c4d1;\"><strong><span>Ignacio Castillo,\u00a0\u00a0<\/span><\/strong><\/span><br \/><span style=\"color: #11d8d8;\"><strong><span style=\"color: #ffffff;\">Director de Talento de <\/span>ALSEA EUROPA <br \/><\/strong><\/span><\/p>\n<p>[\/et_pb_text][et_pb_social_media_follow use_icon_font_size=\u00bbon\u00bb icon_font_size=\u00bb22px\u00bb _builder_version=\u00bb4.23.1&#8243; custom_button=\u00bbon\u00bb module_alignment=\u00bbleft\u00bb custom_margin=\u00bb0%|||0%|false|false\u00bb custom_margin_tablet=\u00bb\u00bb custom_margin_phone=\u00bb|||0%|false|false\u00bb custom_margin_last_edited=\u00bbon|desktop\u00bb border_radii=\u00bbon|100px|100px|100px|100px\u00bb locked=\u00bboff\u00bb global_colors_info=\u00bb{}\u00bb][et_pb_social_media_follow_network social_network=\u00bblinkedin\u00bb url=\u00bbhttps:\/\/www.linkedin.com\/in\/ignaciocastillodiaz\/\u00bb _builder_version=\u00bb4.23.1&#8243; background_color=\u00bb#007AB9&#8243; background_enable_color=\u00bbon\u00bb global_colors_info=\u00bb{}\u00bb follow_button=\u00bboff\u00bb url_new_window=\u00bbon\u00bb]linkedin[\/et_pb_social_media_follow_network][et_pb_social_media_follow_network social_network=\u00bbtwitter\u00bb url=\u00bbhttps:\/\/twitter.com\/somosalsea\u00bb _builder_version=\u00bb4.23.1&#8243; background_color=\u00bb#000000&#8243; global_colors_info=\u00bb{}\u00bb follow_button=\u00bboff\u00bb url_new_window=\u00bbon\u00bb]twitter[\/et_pb_social_media_follow_network][\/et_pb_social_media_follow][\/et_pb_column][et_pb_column type=\u00bb1_4&#8243; _builder_version=\u00bb4.16&#8243; global_colors_info=\u00bb{}\u00bb][\/et_pb_column][et_pb_column type=\u00bb1_4&#8243; _builder_version=\u00bb4.16&#8243; global_colors_info=\u00bb{}\u00bb][\/et_pb_column][et_pb_column type=\u00bb1_4&#8243; _builder_version=\u00bb4.16&#8243; global_colors_info=\u00bb{}\u00bb][\/et_pb_column][\/et_pb_row][\/et_pb_section][et_pb_section fb_built=\u00bb1&#8243; _builder_version=\u00bb4.16&#8243; background_color=\u00bb#001921&#8243; global_colors_info=\u00bb{}\u00bb][et_pb_row make_equal=\u00bbon\u00bb custom_padding_last_edited=\u00bbon|phone\u00bb _builder_version=\u00bb4.16&#8243; width_tablet=\u00bb\u00bb width_phone=\u00bb\u00bb width_last_edited=\u00bbon|desktop\u00bb custom_padding=\u00bb||0px||false|false\u00bb custom_padding_tablet=\u00bb\u00bb custom_padding_phone=\u00bb15%||||false|false\u00bb locked=\u00bboff\u00bb global_colors_info=\u00bb{}\u00bb][et_pb_column type=\u00bb4_4&#8243; _builder_version=\u00bb4.16&#8243; global_colors_info=\u00bb{}\u00bb][et_pb_text module_id=\u00bbspeakers\u00bb module_class=\u00bb#speakers\u00bb _builder_version=\u00bb4.16&#8243; text_font=\u00bbUnivers|900|||||||\u00bb text_font_size=\u00bb32px\u00bb text_line_height=\u00bb54px\u00bb custom_padding=\u00bb||0px|||\u00bb text_font_size_tablet=\u00bb32px\u00bb text_font_size_phone=\u00bb32px\u00bb text_font_size_last_edited=\u00bbon|desktop\u00bb text_line_height_tablet=\u00bb42px\u00bb text_line_height_phone=\u00bb48px\u00bb text_line_height_last_edited=\u00bbon|desktop\u00bb global_colors_info=\u00bb{}\u00bb]<span style=\"color: #ffffff;\">MODERADORES<\/span>[\/et_pb_text][et_pb_divider color=\u00bbrgba(17,216,216,0.4)\u00bb divider_weight=\u00bb2px\u00bb _builder_version=\u00bb4.16&#8243; width=\u00bb100%\u00bb width_tablet=\u00bb\u00bb width_phone=\u00bb\u00bb width_last_edited=\u00bbon|desktop\u00bb custom_margin=\u00bb-20px||||false|false\u00bb global_colors_info=\u00bb{}\u00bb][\/et_pb_divider][\/et_pb_column][\/et_pb_row][et_pb_row column_structure=\u00bb1_4,1_4,1_4,1_4&#8243; use_custom_gutter=\u00bbon\u00bb gutter_width=\u00bb2&#8243; make_equal=\u00bbon\u00bb disabled_on=\u00bboff|off|off\u00bb _builder_version=\u00bb4.16&#8243; width_tablet=\u00bb\u00bb width_phone=\u00bb75%\u00bb width_last_edited=\u00bbon|desktop\u00bb max_width_tablet=\u00bb\u00bb max_width_phone=\u00bb\u00bb max_width_last_edited=\u00bbon|desktop\u00bb module_alignment=\u00bbcenter\u00bb min_height=\u00bb100px\u00bb custom_margin=\u00bb1.9%|auto||auto|false|false\u00bb custom_margin_phone=\u00bb|auto|0%|auto|false|false\u00bb custom_margin_last_edited=\u00bboff|phone\u00bb custom_padding=\u00bb0px|||0px||\u00bb global_colors_info=\u00bb{}\u00bb][et_pb_column type=\u00bb1_4&#8243; _builder_version=\u00bb4.16&#8243; global_colors_info=\u00bb{}\u00bb][et_pb_image src=\u00bbhttps:\/\/www.equiposytalentoeventos.com\/corporate-learning\/wp-content\/uploads\/2022\/10\/Marina-Tirado_OK.jpg\u00bb title_text=\u00bblaura_santacreu\u00bb align_tablet=\u00bb\u00bb align_phone=\u00bbleft\u00bb align_last_edited=\u00bbon|phone\u00bb _builder_version=\u00bb4.16&#8243; max_width=\u00bb180px\u00bb custom_padding=\u00bb|0px||||\u00bb border_color_all=\u00bb#ffffff\u00bb global_colors_info=\u00bb{}\u00bb][\/et_pb_image][et_pb_text _builder_version=\u00bb4.16&#8243; text_font=\u00bb||||||||\u00bb text_text_color=\u00bb#ffffff\u00bb text_line_height=\u00bb28px\u00bb custom_margin=\u00bb|||0%|false|false\u00bb custom_margin_tablet=\u00bb\u00bb custom_margin_phone=\u00bb|||0%|false|false\u00bb custom_margin_last_edited=\u00bbon|desktop\u00bb text_font_size_tablet=\u00bb\u00bb text_font_size_phone=\u00bb\u00bb text_font_size_last_edited=\u00bbon|desktop\u00bb text_line_height_tablet=\u00bb\u00bb text_line_height_phone=\u00bb\u00bb text_line_height_last_edited=\u00bbon|desktop\u00bb global_colors_info=\u00bb{}\u00bb]<\/p>\n<p><span style=\"font-size: 24px; color: #68c4d1;\"><strong><span>Marina Tirado,<br \/><\/span><\/strong><\/span><span>Directora de la Unidad de Educaci\u00f3n Ejecutiva de la<\/span> <span style=\"color: #11d8d8;\"><strong>UNIVERSIDAD FRANCISCO DE VITORIA<\/strong><\/span><\/p>\n<p>[\/et_pb_text][et_pb_social_media_follow use_icon_font_size=\u00bbon\u00bb icon_font_size=\u00bb22px\u00bb _builder_version=\u00bb4.16&#8243; custom_button=\u00bbon\u00bb module_alignment=\u00bbleft\u00bb custom_margin=\u00bb0%|||0%|false|false\u00bb custom_margin_tablet=\u00bb\u00bb custom_margin_phone=\u00bb|||0%|false|false\u00bb custom_margin_last_edited=\u00bbon|desktop\u00bb border_radii=\u00bbon|100px|100px|100px|100px\u00bb global_colors_info=\u00bb{}\u00bb][et_pb_social_media_follow_network social_network=\u00bblinkedin\u00bb url=\u00bbhttps:\/\/es.linkedin.com\/in\/marina-tirado\u00bb _builder_version=\u00bb4.16&#8243; background_color=\u00bb#007AB9&#8243; background_enable_color=\u00bbon\u00bb global_colors_info=\u00bb{}\u00bb follow_button=\u00bboff\u00bb url_new_window=\u00bbon\u00bb]linkedin[\/et_pb_social_media_follow_network][et_pb_social_media_follow_network social_network=\u00bbtwitter\u00bb url=\u00bbhttps:\/\/twitter.com\/ufvmadrid\u00bb _builder_version=\u00bb4.22.2&#8243; background_color=\u00bb#000000&#8243; global_colors_info=\u00bb{}\u00bb follow_button=\u00bboff\u00bb url_new_window=\u00bbon\u00bb]twitter[\/et_pb_social_media_follow_network][\/et_pb_social_media_follow][\/et_pb_column][et_pb_column type=\u00bb1_4&#8243; _builder_version=\u00bb4.16&#8243; global_colors_info=\u00bb{}\u00bb][et_pb_image src=\u00bbhttps:\/\/www.equiposytalentoeventos.com\/corporate-learning\/wp-content\/uploads\/2022\/10\/Diana_ESCP.jpg\u00bb title_text=\u00bblaura_santacreu\u00bb align_tablet=\u00bb\u00bb align_phone=\u00bbleft\u00bb align_last_edited=\u00bbon|phone\u00bb _builder_version=\u00bb4.16&#8243; max_width=\u00bb180px\u00bb custom_padding=\u00bb|0px||||\u00bb border_color_all=\u00bb#ffffff\u00bb locked=\u00bboff\u00bb global_colors_info=\u00bb{}\u00bb][\/et_pb_image][et_pb_text _builder_version=\u00bb4.16&#8243; text_font=\u00bb||||||||\u00bb text_text_color=\u00bb#ffffff\u00bb text_line_height=\u00bb28px\u00bb custom_margin=\u00bb|||0%|false|false\u00bb custom_margin_tablet=\u00bb\u00bb custom_margin_phone=\u00bb|||0%|false|false\u00bb custom_margin_last_edited=\u00bbon|desktop\u00bb text_font_size_tablet=\u00bb\u00bb text_font_size_phone=\u00bb\u00bb text_font_size_last_edited=\u00bbon|desktop\u00bb text_line_height_tablet=\u00bb\u00bb text_line_height_phone=\u00bb\u00bb text_line_height_last_edited=\u00bbon|desktop\u00bb locked=\u00bboff\u00bb global_colors_info=\u00bb{}\u00bb]<\/p>\n<p><span style=\"font-size: 24px; color: #68c4d1;\"><strong><span>Diana Clarke,\u00a0 \u00a0 <\/span><\/strong><\/span><br \/><span style=\"color: #11d8d8;\"><span style=\"color: #ffffff;\">Profesora de Executive Education y Directora Acad\u00e9mica del programa Women in Leardership de<\/span><strong> ESCP BUSINESS SCHOOL<\/strong><\/span><\/p>\n<p>[\/et_pb_text][et_pb_social_media_follow use_icon_font_size=\u00bbon\u00bb icon_font_size=\u00bb22px\u00bb _builder_version=\u00bb4.23.1&#8243; custom_button=\u00bbon\u00bb module_alignment=\u00bbleft\u00bb custom_margin=\u00bb0%|||0%|false|false\u00bb custom_margin_tablet=\u00bb\u00bb custom_margin_phone=\u00bb|||0%|false|false\u00bb custom_margin_last_edited=\u00bbon|desktop\u00bb border_radii=\u00bbon|100px|100px|100px|100px\u00bb locked=\u00bboff\u00bb global_colors_info=\u00bb{}\u00bb][et_pb_social_media_follow_network social_network=\u00bblinkedin\u00bb url=\u00bbhttps:\/\/www.linkedin.com\/in\/diana-clarke-0a52333\/\u00bb _builder_version=\u00bb4.16&#8243; background_color=\u00bb#007AB9&#8243; background_enable_color=\u00bbon\u00bb global_colors_info=\u00bb{}\u00bb follow_button=\u00bboff\u00bb url_new_window=\u00bbon\u00bb]linkedin[\/et_pb_social_media_follow_network][et_pb_social_media_follow_network social_network=\u00bbtwitter\u00bb url=\u00bbhttps:\/\/twitter.com\/ESCP\u00bb _builder_version=\u00bb4.23.1&#8243; background_color=\u00bb#000000&#8243; global_colors_info=\u00bb{}\u00bb follow_button=\u00bboff\u00bb url_new_window=\u00bbon\u00bb]twitter[\/et_pb_social_media_follow_network][\/et_pb_social_media_follow][\/et_pb_column][et_pb_column type=\u00bb1_4&#8243; _builder_version=\u00bb4.16&#8243; global_colors_info=\u00bb{}\u00bb][et_pb_image src=\u00bbhttps:\/\/www.equiposytalentoeventos.com\/corporate-learning\/wp-content\/uploads\/2023\/10\/Elena_COACHHUB.jpeg\u00bb title_text=\u00bblaura_santacreu\u00bb align_tablet=\u00bb\u00bb align_phone=\u00bbleft\u00bb align_last_edited=\u00bbon|phone\u00bb _builder_version=\u00bb4.16&#8243; max_width=\u00bb180px\u00bb custom_padding=\u00bb|0px||||\u00bb border_color_all=\u00bb#ffffff\u00bb global_colors_info=\u00bb{}\u00bb][\/et_pb_image][et_pb_text _builder_version=\u00bb4.16&#8243; text_font=\u00bb||||||||\u00bb text_text_color=\u00bb#ffffff\u00bb text_line_height=\u00bb28px\u00bb custom_margin=\u00bb|||0%|false|false\u00bb custom_margin_tablet=\u00bb\u00bb custom_margin_phone=\u00bb|||0%|false|false\u00bb custom_margin_last_edited=\u00bbon|desktop\u00bb text_font_size_tablet=\u00bb\u00bb text_font_size_phone=\u00bb\u00bb text_font_size_last_edited=\u00bbon|desktop\u00bb text_line_height_tablet=\u00bb\u00bb text_line_height_phone=\u00bb\u00bb text_line_height_last_edited=\u00bbon|desktop\u00bb global_colors_info=\u00bb{}\u00bb]<\/p>\n<p><span style=\"font-size: 24px; color: #68c4d1;\"><strong>Elena Vargas,\u00a0 <\/strong><\/span><br \/>Enterprise Transformation Consultant d<span style=\"color: #11d8d8;\"><span style=\"color: #ffffff;\">e<\/span><strong> COACH HUB<\/strong><\/span><\/p>\n<p>[\/et_pb_text][et_pb_social_media_follow use_icon_font_size=\u00bbon\u00bb icon_font_size=\u00bb22px\u00bb _builder_version=\u00bb4.16&#8243; custom_button=\u00bbon\u00bb module_alignment=\u00bbleft\u00bb custom_margin=\u00bb0%|||0%|false|false\u00bb custom_margin_tablet=\u00bb\u00bb custom_margin_phone=\u00bb|||0%|false|false\u00bb custom_margin_last_edited=\u00bbon|desktop\u00bb border_radii=\u00bbon|100px|100px|100px|100px\u00bb locked=\u00bboff\u00bb global_colors_info=\u00bb{}\u00bb][et_pb_social_media_follow_network social_network=\u00bblinkedin\u00bb url=\u00bbhttps:\/\/es.linkedin.com\/in\/elena-vargas-l%C3%B3pez-87a34728&#8243; _builder_version=\u00bb4.16&#8243; background_color=\u00bb#007AB9&#8243; background_enable_color=\u00bbon\u00bb global_colors_info=\u00bb{}\u00bb follow_button=\u00bboff\u00bb url_new_window=\u00bbon\u00bb]linkedin[\/et_pb_social_media_follow_network][et_pb_social_media_follow_network social_network=\u00bbtwitter\u00bb url=\u00bbhttps:\/\/twitter.com\/CoachHub_IO\u00bb _builder_version=\u00bb4.22.2&#8243; background_color=\u00bb#000000&#8243; global_colors_info=\u00bb{}\u00bb follow_button=\u00bboff\u00bb url_new_window=\u00bbon\u00bb]twitter[\/et_pb_social_media_follow_network][\/et_pb_social_media_follow][\/et_pb_column][et_pb_column type=\u00bb1_4&#8243; _builder_version=\u00bb4.16&#8243; global_colors_info=\u00bb{}\u00bb][et_pb_image src=\u00bbhttps:\/\/www.equiposytalentoeventos.com\/corporate-learning\/wp-content\/uploads\/2023\/10\/SusanaZancajo_HEDIMA.jpeg\u00bb title_text=\u00bblaura_santacreu\u00bb align_tablet=\u00bb\u00bb align_phone=\u00bbleft\u00bb align_last_edited=\u00bbon|phone\u00bb _builder_version=\u00bb4.16&#8243; max_width=\u00bb180px\u00bb custom_padding=\u00bb|0px||||\u00bb border_color_all=\u00bb#ffffff\u00bb locked=\u00bboff\u00bb global_colors_info=\u00bb{}\u00bb][\/et_pb_image][et_pb_text _builder_version=\u00bb4.16&#8243; text_font=\u00bb||||||||\u00bb text_text_color=\u00bb#ffffff\u00bb text_line_height=\u00bb28px\u00bb custom_margin=\u00bb|||0%|false|false\u00bb custom_margin_tablet=\u00bb\u00bb custom_margin_phone=\u00bb|||0%|false|false\u00bb custom_margin_last_edited=\u00bbon|desktop\u00bb text_font_size_tablet=\u00bb\u00bb text_font_size_phone=\u00bb\u00bb text_font_size_last_edited=\u00bbon|desktop\u00bb text_line_height_tablet=\u00bb\u00bb text_line_height_phone=\u00bb\u00bb text_line_height_last_edited=\u00bbon|desktop\u00bb locked=\u00bboff\u00bb global_colors_info=\u00bb{}\u00bb]<\/p>\n<p><span style=\"font-size: 24px; color: #68c4d1;\"><strong><b>Susana Zancajo<\/b>,\u00a0 <\/strong><\/span><br \/><span style=\"color: #ffffff;\"><span style=\"color: #11d8d8;\"><span style=\"color: #ffffff;\"><span>Directora de Operaciones L&amp;D de<\/span><\/span><strong>\u00a0<b>GRUPO HEDIMA CORPORATE<\/b><\/strong><\/span><\/span><\/p>\n<p>[\/et_pb_text][et_pb_social_media_follow use_icon_font_size=\u00bbon\u00bb icon_font_size=\u00bb22px\u00bb _builder_version=\u00bb4.16&#8243; custom_button=\u00bbon\u00bb module_alignment=\u00bbleft\u00bb custom_margin=\u00bb0%|||0%|false|false\u00bb custom_margin_tablet=\u00bb\u00bb custom_margin_phone=\u00bb|||0%|false|false\u00bb custom_margin_last_edited=\u00bbon|desktop\u00bb border_radii=\u00bbon|100px|100px|100px|100px\u00bb locked=\u00bboff\u00bb global_colors_info=\u00bb{}\u00bb][et_pb_social_media_follow_network social_network=\u00bblinkedin\u00bb url=\u00bbhttps:\/\/es.linkedin.com\/in\/susanazancajo\u00bb _builder_version=\u00bb4.16&#8243; background_color=\u00bb#007AB9&#8243; background_enable_color=\u00bbon\u00bb global_colors_info=\u00bb{}\u00bb follow_button=\u00bboff\u00bb url_new_window=\u00bbon\u00bb]linkedin[\/et_pb_social_media_follow_network][et_pb_social_media_follow_network social_network=\u00bbtwitter\u00bb url=\u00bbhttps:\/\/twitter.com\/grupohedimald\u00bb _builder_version=\u00bb4.22.2&#8243; background_color=\u00bb#000000&#8243; global_colors_info=\u00bb{}\u00bb follow_button=\u00bboff\u00bb url_new_window=\u00bbon\u00bb]twitter[\/et_pb_social_media_follow_network][\/et_pb_social_media_follow][\/et_pb_column][\/et_pb_row][et_pb_row column_structure=\u00bb1_4,1_4,1_4,1_4&#8243; use_custom_gutter=\u00bbon\u00bb gutter_width=\u00bb2&#8243; make_equal=\u00bbon\u00bb disabled_on=\u00bboff|off|off\u00bb _builder_version=\u00bb4.16&#8243; width_tablet=\u00bb\u00bb width_phone=\u00bb75%\u00bb width_last_edited=\u00bbon|desktop\u00bb max_width_tablet=\u00bb\u00bb max_width_phone=\u00bb\u00bb max_width_last_edited=\u00bbon|desktop\u00bb module_alignment=\u00bbcenter\u00bb min_height=\u00bb100px\u00bb custom_margin=\u00bb1.9%|auto||auto|false|false\u00bb custom_margin_phone=\u00bb|auto|0%|auto|false|false\u00bb custom_margin_last_edited=\u00bboff|phone\u00bb custom_padding=\u00bb0px|||0px||\u00bb global_colors_info=\u00bb{}\u00bb][et_pb_column type=\u00bb1_4&#8243; _builder_version=\u00bb4.16&#8243; global_colors_info=\u00bb{}\u00bb][et_pb_image src=\u00bbhttps:\/\/www.equiposytalentoeventos.com\/corporate-learning\/wp-content\/uploads\/2023\/11\/Ana_NETEX_OK.jpg\u00bb title_text=\u00bbAna_NETEX_OK\u00bb align_tablet=\u00bb\u00bb align_phone=\u00bbleft\u00bb align_last_edited=\u00bbon|phone\u00bb _builder_version=\u00bb4.23.1&#8243; max_width=\u00bb180px\u00bb custom_padding=\u00bb|0px||||\u00bb border_color_all=\u00bb#ffffff\u00bb global_colors_info=\u00bb{}\u00bb][\/et_pb_image][et_pb_text _builder_version=\u00bb4.16&#8243; text_font=\u00bb||||||||\u00bb text_text_color=\u00bb#ffffff\u00bb text_line_height=\u00bb28px\u00bb custom_margin=\u00bb|||0%|false|false\u00bb custom_margin_tablet=\u00bb\u00bb custom_margin_phone=\u00bb|||0%|false|false\u00bb custom_margin_last_edited=\u00bbon|desktop\u00bb text_font_size_tablet=\u00bb\u00bb text_font_size_phone=\u00bb\u00bb text_font_size_last_edited=\u00bbon|desktop\u00bb text_line_height_tablet=\u00bb\u00bb text_line_height_phone=\u00bb\u00bb text_line_height_last_edited=\u00bbon|desktop\u00bb global_colors_info=\u00bb{}\u00bb]<\/p>\n<p><span style=\"font-size: 24px; color: #68c4d1;\"><strong><span><b>Ana Armell Reyes<\/b>, <br \/><\/span><\/strong><\/span><span>Strategic Content Manager de<\/span>\u00a0<span style=\"color: #11d8d8;\"><strong><b>NETEX LEARNING STUDIO<\/b><\/strong><\/span><\/p>\n<p>[\/et_pb_text][et_pb_social_media_follow use_icon_font_size=\u00bbon\u00bb icon_font_size=\u00bb22px\u00bb _builder_version=\u00bb4.16&#8243; custom_button=\u00bbon\u00bb module_alignment=\u00bbleft\u00bb custom_margin=\u00bb0%|||0%|false|false\u00bb custom_margin_tablet=\u00bb\u00bb custom_margin_phone=\u00bb|||0%|false|false\u00bb custom_margin_last_edited=\u00bbon|desktop\u00bb border_radii=\u00bbon|100px|100px|100px|100px\u00bb global_colors_info=\u00bb{}\u00bb][et_pb_social_media_follow_network social_network=\u00bbtwitter\u00bb url=\u00bbhttps:\/\/twitter.com\/netexlearning\u00bb _builder_version=\u00bb4.22.2&#8243; background_color=\u00bb#000000&#8243; global_colors_info=\u00bb{}\u00bb follow_button=\u00bboff\u00bb url_new_window=\u00bbon\u00bb]twitter[\/et_pb_social_media_follow_network][\/et_pb_social_media_follow][\/et_pb_column][et_pb_column type=\u00bb1_4&#8243; _builder_version=\u00bb4.16&#8243; global_colors_info=\u00bb{}\u00bb][et_pb_image src=\u00bbhttps:\/\/www.equiposytalentoeventos.com\/corporate-learning\/wp-content\/uploads\/2023\/11\/Juncal_ODILO.png\u00bb title_text=\u00bbJuncal_ODILO\u00bb align_tablet=\u00bb\u00bb align_phone=\u00bbleft\u00bb align_last_edited=\u00bbon|phone\u00bb _builder_version=\u00bb4.23.1&#8243; max_width=\u00bb180px\u00bb custom_padding=\u00bb|0px||||\u00bb border_color_all=\u00bb#ffffff\u00bb global_colors_info=\u00bb{}\u00bb][\/et_pb_image][et_pb_text _builder_version=\u00bb4.16&#8243; text_font=\u00bb||||||||\u00bb text_text_color=\u00bb#ffffff\u00bb text_line_height=\u00bb28px\u00bb custom_margin=\u00bb|||0%|false|false\u00bb custom_margin_tablet=\u00bb\u00bb custom_margin_phone=\u00bb|||0%|false|false\u00bb custom_margin_last_edited=\u00bbon|desktop\u00bb text_font_size_tablet=\u00bb\u00bb text_font_size_phone=\u00bb\u00bb text_font_size_last_edited=\u00bbon|desktop\u00bb text_line_height_tablet=\u00bb\u00bb text_line_height_phone=\u00bb\u00bb text_line_height_last_edited=\u00bbon|desktop\u00bb locked=\u00bboff\u00bb global_colors_info=\u00bb{}\u00bb]<\/p>\n<p><span style=\"font-size: 24px; color: #68c4d1;\"><strong><span>Juncal Sainz de Vicu\u00f1a, <\/span><\/strong><\/span><span style=\"color: #11d8d8;\"><strong><span style=\"color: #ffffff;\">Director of Corporate Sales Enterprise &amp; SMB de<\/span> ODILO<\/strong><\/span><\/p>\n<p>[\/et_pb_text][et_pb_social_media_follow use_icon_font_size=\u00bbon\u00bb icon_font_size=\u00bb22px\u00bb _builder_version=\u00bb4.23.1&#8243; custom_button=\u00bbon\u00bb module_alignment=\u00bbleft\u00bb custom_margin=\u00bb0%|||0%|false|false\u00bb custom_margin_tablet=\u00bb\u00bb custom_margin_phone=\u00bb|||0%|false|false\u00bb custom_margin_last_edited=\u00bbon|desktop\u00bb border_radii=\u00bbon|100px|100px|100px|100px\u00bb locked=\u00bboff\u00bb global_colors_info=\u00bb{}\u00bb][et_pb_social_media_follow_network social_network=\u00bblinkedin\u00bb url=\u00bbhttps:\/\/www.linkedin.com\/in\/juncal-sainz-de-vicu%C3%B1a-s%C3%A1nchez-de-oca%C3%B1a-240a3223\/\u00bb _builder_version=\u00bb4.23.1&#8243; background_color=\u00bb#007AB9&#8243; background_enable_color=\u00bbon\u00bb global_colors_info=\u00bb{}\u00bb follow_button=\u00bboff\u00bb url_new_window=\u00bbon\u00bb]linkedin[\/et_pb_social_media_follow_network][et_pb_social_media_follow_network social_network=\u00bbtwitter\u00bb url=\u00bbhttps:\/\/twitter.com\/ODILO_ES\u00bb _builder_version=\u00bb4.22.2&#8243; background_color=\u00bb#000000&#8243; global_colors_info=\u00bb{}\u00bb follow_button=\u00bboff\u00bb url_new_window=\u00bbon\u00bb]twitter[\/et_pb_social_media_follow_network][\/et_pb_social_media_follow][\/et_pb_column][et_pb_column type=\u00bb1_4&#8243; _builder_version=\u00bb4.16&#8243; global_colors_info=\u00bb{}\u00bb][et_pb_image src=\u00bbhttps:\/\/www.equiposytalentoeventos.com\/corporate-learning\/wp-content\/uploads\/2023\/10\/Jesu\u0301s_CEGOS.jpg\u00bb title_text=\u00bblaura_santacreu\u00bb align_tablet=\u00bb\u00bb align_phone=\u00bbleft\u00bb align_last_edited=\u00bbon|phone\u00bb _builder_version=\u00bb4.16&#8243; max_width=\u00bb180px\u00bb custom_padding=\u00bb|0px||||\u00bb border_color_all=\u00bb#ffffff\u00bb global_colors_info=\u00bb{}\u00bb][\/et_pb_image][et_pb_text _builder_version=\u00bb4.16&#8243; text_font=\u00bb||||||||\u00bb text_text_color=\u00bb#ffffff\u00bb text_line_height=\u00bb28px\u00bb custom_margin=\u00bb|||0%|false|false\u00bb custom_margin_tablet=\u00bb\u00bb custom_margin_phone=\u00bb|||0%|false|false\u00bb custom_margin_last_edited=\u00bbon|desktop\u00bb text_font_size_tablet=\u00bb\u00bb text_font_size_phone=\u00bb\u00bb text_font_size_last_edited=\u00bbon|desktop\u00bb text_line_height_tablet=\u00bb\u00bb text_line_height_phone=\u00bb\u00bb text_line_height_last_edited=\u00bbon|desktop\u00bb locked=\u00bboff\u00bb global_colors_info=\u00bb{}\u00bb]<\/p>\n<p><span style=\"font-size: 24px; color: #68c4d1;\"><strong><span>Jes\u00fas Ara\u00fajo,\u00a0 \u00a0 <\/span><\/strong><\/span><br \/><span style=\"color: #11d8d8;\"><strong><span style=\"color: #ffffff;\">CEO de<\/span>\u00a0CEGOS ESPA\u00d1A Y LATAM<\/strong><\/span><\/p>\n<p>[\/et_pb_text][et_pb_social_media_follow use_icon_font_size=\u00bbon\u00bb icon_font_size=\u00bb22px\u00bb _builder_version=\u00bb4.16&#8243; custom_button=\u00bbon\u00bb module_alignment=\u00bbleft\u00bb custom_margin=\u00bb0%|||0%|false|false\u00bb custom_margin_tablet=\u00bb\u00bb custom_margin_phone=\u00bb|||0%|false|false\u00bb custom_margin_last_edited=\u00bbon|desktop\u00bb border_radii=\u00bbon|100px|100px|100px|100px\u00bb locked=\u00bboff\u00bb global_colors_info=\u00bb{}\u00bb][et_pb_social_media_follow_network social_network=\u00bblinkedin\u00bb url=\u00bbhttps:\/\/www.linkedin.com\/in\/jesusaraujo\/\u00bb _builder_version=\u00bb4.16&#8243; background_color=\u00bb#007AB9&#8243; background_enable_color=\u00bbon\u00bb global_colors_info=\u00bb{}\u00bb follow_button=\u00bboff\u00bb url_new_window=\u00bbon\u00bb]linkedin[\/et_pb_social_media_follow_network][et_pb_social_media_follow_network social_network=\u00bbtwitter\u00bb url=\u00bbhttps:\/\/twitter.com\/Cegos_es\u00bb _builder_version=\u00bb4.22.2&#8243; background_color=\u00bb#000000&#8243; global_colors_info=\u00bb{}\u00bb follow_button=\u00bboff\u00bb url_new_window=\u00bbon\u00bb]twitter[\/et_pb_social_media_follow_network][\/et_pb_social_media_follow][\/et_pb_column][et_pb_column type=\u00bb1_4&#8243; _builder_version=\u00bb4.16&#8243; global_colors_info=\u00bb{}\u00bb][et_pb_image src=\u00bbhttps:\/\/www.equiposytalentoeventos.com\/corporate-learning\/wp-content\/uploads\/2021\/10\/02Eva_Galli_EquiposyTalento.png\u00bb title_text=\u00bblaura_santacreu\u00bb align_tablet=\u00bb\u00bb align_phone=\u00bbleft\u00bb align_last_edited=\u00bbon|phone\u00bb _builder_version=\u00bb4.16&#8243; max_width=\u00bb180px\u00bb custom_padding=\u00bb|0px||||\u00bb border_color_all=\u00bb#ffffff\u00bb global_colors_info=\u00bb{}\u00bb][\/et_pb_image][et_pb_text _builder_version=\u00bb4.16&#8243; text_font=\u00bb||||||||\u00bb text_text_color=\u00bb#ffffff\u00bb text_line_height=\u00bb28px\u00bb custom_margin=\u00bb|||0%|false|false\u00bb custom_margin_tablet=\u00bb\u00bb custom_margin_phone=\u00bb|||0%|false|false\u00bb custom_margin_last_edited=\u00bbon|desktop\u00bb text_font_size_tablet=\u00bb\u00bb text_font_size_phone=\u00bb\u00bb text_font_size_last_edited=\u00bbon|desktop\u00bb text_line_height_tablet=\u00bb\u00bb text_line_height_phone=\u00bb\u00bb text_line_height_last_edited=\u00bbon|desktop\u00bb locked=\u00bboff\u00bb global_colors_info=\u00bb{}\u00bb]<\/p>\n<p><span style=\"font-size: 24px; color: #68c4d1;\"><strong><span>Eva Galli,\u00a0 \u00a0 <\/span><\/strong><\/span><br \/><span style=\"color: #11d8d8;\"><strong><span style=\"color: #ffffff;\">Periodista de<\/span>\u00a0EQUIPOS&amp;TALENTO<\/strong><\/span><\/p>\n<p>[\/et_pb_text][et_pb_social_media_follow use_icon_font_size=\u00bbon\u00bb icon_font_size=\u00bb22px\u00bb _builder_version=\u00bb4.16&#8243; custom_button=\u00bbon\u00bb module_alignment=\u00bbleft\u00bb custom_margin=\u00bb0%|||0%|false|false\u00bb custom_margin_tablet=\u00bb\u00bb custom_margin_phone=\u00bb|||0%|false|false\u00bb custom_margin_last_edited=\u00bbon|desktop\u00bb border_radii=\u00bbon|100px|100px|100px|100px\u00bb locked=\u00bboff\u00bb global_colors_info=\u00bb{}\u00bb][et_pb_social_media_follow_network social_network=\u00bblinkedin\u00bb url=\u00bbhttps:\/\/www.linkedin.com\/in\/evagalli\u00bb _builder_version=\u00bb4.16&#8243; background_color=\u00bb#007AB9&#8243; background_enable_color=\u00bbon\u00bb global_colors_info=\u00bb{}\u00bb follow_button=\u00bboff\u00bb url_new_window=\u00bbon\u00bb]linkedin[\/et_pb_social_media_follow_network][et_pb_social_media_follow_network social_network=\u00bbtwitter\u00bb url=\u00bbhttps:\/\/twitter.com\/equiposytalento\u00bb _builder_version=\u00bb4.22.2&#8243; background_color=\u00bb#000000&#8243; global_colors_info=\u00bb{}\u00bb follow_button=\u00bboff\u00bb url_new_window=\u00bbon\u00bb]twitter[\/et_pb_social_media_follow_network][\/et_pb_social_media_follow][\/et_pb_column][\/et_pb_row][et_pb_row column_structure=\u00bb1_4,1_4,1_4,1_4&#8243; use_custom_gutter=\u00bbon\u00bb gutter_width=\u00bb2&#8243; make_equal=\u00bbon\u00bb disabled_on=\u00bboff|off|off\u00bb _builder_version=\u00bb4.16&#8243; width_tablet=\u00bb\u00bb width_phone=\u00bb75%\u00bb width_last_edited=\u00bbon|desktop\u00bb max_width_tablet=\u00bb\u00bb max_width_phone=\u00bb\u00bb max_width_last_edited=\u00bbon|desktop\u00bb module_alignment=\u00bbcenter\u00bb min_height=\u00bb100px\u00bb custom_margin=\u00bb1.9%|auto||auto|false|false\u00bb custom_margin_phone=\u00bb|auto|0%|auto|false|false\u00bb custom_margin_last_edited=\u00bboff|phone\u00bb custom_padding=\u00bb0px|||0px||\u00bb global_colors_info=\u00bb{}\u00bb][et_pb_column type=\u00bb1_4&#8243; _builder_version=\u00bb4.16&#8243; global_colors_info=\u00bb{}\u00bb][et_pb_image src=\u00bbhttps:\/\/www.equiposytalentoeventos.com\/corporate-learning\/wp-content\/uploads\/2023\/10\/Juanjo-Fraile.jpg\u00bb title_text=\u00bblaura_santacreu\u00bb align_tablet=\u00bb\u00bb align_phone=\u00bbleft\u00bb align_last_edited=\u00bbon|phone\u00bb _builder_version=\u00bb4.16&#8243; max_width=\u00bb180px\u00bb custom_padding=\u00bb|0px||||\u00bb border_color_all=\u00bb#ffffff\u00bb global_colors_info=\u00bb{}\u00bb][\/et_pb_image][et_pb_text _builder_version=\u00bb4.16&#8243; text_font=\u00bb||||||||\u00bb text_text_color=\u00bb#ffffff\u00bb text_line_height=\u00bb28px\u00bb custom_margin=\u00bb|||0%|false|false\u00bb custom_margin_tablet=\u00bb\u00bb custom_margin_phone=\u00bb|||0%|false|false\u00bb custom_margin_last_edited=\u00bbon|desktop\u00bb text_font_size_tablet=\u00bb\u00bb text_font_size_phone=\u00bb\u00bb text_font_size_last_edited=\u00bbon|desktop\u00bb text_line_height_tablet=\u00bb\u00bb text_line_height_phone=\u00bb\u00bb text_line_height_last_edited=\u00bbon|desktop\u00bb global_colors_info=\u00bb{}\u00bb]<\/p>\n<p><span style=\"font-size: 24px; color: #68c4d1;\"><strong><span>Juanjo Fraile, <br \/><\/span><\/strong><\/span><span>Adivsor &amp; Sherpa de Innovaci\u00f3n, Comunicaci\u00f3n y Desarrollo Personal. Fundador de<\/span><strong> <\/strong><span style=\"color: #11d8d8;\"><strong><b>TALENTYA.COM<br \/><\/b><\/strong><\/span><\/p>\n<p>[\/et_pb_text][et_pb_social_media_follow use_icon_font_size=\u00bbon\u00bb icon_font_size=\u00bb22px\u00bb _builder_version=\u00bb4.16&#8243; custom_button=\u00bbon\u00bb module_alignment=\u00bbleft\u00bb custom_margin=\u00bb0%|||0%|false|false\u00bb custom_margin_tablet=\u00bb\u00bb custom_margin_phone=\u00bb|||0%|false|false\u00bb custom_margin_last_edited=\u00bbon|desktop\u00bb border_radii=\u00bbon|100px|100px|100px|100px\u00bb locked=\u00bboff\u00bb global_colors_info=\u00bb{}\u00bb][et_pb_social_media_follow_network social_network=\u00bblinkedin\u00bb url=\u00bbhttps:\/\/www.linkedin.com\/in\/juanjofraile\/\u00bb _builder_version=\u00bb4.16&#8243; background_color=\u00bb#007AB9&#8243; background_enable_color=\u00bbon\u00bb global_colors_info=\u00bb{}\u00bb follow_button=\u00bboff\u00bb url_new_window=\u00bbon\u00bb]linkedin[\/et_pb_social_media_follow_network][et_pb_social_media_follow_network social_network=\u00bbtwitter\u00bb url=\u00bbhttps:\/\/twitter.com\/Juanjofraile\u00bb _builder_version=\u00bb4.22.2&#8243; background_color=\u00bb#000000&#8243; global_colors_info=\u00bb{}\u00bb follow_button=\u00bboff\u00bb url_new_window=\u00bbon\u00bb]twitter[\/et_pb_social_media_follow_network][\/et_pb_social_media_follow][\/et_pb_column][et_pb_column type=\u00bb1_4&#8243; _builder_version=\u00bb4.16&#8243; global_colors_info=\u00bb{}\u00bb][et_pb_image src=\u00bbhttps:\/\/www.equiposytalentoeventos.com\/corporate-learning\/wp-content\/uploads\/2023\/11\/Esther_OVERLAP-e1698941769690.png\u00bb title_text=\u00bblaura_santacreu\u00bb align_tablet=\u00bb\u00bb align_phone=\u00bbleft\u00bb align_last_edited=\u00bbon|phone\u00bb _builder_version=\u00bb4.16&#8243; max_width=\u00bb180px\u00bb custom_padding=\u00bb|0px||||\u00bb border_color_all=\u00bb#ffffff\u00bb global_colors_info=\u00bb{}\u00bb][\/et_pb_image][et_pb_text _builder_version=\u00bb4.16&#8243; text_font=\u00bb||||||||\u00bb text_text_color=\u00bb#ffffff\u00bb text_line_height=\u00bb28px\u00bb custom_margin=\u00bb|||0%|false|false\u00bb custom_margin_tablet=\u00bb\u00bb custom_margin_phone=\u00bb|||0%|false|false\u00bb custom_margin_last_edited=\u00bbon|desktop\u00bb text_font_size_tablet=\u00bb\u00bb text_font_size_phone=\u00bb\u00bb text_font_size_last_edited=\u00bbon|desktop\u00bb text_line_height_tablet=\u00bb\u00bb text_line_height_phone=\u00bb\u00bb text_line_height_last_edited=\u00bbon|desktop\u00bb global_colors_info=\u00bb{}\u00bb]<\/p>\n<p><span style=\"font-size: 24px; color: #68c4d1;\"><strong><span>Esther Torremocha, <br \/><\/span><\/strong><\/span><span>Manager de Energ\u00eda e Industria de<\/span><strong> <\/strong><span style=\"color: #11d8d8;\"><strong><b>OVERLAP<br \/><\/b><\/strong><\/span><\/p>\n<p>[\/et_pb_text][et_pb_social_media_follow use_icon_font_size=\u00bbon\u00bb icon_font_size=\u00bb22px\u00bb _builder_version=\u00bb4.16&#8243; custom_button=\u00bbon\u00bb module_alignment=\u00bbleft\u00bb custom_margin=\u00bb0%|||0%|false|false\u00bb custom_margin_tablet=\u00bb\u00bb custom_margin_phone=\u00bb|||0%|false|false\u00bb custom_margin_last_edited=\u00bbon|desktop\u00bb border_radii=\u00bbon|100px|100px|100px|100px\u00bb locked=\u00bboff\u00bb global_colors_info=\u00bb{}\u00bb][et_pb_social_media_follow_network social_network=\u00bblinkedin\u00bb url=\u00bbhttps:\/\/www.linkedin.com\/in\/esther-torremocha-freijo\/\u00bb _builder_version=\u00bb4.16&#8243; background_color=\u00bb#007AB9&#8243; background_enable_color=\u00bbon\u00bb global_colors_info=\u00bb{}\u00bb follow_button=\u00bboff\u00bb url_new_window=\u00bbon\u00bb]linkedin[\/et_pb_social_media_follow_network][et_pb_social_media_follow_network social_network=\u00bbtwitter\u00bb url=\u00bbhttps:\/\/twitter.com\/overlapnet\u00bb _builder_version=\u00bb4.22.2&#8243; background_color=\u00bb#000000&#8243; global_colors_info=\u00bb{}\u00bb follow_button=\u00bboff\u00bb url_new_window=\u00bbon\u00bb]twitter[\/et_pb_social_media_follow_network][\/et_pb_social_media_follow][\/et_pb_column][et_pb_column type=\u00bb1_4&#8243; _builder_version=\u00bb4.16&#8243; global_colors_info=\u00bb{}\u00bb][et_pb_image src=\u00bbhttps:\/\/www.equiposytalentoeventos.com\/corporate-learning\/wp-content\/uploads\/2023\/11\/Sergio_CORNERSTONE.jpg\u00bb title_text=\u00bblaura_santacreu\u00bb align_tablet=\u00bb\u00bb align_phone=\u00bbleft\u00bb align_last_edited=\u00bbon|phone\u00bb _builder_version=\u00bb4.16&#8243; max_width=\u00bb180px\u00bb custom_padding=\u00bb|0px||||\u00bb border_color_all=\u00bb#ffffff\u00bb global_colors_info=\u00bb{}\u00bb][\/et_pb_image][et_pb_text _builder_version=\u00bb4.16&#8243; text_font=\u00bb||||||||\u00bb text_text_color=\u00bb#ffffff\u00bb text_line_height=\u00bb28px\u00bb custom_margin=\u00bb|||0%|false|false\u00bb custom_margin_tablet=\u00bb\u00bb custom_margin_phone=\u00bb|||0%|false|false\u00bb custom_margin_last_edited=\u00bbon|desktop\u00bb text_font_size_tablet=\u00bb\u00bb text_font_size_phone=\u00bb\u00bb text_font_size_last_edited=\u00bbon|desktop\u00bb text_line_height_tablet=\u00bb\u00bb text_line_height_phone=\u00bb\u00bb text_line_height_last_edited=\u00bbon|desktop\u00bb global_colors_info=\u00bb{}\u00bb]<\/p>\n<p><span style=\"font-size: 24px; color: #68c4d1;\"><strong><span>Sergio Sotelo, <br \/><\/span><\/strong><\/span><span>Learning &amp; Content Strategist EMEA de<\/span><strong> <\/strong><span style=\"color: #11d8d8;\"><strong><b>CORNERSTONE<br \/><\/b><\/strong><\/span><\/p>\n<p>[\/et_pb_text][et_pb_social_media_follow use_icon_font_size=\u00bbon\u00bb icon_font_size=\u00bb22px\u00bb _builder_version=\u00bb4.16&#8243; custom_button=\u00bbon\u00bb module_alignment=\u00bbleft\u00bb custom_margin=\u00bb0%|||0%|false|false\u00bb custom_margin_tablet=\u00bb\u00bb custom_margin_phone=\u00bb|||0%|false|false\u00bb custom_margin_last_edited=\u00bbon|desktop\u00bb border_radii=\u00bbon|100px|100px|100px|100px\u00bb locked=\u00bboff\u00bb global_colors_info=\u00bb{}\u00bb][et_pb_social_media_follow_network social_network=\u00bblinkedin\u00bb url=\u00bbhttps:\/\/www.linkedin.com\/in\/sasotelo\/\u00bb _builder_version=\u00bb4.16&#8243; background_color=\u00bb#007AB9&#8243; background_enable_color=\u00bbon\u00bb global_colors_info=\u00bb{}\u00bb follow_button=\u00bboff\u00bb url_new_window=\u00bbon\u00bb]linkedin[\/et_pb_social_media_follow_network][et_pb_social_media_follow_network social_network=\u00bbtwitter\u00bb url=\u00bbhttps:\/\/twitter.com\/csod_ES\u00bb _builder_version=\u00bb4.22.2&#8243; background_color=\u00bb#000000&#8243; global_colors_info=\u00bb{}\u00bb follow_button=\u00bboff\u00bb url_new_window=\u00bbon\u00bb]twitter[\/et_pb_social_media_follow_network][\/et_pb_social_media_follow][\/et_pb_column][et_pb_column type=\u00bb1_4&#8243; _builder_version=\u00bb4.16&#8243; global_colors_info=\u00bb{}\u00bb][et_pb_image src=\u00bbhttps:\/\/www.equiposytalentoeventos.com\/corporate-learning\/wp-content\/uploads\/2022\/10\/Enrique-Benayas_ESIC.jpg\u00bb title_text=\u00bblaura_santacreu\u00bb align_tablet=\u00bb\u00bb align_phone=\u00bbleft\u00bb align_last_edited=\u00bbon|phone\u00bb _builder_version=\u00bb4.16&#8243; max_width=\u00bb180px\u00bb custom_padding=\u00bb|0px||||\u00bb border_color_all=\u00bb#ffffff\u00bb global_colors_info=\u00bb{}\u00bb][\/et_pb_image][et_pb_text _builder_version=\u00bb4.16&#8243; text_font=\u00bb||||||||\u00bb text_text_color=\u00bb#ffffff\u00bb text_line_height=\u00bb28px\u00bb custom_margin=\u00bb|||0%|false|false\u00bb custom_margin_tablet=\u00bb\u00bb custom_margin_phone=\u00bb|||0%|false|false\u00bb custom_margin_last_edited=\u00bbon|desktop\u00bb text_font_size_tablet=\u00bb\u00bb text_font_size_phone=\u00bb\u00bb text_font_size_last_edited=\u00bbon|desktop\u00bb text_line_height_tablet=\u00bb\u00bb text_line_height_phone=\u00bb\u00bb text_line_height_last_edited=\u00bbon|desktop\u00bb global_colors_info=\u00bb{}\u00bb]<\/p>\n<p><span style=\"font-size: 24px; color: #68c4d1;\"><strong><span>Enrique Benayas, <br \/><\/span><\/strong><\/span><span style=\"color: #ffffff;\"><strong>C<\/strong>hief innovation officer director corporate &amp; executive education de <\/span><span style=\"color: #11d8d8;\"><strong><b>ESIC<br \/><\/b><\/strong><\/span><\/p>\n<p>[\/et_pb_text][et_pb_social_media_follow use_icon_font_size=\u00bbon\u00bb icon_font_size=\u00bb22px\u00bb _builder_version=\u00bb4.16&#8243; custom_button=\u00bbon\u00bb module_alignment=\u00bbleft\u00bb custom_margin=\u00bb0%|||0%|false|false\u00bb custom_margin_tablet=\u00bb\u00bb custom_margin_phone=\u00bb|||0%|false|false\u00bb custom_margin_last_edited=\u00bbon|desktop\u00bb border_radii=\u00bbon|100px|100px|100px|100px\u00bb locked=\u00bboff\u00bb global_colors_info=\u00bb{}\u00bb][et_pb_social_media_follow_network social_network=\u00bblinkedin\u00bb url=\u00bbhttps:\/\/www.linkedin.com\/in\/enriquebenayas\/\u00bb _builder_version=\u00bb4.16&#8243; background_color=\u00bb#007AB9&#8243; background_enable_color=\u00bbon\u00bb global_colors_info=\u00bb{}\u00bb follow_button=\u00bboff\u00bb url_new_window=\u00bbon\u00bb]linkedin[\/et_pb_social_media_follow_network][et_pb_social_media_follow_network social_network=\u00bbtwitter\u00bb url=\u00bbhttps:\/\/twitter.com\/ESICEducation\u00bb _builder_version=\u00bb4.22.2&#8243; background_color=\u00bb#000000&#8243; global_colors_info=\u00bb{}\u00bb follow_button=\u00bboff\u00bb url_new_window=\u00bbon\u00bb]twitter[\/et_pb_social_media_follow_network][\/et_pb_social_media_follow][\/et_pb_column][\/et_pb_row][et_pb_row column_structure=\u00bb1_4,1_4,1_4,1_4&#8243; use_custom_gutter=\u00bbon\u00bb gutter_width=\u00bb2&#8243; make_equal=\u00bbon\u00bb disabled_on=\u00bboff|off|off\u00bb _builder_version=\u00bb4.16&#8243; width_tablet=\u00bb\u00bb width_phone=\u00bb75%\u00bb width_last_edited=\u00bbon|desktop\u00bb max_width_tablet=\u00bb\u00bb max_width_phone=\u00bb\u00bb max_width_last_edited=\u00bbon|desktop\u00bb module_alignment=\u00bbcenter\u00bb min_height=\u00bb100px\u00bb custom_margin=\u00bb1.9%|auto||auto|false|false\u00bb custom_margin_phone=\u00bb|auto|0%|auto|false|false\u00bb custom_margin_last_edited=\u00bboff|phone\u00bb custom_padding=\u00bb0px|||0px||\u00bb global_colors_info=\u00bb{}\u00bb][et_pb_column type=\u00bb1_4&#8243; _builder_version=\u00bb4.16&#8243; global_colors_info=\u00bb{}\u00bb][et_pb_image src=\u00bbhttps:\/\/www.equiposytalentoeventos.com\/corporate-learning\/wp-content\/uploads\/2023\/11\/Mariano_GOODHABITZ.jpg\u00bb title_text=\u00bblaura_santacreu\u00bb align_tablet=\u00bb\u00bb align_phone=\u00bbleft\u00bb align_last_edited=\u00bbon|phone\u00bb _builder_version=\u00bb4.16&#8243; max_width=\u00bb180px\u00bb custom_padding=\u00bb|0px||||\u00bb border_color_all=\u00bb#ffffff\u00bb global_colors_info=\u00bb{}\u00bb][\/et_pb_image][et_pb_text _builder_version=\u00bb4.16&#8243; text_font=\u00bb||||||||\u00bb text_text_color=\u00bb#ffffff\u00bb text_line_height=\u00bb28px\u00bb custom_margin=\u00bb|||0%|false|false\u00bb custom_margin_tablet=\u00bb\u00bb custom_margin_phone=\u00bb|||0%|false|false\u00bb custom_margin_last_edited=\u00bbon|desktop\u00bb text_font_size_tablet=\u00bb\u00bb text_font_size_phone=\u00bb\u00bb text_font_size_last_edited=\u00bbon|desktop\u00bb text_line_height_tablet=\u00bb\u00bb text_line_height_phone=\u00bb\u00bb text_line_height_last_edited=\u00bbon|desktop\u00bb global_colors_info=\u00bb{}\u00bb]<\/p>\n<p><span style=\"font-size: 24px; color: #68c4d1;\"><strong><span>Mariano Montes, <br \/><\/span><\/strong><\/span><span>CS Lead de<\/span><strong> <\/strong><span style=\"color: #11d8d8;\"><strong><b>GOODHABITZ<br \/><\/b><\/strong><\/span><\/p>\n<p>[\/et_pb_text][et_pb_social_media_follow use_icon_font_size=\u00bbon\u00bb icon_font_size=\u00bb22px\u00bb _builder_version=\u00bb4.16&#8243; custom_button=\u00bbon\u00bb module_alignment=\u00bbleft\u00bb custom_margin=\u00bb0%|||0%|false|false\u00bb custom_margin_tablet=\u00bb\u00bb custom_margin_phone=\u00bb|||0%|false|false\u00bb custom_margin_last_edited=\u00bbon|desktop\u00bb border_radii=\u00bbon|100px|100px|100px|100px\u00bb locked=\u00bboff\u00bb global_colors_info=\u00bb{}\u00bb][et_pb_social_media_follow_network social_network=\u00bblinkedin\u00bb url=\u00bbhttps:\/\/www.linkedin.com\/in\/mariano-montes-fern%C3%A1ndez-2ba5573\/\u00bb _builder_version=\u00bb4.16&#8243; background_color=\u00bb#007AB9&#8243; background_enable_color=\u00bbon\u00bb global_colors_info=\u00bb{}\u00bb follow_button=\u00bboff\u00bb url_new_window=\u00bbon\u00bb]linkedin[\/et_pb_social_media_follow_network][et_pb_social_media_follow_network social_network=\u00bbtwitter\u00bb url=\u00bbhttps:\/\/twitter.com\/GoodHabitz_ES\u00bb _builder_version=\u00bb4.22.2&#8243; background_color=\u00bb#000000&#8243; global_colors_info=\u00bb{}\u00bb follow_button=\u00bboff\u00bb url_new_window=\u00bbon\u00bb]twitter[\/et_pb_social_media_follow_network][\/et_pb_social_media_follow][\/et_pb_column][et_pb_column type=\u00bb1_4&#8243; _builder_version=\u00bb4.16&#8243; global_colors_info=\u00bb{}\u00bb][et_pb_image src=\u00bbhttps:\/\/www.equiposytalentoeventos.com\/corporate-learning\/wp-content\/uploads\/2023\/11\/Nuria_THE-POWER-MBA.jpg\u00bb title_text=\u00bbNuria_THE POWER MBA\u00bb align_tablet=\u00bb\u00bb align_phone=\u00bbleft\u00bb align_last_edited=\u00bbon|phone\u00bb _builder_version=\u00bb4.23.1&#8243; max_width=\u00bb180px\u00bb custom_padding=\u00bb|0px||||\u00bb border_color_all=\u00bb#ffffff\u00bb global_colors_info=\u00bb{}\u00bb][\/et_pb_image][et_pb_text _builder_version=\u00bb4.16&#8243; text_font=\u00bb||||||||\u00bb text_text_color=\u00bb#ffffff\u00bb text_line_height=\u00bb28px\u00bb custom_margin=\u00bb|||0%|false|false\u00bb custom_margin_tablet=\u00bb\u00bb custom_margin_phone=\u00bb|||0%|false|false\u00bb custom_margin_last_edited=\u00bbon|desktop\u00bb text_font_size_tablet=\u00bb\u00bb text_font_size_phone=\u00bb\u00bb text_font_size_last_edited=\u00bbon|desktop\u00bb text_line_height_tablet=\u00bb\u00bb text_line_height_phone=\u00bb\u00bb text_line_height_last_edited=\u00bbon|desktop\u00bb global_colors_info=\u00bb{}\u00bb]<\/p>\n<p><span style=\"font-size: 24px; color: #68c4d1;\"><strong><span>Nuria Aguado, <br \/><\/span><\/strong><\/span><span>Sales Manager B2B de<\/span><strong> <\/strong><span style=\"color: #11d8d8;\"><strong><b>THE POWER MBA<br \/><\/b><\/strong><\/span><\/p>\n<p>[\/et_pb_text][et_pb_social_media_follow use_icon_font_size=\u00bbon\u00bb icon_font_size=\u00bb22px\u00bb _builder_version=\u00bb4.23.1&#8243; custom_button=\u00bbon\u00bb module_alignment=\u00bbleft\u00bb custom_margin=\u00bb0%|||0%|false|false\u00bb custom_margin_tablet=\u00bb\u00bb custom_margin_phone=\u00bb|||0%|false|false\u00bb custom_margin_last_edited=\u00bbon|desktop\u00bb border_radii=\u00bbon|100px|100px|100px|100px\u00bb locked=\u00bboff\u00bb global_colors_info=\u00bb{}\u00bb][et_pb_social_media_follow_network social_network=\u00bblinkedin\u00bb url=\u00bbhttps:\/\/www.linkedin.com\/in\/nuriaaguado1\/?originalSubdomain=es\u00bb _builder_version=\u00bb4.23.1&#8243; background_color=\u00bb#007AB9&#8243; background_enable_color=\u00bbon\u00bb global_colors_info=\u00bb{}\u00bb follow_button=\u00bboff\u00bb url_new_window=\u00bbon\u00bb]linkedin[\/et_pb_social_media_follow_network][et_pb_social_media_follow_network social_network=\u00bbtwitter\u00bb url=\u00bbhttps:\/\/twitter.com\/ThePowerMBA\u00bb _builder_version=\u00bb4.23.1&#8243; background_color=\u00bb#000000&#8243; global_colors_info=\u00bb{}\u00bb follow_button=\u00bboff\u00bb url_new_window=\u00bbon\u00bb]twitter[\/et_pb_social_media_follow_network][\/et_pb_social_media_follow][\/et_pb_column][et_pb_column type=\u00bb1_4&#8243; _builder_version=\u00bb4.16&#8243; global_colors_info=\u00bb{}\u00bb][et_pb_image src=\u00bbhttps:\/\/www.equiposytalentoeventos.com\/corporate-learning\/wp-content\/uploads\/2023\/11\/Andr\u00e9s_AUREN.jpg\u00bb title_text=\u00bbAndr\u00e9s_AUREN\u00bb align_tablet=\u00bb\u00bb align_phone=\u00bbleft\u00bb align_last_edited=\u00bbon|phone\u00bb _builder_version=\u00bb4.23.1&#8243; max_width=\u00bb180px\u00bb custom_padding=\u00bb|0px||||\u00bb border_color_all=\u00bb#ffffff\u00bb global_colors_info=\u00bb{}\u00bb][\/et_pb_image][et_pb_text _builder_version=\u00bb4.16&#8243; text_font=\u00bb||||||||\u00bb text_text_color=\u00bb#ffffff\u00bb text_line_height=\u00bb28px\u00bb custom_margin=\u00bb|||0%|false|false\u00bb custom_margin_tablet=\u00bb\u00bb custom_margin_phone=\u00bb|||0%|false|false\u00bb custom_margin_last_edited=\u00bbon|desktop\u00bb text_font_size_tablet=\u00bb\u00bb text_font_size_phone=\u00bb\u00bb text_font_size_last_edited=\u00bbon|desktop\u00bb text_line_height_tablet=\u00bb\u00bb text_line_height_phone=\u00bb\u00bb text_line_height_last_edited=\u00bbon|desktop\u00bb global_colors_info=\u00bb{}\u00bb]<\/p>\n<p><span style=\"font-size: 24px; color: #68c4d1;\"><strong><span>Andr\u00e9s P\u00e9rez, <br \/><\/span><\/strong><\/span><span>Socio de<\/span><strong> <\/strong><span style=\"color: #11d8d8;\"><strong><b>AUREN PERSONAS<br \/><\/b><\/strong><\/span><\/p>\n<p>[\/et_pb_text][et_pb_social_media_follow use_icon_font_size=\u00bbon\u00bb icon_font_size=\u00bb22px\u00bb _builder_version=\u00bb4.23.1&#8243; custom_button=\u00bbon\u00bb module_alignment=\u00bbleft\u00bb custom_margin=\u00bb0%|||0%|false|false\u00bb custom_margin_tablet=\u00bb\u00bb custom_margin_phone=\u00bb|||0%|false|false\u00bb custom_margin_last_edited=\u00bbon|desktop\u00bb border_radii=\u00bbon|100px|100px|100px|100px\u00bb locked=\u00bboff\u00bb global_colors_info=\u00bb{}\u00bb][et_pb_social_media_follow_network social_network=\u00bblinkedin\u00bb url=\u00bbhttps:\/\/www.linkedin.com\/in\/andres-perez-monzon\/\u00bb _builder_version=\u00bb4.23.1&#8243; background_color=\u00bb#007AB9&#8243; background_enable_color=\u00bbon\u00bb global_colors_info=\u00bb{}\u00bb follow_button=\u00bboff\u00bb url_new_window=\u00bbon\u00bb]linkedin[\/et_pb_social_media_follow_network][et_pb_social_media_follow_network social_network=\u00bbtwitter\u00bb url=\u00bbhttps:\/\/twitter.com\/Auren_Spain\u00bb _builder_version=\u00bb4.23.1&#8243; background_color=\u00bb#000000&#8243; global_colors_info=\u00bb{}\u00bb follow_button=\u00bboff\u00bb url_new_window=\u00bbon\u00bb]twitter[\/et_pb_social_media_follow_network][\/et_pb_social_media_follow][\/et_pb_column][et_pb_column type=\u00bb1_4&#8243; _builder_version=\u00bb4.16&#8243; global_colors_info=\u00bb{}\u00bb][et_pb_image src=\u00bbhttps:\/\/www.equiposytalentoeventos.com\/corporate-learning\/wp-content\/uploads\/2022\/09\/Roberto_SPEEX.jpg\u00bb title_text=\u00bbRoberto_SPEEX\u00bb align_tablet=\u00bb\u00bb align_phone=\u00bbleft\u00bb align_last_edited=\u00bbon|phone\u00bb _builder_version=\u00bb4.23.1&#8243; max_width=\u00bb180px\u00bb custom_padding=\u00bb|0px||||\u00bb border_color_all=\u00bb#ffffff\u00bb global_colors_info=\u00bb{}\u00bb][\/et_pb_image][et_pb_text _builder_version=\u00bb4.16&#8243; text_font=\u00bb||||||||\u00bb text_text_color=\u00bb#ffffff\u00bb text_line_height=\u00bb28px\u00bb custom_margin=\u00bb|||0%|false|false\u00bb custom_margin_tablet=\u00bb\u00bb custom_margin_phone=\u00bb|||0%|false|false\u00bb custom_margin_last_edited=\u00bbon|desktop\u00bb text_font_size_tablet=\u00bb\u00bb text_font_size_phone=\u00bb\u00bb text_font_size_last_edited=\u00bbon|desktop\u00bb text_line_height_tablet=\u00bb\u00bb text_line_height_phone=\u00bb\u00bb text_line_height_last_edited=\u00bbon|desktop\u00bb global_colors_info=\u00bb{}\u00bb]<\/p>\n<p><span style=\"font-size: 24px; color: #68c4d1;\"><strong><span>Roberto Mart\u00edn, <br \/><\/span><\/strong><\/span><span>Head of Digital Marketing &amp; Growth de <\/span><span style=\"color: #11d8d8;\"><strong><b>SPEEXX<br \/><\/b><\/strong><\/span><\/p>\n<p>[\/et_pb_text][et_pb_social_media_follow use_icon_font_size=\u00bbon\u00bb icon_font_size=\u00bb22px\u00bb _builder_version=\u00bb4.23.1&#8243; custom_button=\u00bbon\u00bb module_alignment=\u00bbleft\u00bb custom_margin=\u00bb0%|||0%|false|false\u00bb custom_margin_tablet=\u00bb\u00bb custom_margin_phone=\u00bb|||0%|false|false\u00bb custom_margin_last_edited=\u00bbon|desktop\u00bb border_radii=\u00bbon|100px|100px|100px|100px\u00bb locked=\u00bboff\u00bb global_colors_info=\u00bb{}\u00bb][et_pb_social_media_follow_network social_network=\u00bblinkedin\u00bb url=\u00bbhttps:\/\/www.linkedin.com\/in\/roberto-martin-arroyo\/\u00bb _builder_version=\u00bb4.23.1&#8243; background_color=\u00bb#007AB9&#8243; background_enable_color=\u00bbon\u00bb global_colors_info=\u00bb{}\u00bb follow_button=\u00bboff\u00bb url_new_window=\u00bbon\u00bb]linkedin[\/et_pb_social_media_follow_network][et_pb_social_media_follow_network social_network=\u00bbtwitter\u00bb url=\u00bbhttps:\/\/twitter.com\/speexx_Spain\u00bb _builder_version=\u00bb4.23.1&#8243; background_color=\u00bb#000000&#8243; global_colors_info=\u00bb{}\u00bb follow_button=\u00bboff\u00bb url_new_window=\u00bbon\u00bb]twitter[\/et_pb_social_media_follow_network][\/et_pb_social_media_follow][\/et_pb_column][\/et_pb_row][\/et_pb_section][et_pb_section fb_built=\u00bb1&#8243; custom_padding_last_edited=\u00bbon|desktop\u00bb disabled_on=\u00bboff|off|off\u00bb module_id=\u00bbinscripcion\u00bb _builder_version=\u00bb4.16&#8243; background_color=\u00bbrgba(0,0,0,0.79)\u00bb background_image=\u00bbhttps:\/\/www.equiposytalentoeventos.com\/corporate-learning\/wp-content\/uploads\/2021\/10\/CorporateLearningDay21-footer1.jpg\u00bb background_blend=\u00bbmultiply\u00bb custom_margin=\u00bb0px||||false|false\u00bb custom_margin_tablet=\u00bb\u00bb custom_margin_phone=\u00bb||0%||false|false\u00bb custom_margin_last_edited=\u00bbon|desktop\u00bb custom_padding=\u00bb6px||0px||false|false\u00bb custom_padding_tablet=\u00bb\u00bb custom_padding_phone=\u00bb||0%||false|false\u00bb background_last_edited=\u00bbon|phone\u00bb background_enable_image_phone=\u00bboff\u00bb global_colors_info=\u00bb{}\u00bb][et_pb_row custom_padding_last_edited=\u00bbon|phone\u00bb disabled_on=\u00bboff|off|off\u00bb _builder_version=\u00bb4.16&#8243; background_enable_color=\u00bboff\u00bb width_tablet=\u00bb85%\u00bb width_phone=\u00bb100%\u00bb width_last_edited=\u00bbon|phone\u00bb custom_margin=\u00bb0.2%|auto||auto|false|false\u00bb custom_padding=\u00bb5%|5%||5%\u00bb custom_padding_tablet=\u00bb\u00bb custom_padding_phone=\u00bb3%|0%||10%|false|false\u00bb global_colors_info=\u00bb{}\u00bb][et_pb_column type=\u00bb4_4&#8243; _builder_version=\u00bb4.16&#8243; global_colors_info=\u00bb{}\u00bb][et_pb_text _builder_version=\u00bb4.16&#8243; text_font=\u00bbUnivers LT 75 Black||||||||\u00bb text_text_color=\u00bb#ffffff\u00bb text_font_size=\u00bb42px\u00bb text_line_height=\u00bb90px\u00bb text_orientation=\u00bbcenter\u00bb width_tablet=\u00bb\u00bb width_phone=\u00bb100%\u00bb width_last_edited=\u00bbon|desktop\u00bb custom_margin=\u00bb||-0.6%||false|false\u00bb custom_margin_tablet=\u00bb\u00bb custom_margin_phone=\u00bb7%||5%||false|false\u00bb custom_margin_last_edited=\u00bbon|phone\u00bb text_font_size_tablet=\u00bb\u00bb text_font_size_phone=\u00bb36px\u00bb text_font_size_last_edited=\u00bbon|desktop\u00bb text_line_height_tablet=\u00bb\u00bb text_line_height_phone=\u00bb54px\u00bb text_line_height_last_edited=\u00bbon|desktop\u00bb text_orientation_tablet=\u00bb\u00bb text_orientation_phone=\u00bb\u00bb text_orientation_last_edited=\u00bbon|desktop\u00bb text_text_align=\u00bbcenter\u00bb global_colors_info=\u00bb{}\u00bb]<\/p>\n<p style=\"text-align: left;\">Inscr\u00edbete a Corporate Learning<\/p>\n<p>[\/et_pb_text][\/et_pb_column][\/et_pb_row][et_pb_row column_structure=\u00bb2_5,3_5&#8243; custom_padding_last_edited=\u00bbon|desktop\u00bb disabled_on=\u00bboff|off|off\u00bb module_id=\u00bbinscribete\u00bb _builder_version=\u00bb4.16&#8243; width_tablet=\u00bb85%\u00bb width_phone=\u00bb100%\u00bb width_last_edited=\u00bbon|phone\u00bb custom_margin=\u00bb||\u00bb custom_padding=\u00bb0%|5%|6.5%|5%||\u00bb custom_padding_tablet=\u00bb\u00bb custom_padding_phone=\u00bb|10%|7%|10%|false|false\u00bb box_shadow_style=\u00bbpreset3&#8243; global_colors_info=\u00bb{}\u00bb][et_pb_column type=\u00bb2_5&#8243; _builder_version=\u00bb4.16&#8243; global_colors_info=\u00bb{}\u00bb][et_pb_text _builder_version=\u00bb4.16&#8243; text_font=\u00bbUnivers||||||||\u00bb text_text_color=\u00bb#ffffff\u00bb text_font_size=\u00bb16px\u00bb text_line_height=\u00bb26px\u00bb custom_margin=\u00bb0.7%|||||\u00bb custom_margin_tablet=\u00bb\u00bb custom_margin_phone=\u00bb0%||10%||false|false\u00bb custom_margin_last_edited=\u00bbon|phone\u00bb text_font_size_tablet=\u00bb\u00bb text_font_size_phone=\u00bb\u00bb text_font_size_last_edited=\u00bbon|desktop\u00bb text_line_height_tablet=\u00bb\u00bb text_line_height_phone=\u00bb\u00bb text_line_height_last_edited=\u00bbon|desktop\u00bb global_colors_info=\u00bb{}\u00bb]<\/p>\n<p>La Inscripci\u00f3n al Corporate LearningDay va dirigida exclusivamente a Directivos del \u00e1rea de Recursos Humanos de empresas, acreditando dicha condici\u00f3n.<\/p>\n<p>El evento no va dirigido a proveedores de servicios de recursos humanos.<\/p>\n<p>La organizaci\u00f3n no permitir\u00e1 la asistencia a personas de Consultoras y empresas proveedoras de servicios. En tal caso, s\u00f3lo se permitir\u00e1 el acceso a los representantes de las empresas patrocinadoras.<\/p>\n<p>[\/et_pb_text][\/et_pb_column][et_pb_column type=\u00bb3_5&#8243; _builder_version=\u00bb4.16&#8243; global_colors_info=\u00bb{}\u00bb][et_pb_text _builder_version=\u00bb4.16&#8243; text_font=\u00bbUnivers||||||||\u00bb text_text_color=\u00bb#ffffff\u00bb text_font_size=\u00bb16px\u00bb text_line_height=\u00bb26px\u00bb custom_margin=\u00bb0.7%|||||\u00bb custom_margin_tablet=\u00bb\u00bb custom_margin_phone=\u00bb0%||10%||false|false\u00bb custom_margin_last_edited=\u00bbon|phone\u00bb text_font_size_tablet=\u00bb\u00bb text_font_size_phone=\u00bb\u00bb text_font_size_last_edited=\u00bbon|desktop\u00bb text_line_height_tablet=\u00bb\u00bb text_line_height_phone=\u00bb\u00bb text_line_height_last_edited=\u00bbon|desktop\u00bb global_colors_info=\u00bb{}\u00bb]<\/p>\n<p><span style=\"font-size: x-large; color: #11d8d8;\"><strong>INSCRIPCIONES CERRADAS<\/strong><\/span><\/p>\n<p>[\/et_pb_text][et_pb_text disabled_on=\u00bbon|on|on\u00bb _builder_version=\u00bb4.16&#8243; text_font=\u00bbUnivers||||||||\u00bb text_text_color=\u00bb#ffffff\u00bb text_font_size=\u00bb16px\u00bb text_line_height=\u00bb26px\u00bb custom_margin=\u00bb0.7%|||||\u00bb custom_margin_tablet=\u00bb\u00bb custom_margin_phone=\u00bb0%||10%||false|false\u00bb custom_margin_last_edited=\u00bbon|phone\u00bb text_font_size_tablet=\u00bb\u00bb text_font_size_phone=\u00bb\u00bb text_font_size_last_edited=\u00bbon|desktop\u00bb text_line_height_tablet=\u00bb\u00bb text_line_height_phone=\u00bb\u00bb text_line_height_last_edited=\u00bbon|desktop\u00bb disabled=\u00bbon\u00bb global_colors_info=\u00bb{}\u00bb]<\/p>\n<p><span style=\"font-size: x-large; color: #11d8d8;\"><strong>Evento exclusivamente Presencial:<\/strong><\/span><br \/>22 de noviembre en el Teatro Goya de Madrid de 9h a 18h<\/p>\n<p>[\/et_pb_text][et_pb_contact_form captcha=\u00bboff\u00bb email=\u00bbjmlopez@equiposytalento.com\u00bb success_message=\u00bbGracias por el inter\u00e9s. En unos d\u00edas le confirmaremos su plaza en Corporate Learning Day23&#8243; submit_button_text=\u00bbENVIAR\u00bb disabled_on=\u00bbon|on|on\u00bb _builder_version=\u00bb4.16&#8243; _unique_id=\u00bb648d55c8-cb40-4db8-827a-be3247ab9eda\u00bb form_field_background_color=\u00bbrgba(255,255,255,0.3)\u00bb form_field_text_color=\u00bb#ffffff\u00bb form_field_focus_background_color=\u00bb#ffffff\u00bb form_field_focus_text_color=\u00bb#000000&#8243; form_field_custom_margin_tablet=\u00bb\u00bb form_field_custom_margin_phone=\u00bb4%||4%||false|false\u00bb form_field_custom_margin_last_edited=\u00bbon|phone\u00bb form_field_font=\u00bbUnivers||||||||\u00bb form_field_font_size=\u00bb20px\u00bb custom_button=\u00bbon\u00bb button_text_size=\u00bb40px\u00bb button_text_color=\u00bb#02394A\u00bb button_bg_color=\u00bb#ffffff\u00bb button_border_width=\u00bb0px\u00bb button_border_radius=\u00bb0px\u00bb button_font=\u00bbUnivers LT 75 Black||||||||\u00bb button_use_icon=\u00bboff\u00bb button_custom_margin=\u00bb34px|600px|||false|false\u00bb button_custom_margin_tablet=\u00bb7%|25%|5%||false|false\u00bb button_custom_margin_phone=\u00bb15%|15%|15%||false|false\u00bb button_custom_margin_last_edited=\u00bboff|phone\u00bb button_custom_padding=\u00bb||||false|false\u00bb custom_margin_tablet=\u00bb\u00bb custom_margin_phone=\u00bb\u00bb custom_margin_last_edited=\u00bbon|phone\u00bb custom_padding=\u00bb||0px|||\u00bb form_field_font_size_tablet=\u00bb\u00bb form_field_font_size_phone=\u00bb\u00bb form_field_font_size_last_edited=\u00bbon|desktop\u00bb button_text_size_tablet=\u00bb42px\u00bb button_text_size_phone=\u00bb36px\u00bb button_text_size_last_edited=\u00bboff|phone\u00bb button_text_color_last_edited=\u00bboff|desktop\u00bb custom_css_main_element=\u00bbclass=%22et-pb-contact-message%22||color:#ffffff;||\u00bb custom_css_contact_button=\u00bb||\u00bb disabled=\u00bbon\u00bb global_colors_info=\u00bb{}\u00bb button_text_color__hover_enabled=\u00bbon\u00bb button_text_color__hover=\u00bb#ffffff\u00bb button_bg_color__hover_enabled=\u00bbon\u00bb button_bg_color__hover=\u00bb#00556b\u00bb button_bg_enable_color__hover=\u00bbon\u00bb button_text_size__hover_enabled=\u00bbon\u00bb button_text_size__hover=\u00bb40px\u00bb button_border_radius__hover_enabled=\u00bbon\u00bb button_border_radius__hover=\u00bb0px\u00bb custom_margin__hover_enabled=\u00bbon\u00bb][et_pb_contact_field field_id=\u00bbName\u00bb field_title=\u00bbNombre\u00bb _builder_version=\u00bb4.16&#8243; global_colors_info=\u00bb{}\u00bb button_text_size__hover_enabled=\u00bboff\u00bb button_one_text_size__hover_enabled=\u00bboff\u00bb button_two_text_size__hover_enabled=\u00bboff\u00bb button_text_color__hover_enabled=\u00bboff\u00bb button_one_text_color__hover_enabled=\u00bboff\u00bb button_two_text_color__hover_enabled=\u00bboff\u00bb button_border_width__hover_enabled=\u00bboff\u00bb button_one_border_width__hover_enabled=\u00bboff\u00bb button_two_border_width__hover_enabled=\u00bboff\u00bb button_border_color__hover_enabled=\u00bboff\u00bb button_one_border_color__hover_enabled=\u00bboff\u00bb button_two_border_color__hover_enabled=\u00bboff\u00bb button_border_radius__hover_enabled=\u00bboff\u00bb button_one_border_radius__hover_enabled=\u00bboff\u00bb button_two_border_radius__hover_enabled=\u00bboff\u00bb button_letter_spacing__hover_enabled=\u00bboff\u00bb button_one_letter_spacing__hover_enabled=\u00bboff\u00bb button_two_letter_spacing__hover_enabled=\u00bboff\u00bb button_bg_color__hover_enabled=\u00bboff\u00bb button_one_bg_color__hover_enabled=\u00bboff\u00bb button_two_bg_color__hover_enabled=\u00bboff\u00bb][\/et_pb_contact_field][et_pb_contact_field field_id=\u00bbLastname\u00bb field_title=\u00bbApellidos\u00bb _builder_version=\u00bb4.16&#8243; global_colors_info=\u00bb{}\u00bb button_text_size__hover_enabled=\u00bboff\u00bb button_one_text_size__hover_enabled=\u00bboff\u00bb button_two_text_size__hover_enabled=\u00bboff\u00bb button_text_color__hover_enabled=\u00bboff\u00bb button_one_text_color__hover_enabled=\u00bboff\u00bb button_two_text_color__hover_enabled=\u00bboff\u00bb button_border_width__hover_enabled=\u00bboff\u00bb button_one_border_width__hover_enabled=\u00bboff\u00bb button_two_border_width__hover_enabled=\u00bboff\u00bb button_border_color__hover_enabled=\u00bboff\u00bb button_one_border_color__hover_enabled=\u00bboff\u00bb button_two_border_color__hover_enabled=\u00bboff\u00bb button_border_radius__hover_enabled=\u00bboff\u00bb button_one_border_radius__hover_enabled=\u00bboff\u00bb button_two_border_radius__hover_enabled=\u00bboff\u00bb button_letter_spacing__hover_enabled=\u00bboff\u00bb button_one_letter_spacing__hover_enabled=\u00bboff\u00bb button_two_letter_spacing__hover_enabled=\u00bboff\u00bb button_bg_color__hover_enabled=\u00bboff\u00bb button_one_bg_color__hover_enabled=\u00bboff\u00bb button_two_bg_color__hover_enabled=\u00bboff\u00bb][\/et_pb_contact_field][et_pb_contact_field field_id=\u00bbBusiness\u00bb field_title=\u00bbEmpresa\u00bb _builder_version=\u00bb4.16&#8243; global_colors_info=\u00bb{}\u00bb button_text_size__hover_enabled=\u00bboff\u00bb button_one_text_size__hover_enabled=\u00bboff\u00bb button_two_text_size__hover_enabled=\u00bboff\u00bb button_text_color__hover_enabled=\u00bboff\u00bb button_one_text_color__hover_enabled=\u00bboff\u00bb button_two_text_color__hover_enabled=\u00bboff\u00bb button_border_width__hover_enabled=\u00bboff\u00bb button_one_border_width__hover_enabled=\u00bboff\u00bb button_two_border_width__hover_enabled=\u00bboff\u00bb button_border_color__hover_enabled=\u00bboff\u00bb button_one_border_color__hover_enabled=\u00bboff\u00bb button_two_border_color__hover_enabled=\u00bboff\u00bb button_border_radius__hover_enabled=\u00bboff\u00bb button_one_border_radius__hover_enabled=\u00bboff\u00bb button_two_border_radius__hover_enabled=\u00bboff\u00bb button_letter_spacing__hover_enabled=\u00bboff\u00bb button_one_letter_spacing__hover_enabled=\u00bboff\u00bb button_two_letter_spacing__hover_enabled=\u00bboff\u00bb button_bg_color__hover_enabled=\u00bboff\u00bb button_one_bg_color__hover_enabled=\u00bboff\u00bb button_two_bg_color__hover_enabled=\u00bboff\u00bb][\/et_pb_contact_field][et_pb_contact_field field_id=\u00bbCharge\u00bb field_title=\u00bbCargo\u00bb _builder_version=\u00bb4.16&#8243; global_colors_info=\u00bb{}\u00bb button_text_size__hover_enabled=\u00bboff\u00bb button_one_text_size__hover_enabled=\u00bboff\u00bb button_two_text_size__hover_enabled=\u00bboff\u00bb button_text_color__hover_enabled=\u00bboff\u00bb button_one_text_color__hover_enabled=\u00bboff\u00bb button_two_text_color__hover_enabled=\u00bboff\u00bb button_border_width__hover_enabled=\u00bboff\u00bb button_one_border_width__hover_enabled=\u00bboff\u00bb button_two_border_width__hover_enabled=\u00bboff\u00bb button_border_color__hover_enabled=\u00bboff\u00bb button_one_border_color__hover_enabled=\u00bboff\u00bb button_two_border_color__hover_enabled=\u00bboff\u00bb button_border_radius__hover_enabled=\u00bboff\u00bb button_one_border_radius__hover_enabled=\u00bboff\u00bb button_two_border_radius__hover_enabled=\u00bboff\u00bb button_letter_spacing__hover_enabled=\u00bboff\u00bb button_one_letter_spacing__hover_enabled=\u00bboff\u00bb button_two_letter_spacing__hover_enabled=\u00bboff\u00bb button_bg_color__hover_enabled=\u00bboff\u00bb button_one_bg_color__hover_enabled=\u00bboff\u00bb button_two_bg_color__hover_enabled=\u00bboff\u00bb][\/et_pb_contact_field][et_pb_contact_field field_id=\u00bbPhone\u00bb field_title=\u00bbM\u00f3vil*\u00bb allowed_symbols=\u00bbnumbers\u00bb _builder_version=\u00bb4.16&#8243; global_colors_info=\u00bb{}\u00bb button_text_size__hover_enabled=\u00bboff\u00bb button_one_text_size__hover_enabled=\u00bboff\u00bb button_two_text_size__hover_enabled=\u00bboff\u00bb button_text_color__hover_enabled=\u00bboff\u00bb button_one_text_color__hover_enabled=\u00bboff\u00bb button_two_text_color__hover_enabled=\u00bboff\u00bb button_border_width__hover_enabled=\u00bboff\u00bb button_one_border_width__hover_enabled=\u00bboff\u00bb button_two_border_width__hover_enabled=\u00bboff\u00bb button_border_color__hover_enabled=\u00bboff\u00bb button_one_border_color__hover_enabled=\u00bboff\u00bb button_two_border_color__hover_enabled=\u00bboff\u00bb button_border_radius__hover_enabled=\u00bboff\u00bb button_one_border_radius__hover_enabled=\u00bboff\u00bb button_two_border_radius__hover_enabled=\u00bboff\u00bb button_letter_spacing__hover_enabled=\u00bboff\u00bb button_one_letter_spacing__hover_enabled=\u00bboff\u00bb button_two_letter_spacing__hover_enabled=\u00bboff\u00bb button_bg_color__hover_enabled=\u00bboff\u00bb button_one_bg_color__hover_enabled=\u00bboff\u00bb button_two_bg_color__hover_enabled=\u00bboff\u00bb][\/et_pb_contact_field][et_pb_contact_field field_id=\u00bbEmail\u00bb field_title=\u00bbEmail\u00bb field_type=\u00bbemail\u00bb _builder_version=\u00bb4.16&#8243; global_colors_info=\u00bb{}\u00bb button_text_size__hover_enabled=\u00bboff\u00bb button_one_text_size__hover_enabled=\u00bboff\u00bb button_two_text_size__hover_enabled=\u00bboff\u00bb button_text_color__hover_enabled=\u00bboff\u00bb button_one_text_color__hover_enabled=\u00bboff\u00bb button_two_text_color__hover_enabled=\u00bboff\u00bb button_border_width__hover_enabled=\u00bboff\u00bb button_one_border_width__hover_enabled=\u00bboff\u00bb button_two_border_width__hover_enabled=\u00bboff\u00bb button_border_color__hover_enabled=\u00bboff\u00bb button_one_border_color__hover_enabled=\u00bboff\u00bb button_two_border_color__hover_enabled=\u00bboff\u00bb button_border_radius__hover_enabled=\u00bboff\u00bb button_one_border_radius__hover_enabled=\u00bboff\u00bb button_two_border_radius__hover_enabled=\u00bboff\u00bb button_letter_spacing__hover_enabled=\u00bboff\u00bb button_one_letter_spacing__hover_enabled=\u00bboff\u00bb button_two_letter_spacing__hover_enabled=\u00bboff\u00bb button_bg_color__hover_enabled=\u00bboff\u00bb button_one_bg_color__hover_enabled=\u00bboff\u00bb button_two_bg_color__hover_enabled=\u00bboff\u00bb][\/et_pb_contact_field][et_pb_contact_field field_id=\u00bbCheckbox1&#8243; field_title=\u00bb \u00bb field_type=\u00bbcheckbox\u00bb checkbox_options=\u00bb%91{%22value%22:%22Consiento al tratamiento de mis datos por parte de CUSTOMMEDIA, S.L. para las finalidades definidas en los apartados siguientes. %22,%22checked%22:0,%22dragID%22:-1}%93&#8243; required_mark=\u00bboff\u00bb fullwidth_field=\u00bbon\u00bb _builder_version=\u00bb4.16&#8243; form_field_text_color=\u00bb#ffffff\u00bb form_field_font_size=\u00bb16px\u00bb custom_margin=\u00bb||||false|false\u00bb custom_margin_tablet=\u00bb\u00bb custom_margin_phone=\u00bb\u00bb custom_margin_last_edited=\u00bbon|desktop\u00bb custom_padding=\u00bb5%||||false|false\u00bb form_field_font_size_tablet=\u00bb\u00bb form_field_font_size_phone=\u00bb\u00bb form_field_font_size_last_edited=\u00bbon|desktop\u00bb global_colors_info=\u00bb{}\u00bb][\/et_pb_contact_field][et_pb_contact_field field_id=\u00bbCheckbox2&#8243; field_title=\u00bb \u00bb field_type=\u00bbcheckbox\u00bb checkbox_options=\u00bb%91{%22value%22:%22Consiento al tratamiento de mis datos seg\u00fan la Pol\u00edtica de privacidad de CUSTOMMEDIA, S.L. con la finalidad de gestionar la inscripci\u00f3n al evento. Puede ejercer los derechos de acceso, rectificaci\u00f3n, supresi\u00f3n, portabilidad, limitaci\u00f3n y oposici\u00f3n, como le informamos en nuestra%22,%22checked%22:0,%22dragID%22:-1,%22link_text%22:%22Pol\u00edtica de Privacidad.%22,%22link_url%22:%22https:\/\/www.equiposytalentoeventos.com\/PoliticaPrivacidad.pdf%22}%93&#8243; fullwidth_field=\u00bbon\u00bb _builder_version=\u00bb4.16&#8243; form_field_text_color=\u00bb#ffffff\u00bb form_field_font_size=\u00bb16px\u00bb link_option_url_new_window=\u00bbon\u00bb form_field_font_size_tablet=\u00bb\u00bb form_field_font_size_phone=\u00bb\u00bb form_field_font_size_last_edited=\u00bbon|desktop\u00bb global_colors_info=\u00bb{}\u00bb][\/et_pb_contact_field][et_pb_contact_field field_id=\u00bbCheckbox3&#8243; field_title=\u00bb \u00bb field_type=\u00bbcheckbox\u00bb checkbox_options=\u00bb%91{%22value%22:%22Acepto la comunicaci\u00f3n de mis datos a las empresas patrocinadoras para recibir informaci\u00f3n de sus productos y servicios. %22,%22checked%22:0,%22dragID%22:-1}%93&#8243; required_mark=\u00bboff\u00bb fullwidth_field=\u00bbon\u00bb _builder_version=\u00bb4.16&#8243; form_field_text_color=\u00bb#ffffff\u00bb form_field_font_size=\u00bb16px\u00bb form_field_font_size_tablet=\u00bb\u00bb form_field_font_size_phone=\u00bb\u00bb form_field_font_size_last_edited=\u00bbon|desktop\u00bb global_colors_info=\u00bb{}\u00bb][\/et_pb_contact_field][\/et_pb_contact_form][et_pb_button button_url=\u00bbhttps:\/\/www.equiposytalentolive.com\/\u00bb url_new_window=\u00bbon\u00bb button_text=\u00bbINSCR\u00cdBETE\u00bb disabled_on=\u00bbon|on|on\u00bb _builder_version=\u00bb4.16&#8243; custom_button=\u00bbon\u00bb button_text_size=\u00bb36px\u00bb button_text_color=\u00bb#ffffff\u00bb button_bg_color=\u00bb#11d8d8&#8243; button_border_width=\u00bb0px\u00bb button_border_radius=\u00bb9px\u00bb button_font=\u00bbUnivers LT 75 Black||||||||\u00bb button_use_icon=\u00bboff\u00bb background_layout=\u00bbdark\u00bb custom_margin=\u00bb-0.5%|||0.5%|false|false\u00bb custom_margin_tablet=\u00bb0%||||false|false\u00bb custom_margin_phone=\u00bb0%|10%||10%|false|false\u00bb custom_margin_last_edited=\u00bbon|desktop\u00bb custom_padding=\u00bb6%|12%|6%|12%|false|false\u00bb disabled=\u00bbon\u00bb global_colors_info=\u00bb{}\u00bb][\/et_pb_button][et_pb_button button_url=\u00bbhttps:\/\/www.equiposytalentolive.com\/online_798762940_112374.html\u00bb url_new_window=\u00bbon\u00bb button_text=\u00bbINSCR\u00cdBETE (Asistencia Online)\u00bb disabled_on=\u00bbon|on|on\u00bb _builder_version=\u00bb4.16&#8243; custom_button=\u00bbon\u00bb button_text_size=\u00bb36px\u00bb button_text_color=\u00bb#ffffff\u00bb button_bg_color=\u00bb#11d8d8&#8243; button_border_width=\u00bb0px\u00bb button_border_radius=\u00bb9px\u00bb button_font=\u00bbUnivers LT 75 Black||||||||\u00bb button_use_icon=\u00bboff\u00bb background_layout=\u00bbdark\u00bb custom_margin=\u00bb7.3%|||1%|false|false\u00bb custom_margin_tablet=\u00bb0%||||false|false\u00bb custom_margin_phone=\u00bb0%|10%||10%|false|false\u00bb custom_margin_last_edited=\u00bbon|desktop\u00bb custom_padding=\u00bb6%|12%|6%|12%|false|false\u00bb disabled=\u00bbon\u00bb global_colors_info=\u00bb{}\u00bb][\/et_pb_button][\/et_pb_column][\/et_pb_row][\/et_pb_section][et_pb_section fb_built=\u00bb1&#8243; module_id=\u00bbcontacto\u00bb _builder_version=\u00bb4.16&#8243; background_color=\u00bb#00455e\u00bb global_colors_info=\u00bb{}\u00bb][et_pb_row _builder_version=\u00bb4.16&#8243; global_colors_info=\u00bb{}\u00bb][et_pb_column type=\u00bb4_4&#8243; _builder_version=\u00bb4.16&#8243; global_colors_info=\u00bb{}\u00bb][et_pb_text _builder_version=\u00bb4.24.0&#8243; header_font_size=\u00bb27px\u00bb text_font_size_tablet=\u00bb12px\u00bb text_font_size_phone=\u00bb12px\u00bb text_font_size_last_edited=\u00bbon|tablet\u00bb global_colors_info=\u00bb{}\u00bb]<\/p>\n<h5 style=\"text-align: center;\"><span style=\"color: #ffffff; font-size: large;\">comunicaci\u00f3n@equiposytalento.com<\/span><\/h5>\n<p>[\/et_pb_text][\/et_pb_column][\/et_pb_row][\/et_pb_section]<\/p>\n","protected":false},"excerpt":{"rendered":"<p>CORPORATE LEARNING DAY 2322 de noviembre de 2023 Teatro Goya Madrid | Evento exclusivamente presencial #CorporateLearningDay23TEM\u00c1TICAS TRANSFORMATIVE LEARNING Innovaci\u00f3n y tecnolog\u00eda para la creaci\u00f3n de una experiencia de aprendizaje eficaz y sostenible HUMAN ORGANIZATIONS C\u00f3mo el desarrollo y la formaci\u00f3n contribuyen al bienestar organizacional AGILE LEARNING Del Ultra Learning al Agile Learning NEW LEARNING EXPERIENCES [&hellip;]<\/p>\n","protected":false},"author":1,"featured_media":0,"parent":0,"menu_order":0,"comment_status":"closed","ping_status":"closed","template":"","meta":{"_et_pb_use_builder":"on","_et_pb_old_content":"","_et_gb_content_width":"","footnotes":""},"_links":{"self":[{"href":"https:\/\/www.equiposytalentoeventos.com\/corporate-learning\/wp-json\/wp\/v2\/pages\/19812"}],"collection":[{"href":"https:\/\/www.equiposytalentoeventos.com\/corporate-learning\/wp-json\/wp\/v2\/pages"}],"about":[{"href":"https:\/\/www.equiposytalentoeventos.com\/corporate-learning\/wp-json\/wp\/v2\/types\/page"}],"author":[{"embeddable":true,"href":"https:\/\/www.equiposytalentoeventos.com\/corporate-learning\/wp-json\/wp\/v2\/users\/1"}],"replies":[{"embeddable":true,"href":"https:\/\/www.equiposytalentoeventos.com\/corporate-learning\/wp-json\/wp\/v2\/comments?post=19812"}],"version-history":[{"count":326,"href":"https:\/\/www.equiposytalentoeventos.com\/corporate-learning\/wp-json\/wp\/v2\/pages\/19812\/revisions"}],"predecessor-version":[{"id":21685,"href":"https:\/\/www.equiposytalentoeventos.com\/corporate-learning\/wp-json\/wp\/v2\/pages\/19812\/revisions\/21685"}],"wp:attachment":[{"href":"https:\/\/www.equiposytalentoeventos.com\/corporate-learning\/wp-json\/wp\/v2\/media?parent=19812"}],"curies":[{"name":"wp","href":"https:\/\/api.w.org\/{rel}","templated":true}]}}