{"id":18406,"date":"2022-07-21T13:54:52","date_gmt":"2022-07-21T11:54:52","guid":{"rendered":"https:\/\/www.equiposytalentoeventos.com\/corporate-learning\/?page_id=18406"},"modified":"2022-11-03T14:01:56","modified_gmt":"2022-11-03T13:01:56","slug":"edicion-2022","status":"publish","type":"page","link":"https:\/\/www.equiposytalentoeventos.com\/corporate-learning\/edicion-2022\/","title":{"rendered":"Edici\u00f3n 2022"},"content":{"rendered":"<p>[et_pb_section fb_built=\u00bb1&#8243; _builder_version=\u00bb3.26.3&#8243; background_color=\u00bbrgba(37,54,65,0.24)\u00bb background_image=\u00bbhttps:\/\/www.equiposytalentoeventos.com\/corporate-learning\/wp-content\/uploads\/2022\/09\/1_capc\u0327alera._okpng.png\u00bb background_position=\u00bbtop_center\u00bb background_repeat=\u00bbspace\u00bb background_blend=\u00bbmultiply\u00bb background_enable_video_mp4=\u00bboff\u00bb background_video_width=\u00bb1920&#8243; background_video_height=\u00bb1080&#8243; background_video_pause_outside_viewport=\u00bboff\u00bb width=\u00bb100%\u00bb custom_padding=\u00bb3px||0px|||\u00bb background_last_edited=\u00bbon|tablet\u00bb custom_css_main_element=\u00bbheight: 100vh;||display: flex;|| flex-direction: column;|| justify-content: center;\u00bb][et_pb_row _builder_version=\u00bb3.26.3&#8243; module_alignment=\u00bbcenter\u00bb][et_pb_column type=\u00bb4_4&#8243; _builder_version=\u00bb3.26.3&#8243;][et_pb_text _builder_version=\u00bb3.26.3&#8243; text_font=\u00bbRubik|700|||||||\u00bb text_text_color=\u00bb#ffffff\u00bb text_font_size=\u00bb72px\u00bb text_line_height=\u00bb90px\u00bb text_font_size_tablet=\u00bb60px\u00bb text_font_size_phone=\u00bb32px\u00bb text_font_size_last_edited=\u00bbon|desktop\u00bb text_line_height_tablet=\u00bb80px\u00bb text_line_height_phone=\u00bb44px\u00bb text_line_height_last_edited=\u00bbon|desktop\u00bb]<\/p>\n<p style=\"text-align: center;\">CORPORATE<br \/> LEARNING DAY 22<\/p>\n<p>[\/et_pb_text][et_pb_text _builder_version=\u00bb3.26.3&#8243; text_font=\u00bbUnivers||||||||\u00bb text_text_color=\u00bb#ffffff\u00bb text_font_size=\u00bb24px\u00bb text_line_height=\u00bb36px\u00bb width=\u00bb80%\u00bb width_tablet=\u00bb100%\u00bb width_phone=\u00bb100%\u00bb width_last_edited=\u00bbon|desktop\u00bb module_alignment=\u00bbcenter\u00bb custom_margin=\u00bb20px||||false|false\u00bb custom_margin_phone=\u00bb||||false|false\u00bb custom_margin_last_edited=\u00bbon|phone\u00bb custom_padding=\u00bb||||false|false\u00bb text_font_size_tablet=\u00bb22px\u00bb text_font_size_phone=\u00bb20px\u00bb text_font_size_last_edited=\u00bbon|phone\u00bb text_line_height_tablet=\u00bb32px\u00bb text_line_height_phone=\u00bb30px\u00bb text_line_height_last_edited=\u00bbon|desktop\u00bb]<\/p>\n<p style=\"text-align: center;\"><span><span style=\"color: #ffffff;\">25 de octubre de 2022<br \/><\/span><\/span><\/p>\n<p style=\"text-align: center;\"><span>Teatro Goya Madrid | Evento exclusivamente presencial<\/span><br \/><span style=\"font-size: xx-large;\"> <strong>#CorporateLearning22<\/strong><\/span><\/p>\n<p>[\/et_pb_text][et_pb_button button_url=\u00bb#inscripcion\u00bb url_new_window=\u00bbon\u00bb button_text=\u00bbINSCR\u00cdBETE\u00bb button_alignment=\u00bbcenter\u00bb disabled_on=\u00bboff|off|off\u00bb _builder_version=\u00bb3.26.3&#8243; custom_button=\u00bbon\u00bb button_text_size=\u00bb36px\u00bb button_text_color=\u00bb#ffffff\u00bb button_bg_color=\u00bb#0ea4b2&#8243; button_border_width=\u00bb0px\u00bb button_border_radius=\u00bb9px\u00bb button_font=\u00bbUnivers LT 75 Black||||||||\u00bb button_use_icon=\u00bboff\u00bb background_layout=\u00bbdark\u00bb custom_margin_tablet=\u00bb0%||||false|false\u00bb custom_margin_phone=\u00bb0%|10%||10%|false|false\u00bb custom_margin_last_edited=\u00bbon|desktop\u00bb custom_padding=\u00bb20px|50px|20px|50px|false|false\u00bb][\/et_pb_button][\/et_pb_column][\/et_pb_row][\/et_pb_section][et_pb_section fb_built=\u00bb1&#8243; _builder_version=\u00bb3.26.3&#8243; background_color=\u00bb#001f2b\u00bb custom_margin=\u00bb||||false|false\u00bb custom_padding=\u00bb5%|5%|120px|5%|false|false\u00bb][et_pb_row custom_padding=\u00bb||1.2%||false|false\u00bb custom_padding_tablet=\u00bb15%||||false|false\u00bb custom_padding_last_edited=\u00bbon|tablet\u00bb disabled_on=\u00bboff|off|off\u00bb _builder_version=\u00bb3.26.3&#8243; width_last_edited=\u00bbon|desktop\u00bb][et_pb_column type=\u00bb4_4&#8243; _builder_version=\u00bb3.25.4&#8243;][et_pb_text _builder_version=\u00bb3.26.3&#8243; text_font=\u00bbUnivers|800|||||||\u00bb text_text_color=\u00bb#ffffff\u00bb text_font_size=\u00bb38px\u00bb text_line_height=\u00bb54px\u00bb border_width_all=\u00bb-3px\u00bb border_width_left=\u00bb0px\u00bb border_color_left=\u00bb#9cffff\u00bb custom_margin=\u00bb||42px||false|false\u00bb custom_margin_phone=\u00bb2%||||false|false\u00bb custom_margin_last_edited=\u00bbon|desktop\u00bb custom_padding=\u00bb||||false|false\u00bb text_font_size_tablet=\u00bb28px\u00bb text_font_size_phone=\u00bb24px\u00bb text_font_size_last_edited=\u00bbon|desktop\u00bb text_line_height_tablet=\u00bb40px\u00bb text_line_height_phone=\u00bb36px\u00bb text_line_height_last_edited=\u00bbon|desktop\u00bb border_radii_last_edited=\u00bbon|tablet\u00bb]<strong>TEM\u00c1TICAS <\/strong>[\/et_pb_text][\/et_pb_column][\/et_pb_row][et_pb_row column_structure=\u00bb1_3,1_3,1_3&#8243; custom_padding=\u00bb||52px|||\u00bb disabled_on=\u00bboff|off|off\u00bb _builder_version=\u00bb3.26.3&#8243; border_color_bottom=\u00bbrgba(156,255,255,0.52)\u00bb][et_pb_column type=\u00bb1_3&#8243; _builder_version=\u00bb3.26.3&#8243;][et_pb_text _builder_version=\u00bb3.26.3&#8243; text_font=\u00bbUnivers||||||||\u00bb text_text_color=\u00bb#ffffff\u00bb text_font_size=\u00bb20px\u00bb text_line_height=\u00bb30px\u00bb border_width_left=\u00bb5px\u00bb border_color_left=\u00bb#68c4d1&#8243; custom_padding=\u00bb|||24px|false|false\u00bb inline_fonts=\u00bbRubik\u00bb]<\/p>\n<p class=\"p1\"><span style=\"font-size: x-large; font-family: Rubik; font-weight: normal;\"><strong><span style=\"color: #11d8d8;\">LEARNING &amp; DEVELOPMENT: STRATEGIC DRIVERS IN LIQUID ENVIRONMENTS <\/span><\/strong><\/span><\/p>\n<p>C\u00f3mo potenciar la atracci\u00f3n y fidelizaci\u00f3n del talento a trav\u00e9s del desarrollo organizacional<\/p>\n<p class=\"p1\">\n<p>[\/et_pb_text][\/et_pb_column][et_pb_column type=\u00bb1_3&#8243; _builder_version=\u00bb3.26.3&#8243;][et_pb_text _builder_version=\u00bb3.26.3&#8243; text_font=\u00bbUnivers||||||||\u00bb text_text_color=\u00bb#ffffff\u00bb text_font_size=\u00bb20px\u00bb text_line_height=\u00bb30px\u00bb border_width_left=\u00bb5px\u00bb border_color_left=\u00bb#68c4d1&#8243; custom_padding=\u00bb|||24px|false|false\u00bb inline_fonts=\u00bbRubik\u00bb]<\/p>\n<h3 class=\"p1\"><span style=\"font-size: x-large; font-family: Rubik; font-weight: normal;\"><strong><span style=\"color: #11d8d8;\">DEVELOPMENT OF THE NEW WORK ENVIRONMENT SKILLS<\/span><\/strong><\/span><\/h3>\n<p class=\"p1\">C\u00f3mo desarrollar y potenciar las nuevas habilidades profesionales<\/p>\n<p class=\"p1\">\n<p>[\/et_pb_text][\/et_pb_column][et_pb_column type=\u00bb1_3&#8243; _builder_version=\u00bb3.26.3&#8243;][et_pb_text _builder_version=\u00bb3.26.3&#8243; text_font=\u00bbUnivers||||||||\u00bb text_text_color=\u00bb#ffffff\u00bb text_font_size=\u00bb20px\u00bb text_line_height=\u00bb30px\u00bb border_width_left=\u00bb5px\u00bb border_color_left=\u00bb#68c4d1&#8243; custom_padding=\u00bb|||24px|false|false\u00bb inline_fonts=\u00bbRubik\u00bb]<\/p>\n<p class=\"p1\"><span style=\"font-size: x-large;\"><strong><span style=\"color: #11d8d8; font-family: Rubik;\">DIVERSITY &amp; WOMEN\u2019S LEADERSHIP LEARNING<\/span><\/strong><\/span><\/p>\n<p class=\"p1\">Formaci\u00f3n en diversidad: palanca de cambio y de transformaci\u00f3n cultural<\/p>\n<p>[\/et_pb_text][\/et_pb_column][\/et_pb_row][et_pb_row column_structure=\u00bb1_3,1_3,1_3&#8243; custom_padding=\u00bb62px||62px|||\u00bb disabled_on=\u00bboff|off|off\u00bb _builder_version=\u00bb3.26.3&#8243; border_color_bottom=\u00bbrgba(156,255,255,0.52)\u00bb][et_pb_column type=\u00bb1_3&#8243; _builder_version=\u00bb3.26.3&#8243;][et_pb_text _builder_version=\u00bb3.26.3&#8243; text_font=\u00bbUnivers||||||||\u00bb text_text_color=\u00bb#ffffff\u00bb text_font_size=\u00bb20px\u00bb text_line_height=\u00bb30px\u00bb border_width_left=\u00bb5px\u00bb border_color_left=\u00bb#68c4d1&#8243; custom_padding=\u00bb|||24px|false|false\u00bb inline_fonts=\u00bbRubik\u00bb]<\/p>\n<p class=\"p1\"><span style=\"font-size: x-large; font-family: Rubik; font-weight: normal;\"><strong><span style=\"color: #11d8d8;\">TALENT AGILITY &amp; DIGITAL LEARNING<\/span><\/strong><\/span><\/p>\n<p class=\"p1\">\u00bfQu\u00e9 funciona y qu\u00e9 no funciona en formaci\u00f3n digital?<\/p>\n<p>[\/et_pb_text][\/et_pb_column][et_pb_column type=\u00bb1_3&#8243; _builder_version=\u00bb3.26.3&#8243;][et_pb_text _builder_version=\u00bb3.26.3&#8243; text_font=\u00bbUnivers||||||||\u00bb text_text_color=\u00bb#ffffff\u00bb text_font_size=\u00bb20px\u00bb text_line_height=\u00bb30px\u00bb border_width_left=\u00bb5px\u00bb border_color_left=\u00bb#68c4d1&#8243; custom_padding=\u00bb|||24px|false|false\u00bb inline_fonts=\u00bbRubik\u00bb]<\/p>\n<p class=\"p1\"><span style=\"font-size: x-large; font-family: Rubik;\"><strong><span style=\"color: #11d8d8;\">LEARNING MANAGEMENT SYSTEMS &amp; EXPERIENCE PLATFORMS<\/span><\/strong><\/span><\/p>\n<p class=\"p1\">Hacia una cultura de aprendizaje innovadora y personalizada<\/p>\n<p class=\"p1\">\n<p>[\/et_pb_text][\/et_pb_column][et_pb_column type=\u00bb1_3&#8243; _builder_version=\u00bb3.26.3&#8243;][et_pb_text _builder_version=\u00bb3.26.3&#8243; text_font=\u00bbUnivers||||||||\u00bb text_text_color=\u00bb#ffffff\u00bb text_font_size=\u00bb20px\u00bb text_line_height=\u00bb30px\u00bb border_width_left=\u00bb5px\u00bb border_color_left=\u00bb#68c4d1&#8243; custom_padding=\u00bb|||24px|false|false\u00bb inline_fonts=\u00bbRubik\u00bb]<\/p>\n<p class=\"p1\"><span style=\"font-size: x-large; font-weight: normal;\"><strong><span style=\"color: #11d8d8;\"><span style=\"font-family: Rubik;\">LEARNING &amp; BUSINESS GROWTH<\/span> <\/span><\/strong><\/span><\/p>\n<p class=\"p1\"><span class=\"s1\">C\u00f3mo el \u00e1rea de aprendizaje y desarrollo impulsa el crecimiento del negocio<\/span><\/p>\n<p>[\/et_pb_text][\/et_pb_column][\/et_pb_row][et_pb_row column_structure=\u00bb1_3,1_3,1_3&#8243; custom_padding=\u00bb66px||50px|||\u00bb make_equal=\u00bbon\u00bb disabled_on=\u00bboff|off|off\u00bb _builder_version=\u00bb3.26.3&#8243; border_color_bottom=\u00bbrgba(156,255,255,0.52)\u00bb locked=\u00bboff\u00bb][et_pb_column type=\u00bb1_3&#8243; _builder_version=\u00bb3.26.3&#8243;][et_pb_text _builder_version=\u00bb3.26.3&#8243; text_font=\u00bbUnivers||||||||\u00bb text_text_color=\u00bb#ffffff\u00bb text_font_size=\u00bb20px\u00bb text_line_height=\u00bb30px\u00bb border_width_left=\u00bb5px\u00bb border_color_left=\u00bb#68c4d1&#8243; custom_padding=\u00bb|||24px|false|false\u00bb inline_fonts=\u00bbRubik\u00bb]<\/p>\n<p class=\"p1\"><span style=\"font-size: x-large;\"><strong><span style=\"color: #11d8d8; font-family: Rubik;\">POWER SKILLS<\/span><\/strong><\/span><\/p>\n<p class=\"p1\">C\u00f3mo anticiparse y potenciar hoy las habilidades del ma\u00f1ana<\/p>\n<p class=\"p1\"><span><\/span><\/p>\n<p class=\"p1\"><span><\/span><\/p>\n<p class=\"p1\"><span><\/span><\/p>\n<p>[\/et_pb_text][\/et_pb_column][et_pb_column type=\u00bb1_3&#8243; _builder_version=\u00bb3.26.3&#8243;][et_pb_text _builder_version=\u00bb3.26.3&#8243; text_font=\u00bbUnivers||||||||\u00bb text_text_color=\u00bb#ffffff\u00bb text_font_size=\u00bb20px\u00bb text_line_height=\u00bb30px\u00bb border_width_left=\u00bb5px\u00bb border_color_left=\u00bb#68c4d1&#8243; custom_padding=\u00bb|||24px|false|false\u00bb inline_fonts=\u00bbRubik\u00bb]<\/p>\n<p class=\"p1\"><span style=\"font-size: x-large; font-family: Rubik; font-weight: normal;\"><strong><span style=\"color: #11d8d8;\">SOCIAL LEARNING &amp; COLLABORATIVE INTELLIGENCE<\/span><\/strong><\/span><\/p>\n<p class=\"p1\"><span style=\"color: #11d8d8; font-size: x-large;\"><\/span>Nuevas formas de interaccionar, comunicarse y compartir informaci\u00f3n<\/p>\n<p class=\"p1\">\n<p class=\"p1\">\n<p>[\/et_pb_text][\/et_pb_column][et_pb_column type=\u00bb1_3&#8243; _builder_version=\u00bb3.26.3&#8243;][et_pb_text _builder_version=\u00bb3.26.3&#8243; text_font=\u00bbUnivers||||||||\u00bb text_text_color=\u00bb#ffffff\u00bb text_font_size=\u00bb20px\u00bb text_line_height=\u00bb30px\u00bb border_width_left=\u00bb5px\u00bb border_color_left=\u00bb#68c4d1&#8243; custom_padding=\u00bb|||24px|false|false\u00bb inline_fonts=\u00bbRubik\u00bb]<\/p>\n<p class=\"p1\"><span style=\"font-size: x-large; font-family: Rubik;\"><strong><span style=\"color: #11d8d8;\">TECH PEOPLE DEVELOPMENT<\/span><\/strong><\/span><\/p>\n<p class=\"p1\">Las soft skills marcan la diferencia<\/p>\n<p class=\"p1\">\n<p>[\/et_pb_text][\/et_pb_column][\/et_pb_row][et_pb_row column_structure=\u00bb1_3,1_3,1_3&#8243; use_custom_gutter=\u00bbon\u00bb gutter_width=\u00bb1&#8243; custom_padding=\u00bb100px||100px||false|false\u00bb custom_margin=\u00bb120px||||false|false\u00bb custom_padding_last_edited=\u00bbon|desktop\u00bb _builder_version=\u00bb3.26.3&#8243; background_color=\u00bb#001f2b\u00bb border_width_all=\u00bb1px\u00bb border_color_all=\u00bbrgba(156,255,255,0.93)\u00bb width=\u00bb90%\u00bb width_tablet=\u00bb100%\u00bb width_phone=\u00bb100%\u00bb width_last_edited=\u00bboff|desktop\u00bb max_width_tablet=\u00bb100%\u00bb max_width_phone=\u00bb100%\u00bb max_width_last_edited=\u00bboff|desktop\u00bb module_alignment=\u00bbcenter\u00bb custom_margin_last_edited=\u00bbon|desktop\u00bb module_alignment_phone=\u00bbcenter\u00bb module_alignment_last_edited=\u00bbon|desktop\u00bb custom_css_main_element=\u00bbz-index:10&#8243; custom_padding__hover_enabled=\u00bboff\u00bb][et_pb_column type=\u00bb1_3&#8243; _builder_version=\u00bb3.25.4&#8243;][et_pb_number_counter title=\u00bbPONENTES\u00bb number=\u00bb57&#8243; percent_sign=\u00bboff\u00bb _builder_version=\u00bb3.26.3&#8243; title_font=\u00bbUnivers||||||||\u00bb title_text_color=\u00bb#ffffff\u00bb title_font_size=\u00bb24px\u00bb number_font=\u00bbUnivers||||||||\u00bb number_text_color=\u00bb#008F70&#8243; number_font_size=\u00bb96px\u00bb custom_margin=\u00bb|||25%\u00bb custom_margin_tablet=\u00bb|||20%|false|false\u00bb custom_margin_phone=\u00bb2%||2%|0%|false|false\u00bb custom_margin_last_edited=\u00bbon|desktop\u00bb custom_padding=\u00bb||0px|||\u00bb title_font_size_tablet=\u00bb22px\u00bb title_font_size_phone=\u00bb20px\u00bb title_font_size_last_edited=\u00bbon|desktop\u00bb number_font_size_tablet=\u00bb80px\u00bb number_font_size_phone=\u00bb80px\u00bb number_font_size_last_edited=\u00bbon|desktop\u00bb][\/et_pb_number_counter][\/et_pb_column][et_pb_column type=\u00bb1_3&#8243; _builder_version=\u00bb3.25.4&#8243;][et_pb_number_counter title=\u00bbMESAS REDONDAS\u00bb number=\u00bb12&#8243; percent_sign=\u00bboff\u00bb _builder_version=\u00bb3.26.3&#8243; title_font=\u00bbUnivers||||||||\u00bb title_text_color=\u00bb#ffffff\u00bb title_font_size=\u00bb24px\u00bb number_font=\u00bbUnivers||||||||\u00bb number_text_color=\u00bb#006B8D\u00bb number_font_size=\u00bb96px\u00bb custom_margin_tablet=\u00bb|20%|||false|false\u00bb custom_margin_phone=\u00bb2%|0%|2%||false|false\u00bb custom_margin_last_edited=\u00bbon|phone\u00bb title_font_size_tablet=\u00bb22px\u00bb title_font_size_phone=\u00bb20px\u00bb title_font_size_last_edited=\u00bbon|desktop\u00bb number_font_size_tablet=\u00bb80px\u00bb number_font_size_phone=\u00bb80px\u00bb number_font_size_last_edited=\u00bbon|desktop\u00bb][\/et_pb_number_counter][\/et_pb_column][et_pb_column type=\u00bb1_3&#8243; _builder_version=\u00bb3.25.4&#8243;][et_pb_number_counter title=\u00bbSPEED TALKS\u00bb number=\u00bb13&#8243; percent_sign=\u00bboff\u00bb _builder_version=\u00bb3.26.3&#8243; title_font=\u00bbUnivers||||||||\u00bb title_text_color=\u00bb#ffffff\u00bb title_font_size=\u00bb24px\u00bb number_font=\u00bbUnivers||||||||\u00bb number_text_color=\u00bb#E6007E\u00bb number_font_size=\u00bb96px\u00bb custom_margin=\u00bb|25%||\u00bb custom_margin_tablet=\u00bb10%|0%||20%|false|false\u00bb custom_margin_phone=\u00bb2%|0%|2%|0%|false|false\u00bb custom_margin_last_edited=\u00bbon|desktop\u00bb title_font_size_tablet=\u00bb22px\u00bb title_font_size_phone=\u00bb20px\u00bb title_font_size_last_edited=\u00bbon|desktop\u00bb number_font_size_tablet=\u00bb80px\u00bb number_font_size_phone=\u00bb80px\u00bb number_font_size_last_edited=\u00bbon|desktop\u00bb][\/et_pb_number_counter][\/et_pb_column][\/et_pb_row][\/et_pb_section][et_pb_section fb_built=\u00bb1&#8243; _builder_version=\u00bb3.26.3&#8243; custom_margin=\u00bb0px||\u00bb custom_padding=\u00bb0px||120px||false|false\u00bb][et_pb_row use_custom_gutter=\u00bbon\u00bb gutter_width=\u00bb1&#8243; custom_padding=\u00bb0px||0px|||\u00bb custom_margin=\u00bb|auto||83px||\u00bb make_equal=\u00bbon\u00bb disabled_on=\u00bboff|off|off\u00bb _builder_version=\u00bb3.26.3&#8243; width=\u00bb100%\u00bb max_width=\u00bb2560px\u00bb module_alignment=\u00bbcenter\u00bb][et_pb_column type=\u00bb4_4&#8243; _builder_version=\u00bb3.25.4&#8243;][et_pb_gallery gallery_ids=\u00bb18437,18439,18440,18441,18442,18443,18444,18445&#8243; gallery_orderby=\u00bbrand\u00bb posts_number=\u00bb8&#8243; show_title_and_caption=\u00bboff\u00bb show_pagination=\u00bboff\u00bb _builder_version=\u00bb3.26.3&#8243; width=\u00bb100%\u00bb][\/et_pb_gallery][\/et_pb_column][\/et_pb_row][et_pb_row custom_padding=\u00bb5%||0px|0.2%|false|false\u00bb custom_padding_tablet=\u00bb15%||||false|false\u00bb custom_padding_last_edited=\u00bbon|tablet\u00bb _builder_version=\u00bb3.26.3&#8243; width_last_edited=\u00bbon|desktop\u00bb][et_pb_column type=\u00bb4_4&#8243; _builder_version=\u00bb3.25.4&#8243;][et_pb_text _builder_version=\u00bb3.26.3&#8243; text_font=\u00bbUnivers|900|||||||\u00bb text_font_size=\u00bb32px\u00bb text_line_height=\u00bb54px\u00bb custom_margin_phone=\u00bb2%||||false|false\u00bb custom_margin_last_edited=\u00bbon|desktop\u00bb text_font_size_tablet=\u00bb28px\u00bb text_font_size_phone=\u00bb24px\u00bb text_font_size_last_edited=\u00bbon|desktop\u00bb text_line_height_tablet=\u00bb40px\u00bb text_line_height_phone=\u00bb36px\u00bb text_line_height_last_edited=\u00bbon|desktop\u00bb]SPONSORS PREMIUM[\/et_pb_text][et_pb_divider color=\u00bbrgba(0,0,0,0)\u00bb divider_weight=\u00bb2px\u00bb _builder_version=\u00bb3.26.3&#8243; border_width_top=\u00bb3px\u00bb border_color_top=\u00bb#11d8d8&#8243; width=\u00bb100%\u00bb width_last_edited=\u00bbon|desktop\u00bb custom_margin=\u00bb-20px||||false|false\u00bb][\/et_pb_divider][\/et_pb_column][\/et_pb_row][et_pb_row column_structure=\u00bb1_4,1_4,1_4,1_4&#8243; custom_padding=\u00bb37px|0%|36px|0%|false|false\u00bb custom_margin=\u00bb35px|auto|2px|auto|false|false\u00bb _builder_version=\u00bb3.26.3&#8243;][et_pb_column type=\u00bb1_4&#8243; _builder_version=\u00bb3.26.3&#8243;][et_pb_image src=\u00bbhttps:\/\/www.equiposytalentoeventos.com\/corporate-learning\/wp-content\/uploads\/2019\/07\/03_cegos.jpg\u00bb align=\u00bbcenter\u00bb align_last_edited=\u00bbon|desktop\u00bb _builder_version=\u00bb3.26.3&#8243; width=\u00bb41%\u00bb width_tablet=\u00bb30%\u00bb width_phone=\u00bb20%\u00bb width_last_edited=\u00bboff|desktop\u00bb max_width=\u00bb98px\u00bb module_alignment=\u00bbcenter\u00bb custom_margin=\u00bb-3%|0px||0px|false|true\u00bb custom_margin_tablet=\u00bb4%||||false|false\u00bb custom_margin_phone=\u00bb3%||0%||false|false\u00bb custom_margin_last_edited=\u00bbon|desktop\u00bb module_alignment_last_edited=\u00bbon|tablet\u00bb][\/et_pb_image][\/et_pb_column][et_pb_column type=\u00bb1_4&#8243; _builder_version=\u00bb3.26.3&#8243;][et_pb_image src=\u00bbhttps:\/\/www.equiposytalentoeventos.com\/corporate-learning\/wp-content\/uploads\/2022\/08\/Secondary-Logo-1.png\u00bb _builder_version=\u00bb3.26.3&#8243; width=\u00bb83.9%\u00bb max_width=\u00bb100%\u00bb max_height=\u00bb985px\u00bb custom_margin=\u00bb-2px|0px|0px||false|false\u00bb custom_padding=\u00bb0px|0px|3px|37px|false|false\u00bb][\/et_pb_image][\/et_pb_column][et_pb_column type=\u00bb1_4&#8243; _builder_version=\u00bb3.26.3&#8243;][et_pb_image src=\u00bbhttps:\/\/www.equiposytalentoeventos.com\/corporate-learning\/wp-content\/uploads\/2021\/11\/NEW-CSOD-logo-HRZ-RGB.png\u00bb _builder_version=\u00bb3.26.3&#8243; width=\u00bb100%\u00bb width_tablet=\u00bb74%\u00bb width_last_edited=\u00bbon|desktop\u00bb max_width=\u00bb100%\u00bb module_alignment=\u00bbcenter\u00bb custom_margin=\u00bb12px||||false|false\u00bb custom_padding=\u00bb||1px|0px||\u00bb][\/et_pb_image][\/et_pb_column][et_pb_column type=\u00bb1_4&#8243; _builder_version=\u00bb3.26.3&#8243;][et_pb_image src=\u00bbhttps:\/\/www.equiposytalentoeventos.com\/corporate-learning\/wp-content\/uploads\/2022\/08\/coursera-logo.png\u00bb force_fullwidth=\u00bbon\u00bb _builder_version=\u00bb3.26.3&#8243; transform_scale=\u00bb138%|138%\u00bb width_tablet=\u00bb45%\u00bb width_last_edited=\u00bbon|desktop\u00bb module_alignment=\u00bbcenter\u00bb min_height=\u00bb0px\u00bb custom_margin=\u00bb13px|75px|8px|-20px|false|false\u00bb custom_padding=\u00bb5px|61px|0px|29px|false|false\u00bb][\/et_pb_image][\/et_pb_column][\/et_pb_row][et_pb_row column_structure=\u00bb1_4,1_4,1_4,1_4&#8243; custom_padding=\u00bb40px||36px|||\u00bb custom_margin=\u00bb8px|auto|33px|auto|false|false\u00bb _builder_version=\u00bb3.26.3&#8243;][et_pb_column type=\u00bb1_4&#8243; _builder_version=\u00bb3.26.3&#8243;][et_pb_image src=\u00bbhttps:\/\/www.equiposytalentoeventos.com\/corporate-learning\/wp-content\/uploads\/2021\/10\/SponsorsPremium-ESCP_logo.jpg\u00bb align=\u00bbcenter\u00bb align_phone=\u00bbcenter\u00bb align_last_edited=\u00bbon|phone\u00bb _builder_version=\u00bb3.26.3&#8243; transform_scale=\u00bb115%|115%\u00bb width=\u00bb100%\u00bb width_tablet=\u00bb69%\u00bb width_phone=\u00bb50%\u00bb width_last_edited=\u00bbon|desktop\u00bb max_width=\u00bb187px\u00bb custom_margin=\u00bb10px||-4px|41px|false|false\u00bb custom_margin_tablet=\u00bb10%||||false|false\u00bb custom_margin_phone=\u00bb3%||3%||false|false\u00bb custom_margin_last_edited=\u00bbon|desktop\u00bb custom_padding=\u00bb|26px||0px|false|false\u00bb module_alignment_tablet=\u00bbcenter\u00bb module_alignment_last_edited=\u00bbon|desktop\u00bb][\/et_pb_image][\/et_pb_column][et_pb_column type=\u00bb1_4&#8243; _builder_version=\u00bb3.26.3&#8243;][et_pb_image src=\u00bbhttps:\/\/www.equiposytalentoeventos.com\/corporate-learning\/wp-content\/uploads\/2021\/10\/SponsorsPremium-ESIC_logo.jpg\u00bb _builder_version=\u00bb3.26.3&#8243; width=\u00bb49%\u00bb width_tablet=\u00bb77%\u00bb width_last_edited=\u00bbon|desktop\u00bb max_width=\u00bb130px\u00bb module_alignment=\u00bbcenter\u00bb custom_margin=\u00bb0px||||false|false\u00bb custom_margin_tablet=\u00bb13px||||false|false\u00bb custom_margin_last_edited=\u00bbon|desktop\u00bb][\/et_pb_image][\/et_pb_column][et_pb_column type=\u00bb1_4&#8243; _builder_version=\u00bb3.26.3&#8243;][et_pb_image src=\u00bbhttps:\/\/www.equiposytalentoeventos.com\/corporate-learning\/wp-content\/uploads\/2022\/10\/goodhabitz.png\u00bb _builder_version=\u00bb3.26.3&#8243; transform_scale=\u00bb140%|140%\u00bb width=\u00bb100%\u00bb width_tablet=\u00bb77%\u00bb width_last_edited=\u00bbon|desktop\u00bb max_width=\u00bb130px\u00bb module_alignment=\u00bbcenter\u00bb custom_margin=\u00bb13px||||false|false\u00bb custom_margin_tablet=\u00bb13px||||false|false\u00bb custom_margin_last_edited=\u00bbon|desktop\u00bb custom_padding=\u00bb0px|0px|0px|0px|false|false\u00bb][\/et_pb_image][\/et_pb_column][et_pb_column type=\u00bb1_4&#8243; _builder_version=\u00bb3.26.3&#8243;][et_pb_image src=\u00bbhttps:\/\/www.equiposytalentoeventos.com\/corporate-learning\/wp-content\/uploads\/2021\/10\/Logo-Corporate_altaresolucion-Hedima.jpg\u00bb align_phone=\u00bbcenter\u00bb align_last_edited=\u00bbon|desktop\u00bb _builder_version=\u00bb3.26.3&#8243; transform_scale=\u00bb115%|115%\u00bb width=\u00bb72%\u00bb width_tablet=\u00bb80%\u00bb width_phone=\u00bb55%\u00bb width_last_edited=\u00bboff|desktop\u00bb max_width=\u00bb285px\u00bb module_alignment=\u00bbcenter\u00bb custom_margin=\u00bb-10px||||false|false\u00bb custom_margin_tablet=\u00bb10%||||false|false\u00bb custom_margin_phone=\u00bb||3%||false|false\u00bb custom_margin_last_edited=\u00bboff|desktop\u00bb module_alignment_tablet=\u00bbcenter\u00bb module_alignment_last_edited=\u00bboff|tablet\u00bb][\/et_pb_image][\/et_pb_column][\/et_pb_row][et_pb_row column_structure=\u00bb1_4,1_4,1_4,1_4&#8243; custom_padding=\u00bb5px|||||\u00bb custom_margin=\u00bb|auto|36px|auto|false|false\u00bb _builder_version=\u00bb3.26.3&#8243;][et_pb_column type=\u00bb1_4&#8243; _builder_version=\u00bb3.26.3&#8243;][et_pb_image src=\u00bbhttps:\/\/www.equiposytalentoeventos.com\/corporate-learning\/wp-content\/uploads\/2018\/09\/IDDI.png\u00bb _builder_version=\u00bb3.26.3&#8243; width=\u00bb100%\u00bb max_width=\u00bb100%\u00bb module_alignment=\u00bbcenter\u00bb custom_margin=\u00bb-12px||||false|false\u00bb][\/et_pb_image][\/et_pb_column][et_pb_column type=\u00bb1_4&#8243; _builder_version=\u00bb3.26.3&#8243;][et_pb_image src=\u00bbhttps:\/\/www.equiposytalentoeventos.com\/corporate-learning\/wp-content\/uploads\/2021\/10\/Naturgy-ok.jpg\u00bb _builder_version=\u00bb3.26.3&#8243; width=\u00bb100%\u00bb max_width=\u00bb300px\u00bb module_alignment=\u00bbcenter\u00bb custom_margin=\u00bb-34px||||false|false\u00bb custom_padding=\u00bb31px|||||\u00bb][\/et_pb_image][\/et_pb_column][et_pb_column type=\u00bb1_4&#8243; _builder_version=\u00bb3.26.3&#8243;][et_pb_image src=\u00bbhttps:\/\/www.equiposytalentoeventos.com\/corporate-learning\/wp-content\/uploads\/2022\/08\/Logo-Netex.png\u00bb align_phone=\u00bbcenter\u00bb align_last_edited=\u00bbon|desktop\u00bb _builder_version=\u00bb3.26.3&#8243; transform_scale=\u00bb115%|115%\u00bb width=\u00bb61%\u00bb width_tablet=\u00bb80%\u00bb width_phone=\u00bb55%\u00bb width_last_edited=\u00bboff|desktop\u00bb max_width=\u00bb194px\u00bb module_alignment=\u00bbcenter\u00bb custom_margin=\u00bb10px||||false|false\u00bb custom_margin_tablet=\u00bb14%||||false|false\u00bb custom_margin_phone=\u00bb1%||4%||false|false\u00bb custom_margin_last_edited=\u00bbon|desktop\u00bb custom_padding=\u00bb||0px|||\u00bb module_alignment_tablet=\u00bbcenter\u00bb module_alignment_last_edited=\u00bboff|desktop\u00bb][\/et_pb_image][\/et_pb_column][et_pb_column type=\u00bb1_4&#8243; _builder_version=\u00bb3.26.3&#8243;][et_pb_image src=\u00bbhttps:\/\/www.equiposytalentoeventos.com\/corporate-learning\/wp-content\/uploads\/2021\/10\/SponsorsPremium-OVERLAP_logo.jpg\u00bb _builder_version=\u00bb3.26.3&#8243; width=\u00bb85%\u00bb module_alignment=\u00bbcenter\u00bb custom_margin=\u00bb9px||||false|false\u00bb][\/et_pb_image][\/et_pb_column][\/et_pb_row][et_pb_row column_structure=\u00bb1_4,1_4,1_4,1_4&#8243; custom_padding=\u00bb40px||36px|||\u00bb custom_margin=\u00bb8px|auto|33px|auto|false|false\u00bb _builder_version=\u00bb3.26.3&#8243;][et_pb_column type=\u00bb1_4&#8243; _builder_version=\u00bb3.26.3&#8243;][et_pb_image src=\u00bbhttps:\/\/www.equiposytalentoeventos.com\/corporate-learning\/wp-content\/uploads\/2019\/07\/08_randstad.jpg\u00bb _builder_version=\u00bb3.26.3&#8243; transform_scale=\u00bb107%|107%\u00bb width=\u00bb90%\u00bb module_alignment=\u00bbcenter\u00bb custom_margin=\u00bb9px||||false|false\u00bb][\/et_pb_image][\/et_pb_column][et_pb_column type=\u00bb1_4&#8243; _builder_version=\u00bb3.26.3&#8243;][et_pb_image src=\u00bbhttps:\/\/www.equiposytalentoeventos.com\/corporate-learning\/wp-content\/uploads\/2022\/10\/Randstad-logo-learning.png\u00bb align_phone=\u00bbcenter\u00bb align_last_edited=\u00bbon|phone\u00bb _builder_version=\u00bb3.26.3&#8243; width=\u00bb91%\u00bb width_tablet=\u00bb68%\u00bb width_phone=\u00bb53%\u00bb width_last_edited=\u00bboff|phone\u00bb custom_margin=\u00bb-5%|||28px|false|false\u00bb custom_margin_tablet=\u00bb5%||||false|false\u00bb custom_margin_phone=\u00bb3%||3%||false|false\u00bb custom_margin_last_edited=\u00bbon|desktop\u00bb custom_padding=\u00bb|||0px|false|false\u00bb module_alignment_tablet=\u00bbcenter\u00bb module_alignment_last_edited=\u00bbon|tablet\u00bb][\/et_pb_image][\/et_pb_column][et_pb_column type=\u00bb1_4&#8243; _builder_version=\u00bb3.26.3&#8243;][et_pb_image src=\u00bbhttps:\/\/www.equiposytalentoeventos.com\/corporate-learning\/wp-content\/uploads\/2022\/10\/BSabadell_POS_COLOR.jpg\u00bb _builder_version=\u00bb3.26.3&#8243; width=\u00bb100%\u00bb max_width=\u00bb300px\u00bb module_alignment=\u00bbcenter\u00bb custom_margin=\u00bb4px||||false|false\u00bb][\/et_pb_image][\/et_pb_column][et_pb_column type=\u00bb1_4&#8243; _builder_version=\u00bb3.26.3&#8243;][et_pb_image src=\u00bbhttps:\/\/www.equiposytalentoeventos.com\/corporate-learning\/wp-content\/uploads\/2021\/10\/speexx-logo-edit.png\u00bb _builder_version=\u00bb3.26.3&#8243; width=\u00bb86%\u00bb max_width=\u00bb300px\u00bb module_alignment=\u00bbcenter\u00bb custom_margin=\u00bb7px||11px||false|false\u00bb][\/et_pb_image][\/et_pb_column][\/et_pb_row][et_pb_row column_structure=\u00bb1_4,1_4,1_4,1_4&#8243; custom_padding=\u00bb40px||36px|||\u00bb custom_margin=\u00bb8px|auto|-9px|auto|false|false\u00bb _builder_version=\u00bb3.26.3&#8243; min_height=\u00bb143px\u00bb][et_pb_column type=\u00bb1_4&#8243; _builder_version=\u00bb3.26.3&#8243;][et_pb_image src=\u00bbhttps:\/\/www.equiposytalentoeventos.com\/corporate-learning\/wp-content\/uploads\/2022\/08\/Principalnegativo.png\u00bb align_phone=\u00bbcenter\u00bb align_last_edited=\u00bbon|desktop\u00bb _builder_version=\u00bb3.26.3&#8243; transform_scale=\u00bb115%|115%\u00bb width=\u00bb100%\u00bb width_tablet=\u00bb80%\u00bb width_phone=\u00bb55%\u00bb width_last_edited=\u00bboff|desktop\u00bb max_width=\u00bb194px\u00bb module_alignment=\u00bbcenter\u00bb custom_margin=\u00bb-10px||||false|false\u00bb custom_margin_tablet=\u00bb14%||||false|false\u00bb custom_margin_phone=\u00bb1%||4%||false|false\u00bb custom_margin_last_edited=\u00bbon|desktop\u00bb custom_padding=\u00bb|||19px||\u00bb module_alignment_tablet=\u00bbcenter\u00bb module_alignment_last_edited=\u00bboff|desktop\u00bb][\/et_pb_image][\/et_pb_column][et_pb_column type=\u00bb1_4&#8243; _builder_version=\u00bb3.26.3&#8243;][\/et_pb_column][et_pb_column type=\u00bb1_4&#8243; _builder_version=\u00bb3.26.3&#8243;][\/et_pb_column][et_pb_column type=\u00bb1_4&#8243; _builder_version=\u00bb3.26.3&#8243;][\/et_pb_column][\/et_pb_row][et_pb_row custom_padding=\u00bb5%||0px|||\u00bb custom_padding_phone=\u00bb10%||||false|false\u00bb custom_padding_last_edited=\u00bbon|desktop\u00bb _builder_version=\u00bb3.26.3&#8243; width_last_edited=\u00bbon|desktop\u00bb][et_pb_column type=\u00bb4_4&#8243; _builder_version=\u00bb3.25.4&#8243;][et_pb_text _builder_version=\u00bb3.26.3&#8243; text_font=\u00bbUnivers|900|||||||\u00bb text_font_size=\u00bb32px\u00bb text_line_height=\u00bb54px\u00bb text_font_size_tablet=\u00bb28px\u00bb text_font_size_phone=\u00bb24px\u00bb text_font_size_last_edited=\u00bbon|phone\u00bb text_line_height_tablet=\u00bb40px\u00bb text_line_height_phone=\u00bb36px\u00bb text_line_height_last_edited=\u00bbon|desktop\u00bb]SPONSORS[\/et_pb_text][et_pb_divider color=\u00bbrgba(0,0,0,0)\u00bb divider_weight=\u00bb2px\u00bb _builder_version=\u00bb3.26.3&#8243; border_width_top=\u00bb3px\u00bb border_color_top=\u00bb#11d8d8&#8243; width=\u00bb100%\u00bb width_last_edited=\u00bbon|desktop\u00bb custom_margin=\u00bb-20px||||false|false\u00bb][\/et_pb_divider][\/et_pb_column][\/et_pb_row][et_pb_row column_structure=\u00bb1_5,1_5,1_5,1_5,1_5&#8243; use_custom_gutter=\u00bbon\u00bb gutter_width=\u00bb4&#8243; custom_margin=\u00bb||-30px||false|false\u00bb make_equal=\u00bbon\u00bb _builder_version=\u00bb3.26.3&#8243; module_alignment=\u00bbcenter\u00bb][et_pb_column type=\u00bb1_5&#8243; _builder_version=\u00bb3.25.4&#8243;][et_pb_image src=\u00bbhttps:\/\/www.equiposytalentoeventos.com\/corporate-learning\/wp-content\/uploads\/2020\/11\/adams.png\u00bb align_phone=\u00bbcenter\u00bb align_last_edited=\u00bbon|desktop\u00bb _builder_version=\u00bb3.26.3&#8243; width=\u00bb61%\u00bb width_tablet=\u00bb60%\u00bb width_phone=\u00bb35%\u00bb width_last_edited=\u00bbon|desktop\u00bb module_alignment=\u00bbcenter\u00bb custom_margin=\u00bb-10%||||false|false\u00bb custom_margin_tablet=\u00bb||||false|false\u00bb custom_margin_phone=\u00bb3%||3%||false|false\u00bb custom_margin_last_edited=\u00bbon|phone\u00bb module_alignment_tablet=\u00bbcenter\u00bb module_alignment_last_edited=\u00bbon|desktop\u00bb][\/et_pb_image][\/et_pb_column][et_pb_column type=\u00bb1_5&#8243; _builder_version=\u00bb3.25.4&#8243;][et_pb_image src=\u00bbhttps:\/\/www.equiposytalentoeventos.com\/corporate-learning\/wp-content\/uploads\/2021\/10\/aditio-NO.jpg\u00bb align_phone=\u00bbcenter\u00bb align_last_edited=\u00bbon|desktop\u00bb _builder_version=\u00bb3.26.3&#8243; width=\u00bb100%\u00bb width_tablet=\u00bb75%\u00bb width_phone=\u00bb50%\u00bb width_last_edited=\u00bbon|desktop\u00bb custom_margin=\u00bb0px||||false|false\u00bb custom_margin_tablet=\u00bb6%||||false|false\u00bb custom_margin_phone=\u00bb3%||3%||false|false\u00bb custom_margin_last_edited=\u00bbon|desktop\u00bb module_alignment_tablet=\u00bbcenter\u00bb module_alignment_last_edited=\u00bbon|desktop\u00bb][\/et_pb_image][\/et_pb_column][et_pb_column type=\u00bb1_5&#8243; _builder_version=\u00bb3.25.4&#8243;][et_pb_image src=\u00bbhttps:\/\/www.equiposytalentoeventos.com\/corporate-learning\/wp-content\/uploads\/2019\/07\/ASTEX.jpg\u00bb align_phone=\u00bbcenter\u00bb align_last_edited=\u00bbon|desktop\u00bb _builder_version=\u00bb3.26.3&#8243; width=\u00bb70%\u00bb width_tablet=\u00bb75%\u00bb width_phone=\u00bb45%\u00bb width_last_edited=\u00bbon|desktop\u00bb module_alignment=\u00bbcenter\u00bb custom_margin_phone=\u00bb3%||3%||false|false\u00bb custom_margin_last_edited=\u00bbon|desktop\u00bb module_alignment_tablet=\u00bbcenter\u00bb module_alignment_last_edited=\u00bbon|tablet\u00bb][\/et_pb_image][\/et_pb_column][et_pb_column type=\u00bb1_5&#8243; _builder_version=\u00bb3.25.4&#8243;][et_pb_image src=\u00bbhttps:\/\/www.equiposytalentoeventos.com\/corporate-learning\/wp-content\/uploads\/2022\/09\/CUP-A_Logo_Customer-brandmark_RGB_Horizontal_Full-colour_Black.png\u00bb align_phone=\u00bbcenter\u00bb align_last_edited=\u00bbon|desktop\u00bb _builder_version=\u00bb3.26.3&#8243; width=\u00bb100%\u00bb width_tablet=\u00bb75%\u00bb width_phone=\u00bb50%\u00bb width_last_edited=\u00bbon|desktop\u00bb module_alignment=\u00bbcenter\u00bb custom_margin=\u00bb15px||||false|false\u00bb custom_margin_tablet=\u00bb10%||||false|false\u00bb custom_margin_phone=\u00bb3%||3%||false|false\u00bb custom_margin_last_edited=\u00bbon|desktop\u00bb module_alignment_tablet=\u00bbcenter\u00bb module_alignment_last_edited=\u00bbon|desktop\u00bb][\/et_pb_image][\/et_pb_column][et_pb_column type=\u00bb1_5&#8243; _builder_version=\u00bb3.25.4&#8243;][et_pb_image src=\u00bbhttps:\/\/www.equiposytalentoeventos.com\/corporate-learning\/wp-content\/uploads\/2022\/10\/cursiva.jpg\u00bb align_phone=\u00bbcenter\u00bb align_last_edited=\u00bbon|desktop\u00bb _builder_version=\u00bb3.26.3&#8243; width=\u00bb76%\u00bb width_tablet=\u00bb75%\u00bb width_phone=\u00bb50%\u00bb width_last_edited=\u00bbon|desktop\u00bb max_width=\u00bb106%\u00bb module_alignment=\u00bbcenter\u00bb custom_margin=\u00bb4px||||false|false\u00bb custom_margin_tablet=\u00bb10%||||false|false\u00bb custom_margin_phone=\u00bb3%||3%||false|false\u00bb custom_margin_last_edited=\u00bbon|desktop\u00bb module_alignment_tablet=\u00bbcenter\u00bb module_alignment_last_edited=\u00bbon|desktop\u00bb][\/et_pb_image][\/et_pb_column][\/et_pb_row][et_pb_row column_structure=\u00bb1_5,1_5,1_5,1_5,1_5&#8243; use_custom_gutter=\u00bbon\u00bb gutter_width=\u00bb4&#8243; custom_padding=\u00bb30px|||||\u00bb custom_padding_tablet=\u00bb0%||||false|false\u00bb custom_margin=\u00bb12px|auto||auto||\u00bb make_equal=\u00bbon\u00bb custom_padding_last_edited=\u00bbon|desktop\u00bb _builder_version=\u00bb3.26.3&#8243; module_alignment=\u00bbcenter\u00bb][et_pb_column type=\u00bb1_5&#8243; _builder_version=\u00bb3.26.3&#8243;][et_pb_image src=\u00bbhttps:\/\/www.equiposytalentoeventos.com\/corporate-learning\/wp-content\/uploads\/2022\/08\/drillster.png\u00bb align_phone=\u00bbcenter\u00bb align_last_edited=\u00bbon|desktop\u00bb _builder_version=\u00bb3.26.3&#8243; width=\u00bb105%\u00bb width_tablet=\u00bb75%\u00bb width_phone=\u00bb50%\u00bb width_last_edited=\u00bbon|desktop\u00bb max_width=\u00bb106%\u00bb module_alignment=\u00bbcenter\u00bb custom_margin=\u00bb4px||||false|false\u00bb custom_margin_tablet=\u00bb10%||||false|false\u00bb custom_margin_phone=\u00bb3%||3%||false|false\u00bb custom_margin_last_edited=\u00bbon|desktop\u00bb module_alignment_tablet=\u00bbcenter\u00bb module_alignment_last_edited=\u00bbon|desktop\u00bb][\/et_pb_image][\/et_pb_column][et_pb_column type=\u00bb1_5&#8243; _builder_version=\u00bb3.25.4&#8243;][et_pb_image src=\u00bbhttps:\/\/www.equiposytalentoeventos.com\/corporate-learning\/wp-content\/uploads\/2022\/09\/IMAN.png\u00bb _builder_version=\u00bb3.26.3&#8243; width=\u00bb80%\u00bb module_alignment=\u00bbcenter\u00bb custom_margin=\u00bb3px||||false|false\u00bb][\/et_pb_image][\/et_pb_column][et_pb_column type=\u00bb1_5&#8243; _builder_version=\u00bb3.25.4&#8243;][et_pb_image src=\u00bbhttps:\/\/www.equiposytalentoeventos.com\/corporate-learning\/wp-content\/uploads\/2022\/10\/iformalia-1.jpg\u00bb _builder_version=\u00bb3.26.3&#8243; width=\u00bb100%\u00bb module_alignment=\u00bbcenter\u00bb custom_margin=\u00bb-11px||||false|false\u00bb custom_padding=\u00bb14px|0px||0px|false|false\u00bb][\/et_pb_image][\/et_pb_column][et_pb_column type=\u00bb1_5&#8243; _builder_version=\u00bb3.25.4&#8243;][et_pb_image src=\u00bbhttps:\/\/www.equiposytalentoeventos.com\/corporate-learning\/wp-content\/uploads\/2022\/09\/LHH.png\u00bb _builder_version=\u00bb3.26.3&#8243; width=\u00bb56%\u00bb][\/et_pb_image][\/et_pb_column][et_pb_column type=\u00bb1_5&#8243; _builder_version=\u00bb3.25.4&#8243;][et_pb_image src=\u00bbhttps:\/\/www.equiposytalentoeventos.com\/corporate-learning\/wp-content\/uploads\/2022\/09\/Pinktum_Logo_RGB.png\u00bb align_phone=\u00bbcenter\u00bb align_last_edited=\u00bbon|desktop\u00bb _builder_version=\u00bb3.26.3&#8243; width=\u00bb97%\u00bb width_tablet=\u00bb75%\u00bb width_phone=\u00bb50%\u00bb width_last_edited=\u00bbon|desktop\u00bb max_width=\u00bb106%\u00bb module_alignment=\u00bbcenter\u00bb custom_margin=\u00bb4px||||false|false\u00bb custom_margin_tablet=\u00bb10%||||false|false\u00bb custom_margin_phone=\u00bb3%||3%||false|false\u00bb custom_margin_last_edited=\u00bbon|desktop\u00bb module_alignment_tablet=\u00bbcenter\u00bb module_alignment_last_edited=\u00bbon|desktop\u00bb][\/et_pb_image][\/et_pb_column][\/et_pb_row][et_pb_row column_structure=\u00bb1_5,1_5,1_5,1_5,1_5&#8243; use_custom_gutter=\u00bbon\u00bb gutter_width=\u00bb4&#8243; custom_padding_tablet=\u00bb0%||||false|false\u00bb custom_margin=\u00bb12px|auto||auto||\u00bb make_equal=\u00bbon\u00bb custom_padding_last_edited=\u00bbon|desktop\u00bb _builder_version=\u00bb3.26.3&#8243; module_alignment=\u00bbcenter\u00bb][et_pb_column type=\u00bb1_5&#8243; _builder_version=\u00bb3.25.4&#8243;][et_pb_image src=\u00bbhttps:\/\/www.equiposytalentoeventos.com\/corporate-learning\/wp-content\/uploads\/2021\/11\/Voxy-Logo_Long_AquaNavy_A-1.png\u00bb _builder_version=\u00bb3.26.3&#8243; width=\u00bb84%\u00bb][\/et_pb_image][\/et_pb_column][et_pb_column type=\u00bb1_5&#8243; _builder_version=\u00bb3.26.3&#8243;][\/et_pb_column][et_pb_column type=\u00bb1_5&#8243; _builder_version=\u00bb3.25.4&#8243;][\/et_pb_column][et_pb_column type=\u00bb1_5&#8243; _builder_version=\u00bb3.25.4&#8243;][\/et_pb_column][et_pb_column type=\u00bb1_5&#8243; _builder_version=\u00bb3.25.4&#8243;][\/et_pb_column][\/et_pb_row][\/et_pb_section][et_pb_section fb_built=\u00bb1&#8243; custom_padding_last_edited=\u00bbon|desktop\u00bb disabled_on=\u00bboff|off|off\u00bb _builder_version=\u00bb3.26.3&#8243; background_color=\u00bb#002333&#8243; custom_margin=\u00bb0%||||false|false\u00bb custom_margin_phone=\u00bb||||false|false\u00bb custom_margin_last_edited=\u00bbon|phone\u00bb custom_padding=\u00bb0px||5.2%|0px||\u00bb custom_padding_phone=\u00bb||12%||false|false\u00bb][et_pb_row custom_padding=\u00bb6.1%||0px||false|false\u00bb custom_padding_tablet=\u00bb15%||||false|false\u00bb custom_padding_last_edited=\u00bbon|desktop\u00bb disabled_on=\u00bboff|off|off\u00bb _builder_version=\u00bb3.26.3&#8243; min_height=\u00bb60px\u00bb][et_pb_column type=\u00bb4_4&#8243; _builder_version=\u00bb3.25.4&#8243;][et_pb_text module_id=\u00bbprograma\u00bb module_class=\u00bb#programa\u00bb _builder_version=\u00bb3.26.3&#8243; text_font=\u00bbUnivers LT 75 Black|800|||||||\u00bb text_text_align=\u00bbcenter\u00bb text_text_color=\u00bb#ffffff\u00bb text_font_size=\u00bb32px\u00bb text_font_size_tablet=\u00bb43px\u00bb text_font_size_phone=\u00bb36px\u00bb text_font_size_last_edited=\u00bbon|desktop\u00bb text_line_height_phone=\u00bb48px\u00bb text_line_height_last_edited=\u00bbon|phone\u00bb]<\/p>\n<p style=\"color: #9cffff; text-align: left;\">PROGRAMA<\/p>\n<p>[\/et_pb_text][\/et_pb_column][\/et_pb_row][et_pb_row column_structure=\u00bb1_3,2_3&#8243; custom_padding=\u00bb5%||||false|false\u00bb custom_padding_phone=\u00bb||7%||false|false\u00bb make_equal=\u00bbon\u00bb custom_padding_last_edited=\u00bboff|phone\u00bb disabled_on=\u00bboff|off|off\u00bb _builder_version=\u00bb3.26.3&#8243; border_color_bottom=\u00bbrgba(255,255,255,0.5)\u00bb width_phone=\u00bb100%\u00bb width_last_edited=\u00bbon|phone\u00bb border_radii_last_edited=\u00bbon|phone\u00bb border_width_all_phone=\u00bb0px\u00bb border_width_all_last_edited=\u00bbon|phone\u00bb border_width_bottom_phone=\u00bb1px\u00bb border_width_bottom_last_edited=\u00bbon|phone\u00bb][et_pb_column type=\u00bb1_3&#8243; _builder_version=\u00bb4.3.2&#8243; custom_css_main_element=\u00bb\t||\u00bb][et_pb_text disabled_on=\u00bboff|off|off\u00bb _builder_version=\u00bb3.26.3&#8243; text_font=\u00bbUnivers LT 75 Black|800|||||||\u00bb text_text_color=\u00bb#ffffff\u00bb text_font_size=\u00bb26px\u00bb text_line_height=\u00bb42px\u00bb header_font=\u00bbUnivers LT 75 Black||||||||\u00bb custom_margin=\u00bb||||false|false\u00bb custom_margin_phone=\u00bb|||10%|false|false\u00bb custom_margin_last_edited=\u00bbon|desktop\u00bb text_font_size_phone=\u00bb28px\u00bb text_font_size_last_edited=\u00bbon|desktop\u00bb text_line_height_phone=\u00bb38px\u00bb text_line_height_last_edited=\u00bbon|phone\u00bb]<\/p>\n<p>09:00 &#8211; 09:10<\/p>\n<p>[\/et_pb_text][\/et_pb_column][et_pb_column type=\u00bb2_3&#8243; _builder_version=\u00bb4.3.2&#8243; border_width_left=\u00bb0px\u00bb border_radii_last_edited=\u00bbon|phone\u00bb][et_pb_text _builder_version=\u00bb3.26.3&#8243; text_font=\u00bbUnivers LT 75 Black||||||||\u00bb text_text_color=\u00bb#ffffff\u00bb text_font_size=\u00bb24px\u00bb text_line_height=\u00bb28px\u00bb border_color_left=\u00bb#ffffff\u00bb custom_padding=\u00bb|||8%|false|false\u00bb custom_padding_phone=\u00bb|10%||10%|false|false\u00bb custom_padding_last_edited=\u00bbon|desktop\u00bb text_font_size_last_edited=\u00bbon|desktop\u00bb text_line_height_last_edited=\u00bbon|desktop\u00bb border_width_left_phone=\u00bb0px\u00bb border_width_left_last_edited=\u00bbon|desktop\u00bb]<span style=\"font-size: 27px; color: #11d8d8;\"><b>BIENVENIDA<\/b><\/span><span style=\"color: rgba(255, 255, 255, 0.75);\"><\/span>[\/et_pb_text][\/et_pb_column][\/et_pb_row][et_pb_row column_structure=\u00bb1_3,2_3&#8243; custom_padding_phone=\u00bb||7%||false|false\u00bb custom_margin=\u00bb|auto|25px|auto||\u00bb make_equal=\u00bbon\u00bb custom_padding_last_edited=\u00bbon|phone\u00bb disabled_on=\u00bboff|off|off\u00bb _builder_version=\u00bb3.26.3&#8243; border_width_top=\u00bb2px\u00bb border_color_top=\u00bbrgba(17,216,216,0.4)\u00bb border_color_bottom=\u00bbrgba(255,255,255,0.5)\u00bb width_phone=\u00bb100%\u00bb width_last_edited=\u00bbon|phone\u00bb border_radii_last_edited=\u00bbon|phone\u00bb border_width_all_phone=\u00bb0px\u00bb border_width_all_last_edited=\u00bbon|phone\u00bb border_width_bottom_phone=\u00bb1px\u00bb border_width_bottom_last_edited=\u00bbon|phone\u00bb][et_pb_column type=\u00bb1_3&#8243; _builder_version=\u00bb4.3.2&#8243; custom_css_main_element=\u00bb\t||\u00bb][et_pb_text disabled_on=\u00bboff|off|off\u00bb _builder_version=\u00bb3.26.3&#8243; text_font=\u00bbUnivers LT 75 Black|800|||||||\u00bb text_text_color=\u00bb#ffffff\u00bb text_font_size=\u00bb26px\u00bb text_line_height=\u00bb42px\u00bb header_font=\u00bbUnivers LT 75 Black||||||||\u00bb custom_margin=\u00bb||||false|false\u00bb custom_margin_phone=\u00bb|||10%|false|false\u00bb custom_margin_last_edited=\u00bbon|desktop\u00bb text_font_size_phone=\u00bb28px\u00bb text_font_size_last_edited=\u00bbon|desktop\u00bb text_line_height_phone=\u00bb38px\u00bb text_line_height_last_edited=\u00bbon|phone\u00bb]<\/p>\n<p>09:10 &#8211; 09:40<\/p>\n<p>[\/et_pb_text][et_pb_text _builder_version=\u00bb3.26.3&#8243; text_font=\u00bbRubik|900|||||||\u00bb text_text_color=\u00bb#ffffff\u00bb text_line_height=\u00bb28px\u00bb custom_margin=\u00bb||10px|||\u00bb custom_padding_phone=\u00bb|10%||10%|false|false\u00bb custom_padding_last_edited=\u00bbon|phone\u00bb text_font_size_last_edited=\u00bbon|desktop\u00bb text_line_height_last_edited=\u00bbon|desktop\u00bb inline_fonts=\u00bbRubik\u00bb]<\/p>\n<p><span style=\"font-size: 24px; font-family: Rubik; font-weight: normal;\"><strong><span style=\"color: #68c4d1;\">LEARNING &amp; DEVELOPMENT: STRATEGIC DRIVERS FOR TALENT ACQUISITION &amp; ENGAGEMENT <\/span><\/strong><\/span><\/p>\n<p>[\/et_pb_text][et_pb_text _builder_version=\u00bb3.26.3&#8243; text_font=\u00bbUnivers||||||||\u00bb text_text_color=\u00bb#ffffff\u00bb text_line_height=\u00bb28px\u00bb custom_padding_phone=\u00bb|10%||10%|false|false\u00bb custom_padding_last_edited=\u00bbon|phone\u00bb text_font_size_last_edited=\u00bbon|desktop\u00bb text_line_height_last_edited=\u00bbon|desktop\u00bb inline_fonts=\u00bbRubik\u00bb]<\/p>\n<p>C\u00f3mo potenciar la atracci\u00f3n y fidelizaci\u00f3n del talento a trav\u00e9s del desarrollo organizacional<\/p>\n<p>[\/et_pb_text][\/et_pb_column][et_pb_column type=\u00bb2_3&#8243; _builder_version=\u00bb4.3.2&#8243; border_width_left=\u00bb0px\u00bb border_radii_last_edited=\u00bbon|phone\u00bb][et_pb_text _builder_version=\u00bb3.26.3&#8243; text_font=\u00bbUnivers||||||||\u00bb text_text_color=\u00bb#ffffff\u00bb text_line_height=\u00bb28px\u00bb border_color_left=\u00bb#ffffff\u00bb custom_padding=\u00bb|||8%|false|false\u00bb custom_padding_phone=\u00bb|10%||10%|false|false\u00bb custom_padding_last_edited=\u00bbon|desktop\u00bb text_font_size_last_edited=\u00bbon|desktop\u00bb text_line_height_last_edited=\u00bbon|desktop\u00bb border_width_left_phone=\u00bb0px\u00bb border_width_left_last_edited=\u00bbon|desktop\u00bb]<\/p>\n<p><span style=\"color: #11d8d8;\"><strong>Alicia Hernandez Fuentes, <\/strong><span style=\"color: #ffffff;\"><span style=\"color: rgba(255, 255, 255, 0.7);\">Chief Learning Officer de<\/span> <strong>CEPSA<\/strong><br \/><span style=\"color: #11d8d8;\"><strong>Javier G\u00f3mez Cordero<\/strong>,<\/span> <span style=\"color: rgba(255, 255, 255, 0.7);\">Head of Learning, Knowledge Management &amp; Digital Transformation de<\/span> <strong>EDP RENOVABLES<\/strong><\/span><\/span><span style=\"color: #ffffff;\"><b><br \/><span><span style=\"color: #11d8d8;\">Ana Ramos,<\/span> <\/span><\/b><span style=\"color: rgba(255, 255, 255, 0.7);\"><span style=\"color: rgba(255, 255, 255, 0.7);\">Head of People Development<\/span>\u00a0de<\/span><b><span> BANCO DE ESPA\u00d1A<br \/><span style=\"color: #11d8d8;\">Tamara Codon,<\/span> <\/span><\/b><span style=\"color: rgba(255, 255, 255, 0.7);\">Head of HR Development &amp; Change Management de <\/span><b><span>NAVANTIA<\/span><\/b><\/span> <\/p>\n<p class=\"p5\">Modera <span style=\"color: #11d8d8;\"><strong>Jes\u00fas Ara\u00fajo<\/strong><\/span><span style=\"color: rgba(255, 255, 255, 0.75);\">, CEO de <\/span><span style=\"color: #ffffff;\"><b>CEGOS<\/b><\/span><\/p>\n<p>[\/et_pb_text][\/et_pb_column][\/et_pb_row][et_pb_row column_structure=\u00bb1_3,2_3&#8243; custom_padding_phone=\u00bb||7%||false|false\u00bb make_equal=\u00bbon\u00bb custom_padding_last_edited=\u00bbon|phone\u00bb disabled_on=\u00bboff|off|off\u00bb _builder_version=\u00bb3.26.3&#8243; border_width_top=\u00bb2px\u00bb border_color_top=\u00bbrgba(17,216,216,0.4)\u00bb border_color_bottom=\u00bbrgba(255,255,255,0.5)\u00bb width_phone=\u00bb100%\u00bb width_last_edited=\u00bbon|phone\u00bb border_radii_last_edited=\u00bbon|phone\u00bb border_width_all_phone=\u00bb0px\u00bb border_width_all_last_edited=\u00bbon|phone\u00bb border_width_bottom_phone=\u00bb1px\u00bb border_width_bottom_last_edited=\u00bbon|phone\u00bb][et_pb_column type=\u00bb1_3&#8243; _builder_version=\u00bb4.3.2&#8243; custom_css_main_element=\u00bb\t||\u00bb][et_pb_text disabled_on=\u00bboff|off|off\u00bb _builder_version=\u00bb3.26.3&#8243; text_font=\u00bbUnivers LT 75 Black|800|||||||\u00bb text_text_color=\u00bb#ffffff\u00bb text_font_size=\u00bb26px\u00bb text_line_height=\u00bb42px\u00bb header_font=\u00bbUnivers LT 75 Black||||||||\u00bb custom_margin=\u00bb||||false|false\u00bb custom_margin_phone=\u00bb|||10%|false|false\u00bb custom_margin_last_edited=\u00bbon|desktop\u00bb text_font_size_phone=\u00bb28px\u00bb text_font_size_last_edited=\u00bbon|desktop\u00bb text_line_height_phone=\u00bb38px\u00bb text_line_height_last_edited=\u00bbon|phone\u00bb]<\/p>\n<p>09:40 &#8211; 10:10<\/p>\n<p>[\/et_pb_text][et_pb_text _builder_version=\u00bb3.26.3&#8243; text_font=\u00bbRubik|900|||||||\u00bb text_text_color=\u00bb#ffffff\u00bb text_line_height=\u00bb28px\u00bb custom_margin=\u00bb||10px|||\u00bb custom_padding_phone=\u00bb|10%||10%|false|false\u00bb custom_padding_last_edited=\u00bbon|phone\u00bb text_font_size_last_edited=\u00bbon|desktop\u00bb text_line_height_last_edited=\u00bbon|desktop\u00bb]<\/p>\n<p><span style=\"font-size: 24px; color: #68c4d1;\"><strong>DEVELOPMENT OF THE NEW WORK ENVIRONMENT SKILLS<\/strong><\/span><\/p>\n<p>[\/et_pb_text][et_pb_text _builder_version=\u00bb3.26.3&#8243; text_font=\u00bbUnivers||||||||\u00bb text_text_color=\u00bb#ffffff\u00bb text_line_height=\u00bb28px\u00bb custom_padding_phone=\u00bb|10%||10%|false|false\u00bb custom_padding_last_edited=\u00bbon|phone\u00bb text_font_size_last_edited=\u00bbon|desktop\u00bb text_line_height_last_edited=\u00bbon|desktop\u00bb]<\/p>\n<p>C\u00f3mo desarrollar y potenciar las nuevas habilidades profesionales<\/p>\n<p>[\/et_pb_text][\/et_pb_column][et_pb_column type=\u00bb2_3&#8243; _builder_version=\u00bb4.3.2&#8243; border_width_left=\u00bb0px\u00bb border_radii_last_edited=\u00bbon|phone\u00bb][et_pb_text _builder_version=\u00bb3.26.3&#8243; text_font=\u00bbUnivers||||||||\u00bb text_text_color=\u00bb#ffffff\u00bb text_line_height=\u00bb28px\u00bb border_color_left=\u00bb#ffffff\u00bb custom_padding=\u00bb|||8%|false|false\u00bb custom_padding_phone=\u00bb|10%||10%|false|false\u00bb custom_padding_last_edited=\u00bbon|desktop\u00bb text_font_size_last_edited=\u00bbon|desktop\u00bb text_line_height_last_edited=\u00bbon|desktop\u00bb border_width_left_phone=\u00bb0px\u00bb border_width_left_last_edited=\u00bbon|desktop\u00bb]<\/p>\n<p><span style=\"color: #11d8d8;\"><strong>Rita Gonz\u00e1lez,<\/strong> <span style=\"color: #ffffff;\"><span style=\"color: rgba(255, 255, 255, 0.7);\">Directora nacional de<\/span><\/span><span style=\"color: #ffffff;\"> <\/span><strong><span style=\"color: #ffffff;\">RANDSTAD LEARNING<\/span><br \/>Ester Montull Buil, <\/strong><span style=\"color: #ffffff;\"><span style=\"color: rgba(255, 255, 255, 0.7);\">Responsable de formaci\u00f3n&amp;desarrollo de <\/span><strong>ALSINA<\/strong><\/span><strong><br \/>Olga Alabau, <\/strong><span style=\"color: #ffffff;\"><span style=\"color: rgba(255, 255, 255, 0.7);\">HR Business Partner Intimissimi &amp; Falconeri de <\/span><strong>GRUPO<\/strong> <strong>CALZEDONIA\u00a0<\/strong><\/span><\/span><span style=\"color: #11d8d8;\"><strong><br \/><\/strong><\/span><span style=\"color: #11d8d8;\"><strong>Helena Guti\u00e9rrez, <\/strong><span style=\"color: #ffffff;\"><span style=\"color: rgba(255, 255, 255, 0.7);\">Training department Manager de<\/span> <strong>GRUPO<\/strong> <strong>CALZEDONIA<br \/><span style=\"color: #11d8d8;\">Ainara L\u00f3pez,\u00a0<\/span><\/strong><span style=\"color: #11d8d8;\"><span style=\"color: rgba(255, 255, 255, 0.52);\"><span style=\"color: rgba(255, 255, 255, 0.7);\">Directora de RRHH de<\/span>\u00a0<span style=\"color: #ffffff;\"><strong>DIAGEO SUR DE<\/strong> <strong>EUROPA<\/strong><\/span><\/span><\/span><strong><br \/><\/strong><\/span><\/span><\/p>\n<p class=\"p5\">Modera <span style=\"color: #11d8d8;\"><strong>Eva Galli, <\/strong><span style=\"color: #ffffff;\"><span style=\"color: rgba(255, 255, 255, 0.7);\">periodista de<\/span> <strong>EQUIPOS&amp;TALENTO<\/strong><\/span><\/span><span style=\"color: #ffffff;\"><b><br \/><\/b><\/span><\/p>\n<p>[\/et_pb_text][\/et_pb_column][\/et_pb_row][et_pb_row column_structure=\u00bb1_3,2_3&#8243; custom_padding_phone=\u00bb||7%||false|false\u00bb make_equal=\u00bbon\u00bb custom_padding_last_edited=\u00bbon|phone\u00bb disabled_on=\u00bboff|off|off\u00bb _builder_version=\u00bb3.26.3&#8243; border_width_top=\u00bb2px\u00bb border_color_top=\u00bbrgba(17,216,216,0.4)\u00bb border_color_bottom=\u00bbrgba(255,255,255,0.5)\u00bb width_phone=\u00bb100%\u00bb width_last_edited=\u00bbon|phone\u00bb border_radii_last_edited=\u00bbon|phone\u00bb border_width_all_phone=\u00bb0px\u00bb border_width_all_last_edited=\u00bbon|phone\u00bb border_width_bottom_phone=\u00bb1px\u00bb border_width_bottom_last_edited=\u00bbon|phone\u00bb][et_pb_column type=\u00bb1_3&#8243; _builder_version=\u00bb4.3.2&#8243; custom_css_main_element=\u00bb\t||\u00bb][et_pb_text disabled_on=\u00bboff|off|off\u00bb _builder_version=\u00bb3.26.3&#8243; text_font=\u00bbUnivers LT 75 Black|800|||||||\u00bb text_text_color=\u00bb#ffffff\u00bb text_font_size=\u00bb26px\u00bb text_line_height=\u00bb42px\u00bb header_font=\u00bbUnivers LT 75 Black||||||||\u00bb custom_margin=\u00bb||||false|false\u00bb custom_margin_phone=\u00bb|||10%|false|false\u00bb custom_margin_last_edited=\u00bbon|desktop\u00bb text_font_size_phone=\u00bb28px\u00bb text_font_size_last_edited=\u00bbon|desktop\u00bb text_line_height_phone=\u00bb38px\u00bb text_line_height_last_edited=\u00bbon|phone\u00bb]<\/p>\n<p>10:10 &#8211; 10:40<\/p>\n<p>[\/et_pb_text][et_pb_text _builder_version=\u00bb3.26.3&#8243; text_font=\u00bbRubik|900|||||||\u00bb text_text_color=\u00bb#ffffff\u00bb text_line_height=\u00bb28px\u00bb custom_padding_phone=\u00bb|10%||10%|false|false\u00bb custom_padding_last_edited=\u00bbon|phone\u00bb text_font_size_last_edited=\u00bbon|desktop\u00bb text_line_height_last_edited=\u00bbon|desktop\u00bb]<\/p>\n<p><span style=\"font-size: 24px; color: #68c4d1;\"><strong>DEVELOPMENT 4 IMPACT<\/strong><\/span><span><br \/><\/span><\/p>\n<p>[\/et_pb_text][et_pb_text _builder_version=\u00bb3.26.3&#8243; text_font=\u00bbUnivers||||||||\u00bb text_text_color=\u00bb#ffffff\u00bb text_line_height=\u00bb28px\u00bb custom_padding_phone=\u00bb|10%||10%|false|false\u00bb custom_padding_last_edited=\u00bbon|phone\u00bb text_font_size_last_edited=\u00bbon|desktop\u00bb text_line_height_last_edited=\u00bbon|desktop\u00bb]<\/p>\n<p>Di\u00e1logo abierto sobre el cambio de paradigma en el entorno laboral<\/p>\n<p>[\/et_pb_text][\/et_pb_column][et_pb_column type=\u00bb2_3&#8243; _builder_version=\u00bb4.3.2&#8243; border_width_left=\u00bb0px\u00bb border_radii_last_edited=\u00bbon|phone\u00bb][et_pb_text _builder_version=\u00bb3.26.3&#8243; text_font=\u00bbUnivers||||||||\u00bb text_text_color=\u00bb#ffffff\u00bb text_line_height=\u00bb28px\u00bb border_color_left=\u00bb#ffffff\u00bb custom_padding=\u00bb|||8%|false|false\u00bb custom_padding_phone=\u00bb|10%||10%|false|false\u00bb custom_padding_last_edited=\u00bbon|desktop\u00bb text_font_size_last_edited=\u00bbon|desktop\u00bb text_line_height_last_edited=\u00bbon|desktop\u00bb border_width_left_phone=\u00bb0px\u00bb border_width_left_last_edited=\u00bbon|desktop\u00bb]<\/p>\n<p><span style=\"color: #11d8d8;\"><span style=\"color: #ffffff;\"><strong><span style=\"color: #11d8d8;\">Elena Marmol<\/span>, <\/strong><span style=\"color: rgba(255, 255, 255, 0.7);\">Directora de RRHH de <\/span><strong>RED BULL<\/strong><br \/><\/span><strong><\/strong><strong>Antonio Sastre<\/strong><\/span>, <span style=\"color: rgba(255, 255, 255, 0.7);\">Profesor de filosof\u00eda y formaci\u00f3n human\u00edstica de la<\/span> <strong>UFV<br \/><span style=\"color: #11d8d8;\">Andr\u00e9s Ortega<\/span>, <\/strong><span style=\"color: rgba(255, 255, 255, 0.7);\">Chief Talent Officer de <\/span><strong>MCCANN WORLDGROUP SPAIN\u00a0<\/strong><span style=\"color: #11d8d8;\"><strong> <br \/><\/strong><\/span><\/p>\n<p class=\"p5\">Modera <span style=\"color: #11d8d8;\"><strong>Marina Tirado, <\/strong><span style=\"color: #ffffff;\"><span style=\"color: rgba(255, 255, 255, 0.7);\">Directora de la Unidad de Educaci\u00f3n Ejecutiva de la <span style=\"color: #ffffff;\"><strong>UNIVERSIDAD FRANCISCO DE VITORIA<\/strong><\/span><\/span><\/span><\/span><\/p>\n<p class=\"p5\"><span style=\"color: rgba(255, 255, 255, 0.75);\"><em><\/em><\/span><\/p>\n<p>[\/et_pb_text][\/et_pb_column][\/et_pb_row][et_pb_row column_structure=\u00bb1_3,2_3&#8243; custom_padding_phone=\u00bb||7%||false|false\u00bb custom_margin=\u00bb|auto|-4px|auto||\u00bb make_equal=\u00bbon\u00bb custom_padding_last_edited=\u00bbon|phone\u00bb disabled_on=\u00bboff|off|off\u00bb _builder_version=\u00bb3.26.3&#8243; border_width_top=\u00bb2px\u00bb border_color_top=\u00bbrgba(17,216,216,0.4)\u00bb border_color_bottom=\u00bbrgba(255,255,255,0.5)\u00bb width_phone=\u00bb100%\u00bb width_last_edited=\u00bbon|phone\u00bb border_radii_last_edited=\u00bbon|phone\u00bb border_width_all_phone=\u00bb0px\u00bb border_width_all_last_edited=\u00bbon|phone\u00bb border_width_bottom_phone=\u00bb1px\u00bb border_width_bottom_last_edited=\u00bbon|phone\u00bb][et_pb_column type=\u00bb1_3&#8243; _builder_version=\u00bb4.3.2&#8243; custom_css_main_element=\u00bb\t||\u00bb][et_pb_text disabled_on=\u00bboff|off|off\u00bb _builder_version=\u00bb3.26.3&#8243; text_font=\u00bbUnivers LT 75 Black|800|||||||\u00bb text_text_color=\u00bb#ffffff\u00bb text_font_size=\u00bb26px\u00bb text_line_height=\u00bb42px\u00bb header_font=\u00bbUnivers LT 75 Black||||||||\u00bb custom_margin=\u00bb||||false|false\u00bb custom_margin_phone=\u00bb|||10%|false|false\u00bb custom_margin_last_edited=\u00bbon|desktop\u00bb text_font_size_phone=\u00bb28px\u00bb text_font_size_last_edited=\u00bbon|desktop\u00bb text_line_height_phone=\u00bb38px\u00bb text_line_height_last_edited=\u00bbon|phone\u00bb]<\/p>\n<p>10:40 &#8211; 11:10<\/p>\n<p>[\/et_pb_text][et_pb_text _builder_version=\u00bb3.26.3&#8243; text_font=\u00bbRubik|900|||||||\u00bb text_text_color=\u00bb#ffffff\u00bb text_line_height=\u00bb28px\u00bb custom_padding_phone=\u00bb|10%||10%|false|false\u00bb custom_padding_last_edited=\u00bbon|phone\u00bb text_font_size_last_edited=\u00bbon|desktop\u00bb text_line_height_last_edited=\u00bbon|desktop\u00bb]<\/p>\n<p><span style=\"font-size: 24px; color: #68c4d1;\"><strong>DIVERSITY &amp; WOMEN\u2019S LEADERSHIP LEARNING<\/strong><\/span><span><br \/><\/span><\/p>\n<p>[\/et_pb_text][et_pb_text _builder_version=\u00bb3.26.3&#8243; text_font=\u00bbUnivers||||||||\u00bb text_text_color=\u00bb#ffffff\u00bb text_line_height=\u00bb28px\u00bb custom_padding=\u00bb0px|||||\u00bb custom_padding_phone=\u00bb|10%||10%|false|false\u00bb custom_padding_last_edited=\u00bbon|phone\u00bb text_font_size_last_edited=\u00bbon|desktop\u00bb text_line_height_last_edited=\u00bbon|desktop\u00bb]<\/p>\n<p>Formaci\u00f3n en diversidad: palanca de cambio y de transformaci\u00f3n cultural<\/p>\n<p>[\/et_pb_text][\/et_pb_column][et_pb_column type=\u00bb2_3&#8243; _builder_version=\u00bb4.3.2&#8243; border_width_left=\u00bb0px\u00bb border_radii_last_edited=\u00bbon|phone\u00bb][et_pb_text _builder_version=\u00bb3.26.3&#8243; text_font=\u00bbUnivers||||||||\u00bb text_text_color=\u00bb#ffffff\u00bb text_line_height=\u00bb28px\u00bb border_color_left=\u00bb#ffffff\u00bb custom_padding=\u00bb|||8%|false|false\u00bb custom_padding_phone=\u00bb|10%||10%|false|false\u00bb custom_padding_last_edited=\u00bbon|desktop\u00bb text_font_size_last_edited=\u00bbon|desktop\u00bb text_line_height_last_edited=\u00bbon|desktop\u00bb border_width_left_phone=\u00bb0px\u00bb border_width_left_last_edited=\u00bbon|desktop\u00bb]<\/p>\n<p><span class=\"s1\"><span style=\"color: #11d8d8;\"><span style=\"color: #ffffff;\"><span style=\"color: rgba(255, 255, 255, 0.75);\"><span style=\"color: #ffffff;\"><strong><\/strong><\/span><\/span><\/span><\/span><\/span><span style=\"color: #ffffff;\"><span style=\"color: #ffffff;\"><b><span style=\"color: #11d8d8;\">Esperanza Nu\u00f1ez,<\/span>\u00a0<\/b><span><span style=\"color: rgba(255, 255, 255, 0.75);\">Responsable Talento de<\/span> <strong>SEUR<br \/><span style=\"color: #11d8d8;\"><b>Ana P\u00e9rez, <\/b><\/span><\/strong><span style=\"color: rgba(255, 255, 255, 0.7);\">Talent &amp; Development Manager de<\/span><strong> INTRUM<br \/><span style=\"color: #11d8d8;\"><b>Marta Cotrina, <\/b><\/span><\/strong><span style=\"color: rgba(255, 255, 255, 0.7);\">Responsable de Cultura de<\/span><strong> ENDESA<br \/><span style=\"color: #11d8d8;\">Eugenia Garrido,<\/span>\u00a0<\/strong><span style=\"color: rgba(255, 255, 255, 0.7);\">Human Resources manager de<\/span><strong> BEIERSDORF<br \/><\/strong><\/span><\/span><\/span><\/p>\n<p class=\"p5\">Modera <span style=\"color: #11d8d8;\"><b>Diana Clarke<\/b><\/span><span style=\"color: rgba(255, 255, 255, 0.75);\"><span style=\"color: #11d8d8;\"><strong>,<\/strong><\/span> Profesora de Executive Education y Directora Acad\u00e9mica del programa Women in Leardership de<\/span>\u00a0<span style=\"color: #ffffff;\"><b>ESCP BUSINESS SCHOOL<\/b><\/span><\/p>\n<p>[\/et_pb_text][\/et_pb_column][\/et_pb_row][et_pb_row column_structure=\u00bb1_3,2_3&#8243; custom_padding_phone=\u00bb||7%||false|false\u00bb make_equal=\u00bbon\u00bb custom_padding_last_edited=\u00bbon|phone\u00bb disabled_on=\u00bboff|off|off\u00bb _builder_version=\u00bb3.26.3&#8243; border_width_top=\u00bb2px\u00bb border_color_top=\u00bbrgba(17,216,216,0.4)\u00bb border_color_bottom=\u00bbrgba(255,255,255,0.5)\u00bb width_phone=\u00bb100%\u00bb width_last_edited=\u00bbon|phone\u00bb border_radii_last_edited=\u00bbon|phone\u00bb border_width_all_phone=\u00bb0px\u00bb border_width_all_last_edited=\u00bbon|phone\u00bb border_width_bottom_phone=\u00bb1px\u00bb border_width_bottom_last_edited=\u00bbon|phone\u00bb][et_pb_column type=\u00bb1_3&#8243; _builder_version=\u00bb4.3.2&#8243; custom_css_main_element=\u00bb\t||\u00bb][et_pb_text disabled_on=\u00bboff|off|off\u00bb _builder_version=\u00bb3.26.3&#8243; text_font=\u00bbUnivers LT 75 Black|800|||||||\u00bb text_text_color=\u00bb#ffffff\u00bb text_font_size=\u00bb26px\u00bb text_line_height=\u00bb42px\u00bb header_font=\u00bbUnivers LT 75 Black||||||||\u00bb custom_margin=\u00bb||||false|false\u00bb custom_margin_phone=\u00bb|||10%|false|false\u00bb custom_margin_last_edited=\u00bbon|desktop\u00bb text_font_size_phone=\u00bb28px\u00bb text_font_size_last_edited=\u00bbon|desktop\u00bb text_line_height_phone=\u00bb38px\u00bb text_line_height_last_edited=\u00bbon|phone\u00bb]<\/p>\n<p>11:10 &#8211; 11:30<\/p>\n<p>[\/et_pb_text][\/et_pb_column][et_pb_column type=\u00bb2_3&#8243; _builder_version=\u00bb4.3.2&#8243; border_width_left=\u00bb0px\u00bb border_radii_last_edited=\u00bbon|phone\u00bb][et_pb_text _builder_version=\u00bb3.26.3&#8243; text_font=\u00bbUnivers||||||||\u00bb text_text_color=\u00bb#ffffff\u00bb text_line_height=\u00bb28px\u00bb border_color_left=\u00bb#ffffff\u00bb custom_padding=\u00bb|||8%|false|false\u00bb custom_padding_phone=\u00bb|10%||10%|false|false\u00bb custom_padding_last_edited=\u00bbon|desktop\u00bb text_font_size_last_edited=\u00bbon|desktop\u00bb text_line_height_last_edited=\u00bbon|desktop\u00bb border_width_left_phone=\u00bb0px\u00bb border_width_left_last_edited=\u00bbon|desktop\u00bb]<\/p>\n<p style=\"text-align: left;\"><span style=\"font-size: xx-large;\"><span style=\"color: #11d8d8;\"><strong>COFFEE BREAK<\/strong><\/span><strong><\/strong><\/span><\/p>\n<p class=\"p5\">\n<p class=\"p5\"><span style=\"color: #ffffff;\"><b><\/b><\/span><\/p>\n<p>[\/et_pb_text][\/et_pb_column][\/et_pb_row][et_pb_row column_structure=\u00bb1_3,2_3&#8243; custom_padding_phone=\u00bb||7%||false|false\u00bb make_equal=\u00bbon\u00bb custom_padding_last_edited=\u00bbon|phone\u00bb disabled_on=\u00bboff|off|off\u00bb _builder_version=\u00bb3.26.3&#8243; border_width_top=\u00bb2px\u00bb border_color_top=\u00bbrgba(17,216,216,0.4)\u00bb border_color_bottom=\u00bbrgba(255,255,255,0.5)\u00bb width_phone=\u00bb100%\u00bb width_last_edited=\u00bbon|phone\u00bb border_radii_last_edited=\u00bbon|phone\u00bb border_width_all_phone=\u00bb0px\u00bb border_width_all_last_edited=\u00bbon|phone\u00bb border_width_bottom_phone=\u00bb1px\u00bb border_width_bottom_last_edited=\u00bbon|phone\u00bb][et_pb_column type=\u00bb1_3&#8243; _builder_version=\u00bb4.3.2&#8243; custom_css_main_element=\u00bb\t||\u00bb][et_pb_text disabled_on=\u00bboff|off|off\u00bb _builder_version=\u00bb3.26.3&#8243; text_font=\u00bbUnivers LT 75 Black|800|||||||\u00bb text_text_color=\u00bb#ffffff\u00bb text_font_size=\u00bb26px\u00bb text_line_height=\u00bb42px\u00bb header_font=\u00bbUnivers LT 75 Black||||||||\u00bb custom_margin=\u00bb||||false|false\u00bb custom_margin_phone=\u00bb|||10%|false|false\u00bb custom_margin_last_edited=\u00bbon|desktop\u00bb text_font_size_phone=\u00bb28px\u00bb text_font_size_last_edited=\u00bbon|desktop\u00bb text_line_height_phone=\u00bb38px\u00bb text_line_height_last_edited=\u00bbon|phone\u00bb]<\/p>\n<p>11:30 &#8211; 12:00<\/p>\n<p>[\/et_pb_text][et_pb_text _builder_version=\u00bb3.26.3&#8243; text_font=\u00bbRubik|900|||||||\u00bb text_text_color=\u00bb#ffffff\u00bb text_line_height=\u00bb28px\u00bb custom_margin=\u00bb||10px|||\u00bb custom_padding=\u00bb0px|||||\u00bb custom_padding_phone=\u00bb|10%||10%|false|false\u00bb custom_padding_last_edited=\u00bbon|phone\u00bb text_font_size_last_edited=\u00bbon|desktop\u00bb text_line_height_last_edited=\u00bbon|desktop\u00bb]<\/p>\n<p><span style=\"font-size: 24px;\"><strong><span style=\"color: #68c4d1;\">TALENT AGILITY &amp; DIGITAL LEARNING <\/span><\/strong><\/span><\/p>\n<p>[\/et_pb_text][et_pb_text _builder_version=\u00bb3.26.3&#8243; text_font=\u00bbUnivers||||||||\u00bb text_text_color=\u00bb#ffffff\u00bb text_line_height=\u00bb28px\u00bb custom_padding=\u00bb0px|||||\u00bb custom_padding_phone=\u00bb|10%||10%|false|false\u00bb custom_padding_last_edited=\u00bbon|phone\u00bb text_font_size_last_edited=\u00bbon|desktop\u00bb text_line_height_last_edited=\u00bbon|desktop\u00bb]<\/p>\n<p>\u00bfQu\u00e9 funciona y qu\u00e9 no funciona en formaci\u00f3n digital?<\/p>\n<p>[\/et_pb_text][\/et_pb_column][et_pb_column type=\u00bb2_3&#8243; _builder_version=\u00bb4.3.2&#8243; border_width_left=\u00bb0px\u00bb border_radii_last_edited=\u00bbon|phone\u00bb][et_pb_text _builder_version=\u00bb3.26.3&#8243; text_font=\u00bbUnivers||||||||\u00bb text_text_color=\u00bb#ffffff\u00bb text_line_height=\u00bb28px\u00bb border_color_left=\u00bb#ffffff\u00bb custom_padding=\u00bb|||8%|false|false\u00bb custom_padding_phone=\u00bb|10%||10%|false|false\u00bb custom_padding_last_edited=\u00bbon|desktop\u00bb text_font_size_last_edited=\u00bbon|desktop\u00bb text_line_height_last_edited=\u00bbon|desktop\u00bb border_width_left_phone=\u00bb0px\u00bb border_width_left_last_edited=\u00bbon|desktop\u00bb]<\/p>\n<p><span style=\"color: #11d8d8;\"><strong>Diana Lod\u00edn<\/strong><\/span><span style=\"color: rgba(255, 255, 255, 0.75);\">, Head of Talent &amp; Agile de<\/span><span style=\"color: #ffffff;\"><b> GENERALI<\/b><\/span><span style=\"color: #ffffff;\"><b><br \/> <span style=\"color: #11d8d8;\">Carlos Mart\u00ednez<\/span><\/b><span style=\"color: rgba(242, 242, 242, 0.75);\">, <\/span><span style=\"color: rgba(255, 255, 255, 0.75);\">Head of HR Transformation, Organization &amp; Learning de<\/span><b> <\/b><\/span><strong>SACYR<\/strong><br \/> <span style=\"color: #11d8d8;\"><strong>Cristina Jaraba,<\/strong><\/span> <span style=\"color: rgba(255, 255, 255, 0.7);\">Global People Lead de<\/span> <strong>EXOLUM<\/strong><\/p>\n<p class=\"p5\">Modera <span style=\"color: #11d8d8;\"><strong>Roberto Mart\u00edn, <\/strong><span style=\"color: #ffffff;\"><span style=\"color: rgba(255, 255, 255, 0.7);\">Head of Digital Marketing &amp; Growth de <\/span><strong>SPEEXX<\/strong><\/span><\/span><\/p>\n<p class=\"p5\"><span style=\"color: #ffffff;\"><b><\/b><\/span><\/p>\n<p>[\/et_pb_text][\/et_pb_column][\/et_pb_row][et_pb_row column_structure=\u00bb1_3,2_3&#8243; custom_padding_phone=\u00bb||7%||false|false\u00bb make_equal=\u00bbon\u00bb custom_padding_last_edited=\u00bbon|phone\u00bb disabled_on=\u00bboff|off|off\u00bb _builder_version=\u00bb3.26.3&#8243; border_width_top=\u00bb2px\u00bb border_color_top=\u00bbrgba(17,216,216,0.4)\u00bb border_color_bottom=\u00bbrgba(255,255,255,0.5)\u00bb width_phone=\u00bb100%\u00bb width_last_edited=\u00bbon|phone\u00bb border_radii_last_edited=\u00bbon|phone\u00bb border_width_all_phone=\u00bb0px\u00bb border_width_all_last_edited=\u00bbon|phone\u00bb border_width_bottom_phone=\u00bb1px\u00bb border_width_bottom_last_edited=\u00bbon|phone\u00bb][et_pb_column type=\u00bb1_3&#8243; _builder_version=\u00bb4.3.2&#8243; custom_css_main_element=\u00bb\t||\u00bb][et_pb_text disabled_on=\u00bboff|off|off\u00bb _builder_version=\u00bb3.26.3&#8243; text_font=\u00bbUnivers LT 75 Black|800|||||||\u00bb text_text_color=\u00bb#ffffff\u00bb text_font_size=\u00bb26px\u00bb text_line_height=\u00bb42px\u00bb header_font=\u00bbUnivers LT 75 Black||||||||\u00bb custom_margin=\u00bb||||false|false\u00bb custom_margin_phone=\u00bb|||10%|false|false\u00bb custom_margin_last_edited=\u00bbon|desktop\u00bb text_font_size_phone=\u00bb28px\u00bb text_font_size_last_edited=\u00bbon|desktop\u00bb text_line_height_phone=\u00bb38px\u00bb text_line_height_last_edited=\u00bbon|phone\u00bb]<\/p>\n<p>12:00 &#8211; 12:30<\/p>\n<p>[\/et_pb_text][et_pb_text _builder_version=\u00bb3.26.3&#8243; text_font=\u00bbRubik|900|||||||\u00bb text_text_color=\u00bb#ffffff\u00bb text_line_height=\u00bb28px\u00bb custom_margin=\u00bb||9px|||\u00bb custom_padding=\u00bb0px|||||\u00bb custom_padding_phone=\u00bb|10%||10%|false|false\u00bb custom_padding_last_edited=\u00bbon|phone\u00bb text_font_size_last_edited=\u00bbon|desktop\u00bb text_line_height_last_edited=\u00bbon|desktop\u00bb]<\/p>\n<p><span style=\"font-size: 24px; color: #68c4d1;\"><strong>LEARNING MANAGEMENT SYSTEMS &amp; EXPERIENCE PLATFORMS<\/strong><\/span><\/p>\n<p>[\/et_pb_text][et_pb_text _builder_version=\u00bb3.26.3&#8243; text_font=\u00bbUnivers||||||||\u00bb text_text_color=\u00bb#ffffff\u00bb text_line_height=\u00bb28px\u00bb custom_padding=\u00bb0px|||||\u00bb custom_padding_phone=\u00bb|10%||10%|false|false\u00bb custom_padding_last_edited=\u00bbon|phone\u00bb text_font_size_last_edited=\u00bbon|desktop\u00bb text_line_height_last_edited=\u00bbon|desktop\u00bb]<\/p>\n<p>Hacia una cultura de aprendizaje innovadora y personalizada<\/p>\n<p>[\/et_pb_text][\/et_pb_column][et_pb_column type=\u00bb2_3&#8243; _builder_version=\u00bb4.3.2&#8243; border_width_left=\u00bb0px\u00bb border_radii_last_edited=\u00bbon|phone\u00bb][et_pb_text _builder_version=\u00bb3.26.3&#8243; text_font=\u00bbUnivers||||||||\u00bb text_text_color=\u00bb#ffffff\u00bb text_line_height=\u00bb28px\u00bb border_color_left=\u00bb#ffffff\u00bb custom_padding=\u00bb||0px|8%|false|false\u00bb custom_padding_phone=\u00bb|10%||10%|false|false\u00bb custom_padding_last_edited=\u00bbon|desktop\u00bb text_font_size_last_edited=\u00bbon|desktop\u00bb text_line_height_last_edited=\u00bbon|desktop\u00bb border_width_left_phone=\u00bb0px\u00bb border_width_left_last_edited=\u00bbon|desktop\u00bb]<\/p>\n<p><span style=\"color: #11d8d8;\"><strong><\/strong><\/span><\/p>\n<p><span style=\"color: rgba(255, 255, 255, 0.75);\"><span style=\"color: #11d8d8;\"><strong>Javier C\u00f3rdoba,<\/strong><\/span> <span>Director de Campus Santalucia de<\/span>\u00a0<\/span><span style=\"color: #ffffff;\"><\/span><strong>SANTALUCIA<\/strong><br \/><span style=\"color: #11d8d8;\"><strong>Ver\u00f3nica Marco<\/strong><\/span><span style=\"color: rgba(255, 255, 255, 0.75);\"><span style=\"color: rgba(17, 216, 216, 0.75);\"><strong>,<\/strong><\/span> Directora de Talento de<\/span><span style=\"color: #ffffff;\">\u00a0<strong>ALSA<br \/><span style=\"color: #11d8d8;\">Raquel Montesinos,<\/span> <\/strong><span style=\"color: rgba(255, 255, 255, 0.7);\">responsable de Learning de <\/span><strong>VODAFONE ESPA\u00d1A<br \/><\/strong><\/span><\/p>\n<p class=\"p5\">Modera <span style=\"color: #11d8d8;\"><b>Guillermo San Rom\u00e1n, <\/b><span style=\"color: #ffffff;\"><span style=\"color: rgba(255, 255, 255, 0.7);\">Senior Regional Director Iberia de <\/span><strong>CORNERSTONE<\/strong><\/span><\/span><\/p>\n<p>[\/et_pb_text][\/et_pb_column][\/et_pb_row][et_pb_row column_structure=\u00bb1_3,2_3&#8243; custom_padding_phone=\u00bb||7%||false|false\u00bb make_equal=\u00bbon\u00bb custom_padding_last_edited=\u00bbon|phone\u00bb disabled_on=\u00bboff|off|off\u00bb _builder_version=\u00bb3.26.3&#8243; border_color_all=\u00bbrgba(17,216,216,0.4)\u00bb border_width_top=\u00bb2px\u00bb border_color_bottom=\u00bbrgba(255,255,255,0.5)\u00bb width_phone=\u00bb100%\u00bb width_last_edited=\u00bbon|phone\u00bb border_radii_last_edited=\u00bbon|phone\u00bb border_width_all_phone=\u00bb0px\u00bb border_width_all_last_edited=\u00bbon|phone\u00bb border_width_bottom_phone=\u00bb1px\u00bb border_width_bottom_last_edited=\u00bbon|phone\u00bb][et_pb_column type=\u00bb1_3&#8243; _builder_version=\u00bb4.3.2&#8243; custom_css_main_element=\u00bb\t||\u00bb][et_pb_text disabled_on=\u00bboff|off|off\u00bb _builder_version=\u00bb3.26.3&#8243; text_font=\u00bbUnivers LT 75 Black|800|||||||\u00bb text_text_color=\u00bb#ffffff\u00bb text_font_size=\u00bb26px\u00bb text_line_height=\u00bb42px\u00bb header_font=\u00bbUnivers LT 75 Black||||||||\u00bb custom_margin=\u00bb||||false|false\u00bb custom_margin_phone=\u00bb|||10%|false|false\u00bb custom_margin_last_edited=\u00bbon|desktop\u00bb text_font_size_phone=\u00bb28px\u00bb text_font_size_last_edited=\u00bbon|desktop\u00bb text_line_height_phone=\u00bb38px\u00bb text_line_height_last_edited=\u00bbon|phone\u00bb]<\/p>\n<p>12:30 &#8211; 13:00<\/p>\n<p>[\/et_pb_text][et_pb_text _builder_version=\u00bb3.26.3&#8243; text_font=\u00bbRubik|900|||||||\u00bb text_text_color=\u00bb#ffffff\u00bb text_line_height=\u00bb28px\u00bb custom_margin=\u00bb||8px|||\u00bb custom_padding=\u00bb0px|||||\u00bb custom_padding_phone=\u00bb|10%||10%|false|false\u00bb custom_padding_last_edited=\u00bbon|phone\u00bb text_font_size_last_edited=\u00bbon|desktop\u00bb text_line_height_last_edited=\u00bbon|desktop\u00bb]<\/p>\n<p><span style=\"font-size: 24px; color: #68c4d1;\"><strong>LEARNING &amp; BUSINESS GROWTH<\/strong><\/span><\/p>\n<p>[\/et_pb_text][et_pb_text _builder_version=\u00bb3.26.3&#8243; text_font=\u00bbUnivers||||||||\u00bb text_text_color=\u00bb#ffffff\u00bb text_line_height=\u00bb28px\u00bb custom_padding=\u00bb0px|||||\u00bb custom_padding_phone=\u00bb|10%||10%|false|false\u00bb custom_padding_last_edited=\u00bbon|phone\u00bb text_font_size_last_edited=\u00bbon|desktop\u00bb text_line_height_last_edited=\u00bbon|desktop\u00bb]<\/p>\n<p>C\u00f3mo el \u00e1rea de aprendizaje y desarrollo impulsa el crecimiento del negocio<\/p>\n<p>[\/et_pb_text][\/et_pb_column][et_pb_column type=\u00bb2_3&#8243; _builder_version=\u00bb4.3.2&#8243; border_width_left=\u00bb0px\u00bb border_radii_last_edited=\u00bbon|phone\u00bb][et_pb_text _builder_version=\u00bb3.26.3&#8243; text_font=\u00bbUnivers||||||||\u00bb text_text_color=\u00bb#ffffff\u00bb text_line_height=\u00bb28px\u00bb border_color_left=\u00bb#ffffff\u00bb custom_padding=\u00bb8px|||8%|false|false\u00bb custom_padding_phone=\u00bb|10%||10%|false|false\u00bb custom_padding_last_edited=\u00bbon|desktop\u00bb text_font_size_last_edited=\u00bbon|desktop\u00bb text_line_height_last_edited=\u00bbon|desktop\u00bb border_width_left_phone=\u00bb0px\u00bb border_width_left_last_edited=\u00bbon|desktop\u00bb]<\/p>\n<p><span style=\"color: #11d8d8;\"><strong>Jean-Fran\u00e7ois Forgeot, <\/strong><span style=\"color: #ffffff;\"><span style=\"color: rgba(255, 255, 255, 0.7);\">HR Director Iberia de<\/span> <strong>MONDELEZ<\/strong><\/span><strong><br \/><\/strong><\/span><span style=\"color: #11d8d8;\"><b>Mar Garre<\/b><\/span><span style=\"color: rgba(255, 255, 255, 0.75);\"><span style=\"color: #11d8d8;\"><strong>,<\/strong><\/span> Directora de Personas, Comunicaci\u00f3n y Sostenibilidad de\u00a0<\/span><strong>LINEA DIRECTA<br \/><span style=\"color: #11d8d8;\">Andrea Varela, <\/span><\/strong><span style=\"color: rgba(255, 255, 255, 0.75);\">Responsable de Formaci\u00f3n, Selecci\u00f3n y Talento de<\/span><strong> DOMUSVI<\/strong> <span style=\"color: #11d8d8;\"><br \/> <strong><\/strong><\/span><\/p>\n<p><span style=\"font-size: 18px;\">Modera <\/span><span style=\"font-size: 18px; color: #11d8d8;\"><b>Juan Ruiz del Portal<\/b><\/span><span style=\"font-size: 18px; color: rgba(255, 255, 255, 0.75);\">, Socio Director de<\/span><span style=\"font-size: 18px;\">\u00a0<\/span><b style=\"font-size: 18px;\">OVERLAP IBERIA<\/b><br \/><strong><\/strong><\/p>\n<p>[\/et_pb_text][\/et_pb_column][\/et_pb_row][et_pb_row column_structure=\u00bb1_3,2_3&#8243; custom_padding_phone=\u00bb||7%||false|false\u00bb make_equal=\u00bbon\u00bb custom_padding_last_edited=\u00bbon|phone\u00bb disabled_on=\u00bboff|off|off\u00bb _builder_version=\u00bb3.26.3&#8243; border_color_all=\u00bbrgba(17,216,216,0.4)\u00bb border_width_top=\u00bb2px\u00bb border_color_bottom=\u00bbrgba(255,255,255,0.5)\u00bb width_phone=\u00bb100%\u00bb width_last_edited=\u00bbon|phone\u00bb border_radii_last_edited=\u00bbon|phone\u00bb border_width_all_phone=\u00bb0px\u00bb border_width_all_last_edited=\u00bbon|phone\u00bb border_width_bottom_phone=\u00bb1px\u00bb border_width_bottom_last_edited=\u00bbon|phone\u00bb][et_pb_column type=\u00bb1_3&#8243; _builder_version=\u00bb4.3.2&#8243; custom_css_main_element=\u00bb\t||\u00bb][et_pb_text disabled_on=\u00bboff|off|off\u00bb _builder_version=\u00bb3.26.3&#8243; text_font=\u00bbUnivers LT 75 Black|800|||||||\u00bb text_text_color=\u00bb#ffffff\u00bb text_font_size=\u00bb26px\u00bb text_line_height=\u00bb42px\u00bb header_font=\u00bbUnivers LT 75 Black||||||||\u00bb custom_margin=\u00bb||||false|false\u00bb custom_margin_phone=\u00bb|||10%|false|false\u00bb custom_margin_last_edited=\u00bbon|desktop\u00bb text_font_size_phone=\u00bb28px\u00bb text_font_size_last_edited=\u00bbon|desktop\u00bb text_line_height_phone=\u00bb38px\u00bb text_line_height_last_edited=\u00bbon|phone\u00bb]<\/p>\n<p>13:00 &#8211; 13:30<\/p>\n<p>[\/et_pb_text][et_pb_text _builder_version=\u00bb3.26.3&#8243; text_font=\u00bbRubik|900|||||||\u00bb text_text_color=\u00bb#ffffff\u00bb text_line_height=\u00bb28px\u00bb custom_margin=\u00bb||5px|||\u00bb custom_padding=\u00bb0px||6px|||\u00bb custom_padding_phone=\u00bb|10%||10%|false|false\u00bb custom_padding_last_edited=\u00bbon|phone\u00bb text_font_size_last_edited=\u00bbon|desktop\u00bb text_line_height_last_edited=\u00bbon|desktop\u00bb]<\/p>\n<p><span style=\"font-size: 24px; color: #68c4d1;\"><strong>POWER SKILLS<\/strong><\/span><br \/> <span> <\/span><\/p>\n<p>[\/et_pb_text][et_pb_text _builder_version=\u00bb3.26.3&#8243; text_font=\u00bbUnivers||||||||\u00bb text_text_color=\u00bb#ffffff\u00bb text_line_height=\u00bb28px\u00bb custom_padding=\u00bb0px||6px|||\u00bb custom_padding_phone=\u00bb|10%||10%|false|false\u00bb custom_padding_last_edited=\u00bbon|phone\u00bb text_font_size_last_edited=\u00bbon|desktop\u00bb text_line_height_last_edited=\u00bbon|desktop\u00bb]<\/p>\n<p>C\u00f3mo anticiparse y potenciar hoy las habilidades del ma\u00f1ana<br \/> <span> <\/span><\/p>\n<p>[\/et_pb_text][\/et_pb_column][et_pb_column type=\u00bb2_3&#8243; _builder_version=\u00bb4.3.2&#8243; border_width_left=\u00bb0px\u00bb border_radii_last_edited=\u00bbon|phone\u00bb][et_pb_text _builder_version=\u00bb3.26.3&#8243; text_font=\u00bbUnivers||||||||\u00bb text_text_color=\u00bb#ffffff\u00bb text_line_height=\u00bb28px\u00bb border_color_left=\u00bb#ffffff\u00bb custom_padding=\u00bb|||8%|false|false\u00bb custom_padding_phone=\u00bb|10%||10%|false|false\u00bb custom_padding_last_edited=\u00bbon|desktop\u00bb text_font_size_last_edited=\u00bbon|desktop\u00bb text_line_height_last_edited=\u00bbon|desktop\u00bb border_width_left_phone=\u00bb0px\u00bb border_width_left_last_edited=\u00bbon|desktop\u00bb]<\/p>\n<p><span style=\"color: #11d8d8;\"><strong>Claudio Hern\u00e1ndez Olalla, <\/strong><span style=\"color: rgba(255, 255, 255, 0.7);\">L&amp;D Manager de <\/span><strong><span style=\"color: #ffffff;\">ISS FACILITY SERVICES ESPA\u00d1A<\/span><br \/> Isaac Orduna, <\/strong><span style=\"color: #ffffff;\"><span style=\"color: rgba(255, 255, 255, 0.7);\">Head of Talent de <\/span><strong>PREZERO<\/strong> <strong>ESPA\u00d1A<br \/> <span style=\"color: #11d8d8;\">Oscar Lao,<\/span> <\/strong><span style=\"color: rgba(255, 255, 255, 0.7);\">Jefe de Proyecto Talento de <\/span><strong>LEROY MERLIN ESPA\u00d1A<br \/><\/strong><\/span><\/span><\/p>\n<p class=\"p5\">Modera <span style=\"color: #11d8d8;\"><b>Miguel \u00c1ngel G\u00f3mez<\/b><\/span><span style=\"color: rgba(255, 255, 255, 0.75);\">, Chief Marketing and Sales Officer de <\/span> <span style=\"color: #ffffff;\"> <b>GRUPO HEDIMA CORPORATE L&amp;D<\/b><\/span><\/p>\n<p><span style=\"color: rgba(255, 255, 255, 0.75);\">\u00a0<\/span><\/p>\n<p>[\/et_pb_text][\/et_pb_column][\/et_pb_row][et_pb_row column_structure=\u00bb1_3,2_3&#8243; custom_padding_phone=\u00bb||7%||false|false\u00bb make_equal=\u00bbon\u00bb custom_padding_last_edited=\u00bbon|phone\u00bb disabled_on=\u00bboff|off|off\u00bb _builder_version=\u00bb3.26.3&#8243; border_width_top=\u00bb2px\u00bb border_color_top=\u00bbrgba(17,216,216,0.4)\u00bb border_color_bottom=\u00bbrgba(255,255,255,0.5)\u00bb width_phone=\u00bb100%\u00bb width_last_edited=\u00bbon|phone\u00bb border_radii_last_edited=\u00bbon|phone\u00bb border_width_all_phone=\u00bb0px\u00bb border_width_all_last_edited=\u00bbon|phone\u00bb border_width_bottom_phone=\u00bb1px\u00bb border_width_bottom_last_edited=\u00bbon|phone\u00bb][et_pb_column type=\u00bb1_3&#8243; _builder_version=\u00bb4.3.2&#8243; custom_css_main_element=\u00bb\t||\u00bb][et_pb_text disabled_on=\u00bboff|off|off\u00bb _builder_version=\u00bb3.26.3&#8243; text_font=\u00bbUnivers LT 75 Black|800|||||||\u00bb text_text_color=\u00bb#ffffff\u00bb text_font_size=\u00bb26px\u00bb text_line_height=\u00bb42px\u00bb header_font=\u00bbUnivers LT 75 Black||||||||\u00bb custom_margin=\u00bb||||false|false\u00bb custom_margin_phone=\u00bb|||10%|false|false\u00bb custom_margin_last_edited=\u00bbon|desktop\u00bb text_font_size_phone=\u00bb28px\u00bb text_font_size_last_edited=\u00bbon|desktop\u00bb text_line_height_phone=\u00bb38px\u00bb text_line_height_last_edited=\u00bbon|phone\u00bb]<\/p>\n<p>13:30 &#8211; 14:00<\/p>\n<p>[\/et_pb_text][et_pb_text _builder_version=\u00bb3.26.3&#8243; text_font=\u00bbRubik|900|||||||\u00bb text_text_color=\u00bb#ffffff\u00bb text_line_height=\u00bb28px\u00bb custom_margin=\u00bb||26px|||\u00bb custom_padding=\u00bb0px|||||\u00bb custom_padding_phone=\u00bb|10%||10%|false|false\u00bb custom_padding_last_edited=\u00bbon|phone\u00bb text_font_size_last_edited=\u00bbon|desktop\u00bb text_line_height_last_edited=\u00bbon|desktop\u00bb]<\/p>\n<p><span style=\"font-size: 24px; color: #68c4d1;\"><strong>SOCIAL LEARNING &amp; COLLABORATIVE INTELLIGENCE<\/strong><\/span><\/p>\n<p>[\/et_pb_text][et_pb_text _builder_version=\u00bb3.26.3&#8243; text_font=\u00bbUnivers||||||||\u00bb text_text_color=\u00bb#ffffff\u00bb text_line_height=\u00bb28px\u00bb custom_margin=\u00bb-17px|||||\u00bb custom_padding=\u00bb0px|||||\u00bb custom_padding_phone=\u00bb|10%||10%|false|false\u00bb custom_padding_last_edited=\u00bbon|phone\u00bb text_font_size_last_edited=\u00bbon|desktop\u00bb text_line_height_last_edited=\u00bbon|desktop\u00bb]<\/p>\n<p><span>Nuevas formas de interaccionar, comunicarse y compartir informaci\u00f3n<\/span><\/p>\n<p>[\/et_pb_text][\/et_pb_column][et_pb_column type=\u00bb2_3&#8243; _builder_version=\u00bb4.3.2&#8243; border_width_left=\u00bb0px\u00bb border_radii_last_edited=\u00bbon|phone\u00bb][et_pb_text _builder_version=\u00bb3.26.3&#8243; text_font=\u00bbUnivers||||||||\u00bb text_text_color=\u00bb#ffffff\u00bb text_line_height=\u00bb28px\u00bb border_color_left=\u00bb#ffffff\u00bb custom_padding=\u00bb|||8%|false|false\u00bb custom_padding_phone=\u00bb|10%||10%|false|false\u00bb custom_padding_last_edited=\u00bbon|desktop\u00bb text_font_size_last_edited=\u00bbon|desktop\u00bb text_line_height_last_edited=\u00bbon|desktop\u00bb border_width_left_phone=\u00bb0px\u00bb border_width_left_last_edited=\u00bbon|desktop\u00bb]<\/p>\n<p><span style=\"color: #ffffff;\"><b><span style=\"color: #11d8d8;\"><strong>Tom\u00e1s Manso<\/strong><\/span><span style=\"color: rgba(17, 216, 216, 0.75);\">, <\/span><\/b><span style=\"color: rgba(255, 255, 255, 0.75);\">Chief Learning Officer de<\/span><b> CORREOS<br \/> <span style=\"color: #11d8d8;\"><strong>Arantza Caja<\/strong><\/span><span style=\"color: rgba(17, 216, 216, 0.75);\">, <\/span><\/b><span style=\"color: rgba(255, 255, 255, 0.75);\">Global Head of Talent de<\/span><b> CELLNEX<br \/><span style=\"color: #11d8d8;\">Natalia Grijalba, <\/span><\/b><span style=\"color: rgba(255, 255, 255, 0.75);\">Head Of Learning and Development de<\/span><b><span> EY<\/span><\/b><b><br \/><\/b><\/span><\/p>\n<p><span style=\"font-size: 18px;\">Modera <\/span><span style=\"font-size: 18px; color: #11d8d8;\"><b>Javier Mart\u00edn, <\/b><span style=\"color: rgba(255, 255, 255, 0.75);\">Director de Talento de\u00a0<span style=\"color: #ffffff;\"><strong>RANDSTAD<\/strong><\/span><\/span><\/span><\/p>\n<p class=\"p5\"><span style=\"color: #ffffff;\"><\/span><\/p>\n<p>[\/et_pb_text][\/et_pb_column][\/et_pb_row][et_pb_row column_structure=\u00bb1_3,2_3&#8243; custom_padding_phone=\u00bb||7%||false|false\u00bb make_equal=\u00bbon\u00bb custom_padding_last_edited=\u00bbon|phone\u00bb disabled_on=\u00bboff|off|off\u00bb _builder_version=\u00bb3.26.3&#8243; border_width_top=\u00bb2px\u00bb border_color_top=\u00bbrgba(17,216,216,0.4)\u00bb border_color_bottom=\u00bbrgba(255,255,255,0.5)\u00bb width_phone=\u00bb100%\u00bb width_last_edited=\u00bbon|phone\u00bb border_radii_last_edited=\u00bbon|phone\u00bb border_width_all_phone=\u00bb0px\u00bb border_width_all_last_edited=\u00bbon|phone\u00bb border_width_bottom_phone=\u00bb1px\u00bb border_width_bottom_last_edited=\u00bbon|phone\u00bb][et_pb_column type=\u00bb1_3&#8243; _builder_version=\u00bb4.3.2&#8243; custom_css_main_element=\u00bb\t||\u00bb][et_pb_text disabled_on=\u00bboff|off|off\u00bb _builder_version=\u00bb3.26.3&#8243; text_font=\u00bbUnivers LT 75 Black|800|||||||\u00bb text_text_color=\u00bb#ffffff\u00bb text_font_size=\u00bb26px\u00bb text_line_height=\u00bb42px\u00bb header_font=\u00bbUnivers LT 75 Black||||||||\u00bb custom_margin=\u00bb||||false|false\u00bb custom_margin_phone=\u00bb|||10%|false|false\u00bb custom_margin_last_edited=\u00bbon|desktop\u00bb text_font_size_phone=\u00bb28px\u00bb text_font_size_last_edited=\u00bbon|desktop\u00bb text_line_height_phone=\u00bb38px\u00bb text_line_height_last_edited=\u00bbon|phone\u00bb]<\/p>\n<p>14:00 &#8211; 14:20<\/p>\n<p>[\/et_pb_text][et_pb_text _builder_version=\u00bb3.26.3&#8243; text_font=\u00bbRubik|900|||||||\u00bb text_text_color=\u00bb#ffffff\u00bb text_line_height=\u00bb28px\u00bb custom_margin=\u00bb||26px|||\u00bb custom_padding=\u00bb0px|||||\u00bb custom_padding_phone=\u00bb|10%||10%|false|false\u00bb custom_padding_last_edited=\u00bbon|phone\u00bb text_font_size_last_edited=\u00bbon|desktop\u00bb text_line_height_last_edited=\u00bbon|desktop\u00bb]<\/p>\n<p><span style=\"font-size: 24px; color: #68c4d1;\"><strong>TRANSFORMATIVE LEARNING<\/strong><\/span><\/p>\n<p>[\/et_pb_text][et_pb_text _builder_version=\u00bb3.26.3&#8243; text_font=\u00bbUnivers||||||||\u00bb text_text_color=\u00bb#ffffff\u00bb text_line_height=\u00bb28px\u00bb custom_margin=\u00bb-17px|||||\u00bb custom_padding=\u00bb0px|||||\u00bb custom_padding_phone=\u00bb|10%||10%|false|false\u00bb custom_padding_last_edited=\u00bbon|phone\u00bb text_font_size_last_edited=\u00bbon|desktop\u00bb text_line_height_last_edited=\u00bbon|desktop\u00bb]<\/p>\n<p>C\u00f3mo crear un modelo de aprendizaje eficaz ante los retos que vienen<\/p>\n<p>[\/et_pb_text][\/et_pb_column][et_pb_column type=\u00bb2_3&#8243; _builder_version=\u00bb4.3.2&#8243; border_width_left=\u00bb0px\u00bb border_radii_last_edited=\u00bbon|phone\u00bb][et_pb_text _builder_version=\u00bb3.26.3&#8243; text_font=\u00bbUnivers||||||||\u00bb text_text_color=\u00bb#ffffff\u00bb text_line_height=\u00bb28px\u00bb border_color_left=\u00bb#ffffff\u00bb custom_padding=\u00bb|||8%|false|false\u00bb custom_padding_phone=\u00bb|10%||10%|false|false\u00bb custom_padding_last_edited=\u00bbon|desktop\u00bb text_font_size_last_edited=\u00bbon|desktop\u00bb text_line_height_last_edited=\u00bbon|desktop\u00bb border_width_left_phone=\u00bb0px\u00bb border_width_left_last_edited=\u00bbon|desktop\u00bb]<\/p>\n<p><span style=\"color: #ffffff;\"><b><span style=\"color: #11d8d8;\"><strong>Mar Romero<\/strong><\/span><span style=\"color: rgba(17, 216, 216, 0.75);\">, <\/span><\/b><span style=\"color: rgba(255, 255, 255, 0.75);\">People Director Europe de<\/span><b> ALSEA (STARBUCKS, BURGER KING&#8230;)<br \/><\/b><\/span><span style=\"color: #ffffff;\"><b><br \/><\/b><b><\/b><\/span><span style=\"font-size: 18px;\">Modera <\/span><span style=\"font-size: 18px; color: #11d8d8;\"><b>Enrique Benayas, <\/b><span style=\"color: rgba(255, 255, 255, 0.75);\">Director ESIC Corporate Education y Director General Instituto de Innovaci\u00f3n de <strong><span style=\"color: #ffffff;\">ESIC<\/span><\/strong><\/span><\/span><\/p>\n<p class=\"p5\"><span style=\"color: #ffffff;\"><\/span><\/p>\n<p>[\/et_pb_text][\/et_pb_column][\/et_pb_row][et_pb_row column_structure=\u00bb1_3,2_3&#8243; custom_padding_phone=\u00bb||7%||false|false\u00bb make_equal=\u00bbon\u00bb custom_padding_last_edited=\u00bbon|phone\u00bb disabled_on=\u00bboff|off|off\u00bb _builder_version=\u00bb3.26.3&#8243; border_width_top=\u00bb2px\u00bb border_color_top=\u00bbrgba(17,216,216,0.4)\u00bb border_color_bottom=\u00bbrgba(255,255,255,0.5)\u00bb width_phone=\u00bb100%\u00bb width_last_edited=\u00bbon|phone\u00bb border_radii_last_edited=\u00bbon|phone\u00bb border_width_all_phone=\u00bb0px\u00bb border_width_all_last_edited=\u00bbon|phone\u00bb border_width_bottom_phone=\u00bb1px\u00bb border_width_bottom_last_edited=\u00bbon|phone\u00bb][et_pb_column type=\u00bb1_3&#8243; _builder_version=\u00bb4.3.2&#8243; custom_css_main_element=\u00bb\t||\u00bb][et_pb_text disabled_on=\u00bboff|off|off\u00bb _builder_version=\u00bb3.26.3&#8243; text_font=\u00bbUnivers LT 75 Black|800|||||||\u00bb text_text_color=\u00bb#ffffff\u00bb text_font_size=\u00bb26px\u00bb text_line_height=\u00bb42px\u00bb header_font=\u00bbUnivers LT 75 Black||||||||\u00bb custom_margin=\u00bb||||false|false\u00bb custom_margin_phone=\u00bb|||10%|false|false\u00bb custom_margin_last_edited=\u00bbon|desktop\u00bb text_font_size_phone=\u00bb28px\u00bb text_font_size_last_edited=\u00bbon|desktop\u00bb text_line_height_phone=\u00bb38px\u00bb text_line_height_last_edited=\u00bbon|phone\u00bb]<\/p>\n<p>14:20 &#8211; 15:30<\/p>\n<p>[\/et_pb_text][\/et_pb_column][et_pb_column type=\u00bb2_3&#8243; _builder_version=\u00bb4.3.2&#8243; border_width_left=\u00bb0px\u00bb border_radii_last_edited=\u00bbon|phone\u00bb][et_pb_text _builder_version=\u00bb3.26.3&#8243; text_font=\u00bbUnivers||||||||\u00bb text_text_color=\u00bb#ffffff\u00bb text_line_height=\u00bb28px\u00bb border_color_left=\u00bb#ffffff\u00bb custom_padding=\u00bb|||8%|false|false\u00bb custom_padding_phone=\u00bb|10%||10%|false|false\u00bb custom_padding_last_edited=\u00bbon|desktop\u00bb text_font_size_last_edited=\u00bbon|desktop\u00bb text_line_height_last_edited=\u00bbon|desktop\u00bb border_width_left_phone=\u00bb0px\u00bb border_width_left_last_edited=\u00bbon|desktop\u00bb]<\/p>\n<p><span style=\"color: #11d8d8; font-size: xx-large;\"><strong>COCKTAIL<\/strong><\/span><strong><br \/><\/strong><\/p>\n<p>&nbsp;<\/p>\n<p>[\/et_pb_text][\/et_pb_column][\/et_pb_row][et_pb_row column_structure=\u00bb1_3,2_3&#8243; custom_padding_phone=\u00bb||7%||false|false\u00bb make_equal=\u00bbon\u00bb custom_padding_last_edited=\u00bbon|phone\u00bb disabled_on=\u00bboff|off|off\u00bb _builder_version=\u00bb3.26.3&#8243; border_width_top=\u00bb2px\u00bb border_color_top=\u00bbrgba(17,216,216,0.4)\u00bb border_color_bottom=\u00bbrgba(255,255,255,0.5)\u00bb width_phone=\u00bb100%\u00bb width_last_edited=\u00bbon|phone\u00bb border_radii_last_edited=\u00bbon|phone\u00bb border_width_all_phone=\u00bb0px\u00bb border_width_all_last_edited=\u00bbon|phone\u00bb border_width_bottom_phone=\u00bb1px\u00bb border_width_bottom_last_edited=\u00bbon|phone\u00bb][et_pb_column type=\u00bb1_3&#8243; _builder_version=\u00bb4.3.2&#8243; custom_css_main_element=\u00bb\t||\u00bb][et_pb_text disabled_on=\u00bboff|off|off\u00bb _builder_version=\u00bb3.26.3&#8243; text_font=\u00bbUnivers LT 75 Black|800|||||||\u00bb text_text_color=\u00bb#ffffff\u00bb text_font_size=\u00bb26px\u00bb text_line_height=\u00bb42px\u00bb header_font=\u00bbUnivers LT 75 Black||||||||\u00bb custom_margin=\u00bb||||false|false\u00bb custom_margin_phone=\u00bb|||10%|false|false\u00bb custom_margin_last_edited=\u00bbon|desktop\u00bb text_font_size_phone=\u00bb28px\u00bb text_font_size_last_edited=\u00bbon|desktop\u00bb text_line_height_phone=\u00bb38px\u00bb text_line_height_last_edited=\u00bbon|phone\u00bb]<\/p>\n<p>15:30 &#8211; 16:00<\/p>\n<p>[\/et_pb_text][et_pb_text _builder_version=\u00bb3.26.3&#8243; text_font=\u00bbRubik|900|||||||\u00bb text_text_color=\u00bb#ffffff\u00bb text_line_height=\u00bb28px\u00bb custom_padding=\u00bb0px|||||\u00bb custom_padding_phone=\u00bb|10%||10%|false|false\u00bb custom_padding_last_edited=\u00bbon|phone\u00bb text_font_size_last_edited=\u00bbon|desktop\u00bb text_line_height_last_edited=\u00bbon|desktop\u00bb]<\/p>\n<p><span style=\"font-size: 24px; color: #68c4d1;\"><strong>INNOVATION &amp; GAMIFICATION OF LEARNING\u2028<\/strong><\/span><\/p>\n<p>[\/et_pb_text][et_pb_text _builder_version=\u00bb3.26.3&#8243; text_font=\u00bbUnivers||||||||\u00bb text_text_color=\u00bb#ffffff\u00bb text_line_height=\u00bb28px\u00bb custom_margin=\u00bb-17px|||||\u00bb custom_padding=\u00bb0px|||||\u00bb custom_padding_phone=\u00bb|10%||10%|false|false\u00bb custom_padding_last_edited=\u00bbon|phone\u00bb text_font_size_last_edited=\u00bbon|desktop\u00bb text_line_height_last_edited=\u00bbon|desktop\u00bb]<\/p>\n<p>La gamificaci\u00f3n como palanca para el desarrollo y crecimiento de los equipos<\/p>\n<p>[\/et_pb_text][\/et_pb_column][et_pb_column type=\u00bb2_3&#8243; _builder_version=\u00bb4.3.2&#8243; border_width_left=\u00bb0px\u00bb border_radii_last_edited=\u00bbon|phone\u00bb][et_pb_text _builder_version=\u00bb3.26.3&#8243; text_font=\u00bbUnivers||||||||\u00bb text_text_color=\u00bb#ffffff\u00bb text_line_height=\u00bb28px\u00bb border_color_left=\u00bb#ffffff\u00bb custom_padding=\u00bb|||8%|false|false\u00bb custom_padding_phone=\u00bb|10%||10%|false|false\u00bb custom_padding_last_edited=\u00bbon|desktop\u00bb text_font_size_last_edited=\u00bbon|desktop\u00bb text_line_height_last_edited=\u00bbon|desktop\u00bb border_width_left_phone=\u00bb0px\u00bb border_width_left_last_edited=\u00bbon|desktop\u00bb]<\/p>\n<p><span style=\"color: #11d8d8;\"><strong>Katia Mu\u00f1oz, <\/strong><span style=\"color: #ffffff;\"><span style=\"color: rgba(255, 255, 255, 0.7);\">Responsable de Gesti\u00f3n de Conocimiento y Experiencia de Empleado de<\/span> <strong>INDRA<br \/><\/strong><\/span><strong>Almudena Casas<\/strong><\/span>, <span style=\"color: rgba(255, 255, 255, 0.7);\">Senior Manager Learning&amp;Development EMEA de<\/span> <strong>MARRIOTT<\/strong> <strong>INTERNATIONAL HOTELS<\/strong><strong><br \/><\/strong><\/p>\n<p><strong>Modera <span style=\"color: #11d8d8;\"><b>Gonzalo Guirao Sagi-Vela, <\/b><\/span><\/strong><span style=\"color: #11d8d8;\"><span style=\"color: #ffffff;\"><span style=\"color: rgba(255, 255, 255, 0.7);\">Director de Soluci\u00f3n de<\/span> <strong>NETEX LEARNING<\/strong><\/span><\/span><\/p>\n<p>[\/et_pb_text][\/et_pb_column][\/et_pb_row][et_pb_row column_structure=\u00bb1_3,2_3&#8243; custom_padding_phone=\u00bb||7%||false|false\u00bb make_equal=\u00bbon\u00bb custom_padding_last_edited=\u00bbon|phone\u00bb disabled_on=\u00bboff|off|off\u00bb _builder_version=\u00bb3.26.3&#8243; border_width_top=\u00bb2px\u00bb border_color_top=\u00bbrgba(17,216,216,0.4)\u00bb border_color_bottom=\u00bbrgba(255,255,255,0.5)\u00bb width_phone=\u00bb100%\u00bb width_last_edited=\u00bbon|phone\u00bb border_radii_last_edited=\u00bbon|phone\u00bb border_width_all_phone=\u00bb0px\u00bb border_width_all_last_edited=\u00bbon|phone\u00bb border_width_bottom_phone=\u00bb1px\u00bb border_width_bottom_last_edited=\u00bbon|phone\u00bb][et_pb_column type=\u00bb1_3&#8243; _builder_version=\u00bb4.3.2&#8243; custom_css_main_element=\u00bb\t||\u00bb][et_pb_text disabled_on=\u00bboff|off|off\u00bb _builder_version=\u00bb3.26.3&#8243; text_font=\u00bbUnivers LT 75 Black|800|||||||\u00bb text_text_color=\u00bb#ffffff\u00bb text_font_size=\u00bb26px\u00bb text_line_height=\u00bb42px\u00bb header_font=\u00bbUnivers LT 75 Black||||||||\u00bb custom_margin=\u00bb||||false|false\u00bb custom_margin_phone=\u00bb|||10%|false|false\u00bb custom_margin_last_edited=\u00bbon|desktop\u00bb text_font_size_phone=\u00bb28px\u00bb text_font_size_last_edited=\u00bbon|desktop\u00bb text_line_height_phone=\u00bb38px\u00bb text_line_height_last_edited=\u00bbon|phone\u00bb]<\/p>\n<p>16:00 &#8211; 16:30<\/p>\n<p>[\/et_pb_text][et_pb_text _builder_version=\u00bb3.26.3&#8243; text_font=\u00bbRubik|900|||||||\u00bb text_text_color=\u00bb#ffffff\u00bb text_line_height=\u00bb28px\u00bb custom_margin=\u00bb||8px|||\u00bb custom_padding=\u00bb0px|||||\u00bb custom_padding_phone=\u00bb|10%||10%|false|false\u00bb custom_padding_last_edited=\u00bbon|phone\u00bb text_font_size_last_edited=\u00bbon|desktop\u00bb text_line_height_last_edited=\u00bbon|desktop\u00bb]<\/p>\n<p><span style=\"font-size: 24px; color: #68c4d1;\"><strong>INNOVATIVE DEVELOPMENT EXPERIENCES<\/strong><\/span><\/p>\n<p>[\/et_pb_text][et_pb_text _builder_version=\u00bb3.26.3&#8243; text_font=\u00bbUnivers||||||||\u00bb text_text_color=\u00bb#ffffff\u00bb text_line_height=\u00bb28px\u00bb custom_padding=\u00bb0px|||||\u00bb custom_padding_phone=\u00bb|10%||10%|false|false\u00bb custom_padding_last_edited=\u00bbon|phone\u00bb text_font_size_last_edited=\u00bbon|desktop\u00bb text_line_height_last_edited=\u00bbon|desktop\u00bb]<\/p>\n<p>Impulsando el desarrollo de los empleados a trav\u00e9s de experiencias inmersivas y disruptivas<\/p>\n<p>[\/et_pb_text][\/et_pb_column][et_pb_column type=\u00bb2_3&#8243; _builder_version=\u00bb4.3.2&#8243; border_width_left=\u00bb0px\u00bb border_radii_last_edited=\u00bbon|phone\u00bb][et_pb_text _builder_version=\u00bb3.26.3&#8243; text_font=\u00bbUnivers||||||||\u00bb text_text_color=\u00bb#ffffff\u00bb text_line_height=\u00bb28px\u00bb border_color_left=\u00bb#ffffff\u00bb custom_padding=\u00bb||49px|8%|false|false\u00bb custom_padding_phone=\u00bb|10%||10%|false|false\u00bb custom_padding_last_edited=\u00bbon|desktop\u00bb text_font_size_last_edited=\u00bbon|desktop\u00bb text_line_height_last_edited=\u00bbon|desktop\u00bb border_width_left_phone=\u00bb0px\u00bb border_width_left_last_edited=\u00bbon|desktop\u00bb]<\/p>\n<p><span style=\"color: #11d8d8;\"><strong>Marta del Mazo, <\/strong><span style=\"color: rgba(255, 255, 255, 0.71);\">Learning &amp; Training Sr. Manager de<\/span> <strong><span style=\"color: #ffffff;\">REPSOL<\/span><br \/>Esther Estepa, <\/strong><span style=\"color: #ffffff;\"><span style=\"color: rgba(255, 255, 255, 0.7);\">Directora Corporativa de Talento y Experiencia de Empleado de<\/span> <strong>QUIRON<br \/><span style=\"color: #11d8d8;\">Paula Rodrigo,<\/span> <\/strong><span style=\"color: rgba(255, 255, 255, 0.7);\">directora global de People &amp; Talent de<\/span><strong> GRUPO VASS<br \/><\/strong><\/span><\/span><strong><span style=\"color: #ffffff;\"><\/span><\/strong><\/p>\n<p><span style=\"color: #11d8d8;\"><span style=\"color: #ffffff;\"><strong>Modera <\/strong><\/span><strong><b>Antonio Hern\u00e1ndez-Briz, <\/b><\/strong><\/span><span style=\"color: rgba(255, 255, 255, 0.7);\">Enterprise Transformation Consultant de<\/span> <strong>COACH HUB<\/strong><\/p>\n<p>[\/et_pb_text][\/et_pb_column][\/et_pb_row][et_pb_row column_structure=\u00bb1_3,2_3&#8243; custom_padding_phone=\u00bb||7%||false|false\u00bb make_equal=\u00bbon\u00bb custom_padding_last_edited=\u00bbon|phone\u00bb disabled_on=\u00bboff|off|off\u00bb _builder_version=\u00bb3.26.3&#8243; border_width_top=\u00bb2px\u00bb border_color_top=\u00bbrgba(17,216,216,0.4)\u00bb border_color_bottom=\u00bbrgba(255,255,255,0.5)\u00bb width_phone=\u00bb100%\u00bb width_last_edited=\u00bbon|phone\u00bb border_radii_last_edited=\u00bbon|phone\u00bb border_width_all_phone=\u00bb0px\u00bb border_width_all_last_edited=\u00bbon|phone\u00bb border_width_bottom_phone=\u00bb1px\u00bb border_width_bottom_last_edited=\u00bbon|phone\u00bb][et_pb_column type=\u00bb1_3&#8243; _builder_version=\u00bb4.3.2&#8243; custom_css_main_element=\u00bb\t||\u00bb][et_pb_text disabled_on=\u00bboff|off|off\u00bb _builder_version=\u00bb3.26.3&#8243; text_font=\u00bbUnivers LT 75 Black|800|||||||\u00bb text_text_color=\u00bb#ffffff\u00bb text_font_size=\u00bb26px\u00bb text_line_height=\u00bb42px\u00bb header_font=\u00bbUnivers LT 75 Black||||||||\u00bb custom_margin=\u00bb||||false|false\u00bb custom_margin_phone=\u00bb|||10%|false|false\u00bb custom_margin_last_edited=\u00bbon|desktop\u00bb text_font_size_phone=\u00bb28px\u00bb text_font_size_last_edited=\u00bbon|desktop\u00bb text_line_height_phone=\u00bb38px\u00bb text_line_height_last_edited=\u00bbon|phone\u00bb]<\/p>\n<p>16:30 &#8211; 17:00<\/p>\n<p>[\/et_pb_text][et_pb_text _builder_version=\u00bb3.26.3&#8243; text_font=\u00bbRubik|900|||||||\u00bb text_text_color=\u00bb#ffffff\u00bb text_line_height=\u00bb28px\u00bb custom_padding=\u00bb0px|||||\u00bb custom_padding_phone=\u00bb|10%||10%|false|false\u00bb custom_padding_last_edited=\u00bbon|phone\u00bb text_font_size_last_edited=\u00bbon|desktop\u00bb text_line_height_last_edited=\u00bbon|desktop\u00bb]<\/p>\n<p><span style=\"font-size: 24px; color: #68c4d1;\"><strong>UPSKILLING &amp; LIFE LONG LEARNING<\/strong><\/span><\/p>\n<p>[\/et_pb_text][\/et_pb_column][et_pb_column type=\u00bb2_3&#8243; _builder_version=\u00bb4.3.2&#8243; border_width_left=\u00bb0px\u00bb border_radii_last_edited=\u00bbon|phone\u00bb][et_pb_text _builder_version=\u00bb3.26.3&#8243; text_font=\u00bbUnivers||||||||\u00bb text_text_color=\u00bb#ffffff\u00bb text_line_height=\u00bb28px\u00bb border_color_left=\u00bb#ffffff\u00bb custom_padding=\u00bb|||8%|false|false\u00bb custom_padding_phone=\u00bb|10%||10%|false|false\u00bb custom_padding_last_edited=\u00bbon|desktop\u00bb text_font_size_last_edited=\u00bbon|desktop\u00bb text_line_height_last_edited=\u00bbon|desktop\u00bb border_width_left_phone=\u00bb0px\u00bb border_width_left_last_edited=\u00bbon|desktop\u00bb]<\/p>\n<p><span><strong><span style=\"color: #11d8d8;\">Gema G\u00f3ngora,<\/span> <\/strong><span style=\"color: rgba(255, 255, 255, 0.7);\">Directora de Planificaci\u00f3n Estrat\u00e9gica y Proyectos de Talento de <\/span><strong>IBERDROLA<\/strong><strong><br \/><span style=\"color: #11d8d8;\">Silvia Ciurana<\/span>, <\/strong><span style=\"color: rgba(255, 255, 255, 0.7);\">Directora de Cultura y Desarrollo de <\/span><strong>GRUPO CAIXABANK<\/strong><strong><br \/><\/strong><\/span><\/p>\n<p><span style=\"color: #11d8d8;\"><strong><span style=\"color: #f2f2f2;\">Modera<\/span> Alex Cobos, <\/strong><\/span><span><span style=\"color: rgba(255, 255, 255, 0.7);\">Customer Success Manager de<\/span> <strong>COURSERA<\/strong><\/span><\/p>\n<p>[\/et_pb_text][\/et_pb_column][\/et_pb_row][et_pb_row column_structure=\u00bb1_3,2_3&#8243; custom_padding_phone=\u00bb||7%||false|false\u00bb make_equal=\u00bbon\u00bb custom_padding_last_edited=\u00bbon|phone\u00bb disabled_on=\u00bboff|off|off\u00bb _builder_version=\u00bb3.26.3&#8243; border_width_top=\u00bb2px\u00bb border_color_top=\u00bbrgba(17,216,216,0.4)\u00bb border_color_bottom=\u00bbrgba(255,255,255,0.5)\u00bb width_phone=\u00bb100%\u00bb width_last_edited=\u00bbon|phone\u00bb border_radii_last_edited=\u00bbon|phone\u00bb border_width_all_phone=\u00bb0px\u00bb border_width_all_last_edited=\u00bbon|phone\u00bb border_width_bottom_phone=\u00bb1px\u00bb border_width_bottom_last_edited=\u00bbon|phone\u00bb][et_pb_column type=\u00bb1_3&#8243; _builder_version=\u00bb4.3.2&#8243; custom_css_main_element=\u00bb\t||\u00bb][et_pb_text disabled_on=\u00bboff|off|off\u00bb _builder_version=\u00bb3.26.3&#8243; text_font=\u00bbUnivers LT 75 Black|800|||||||\u00bb text_text_color=\u00bb#ffffff\u00bb text_font_size=\u00bb26px\u00bb text_line_height=\u00bb42px\u00bb header_font=\u00bbUnivers LT 75 Black||||||||\u00bb custom_margin=\u00bb||||false|false\u00bb custom_margin_phone=\u00bb|||10%|false|false\u00bb custom_margin_last_edited=\u00bbon|desktop\u00bb text_font_size_phone=\u00bb28px\u00bb text_font_size_last_edited=\u00bbon|desktop\u00bb text_line_height_phone=\u00bb38px\u00bb text_line_height_last_edited=\u00bbon|phone\u00bb]<\/p>\n<p>17:00 &#8211; 17:30<\/p>\n<p>[\/et_pb_text][et_pb_text _builder_version=\u00bb3.26.3&#8243; text_font=\u00bbRubik|900|||||||\u00bb text_text_color=\u00bb#ffffff\u00bb text_line_height=\u00bb28px\u00bb custom_margin=\u00bb||11px|||\u00bb custom_padding=\u00bb0px|||||\u00bb custom_padding_phone=\u00bb|10%||10%|false|false\u00bb custom_padding_last_edited=\u00bbon|phone\u00bb text_font_size_last_edited=\u00bbon|desktop\u00bb text_line_height_last_edited=\u00bbon|desktop\u00bb]<\/p>\n<p><span style=\"font-size: 24px; color: #68c4d1;\"><strong>INSPIRING TECH PEOPLE<br \/><\/strong><\/span><\/p>\n<p>[\/et_pb_text][et_pb_text _builder_version=\u00bb3.26.3&#8243; text_font=\u00bbUnivers||||||||\u00bb text_text_color=\u00bb#ffffff\u00bb text_line_height=\u00bb28px\u00bb custom_padding=\u00bb0px|||||\u00bb custom_padding_phone=\u00bb|10%||10%|false|false\u00bb custom_padding_last_edited=\u00bbon|phone\u00bb text_font_size_last_edited=\u00bbon|desktop\u00bb text_line_height_last_edited=\u00bbon|desktop\u00bb]<\/p>\n<p>Las soft skills marcan la diferencia<\/p>\n<p>[\/et_pb_text][\/et_pb_column][et_pb_column type=\u00bb2_3&#8243; _builder_version=\u00bb4.3.2&#8243; border_width_left=\u00bb0px\u00bb border_radii_last_edited=\u00bbon|phone\u00bb][et_pb_text _builder_version=\u00bb3.26.3&#8243; text_font=\u00bbUnivers||||||||\u00bb text_text_color=\u00bb#ffffff\u00bb text_line_height=\u00bb28px\u00bb border_color_left=\u00bb#ffffff\u00bb custom_padding=\u00bb|||8%|false|false\u00bb custom_padding_phone=\u00bb|10%||10%|false|false\u00bb custom_padding_last_edited=\u00bbon|desktop\u00bb text_font_size_last_edited=\u00bbon|desktop\u00bb text_line_height_last_edited=\u00bbon|desktop\u00bb border_width_left_phone=\u00bb0px\u00bb border_width_left_last_edited=\u00bbon|desktop\u00bb]<\/p>\n<p><span style=\"color: #11d8d8;\"><strong>Federico Gonz\u00e1lez, <\/strong><span style=\"color: #ffffff;\"><span style=\"color: rgba(255, 255, 255, 0.7);\"><span>Director de Organizaci\u00f3n y Recursos Humanos- IT&amp; OPS- de<\/span><\/span>\u00a0<strong>BANCO SABADELL<\/strong><\/span><strong><br \/> Andr\u00e9s Escudero, <\/strong><span style=\"color: #ffffff;\"><span style=\"color: rgba(255, 255, 255, 0.69);\">Manager Corporate University de<\/span> <strong>NTT DATA<br \/> <span style=\"color: #11d8d8;\">Marieta Ramos<\/span>, <\/strong><span style=\"color: rgba(255, 255, 255, 0.69);\">Head of IT de<\/span><strong> BOEHRINGER INGELHEIM<br \/> <span style=\"color: #11d8d8;\">Diana Cubero,<\/span> <\/strong><span style=\"color: rgba(255, 255, 255, 0.69);\">Talent &amp; People EX Manager de<\/span><strong> KIABI<br \/> <\/strong><\/span><\/span><\/p>\n<p><strong>Modera <span style=\"color: #11d8d8;\">M\u00f3nica G\u00e1lvez<\/span>, <\/strong><span style=\"color: #11d8d8;\"><span style=\"color: #ffffff;\"><span style=\"color: rgba(255, 255, 255, 0.7);\">Directora de Contenidos de<\/span> <strong>CUSTOMMEDIA<\/strong><\/span><\/span><\/p>\n<p>[\/et_pb_text][\/et_pb_column][\/et_pb_row][et_pb_row column_structure=\u00bb1_3,2_3&#8243; custom_padding_phone=\u00bb||7%||false|false\u00bb make_equal=\u00bbon\u00bb custom_padding_last_edited=\u00bbon|phone\u00bb disabled_on=\u00bboff|off|off\u00bb _builder_version=\u00bb3.26.3&#8243; border_width_top=\u00bb2px\u00bb border_color_top=\u00bbrgba(17,216,216,0.4)\u00bb border_color_bottom=\u00bbrgba(255,255,255,0.5)\u00bb width_phone=\u00bb100%\u00bb width_last_edited=\u00bbon|phone\u00bb border_radii_last_edited=\u00bbon|phone\u00bb border_width_all_phone=\u00bb0px\u00bb border_width_all_last_edited=\u00bbon|phone\u00bb border_width_bottom_phone=\u00bb1px\u00bb border_width_bottom_last_edited=\u00bbon|phone\u00bb][et_pb_column type=\u00bb1_3&#8243; _builder_version=\u00bb4.3.2&#8243; custom_css_main_element=\u00bb\t||\u00bb][et_pb_text disabled_on=\u00bboff|off|off\u00bb _builder_version=\u00bb3.26.3&#8243; text_font=\u00bbUnivers LT 75 Black|800|||||||\u00bb text_text_color=\u00bb#ffffff\u00bb text_font_size=\u00bb26px\u00bb text_line_height=\u00bb42px\u00bb header_font=\u00bbUnivers LT 75 Black||||||||\u00bb custom_margin=\u00bb||||false|false\u00bb custom_margin_phone=\u00bb|||10%|false|false\u00bb custom_margin_last_edited=\u00bbon|desktop\u00bb text_font_size_phone=\u00bb28px\u00bb text_font_size_last_edited=\u00bbon|desktop\u00bb text_line_height_phone=\u00bb38px\u00bb text_line_height_last_edited=\u00bbon|phone\u00bb]<\/p>\n<p>17:30 &#8211; 18:00<\/p>\n<p>[\/et_pb_text][et_pb_text _builder_version=\u00bb3.26.3&#8243; text_font=\u00bbRubik|900|||||||\u00bb text_text_color=\u00bb#ffffff\u00bb text_line_height=\u00bb28px\u00bb custom_margin=\u00bb||11px|||\u00bb custom_padding=\u00bb0px|||||\u00bb custom_padding_phone=\u00bb|10%||10%|false|false\u00bb custom_padding_last_edited=\u00bbon|phone\u00bb text_font_size_last_edited=\u00bbon|desktop\u00bb text_line_height_last_edited=\u00bbon|desktop\u00bb]<\/p>\n<p><span style=\"font-size: 24px; color: #68c4d1;\"><strong>CROSS LEARNING<\/strong><\/span><\/p>\n<p>[\/et_pb_text][et_pb_text _builder_version=\u00bb3.26.3&#8243; text_font=\u00bbUnivers||||||||\u00bb text_text_color=\u00bb#ffffff\u00bb text_line_height=\u00bb28px\u00bb custom_padding=\u00bb0px|||||\u00bb custom_padding_phone=\u00bb|10%||10%|false|false\u00bb custom_padding_last_edited=\u00bbon|phone\u00bb text_font_size_last_edited=\u00bbon|desktop\u00bb text_line_height_last_edited=\u00bbon|desktop\u00bb]<\/p>\n<p>C\u00f3mo llevar la formaci\u00f3n de los trabajadores al siguiente nivel<\/p>\n<p>[\/et_pb_text][\/et_pb_column][et_pb_column type=\u00bb2_3&#8243; _builder_version=\u00bb4.3.2&#8243; border_width_left=\u00bb0px\u00bb border_radii_last_edited=\u00bbon|phone\u00bb][et_pb_text _builder_version=\u00bb3.26.3&#8243; text_font=\u00bbUnivers||||||||\u00bb text_text_color=\u00bb#ffffff\u00bb text_line_height=\u00bb28px\u00bb border_color_left=\u00bb#ffffff\u00bb custom_padding=\u00bb|||8%|false|false\u00bb custom_padding_phone=\u00bb|10%||10%|false|false\u00bb custom_padding_last_edited=\u00bbon|desktop\u00bb text_font_size_last_edited=\u00bbon|desktop\u00bb text_line_height_last_edited=\u00bbon|desktop\u00bb border_width_left_phone=\u00bb0px\u00bb border_width_left_last_edited=\u00bbon|desktop\u00bb]<\/p>\n<p><span style=\"color: #11d8d8;\"><strong>Eva Diaz-Maroto<\/strong><\/span>, <span style=\"color: rgba(255, 255, 255, 0.7);\">Directora de formaci\u00f3n y desarrollo de<\/span> <strong>COFARES<br \/><span style=\"color: #11d8d8;\">Mar\u00eda Mart\u00edn,<\/span><\/strong> <span style=\"color: rgba(255, 255, 255, 0.7);\">Performance Management &amp; Development Manager de<\/span> <strong>SECURITAS DIRECT<\/strong><\/p>\n<p><strong>Modera <span style=\"color: #11d8d8;\"><b>Rafael Gozalo, <\/b><\/span><\/strong><span style=\"color: #39d5f1;\"><span style=\"color: #ffffff;\"><span style=\"color: rgba(255, 255, 255, 0.7);\">Co-Founder &amp; Co-CEO de<\/span> <strong>THE POWER BUSINESS SCHOOL<\/strong><\/span><\/span><span style=\"color: #39d5f1;\"><strong><\/strong><\/span><span style=\"color: #39d5f1;\"><strong><\/strong><\/span><span style=\"color: #39d5f1;\"><strong><\/strong><\/span><span style=\"color: #39d5f1;\"><strong><\/strong><\/span><span style=\"color: #39d5f1;\"><strong><\/strong><\/span><span style=\"color: #39d5f1;\"><span style=\"color: #ffffff;\"><strong><\/strong><\/span><\/span><span style=\"color: #39d5f1;\"><span style=\"color: #ffffff;\"><strong><\/strong><\/span><\/span><\/p>\n<p>[\/et_pb_text][\/et_pb_column][\/et_pb_row][\/et_pb_section][et_pb_section fb_built=\u00bb1&#8243; _builder_version=\u00bb3.26.3&#8243; background_image=\u00bbhttps:\/\/www.equiposytalentoeventos.com\/corporate-learning\/wp-content\/uploads\/2022\/08\/EV20211116A-0047-1.jpg\u00bb background_position=\u00bbtop_center\u00bb custom_margin=\u00bb||||false|false\u00bb custom_padding=\u00bb15%||15%||false|false\u00bb][\/et_pb_section][et_pb_section fb_built=\u00bb1&#8243; disabled_on=\u00bboff|off|off\u00bb _builder_version=\u00bb3.26.3&#8243; background_color=\u00bb#002733&#8243; custom_padding=\u00bb0px||120px|0px|false|false\u00bb][et_pb_row column_structure=\u00bb3_5,2_5&#8243; custom_padding=\u00bb100px||0px||false|false\u00bb custom_padding_phone=\u00bb15%||||false|false\u00bb make_equal=\u00bbon\u00bb custom_padding_last_edited=\u00bbon|phone\u00bb module_id=\u00bbspeakers\u00bb _builder_version=\u00bb3.26.3&#8243; width_last_edited=\u00bbon|desktop\u00bb][et_pb_column type=\u00bb3_5&#8243; _builder_version=\u00bb3.25.4&#8243;][et_pb_text module_id=\u00bbspeakers\u00bb module_class=\u00bb#speakers\u00bb _builder_version=\u00bb3.26.3&#8243; text_font=\u00bbUnivers|900|||||||\u00bb text_font_size=\u00bb32px\u00bb text_line_height=\u00bb54px\u00bb custom_padding=\u00bb||0px|||\u00bb text_font_size_tablet=\u00bb32px\u00bb text_font_size_phone=\u00bb32px\u00bb text_font_size_last_edited=\u00bbon|desktop\u00bb text_line_height_tablet=\u00bb42px\u00bb text_line_height_phone=\u00bb48px\u00bb text_line_height_last_edited=\u00bbon|desktop\u00bb]<span style=\"color: #ffffff;\">SPEAKERS<\/span>[\/et_pb_text][\/et_pb_column][et_pb_column type=\u00bb2_5&#8243; _builder_version=\u00bb3.25.4&#8243;][\/et_pb_column][\/et_pb_row][et_pb_row custom_padding=\u00bb||0px||false|false\u00bb custom_padding_phone=\u00bb15%||||false|false\u00bb custom_margin=\u00bb|479px||auto||\u00bb make_equal=\u00bbon\u00bb custom_padding_last_edited=\u00bbon|phone\u00bb _builder_version=\u00bb3.26.3&#8243; width_last_edited=\u00bbon|desktop\u00bb][et_pb_column type=\u00bb4_4&#8243; _builder_version=\u00bb3.25.4&#8243;][et_pb_divider color=\u00bbrgba(17,216,216,0.4)\u00bb divider_weight=\u00bb2px\u00bb _builder_version=\u00bb3.26.3&#8243; width=\u00bb100%\u00bb width_last_edited=\u00bbon|desktop\u00bb custom_margin=\u00bb-20px||||false|false\u00bb][\/et_pb_divider][\/et_pb_column][\/et_pb_row][et_pb_row column_structure=\u00bb1_4,1_4,1_4,1_4&#8243; use_custom_gutter=\u00bbon\u00bb gutter_width=\u00bb2&#8243; custom_padding=\u00bb0px|||0px||\u00bb custom_margin=\u00bb1.9%|auto||auto|false|false\u00bb make_equal=\u00bbon\u00bb disabled_on=\u00bboff|off|off\u00bb _builder_version=\u00bb3.26.3&#8243; width_phone=\u00bb75%\u00bb width_last_edited=\u00bbon|desktop\u00bb max_width_last_edited=\u00bbon|desktop\u00bb module_alignment=\u00bbcenter\u00bb min_height=\u00bb100px\u00bb custom_margin_phone=\u00bb|auto|0%|auto|false|false\u00bb custom_margin_last_edited=\u00bboff|phone\u00bb][et_pb_column type=\u00bb1_4&#8243; _builder_version=\u00bb4.3.2&#8243;][et_pb_image src=\u00bbhttps:\/\/www.equiposytalentoeventos.com\/corporate-learning\/wp-content\/uploads\/2022\/09\/Alicia_CEPSA.jpg\u00bb title_text=\u00bblaura_santacreu\u00bb align_phone=\u00bbleft\u00bb align_last_edited=\u00bbon|phone\u00bb _builder_version=\u00bb3.26.3&#8243; border_color_all=\u00bb#ffffff\u00bb max_width=\u00bb180px\u00bb custom_padding=\u00bb|0px||||\u00bb][\/et_pb_image][et_pb_text _builder_version=\u00bb3.26.3&#8243; text_font=\u00bb||||||||\u00bb text_text_color=\u00bb#ffffff\u00bb text_line_height=\u00bb28px\u00bb custom_margin=\u00bb|||0%|false|false\u00bb custom_margin_phone=\u00bb|||0%|false|false\u00bb custom_margin_last_edited=\u00bbon|desktop\u00bb text_font_size_last_edited=\u00bbon|desktop\u00bb text_line_height_last_edited=\u00bbon|desktop\u00bb]<\/p>\n<p><span style=\"font-size: 24px; color: #68c4d1;\"><strong><span>Alicia Hernandez, <\/span><\/strong><\/span><br \/><span style=\"color: #ffffff;\">Chief Learning Officer de <span style=\"color: #11d8d8;\"><strong>CEPSA<\/strong><\/span><\/span><\/p>\n<p>[\/et_pb_text][et_pb_social_media_follow use_icon_font_size=\u00bbon\u00bb icon_font_size=\u00bb22px\u00bb _builder_version=\u00bb3.26.3&#8243; border_radii=\u00bbon|100px|100px|100px|100px\u00bb custom_button=\u00bbon\u00bb module_alignment=\u00bbleft\u00bb custom_margin=\u00bb0%|||0%|false|false\u00bb custom_margin_phone=\u00bb|||0%|false|false\u00bb custom_margin_last_edited=\u00bbon|desktop\u00bb][et_pb_social_media_follow_network social_network=\u00bblinkedin\u00bb url=\u00bbhttps:\/\/www.linkedin.com\/in\/aliciahernandezfuentes\/\u00bb _builder_version=\u00bb3.26.3&#8243; background_color=\u00bb#007AB9&#8243; background_enable_color=\u00bbon\u00bb follow_button=\u00bboff\u00bb url_new_window=\u00bbon\u00bb]linkedin[\/et_pb_social_media_follow_network][et_pb_social_media_follow_network social_network=\u00bbtwitter\u00bb url=\u00bbhttps:\/\/twitter.com\/Cepsa_ES\u00bb _builder_version=\u00bb3.26.3&#8243; background_color=\u00bb#00aced\u00bb follow_button=\u00bboff\u00bb url_new_window=\u00bbon\u00bb]twitter[\/et_pb_social_media_follow_network][\/et_pb_social_media_follow][\/et_pb_column][et_pb_column type=\u00bb1_4&#8243; _builder_version=\u00bb4.3.2&#8243;][et_pb_image src=\u00bbhttps:\/\/www.equiposytalentoeventos.com\/corporate-learning\/wp-content\/uploads\/2022\/09\/Arantza_CELLNEX.jpg\u00bb title_text=\u00bblaura_santacreu\u00bb align_phone=\u00bbleft\u00bb align_last_edited=\u00bbon|phone\u00bb _builder_version=\u00bb3.26.3&#8243; border_color_all=\u00bb#ffffff\u00bb max_width=\u00bb180px\u00bb custom_padding=\u00bb|0px||||\u00bb locked=\u00bboff\u00bb][\/et_pb_image][et_pb_text _builder_version=\u00bb3.26.3&#8243; text_font=\u00bb||||||||\u00bb text_text_color=\u00bb#ffffff\u00bb text_line_height=\u00bb28px\u00bb custom_margin=\u00bb|||0%|false|false\u00bb custom_margin_phone=\u00bb|||0%|false|false\u00bb custom_margin_last_edited=\u00bbon|desktop\u00bb text_font_size_last_edited=\u00bbon|desktop\u00bb text_line_height_last_edited=\u00bbon|desktop\u00bb locked=\u00bboff\u00bb]<\/p>\n<p><span style=\"font-size: 24px; color: #68c4d1;\"><strong><span>Arantza Caja, <\/span><\/strong><\/span><br \/>Global Head of Talent de <span style=\"color: #11d8d8;\"><strong>CELLNEX<\/strong><\/span><\/p>\n<p>[\/et_pb_text][et_pb_social_media_follow use_icon_font_size=\u00bbon\u00bb icon_font_size=\u00bb22px\u00bb _builder_version=\u00bb3.26.3&#8243; border_radii=\u00bbon|100px|100px|100px|100px\u00bb custom_button=\u00bbon\u00bb module_alignment=\u00bbleft\u00bb custom_margin=\u00bb0%|||0%|false|false\u00bb custom_margin_phone=\u00bb|||0%|false|false\u00bb custom_margin_last_edited=\u00bbon|desktop\u00bb locked=\u00bboff\u00bb][et_pb_social_media_follow_network social_network=\u00bblinkedin\u00bb url=\u00bbhttps:\/\/www.linkedin.com\/in\/arantza-caja-chocarro\/\u00bb _builder_version=\u00bb3.26.3&#8243; background_color=\u00bb#007AB9&#8243; background_enable_color=\u00bbon\u00bb follow_button=\u00bboff\u00bb url_new_window=\u00bbon\u00bb]linkedin[\/et_pb_social_media_follow_network][et_pb_social_media_follow_network social_network=\u00bbtwitter\u00bb url=\u00bbhttps:\/\/twitter.com\/cellnextelecom\u00bb _builder_version=\u00bb3.26.3&#8243; background_color=\u00bb#00aced\u00bb follow_button=\u00bboff\u00bb url_new_window=\u00bbon\u00bb]twitter[\/et_pb_social_media_follow_network][\/et_pb_social_media_follow][\/et_pb_column][et_pb_column type=\u00bb1_4&#8243; _builder_version=\u00bb4.3.2&#8243;][et_pb_image src=\u00bbhttps:\/\/www.equiposytalentoeventos.com\/corporate-learning\/wp-content\/uploads\/2022\/10\/Javier_SANTALUCIA.jpg\u00bb title_text=\u00bblaura_santacreu\u00bb align_phone=\u00bbleft\u00bb align_last_edited=\u00bbon|phone\u00bb _builder_version=\u00bb3.26.3&#8243; border_color_all=\u00bb#ffffff\u00bb max_width=\u00bb180px\u00bb custom_padding=\u00bb|0px||||\u00bb][\/et_pb_image][et_pb_text _builder_version=\u00bb3.26.3&#8243; text_font=\u00bb||||||||\u00bb text_text_color=\u00bb#ffffff\u00bb text_line_height=\u00bb28px\u00bb custom_margin=\u00bb|||0%|false|false\u00bb custom_margin_phone=\u00bb|||0%|false|false\u00bb custom_margin_last_edited=\u00bbon|desktop\u00bb text_font_size_last_edited=\u00bbon|desktop\u00bb text_line_height_last_edited=\u00bbon|desktop\u00bb]<\/p>\n<p><span style=\"font-size: 24px; color: #68c4d1;\"><strong><span>Javier C\u00f3rdoba<\/span>, <\/strong><\/span><br \/><span>Director de Campus Santalucia<\/span> de <span style=\"color: #11d8d8;\"><strong>SANTALUCIA<\/strong><\/span><\/p>\n<p>[\/et_pb_text][et_pb_social_media_follow use_icon_font_size=\u00bbon\u00bb icon_font_size=\u00bb22px\u00bb _builder_version=\u00bb3.26.3&#8243; border_radii=\u00bbon|100px|100px|100px|100px\u00bb custom_button=\u00bbon\u00bb module_alignment=\u00bbleft\u00bb custom_margin=\u00bb0%|||0%|false|false\u00bb custom_margin_phone=\u00bb|||0%|false|false\u00bb custom_margin_last_edited=\u00bbon|desktop\u00bb locked=\u00bboff\u00bb][et_pb_social_media_follow_network social_network=\u00bblinkedin\u00bb url=\u00bbhttps:\/\/www.linkedin.com\/in\/javier-c%C3%B3rdoba-hernandez-828448104\/\u00bb _builder_version=\u00bb3.26.3&#8243; background_color=\u00bb#007AB9&#8243; background_enable_color=\u00bbon\u00bb follow_button=\u00bboff\u00bb url_new_window=\u00bbon\u00bb]linkedin[\/et_pb_social_media_follow_network][et_pb_social_media_follow_network social_network=\u00bbtwitter\u00bb url=\u00bbhttps:\/\/twitter.com\/santalucia_seg\u00bb _builder_version=\u00bb3.26.3&#8243; background_color=\u00bb#00aced\u00bb follow_button=\u00bboff\u00bb url_new_window=\u00bbon\u00bb]twitter[\/et_pb_social_media_follow_network][\/et_pb_social_media_follow][\/et_pb_column][et_pb_column type=\u00bb1_4&#8243; _builder_version=\u00bb4.3.2&#8243;][et_pb_image src=\u00bbhttps:\/\/www.equiposytalentoeventos.com\/corporate-learning\/wp-content\/uploads\/2022\/09\/Tomas_CORREOS.jpg\u00bb title_text=\u00bblaura_santacreu\u00bb align_phone=\u00bbleft\u00bb align_last_edited=\u00bbon|phone\u00bb _builder_version=\u00bb3.26.3&#8243; border_color_all=\u00bb#ffffff\u00bb max_width=\u00bb180px\u00bb custom_padding=\u00bb|0px||||\u00bb locked=\u00bboff\u00bb][\/et_pb_image][et_pb_text _builder_version=\u00bb3.26.3&#8243; text_font=\u00bb||||||||\u00bb text_text_color=\u00bb#ffffff\u00bb text_line_height=\u00bb28px\u00bb custom_margin=\u00bb|||0%|false|false\u00bb custom_margin_phone=\u00bb|||0%|false|false\u00bb custom_margin_last_edited=\u00bbon|desktop\u00bb text_font_size_last_edited=\u00bbon|desktop\u00bb text_line_height_last_edited=\u00bbon|desktop\u00bb locked=\u00bboff\u00bb]<\/p>\n<p><span style=\"font-size: 24px; color: #68c4d1;\"><strong>Tom\u00e1s Manso, <\/strong><\/span><br \/>Chief Learning Officer de <span style=\"color: #11d8d8;\"><strong>CORREOS<\/strong><\/span><\/p>\n<p>[\/et_pb_text][et_pb_social_media_follow use_icon_font_size=\u00bbon\u00bb icon_font_size=\u00bb22px\u00bb _builder_version=\u00bb3.26.3&#8243; border_radii=\u00bbon|100px|100px|100px|100px\u00bb custom_button=\u00bbon\u00bb module_alignment=\u00bbleft\u00bb custom_margin=\u00bb0%|||0%|false|false\u00bb custom_margin_phone=\u00bb|||0%|false|false\u00bb custom_margin_last_edited=\u00bbon|desktop\u00bb locked=\u00bboff\u00bb][et_pb_social_media_follow_network social_network=\u00bblinkedin\u00bb url=\u00bbhttps:\/\/www.linkedin.com\/in\/tomasmanso\/\u00bb _builder_version=\u00bb3.26.3&#8243; background_color=\u00bb#007AB9&#8243; background_enable_color=\u00bbon\u00bb follow_button=\u00bboff\u00bb url_new_window=\u00bbon\u00bb]linkedin[\/et_pb_social_media_follow_network][et_pb_social_media_follow_network social_network=\u00bbtwitter\u00bb url=\u00bbhttps:\/\/twitter.com\/Correos\u00bb _builder_version=\u00bb3.26.3&#8243; background_color=\u00bb#00aced\u00bb follow_button=\u00bboff\u00bb url_new_window=\u00bbon\u00bb]twitter[\/et_pb_social_media_follow_network][\/et_pb_social_media_follow][\/et_pb_column][\/et_pb_row][et_pb_row column_structure=\u00bb1_4,1_4,1_4,1_4&#8243; use_custom_gutter=\u00bbon\u00bb gutter_width=\u00bb2&#8243; custom_padding=\u00bb0px|||0px||\u00bb custom_margin=\u00bb1.9%|auto||auto|false|false\u00bb make_equal=\u00bbon\u00bb disabled_on=\u00bboff|off|off\u00bb _builder_version=\u00bb3.26.3&#8243; width_phone=\u00bb75%\u00bb width_last_edited=\u00bbon|desktop\u00bb max_width_last_edited=\u00bbon|desktop\u00bb module_alignment=\u00bbcenter\u00bb min_height=\u00bb100px\u00bb custom_margin_phone=\u00bb|auto|0%|auto|false|false\u00bb custom_margin_last_edited=\u00bboff|phone\u00bb][et_pb_column type=\u00bb1_4&#8243; _builder_version=\u00bb4.3.2&#8243;][et_pb_image src=\u00bbhttps:\/\/www.equiposytalentoeventos.com\/corporate-learning\/wp-content\/uploads\/2022\/09\/Elena_RED-BULL.jpg\u00bb title_text=\u00bblaura_santacreu\u00bb align_phone=\u00bbleft\u00bb align_last_edited=\u00bbon|phone\u00bb _builder_version=\u00bb3.26.3&#8243; border_color_all=\u00bb#ffffff\u00bb max_width=\u00bb180px\u00bb custom_padding=\u00bb|0px||||\u00bb][\/et_pb_image][et_pb_text _builder_version=\u00bb3.26.3&#8243; text_font=\u00bb||||||||\u00bb text_text_color=\u00bb#ffffff\u00bb text_line_height=\u00bb28px\u00bb custom_margin=\u00bb|||0%|false|false\u00bb custom_margin_phone=\u00bb|||0%|false|false\u00bb custom_margin_last_edited=\u00bbon|desktop\u00bb text_font_size_last_edited=\u00bbon|desktop\u00bb text_line_height_last_edited=\u00bbon|desktop\u00bb]<\/p>\n<p><span style=\"font-size: 24px; color: #68c4d1;\"><strong><span>Elena Marmol, <\/span><\/strong><\/span><br \/>HR Country Manager de <span style=\"color: #11d8d8;\"><strong>RED BULL ESPA\u00d1A<\/strong><\/span><\/p>\n<p>[\/et_pb_text][et_pb_social_media_follow use_icon_font_size=\u00bbon\u00bb icon_font_size=\u00bb22px\u00bb _builder_version=\u00bb3.26.3&#8243; border_radii=\u00bbon|100px|100px|100px|100px\u00bb custom_button=\u00bbon\u00bb module_alignment=\u00bbleft\u00bb custom_margin=\u00bb0%|||0%|false|false\u00bb custom_margin_phone=\u00bb|||0%|false|false\u00bb custom_margin_last_edited=\u00bbon|desktop\u00bb][et_pb_social_media_follow_network social_network=\u00bblinkedin\u00bb url=\u00bbhttps:\/\/www.linkedin.com\/in\/elenamarmolluengo\/\u00bb _builder_version=\u00bb3.26.3&#8243; background_color=\u00bb#007AB9&#8243; background_enable_color=\u00bbon\u00bb follow_button=\u00bboff\u00bb url_new_window=\u00bbon\u00bb]linkedin[\/et_pb_social_media_follow_network][et_pb_social_media_follow_network social_network=\u00bbtwitter\u00bb url=\u00bbhttps:\/\/twitter.com\/redbull\u00bb _builder_version=\u00bb3.26.3&#8243; background_color=\u00bb#00aced\u00bb follow_button=\u00bboff\u00bb url_new_window=\u00bbon\u00bb]twitter[\/et_pb_social_media_follow_network][\/et_pb_social_media_follow][\/et_pb_column][et_pb_column type=\u00bb1_4&#8243; _builder_version=\u00bb4.3.2&#8243;][et_pb_image src=\u00bbhttps:\/\/www.equiposytalentoeventos.com\/corporate-learning\/wp-content\/uploads\/2022\/09\/Federico_BANCO-SABADELL-TECH.jpg\u00bb title_text=\u00bblaura_santacreu\u00bb align_phone=\u00bbleft\u00bb align_last_edited=\u00bbon|phone\u00bb _builder_version=\u00bb3.26.3&#8243; border_color_all=\u00bb#ffffff\u00bb max_width=\u00bb180px\u00bb custom_padding=\u00bb|0px||||\u00bb locked=\u00bboff\u00bb][\/et_pb_image][et_pb_text _builder_version=\u00bb3.26.3&#8243; text_font=\u00bb||||||||\u00bb text_text_color=\u00bb#ffffff\u00bb text_line_height=\u00bb28px\u00bb custom_margin=\u00bb|||0%|false|false\u00bb custom_margin_phone=\u00bb|||0%|false|false\u00bb custom_margin_last_edited=\u00bbon|desktop\u00bb text_font_size_last_edited=\u00bbon|desktop\u00bb text_line_height_last_edited=\u00bbon|desktop\u00bb locked=\u00bboff\u00bb]<\/p>\n<p><span style=\"font-size: 24px; color: #68c4d1;\"><strong><span>Federico Gonz\u00e1lez, <\/span><\/strong><\/span><br \/>Director<span>\u00a0de Organizaci\u00f3n y Recursos Humanos- IT&amp; OPS-\u00a0<\/span>de <span style=\"color: #11d8d8;\"><strong>BANCO SABADELL TECH<\/strong> <\/span><\/p>\n<p>[\/et_pb_text][et_pb_social_media_follow use_icon_font_size=\u00bbon\u00bb icon_font_size=\u00bb22px\u00bb _builder_version=\u00bb3.26.3&#8243; border_radii=\u00bbon|100px|100px|100px|100px\u00bb custom_button=\u00bbon\u00bb module_alignment=\u00bbleft\u00bb custom_margin=\u00bb0%|||0%|false|false\u00bb custom_margin_phone=\u00bb|||0%|false|false\u00bb custom_margin_last_edited=\u00bbon|desktop\u00bb locked=\u00bboff\u00bb][et_pb_social_media_follow_network social_network=\u00bblinkedin\u00bb url=\u00bbhttps:\/\/www.linkedin.com\/in\/federicogonzalezayora\/\u00bb _builder_version=\u00bb3.26.3&#8243; background_color=\u00bb#007AB9&#8243; background_enable_color=\u00bbon\u00bb follow_button=\u00bboff\u00bb url_new_window=\u00bbon\u00bb]linkedin[\/et_pb_social_media_follow_network][et_pb_social_media_follow_network social_network=\u00bbtwitter\u00bb url=\u00bbhttps:\/\/twitter.com\/bancosabadell\u00bb _builder_version=\u00bb3.26.3&#8243; background_color=\u00bb#00aced\u00bb follow_button=\u00bboff\u00bb url_new_window=\u00bbon\u00bb]twitter[\/et_pb_social_media_follow_network][\/et_pb_social_media_follow][\/et_pb_column][et_pb_column type=\u00bb1_4&#8243; _builder_version=\u00bb4.3.2&#8243;][et_pb_image src=\u00bbhttps:\/\/www.equiposytalentoeventos.com\/corporate-learning\/wp-content\/uploads\/2022\/09\/Almudena_MARRIOTT.jpg\u00bb title_text=\u00bblaura_santacreu\u00bb align_phone=\u00bbleft\u00bb align_last_edited=\u00bbon|phone\u00bb _builder_version=\u00bb3.26.3&#8243; border_color_all=\u00bb#ffffff\u00bb max_width=\u00bb180px\u00bb custom_padding=\u00bb|0px||||\u00bb][\/et_pb_image][et_pb_text _builder_version=\u00bb3.26.3&#8243; text_font=\u00bb||||||||\u00bb text_text_color=\u00bb#ffffff\u00bb text_line_height=\u00bb28px\u00bb custom_margin=\u00bb|||0%|false|false\u00bb custom_margin_phone=\u00bb|||0%|false|false\u00bb custom_margin_last_edited=\u00bbon|desktop\u00bb text_font_size_last_edited=\u00bbon|desktop\u00bb text_line_height_last_edited=\u00bbon|desktop\u00bb]<\/p>\n<p><span style=\"font-size: 24px; color: #68c4d1;\"><strong>Almudena Casas, <\/strong><\/span><br \/><span style=\"color: #11d8d8;\"><span style=\"color: #ffffff;\">Senior Manager Learning&amp;Development EMEA de<\/span><strong> MARRIOTT INTERNATIONAL HOTELS<\/strong><\/span><\/p>\n<p>[\/et_pb_text][et_pb_social_media_follow use_icon_font_size=\u00bbon\u00bb icon_font_size=\u00bb22px\u00bb _builder_version=\u00bb3.26.3&#8243; border_radii=\u00bbon|100px|100px|100px|100px\u00bb custom_button=\u00bbon\u00bb module_alignment=\u00bbleft\u00bb custom_margin=\u00bb0%|||0%|false|false\u00bb custom_margin_phone=\u00bb|||0%|false|false\u00bb custom_margin_last_edited=\u00bbon|desktop\u00bb locked=\u00bboff\u00bb][et_pb_social_media_follow_network social_network=\u00bblinkedin\u00bb url=\u00bbhttps:\/\/www.linkedin.com\/in\/almudenacasas\/\u00bb _builder_version=\u00bb3.26.3&#8243; background_color=\u00bb#007AB9&#8243; background_enable_color=\u00bbon\u00bb follow_button=\u00bboff\u00bb url_new_window=\u00bbon\u00bb]linkedin[\/et_pb_social_media_follow_network][et_pb_social_media_follow_network social_network=\u00bbtwitter\u00bb url=\u00bbhttps:\/\/twitter.com\/MarriottIntl\u00bb _builder_version=\u00bb3.26.3&#8243; background_color=\u00bb#00aced\u00bb follow_button=\u00bboff\u00bb url_new_window=\u00bbon\u00bb]twitter[\/et_pb_social_media_follow_network][\/et_pb_social_media_follow][\/et_pb_column][et_pb_column type=\u00bb1_4&#8243; _builder_version=\u00bb4.3.2&#8243;][et_pb_image src=\u00bbhttps:\/\/www.equiposytalentoeventos.com\/corporate-learning\/wp-content\/uploads\/2022\/09\/Rita_RANDSTAD.jpg\u00bb title_text=\u00bblaura_santacreu\u00bb align_phone=\u00bbleft\u00bb align_last_edited=\u00bbon|phone\u00bb _builder_version=\u00bb3.26.3&#8243; border_color_all=\u00bb#ffffff\u00bb max_width=\u00bb180px\u00bb custom_padding=\u00bb|0px||||\u00bb][\/et_pb_image][et_pb_text _builder_version=\u00bb3.26.3&#8243; text_font=\u00bb||||||||\u00bb text_text_color=\u00bb#ffffff\u00bb text_line_height=\u00bb28px\u00bb custom_margin=\u00bb|||0%|false|false\u00bb custom_margin_phone=\u00bb|||0%|false|false\u00bb custom_margin_last_edited=\u00bbon|desktop\u00bb text_font_size_last_edited=\u00bbon|desktop\u00bb text_line_height_last_edited=\u00bbon|desktop\u00bb]<\/p>\n<p><span style=\"font-size: 24px; color: #68c4d1;\"><strong><span>Rita Gonz\u00e1lez, <\/span><\/strong><\/span><br \/><span style=\"color: #11d8d8;\"><span style=\"color: #ffffff;\">Directora nacional de<\/span><strong> RANDSTAD LEARNING <\/strong><\/span><\/p>\n<p>[\/et_pb_text][et_pb_social_media_follow use_icon_font_size=\u00bbon\u00bb icon_font_size=\u00bb22px\u00bb _builder_version=\u00bb3.26.3&#8243; border_radii=\u00bbon|100px|100px|100px|100px\u00bb custom_button=\u00bbon\u00bb module_alignment=\u00bbleft\u00bb custom_margin=\u00bb0%|||0%|false|false\u00bb custom_margin_phone=\u00bb|||0%|false|false\u00bb custom_margin_last_edited=\u00bbon|desktop\u00bb][et_pb_social_media_follow_network social_network=\u00bblinkedin\u00bb url=\u00bbhttps:\/\/www.linkedin.com\/in\/rita-gonz%C3%A1lez-b928a2a\/\u00bb _builder_version=\u00bb3.26.3&#8243; background_color=\u00bb#007AB9&#8243; background_enable_color=\u00bbon\u00bb follow_button=\u00bboff\u00bb url_new_window=\u00bbon\u00bb]linkedin[\/et_pb_social_media_follow_network][et_pb_social_media_follow_network social_network=\u00bbtwitter\u00bb url=\u00bbhttps:\/\/twitter.com\/Randstad_es\u00bb _builder_version=\u00bb3.26.3&#8243; background_color=\u00bb#00aced\u00bb follow_button=\u00bboff\u00bb url_new_window=\u00bbon\u00bb]twitter[\/et_pb_social_media_follow_network][\/et_pb_social_media_follow][\/et_pb_column][\/et_pb_row][et_pb_row column_structure=\u00bb1_4,1_4,1_4,1_4&#8243; use_custom_gutter=\u00bbon\u00bb gutter_width=\u00bb2&#8243; custom_padding=\u00bb0px|||0px||\u00bb custom_margin=\u00bb1.9%|auto||auto|false|false\u00bb make_equal=\u00bbon\u00bb disabled_on=\u00bboff|off|off\u00bb _builder_version=\u00bb3.26.3&#8243; width_phone=\u00bb75%\u00bb width_last_edited=\u00bbon|desktop\u00bb max_width_last_edited=\u00bbon|desktop\u00bb module_alignment=\u00bbcenter\u00bb min_height=\u00bb100px\u00bb custom_margin_phone=\u00bb|auto|0%|auto|false|false\u00bb custom_margin_last_edited=\u00bboff|phone\u00bb][et_pb_column type=\u00bb1_4&#8243; _builder_version=\u00bb4.3.2&#8243;][et_pb_image src=\u00bbhttps:\/\/www.equiposytalentoeventos.com\/corporate-learning\/wp-content\/uploads\/2022\/09\/Ester_ALSINA.jpg\u00bb title_text=\u00bblaura_santacreu\u00bb align_phone=\u00bbleft\u00bb align_last_edited=\u00bbon|phone\u00bb _builder_version=\u00bb3.26.3&#8243; border_color_all=\u00bb#ffffff\u00bb max_width=\u00bb180px\u00bb custom_padding=\u00bb|0px||||\u00bb locked=\u00bboff\u00bb][\/et_pb_image][et_pb_text _builder_version=\u00bb3.26.3&#8243; text_font=\u00bb||||||||\u00bb text_text_color=\u00bb#ffffff\u00bb text_line_height=\u00bb28px\u00bb custom_margin=\u00bb|||0%|false|false\u00bb custom_margin_phone=\u00bb|||0%|false|false\u00bb custom_margin_last_edited=\u00bbon|desktop\u00bb text_font_size_last_edited=\u00bbon|desktop\u00bb text_line_height_last_edited=\u00bbon|desktop\u00bb locked=\u00bboff\u00bb]<\/p>\n<p><span style=\"font-size: 24px; color: #68c4d1;\"><strong><span>Ester Montull, <\/span><\/strong><\/span><br \/><span style=\"color: #11d8d8;\"><span style=\"color: #ffffff;\">Responsable de formaci\u00f3n&amp;desarrollo de<\/span><strong> ALSINA<\/strong> <\/span><\/p>\n<p>[\/et_pb_text][et_pb_social_media_follow use_icon_font_size=\u00bbon\u00bb icon_font_size=\u00bb22px\u00bb _builder_version=\u00bb3.26.3&#8243; border_radii=\u00bbon|100px|100px|100px|100px\u00bb custom_button=\u00bbon\u00bb module_alignment=\u00bbleft\u00bb custom_margin=\u00bb0%|||0%|false|false\u00bb custom_margin_phone=\u00bb|||0%|false|false\u00bb custom_margin_last_edited=\u00bbon|desktop\u00bb locked=\u00bboff\u00bb][et_pb_social_media_follow_network social_network=\u00bblinkedin\u00bb url=\u00bbhttps:\/\/www.linkedin.com\/in\/estermontullbuil\/\u00bb _builder_version=\u00bb3.26.3&#8243; background_color=\u00bb#007AB9&#8243; background_enable_color=\u00bbon\u00bb follow_button=\u00bboff\u00bb url_new_window=\u00bbon\u00bb]linkedin[\/et_pb_social_media_follow_network][et_pb_social_media_follow_network social_network=\u00bbtwitter\u00bb url=\u00bbhttps:\/\/twitter.com\/Alsina_formwork\u00bb _builder_version=\u00bb3.26.3&#8243; background_color=\u00bb#00aced\u00bb follow_button=\u00bboff\u00bb url_new_window=\u00bbon\u00bb]twitter[\/et_pb_social_media_follow_network][\/et_pb_social_media_follow][\/et_pb_column][et_pb_column type=\u00bb1_4&#8243; _builder_version=\u00bb4.3.2&#8243;][et_pb_image src=\u00bbhttps:\/\/www.equiposytalentoeventos.com\/corporate-learning\/wp-content\/uploads\/2022\/09\/Olga_CALZEDONIA.jpg\u00bb title_text=\u00bblaura_santacreu\u00bb align_phone=\u00bbleft\u00bb align_last_edited=\u00bbon|phone\u00bb _builder_version=\u00bb3.26.3&#8243; border_color_all=\u00bb#ffffff\u00bb max_width=\u00bb180px\u00bb custom_padding=\u00bb|0px||||\u00bb][\/et_pb_image][et_pb_text _builder_version=\u00bb3.26.3&#8243; text_font=\u00bb||||||||\u00bb text_text_color=\u00bb#ffffff\u00bb text_line_height=\u00bb28px\u00bb custom_margin=\u00bb|||0%|false|false\u00bb custom_margin_phone=\u00bb|||0%|false|false\u00bb custom_margin_last_edited=\u00bbon|desktop\u00bb text_font_size_last_edited=\u00bbon|desktop\u00bb text_line_height_last_edited=\u00bbon|desktop\u00bb]<\/p>\n<p><span style=\"font-size: 24px; color: #68c4d1;\"><strong>Olga Alabau, <\/strong><\/span><br \/><span style=\"color: #11d8d8;\"><span style=\"color: #ffffff;\">HR Business Partner Intimissimi &amp; Falconeri de <\/span><strong>GRUPO CALZEDONIA<\/strong><\/span><\/p>\n<p>[\/et_pb_text][et_pb_social_media_follow use_icon_font_size=\u00bbon\u00bb icon_font_size=\u00bb22px\u00bb _builder_version=\u00bb3.26.3&#8243; border_radii=\u00bbon|100px|100px|100px|100px\u00bb custom_button=\u00bbon\u00bb module_alignment=\u00bbleft\u00bb custom_margin=\u00bb0%|||0%|false|false\u00bb custom_margin_phone=\u00bb|||0%|false|false\u00bb custom_margin_last_edited=\u00bbon|desktop\u00bb locked=\u00bboff\u00bb][et_pb_social_media_follow_network social_network=\u00bblinkedin\u00bb url=\u00bbhttps:\/\/www.linkedin.com\/in\/olgaalabau\/\u00bb _builder_version=\u00bb3.26.3&#8243; background_color=\u00bb#007AB9&#8243; background_enable_color=\u00bbon\u00bb follow_button=\u00bboff\u00bb url_new_window=\u00bbon\u00bb]linkedin[\/et_pb_social_media_follow_network][et_pb_social_media_follow_network social_network=\u00bbtwitter\u00bb url=\u00bbhttps:\/\/twitter.com\/TweetCalzedonia\u00bb _builder_version=\u00bb3.26.3&#8243; background_color=\u00bb#00aced\u00bb follow_button=\u00bboff\u00bb url_new_window=\u00bbon\u00bb]twitter[\/et_pb_social_media_follow_network][\/et_pb_social_media_follow][\/et_pb_column][et_pb_column type=\u00bb1_4&#8243; _builder_version=\u00bb4.3.2&#8243;][et_pb_image src=\u00bbhttps:\/\/www.equiposytalentoeventos.com\/corporate-learning\/wp-content\/uploads\/2022\/09\/Helena_CALZEDONIA.jpg\u00bb title_text=\u00bblaura_santacreu\u00bb align_phone=\u00bbleft\u00bb align_last_edited=\u00bbon|phone\u00bb _builder_version=\u00bb3.26.3&#8243; border_color_all=\u00bb#ffffff\u00bb max_width=\u00bb180px\u00bb custom_padding=\u00bb|0px||||\u00bb locked=\u00bboff\u00bb][\/et_pb_image][et_pb_text _builder_version=\u00bb3.26.3&#8243; text_font=\u00bb||||||||\u00bb text_text_color=\u00bb#ffffff\u00bb text_line_height=\u00bb28px\u00bb custom_margin=\u00bb|||0%|false|false\u00bb custom_margin_phone=\u00bb|||0%|false|false\u00bb custom_margin_last_edited=\u00bbon|desktop\u00bb text_font_size_last_edited=\u00bbon|desktop\u00bb text_line_height_last_edited=\u00bbon|desktop\u00bb locked=\u00bboff\u00bb]<\/p>\n<p><span style=\"font-size: 24px; color: #68c4d1;\"><strong>Helena Guti\u00e9rrez,\u00a0 <\/strong><\/span><br \/><span style=\"color: #ffffff;\">Training Department Manager de<span style=\"color: #11d8d8;\"><strong> GRUPO CALZEDONIA<\/strong><\/span><\/span><\/p>\n<p>[\/et_pb_text][et_pb_social_media_follow use_icon_font_size=\u00bbon\u00bb icon_font_size=\u00bb22px\u00bb _builder_version=\u00bb3.26.3&#8243; border_radii=\u00bbon|100px|100px|100px|100px\u00bb custom_button=\u00bbon\u00bb module_alignment=\u00bbleft\u00bb custom_margin=\u00bb0%|||0%|false|false\u00bb custom_margin_phone=\u00bb|||0%|false|false\u00bb custom_margin_last_edited=\u00bbon|desktop\u00bb locked=\u00bboff\u00bb][et_pb_social_media_follow_network social_network=\u00bblinkedin\u00bb url=\u00bbhttps:\/\/www.linkedin.com\/in\/helena-guti%C3%A9rrez-algaba-379483100\/\u00bb _builder_version=\u00bb3.26.3&#8243; background_color=\u00bb#007AB9&#8243; background_enable_color=\u00bbon\u00bb follow_button=\u00bboff\u00bb url_new_window=\u00bbon\u00bb]linkedin[\/et_pb_social_media_follow_network][et_pb_social_media_follow_network social_network=\u00bbtwitter\u00bb url=\u00bbhttps:\/\/twitter.com\/TweetCalzedonia\u00bb _builder_version=\u00bb3.26.3&#8243; background_color=\u00bb#00aced\u00bb follow_button=\u00bboff\u00bb url_new_window=\u00bbon\u00bb]twitter[\/et_pb_social_media_follow_network][\/et_pb_social_media_follow][\/et_pb_column][et_pb_column type=\u00bb1_4&#8243; _builder_version=\u00bb4.3.2&#8243;][et_pb_image src=\u00bbhttps:\/\/www.equiposytalentoeventos.com\/corporate-learning\/wp-content\/uploads\/2022\/09\/Diana_GENERALI.jpg\u00bb title_text=\u00bblaura_santacreu\u00bb align_phone=\u00bbleft\u00bb align_last_edited=\u00bbon|phone\u00bb _builder_version=\u00bb3.26.3&#8243; border_color_all=\u00bb#ffffff\u00bb max_width=\u00bb180px\u00bb custom_padding=\u00bb|0px||||\u00bb][\/et_pb_image][et_pb_text _builder_version=\u00bb3.26.3&#8243; text_font=\u00bb||||||||\u00bb text_text_color=\u00bb#ffffff\u00bb text_line_height=\u00bb28px\u00bb custom_margin=\u00bb|||0%|false|false\u00bb custom_margin_phone=\u00bb|||0%|false|false\u00bb custom_margin_last_edited=\u00bbon|desktop\u00bb text_font_size_last_edited=\u00bbon|desktop\u00bb text_line_height_last_edited=\u00bbon|desktop\u00bb]<\/p>\n<p><span style=\"font-size: 24px; color: #68c4d1;\"><strong><span>Diana Lod\u00edn, <\/span><\/strong><\/span><br \/><span style=\"color: #11d8d8;\"><span style=\"color: #ffffff;\">Head of Talent &amp; Agile de <\/span><strong>GENERALI <\/strong><\/span><\/p>\n<p>[\/et_pb_text][et_pb_social_media_follow use_icon_font_size=\u00bbon\u00bb icon_font_size=\u00bb22px\u00bb _builder_version=\u00bb3.26.3&#8243; border_radii=\u00bbon|100px|100px|100px|100px\u00bb custom_button=\u00bbon\u00bb module_alignment=\u00bbleft\u00bb custom_margin=\u00bb0%|||0%|false|false\u00bb custom_margin_phone=\u00bb|||0%|false|false\u00bb custom_margin_last_edited=\u00bbon|desktop\u00bb][et_pb_social_media_follow_network social_network=\u00bblinkedin\u00bb url=\u00bbhttps:\/\/www.linkedin.com\/in\/diana-lod%C3%ADn-225728\/\u00bb _builder_version=\u00bb3.26.3&#8243; background_color=\u00bb#007AB9&#8243; background_enable_color=\u00bbon\u00bb follow_button=\u00bboff\u00bb url_new_window=\u00bbon\u00bb]linkedin[\/et_pb_social_media_follow_network][et_pb_social_media_follow_network social_network=\u00bbtwitter\u00bb url=\u00bbhttps:\/\/twitter.com\/GENERALI_es\u00bb _builder_version=\u00bb3.26.3&#8243; background_color=\u00bb#00aced\u00bb follow_button=\u00bboff\u00bb url_new_window=\u00bbon\u00bb]twitter[\/et_pb_social_media_follow_network][\/et_pb_social_media_follow][\/et_pb_column][\/et_pb_row][et_pb_row column_structure=\u00bb1_4,1_4,1_4,1_4&#8243; use_custom_gutter=\u00bbon\u00bb gutter_width=\u00bb2&#8243; custom_padding=\u00bb0px|||0px||\u00bb custom_margin=\u00bb1.9%|auto||auto|false|false\u00bb make_equal=\u00bbon\u00bb disabled_on=\u00bboff|off|off\u00bb _builder_version=\u00bb3.26.3&#8243; width_phone=\u00bb75%\u00bb width_last_edited=\u00bbon|desktop\u00bb max_width_last_edited=\u00bbon|desktop\u00bb module_alignment=\u00bbcenter\u00bb min_height=\u00bb100px\u00bb custom_margin_phone=\u00bb|auto|0%|auto|false|false\u00bb custom_margin_last_edited=\u00bboff|phone\u00bb][et_pb_column type=\u00bb1_4&#8243; _builder_version=\u00bb4.3.2&#8243;][et_pb_image src=\u00bbhttps:\/\/www.equiposytalentoeventos.com\/corporate-learning\/wp-content\/uploads\/2022\/09\/Carlos_SACYR.jpg\u00bb title_text=\u00bblaura_santacreu\u00bb align_phone=\u00bbleft\u00bb align_last_edited=\u00bbon|phone\u00bb _builder_version=\u00bb3.26.3&#8243; border_color_all=\u00bb#ffffff\u00bb max_width=\u00bb180px\u00bb custom_padding=\u00bb|0px||||\u00bb locked=\u00bboff\u00bb][\/et_pb_image][et_pb_text _builder_version=\u00bb3.26.3&#8243; text_font=\u00bb||||||||\u00bb text_text_color=\u00bb#ffffff\u00bb text_line_height=\u00bb28px\u00bb custom_margin=\u00bb|||0%|false|false\u00bb custom_margin_phone=\u00bb|||0%|false|false\u00bb custom_margin_last_edited=\u00bbon|desktop\u00bb text_font_size_last_edited=\u00bbon|desktop\u00bb text_line_height_last_edited=\u00bbon|desktop\u00bb locked=\u00bboff\u00bb]<\/p>\n<p><span style=\"font-size: 24px; color: #68c4d1;\"><strong><span>Carlos Mart\u00ednez, <\/span><\/strong><\/span><br \/><span style=\"color: #11d8d8;\"><span style=\"color: #ffffff;\">Head of HR Transformation, Organization &amp; Learning de <\/span><strong>SACYR<\/strong> <\/span><\/p>\n<p>[\/et_pb_text][et_pb_social_media_follow use_icon_font_size=\u00bbon\u00bb icon_font_size=\u00bb22px\u00bb _builder_version=\u00bb3.26.3&#8243; border_radii=\u00bbon|100px|100px|100px|100px\u00bb custom_button=\u00bbon\u00bb module_alignment=\u00bbleft\u00bb custom_margin=\u00bb0%|||0%|false|false\u00bb custom_margin_phone=\u00bb|||0%|false|false\u00bb custom_margin_last_edited=\u00bbon|desktop\u00bb locked=\u00bboff\u00bb][et_pb_social_media_follow_network social_network=\u00bblinkedin\u00bb url=\u00bbhttps:\/\/www.linkedin.com\/in\/carlos-mart%C3%ADnez-pintado-81075a14\/\u00bb _builder_version=\u00bb3.26.3&#8243; background_color=\u00bb#007AB9&#8243; background_enable_color=\u00bbon\u00bb follow_button=\u00bboff\u00bb url_new_window=\u00bbon\u00bb]linkedin[\/et_pb_social_media_follow_network][et_pb_social_media_follow_network social_network=\u00bbtwitter\u00bb url=\u00bbhttps:\/\/twitter.com\/SomosSacyr\u00bb _builder_version=\u00bb3.26.3&#8243; background_color=\u00bb#00aced\u00bb follow_button=\u00bboff\u00bb url_new_window=\u00bbon\u00bb]twitter[\/et_pb_social_media_follow_network][\/et_pb_social_media_follow][\/et_pb_column][et_pb_column type=\u00bb1_4&#8243; _builder_version=\u00bb4.3.2&#8243;][et_pb_image src=\u00bbhttps:\/\/www.equiposytalentoeventos.com\/corporate-learning\/wp-content\/uploads\/2022\/09\/Cristina_EXOLUM.jpg\u00bb title_text=\u00bblaura_santacreu\u00bb align_phone=\u00bbleft\u00bb align_last_edited=\u00bbon|phone\u00bb _builder_version=\u00bb3.26.3&#8243; border_color_all=\u00bb#ffffff\u00bb max_width=\u00bb180px\u00bb custom_padding=\u00bb|0px||||\u00bb][\/et_pb_image][et_pb_text _builder_version=\u00bb3.26.3&#8243; text_font=\u00bb||||||||\u00bb text_text_color=\u00bb#ffffff\u00bb text_line_height=\u00bb28px\u00bb custom_margin=\u00bb|||0%|false|false\u00bb custom_margin_phone=\u00bb|||0%|false|false\u00bb custom_margin_last_edited=\u00bbon|desktop\u00bb text_font_size_last_edited=\u00bbon|desktop\u00bb text_line_height_last_edited=\u00bbon|desktop\u00bb]<\/p>\n<p><span style=\"font-size: 24px; color: #68c4d1;\"><strong>Cristina Jaraba, <\/strong><\/span><br \/><span style=\"color: #11d8d8;\"><span style=\"color: #ffffff;\">Global People Lead de <\/span><strong>EXOLUM<\/strong><\/span><\/p>\n<p>[\/et_pb_text][et_pb_social_media_follow use_icon_font_size=\u00bbon\u00bb icon_font_size=\u00bb22px\u00bb _builder_version=\u00bb3.26.3&#8243; border_radii=\u00bbon|100px|100px|100px|100px\u00bb custom_button=\u00bbon\u00bb module_alignment=\u00bbleft\u00bb custom_margin=\u00bb0%|||0%|false|false\u00bb custom_margin_phone=\u00bb|||0%|false|false\u00bb custom_margin_last_edited=\u00bbon|desktop\u00bb locked=\u00bboff\u00bb][et_pb_social_media_follow_network social_network=\u00bblinkedin\u00bb url=\u00bbhttps:\/\/www.linkedin.com\/in\/cjarabad\/\u00bb _builder_version=\u00bb3.26.3&#8243; background_color=\u00bb#007AB9&#8243; background_enable_color=\u00bbon\u00bb follow_button=\u00bboff\u00bb url_new_window=\u00bbon\u00bb]linkedin[\/et_pb_social_media_follow_network][et_pb_social_media_follow_network social_network=\u00bbtwitter\u00bb url=\u00bbhttps:\/\/twitter.com\/ExolumGroup\u00bb _builder_version=\u00bb3.26.3&#8243; background_color=\u00bb#00aced\u00bb follow_button=\u00bboff\u00bb url_new_window=\u00bbon\u00bb]twitter[\/et_pb_social_media_follow_network][\/et_pb_social_media_follow][\/et_pb_column][et_pb_column type=\u00bb1_4&#8243; _builder_version=\u00bb4.3.2&#8243;][et_pb_image src=\u00bbhttps:\/\/www.equiposytalentoeventos.com\/corporate-learning\/wp-content\/uploads\/2022\/09\/Ruth_ALSA-e1664204122377.jpg\u00bb title_text=\u00bblaura_santacreu\u00bb align_phone=\u00bbleft\u00bb align_last_edited=\u00bbon|phone\u00bb _builder_version=\u00bb3.26.3&#8243; border_color_all=\u00bb#ffffff\u00bb max_width=\u00bb180px\u00bb custom_padding=\u00bb|0px||||\u00bb locked=\u00bboff\u00bb][\/et_pb_image][et_pb_text _builder_version=\u00bb3.26.3&#8243; text_font=\u00bb||||||||\u00bb text_text_color=\u00bb#ffffff\u00bb text_line_height=\u00bb28px\u00bb custom_margin=\u00bb|||0%|false|false\u00bb custom_margin_phone=\u00bb|||0%|false|false\u00bb custom_margin_last_edited=\u00bbon|desktop\u00bb text_font_size_last_edited=\u00bbon|desktop\u00bb text_line_height_last_edited=\u00bbon|desktop\u00bb locked=\u00bboff\u00bb]<\/p>\n<p><span style=\"font-size: 24px; color: #68c4d1;\"><strong>Ruth Hern\u00e1ndez, <\/strong><\/span><br \/><span style=\"color: #ffffff;\"><span style=\"color: #11d8d8;\"><span style=\"color: #ffffff;\">Directora de RRHH de<\/span><strong> ALSA <\/strong><\/span><\/span><\/p>\n<p>[\/et_pb_text][et_pb_social_media_follow use_icon_font_size=\u00bbon\u00bb icon_font_size=\u00bb22px\u00bb _builder_version=\u00bb3.26.3&#8243; border_radii=\u00bbon|100px|100px|100px|100px\u00bb custom_button=\u00bbon\u00bb module_alignment=\u00bbleft\u00bb custom_margin=\u00bb0%|||0%|false|false\u00bb custom_margin_phone=\u00bb|||0%|false|false\u00bb custom_margin_last_edited=\u00bbon|desktop\u00bb locked=\u00bboff\u00bb][et_pb_social_media_follow_network social_network=\u00bblinkedin\u00bb url=\u00bbhttps:\/\/www.linkedin.com\/in\/ruth-hern%C3%A1ndez-garc%C3%ADa-17521160\/\u00bb _builder_version=\u00bb3.26.3&#8243; background_color=\u00bb#007AB9&#8243; background_enable_color=\u00bbon\u00bb follow_button=\u00bboff\u00bb url_new_window=\u00bbon\u00bb]linkedin[\/et_pb_social_media_follow_network][et_pb_social_media_follow_network social_network=\u00bbtwitter\u00bb url=\u00bbhttps:\/\/twitter.com\/Alsa_autobuses\u00bb _builder_version=\u00bb3.26.3&#8243; background_color=\u00bb#00aced\u00bb follow_button=\u00bboff\u00bb url_new_window=\u00bbon\u00bb]twitter[\/et_pb_social_media_follow_network][\/et_pb_social_media_follow][\/et_pb_column][et_pb_column type=\u00bb1_4&#8243; _builder_version=\u00bb4.3.2&#8243;][et_pb_image src=\u00bbhttps:\/\/www.equiposytalentoeventos.com\/corporate-learning\/wp-content\/uploads\/2022\/09\/Raquel_VODAFONE.jpg\u00bb title_text=\u00bblaura_santacreu\u00bb align_phone=\u00bbleft\u00bb align_last_edited=\u00bbon|phone\u00bb _builder_version=\u00bb3.26.3&#8243; border_color_all=\u00bb#ffffff\u00bb max_width=\u00bb180px\u00bb custom_padding=\u00bb|0px||||\u00bb][\/et_pb_image][et_pb_text _builder_version=\u00bb3.26.3&#8243; text_font=\u00bb||||||||\u00bb text_text_color=\u00bb#ffffff\u00bb text_line_height=\u00bb28px\u00bb custom_margin=\u00bb|||0%|false|false\u00bb custom_margin_phone=\u00bb|||0%|false|false\u00bb custom_margin_last_edited=\u00bbon|desktop\u00bb text_font_size_last_edited=\u00bbon|desktop\u00bb text_line_height_last_edited=\u00bbon|desktop\u00bb]<\/p>\n<p><span style=\"font-size: 24px; color: #68c4d1;\"><strong><span>Raquel Montesinos, <\/span><\/strong><\/span>responsable de Learning de <span style=\"color: #11d8d8;\"><strong>VODAFONE ESPA\u00d1A<\/strong><\/span><\/p>\n<p>[\/et_pb_text][et_pb_social_media_follow use_icon_font_size=\u00bbon\u00bb icon_font_size=\u00bb22px\u00bb _builder_version=\u00bb3.26.3&#8243; border_radii=\u00bbon|100px|100px|100px|100px\u00bb custom_button=\u00bbon\u00bb module_alignment=\u00bbleft\u00bb custom_margin=\u00bb0%|||0%|false|false\u00bb custom_margin_phone=\u00bb|||0%|false|false\u00bb custom_margin_last_edited=\u00bbon|desktop\u00bb][et_pb_social_media_follow_network social_network=\u00bblinkedin\u00bb url=\u00bbhttps:\/\/www.linkedin.com\/in\/raquel-montesinos-ladr%C3%B3n-de-guevara-1b035a82\/\u00bb _builder_version=\u00bb3.26.3&#8243; background_color=\u00bb#007AB9&#8243; background_enable_color=\u00bbon\u00bb follow_button=\u00bboff\u00bb url_new_window=\u00bbon\u00bb]linkedin[\/et_pb_social_media_follow_network][et_pb_social_media_follow_network social_network=\u00bbtwitter\u00bb url=\u00bbhttps:\/\/twitter.com\/vodafone_es\u00bb _builder_version=\u00bb3.26.3&#8243; background_color=\u00bb#00aced\u00bb follow_button=\u00bboff\u00bb url_new_window=\u00bbon\u00bb]twitter[\/et_pb_social_media_follow_network][\/et_pb_social_media_follow][\/et_pb_column][\/et_pb_row][et_pb_row column_structure=\u00bb1_4,1_4,1_4,1_4&#8243; use_custom_gutter=\u00bbon\u00bb gutter_width=\u00bb2&#8243; custom_padding=\u00bb0px|||0px||\u00bb custom_margin=\u00bb1.9%|auto||auto|false|false\u00bb make_equal=\u00bbon\u00bb disabled_on=\u00bboff|off|off\u00bb _builder_version=\u00bb3.26.3&#8243; width_phone=\u00bb75%\u00bb width_last_edited=\u00bbon|desktop\u00bb max_width_last_edited=\u00bbon|desktop\u00bb module_alignment=\u00bbcenter\u00bb min_height=\u00bb100px\u00bb custom_margin_phone=\u00bb|auto|0%|auto|false|false\u00bb custom_margin_last_edited=\u00bboff|phone\u00bb][et_pb_column type=\u00bb1_4&#8243; _builder_version=\u00bb4.3.2&#8243;][et_pb_image src=\u00bbhttps:\/\/www.equiposytalentoeventos.com\/corporate-learning\/wp-content\/uploads\/2022\/09\/Claudio_ISS.jpg\u00bb title_text=\u00bblaura_santacreu\u00bb align_phone=\u00bbleft\u00bb align_last_edited=\u00bbon|phone\u00bb _builder_version=\u00bb3.26.3&#8243; border_color_all=\u00bb#ffffff\u00bb max_width=\u00bb180px\u00bb custom_padding=\u00bb|0px||||\u00bb][\/et_pb_image][et_pb_text _builder_version=\u00bb3.26.3&#8243; text_font=\u00bb||||||||\u00bb text_text_color=\u00bb#ffffff\u00bb text_line_height=\u00bb28px\u00bb custom_margin=\u00bb|||0%|false|false\u00bb custom_margin_phone=\u00bb|||0%|false|false\u00bb custom_margin_last_edited=\u00bbon|desktop\u00bb text_font_size_last_edited=\u00bbon|desktop\u00bb text_line_height_last_edited=\u00bbon|desktop\u00bb]<\/p>\n<p><span style=\"font-size: 24px; color: #68c4d1;\"><strong><span>Claudio Hern\u00e1ndez,\u00a0 <br \/><\/span><\/strong><\/span>L&amp;D Manager de <span style=\"color: #11d8d8;\"><strong>ISS FACILITY SERVICES ESPA\u00d1A<\/strong><\/span><\/p>\n<p>[\/et_pb_text][et_pb_social_media_follow use_icon_font_size=\u00bbon\u00bb icon_font_size=\u00bb22px\u00bb _builder_version=\u00bb3.26.3&#8243; border_radii=\u00bbon|100px|100px|100px|100px\u00bb custom_button=\u00bbon\u00bb module_alignment=\u00bbleft\u00bb custom_margin=\u00bb0%|||0%|false|false\u00bb custom_margin_phone=\u00bb|||0%|false|false\u00bb custom_margin_last_edited=\u00bbon|desktop\u00bb][et_pb_social_media_follow_network social_network=\u00bblinkedin\u00bb url=\u00bbhttps:\/\/www.linkedin.com\/in\/claudio-hernandezolalla\/\u00bb _builder_version=\u00bb3.26.3&#8243; background_color=\u00bb#007AB9&#8243; background_enable_color=\u00bbon\u00bb follow_button=\u00bboff\u00bb url_new_window=\u00bbon\u00bb]linkedin[\/et_pb_social_media_follow_network][et_pb_social_media_follow_network social_network=\u00bbtwitter\u00bb url=\u00bbhttps:\/\/twitter.com\/ISS_ES\u00bb _builder_version=\u00bb3.26.3&#8243; background_color=\u00bb#00aced\u00bb follow_button=\u00bboff\u00bb url_new_window=\u00bbon\u00bb]twitter[\/et_pb_social_media_follow_network][\/et_pb_social_media_follow][\/et_pb_column][et_pb_column type=\u00bb1_4&#8243; _builder_version=\u00bb4.3.2&#8243;][et_pb_image src=\u00bbhttps:\/\/www.equiposytalentoeventos.com\/corporate-learning\/wp-content\/uploads\/2022\/09\/Isaac_PREZERO.jpg\u00bb title_text=\u00bblaura_santacreu\u00bb align_phone=\u00bbleft\u00bb align_last_edited=\u00bbon|phone\u00bb _builder_version=\u00bb3.26.3&#8243; border_color_all=\u00bb#ffffff\u00bb max_width=\u00bb180px\u00bb custom_padding=\u00bb|0px||||\u00bb locked=\u00bboff\u00bb][\/et_pb_image][et_pb_text _builder_version=\u00bb3.26.3&#8243; text_font=\u00bb||||||||\u00bb text_text_color=\u00bb#ffffff\u00bb text_line_height=\u00bb28px\u00bb custom_margin=\u00bb|||0%|false|false\u00bb custom_margin_phone=\u00bb|||0%|false|false\u00bb custom_margin_last_edited=\u00bbon|desktop\u00bb text_font_size_last_edited=\u00bbon|desktop\u00bb text_line_height_last_edited=\u00bbon|desktop\u00bb locked=\u00bboff\u00bb]<\/p>\n<p><span style=\"font-size: 24px; color: #68c4d1;\"><strong><span>Isaac Orduna,\u00a0 <\/span><\/strong><\/span><br \/><span style=\"color: #11d8d8;\"><span style=\"color: #ffffff;\">Head of Talent de<\/span><strong> PREZERO ESPA\u00d1A<\/strong> <\/span><\/p>\n<p>[\/et_pb_text][et_pb_social_media_follow use_icon_font_size=\u00bbon\u00bb icon_font_size=\u00bb22px\u00bb _builder_version=\u00bb3.26.3&#8243; border_radii=\u00bbon|100px|100px|100px|100px\u00bb custom_button=\u00bbon\u00bb module_alignment=\u00bbleft\u00bb custom_margin=\u00bb0%|||0%|false|false\u00bb custom_margin_phone=\u00bb|||0%|false|false\u00bb custom_margin_last_edited=\u00bbon|desktop\u00bb locked=\u00bboff\u00bb][et_pb_social_media_follow_network social_network=\u00bblinkedin\u00bb url=\u00bbhttps:\/\/www.linkedin.com\/in\/isaacorduna\/\u00bb _builder_version=\u00bb3.26.3&#8243; background_color=\u00bb#007AB9&#8243; background_enable_color=\u00bbon\u00bb follow_button=\u00bboff\u00bb url_new_window=\u00bbon\u00bb]linkedin[\/et_pb_social_media_follow_network][et_pb_social_media_follow_network social_network=\u00bbtwitter\u00bb url=\u00bbhttps:\/\/twitter.com\/PreZero_ES\u00bb _builder_version=\u00bb3.26.3&#8243; background_color=\u00bb#00aced\u00bb follow_button=\u00bboff\u00bb url_new_window=\u00bbon\u00bb]twitter[\/et_pb_social_media_follow_network][\/et_pb_social_media_follow][\/et_pb_column][et_pb_column type=\u00bb1_4&#8243; _builder_version=\u00bb4.3.2&#8243;][et_pb_image src=\u00bbhttps:\/\/www.equiposytalentoeventos.com\/corporate-learning\/wp-content\/uploads\/2022\/09\/Katia_INDRA.jpg\u00bb title_text=\u00bblaura_santacreu\u00bb align_phone=\u00bbleft\u00bb align_last_edited=\u00bbon|phone\u00bb _builder_version=\u00bb3.26.3&#8243; border_color_all=\u00bb#ffffff\u00bb max_width=\u00bb180px\u00bb custom_padding=\u00bb|0px||||\u00bb][\/et_pb_image][et_pb_text _builder_version=\u00bb3.26.3&#8243; text_font=\u00bb||||||||\u00bb text_text_color=\u00bb#ffffff\u00bb text_line_height=\u00bb28px\u00bb custom_margin=\u00bb|||0%|false|false\u00bb custom_margin_phone=\u00bb|||0%|false|false\u00bb custom_margin_last_edited=\u00bbon|desktop\u00bb text_font_size_last_edited=\u00bbon|desktop\u00bb text_line_height_last_edited=\u00bbon|desktop\u00bb]<\/p>\n<p><span style=\"font-size: 24px; color: #68c4d1;\"><strong>Katia Mu\u00f1oz,\u00a0 <\/strong><\/span><br \/><span style=\"color: #11d8d8;\"><span style=\"color: #ffffff;\">Responsable de Gesti\u00f3n de conocimiento y Experiencia de empleado de<\/span><strong> INDRA<\/strong><\/span><\/p>\n<p>[\/et_pb_text][et_pb_social_media_follow use_icon_font_size=\u00bbon\u00bb icon_font_size=\u00bb22px\u00bb _builder_version=\u00bb3.26.3&#8243; border_radii=\u00bbon|100px|100px|100px|100px\u00bb custom_button=\u00bbon\u00bb module_alignment=\u00bbleft\u00bb custom_margin=\u00bb0%|||0%|false|false\u00bb custom_margin_phone=\u00bb|||0%|false|false\u00bb custom_margin_last_edited=\u00bbon|desktop\u00bb locked=\u00bboff\u00bb][et_pb_social_media_follow_network social_network=\u00bblinkedin\u00bb url=\u00bbhttps:\/\/www.linkedin.com\/in\/katiamunozcaballero\/\u00bb _builder_version=\u00bb3.26.3&#8243; background_color=\u00bb#007AB9&#8243; background_enable_color=\u00bbon\u00bb follow_button=\u00bboff\u00bb url_new_window=\u00bbon\u00bb]linkedin[\/et_pb_social_media_follow_network][et_pb_social_media_follow_network social_network=\u00bbtwitter\u00bb url=\u00bbhttps:\/\/twitter.com\/IndraCompany\u00bb _builder_version=\u00bb3.26.3&#8243; background_color=\u00bb#00aced\u00bb follow_button=\u00bboff\u00bb url_new_window=\u00bbon\u00bb]twitter[\/et_pb_social_media_follow_network][\/et_pb_social_media_follow][\/et_pb_column][et_pb_column type=\u00bb1_4&#8243; _builder_version=\u00bb4.3.2&#8243;][et_pb_image src=\u00bbhttps:\/\/www.equiposytalentoeventos.com\/corporate-learning\/wp-content\/uploads\/2022\/09\/Marta_REPSOL.jpg\u00bb title_text=\u00bblaura_santacreu\u00bb align_phone=\u00bbleft\u00bb align_last_edited=\u00bbon|phone\u00bb _builder_version=\u00bb3.26.3&#8243; border_color_all=\u00bb#ffffff\u00bb max_width=\u00bb180px\u00bb custom_padding=\u00bb|0px||||\u00bb locked=\u00bboff\u00bb][\/et_pb_image][et_pb_text _builder_version=\u00bb3.26.3&#8243; text_font=\u00bb||||||||\u00bb text_text_color=\u00bb#ffffff\u00bb text_line_height=\u00bb28px\u00bb custom_margin=\u00bb|||0%|false|false\u00bb custom_margin_phone=\u00bb|||0%|false|false\u00bb custom_margin_last_edited=\u00bbon|desktop\u00bb text_font_size_last_edited=\u00bbon|desktop\u00bb text_line_height_last_edited=\u00bbon|desktop\u00bb locked=\u00bboff\u00bb]<\/p>\n<p><span style=\"font-size: 24px; color: #68c4d1;\"><strong>Marta del Mazo, <\/strong><\/span><br \/><span style=\"color: #ffffff;\"><span style=\"color: #11d8d8;\"><span style=\"color: #ffffff;\">Learning &amp; Training Sr. Manager de<\/span><strong> REPSOL<\/strong><\/span><\/span><\/p>\n<p>[\/et_pb_text][et_pb_social_media_follow use_icon_font_size=\u00bbon\u00bb icon_font_size=\u00bb22px\u00bb _builder_version=\u00bb3.26.3&#8243; border_radii=\u00bbon|100px|100px|100px|100px\u00bb custom_button=\u00bbon\u00bb module_alignment=\u00bbleft\u00bb custom_margin=\u00bb0%|||0%|false|false\u00bb custom_margin_phone=\u00bb|||0%|false|false\u00bb custom_margin_last_edited=\u00bbon|desktop\u00bb locked=\u00bboff\u00bb][et_pb_social_media_follow_network social_network=\u00bblinkedin\u00bb url=\u00bbhttps:\/\/www.linkedin.com\/in\/marta-del-mazo-roquero\/\u00bb _builder_version=\u00bb3.26.3&#8243; background_color=\u00bb#007AB9&#8243; background_enable_color=\u00bbon\u00bb follow_button=\u00bboff\u00bb url_new_window=\u00bbon\u00bb]linkedin[\/et_pb_social_media_follow_network][et_pb_social_media_follow_network social_network=\u00bbtwitter\u00bb url=\u00bbhttps:\/\/twitter.com\/Repsol\u00bb _builder_version=\u00bb3.26.3&#8243; background_color=\u00bb#00aced\u00bb follow_button=\u00bboff\u00bb url_new_window=\u00bbon\u00bb]twitter[\/et_pb_social_media_follow_network][\/et_pb_social_media_follow][\/et_pb_column][\/et_pb_row][et_pb_row column_structure=\u00bb1_4,1_4,1_4,1_4&#8243; use_custom_gutter=\u00bbon\u00bb gutter_width=\u00bb2&#8243; custom_padding=\u00bb0px|||0px||\u00bb custom_margin=\u00bb1.9%|auto||auto|false|false\u00bb make_equal=\u00bbon\u00bb disabled_on=\u00bboff|off|off\u00bb _builder_version=\u00bb3.26.3&#8243; width_phone=\u00bb75%\u00bb width_last_edited=\u00bbon|desktop\u00bb max_width_last_edited=\u00bbon|desktop\u00bb module_alignment=\u00bbcenter\u00bb min_height=\u00bb100px\u00bb custom_margin_phone=\u00bb|auto|0%|auto|false|false\u00bb custom_margin_last_edited=\u00bboff|phone\u00bb][et_pb_column type=\u00bb1_4&#8243; _builder_version=\u00bb4.3.2&#8243;][et_pb_image src=\u00bbhttps:\/\/www.equiposytalentoeventos.com\/corporate-learning\/wp-content\/uploads\/2022\/09\/Andres_NTT-DATA.jpg\u00bb title_text=\u00bblaura_santacreu\u00bb align_phone=\u00bbleft\u00bb align_last_edited=\u00bbon|phone\u00bb _builder_version=\u00bb3.26.3&#8243; border_color_all=\u00bb#ffffff\u00bb max_width=\u00bb180px\u00bb custom_padding=\u00bb|0px||||\u00bb][\/et_pb_image][et_pb_text _builder_version=\u00bb3.26.3&#8243; text_font=\u00bb||||||||\u00bb text_text_color=\u00bb#ffffff\u00bb text_line_height=\u00bb28px\u00bb custom_margin=\u00bb|||0%|false|false\u00bb custom_margin_phone=\u00bb|||0%|false|false\u00bb custom_margin_last_edited=\u00bbon|desktop\u00bb text_font_size_last_edited=\u00bbon|desktop\u00bb text_line_height_last_edited=\u00bbon|desktop\u00bb]<\/p>\n<p><span style=\"font-size: 24px; color: #68c4d1;\"><strong><span>Andr\u00e9s Escudero, <\/span><\/strong><\/span>Manager Corporate University de <span style=\"color: #11d8d8;\"><strong>NTT DATA<\/strong><\/span><\/p>\n<p>[\/et_pb_text][et_pb_social_media_follow use_icon_font_size=\u00bbon\u00bb icon_font_size=\u00bb22px\u00bb _builder_version=\u00bb3.26.3&#8243; border_radii=\u00bbon|100px|100px|100px|100px\u00bb custom_button=\u00bbon\u00bb module_alignment=\u00bbleft\u00bb custom_margin=\u00bb0%|||0%|false|false\u00bb custom_margin_phone=\u00bb|||0%|false|false\u00bb custom_margin_last_edited=\u00bbon|desktop\u00bb][et_pb_social_media_follow_network social_network=\u00bblinkedin\u00bb url=\u00bbhttps:\/\/www.linkedin.com\/in\/andr%C3%A9s-escudero-jaramillo-44477033\/\u00bb _builder_version=\u00bb3.26.3&#8243; background_color=\u00bb#007AB9&#8243; background_enable_color=\u00bbon\u00bb follow_button=\u00bboff\u00bb url_new_window=\u00bbon\u00bb]linkedin[\/et_pb_social_media_follow_network][et_pb_social_media_follow_network social_network=\u00bbtwitter\u00bb url=\u00bbhttps:\/\/twitter.com\/NTTDataSpain\u00bb _builder_version=\u00bb3.26.3&#8243; background_color=\u00bb#00aced\u00bb follow_button=\u00bboff\u00bb url_new_window=\u00bbon\u00bb]twitter[\/et_pb_social_media_follow_network][\/et_pb_social_media_follow][\/et_pb_column][et_pb_column type=\u00bb1_4&#8243; _builder_version=\u00bb4.3.2&#8243;][et_pb_image src=\u00bbhttps:\/\/www.equiposytalentoeventos.com\/corporate-learning\/wp-content\/uploads\/2022\/10\/Daniela_BOEHRINGER.jpg\u00bb title_text=\u00bblaura_santacreu\u00bb align_phone=\u00bbleft\u00bb align_last_edited=\u00bbon|phone\u00bb _builder_version=\u00bb3.26.3&#8243; border_color_all=\u00bb#ffffff\u00bb max_width=\u00bb180px\u00bb custom_padding=\u00bb|0px||||\u00bb locked=\u00bboff\u00bb][\/et_pb_image][et_pb_text _builder_version=\u00bb3.26.3&#8243; text_font=\u00bb||||||||\u00bb text_text_color=\u00bb#ffffff\u00bb text_line_height=\u00bb28px\u00bb custom_margin=\u00bb|||0%|false|false\u00bb custom_margin_phone=\u00bb|||0%|false|false\u00bb custom_margin_last_edited=\u00bbon|desktop\u00bb text_font_size_last_edited=\u00bbon|desktop\u00bb text_line_height_last_edited=\u00bbon|desktop\u00bb locked=\u00bboff\u00bb]<\/p>\n<p><span style=\"font-size: 24px; color: #68c4d1;\"><strong><span>Daniela Valente,\u00a0\u00a0 <\/span><\/strong><\/span><br \/><span style=\"color: #11d8d8;\"><span style=\"color: #ffffff;\">HR Business Partner IT &amp; Delivery Unit de <\/span><strong>BOEHRINGER INGELHEIM<\/strong> <\/span><\/p>\n<p>[\/et_pb_text][et_pb_social_media_follow use_icon_font_size=\u00bbon\u00bb icon_font_size=\u00bb22px\u00bb _builder_version=\u00bb3.26.3&#8243; border_radii=\u00bbon|100px|100px|100px|100px\u00bb custom_button=\u00bbon\u00bb module_alignment=\u00bbleft\u00bb custom_margin=\u00bb0%|||0%|false|false\u00bb custom_margin_phone=\u00bb|||0%|false|false\u00bb custom_margin_last_edited=\u00bbon|desktop\u00bb locked=\u00bboff\u00bb][et_pb_social_media_follow_network social_network=\u00bblinkedin\u00bb url=\u00bbhttps:\/\/www.linkedin.com\/in\/daniela-valente-58035b30\/\u00bb _builder_version=\u00bb3.26.3&#8243; background_color=\u00bb#007AB9&#8243; background_enable_color=\u00bbon\u00bb follow_button=\u00bboff\u00bb url_new_window=\u00bbon\u00bb]linkedin[\/et_pb_social_media_follow_network][et_pb_social_media_follow_network social_network=\u00bbtwitter\u00bb url=\u00bbhttps:\/\/twitter.com\/BoehringerES\u00bb _builder_version=\u00bb3.26.3&#8243; background_color=\u00bb#00aced\u00bb follow_button=\u00bboff\u00bb url_new_window=\u00bbon\u00bb]twitter[\/et_pb_social_media_follow_network][\/et_pb_social_media_follow][\/et_pb_column][et_pb_column type=\u00bb1_4&#8243; _builder_version=\u00bb4.3.2&#8243;][et_pb_image src=\u00bbhttps:\/\/www.equiposytalentoeventos.com\/corporate-learning\/wp-content\/uploads\/2022\/10\/Enrique-Benayas_ESIC.jpg\u00bb title_text=\u00bblaura_santacreu\u00bb align_phone=\u00bbleft\u00bb align_last_edited=\u00bbon|phone\u00bb _builder_version=\u00bb3.26.3&#8243; border_color_all=\u00bb#ffffff\u00bb max_width=\u00bb180px\u00bb custom_padding=\u00bb|0px||||\u00bb locked=\u00bboff\u00bb][\/et_pb_image][et_pb_text _builder_version=\u00bb3.26.3&#8243; text_font=\u00bb||||||||\u00bb text_text_color=\u00bb#ffffff\u00bb text_line_height=\u00bb28px\u00bb custom_margin=\u00bb|||0%|false|false\u00bb custom_margin_phone=\u00bb|||0%|false|false\u00bb custom_margin_last_edited=\u00bbon|desktop\u00bb custom_padding=\u00bb|||0px||\u00bb text_font_size_last_edited=\u00bbon|desktop\u00bb text_line_height_last_edited=\u00bbon|desktop\u00bb locked=\u00bboff\u00bb]<\/p>\n<p><span style=\"font-size: 24px; color: #68c4d1;\"><strong>Enrique Benayas, <\/strong><\/span><br \/><span style=\"color: #ffffff;\"><span style=\"color: #11d8d8;\"><span style=\"color: #ffffff;\">Director ESIC Corporate Education y Director General Instituto de Innovaci\u00f3n de <span style=\"color: #11d8d8;\"><b>ESIC<\/b><\/span><\/span><\/span><\/span><\/p>\n<p>[\/et_pb_text][et_pb_social_media_follow use_icon_font_size=\u00bbon\u00bb icon_font_size=\u00bb22px\u00bb _builder_version=\u00bb3.26.3&#8243; border_radii=\u00bbon|100px|100px|100px|100px\u00bb custom_button=\u00bbon\u00bb module_alignment=\u00bbleft\u00bb custom_margin=\u00bb0%|||0%|false|false\u00bb custom_margin_phone=\u00bb|||0%|false|false\u00bb custom_margin_last_edited=\u00bbon|desktop\u00bb][et_pb_social_media_follow_network social_network=\u00bblinkedin\u00bb url=\u00bbhttps:\/\/www.linkedin.com\/in\/enriquebenayas\/\u00bb _builder_version=\u00bb3.26.3&#8243; background_color=\u00bb#007AB9&#8243; background_enable_color=\u00bbon\u00bb follow_button=\u00bboff\u00bb url_new_window=\u00bbon\u00bb]linkedin[\/et_pb_social_media_follow_network][et_pb_social_media_follow_network social_network=\u00bbtwitter\u00bb url=\u00bbhttps:\/\/twitter.com\/benayas\u00bb _builder_version=\u00bb3.26.3&#8243; background_color=\u00bb#00aced\u00bb follow_button=\u00bboff\u00bb url_new_window=\u00bbon\u00bb]twitter[\/et_pb_social_media_follow_network][\/et_pb_social_media_follow][\/et_pb_column][et_pb_column type=\u00bb1_4&#8243; _builder_version=\u00bb4.3.2&#8243;][et_pb_image src=\u00bbhttps:\/\/www.equiposytalentoeventos.com\/corporate-learning\/wp-content\/uploads\/2022\/09\/Eva_COFARES.jpg\u00bb title_text=\u00bblaura_santacreu\u00bb align_phone=\u00bbleft\u00bb align_last_edited=\u00bbon|phone\u00bb _builder_version=\u00bb3.26.3&#8243; border_color_all=\u00bb#ffffff\u00bb max_width=\u00bb180px\u00bb custom_padding=\u00bb|0px||||\u00bb locked=\u00bboff\u00bb][\/et_pb_image][et_pb_text _builder_version=\u00bb3.26.3&#8243; text_font=\u00bb||||||||\u00bb text_text_color=\u00bb#ffffff\u00bb text_line_height=\u00bb28px\u00bb custom_margin=\u00bb|||0%|false|false\u00bb custom_margin_phone=\u00bb|||0%|false|false\u00bb custom_margin_last_edited=\u00bbon|desktop\u00bb text_font_size_last_edited=\u00bbon|desktop\u00bb text_line_height_last_edited=\u00bbon|desktop\u00bb locked=\u00bboff\u00bb]<\/p>\n<p><span style=\"font-size: 24px; color: #68c4d1;\"><strong>Eva Diaz-Maroto, <\/strong><\/span><br \/><span style=\"color: #ffffff;\"><span style=\"color: #11d8d8;\"><span style=\"color: #ffffff;\">directora de formaci\u00f3n y desarrollo de <\/span><strong>COFARES<\/strong><\/span><\/span><\/p>\n<p>[\/et_pb_text][et_pb_social_media_follow use_icon_font_size=\u00bbon\u00bb icon_font_size=\u00bb22px\u00bb _builder_version=\u00bb3.26.3&#8243; border_radii=\u00bbon|100px|100px|100px|100px\u00bb custom_button=\u00bbon\u00bb module_alignment=\u00bbleft\u00bb custom_margin=\u00bb0%|||0%|false|false\u00bb custom_margin_phone=\u00bb|||0%|false|false\u00bb custom_margin_last_edited=\u00bbon|desktop\u00bb locked=\u00bboff\u00bb][et_pb_social_media_follow_network social_network=\u00bblinkedin\u00bb url=\u00bbhttps:\/\/www.linkedin.com\/in\/evadiazmaroto\/\u00bb _builder_version=\u00bb3.26.3&#8243; background_color=\u00bb#007AB9&#8243; background_enable_color=\u00bbon\u00bb follow_button=\u00bboff\u00bb url_new_window=\u00bbon\u00bb]linkedin[\/et_pb_social_media_follow_network][et_pb_social_media_follow_network social_network=\u00bbtwitter\u00bb url=\u00bbhttps:\/\/twitter.com\/cofares\u00bb _builder_version=\u00bb3.26.3&#8243; background_color=\u00bb#00aced\u00bb follow_button=\u00bboff\u00bb url_new_window=\u00bbon\u00bb]twitter[\/et_pb_social_media_follow_network][\/et_pb_social_media_follow][\/et_pb_column][\/et_pb_row][et_pb_row column_structure=\u00bb1_4,1_4,1_4,1_4&#8243; use_custom_gutter=\u00bbon\u00bb gutter_width=\u00bb2&#8243; custom_padding=\u00bb0px|||0px||\u00bb custom_margin=\u00bb1.9%|auto||auto|false|false\u00bb make_equal=\u00bbon\u00bb disabled_on=\u00bboff|off|off\u00bb _builder_version=\u00bb3.26.3&#8243; width_phone=\u00bb75%\u00bb width_last_edited=\u00bbon|desktop\u00bb max_width_last_edited=\u00bbon|desktop\u00bb module_alignment=\u00bbcenter\u00bb min_height=\u00bb100px\u00bb custom_margin_phone=\u00bb|auto|0%|auto|false|false\u00bb custom_margin_last_edited=\u00bboff|phone\u00bb][et_pb_column type=\u00bb1_4&#8243; _builder_version=\u00bb4.3.2&#8243;][et_pb_image src=\u00bbhttps:\/\/www.equiposytalentoeventos.com\/corporate-learning\/wp-content\/uploads\/2022\/09\/Maria-Martin_SECURITAS-e1664277384490.jpg\u00bb title_text=\u00bblaura_santacreu\u00bb align_phone=\u00bbleft\u00bb align_last_edited=\u00bbon|phone\u00bb _builder_version=\u00bb3.26.3&#8243; border_color_all=\u00bb#ffffff\u00bb max_width=\u00bb180px\u00bb custom_padding=\u00bb|0px||||\u00bb][\/et_pb_image][et_pb_text _builder_version=\u00bb3.26.3&#8243; text_font=\u00bb||||||||\u00bb text_text_color=\u00bb#ffffff\u00bb text_line_height=\u00bb28px\u00bb custom_margin=\u00bb|||0%|false|false\u00bb custom_margin_phone=\u00bb|||0%|false|false\u00bb custom_margin_last_edited=\u00bbon|desktop\u00bb text_font_size_last_edited=\u00bbon|desktop\u00bb text_line_height_last_edited=\u00bbon|desktop\u00bb]<\/p>\n<p><span style=\"font-size: 24px; color: #68c4d1;\"><strong><span>Mar\u00eda Mart\u00edn,\u00a0 <br \/><\/span><\/strong><\/span><span style=\"color: #11d8d8;\"><span style=\"color: #ffffff;\">Performance Management &amp; Development Manager de<\/span><strong> SECURITAS DIRECT<\/strong><\/span><\/p>\n<p>[\/et_pb_text][et_pb_social_media_follow use_icon_font_size=\u00bbon\u00bb icon_font_size=\u00bb22px\u00bb _builder_version=\u00bb3.26.3&#8243; border_radii=\u00bbon|100px|100px|100px|100px\u00bb custom_button=\u00bbon\u00bb module_alignment=\u00bbleft\u00bb custom_margin=\u00bb0%|||0%|false|false\u00bb custom_margin_phone=\u00bb|||0%|false|false\u00bb custom_margin_last_edited=\u00bbon|desktop\u00bb][et_pb_social_media_follow_network social_network=\u00bblinkedin\u00bb url=\u00bbhttps:\/\/www.linkedin.com\/in\/mariamartinfer\/\u00bb _builder_version=\u00bb3.26.3&#8243; background_color=\u00bb#007AB9&#8243; background_enable_color=\u00bbon\u00bb follow_button=\u00bboff\u00bb url_new_window=\u00bbon\u00bb]linkedin[\/et_pb_social_media_follow_network][et_pb_social_media_follow_network social_network=\u00bbtwitter\u00bb url=\u00bbhttps:\/\/twitter.com\/SecuritasDirect\u00bb _builder_version=\u00bb3.26.3&#8243; background_color=\u00bb#00aced\u00bb follow_button=\u00bboff\u00bb url_new_window=\u00bbon\u00bb]twitter[\/et_pb_social_media_follow_network][\/et_pb_social_media_follow][\/et_pb_column][et_pb_column type=\u00bb1_4&#8243; _builder_version=\u00bb4.3.2&#8243;][et_pb_image src=\u00bbhttps:\/\/www.equiposytalentoeventos.com\/corporate-learning\/wp-content\/uploads\/2022\/10\/Marina-Tirado_OK.jpg\u00bb title_text=\u00bblaura_santacreu\u00bb align_phone=\u00bbleft\u00bb align_last_edited=\u00bbon|phone\u00bb _builder_version=\u00bb3.26.3&#8243; border_color_all=\u00bb#ffffff\u00bb max_width=\u00bb180px\u00bb custom_padding=\u00bb|0px||||\u00bb][\/et_pb_image][et_pb_text _builder_version=\u00bb3.26.3&#8243; text_font=\u00bb||||||||\u00bb text_text_color=\u00bb#ffffff\u00bb text_line_height=\u00bb28px\u00bb custom_margin=\u00bb|||0%|false|false\u00bb custom_margin_phone=\u00bb|||0%|false|false\u00bb custom_margin_last_edited=\u00bbon|desktop\u00bb text_font_size_last_edited=\u00bbon|desktop\u00bb text_line_height_last_edited=\u00bbon|desktop\u00bb]<\/p>\n<p><span style=\"font-size: 24px; color: #68c4d1;\"><strong><span>Marina Tirado,\u00a0 <br \/><\/span><\/strong><\/span><span style=\"color: #11d8d8;\"><span style=\"color: #ffffff;\"><span>Directora de la Unidad\u00a0<\/span><\/span><\/span><span style=\"font-size: 18px;\">de Educaci\u00f3n Ejecutiva de la<\/span><strong style=\"color: #11d8d8; font-size: 18px;\">\u00a0UNIVERSIDAD FRANCISCO DE VITORIA<\/strong><\/p>\n<p>[\/et_pb_text][et_pb_social_media_follow use_icon_font_size=\u00bbon\u00bb icon_font_size=\u00bb22px\u00bb _builder_version=\u00bb3.26.3&#8243; border_radii=\u00bbon|100px|100px|100px|100px\u00bb custom_button=\u00bbon\u00bb module_alignment=\u00bbleft\u00bb custom_margin=\u00bb0%|||0%|false|false\u00bb custom_margin_phone=\u00bb|||0%|false|false\u00bb custom_margin_last_edited=\u00bbon|desktop\u00bb][et_pb_social_media_follow_network social_network=\u00bblinkedin\u00bb url=\u00bbhttps:\/\/www.linkedin.com\/in\/marina-tirado\/\u00bb _builder_version=\u00bb3.26.3&#8243; background_color=\u00bb#007AB9&#8243; background_enable_color=\u00bbon\u00bb follow_button=\u00bboff\u00bb url_new_window=\u00bbon\u00bb]linkedin[\/et_pb_social_media_follow_network][et_pb_social_media_follow_network social_network=\u00bbtwitter\u00bb url=\u00bbhttps:\/\/twitter.com\/ufvmadrid\u00bb _builder_version=\u00bb3.26.3&#8243; background_color=\u00bb#00aced\u00bb follow_button=\u00bboff\u00bb url_new_window=\u00bbon\u00bb]twitter[\/et_pb_social_media_follow_network][\/et_pb_social_media_follow][\/et_pb_column][et_pb_column type=\u00bb1_4&#8243; _builder_version=\u00bb4.3.2&#8243;][et_pb_image src=\u00bbhttps:\/\/www.equiposytalentoeventos.com\/corporate-learning\/wp-content\/uploads\/2022\/10\/Oscar_Leroy-Merlin.jpg\u00bb title_text=\u00bblaura_santacreu\u00bb align_phone=\u00bbleft\u00bb align_last_edited=\u00bbon|phone\u00bb _builder_version=\u00bb3.26.3&#8243; border_color_all=\u00bb#ffffff\u00bb max_width=\u00bb180px\u00bb custom_padding=\u00bb|0px||||\u00bb][\/et_pb_image][et_pb_text _builder_version=\u00bb3.26.3&#8243; text_font=\u00bb||||||||\u00bb text_text_color=\u00bb#ffffff\u00bb text_line_height=\u00bb28px\u00bb custom_margin=\u00bb|||0%|false|false\u00bb custom_margin_phone=\u00bb|||0%|false|false\u00bb custom_margin_last_edited=\u00bbon|desktop\u00bb text_font_size_last_edited=\u00bbon|desktop\u00bb text_line_height_last_edited=\u00bbon|desktop\u00bb]<\/p>\n<p><span style=\"font-size: 24px; color: #68c4d1;\"><strong><span>Oscar Lao,\u00a0 <br \/><\/span><\/strong><\/span><span style=\"font-size: 18px;\">Jefe de Proyecto Talento de\u00a0<\/span><strong style=\"color: #11d8d8; font-size: 18px;\">LEROY MERLIN ESPA\u00d1A<\/strong><\/p>\n<p>[\/et_pb_text][et_pb_social_media_follow use_icon_font_size=\u00bbon\u00bb icon_font_size=\u00bb22px\u00bb _builder_version=\u00bb3.26.3&#8243; border_radii=\u00bbon|100px|100px|100px|100px\u00bb custom_button=\u00bbon\u00bb module_alignment=\u00bbleft\u00bb custom_margin=\u00bb0%|||0%|false|false\u00bb custom_margin_phone=\u00bb|||0%|false|false\u00bb custom_margin_last_edited=\u00bbon|desktop\u00bb][et_pb_social_media_follow_network social_network=\u00bblinkedin\u00bb url=\u00bbhttps:\/\/www.linkedin.com\/in\/oscarlag\/\u00bb _builder_version=\u00bb3.26.3&#8243; background_color=\u00bb#007AB9&#8243; background_enable_color=\u00bbon\u00bb follow_button=\u00bboff\u00bb url_new_window=\u00bbon\u00bb]linkedin[\/et_pb_social_media_follow_network][et_pb_social_media_follow_network social_network=\u00bbtwitter\u00bb url=\u00bbhttps:\/\/twitter.com\/leroymerlin_es\u00bb _builder_version=\u00bb3.26.3&#8243; background_color=\u00bb#00aced\u00bb follow_button=\u00bboff\u00bb url_new_window=\u00bbon\u00bb]twitter[\/et_pb_social_media_follow_network][\/et_pb_social_media_follow][\/et_pb_column][et_pb_column type=\u00bb1_4&#8243; _builder_version=\u00bb4.3.2&#8243;][et_pb_image src=\u00bbhttps:\/\/www.equiposytalentoeventos.com\/corporate-learning\/wp-content\/uploads\/2022\/10\/Ainara_DIAGEO.jpg\u00bb title_text=\u00bblaura_santacreu\u00bb align_phone=\u00bbleft\u00bb align_last_edited=\u00bbon|phone\u00bb _builder_version=\u00bb3.26.3&#8243; border_color_all=\u00bb#ffffff\u00bb max_width=\u00bb180px\u00bb custom_padding=\u00bb|0px||||\u00bb][\/et_pb_image][et_pb_text _builder_version=\u00bb3.26.3&#8243; text_font=\u00bb||||||||\u00bb text_text_color=\u00bb#ffffff\u00bb text_line_height=\u00bb28px\u00bb custom_margin=\u00bb|||0%|false|false\u00bb custom_margin_phone=\u00bb|||0%|false|false\u00bb custom_margin_last_edited=\u00bbon|desktop\u00bb text_font_size_last_edited=\u00bbon|desktop\u00bb text_line_height_last_edited=\u00bbon|desktop\u00bb]<\/p>\n<p><span style=\"font-size: 24px; color: #68c4d1;\"><strong><span>Ainara L\u00f3pez,<br \/> <\/span><\/strong><\/span><span style=\"font-size: 18px;\">Directora de RRHH de <\/span><strong style=\"color: #11d8d8; font-size: 18px;\">DIAGEO SUR DE EUROPA<\/strong><\/p>\n<p>[\/et_pb_text][et_pb_social_media_follow use_icon_font_size=\u00bbon\u00bb icon_font_size=\u00bb22px\u00bb _builder_version=\u00bb3.26.3&#8243; border_radii=\u00bbon|100px|100px|100px|100px\u00bb custom_button=\u00bbon\u00bb module_alignment=\u00bbleft\u00bb custom_margin=\u00bb0%|||0%|false|false\u00bb custom_margin_phone=\u00bb|||0%|false|false\u00bb custom_margin_last_edited=\u00bbon|desktop\u00bb][et_pb_social_media_follow_network social_network=\u00bblinkedin\u00bb url=\u00bbhttps:\/\/www.linkedin.com\/in\/ainara-l%C3%B3pez-basurto-68224926\/\u00bb _builder_version=\u00bb3.26.3&#8243; background_color=\u00bb#007AB9&#8243; background_enable_color=\u00bbon\u00bb follow_button=\u00bboff\u00bb url_new_window=\u00bbon\u00bb]linkedin[\/et_pb_social_media_follow_network][\/et_pb_social_media_follow][\/et_pb_column][\/et_pb_row][et_pb_row column_structure=\u00bb1_4,1_4,1_4,1_4&#8243; use_custom_gutter=\u00bbon\u00bb gutter_width=\u00bb2&#8243; custom_padding=\u00bb0px|||0px||\u00bb custom_margin=\u00bb1.9%|auto||auto|false|false\u00bb make_equal=\u00bbon\u00bb disabled_on=\u00bboff|off|off\u00bb _builder_version=\u00bb3.26.3&#8243; width_phone=\u00bb75%\u00bb width_last_edited=\u00bbon|desktop\u00bb max_width_last_edited=\u00bbon|desktop\u00bb module_alignment=\u00bbcenter\u00bb min_height=\u00bb100px\u00bb custom_margin_phone=\u00bb|auto|0%|auto|false|false\u00bb custom_margin_last_edited=\u00bboff|phone\u00bb][et_pb_column type=\u00bb1_4&#8243; _builder_version=\u00bb4.3.2&#8243;][et_pb_image src=\u00bbhttps:\/\/www.equiposytalentoeventos.com\/corporate-learning\/wp-content\/uploads\/2022\/10\/Jean_Mondelez.jpg\u00bb title_text=\u00bblaura_santacreu\u00bb align_phone=\u00bbleft\u00bb align_last_edited=\u00bbon|phone\u00bb _builder_version=\u00bb3.26.3&#8243; border_color_all=\u00bb#ffffff\u00bb max_width=\u00bb180px\u00bb custom_padding=\u00bb|0px||||\u00bb locked=\u00bboff\u00bb][\/et_pb_image][et_pb_text _builder_version=\u00bb3.26.3&#8243; text_font=\u00bb||||||||\u00bb text_text_color=\u00bb#ffffff\u00bb text_line_height=\u00bb28px\u00bb custom_margin=\u00bb|||0%|false|false\u00bb custom_margin_phone=\u00bb|||0%|false|false\u00bb custom_margin_last_edited=\u00bbon|desktop\u00bb text_font_size_last_edited=\u00bbon|desktop\u00bb text_line_height_last_edited=\u00bbon|desktop\u00bb locked=\u00bboff\u00bb]<\/p>\n<p><span style=\"font-size: 24px; color: #68c4d1;\"><strong><span>Jean-Fran\u00e7ois Forgeot,\u00a0 <\/span><\/strong><\/span><br \/><span style=\"color: #11d8d8;\"><span style=\"color: #ffffff;\">HR Director Iberia de<\/span><strong> MONDELEZ<\/strong> <\/span><\/p>\n<p>[\/et_pb_text][et_pb_social_media_follow use_icon_font_size=\u00bbon\u00bb icon_font_size=\u00bb22px\u00bb _builder_version=\u00bb3.26.3&#8243; border_radii=\u00bbon|100px|100px|100px|100px\u00bb custom_button=\u00bbon\u00bb module_alignment=\u00bbleft\u00bb custom_margin=\u00bb0%|||0%|false|false\u00bb custom_margin_phone=\u00bb|||0%|false|false\u00bb custom_margin_last_edited=\u00bbon|desktop\u00bb locked=\u00bboff\u00bb][et_pb_social_media_follow_network social_network=\u00bblinkedin\u00bb url=\u00bbhttps:\/\/www.linkedin.com\/in\/jfforgeotdarc\/\u00bb _builder_version=\u00bb3.26.3&#8243; background_color=\u00bb#007AB9&#8243; background_enable_color=\u00bbon\u00bb follow_button=\u00bboff\u00bb url_new_window=\u00bbon\u00bb]linkedin[\/et_pb_social_media_follow_network][et_pb_social_media_follow_network social_network=\u00bbtwitter\u00bb url=\u00bbhttps:\/\/twitter.com\/MDLZ\u00bb _builder_version=\u00bb3.26.3&#8243; background_color=\u00bb#00aced\u00bb follow_button=\u00bboff\u00bb url_new_window=\u00bbon\u00bb]twitter[\/et_pb_social_media_follow_network][\/et_pb_social_media_follow][\/et_pb_column][et_pb_column type=\u00bb1_4&#8243; _builder_version=\u00bb4.3.2&#8243;][et_pb_image src=\u00bbhttps:\/\/www.equiposytalentoeventos.com\/corporate-learning\/wp-content\/uploads\/2022\/10\/MarGarre_L\u00ednea-Directa_ok.jpg\u00bb title_text=\u00bblaura_santacreu\u00bb align_phone=\u00bbleft\u00bb align_last_edited=\u00bbon|phone\u00bb _builder_version=\u00bb3.26.3&#8243; border_color_all=\u00bb#ffffff\u00bb max_width=\u00bb180px\u00bb custom_padding=\u00bb|0px||||\u00bb locked=\u00bboff\u00bb][\/et_pb_image][et_pb_text _builder_version=\u00bb3.26.3&#8243; text_font=\u00bb||||||||\u00bb text_text_color=\u00bb#ffffff\u00bb text_line_height=\u00bb28px\u00bb custom_margin=\u00bb|||0%|false|false\u00bb custom_margin_phone=\u00bb|||0%|false|false\u00bb custom_margin_last_edited=\u00bbon|desktop\u00bb text_font_size_last_edited=\u00bbon|desktop\u00bb text_line_height_last_edited=\u00bbon|desktop\u00bb locked=\u00bboff\u00bb]<\/p>\n<p><span style=\"font-size: 24px; color: #68c4d1;\"><strong>Mar Garre, <\/strong><\/span><br \/><span style=\"color: #ffffff;\"><span style=\"color: #11d8d8;\"><span style=\"color: #ffffff;\"><span>Directora de Personas, Comunicaci\u00f3n y Sostenibilidad de<\/span> <\/span><strong>LINEA DIRECTA\u00a0<\/strong><\/span><\/span><\/p>\n<p>[\/et_pb_text][et_pb_social_media_follow use_icon_font_size=\u00bbon\u00bb icon_font_size=\u00bb22px\u00bb _builder_version=\u00bb3.26.3&#8243; border_radii=\u00bbon|100px|100px|100px|100px\u00bb custom_button=\u00bbon\u00bb module_alignment=\u00bbleft\u00bb custom_margin=\u00bb0%|||0%|false|false\u00bb custom_margin_phone=\u00bb|||0%|false|false\u00bb custom_margin_last_edited=\u00bbon|desktop\u00bb locked=\u00bboff\u00bb][et_pb_social_media_follow_network social_network=\u00bblinkedin\u00bb url=\u00bbhttps:\/\/www.linkedin.com\/in\/mar-garre\/\u00bb _builder_version=\u00bb3.26.3&#8243; background_color=\u00bb#007AB9&#8243; background_enable_color=\u00bbon\u00bb follow_button=\u00bboff\u00bb url_new_window=\u00bbon\u00bb]linkedin[\/et_pb_social_media_follow_network][et_pb_social_media_follow_network social_network=\u00bbtwitter\u00bb url=\u00bbhttps:\/\/twitter.com\/LineaDirecta_es\u00bb _builder_version=\u00bb3.26.3&#8243; background_color=\u00bb#00aced\u00bb follow_button=\u00bboff\u00bb url_new_window=\u00bbon\u00bb]twitter[\/et_pb_social_media_follow_network][\/et_pb_social_media_follow][\/et_pb_column][et_pb_column type=\u00bb1_4&#8243; _builder_version=\u00bb4.3.2&#8243;][et_pb_image src=\u00bbhttps:\/\/www.equiposytalentoeventos.com\/corporate-learning\/wp-content\/uploads\/2022\/10\/Esperanza_SEUR.jpg\u00bb title_text=\u00bblaura_santacreu\u00bb align_phone=\u00bbleft\u00bb align_last_edited=\u00bbon|phone\u00bb _builder_version=\u00bb3.26.3&#8243; border_color_all=\u00bb#ffffff\u00bb max_width=\u00bb180px\u00bb custom_padding=\u00bb|0px||||\u00bb][\/et_pb_image][et_pb_text _builder_version=\u00bb3.26.3&#8243; text_font=\u00bb||||||||\u00bb text_text_color=\u00bb#ffffff\u00bb text_line_height=\u00bb28px\u00bb custom_margin=\u00bb|||0%|false|false\u00bb custom_margin_phone=\u00bb|||0%|false|false\u00bb custom_margin_last_edited=\u00bbon|desktop\u00bb text_font_size_last_edited=\u00bbon|desktop\u00bb text_line_height_last_edited=\u00bbon|desktop\u00bb]<\/p>\n<p><span style=\"font-size: 24px; color: #68c4d1;\"><strong><span>Esperanza Nu\u00f1ez,\u00a0 <br \/><\/span><\/strong><\/span><span style=\"color: #11d8d8;\"><span style=\"color: #ffffff;\"><span>Responsable Talento <br \/>de<\/span><\/span><strong>\u00a0<\/strong><\/span><span style=\"color: #11d8d8;\"><strong>SEUR<\/strong><\/span><\/p>\n<p>[\/et_pb_text][et_pb_social_media_follow use_icon_font_size=\u00bbon\u00bb icon_font_size=\u00bb22px\u00bb _builder_version=\u00bb3.26.3&#8243; border_radii=\u00bbon|100px|100px|100px|100px\u00bb custom_button=\u00bbon\u00bb module_alignment=\u00bbleft\u00bb custom_margin=\u00bb0%|||0%|false|false\u00bb custom_margin_phone=\u00bb|||0%|false|false\u00bb custom_margin_last_edited=\u00bbon|desktop\u00bb][et_pb_social_media_follow_network social_network=\u00bblinkedin\u00bb url=\u00bbhttps:\/\/www.linkedin.com\/in\/esperanzanunez\/\u00bb _builder_version=\u00bb3.26.3&#8243; background_color=\u00bb#007AB9&#8243; background_enable_color=\u00bbon\u00bb follow_button=\u00bboff\u00bb url_new_window=\u00bbon\u00bb]linkedin[\/et_pb_social_media_follow_network][et_pb_social_media_follow_network social_network=\u00bbtwitter\u00bb url=\u00bbhttps:\/\/twitter.com\/SEUR\u00bb _builder_version=\u00bb3.26.3&#8243; background_color=\u00bb#00aced\u00bb follow_button=\u00bboff\u00bb url_new_window=\u00bbon\u00bb]twitter[\/et_pb_social_media_follow_network][\/et_pb_social_media_follow][\/et_pb_column][et_pb_column type=\u00bb1_4&#8243; _builder_version=\u00bb4.3.2&#8243;][et_pb_image src=\u00bbhttps:\/\/www.equiposytalentoeventos.com\/corporate-learning\/wp-content\/uploads\/2022\/10\/Eugenia_BEIERSDORF.jpg\u00bb title_text=\u00bblaura_santacreu\u00bb align_phone=\u00bbleft\u00bb align_last_edited=\u00bbon|phone\u00bb _builder_version=\u00bb3.26.3&#8243; border_color_all=\u00bb#ffffff\u00bb max_width=\u00bb180px\u00bb custom_padding=\u00bb|0px||||\u00bb][\/et_pb_image][et_pb_text _builder_version=\u00bb3.26.3&#8243; text_font=\u00bb||||||||\u00bb text_text_color=\u00bb#ffffff\u00bb text_line_height=\u00bb28px\u00bb custom_margin=\u00bb|||0%|false|false\u00bb custom_margin_phone=\u00bb|||0%|false|false\u00bb custom_margin_last_edited=\u00bbon|desktop\u00bb text_font_size_last_edited=\u00bbon|desktop\u00bb text_line_height_last_edited=\u00bbon|desktop\u00bb]<\/p>\n<p><span style=\"font-size: 24px; color: #68c4d1;\"><strong><span>Eugenia Garrido,<br \/><\/span><\/strong><\/span><span style=\"color: #11d8d8;\"><span style=\"color: #ffffff;\"><span>Human Resources manager\u00a0<\/span><\/span><\/span><span style=\"color: #11d8d8;\"><span style=\"color: #ffffff;\"><span>de <\/span><\/span><strong>BEIERSDORF<\/strong><\/span><\/p>\n<p>[\/et_pb_text][et_pb_social_media_follow use_icon_font_size=\u00bbon\u00bb icon_font_size=\u00bb22px\u00bb _builder_version=\u00bb3.26.3&#8243; border_radii=\u00bbon|100px|100px|100px|100px\u00bb custom_button=\u00bbon\u00bb module_alignment=\u00bbleft\u00bb custom_margin=\u00bb0%|||0%|false|false\u00bb custom_margin_phone=\u00bb|||0%|false|false\u00bb custom_margin_last_edited=\u00bbon|desktop\u00bb][et_pb_social_media_follow_network social_network=\u00bblinkedin\u00bb url=\u00bbhttps:\/\/www.linkedin.com\/in\/emg12\/\u00bb _builder_version=\u00bb3.26.3&#8243; background_color=\u00bb#007AB9&#8243; background_enable_color=\u00bbon\u00bb follow_button=\u00bboff\u00bb url_new_window=\u00bbon\u00bb]linkedin[\/et_pb_social_media_follow_network][et_pb_social_media_follow_network social_network=\u00bbtwitter\u00bb url=\u00bbhttps:\/\/twitter.com\/Beiersdorf_AG\u00bb _builder_version=\u00bb3.26.3&#8243; background_color=\u00bb#00aced\u00bb follow_button=\u00bboff\u00bb url_new_window=\u00bbon\u00bb]twitter[\/et_pb_social_media_follow_network][\/et_pb_social_media_follow][\/et_pb_column][\/et_pb_row][et_pb_row column_structure=\u00bb1_4,1_4,1_4,1_4&#8243; use_custom_gutter=\u00bbon\u00bb gutter_width=\u00bb2&#8243; custom_padding=\u00bb0px|||0px||\u00bb custom_margin=\u00bb1.9%|auto||auto|false|false\u00bb make_equal=\u00bbon\u00bb disabled_on=\u00bboff|off|off\u00bb _builder_version=\u00bb3.26.3&#8243; width_phone=\u00bb75%\u00bb width_last_edited=\u00bbon|desktop\u00bb max_width_last_edited=\u00bbon|desktop\u00bb module_alignment=\u00bbcenter\u00bb min_height=\u00bb100px\u00bb custom_margin_phone=\u00bb|auto|0%|auto|false|false\u00bb custom_margin_last_edited=\u00bboff|phone\u00bb][et_pb_column type=\u00bb1_4&#8243; _builder_version=\u00bb4.3.2&#8243;][et_pb_image src=\u00bbhttps:\/\/www.equiposytalentoeventos.com\/corporate-learning\/wp-content\/uploads\/2022\/10\/Silvia_Caixabank.jpg\u00bb title_text=\u00bblaura_santacreu\u00bb align_phone=\u00bbleft\u00bb align_last_edited=\u00bbon|phone\u00bb _builder_version=\u00bb3.26.3&#8243; border_color_all=\u00bb#ffffff\u00bb max_width=\u00bb180px\u00bb custom_padding=\u00bb|0px||||\u00bb][\/et_pb_image][et_pb_text _builder_version=\u00bb3.26.3&#8243; text_font=\u00bb||||||||\u00bb text_text_color=\u00bb#ffffff\u00bb text_line_height=\u00bb28px\u00bb custom_margin=\u00bb|||0%|false|false\u00bb custom_margin_phone=\u00bb|||0%|false|false\u00bb custom_margin_last_edited=\u00bbon|desktop\u00bb text_font_size_last_edited=\u00bbon|desktop\u00bb text_line_height_last_edited=\u00bbon|desktop\u00bb]<\/p>\n<p><span style=\"font-size: 24px; color: #68c4d1;\"><strong><span>Silvia Ciurana,\u00a0 <br \/><\/span><\/strong><\/span><span style=\"color: #11d8d8;\"><span style=\"color: #ffffff;\"><span>Directora de Cultura y Desarrollo <\/span><\/span><\/span><span style=\"color: #11d8d8;\"><span style=\"color: #ffffff;\"><span>de <\/span><\/span><strong>GRUPO CAIXABANK<\/strong><\/span><\/p>\n<p>[\/et_pb_text][et_pb_social_media_follow use_icon_font_size=\u00bbon\u00bb icon_font_size=\u00bb22px\u00bb _builder_version=\u00bb3.26.3&#8243; border_radii=\u00bbon|100px|100px|100px|100px\u00bb custom_button=\u00bbon\u00bb module_alignment=\u00bbleft\u00bb custom_margin=\u00bb0%|||0%|false|false\u00bb custom_margin_phone=\u00bb|||0%|false|false\u00bb custom_margin_last_edited=\u00bbon|desktop\u00bb][et_pb_social_media_follow_network social_network=\u00bblinkedin\u00bb url=\u00bbhttps:\/\/www.linkedin.com\/in\/silviaciurana\/\u00bb _builder_version=\u00bb3.26.3&#8243; background_color=\u00bb#007AB9&#8243; background_enable_color=\u00bbon\u00bb follow_button=\u00bboff\u00bb url_new_window=\u00bbon\u00bb]linkedin[\/et_pb_social_media_follow_network][et_pb_social_media_follow_network social_network=\u00bbtwitter\u00bb url=\u00bbhttps:\/\/twitter.com\/caixabank\u00bb _builder_version=\u00bb3.26.3&#8243; background_color=\u00bb#00aced\u00bb follow_button=\u00bboff\u00bb url_new_window=\u00bbon\u00bb]twitter[\/et_pb_social_media_follow_network][\/et_pb_social_media_follow][\/et_pb_column][et_pb_column type=\u00bb1_4&#8243; _builder_version=\u00bb4.3.2&#8243;][et_pb_image src=\u00bbhttps:\/\/www.equiposytalentoeventos.com\/corporate-learning\/wp-content\/uploads\/2022\/10\/Gema_IBERDROLA.jpg\u00bb title_text=\u00bblaura_santacreu\u00bb align_phone=\u00bbleft\u00bb align_last_edited=\u00bbon|phone\u00bb _builder_version=\u00bb3.26.3&#8243; border_color_all=\u00bb#ffffff\u00bb max_width=\u00bb180px\u00bb custom_padding=\u00bb|0px||||\u00bb][\/et_pb_image][et_pb_text _builder_version=\u00bb3.26.3&#8243; text_font=\u00bb||||||||\u00bb text_text_color=\u00bb#ffffff\u00bb text_line_height=\u00bb28px\u00bb custom_margin=\u00bb|||0%|false|false\u00bb custom_margin_phone=\u00bb|||0%|false|false\u00bb custom_margin_last_edited=\u00bbon|desktop\u00bb text_font_size_last_edited=\u00bbon|desktop\u00bb text_line_height_last_edited=\u00bbon|desktop\u00bb]<\/p>\n<p><span style=\"font-size: 24px; color: #68c4d1;\"><strong><span>Gema G\u00f3ngora,\u00a0 <br \/><\/span><\/strong><\/span><span style=\"color: #11d8d8;\"><span style=\"color: #ffffff;\"><span>Directora de Planificaci\u00f3n Estrat\u00e9gica y Proyectos de Talento de<\/span><\/span><strong> IBERDROLA<\/strong><\/span><\/p>\n<p>[\/et_pb_text][et_pb_social_media_follow use_icon_font_size=\u00bbon\u00bb icon_font_size=\u00bb22px\u00bb _builder_version=\u00bb3.26.3&#8243; border_radii=\u00bbon|100px|100px|100px|100px\u00bb custom_button=\u00bbon\u00bb module_alignment=\u00bbleft\u00bb custom_margin=\u00bb0%|||0%|false|false\u00bb custom_margin_phone=\u00bb|||0%|false|false\u00bb custom_margin_last_edited=\u00bbon|desktop\u00bb custom_padding=\u00bb|||0px||\u00bb][et_pb_social_media_follow_network social_network=\u00bblinkedin\u00bb url=\u00bbhttps:\/\/www.linkedin.com\/in\/gema-g%C3%B3ngora-bachiller-6807a698\/\u00bb _builder_version=\u00bb3.26.3&#8243; background_color=\u00bb#007AB9&#8243; background_enable_color=\u00bbon\u00bb follow_button=\u00bboff\u00bb url_new_window=\u00bbon\u00bb]linkedin[\/et_pb_social_media_follow_network][et_pb_social_media_follow_network social_network=\u00bbtwitter\u00bb url=\u00bbhttps:\/\/twitter.com\/iberdrola\u00bb _builder_version=\u00bb3.26.3&#8243; background_color=\u00bb#00aced\u00bb follow_button=\u00bboff\u00bb url_new_window=\u00bbon\u00bb]twitter[\/et_pb_social_media_follow_network][\/et_pb_social_media_follow][\/et_pb_column][et_pb_column type=\u00bb1_4&#8243; _builder_version=\u00bb4.3.2&#8243;][et_pb_image src=\u00bbhttps:\/\/www.equiposytalentoeventos.com\/corporate-learning\/wp-content\/uploads\/2022\/10\/Diana_KIABI.jpg\u00bb title_text=\u00bblaura_santacreu\u00bb align_phone=\u00bbleft\u00bb align_last_edited=\u00bbon|phone\u00bb _builder_version=\u00bb3.26.3&#8243; border_color_all=\u00bb#ffffff\u00bb max_width=\u00bb180px\u00bb custom_padding=\u00bb|0px||||\u00bb][\/et_pb_image][et_pb_text _builder_version=\u00bb3.26.3&#8243; text_font=\u00bb||||||||\u00bb text_text_color=\u00bb#ffffff\u00bb text_line_height=\u00bb28px\u00bb custom_margin=\u00bb|||0%|false|false\u00bb custom_margin_phone=\u00bb|||0%|false|false\u00bb custom_margin_last_edited=\u00bbon|desktop\u00bb text_font_size_last_edited=\u00bbon|desktop\u00bb text_line_height_last_edited=\u00bbon|desktop\u00bb]<\/p>\n<p><span style=\"font-size: 24px; color: #68c4d1;\"><strong><span>Diana Cubero,\u00a0 <br \/><\/span><\/strong><\/span><span style=\"color: #11d8d8;\"><span style=\"color: #ffffff;\"><span>Talent &amp; People EX Manager <br \/><\/span><\/span><\/span><span style=\"color: #11d8d8;\"><span style=\"color: #ffffff;\"><span>de<\/span><\/span><strong> KIABI<\/strong><\/span><\/p>\n<p>[\/et_pb_text][et_pb_social_media_follow use_icon_font_size=\u00bbon\u00bb icon_font_size=\u00bb22px\u00bb _builder_version=\u00bb3.26.3&#8243; border_radii=\u00bbon|100px|100px|100px|100px\u00bb custom_button=\u00bbon\u00bb module_alignment=\u00bbleft\u00bb custom_margin=\u00bb0%|||0%|false|false\u00bb custom_margin_phone=\u00bb|||0%|false|false\u00bb custom_margin_last_edited=\u00bbon|desktop\u00bb][et_pb_social_media_follow_network social_network=\u00bblinkedin\u00bb url=\u00bbhttps:\/\/www.linkedin.com\/in\/diana-cubero-torrijos\/\u00bb _builder_version=\u00bb3.26.3&#8243; background_color=\u00bb#007AB9&#8243; background_enable_color=\u00bbon\u00bb follow_button=\u00bboff\u00bb url_new_window=\u00bbon\u00bb]linkedin[\/et_pb_social_media_follow_network][et_pb_social_media_follow_network social_network=\u00bbtwitter\u00bb url=\u00bbhttps:\/\/twitter.com\/KiabiES\u00bb _builder_version=\u00bb3.26.3&#8243; background_color=\u00bb#00aced\u00bb follow_button=\u00bboff\u00bb url_new_window=\u00bbon\u00bb]twitter[\/et_pb_social_media_follow_network][\/et_pb_social_media_follow][\/et_pb_column][et_pb_column type=\u00bb1_4&#8243; _builder_version=\u00bb4.3.2&#8243;][et_pb_image src=\u00bbhttps:\/\/www.equiposytalentoeventos.com\/corporate-learning\/wp-content\/uploads\/2022\/10\/Ana-Ramos_BANCO-DE-ESPA\u00d1A.jpg\u00bb title_text=\u00bblaura_santacreu\u00bb align_phone=\u00bbleft\u00bb align_last_edited=\u00bbon|phone\u00bb _builder_version=\u00bb3.26.3&#8243; border_color_all=\u00bb#ffffff\u00bb max_width=\u00bb180px\u00bb custom_padding=\u00bb|0px||||\u00bb][\/et_pb_image][et_pb_text _builder_version=\u00bb3.26.3&#8243; text_font=\u00bb||||||||\u00bb text_text_color=\u00bb#ffffff\u00bb text_line_height=\u00bb28px\u00bb custom_margin=\u00bb|||0%|false|false\u00bb custom_margin_phone=\u00bb|||0%|false|false\u00bb custom_margin_last_edited=\u00bbon|desktop\u00bb custom_padding=\u00bb|||0px||\u00bb text_font_size_last_edited=\u00bbon|desktop\u00bb text_line_height_last_edited=\u00bbon|desktop\u00bb]<\/p>\n<p><span style=\"font-size: 24px; color: #68c4d1;\"><strong><span>Ana Ramos,\u00a0 <br \/><\/span><\/strong><\/span><span style=\"color: #11d8d8;\"><span style=\"color: #ffffff;\"><span>Head of People Development de<\/span><\/span><\/span><span style=\"color: #11d8d8;\"><strong> BANCO DE ESPA\u00d1A<\/strong><\/span><\/p>\n<p>[\/et_pb_text][et_pb_social_media_follow use_icon_font_size=\u00bbon\u00bb icon_font_size=\u00bb22px\u00bb _builder_version=\u00bb3.26.3&#8243; border_radii=\u00bbon|100px|100px|100px|100px\u00bb custom_button=\u00bbon\u00bb module_alignment=\u00bbleft\u00bb custom_margin=\u00bb0%|||0%|false|false\u00bb custom_margin_phone=\u00bb|||0%|false|false\u00bb custom_margin_last_edited=\u00bbon|desktop\u00bb][et_pb_social_media_follow_network social_network=\u00bblinkedin\u00bb url=\u00bbhttps:\/\/www.linkedin.com\/in\/ana-r-426459b\/\u00bb _builder_version=\u00bb3.26.3&#8243; background_color=\u00bb#007AB9&#8243; background_enable_color=\u00bbon\u00bb follow_button=\u00bboff\u00bb url_new_window=\u00bbon\u00bb]linkedin[\/et_pb_social_media_follow_network][et_pb_social_media_follow_network social_network=\u00bbtwitter\u00bb url=\u00bbhttps:\/\/twitter.com\/BancoDeEspana\u00bb _builder_version=\u00bb3.26.3&#8243; background_color=\u00bb#00aced\u00bb follow_button=\u00bboff\u00bb url_new_window=\u00bbon\u00bb]twitter[\/et_pb_social_media_follow_network][\/et_pb_social_media_follow][\/et_pb_column][\/et_pb_row][et_pb_row column_structure=\u00bb1_4,1_4,1_4,1_4&#8243; use_custom_gutter=\u00bbon\u00bb gutter_width=\u00bb2&#8243; custom_padding=\u00bb0px|||0px||\u00bb custom_margin=\u00bb1.9%|auto||auto|false|false\u00bb make_equal=\u00bbon\u00bb disabled_on=\u00bboff|off|off\u00bb _builder_version=\u00bb3.26.3&#8243; width_phone=\u00bb75%\u00bb width_last_edited=\u00bbon|desktop\u00bb max_width_last_edited=\u00bbon|desktop\u00bb module_alignment=\u00bbcenter\u00bb min_height=\u00bb100px\u00bb custom_margin_phone=\u00bb|auto|0%|auto|false|false\u00bb custom_margin_last_edited=\u00bboff|phone\u00bb][et_pb_column type=\u00bb1_4&#8243; _builder_version=\u00bb4.3.2&#8243;][et_pb_image src=\u00bbhttps:\/\/www.equiposytalentoeventos.com\/corporate-learning\/wp-content\/uploads\/2022\/10\/Mar_ALSEA.jpg\u00bb title_text=\u00bblaura_santacreu\u00bb align_phone=\u00bbleft\u00bb align_last_edited=\u00bbon|phone\u00bb _builder_version=\u00bb3.26.3&#8243; border_color_all=\u00bb#ffffff\u00bb max_width=\u00bb180px\u00bb custom_padding=\u00bb|0px||||\u00bb locked=\u00bboff\u00bb][\/et_pb_image][et_pb_text _builder_version=\u00bb3.26.3&#8243; text_font=\u00bb||||||||\u00bb text_text_color=\u00bb#ffffff\u00bb text_line_height=\u00bb28px\u00bb custom_margin=\u00bb|||0%|false|false\u00bb custom_margin_phone=\u00bb|||0%|false|false\u00bb custom_margin_last_edited=\u00bbon|desktop\u00bb text_font_size_last_edited=\u00bbon|desktop\u00bb text_line_height_last_edited=\u00bbon|desktop\u00bb locked=\u00bboff\u00bb]<\/p>\n<p><span style=\"font-size: 24px; color: #68c4d1;\"><strong>Mar Romero, <\/strong><\/span><br \/><span style=\"color: #ffffff;\"><span style=\"color: #11d8d8;\"><span style=\"color: #ffffff;\">People Director Europe de\u00a0<\/span><strong>ALSEA<\/strong><\/span><\/span><\/p>\n<p>[\/et_pb_text][et_pb_social_media_follow use_icon_font_size=\u00bbon\u00bb icon_font_size=\u00bb22px\u00bb _builder_version=\u00bb3.26.3&#8243; border_radii=\u00bbon|100px|100px|100px|100px\u00bb custom_button=\u00bbon\u00bb module_alignment=\u00bbleft\u00bb custom_margin=\u00bb0%|||0%|false|false\u00bb custom_margin_phone=\u00bb|||0%|false|false\u00bb custom_margin_last_edited=\u00bbon|desktop\u00bb][et_pb_social_media_follow_network social_network=\u00bblinkedin\u00bb url=\u00bbhttps:\/\/www.linkedin.com\/in\/marromero-hr\/\u00bb _builder_version=\u00bb3.26.3&#8243; background_color=\u00bb#007AB9&#8243; background_enable_color=\u00bbon\u00bb follow_button=\u00bboff\u00bb url_new_window=\u00bbon\u00bb]linkedin[\/et_pb_social_media_follow_network][et_pb_social_media_follow_network social_network=\u00bbtwitter\u00bb url=\u00bbhttps:\/\/twitter.com\/MarRomeroGalan\u00bb _builder_version=\u00bb3.26.3&#8243; background_color=\u00bb#00aced\u00bb follow_button=\u00bboff\u00bb url_new_window=\u00bbon\u00bb]twitter[\/et_pb_social_media_follow_network][\/et_pb_social_media_follow][\/et_pb_column][et_pb_column type=\u00bb1_4&#8243; _builder_version=\u00bb4.3.2&#8243;][et_pb_image src=\u00bbhttps:\/\/www.equiposytalentoeventos.com\/corporate-learning\/wp-content\/uploads\/2022\/10\/natalia_grijalba_EY.jpg\u00bb title_text=\u00bblaura_santacreu\u00bb align_phone=\u00bbleft\u00bb align_last_edited=\u00bbon|phone\u00bb _builder_version=\u00bb3.26.3&#8243; border_color_all=\u00bb#ffffff\u00bb max_width=\u00bb180px\u00bb custom_padding=\u00bb|0px||||\u00bb][\/et_pb_image][et_pb_text _builder_version=\u00bb3.26.3&#8243; text_font=\u00bb||||||||\u00bb text_text_color=\u00bb#ffffff\u00bb text_line_height=\u00bb28px\u00bb custom_margin=\u00bb|||0%|false|false\u00bb custom_margin_phone=\u00bb|||0%|false|false\u00bb custom_margin_last_edited=\u00bbon|desktop\u00bb text_font_size_last_edited=\u00bbon|desktop\u00bb text_line_height_last_edited=\u00bbon|desktop\u00bb]<\/p>\n<p><span style=\"font-size: 24px; color: #68c4d1;\"><strong><span>Natalia Grijalba,\u00a0 <br \/><\/span><\/strong><\/span><span style=\"color: #11d8d8;\"><span style=\"color: #ffffff;\"><span>Head Of Learning and Development de<\/span><\/span><strong> EY<\/strong><\/span><\/p>\n<p>[\/et_pb_text][et_pb_social_media_follow use_icon_font_size=\u00bbon\u00bb icon_font_size=\u00bb22px\u00bb _builder_version=\u00bb3.26.3&#8243; border_radii=\u00bbon|100px|100px|100px|100px\u00bb custom_button=\u00bbon\u00bb module_alignment=\u00bbleft\u00bb custom_margin=\u00bb0%|||0%|false|false\u00bb custom_margin_phone=\u00bb|||0%|false|false\u00bb custom_margin_last_edited=\u00bbon|desktop\u00bb custom_padding=\u00bb|||0px||\u00bb][et_pb_social_media_follow_network social_network=\u00bblinkedin\u00bb url=\u00bbhttps:\/\/www.linkedin.com\/in\/natalia-grijalba\/\u00bb _builder_version=\u00bb3.26.3&#8243; background_color=\u00bb#007AB9&#8243; background_enable_color=\u00bbon\u00bb follow_button=\u00bboff\u00bb url_new_window=\u00bbon\u00bb]linkedin[\/et_pb_social_media_follow_network][et_pb_social_media_follow_network social_network=\u00bbtwitter\u00bb url=\u00bbhttps:\/\/twitter.com\/EY_Spain\u00bb _builder_version=\u00bb3.26.3&#8243; background_color=\u00bb#00aced\u00bb follow_button=\u00bboff\u00bb url_new_window=\u00bbon\u00bb]twitter[\/et_pb_social_media_follow_network][\/et_pb_social_media_follow][\/et_pb_column][et_pb_column type=\u00bb1_4&#8243; _builder_version=\u00bb4.3.2&#8243;][et_pb_image src=\u00bbhttps:\/\/www.equiposytalentoeventos.com\/corporate-learning\/wp-content\/uploads\/2022\/10\/Ana_INTRUM.jpg\u00bb title_text=\u00bblaura_santacreu\u00bb align_phone=\u00bbleft\u00bb align_last_edited=\u00bbon|phone\u00bb _builder_version=\u00bb3.26.3&#8243; border_color_all=\u00bb#ffffff\u00bb max_width=\u00bb180px\u00bb custom_padding=\u00bb|0px||||\u00bb][\/et_pb_image][et_pb_text _builder_version=\u00bb3.26.3&#8243; text_font=\u00bb||||||||\u00bb text_text_color=\u00bb#ffffff\u00bb text_line_height=\u00bb28px\u00bb custom_margin=\u00bb|||0%|false|false\u00bb custom_margin_phone=\u00bb|||0%|false|false\u00bb custom_margin_last_edited=\u00bbon|desktop\u00bb text_font_size_last_edited=\u00bbon|desktop\u00bb text_line_height_last_edited=\u00bbon|desktop\u00bb]<\/p>\n<p><span style=\"font-size: 24px; color: #68c4d1;\"><strong><span>Ana P\u00e9rez,\u00a0 <br \/><\/span><\/strong><\/span><span style=\"color: #11d8d8;\"><span style=\"color: #ffffff;\"><span>Talent &amp; Development Manager de<\/span><\/span><strong> INTRUM<\/strong><\/span><\/p>\n<p>[\/et_pb_text][et_pb_social_media_follow use_icon_font_size=\u00bbon\u00bb icon_font_size=\u00bb22px\u00bb _builder_version=\u00bb3.26.3&#8243; border_radii=\u00bbon|100px|100px|100px|100px\u00bb custom_button=\u00bbon\u00bb module_alignment=\u00bbleft\u00bb custom_margin=\u00bb0%|||0%|false|false\u00bb custom_margin_phone=\u00bb|||0%|false|false\u00bb custom_margin_last_edited=\u00bbon|desktop\u00bb custom_padding=\u00bb|||0px||\u00bb][et_pb_social_media_follow_network social_network=\u00bblinkedin\u00bb url=\u00bbhttps:\/\/www.linkedin.com\/in\/ana-p%C3%A9rez-garc%C3%ADa79\/\u00bb _builder_version=\u00bb3.26.3&#8243; background_color=\u00bb#007AB9&#8243; background_enable_color=\u00bbon\u00bb follow_button=\u00bboff\u00bb url_new_window=\u00bbon\u00bb]linkedin[\/et_pb_social_media_follow_network][\/et_pb_social_media_follow][\/et_pb_column][et_pb_column type=\u00bb1_4&#8243; _builder_version=\u00bb4.3.2&#8243;][et_pb_image src=\u00bbhttps:\/\/www.equiposytalentoeventos.com\/corporate-learning\/wp-content\/uploads\/2022\/10\/Marta_ENDESA.jpg\u00bb title_text=\u00bblaura_santacreu\u00bb align_phone=\u00bbleft\u00bb align_last_edited=\u00bbon|phone\u00bb _builder_version=\u00bb3.26.3&#8243; border_color_all=\u00bb#ffffff\u00bb max_width=\u00bb180px\u00bb custom_padding=\u00bb|0px||||\u00bb][\/et_pb_image][et_pb_text _builder_version=\u00bb3.26.3&#8243; text_font=\u00bb||||||||\u00bb text_text_color=\u00bb#ffffff\u00bb text_line_height=\u00bb28px\u00bb custom_margin=\u00bb|||0%|false|false\u00bb custom_margin_phone=\u00bb|||0%|false|false\u00bb custom_margin_last_edited=\u00bbon|desktop\u00bb text_font_size_last_edited=\u00bbon|desktop\u00bb text_line_height_last_edited=\u00bbon|desktop\u00bb]<\/p>\n<p><span style=\"font-size: 24px; color: #68c4d1;\"><strong><span>Marta Cotrina,\u00a0 <br \/><\/span><\/strong><\/span><span style=\"color: #11d8d8;\"><span style=\"color: #ffffff;\"><span>Responsable de Cultura de<\/span><\/span><strong>\u00a0ENDESA<\/strong><\/span><\/p>\n<p>[\/et_pb_text][et_pb_social_media_follow use_icon_font_size=\u00bbon\u00bb icon_font_size=\u00bb22px\u00bb _builder_version=\u00bb3.26.3&#8243; border_radii=\u00bbon|100px|100px|100px|100px\u00bb custom_button=\u00bbon\u00bb module_alignment=\u00bbleft\u00bb custom_margin=\u00bb0%|||0%|false|false\u00bb custom_margin_phone=\u00bb|||0%|false|false\u00bb custom_margin_last_edited=\u00bbon|desktop\u00bb custom_padding=\u00bb|||0px||\u00bb][et_pb_social_media_follow_network social_network=\u00bblinkedin\u00bb url=\u00bbhttps:\/\/www.linkedin.com\/in\/martacotrina\/\u00bb _builder_version=\u00bb3.26.3&#8243; background_color=\u00bb#007AB9&#8243; background_enable_color=\u00bbon\u00bb follow_button=\u00bboff\u00bb url_new_window=\u00bbon\u00bb]linkedin[\/et_pb_social_media_follow_network][et_pb_social_media_follow_network social_network=\u00bbtwitter\u00bb url=\u00bbhttps:\/\/twitter.com\/Endesa\u00bb _builder_version=\u00bb3.26.3&#8243; background_color=\u00bb#00aced\u00bb follow_button=\u00bboff\u00bb url_new_window=\u00bbon\u00bb]twitter[\/et_pb_social_media_follow_network][\/et_pb_social_media_follow][\/et_pb_column][\/et_pb_row][et_pb_row column_structure=\u00bb1_4,1_4,1_4,1_4&#8243; use_custom_gutter=\u00bbon\u00bb gutter_width=\u00bb2&#8243; custom_padding=\u00bb0px|||0px||\u00bb custom_margin=\u00bb1.9%|auto||auto|false|false\u00bb make_equal=\u00bbon\u00bb disabled_on=\u00bboff|off|off\u00bb _builder_version=\u00bb3.26.3&#8243; width_phone=\u00bb75%\u00bb width_last_edited=\u00bbon|desktop\u00bb max_width_last_edited=\u00bbon|desktop\u00bb module_alignment=\u00bbcenter\u00bb min_height=\u00bb100px\u00bb custom_margin_phone=\u00bb|auto|0%|auto|false|false\u00bb custom_margin_last_edited=\u00bboff|phone\u00bb][et_pb_column type=\u00bb1_4&#8243; _builder_version=\u00bb4.3.2&#8243;][et_pb_image src=\u00bbhttps:\/\/www.equiposytalentoeventos.com\/corporate-learning\/wp-content\/uploads\/2022\/09\/Esther_QUIRON.jpg\u00bb title_text=\u00bblaura_santacreu\u00bb align_phone=\u00bbleft\u00bb align_last_edited=\u00bbon|phone\u00bb _builder_version=\u00bb3.26.3&#8243; border_color_all=\u00bb#ffffff\u00bb max_width=\u00bb180px\u00bb custom_padding=\u00bb|0px||||\u00bb][\/et_pb_image][et_pb_text _builder_version=\u00bb3.26.3&#8243; text_font=\u00bb||||||||\u00bb text_text_color=\u00bb#ffffff\u00bb text_line_height=\u00bb28px\u00bb custom_margin=\u00bb|||0%|false|false\u00bb custom_margin_phone=\u00bb|||0%|false|false\u00bb custom_margin_last_edited=\u00bbon|desktop\u00bb text_font_size_last_edited=\u00bbon|desktop\u00bb text_line_height_last_edited=\u00bbon|desktop\u00bb]<\/p>\n<p><span style=\"font-size: 24px; color: #68c4d1;\"><strong><span>Esther Estepa, <br \/><\/span><\/strong><\/span><span style=\"color: #11d8d8;\"><span style=\"color: #ffffff;\">Directora Corporativa de Talento y Experiencia de Empleado de<\/span><strong> QUIRON <\/strong><\/span><\/p>\n<p>[\/et_pb_text][et_pb_social_media_follow use_icon_font_size=\u00bbon\u00bb icon_font_size=\u00bb22px\u00bb _builder_version=\u00bb3.26.3&#8243; border_radii=\u00bbon|100px|100px|100px|100px\u00bb custom_button=\u00bbon\u00bb module_alignment=\u00bbleft\u00bb custom_margin=\u00bb0%|||0%|false|false\u00bb custom_margin_phone=\u00bb|||0%|false|false\u00bb custom_margin_last_edited=\u00bbon|desktop\u00bb][et_pb_social_media_follow_network social_network=\u00bblinkedin\u00bb url=\u00bbhttps:\/\/www.linkedin.com\/in\/esther-estepa-saro\/\u00bb _builder_version=\u00bb3.26.3&#8243; background_color=\u00bb#007AB9&#8243; background_enable_color=\u00bbon\u00bb follow_button=\u00bboff\u00bb url_new_window=\u00bbon\u00bb]linkedin[\/et_pb_social_media_follow_network][et_pb_social_media_follow_network social_network=\u00bbtwitter\u00bb url=\u00bbhttps:\/\/twitter.com\/quironPREV\u00bb _builder_version=\u00bb3.26.3&#8243; background_color=\u00bb#00aced\u00bb follow_button=\u00bboff\u00bb url_new_window=\u00bbon\u00bb]twitter[\/et_pb_social_media_follow_network][\/et_pb_social_media_follow][\/et_pb_column][et_pb_column type=\u00bb1_4&#8243; _builder_version=\u00bb4.3.2&#8243;][et_pb_image src=\u00bbhttps:\/\/www.equiposytalentoeventos.com\/corporate-learning\/wp-content\/uploads\/2022\/09\/Javier_EDP.jpg\u00bb title_text=\u00bblaura_santacreu\u00bb align_phone=\u00bbleft\u00bb align_last_edited=\u00bbon|phone\u00bb _builder_version=\u00bb3.26.3&#8243; border_color_all=\u00bb#ffffff\u00bb max_width=\u00bb180px\u00bb custom_padding=\u00bb|0px||||\u00bb][\/et_pb_image][et_pb_text _builder_version=\u00bb3.26.3&#8243; text_font=\u00bb||||||||\u00bb text_text_color=\u00bb#ffffff\u00bb text_line_height=\u00bb28px\u00bb custom_margin=\u00bb|||0%|false|false\u00bb custom_margin_phone=\u00bb|||0%|false|false\u00bb custom_margin_last_edited=\u00bbon|desktop\u00bb text_font_size_last_edited=\u00bbon|desktop\u00bb text_line_height_last_edited=\u00bbon|desktop\u00bb]<\/p>\n<p><span style=\"font-size: 24px; color: #68c4d1;\"><strong><span>Javier G\u00f3mez Cordero,\u00a0\u00a0 <br \/><\/span><\/strong><\/span><span style=\"color: #11d8d8;\"><span style=\"color: #ffffff;\">Head of Learning, Knowledge Management &amp; Digital Transformation de<\/span><strong> EDP RENOVABLES<\/strong><\/span><\/p>\n<p>[\/et_pb_text][et_pb_social_media_follow use_icon_font_size=\u00bbon\u00bb icon_font_size=\u00bb22px\u00bb _builder_version=\u00bb3.26.3&#8243; border_radii=\u00bbon|100px|100px|100px|100px\u00bb custom_button=\u00bbon\u00bb module_alignment=\u00bbleft\u00bb custom_margin=\u00bb0%|||0%|false|false\u00bb custom_margin_phone=\u00bb|||0%|false|false\u00bb custom_margin_last_edited=\u00bbon|desktop\u00bb][et_pb_social_media_follow_network social_network=\u00bblinkedin\u00bb url=\u00bbhttps:\/\/www.linkedin.com\/in\/fcojaviergomezcordero\/\u00bb _builder_version=\u00bb3.26.3&#8243; background_color=\u00bb#007AB9&#8243; background_enable_color=\u00bbon\u00bb follow_button=\u00bboff\u00bb url_new_window=\u00bbon\u00bb]linkedin[\/et_pb_social_media_follow_network][et_pb_social_media_follow_network social_network=\u00bbtwitter\u00bb url=\u00bbhttps:\/\/twitter.com\/EdpRenewables\u00bb _builder_version=\u00bb3.26.3&#8243; background_color=\u00bb#00aced\u00bb follow_button=\u00bboff\u00bb url_new_window=\u00bbon\u00bb]twitter[\/et_pb_social_media_follow_network][\/et_pb_social_media_follow][\/et_pb_column][et_pb_column type=\u00bb1_4&#8243; _builder_version=\u00bb4.3.2&#8243;][et_pb_image src=\u00bbhttps:\/\/www.equiposytalentoeventos.com\/corporate-learning\/wp-content\/uploads\/2022\/09\/Antonio-Sastre.jpg\u00bb title_text=\u00bblaura_santacreu\u00bb align_phone=\u00bbleft\u00bb align_last_edited=\u00bbon|phone\u00bb _builder_version=\u00bb3.26.3&#8243; border_color_all=\u00bb#ffffff\u00bb max_width=\u00bb180px\u00bb custom_padding=\u00bb|0px||||\u00bb locked=\u00bboff\u00bb][\/et_pb_image][et_pb_text _builder_version=\u00bb3.26.3&#8243; text_font=\u00bb||||||||\u00bb text_text_color=\u00bb#ffffff\u00bb text_line_height=\u00bb28px\u00bb custom_margin=\u00bb|||0%|false|false\u00bb custom_margin_phone=\u00bb|||0%|false|false\u00bb custom_margin_last_edited=\u00bbon|desktop\u00bb text_font_size_last_edited=\u00bbon|desktop\u00bb text_line_height_last_edited=\u00bbon|desktop\u00bb locked=\u00bboff\u00bb]<\/p>\n<p><span style=\"font-size: 24px; color: #68c4d1;\"><strong>Antonio Sastre, <\/strong><\/span><br \/><span style=\"color: #ffffff;\"><span style=\"color: #11d8d8;\"><span style=\"color: #ffffff;\">profesor de filosof\u00eda y formaci\u00f3n human\u00edstica de la <\/span><strong>UFV<\/strong><\/span><\/span><\/p>\n<p>[\/et_pb_text][et_pb_social_media_follow use_icon_font_size=\u00bbon\u00bb icon_font_size=\u00bb22px\u00bb _builder_version=\u00bb3.26.3&#8243; border_radii=\u00bbon|100px|100px|100px|100px\u00bb custom_button=\u00bbon\u00bb module_alignment=\u00bbleft\u00bb custom_margin=\u00bb0%|||0%|false|false\u00bb custom_margin_phone=\u00bb|||0%|false|false\u00bb custom_margin_last_edited=\u00bbon|desktop\u00bb locked=\u00bboff\u00bb][et_pb_social_media_follow_network social_network=\u00bblinkedin\u00bb url=\u00bbhttps:\/\/www.linkedin.com\/in\/antonio-sastre\/?originalSubdomain=es\u00bb _builder_version=\u00bb3.26.3&#8243; background_color=\u00bb#007AB9&#8243; background_enable_color=\u00bbon\u00bb follow_button=\u00bboff\u00bb url_new_window=\u00bbon\u00bb]linkedin[\/et_pb_social_media_follow_network][\/et_pb_social_media_follow][\/et_pb_column][et_pb_column type=\u00bb1_4&#8243; _builder_version=\u00bb4.3.2&#8243;][et_pb_image src=\u00bbhttps:\/\/www.equiposytalentoeventos.com\/corporate-learning\/wp-content\/uploads\/2022\/10\/Andrea_Domusvi.jpg\u00bb title_text=\u00bblaura_santacreu\u00bb align_phone=\u00bbleft\u00bb align_last_edited=\u00bbon|phone\u00bb _builder_version=\u00bb3.26.3&#8243; border_color_all=\u00bb#ffffff\u00bb max_width=\u00bb180px\u00bb custom_padding=\u00bb|0px||||\u00bb locked=\u00bboff\u00bb][\/et_pb_image][et_pb_text _builder_version=\u00bb3.26.3&#8243; text_font=\u00bb||||||||\u00bb text_text_color=\u00bb#ffffff\u00bb text_line_height=\u00bb28px\u00bb custom_margin=\u00bb|||0%|false|false\u00bb custom_margin_phone=\u00bb|||0%|false|false\u00bb custom_margin_last_edited=\u00bbon|desktop\u00bb text_font_size_last_edited=\u00bbon|desktop\u00bb text_line_height_last_edited=\u00bbon|desktop\u00bb locked=\u00bboff\u00bb]<\/p>\n<p><span style=\"font-size: 24px; color: #68c4d1;\"><strong>Andrea Varela, <\/strong><\/span><br \/><span style=\"color: #ffffff;\"><span style=\"color: #11d8d8;\"><span style=\"color: #ffffff;\">Responsable de Formaci\u00f3n, Selecci\u00f3n y Talento de\u00a0<\/span><strong>DOMUSVI<\/strong><\/span><\/span><\/p>\n<p>[\/et_pb_text][et_pb_social_media_follow use_icon_font_size=\u00bbon\u00bb icon_font_size=\u00bb22px\u00bb _builder_version=\u00bb3.26.3&#8243; border_radii=\u00bbon|100px|100px|100px|100px\u00bb custom_button=\u00bbon\u00bb module_alignment=\u00bbleft\u00bb custom_margin=\u00bb0%|||0%|false|false\u00bb custom_margin_phone=\u00bb|||0%|false|false\u00bb custom_margin_last_edited=\u00bbon|desktop\u00bb][et_pb_social_media_follow_network social_network=\u00bblinkedin\u00bb url=\u00bbhttps:\/\/www.linkedin.com\/in\/andrea-varela-saavedra-602400105\/\u00bb _builder_version=\u00bb3.26.3&#8243; background_color=\u00bb#007AB9&#8243; background_enable_color=\u00bbon\u00bb follow_button=\u00bboff\u00bb url_new_window=\u00bbon\u00bb]linkedin[\/et_pb_social_media_follow_network][et_pb_social_media_follow_network social_network=\u00bbtwitter\u00bb url=\u00bbhttps:\/\/twitter.com\/domusvi_es\u00bb _builder_version=\u00bb3.26.3&#8243; background_color=\u00bb#00aced\u00bb follow_button=\u00bboff\u00bb url_new_window=\u00bbon\u00bb]twitter[\/et_pb_social_media_follow_network][\/et_pb_social_media_follow][\/et_pb_column][\/et_pb_row][et_pb_row column_structure=\u00bb1_4,1_4,1_4,1_4&#8243; use_custom_gutter=\u00bbon\u00bb gutter_width=\u00bb2&#8243; custom_padding=\u00bb0px|||0px||\u00bb custom_margin=\u00bb1.9%|auto||auto|false|false\u00bb make_equal=\u00bbon\u00bb disabled_on=\u00bboff|off|off\u00bb _builder_version=\u00bb3.26.3&#8243; width_phone=\u00bb75%\u00bb width_last_edited=\u00bbon|desktop\u00bb max_width_last_edited=\u00bbon|desktop\u00bb module_alignment=\u00bbcenter\u00bb min_height=\u00bb100px\u00bb custom_margin_phone=\u00bb|auto|0%|auto|false|false\u00bb custom_margin_last_edited=\u00bboff|phone\u00bb][et_pb_column type=\u00bb1_4&#8243; _builder_version=\u00bb4.3.2&#8243;][et_pb_image src=\u00bbhttps:\/\/www.equiposytalentoeventos.com\/corporate-learning\/wp-content\/uploads\/2022\/10\/Andr\u00e9s-Ortega_McCann.jpg\u00bb title_text=\u00bblaura_santacreu\u00bb align_phone=\u00bbleft\u00bb align_last_edited=\u00bbon|phone\u00bb _builder_version=\u00bb3.26.3&#8243; border_color_all=\u00bb#ffffff\u00bb max_width=\u00bb180px\u00bb custom_padding=\u00bb|0px||||\u00bb][\/et_pb_image][et_pb_text _builder_version=\u00bb3.26.3&#8243; text_font=\u00bb||||||||\u00bb text_text_color=\u00bb#ffffff\u00bb text_line_height=\u00bb28px\u00bb custom_margin=\u00bb|||0%|false|false\u00bb custom_margin_phone=\u00bb|||0%|false|false\u00bb custom_margin_last_edited=\u00bbon|desktop\u00bb text_font_size_last_edited=\u00bbon|desktop\u00bb text_line_height_last_edited=\u00bbon|desktop\u00bb]<\/p>\n<p><span style=\"font-size: 24px; color: #68c4d1;\"><strong><span>Andr\u00e9s Ortega, <br \/><\/span><\/strong><\/span><span style=\"color: #11d8d8;\"><span style=\"color: #ffffff;\">Chief Talent Officer de<\/span><strong>\u00a0MCCANN WORLDGROUP SPAIN<\/strong><\/span><\/p>\n<p>[\/et_pb_text][et_pb_social_media_follow use_icon_font_size=\u00bbon\u00bb icon_font_size=\u00bb22px\u00bb _builder_version=\u00bb3.26.3&#8243; border_radii=\u00bbon|100px|100px|100px|100px\u00bb custom_button=\u00bbon\u00bb module_alignment=\u00bbleft\u00bb custom_margin=\u00bb0%|||0%|false|false\u00bb custom_margin_phone=\u00bb|||0%|false|false\u00bb custom_margin_last_edited=\u00bbon|desktop\u00bb][et_pb_social_media_follow_network social_network=\u00bblinkedin\u00bb url=\u00bbhttps:\/\/www.linkedin.com\/in\/andresortegamartinez\/\u00bb _builder_version=\u00bb3.26.3&#8243; background_color=\u00bb#007AB9&#8243; background_enable_color=\u00bbon\u00bb follow_button=\u00bboff\u00bb url_new_window=\u00bbon\u00bb]linkedin[\/et_pb_social_media_follow_network][et_pb_social_media_follow_network social_network=\u00bbtwitter\u00bb url=\u00bbhttps:\/\/twitter.com\/AndresOrtega\u00bb _builder_version=\u00bb3.26.3&#8243; background_color=\u00bb#00aced\u00bb follow_button=\u00bboff\u00bb url_new_window=\u00bbon\u00bb]twitter[\/et_pb_social_media_follow_network][\/et_pb_social_media_follow][\/et_pb_column][et_pb_column type=\u00bb1_4&#8243; _builder_version=\u00bb4.3.2&#8243;][\/et_pb_column][et_pb_column type=\u00bb1_4&#8243; _builder_version=\u00bb4.3.2&#8243;][\/et_pb_column][et_pb_column type=\u00bb1_4&#8243; _builder_version=\u00bb4.3.2&#8243;][\/et_pb_column][\/et_pb_row][\/et_pb_section][et_pb_section fb_built=\u00bb1&#8243; _builder_version=\u00bb3.26.3&#8243; background_color=\u00bb#001921&#8243;][et_pb_row custom_padding=\u00bb||0px||false|false\u00bb custom_padding_phone=\u00bb15%||||false|false\u00bb make_equal=\u00bbon\u00bb custom_padding_last_edited=\u00bbon|phone\u00bb _builder_version=\u00bb3.26.3&#8243; width_last_edited=\u00bbon|desktop\u00bb locked=\u00bboff\u00bb][et_pb_column type=\u00bb4_4&#8243; _builder_version=\u00bb3.25.4&#8243;][et_pb_text module_id=\u00bbspeakers\u00bb module_class=\u00bb#speakers\u00bb _builder_version=\u00bb3.26.3&#8243; text_font=\u00bbUnivers|900|||||||\u00bb text_font_size=\u00bb32px\u00bb text_line_height=\u00bb54px\u00bb custom_padding=\u00bb||0px|||\u00bb text_font_size_tablet=\u00bb32px\u00bb text_font_size_phone=\u00bb32px\u00bb text_font_size_last_edited=\u00bbon|desktop\u00bb text_line_height_tablet=\u00bb42px\u00bb text_line_height_phone=\u00bb48px\u00bb text_line_height_last_edited=\u00bbon|desktop\u00bb]<span style=\"color: #ffffff;\">MODERADORES<\/span>[\/et_pb_text][et_pb_divider color=\u00bbrgba(17,216,216,0.4)\u00bb divider_weight=\u00bb2px\u00bb _builder_version=\u00bb3.26.3&#8243; width=\u00bb100%\u00bb width_last_edited=\u00bbon|desktop\u00bb custom_margin=\u00bb-20px||||false|false\u00bb][\/et_pb_divider][\/et_pb_column][\/et_pb_row][et_pb_row column_structure=\u00bb1_4,1_4,1_4,1_4&#8243; use_custom_gutter=\u00bbon\u00bb gutter_width=\u00bb2&#8243; custom_padding=\u00bb0px|||0px||\u00bb custom_margin=\u00bb1.9%|auto||auto|false|false\u00bb make_equal=\u00bbon\u00bb disabled_on=\u00bboff|off|off\u00bb _builder_version=\u00bb3.26.3&#8243; width_phone=\u00bb75%\u00bb width_last_edited=\u00bbon|desktop\u00bb max_width_last_edited=\u00bbon|desktop\u00bb module_alignment=\u00bbcenter\u00bb min_height=\u00bb100px\u00bb custom_margin_phone=\u00bb|auto|0%|auto|false|false\u00bb custom_margin_last_edited=\u00bboff|phone\u00bb][et_pb_column type=\u00bb1_4&#8243; _builder_version=\u00bb4.3.2&#8243;][et_pb_image src=\u00bbhttps:\/\/www.equiposytalentoeventos.com\/corporate-learning\/wp-content\/uploads\/2022\/10\/Jes\u00fas_CEGOS_ok.jpg\u00bb title_text=\u00bblaura_santacreu\u00bb align_phone=\u00bbleft\u00bb align_last_edited=\u00bbon|phone\u00bb _builder_version=\u00bb3.26.3&#8243; border_color_all=\u00bb#ffffff\u00bb max_width=\u00bb180px\u00bb custom_padding=\u00bb|0px||||\u00bb][\/et_pb_image][et_pb_text _builder_version=\u00bb3.26.3&#8243; text_font=\u00bb||||||||\u00bb text_text_color=\u00bb#ffffff\u00bb text_line_height=\u00bb28px\u00bb custom_margin=\u00bb|||0%|false|false\u00bb custom_margin_phone=\u00bb|||0%|false|false\u00bb custom_margin_last_edited=\u00bbon|desktop\u00bb text_font_size_last_edited=\u00bbon|desktop\u00bb text_line_height_last_edited=\u00bbon|desktop\u00bb]<\/p>\n<p><span style=\"font-size: 24px; color: #68c4d1;\"><strong><span>Jes\u00fas Ara\u00fajo,\u00a0<br \/> <\/span><\/strong><\/span>CEO de <span style=\"color: #11d8d8;\"><strong>CEGOS<\/strong><\/span><\/p>\n<p>[\/et_pb_text][et_pb_social_media_follow use_icon_font_size=\u00bbon\u00bb icon_font_size=\u00bb22px\u00bb _builder_version=\u00bb3.26.3&#8243; border_radii=\u00bbon|100px|100px|100px|100px\u00bb custom_button=\u00bbon\u00bb module_alignment=\u00bbleft\u00bb custom_margin=\u00bb0%|||0%|false|false\u00bb custom_margin_phone=\u00bb|||0%|false|false\u00bb custom_margin_last_edited=\u00bbon|desktop\u00bb][et_pb_social_media_follow_network social_network=\u00bblinkedin\u00bb url=\u00bbhttps:\/\/www.linkedin.com\/in\/jesusaraujo\/\u00bb _builder_version=\u00bb3.26.3&#8243; background_color=\u00bb#007AB9&#8243; background_enable_color=\u00bbon\u00bb follow_button=\u00bboff\u00bb url_new_window=\u00bbon\u00bb]linkedin[\/et_pb_social_media_follow_network][et_pb_social_media_follow_network social_network=\u00bbtwitter\u00bb url=\u00bbhttps:\/\/twitter.com\/Cegos_es\u00bb _builder_version=\u00bb3.26.3&#8243; background_color=\u00bb#00aced\u00bb follow_button=\u00bboff\u00bb url_new_window=\u00bbon\u00bb]twitter[\/et_pb_social_media_follow_network][\/et_pb_social_media_follow][\/et_pb_column][et_pb_column type=\u00bb1_4&#8243; _builder_version=\u00bb4.3.2&#8243;][et_pb_image src=\u00bbhttps:\/\/www.equiposytalentoeventos.com\/corporate-learning\/wp-content\/uploads\/2022\/10\/Diana_ESCP.jpg\u00bb title_text=\u00bblaura_santacreu\u00bb align_phone=\u00bbleft\u00bb align_last_edited=\u00bbon|phone\u00bb _builder_version=\u00bb3.26.3&#8243; border_color_all=\u00bb#ffffff\u00bb max_width=\u00bb180px\u00bb custom_padding=\u00bb|0px||||\u00bb locked=\u00bboff\u00bb][\/et_pb_image][et_pb_text _builder_version=\u00bb3.26.3&#8243; text_font=\u00bb||||||||\u00bb text_text_color=\u00bb#ffffff\u00bb text_line_height=\u00bb28px\u00bb custom_margin=\u00bb|||0%|false|false\u00bb custom_margin_phone=\u00bb|||0%|false|false\u00bb custom_margin_last_edited=\u00bbon|desktop\u00bb text_font_size_last_edited=\u00bbon|desktop\u00bb text_line_height_last_edited=\u00bbon|desktop\u00bb locked=\u00bboff\u00bb]<\/p>\n<p><span style=\"font-size: 24px; color: #68c4d1;\"><strong><span>Diana Clarke,\u00a0 \u00a0 <\/span><\/strong><\/span><br \/><span style=\"color: #11d8d8;\"><span style=\"color: #ffffff;\">Profesora de Executive Education y Directora Acad\u00e9mica del programa Women in Leardership de<\/span><strong> ESCP BUSINESS SCHOOL<\/strong><\/span><\/p>\n<p>[\/et_pb_text][et_pb_social_media_follow use_icon_font_size=\u00bbon\u00bb icon_font_size=\u00bb22px\u00bb _builder_version=\u00bb3.26.3&#8243; border_radii=\u00bbon|100px|100px|100px|100px\u00bb custom_button=\u00bbon\u00bb module_alignment=\u00bbleft\u00bb custom_margin=\u00bb0%|||0%|false|false\u00bb custom_margin_phone=\u00bb|||0%|false|false\u00bb custom_margin_last_edited=\u00bbon|desktop\u00bb locked=\u00bboff\u00bb][et_pb_social_media_follow_network social_network=\u00bblinkedin\u00bb url=\u00bbhttps:\/\/www.linkedin.com\/in\/diana-clarke-0a52333\/\u00bb _builder_version=\u00bb3.26.3&#8243; background_color=\u00bb#007AB9&#8243; background_enable_color=\u00bbon\u00bb follow_button=\u00bboff\u00bb url_new_window=\u00bbon\u00bb]linkedin[\/et_pb_social_media_follow_network][et_pb_social_media_follow_network social_network=\u00bbtwitter\u00bb url=\u00bbhttps:\/\/twitter.com\/coursera\u00bb _builder_version=\u00bb3.26.3&#8243; background_color=\u00bb#00aced\u00bb follow_button=\u00bboff\u00bb url_new_window=\u00bbon\u00bb]twitter[\/et_pb_social_media_follow_network][\/et_pb_social_media_follow][\/et_pb_column][et_pb_column type=\u00bb1_4&#8243; _builder_version=\u00bb4.3.2&#8243;][et_pb_image src=\u00bbhttps:\/\/www.equiposytalentoeventos.com\/corporate-learning\/wp-content\/uploads\/2022\/09\/Roberto_SPEEX.jpg\u00bb title_text=\u00bblaura_santacreu\u00bb align_phone=\u00bbleft\u00bb align_last_edited=\u00bbon|phone\u00bb _builder_version=\u00bb3.26.3&#8243; border_color_all=\u00bb#ffffff\u00bb max_width=\u00bb180px\u00bb custom_padding=\u00bb|0px||||\u00bb][\/et_pb_image][et_pb_text _builder_version=\u00bb3.26.3&#8243; text_font=\u00bb||||||||\u00bb text_text_color=\u00bb#ffffff\u00bb text_line_height=\u00bb28px\u00bb custom_margin=\u00bb|||0%|false|false\u00bb custom_margin_phone=\u00bb|||0%|false|false\u00bb custom_margin_last_edited=\u00bbon|desktop\u00bb text_font_size_last_edited=\u00bbon|desktop\u00bb text_line_height_last_edited=\u00bbon|desktop\u00bb]<\/p>\n<p><span style=\"font-size: 24px; color: #68c4d1;\"><strong>Roberto Mart\u00edn,\u00a0 <\/strong><\/span><br \/><span style=\"color: #11d8d8;\"><span style=\"color: #ffffff;\">Head of Digital Marketing &amp; Growth de<\/span><strong> SPEEXX<\/strong><\/span><\/p>\n<p>[\/et_pb_text][et_pb_social_media_follow use_icon_font_size=\u00bbon\u00bb icon_font_size=\u00bb22px\u00bb _builder_version=\u00bb3.26.3&#8243; border_radii=\u00bbon|100px|100px|100px|100px\u00bb custom_button=\u00bbon\u00bb module_alignment=\u00bbleft\u00bb custom_margin=\u00bb0%|||0%|false|false\u00bb custom_margin_phone=\u00bb|||0%|false|false\u00bb custom_margin_last_edited=\u00bbon|desktop\u00bb locked=\u00bboff\u00bb][et_pb_social_media_follow_network social_network=\u00bblinkedin\u00bb url=\u00bbhttps:\/\/www.linkedin.com\/in\/roberto-martin-arroyo\/\u00bb _builder_version=\u00bb3.26.3&#8243; background_color=\u00bb#007AB9&#8243; background_enable_color=\u00bbon\u00bb follow_button=\u00bboff\u00bb url_new_window=\u00bbon\u00bb]linkedin[\/et_pb_social_media_follow_network][et_pb_social_media_follow_network social_network=\u00bbtwitter\u00bb url=\u00bbhttps:\/\/twitter.com\/speexx_Spain\u00bb _builder_version=\u00bb3.26.3&#8243; background_color=\u00bb#00aced\u00bb follow_button=\u00bboff\u00bb url_new_window=\u00bbon\u00bb]twitter[\/et_pb_social_media_follow_network][\/et_pb_social_media_follow][\/et_pb_column][et_pb_column type=\u00bb1_4&#8243; _builder_version=\u00bb4.3.2&#8243;][et_pb_image src=\u00bbhttps:\/\/www.equiposytalentoeventos.com\/corporate-learning\/wp-content\/uploads\/2022\/09\/Guillermo_CORNERSTONE.jpg\u00bb title_text=\u00bblaura_santacreu\u00bb align_phone=\u00bbleft\u00bb align_last_edited=\u00bbon|phone\u00bb _builder_version=\u00bb3.26.3&#8243; border_color_all=\u00bb#ffffff\u00bb max_width=\u00bb180px\u00bb custom_padding=\u00bb|0px||||\u00bb locked=\u00bboff\u00bb][\/et_pb_image][et_pb_text _builder_version=\u00bb3.26.3&#8243; text_font=\u00bb||||||||\u00bb text_text_color=\u00bb#ffffff\u00bb text_line_height=\u00bb28px\u00bb custom_margin=\u00bb|||0%|false|false\u00bb custom_margin_phone=\u00bb|||0%|false|false\u00bb custom_margin_last_edited=\u00bbon|desktop\u00bb text_font_size_last_edited=\u00bbon|desktop\u00bb text_line_height_last_edited=\u00bbon|desktop\u00bb locked=\u00bboff\u00bb]<\/p>\n<p><span style=\"font-size: 24px; color: #68c4d1;\"><strong>Guillermo San Rom\u00e1n,\u00a0 <\/strong><\/span><br \/><span style=\"color: #ffffff;\"><span style=\"color: #11d8d8;\"><span style=\"color: #ffffff;\">Senior Regional Director Iberia de<\/span><strong> CORNERSTONE<\/strong><\/span><\/span><\/p>\n<p>[\/et_pb_text][et_pb_social_media_follow use_icon_font_size=\u00bbon\u00bb icon_font_size=\u00bb22px\u00bb _builder_version=\u00bb3.26.3&#8243; border_radii=\u00bbon|100px|100px|100px|100px\u00bb custom_button=\u00bbon\u00bb module_alignment=\u00bbleft\u00bb custom_margin=\u00bb0%|||0%|false|false\u00bb custom_margin_phone=\u00bb|||0%|false|false\u00bb custom_margin_last_edited=\u00bbon|desktop\u00bb locked=\u00bboff\u00bb][et_pb_social_media_follow_network social_network=\u00bblinkedin\u00bb url=\u00bbhttps:\/\/www.linkedin.com\/in\/guillermo-willy-san-rom%C3%A1n-625539b\/\u00bb _builder_version=\u00bb3.26.3&#8243; background_color=\u00bb#007AB9&#8243; background_enable_color=\u00bbon\u00bb follow_button=\u00bboff\u00bb url_new_window=\u00bbon\u00bb]linkedin[\/et_pb_social_media_follow_network][et_pb_social_media_follow_network social_network=\u00bbtwitter\u00bb url=\u00bbhttps:\/\/twitter.com\/CornerstoneInc\u00bb _builder_version=\u00bb3.26.3&#8243; background_color=\u00bb#00aced\u00bb follow_button=\u00bboff\u00bb url_new_window=\u00bbon\u00bb]twitter[\/et_pb_social_media_follow_network][\/et_pb_social_media_follow][\/et_pb_column][\/et_pb_row][et_pb_row column_structure=\u00bb1_4,1_4,1_4,1_4&#8243; use_custom_gutter=\u00bbon\u00bb gutter_width=\u00bb2&#8243; custom_padding=\u00bb0px|||0px||\u00bb custom_margin=\u00bb1.9%|auto||auto|false|false\u00bb make_equal=\u00bbon\u00bb disabled_on=\u00bboff|off|off\u00bb _builder_version=\u00bb3.26.3&#8243; width_phone=\u00bb75%\u00bb width_last_edited=\u00bbon|desktop\u00bb max_width_last_edited=\u00bbon|desktop\u00bb module_alignment=\u00bbcenter\u00bb min_height=\u00bb100px\u00bb custom_margin_phone=\u00bb|auto|0%|auto|false|false\u00bb custom_margin_last_edited=\u00bboff|phone\u00bb][et_pb_column type=\u00bb1_4&#8243; _builder_version=\u00bb4.3.2&#8243;][et_pb_image src=\u00bbhttps:\/\/www.equiposytalentoeventos.com\/corporate-learning\/wp-content\/uploads\/2022\/10\/Juan-Ruiz-del-Portal_OVERLAP.jpg\u00bb title_text=\u00bblaura_santacreu\u00bb align_phone=\u00bbleft\u00bb align_last_edited=\u00bbon|phone\u00bb _builder_version=\u00bb3.26.3&#8243; border_color_all=\u00bb#ffffff\u00bb max_width=\u00bb180px\u00bb custom_padding=\u00bb|0px||||\u00bb][\/et_pb_image][et_pb_text _builder_version=\u00bb3.26.3&#8243; text_font=\u00bb||||||||\u00bb text_text_color=\u00bb#ffffff\u00bb text_line_height=\u00bb28px\u00bb custom_margin=\u00bb|||0%|false|false\u00bb custom_margin_phone=\u00bb|||0%|false|false\u00bb custom_margin_last_edited=\u00bbon|desktop\u00bb text_font_size_last_edited=\u00bbon|desktop\u00bb text_line_height_last_edited=\u00bbon|desktop\u00bb]<\/p>\n<p><span style=\"font-size: 24px; color: #68c4d1;\"><strong><span>Juan Ruiz del Portal, <br \/><\/span><\/strong><\/span>Socio Director de\u00a0<span style=\"color: #11d8d8;\"><strong>OVERLAP\u00a0<br \/><\/strong><\/span><span style=\"color: #11d8d8;\"><strong>IBERIA<\/strong><\/span><\/p>\n<p>[\/et_pb_text][et_pb_social_media_follow use_icon_font_size=\u00bbon\u00bb icon_font_size=\u00bb22px\u00bb _builder_version=\u00bb3.26.3&#8243; border_radii=\u00bbon|100px|100px|100px|100px\u00bb custom_button=\u00bbon\u00bb module_alignment=\u00bbleft\u00bb custom_margin=\u00bb0%|||0%|false|false\u00bb custom_margin_phone=\u00bb|||0%|false|false\u00bb custom_margin_last_edited=\u00bbon|desktop\u00bb][et_pb_social_media_follow_network social_network=\u00bblinkedin\u00bb url=\u00bbhttps:\/\/www.linkedin.com\/in\/antonio-rubio-956b37\/\u00bb _builder_version=\u00bb3.26.3&#8243; background_color=\u00bb#007AB9&#8243; background_enable_color=\u00bbon\u00bb follow_button=\u00bboff\u00bb url_new_window=\u00bbon\u00bb]linkedin[\/et_pb_social_media_follow_network][et_pb_social_media_follow_network social_network=\u00bbtwitter\u00bb url=\u00bbhttps:\/\/twitter.com\/overlapnet\u00bb _builder_version=\u00bb3.26.3&#8243; background_color=\u00bb#00aced\u00bb follow_button=\u00bboff\u00bb url_new_window=\u00bbon\u00bb]twitter[\/et_pb_social_media_follow_network][\/et_pb_social_media_follow][\/et_pb_column][et_pb_column type=\u00bb1_4&#8243; _builder_version=\u00bb4.3.2&#8243;][et_pb_image src=\u00bbhttps:\/\/www.equiposytalentoeventos.com\/corporate-learning\/wp-content\/uploads\/2022\/09\/Miguel-A\u0301ngel_HEDIMA.jpg\u00bb title_text=\u00bblaura_santacreu\u00bb align_phone=\u00bbleft\u00bb align_last_edited=\u00bbon|phone\u00bb _builder_version=\u00bb3.26.3&#8243; border_color_all=\u00bb#ffffff\u00bb max_width=\u00bb180px\u00bb custom_padding=\u00bb|0px||||\u00bb locked=\u00bboff\u00bb][\/et_pb_image][et_pb_text _builder_version=\u00bb3.26.3&#8243; text_font=\u00bb||||||||\u00bb text_text_color=\u00bb#ffffff\u00bb text_line_height=\u00bb28px\u00bb custom_margin=\u00bb|||0%|false|false\u00bb custom_margin_phone=\u00bb|||0%|false|false\u00bb custom_margin_last_edited=\u00bbon|desktop\u00bb text_font_size_last_edited=\u00bbon|desktop\u00bb text_line_height_last_edited=\u00bbon|desktop\u00bb locked=\u00bboff\u00bb]<\/p>\n<p><span style=\"font-size: 24px; color: #68c4d1;\"><strong><span>Miguel \u00c1ngel G\u00f3mez,\u00a0\u00a0 <\/span><\/strong><\/span><br \/><span style=\"color: #11d8d8;\"><span style=\"color: #ffffff;\">Chief Marketing and Sales Officer de <\/span><strong>GRUPO HEDIMA CORPORATE L&amp;D<\/strong> <\/span><\/p>\n<p>[\/et_pb_text][et_pb_social_media_follow use_icon_font_size=\u00bbon\u00bb icon_font_size=\u00bb22px\u00bb _builder_version=\u00bb3.26.3&#8243; border_radii=\u00bbon|100px|100px|100px|100px\u00bb custom_button=\u00bbon\u00bb module_alignment=\u00bbleft\u00bb custom_margin=\u00bb0%|||0%|false|false\u00bb custom_margin_phone=\u00bb|||0%|false|false\u00bb custom_margin_last_edited=\u00bbon|desktop\u00bb locked=\u00bboff\u00bb][et_pb_social_media_follow_network social_network=\u00bblinkedin\u00bb url=\u00bbhttps:\/\/www.linkedin.com\/in\/miguelangelgomezbartolome\/\u00bb _builder_version=\u00bb3.26.3&#8243; background_color=\u00bb#007AB9&#8243; background_enable_color=\u00bbon\u00bb follow_button=\u00bboff\u00bb url_new_window=\u00bbon\u00bb]linkedin[\/et_pb_social_media_follow_network][et_pb_social_media_follow_network social_network=\u00bbtwitter\u00bb url=\u00bbhttps:\/\/twitter.com\/GrupoHedimaLD\u00bb _builder_version=\u00bb3.26.3&#8243; background_color=\u00bb#00aced\u00bb follow_button=\u00bboff\u00bb url_new_window=\u00bbon\u00bb]twitter[\/et_pb_social_media_follow_network][\/et_pb_social_media_follow][\/et_pb_column][et_pb_column type=\u00bb1_4&#8243; _builder_version=\u00bb4.3.2&#8243;][et_pb_image src=\u00bbhttps:\/\/www.equiposytalentoeventos.com\/corporate-learning\/wp-content\/uploads\/2022\/10\/Javier_RANDSTAD.jpg\u00bb title_text=\u00bblaura_santacreu\u00bb align_phone=\u00bbleft\u00bb align_last_edited=\u00bbon|phone\u00bb _builder_version=\u00bb3.26.3&#8243; border_color_all=\u00bb#ffffff\u00bb max_width=\u00bb180px\u00bb custom_padding=\u00bb|0px||||\u00bb][\/et_pb_image][et_pb_text _builder_version=\u00bb3.26.3&#8243; text_font=\u00bb||||||||\u00bb text_text_color=\u00bb#ffffff\u00bb text_line_height=\u00bb28px\u00bb custom_margin=\u00bb|||0%|false|false\u00bb custom_margin_phone=\u00bb|||0%|false|false\u00bb custom_margin_last_edited=\u00bbon|desktop\u00bb text_font_size_last_edited=\u00bbon|desktop\u00bb text_line_height_last_edited=\u00bbon|desktop\u00bb]<\/p>\n<p><span style=\"font-size: 24px; color: #68c4d1;\"><strong>Javier Mart\u00edn,\u00a0 <\/strong><\/span><br \/> <span style=\"color: #11d8d8;\"><span style=\"color: #ffffff;\">Director de Talento <br \/><\/span><\/span><span style=\"color: #11d8d8;\"><span style=\"color: #ffffff;\">de <\/span><strong>RANDSTAD<\/strong><\/span><\/p>\n<p>[\/et_pb_text][et_pb_social_media_follow use_icon_font_size=\u00bbon\u00bb icon_font_size=\u00bb22px\u00bb _builder_version=\u00bb3.26.3&#8243; border_radii=\u00bbon|100px|100px|100px|100px\u00bb custom_button=\u00bbon\u00bb module_alignment=\u00bbleft\u00bb custom_margin=\u00bb0%|||0%|false|false\u00bb custom_margin_phone=\u00bb|||0%|false|false\u00bb custom_margin_last_edited=\u00bbon|desktop\u00bb locked=\u00bboff\u00bb][et_pb_social_media_follow_network social_network=\u00bblinkedin\u00bb url=\u00bbhttps:\/\/www.linkedin.com\/in\/jmartinmanjon\/\u00bb _builder_version=\u00bb3.26.3&#8243; background_color=\u00bb#007AB9&#8243; background_enable_color=\u00bbon\u00bb follow_button=\u00bboff\u00bb url_new_window=\u00bbon\u00bb]linkedin[\/et_pb_social_media_follow_network][et_pb_social_media_follow_network social_network=\u00bbtwitter\u00bb url=\u00bbhttps:\/\/twitter.com\/Randstad_es\u00bb _builder_version=\u00bb3.26.3&#8243; background_color=\u00bb#00aced\u00bb follow_button=\u00bboff\u00bb url_new_window=\u00bbon\u00bb]twitter[\/et_pb_social_media_follow_network][\/et_pb_social_media_follow][\/et_pb_column][et_pb_column type=\u00bb1_4&#8243; _builder_version=\u00bb4.3.2&#8243;][et_pb_image src=\u00bbhttps:\/\/www.equiposytalentoeventos.com\/corporate-learning\/wp-content\/uploads\/2022\/10\/Gonzalo_Netex.jpg\u00bb title_text=\u00bblaura_santacreu\u00bb align_phone=\u00bbleft\u00bb align_last_edited=\u00bbon|phone\u00bb _builder_version=\u00bb3.26.3&#8243; border_color_all=\u00bb#ffffff\u00bb max_width=\u00bb180px\u00bb custom_padding=\u00bb|0px||||\u00bb locked=\u00bboff\u00bb][\/et_pb_image][et_pb_text _builder_version=\u00bb3.26.3&#8243; text_font=\u00bb||||||||\u00bb text_text_color=\u00bb#ffffff\u00bb text_line_height=\u00bb28px\u00bb custom_margin=\u00bb|||0%|false|false\u00bb custom_margin_phone=\u00bb|||0%|false|false\u00bb custom_margin_last_edited=\u00bbon|desktop\u00bb text_font_size_last_edited=\u00bbon|desktop\u00bb text_line_height_last_edited=\u00bbon|desktop\u00bb locked=\u00bboff\u00bb]<\/p>\n<p><span style=\"font-size: 24px; color: #68c4d1;\"><strong>Gonzalo Guirao,\u00a0 <\/strong><\/span><br \/><span style=\"color: #ffffff;\"><span style=\"color: #11d8d8;\"><span style=\"color: #ffffff;\">Director de Soluci\u00f3n de<\/span><strong> NETEX LEARNING<\/strong><\/span><\/span><\/p>\n<p>[\/et_pb_text][et_pb_social_media_follow use_icon_font_size=\u00bbon\u00bb icon_font_size=\u00bb22px\u00bb _builder_version=\u00bb3.26.3&#8243; border_radii=\u00bbon|100px|100px|100px|100px\u00bb custom_button=\u00bbon\u00bb module_alignment=\u00bbleft\u00bb custom_margin=\u00bb0%|||0%|false|false\u00bb custom_margin_phone=\u00bb|||0%|false|false\u00bb custom_margin_last_edited=\u00bbon|desktop\u00bb locked=\u00bboff\u00bb][et_pb_social_media_follow_network social_network=\u00bblinkedin\u00bb url=\u00bbhttps:\/\/www.linkedin.com\/in\/gonzaloguirao\/\u00bb _builder_version=\u00bb3.26.3&#8243; background_color=\u00bb#007AB9&#8243; background_enable_color=\u00bbon\u00bb follow_button=\u00bboff\u00bb url_new_window=\u00bbon\u00bb]linkedin[\/et_pb_social_media_follow_network][et_pb_social_media_follow_network social_network=\u00bbtwitter\u00bb url=\u00bbhttps:\/\/twitter.com\/NetexLearning\u00bb _builder_version=\u00bb3.26.3&#8243; background_color=\u00bb#00aced\u00bb follow_button=\u00bboff\u00bb url_new_window=\u00bbon\u00bb]twitter[\/et_pb_social_media_follow_network][\/et_pb_social_media_follow][\/et_pb_column][\/et_pb_row][et_pb_row column_structure=\u00bb1_4,1_4,1_4,1_4&#8243; use_custom_gutter=\u00bbon\u00bb gutter_width=\u00bb2&#8243; custom_padding=\u00bb0px|||0px||\u00bb custom_margin=\u00bb1.9%|auto||auto|false|false\u00bb make_equal=\u00bbon\u00bb disabled_on=\u00bboff|off|off\u00bb _builder_version=\u00bb3.26.3&#8243; width_phone=\u00bb75%\u00bb width_last_edited=\u00bbon|desktop\u00bb max_width_last_edited=\u00bbon|desktop\u00bb module_alignment=\u00bbcenter\u00bb min_height=\u00bb100px\u00bb custom_margin_phone=\u00bb|auto|0%|auto|false|false\u00bb custom_margin_last_edited=\u00bboff|phone\u00bb][et_pb_column type=\u00bb1_4&#8243; _builder_version=\u00bb4.3.2&#8243;][et_pb_image src=\u00bbhttps:\/\/www.equiposytalentoeventos.com\/corporate-learning\/wp-content\/uploads\/2022\/09\/Antonio_COACH-HUB.jpg\u00bb title_text=\u00bblaura_santacreu\u00bb align_phone=\u00bbleft\u00bb align_last_edited=\u00bbon|phone\u00bb _builder_version=\u00bb3.26.3&#8243; border_color_all=\u00bb#ffffff\u00bb max_width=\u00bb180px\u00bb custom_padding=\u00bb|0px||||\u00bb][\/et_pb_image][et_pb_text _builder_version=\u00bb3.26.3&#8243; text_font=\u00bb||||||||\u00bb text_text_color=\u00bb#ffffff\u00bb text_line_height=\u00bb28px\u00bb custom_margin=\u00bb|||0%|false|false\u00bb custom_margin_phone=\u00bb|||0%|false|false\u00bb custom_margin_last_edited=\u00bbon|desktop\u00bb text_font_size_last_edited=\u00bbon|desktop\u00bb text_line_height_last_edited=\u00bbon|desktop\u00bb]<\/p>\n<p><span style=\"font-size: 24px; color: #68c4d1;\"><strong><span>Antonio <br \/><\/span><\/strong><\/span><span style=\"font-size: 24px; color: #68c4d1;\"><strong><span>Hern\u00e1ndez-Briz,<br \/><\/span><\/strong><\/span>Enterprise Transformation Consultant de <span style=\"color: #11d8d8;\"><strong>COACH HUB<\/strong><\/span><\/p>\n<p>[\/et_pb_text][et_pb_social_media_follow use_icon_font_size=\u00bbon\u00bb icon_font_size=\u00bb22px\u00bb _builder_version=\u00bb3.26.3&#8243; border_radii=\u00bbon|100px|100px|100px|100px\u00bb custom_button=\u00bbon\u00bb module_alignment=\u00bbleft\u00bb custom_margin=\u00bb0%|||0%|false|false\u00bb custom_margin_phone=\u00bb|||0%|false|false\u00bb custom_margin_last_edited=\u00bbon|desktop\u00bb][et_pb_social_media_follow_network social_network=\u00bblinkedin\u00bb url=\u00bbhttps:\/\/www.linkedin.com\/in\/ahbriz\/\u00bb _builder_version=\u00bb3.26.3&#8243; background_color=\u00bb#007AB9&#8243; background_enable_color=\u00bbon\u00bb follow_button=\u00bboff\u00bb url_new_window=\u00bbon\u00bb]linkedin[\/et_pb_social_media_follow_network][et_pb_social_media_follow_network social_network=\u00bbtwitter\u00bb url=\u00bbhttps:\/\/twitter.com\/CoachHub_IO\u00bb _builder_version=\u00bb3.26.3&#8243; background_color=\u00bb#00aced\u00bb follow_button=\u00bboff\u00bb url_new_window=\u00bbon\u00bb]twitter[\/et_pb_social_media_follow_network][\/et_pb_social_media_follow][\/et_pb_column][et_pb_column type=\u00bb1_4&#8243; _builder_version=\u00bb4.3.2&#8243;][et_pb_image src=\u00bbhttps:\/\/www.equiposytalentoeventos.com\/corporate-learning\/wp-content\/uploads\/2022\/09\/Rafael-Gozalo_THE-POWER-BUSINESS-SCHOOL.jpg\u00bb title_text=\u00bblaura_santacreu\u00bb align_phone=\u00bbleft\u00bb align_last_edited=\u00bbon|phone\u00bb _builder_version=\u00bb3.26.3&#8243; border_color_all=\u00bb#ffffff\u00bb max_width=\u00bb180px\u00bb custom_padding=\u00bb|0px||||\u00bb locked=\u00bboff\u00bb][\/et_pb_image][et_pb_text _builder_version=\u00bb3.26.3&#8243; text_font=\u00bb||||||||\u00bb text_text_color=\u00bb#ffffff\u00bb text_line_height=\u00bb28px\u00bb custom_margin=\u00bb|||0%|false|false\u00bb custom_margin_phone=\u00bb|||0%|false|false\u00bb custom_margin_last_edited=\u00bbon|desktop\u00bb text_font_size_last_edited=\u00bbon|desktop\u00bb text_line_height_last_edited=\u00bbon|desktop\u00bb locked=\u00bboff\u00bb]<\/p>\n<p><span style=\"font-size: 24px; color: #68c4d1;\"><strong><span>Rafael Gozalo,\u00a0 \u00a0 <\/span><\/strong><\/span><br \/><span style=\"color: #11d8d8;\"><span style=\"color: #ffffff;\">Co-Founder &amp; Co-CEO de <\/span><strong>THE POWER BUSINESS SCHOOL<\/strong> <\/span><\/p>\n<p>[\/et_pb_text][et_pb_social_media_follow use_icon_font_size=\u00bbon\u00bb icon_font_size=\u00bb22px\u00bb _builder_version=\u00bb3.26.3&#8243; border_radii=\u00bbon|100px|100px|100px|100px\u00bb custom_button=\u00bbon\u00bb module_alignment=\u00bbleft\u00bb custom_margin=\u00bb0%|||0%|false|false\u00bb custom_margin_phone=\u00bb|||0%|false|false\u00bb custom_margin_last_edited=\u00bbon|desktop\u00bb locked=\u00bboff\u00bb][et_pb_social_media_follow_network social_network=\u00bblinkedin\u00bb url=\u00bbhttps:\/\/www.linkedin.com\/in\/rafael-gozalo-corral-2a1a4913\/\u00bb _builder_version=\u00bb3.26.3&#8243; background_color=\u00bb#007AB9&#8243; background_enable_color=\u00bbon\u00bb follow_button=\u00bboff\u00bb url_new_window=\u00bbon\u00bb]linkedin[\/et_pb_social_media_follow_network][\/et_pb_social_media_follow][\/et_pb_column][et_pb_column type=\u00bb1_4&#8243; _builder_version=\u00bb4.3.2&#8243;][et_pb_image src=\u00bbhttps:\/\/www.equiposytalentoeventos.com\/corporate-learning\/wp-content\/uploads\/2021\/10\/02Eva_Galli_EquiposyTalento.png\u00bb title_text=\u00bbvanessa_berrido\u00bb align_phone=\u00bbleft\u00bb align_last_edited=\u00bbon|phone\u00bb _builder_version=\u00bb3.26.3&#8243; border_color_all=\u00bb#ffffff\u00bb max_width=\u00bb180px\u00bb custom_padding=\u00bb|0px||||\u00bb locked=\u00bboff\u00bb][\/et_pb_image][et_pb_text _builder_version=\u00bb3.26.3&#8243; text_font=\u00bb||||||||\u00bb text_text_color=\u00bb#ffffff\u00bb text_line_height=\u00bb28px\u00bb custom_margin=\u00bb|||0%|false|false\u00bb custom_margin_phone=\u00bb|||0%|false|false\u00bb custom_margin_last_edited=\u00bbon|desktop\u00bb text_font_size_last_edited=\u00bbon|desktop\u00bb text_line_height_last_edited=\u00bbon|desktop\u00bb locked=\u00bboff\u00bb]<\/p>\n<p><span style=\"font-size: 24px; color: #68c4d1;\"><strong>Eva Galli,<\/strong><\/span><br \/><span style=\"color: #ffffff;\">Periodista<\/span><br \/><span style=\"color: #11d8d8; font-size: 15px;\"><strong>EQUIPOS&amp;TALENTO<\/strong><\/span><\/p>\n<p>[\/et_pb_text][et_pb_social_media_follow use_icon_font_size=\u00bbon\u00bb icon_font_size=\u00bb22px\u00bb _builder_version=\u00bb3.26.3&#8243; border_radii=\u00bbon|100px|100px|100px|100px\u00bb custom_button=\u00bbon\u00bb module_alignment=\u00bbleft\u00bb custom_margin=\u00bb0%|||0%|false|false\u00bb custom_margin_phone=\u00bb|||0%|false|false\u00bb custom_margin_last_edited=\u00bbon|desktop\u00bb locked=\u00bboff\u00bb][et_pb_social_media_follow_network social_network=\u00bblinkedin\u00bb url=\u00bbhttps:\/\/www.linkedin.com\/in\/evagalli\/\u00bb _builder_version=\u00bb3.26.3&#8243; background_color=\u00bb#007AB9&#8243; background_enable_color=\u00bbon\u00bb follow_button=\u00bboff\u00bb url_new_window=\u00bbon\u00bb]linkedin[\/et_pb_social_media_follow_network][et_pb_social_media_follow_network social_network=\u00bbtwitter\u00bb url=\u00bbhttps:\/\/twitter.com\/evagalliregas\u00bb _builder_version=\u00bb3.26.3&#8243; background_color=\u00bb#00aced\u00bb follow_button=\u00bboff\u00bb url_new_window=\u00bbon\u00bb]twitter[\/et_pb_social_media_follow_network][\/et_pb_social_media_follow][\/et_pb_column][et_pb_column type=\u00bb1_4&#8243; _builder_version=\u00bb4.3.2&#8243;][et_pb_image src=\u00bbhttps:\/\/www.equiposytalentoeventos.com\/corporate-learning\/wp-content\/uploads\/2022\/09\/0011_CUSTOMMEDIA_MONICA-GALVEZ.png\u00bb title_text=\u00bbvanessa_berrido\u00bb align_phone=\u00bbleft\u00bb align_last_edited=\u00bbon|phone\u00bb _builder_version=\u00bb3.26.3&#8243; border_color_all=\u00bb#ffffff\u00bb max_width=\u00bb180px\u00bb custom_padding=\u00bb|0px||||\u00bb locked=\u00bboff\u00bb][\/et_pb_image][et_pb_text _builder_version=\u00bb3.26.3&#8243; text_font=\u00bb||||||||\u00bb text_text_color=\u00bb#ffffff\u00bb text_line_height=\u00bb28px\u00bb custom_margin=\u00bb|||0%|false|false\u00bb custom_margin_phone=\u00bb|||0%|false|false\u00bb custom_margin_last_edited=\u00bbon|desktop\u00bb text_font_size_last_edited=\u00bbon|desktop\u00bb text_line_height_last_edited=\u00bbon|desktop\u00bb locked=\u00bboff\u00bb]<\/p>\n<p><span style=\"font-size: 24px; color: #68c4d1;\"><strong>M\u00f3nica G\u00e1lvez, <\/strong><\/span><br \/>Directora de Contenidos de <span style=\"color: #11d8d8;\"><strong>CUSTOMMEDIA<\/strong><\/span><\/p>\n<p>[\/et_pb_text][et_pb_social_media_follow use_icon_font_size=\u00bbon\u00bb icon_font_size=\u00bb22px\u00bb _builder_version=\u00bb3.26.3&#8243; border_radii=\u00bbon|100px|100px|100px|100px\u00bb custom_button=\u00bbon\u00bb module_alignment=\u00bbleft\u00bb custom_margin=\u00bb0%|||0%|false|false\u00bb custom_margin_phone=\u00bb|||0%|false|false\u00bb custom_margin_last_edited=\u00bbon|desktop\u00bb locked=\u00bboff\u00bb][et_pb_social_media_follow_network social_network=\u00bblinkedin\u00bb url=\u00bbhttps:\/\/www.linkedin.com\/in\/m%C3%B3nica-g%C3%A1lvez-rayo-0a5389b\/\u00bb _builder_version=\u00bb3.26.3&#8243; background_color=\u00bb#007AB9&#8243; background_enable_color=\u00bbon\u00bb follow_button=\u00bboff\u00bb url_new_window=\u00bbon\u00bb]linkedin[\/et_pb_social_media_follow_network][et_pb_social_media_follow_network social_network=\u00bbtwitter\u00bb url=\u00bbhttps:\/\/twitter.com\/monicagalvezray\u00bb _builder_version=\u00bb3.26.3&#8243; background_color=\u00bb#00aced\u00bb follow_button=\u00bboff\u00bb url_new_window=\u00bbon\u00bb]twitter[\/et_pb_social_media_follow_network][\/et_pb_social_media_follow][\/et_pb_column][\/et_pb_row][et_pb_row column_structure=\u00bb1_4,1_4,1_4,1_4&#8243; use_custom_gutter=\u00bbon\u00bb gutter_width=\u00bb2&#8243; custom_padding=\u00bb0px|||0px||\u00bb custom_margin=\u00bb1.9%|auto||auto|false|false\u00bb make_equal=\u00bbon\u00bb disabled_on=\u00bboff|off|off\u00bb _builder_version=\u00bb3.26.3&#8243; width_phone=\u00bb75%\u00bb width_last_edited=\u00bbon|desktop\u00bb max_width_last_edited=\u00bbon|desktop\u00bb module_alignment=\u00bbcenter\u00bb min_height=\u00bb100px\u00bb custom_margin_phone=\u00bb|auto|0%|auto|false|false\u00bb custom_margin_last_edited=\u00bboff|phone\u00bb][et_pb_column type=\u00bb1_4&#8243; _builder_version=\u00bb4.3.2&#8243;][et_pb_image src=\u00bbhttps:\/\/www.equiposytalentoeventos.com\/corporate-learning\/wp-content\/uploads\/2022\/10\/Alex_COURSERA.jpg\u00bb title_text=\u00bblaura_santacreu\u00bb align_phone=\u00bbleft\u00bb align_last_edited=\u00bbon|phone\u00bb _builder_version=\u00bb3.26.3&#8243; border_color_all=\u00bb#ffffff\u00bb max_width=\u00bb180px\u00bb custom_padding=\u00bb|0px||||\u00bb][\/et_pb_image][et_pb_text _builder_version=\u00bb3.26.3&#8243; text_font=\u00bb||||||||\u00bb text_text_color=\u00bb#ffffff\u00bb text_line_height=\u00bb28px\u00bb custom_margin=\u00bb|||0%|false|false\u00bb custom_margin_phone=\u00bb|||0%|false|false\u00bb custom_margin_last_edited=\u00bbon|desktop\u00bb text_font_size_last_edited=\u00bbon|desktop\u00bb text_line_height_last_edited=\u00bbon|desktop\u00bb]<\/p>\n<p><span style=\"font-size: 24px; color: #68c4d1;\"><strong><span>Alex Cobos,<br \/><\/span><\/strong><\/span>Customer Success Manager de <span style=\"color: #11d8d8;\"><strong>COURSERA<\/strong><\/span><\/p>\n<p>[\/et_pb_text][et_pb_social_media_follow use_icon_font_size=\u00bbon\u00bb icon_font_size=\u00bb22px\u00bb _builder_version=\u00bb3.26.3&#8243; border_radii=\u00bbon|100px|100px|100px|100px\u00bb custom_button=\u00bbon\u00bb module_alignment=\u00bbleft\u00bb custom_margin=\u00bb0%|||0%|false|false\u00bb custom_margin_phone=\u00bb|||0%|false|false\u00bb custom_margin_last_edited=\u00bbon|desktop\u00bb][et_pb_social_media_follow_network social_network=\u00bblinkedin\u00bb url=\u00bbhttps:\/\/www.linkedin.com\/in\/alex-cobos-mlpi-50599618\/\u00bb _builder_version=\u00bb3.26.3&#8243; background_color=\u00bb#007AB9&#8243; background_enable_color=\u00bbon\u00bb follow_button=\u00bboff\u00bb url_new_window=\u00bbon\u00bb]linkedin[\/et_pb_social_media_follow_network][et_pb_social_media_follow_network social_network=\u00bbtwitter\u00bb url=\u00bbhttps:\/\/twitter.com\/coursera\u00bb _builder_version=\u00bb3.26.3&#8243; background_color=\u00bb#00aced\u00bb follow_button=\u00bboff\u00bb url_new_window=\u00bbon\u00bb]twitter[\/et_pb_social_media_follow_network][\/et_pb_social_media_follow][\/et_pb_column][et_pb_column type=\u00bb1_4&#8243; _builder_version=\u00bb4.3.2&#8243;][\/et_pb_column][et_pb_column type=\u00bb1_4&#8243; _builder_version=\u00bb4.3.2&#8243;][\/et_pb_column][et_pb_column type=\u00bb1_4&#8243; _builder_version=\u00bb4.3.2&#8243;][\/et_pb_column][\/et_pb_row][\/et_pb_section][et_pb_section fb_built=\u00bb1&#8243; custom_padding_last_edited=\u00bbon|desktop\u00bb disabled_on=\u00bboff|off|off\u00bb module_id=\u00bbinscripcion\u00bb _builder_version=\u00bb3.26.3&#8243; background_color=\u00bbrgba(0,0,0,0.79)\u00bb background_image=\u00bbhttps:\/\/www.equiposytalentoeventos.com\/corporate-learning\/wp-content\/uploads\/2021\/10\/CorporateLearningDay21-footer1.jpg\u00bb background_blend=\u00bbmultiply\u00bb custom_margin=\u00bb0px||||false|false\u00bb custom_margin_phone=\u00bb||0%||false|false\u00bb custom_margin_last_edited=\u00bbon|desktop\u00bb custom_padding=\u00bb6px||0px||false|false\u00bb custom_padding_phone=\u00bb||0%||false|false\u00bb background_last_edited=\u00bbon|phone\u00bb background_enable_image_phone=\u00bboff\u00bb][et_pb_row custom_padding=\u00bb5%|5%||5%\u00bb custom_padding_phone=\u00bb3%|0%||10%|false|false\u00bb custom_margin=\u00bb0.2%|auto||auto|false|false\u00bb custom_padding_last_edited=\u00bbon|phone\u00bb disabled_on=\u00bboff|off|off\u00bb _builder_version=\u00bb3.26.3&#8243; background_enable_color=\u00bboff\u00bb width_tablet=\u00bb85%\u00bb width_phone=\u00bb100%\u00bb width_last_edited=\u00bbon|phone\u00bb][et_pb_column type=\u00bb4_4&#8243; _builder_version=\u00bb3.25.4&#8243;][et_pb_text _builder_version=\u00bb3.26.3&#8243; text_font=\u00bbUnivers LT 75 Black||||||||\u00bb text_text_align=\u00bbcenter\u00bb text_text_color=\u00bb#ffffff\u00bb text_font_size=\u00bb42px\u00bb text_line_height=\u00bb90px\u00bb width_phone=\u00bb100%\u00bb width_last_edited=\u00bbon|desktop\u00bb custom_margin=\u00bb||-0.6%||false|false\u00bb custom_margin_phone=\u00bb7%||5%||false|false\u00bb custom_margin_last_edited=\u00bbon|phone\u00bb text_font_size_phone=\u00bb36px\u00bb text_font_size_last_edited=\u00bbon|desktop\u00bb text_line_height_phone=\u00bb54px\u00bb text_line_height_last_edited=\u00bbon|desktop\u00bb text_orientation_last_edited=\u00bbon|desktop\u00bb]<\/p>\n<p style=\"text-align: left;\">Inscr\u00edbete a Corporate Learning<\/p>\n<p>[\/et_pb_text][\/et_pb_column][\/et_pb_row][et_pb_row column_structure=\u00bb2_5,3_5&#8243; custom_padding=\u00bb0%|5%|6.5%|5%||\u00bb custom_padding_phone=\u00bb|10%|7%|10%|false|false\u00bb custom_margin=\u00bb||\u00bb custom_padding_last_edited=\u00bbon|desktop\u00bb disabled_on=\u00bboff|off|off\u00bb module_id=\u00bbinscribete\u00bb _builder_version=\u00bb3.26.3&#8243; box_shadow_style=\u00bbpreset3&#8243; width_tablet=\u00bb85%\u00bb width_phone=\u00bb100%\u00bb width_last_edited=\u00bbon|phone\u00bb][et_pb_column type=\u00bb2_5&#8243; _builder_version=\u00bb3.25.4&#8243;][et_pb_text _builder_version=\u00bb3.26.3&#8243; text_font=\u00bbUnivers||||||||\u00bb text_text_color=\u00bb#ffffff\u00bb text_font_size=\u00bb16px\u00bb text_line_height=\u00bb26px\u00bb custom_margin=\u00bb0.7%|||||\u00bb custom_margin_phone=\u00bb0%||10%||false|false\u00bb custom_margin_last_edited=\u00bbon|phone\u00bb text_font_size_last_edited=\u00bbon|desktop\u00bb text_line_height_last_edited=\u00bbon|desktop\u00bb]<\/p>\n<p>La Inscripci\u00f3n al Corporate LearningDay va dirigida exclusivamente a Directivos del \u00e1rea de Recursos Humanos de empresas, acreditando dicha condici\u00f3n.<\/p>\n<p>El evento no va dirigido a proveedores de servicios de recursos humanos.<\/p>\n<p>La organizaci\u00f3n no permitir\u00e1 la asistencia a personas de Consultoras y empresas proveedoras de servicios. En tal caso, s\u00f3lo se permitir\u00e1 el acceso a los representantes de las empresas patrocinadoras.<\/p>\n<p>[\/et_pb_text][\/et_pb_column][et_pb_column type=\u00bb3_5&#8243; _builder_version=\u00bb3.25.4&#8243;][et_pb_text _builder_version=\u00bb3.26.3&#8243; text_font=\u00bbUnivers||||||||\u00bb text_text_color=\u00bb#ffffff\u00bb text_font_size=\u00bb16px\u00bb text_line_height=\u00bb26px\u00bb custom_margin=\u00bb0.7%|||||\u00bb custom_margin_phone=\u00bb0%||10%||false|false\u00bb custom_margin_last_edited=\u00bbon|phone\u00bb text_font_size_last_edited=\u00bbon|desktop\u00bb text_line_height_last_edited=\u00bbon|desktop\u00bb]<\/p>\n<p><span style=\"font-size: x-large; color: #11d8d8;\"><strong>Evento exclusivamente Presencial:<\/strong><\/span><br \/> 25 de octubre en el Teatro Goya de Madrid de 9h a 18h<\/p>\n<p>[\/et_pb_text][et_pb_contact_form captcha=\u00bboff\u00bb email=\u00bbcomunicacion@custommedia.es\u00bb success_message=\u00bbGracias por el inter\u00e9s. En unos d\u00edas le confirmaremos su plaza en Corporate Learning Day22&#8243; submit_button_text=\u00bbENVIAR\u00bb disabled_on=\u00bbon|on|on\u00bb _builder_version=\u00bb3.26.3&#8243; form_field_background_color=\u00bbrgba(255,255,255,0.3)\u00bb form_field_text_color=\u00bb#ffffff\u00bb form_field_focus_background_color=\u00bb#ffffff\u00bb form_field_focus_text_color=\u00bb#000000&#8243; form_field_custom_margin_phone=\u00bb4%||4%||false|false\u00bb form_field_custom_margin_last_edited=\u00bbon|phone\u00bb form_field_font=\u00bbUnivers||||||||\u00bb form_field_font_size=\u00bb20px\u00bb custom_button=\u00bbon\u00bb button_text_size=\u00bb40px\u00bb button_text_color=\u00bb#02394A\u00bb button_bg_color=\u00bb#ffffff\u00bb button_border_width=\u00bb0px\u00bb button_border_radius=\u00bb0px\u00bb button_font=\u00bbUnivers LT 75 Black||||||||\u00bb button_use_icon=\u00bboff\u00bb button_custom_margin=\u00bb34px|600px|||false|false\u00bb button_custom_margin_tablet=\u00bb7%|25%|5%||false|false\u00bb button_custom_margin_phone=\u00bb15%|15%|15%||false|false\u00bb button_custom_margin_last_edited=\u00bboff|phone\u00bb button_custom_padding=\u00bb||||false|false\u00bb custom_margin_last_edited=\u00bbon|phone\u00bb custom_padding=\u00bb||0px|||\u00bb form_field_font_size_last_edited=\u00bbon|desktop\u00bb button_text_size_tablet=\u00bb42px\u00bb button_text_size_phone=\u00bb36px\u00bb button_text_size_last_edited=\u00bboff|phone\u00bb button_text_color_last_edited=\u00bboff|desktop\u00bb custom_css_main_element=\u00bbclass=%22et-pb-contact-message%22||color:#ffffff;||\u00bb custom_css_contact_button=\u00bb||\u00bb disabled=\u00bbon\u00bb button_text_color__hover_enabled=\u00bbon\u00bb button_text_color__hover=\u00bb#ffffff\u00bb button_bg_color__hover_enabled=\u00bbon\u00bb button_bg_color__hover=\u00bb#00556b\u00bb button_bg_enable_color__hover=\u00bbon\u00bb button_text_size__hover_enabled=\u00bbon\u00bb button_text_size__hover=\u00bb40px\u00bb button_border_radius__hover_enabled=\u00bbon\u00bb button_border_radius__hover=\u00bb0px\u00bb custom_margin__hover_enabled=\u00bbon\u00bb][et_pb_contact_field field_id=\u00bbName\u00bb field_title=\u00bbNombre\u00bb _builder_version=\u00bb3.26.3&#8243; border_radii=\u00bbon||||\u00bb button_text_size__hover_enabled=\u00bboff\u00bb button_one_text_size__hover_enabled=\u00bboff\u00bb button_two_text_size__hover_enabled=\u00bboff\u00bb button_text_color__hover_enabled=\u00bboff\u00bb button_one_text_color__hover_enabled=\u00bboff\u00bb button_two_text_color__hover_enabled=\u00bboff\u00bb button_border_width__hover_enabled=\u00bboff\u00bb button_one_border_width__hover_enabled=\u00bboff\u00bb button_two_border_width__hover_enabled=\u00bboff\u00bb button_border_color__hover_enabled=\u00bboff\u00bb button_one_border_color__hover_enabled=\u00bboff\u00bb button_two_border_color__hover_enabled=\u00bboff\u00bb button_border_radius__hover_enabled=\u00bboff\u00bb button_one_border_radius__hover_enabled=\u00bboff\u00bb button_two_border_radius__hover_enabled=\u00bboff\u00bb button_letter_spacing__hover_enabled=\u00bboff\u00bb button_one_letter_spacing__hover_enabled=\u00bboff\u00bb button_two_letter_spacing__hover_enabled=\u00bboff\u00bb button_bg_color__hover_enabled=\u00bboff\u00bb button_one_bg_color__hover_enabled=\u00bboff\u00bb button_two_bg_color__hover_enabled=\u00bboff\u00bb][\/et_pb_contact_field][et_pb_contact_field field_id=\u00bbLastname\u00bb field_title=\u00bbApellidos\u00bb _builder_version=\u00bb3.26.3&#8243; border_radii=\u00bbon||||\u00bb button_text_size__hover_enabled=\u00bboff\u00bb button_one_text_size__hover_enabled=\u00bboff\u00bb button_two_text_size__hover_enabled=\u00bboff\u00bb button_text_color__hover_enabled=\u00bboff\u00bb button_one_text_color__hover_enabled=\u00bboff\u00bb button_two_text_color__hover_enabled=\u00bboff\u00bb button_border_width__hover_enabled=\u00bboff\u00bb button_one_border_width__hover_enabled=\u00bboff\u00bb button_two_border_width__hover_enabled=\u00bboff\u00bb button_border_color__hover_enabled=\u00bboff\u00bb button_one_border_color__hover_enabled=\u00bboff\u00bb button_two_border_color__hover_enabled=\u00bboff\u00bb button_border_radius__hover_enabled=\u00bboff\u00bb button_one_border_radius__hover_enabled=\u00bboff\u00bb button_two_border_radius__hover_enabled=\u00bboff\u00bb button_letter_spacing__hover_enabled=\u00bboff\u00bb button_one_letter_spacing__hover_enabled=\u00bboff\u00bb button_two_letter_spacing__hover_enabled=\u00bboff\u00bb button_bg_color__hover_enabled=\u00bboff\u00bb button_one_bg_color__hover_enabled=\u00bboff\u00bb button_two_bg_color__hover_enabled=\u00bboff\u00bb][\/et_pb_contact_field][et_pb_contact_field field_id=\u00bbBusiness\u00bb field_title=\u00bbEmpresa\u00bb _builder_version=\u00bb3.26.3&#8243; border_radii=\u00bbon||||\u00bb button_text_size__hover_enabled=\u00bboff\u00bb button_one_text_size__hover_enabled=\u00bboff\u00bb button_two_text_size__hover_enabled=\u00bboff\u00bb button_text_color__hover_enabled=\u00bboff\u00bb button_one_text_color__hover_enabled=\u00bboff\u00bb button_two_text_color__hover_enabled=\u00bboff\u00bb button_border_width__hover_enabled=\u00bboff\u00bb button_one_border_width__hover_enabled=\u00bboff\u00bb button_two_border_width__hover_enabled=\u00bboff\u00bb button_border_color__hover_enabled=\u00bboff\u00bb button_one_border_color__hover_enabled=\u00bboff\u00bb button_two_border_color__hover_enabled=\u00bboff\u00bb button_border_radius__hover_enabled=\u00bboff\u00bb button_one_border_radius__hover_enabled=\u00bboff\u00bb button_two_border_radius__hover_enabled=\u00bboff\u00bb button_letter_spacing__hover_enabled=\u00bboff\u00bb button_one_letter_spacing__hover_enabled=\u00bboff\u00bb button_two_letter_spacing__hover_enabled=\u00bboff\u00bb button_bg_color__hover_enabled=\u00bboff\u00bb button_one_bg_color__hover_enabled=\u00bboff\u00bb button_two_bg_color__hover_enabled=\u00bboff\u00bb][\/et_pb_contact_field][et_pb_contact_field field_id=\u00bbCharge\u00bb field_title=\u00bbCargo\u00bb _builder_version=\u00bb3.26.3&#8243; border_radii=\u00bbon||||\u00bb button_text_size__hover_enabled=\u00bboff\u00bb button_one_text_size__hover_enabled=\u00bboff\u00bb button_two_text_size__hover_enabled=\u00bboff\u00bb button_text_color__hover_enabled=\u00bboff\u00bb button_one_text_color__hover_enabled=\u00bboff\u00bb button_two_text_color__hover_enabled=\u00bboff\u00bb button_border_width__hover_enabled=\u00bboff\u00bb button_one_border_width__hover_enabled=\u00bboff\u00bb button_two_border_width__hover_enabled=\u00bboff\u00bb button_border_color__hover_enabled=\u00bboff\u00bb button_one_border_color__hover_enabled=\u00bboff\u00bb button_two_border_color__hover_enabled=\u00bboff\u00bb button_border_radius__hover_enabled=\u00bboff\u00bb button_one_border_radius__hover_enabled=\u00bboff\u00bb button_two_border_radius__hover_enabled=\u00bboff\u00bb button_letter_spacing__hover_enabled=\u00bboff\u00bb button_one_letter_spacing__hover_enabled=\u00bboff\u00bb button_two_letter_spacing__hover_enabled=\u00bboff\u00bb button_bg_color__hover_enabled=\u00bboff\u00bb button_one_bg_color__hover_enabled=\u00bboff\u00bb button_two_bg_color__hover_enabled=\u00bboff\u00bb][\/et_pb_contact_field][et_pb_contact_field field_id=\u00bbPhone\u00bb field_title=\u00bbM\u00f3vil*\u00bb allowed_symbols=\u00bbnumbers\u00bb _builder_version=\u00bb3.26.3&#8243; border_radii=\u00bbon||||\u00bb button_text_size__hover_enabled=\u00bboff\u00bb button_one_text_size__hover_enabled=\u00bboff\u00bb button_two_text_size__hover_enabled=\u00bboff\u00bb button_text_color__hover_enabled=\u00bboff\u00bb button_one_text_color__hover_enabled=\u00bboff\u00bb button_two_text_color__hover_enabled=\u00bboff\u00bb button_border_width__hover_enabled=\u00bboff\u00bb button_one_border_width__hover_enabled=\u00bboff\u00bb button_two_border_width__hover_enabled=\u00bboff\u00bb button_border_color__hover_enabled=\u00bboff\u00bb button_one_border_color__hover_enabled=\u00bboff\u00bb button_two_border_color__hover_enabled=\u00bboff\u00bb button_border_radius__hover_enabled=\u00bboff\u00bb button_one_border_radius__hover_enabled=\u00bboff\u00bb button_two_border_radius__hover_enabled=\u00bboff\u00bb button_letter_spacing__hover_enabled=\u00bboff\u00bb button_one_letter_spacing__hover_enabled=\u00bboff\u00bb button_two_letter_spacing__hover_enabled=\u00bboff\u00bb button_bg_color__hover_enabled=\u00bboff\u00bb button_one_bg_color__hover_enabled=\u00bboff\u00bb button_two_bg_color__hover_enabled=\u00bboff\u00bb][\/et_pb_contact_field][et_pb_contact_field field_id=\u00bbEmail\u00bb field_title=\u00bbEmail\u00bb field_type=\u00bbemail\u00bb _builder_version=\u00bb3.26.3&#8243; border_radii=\u00bbon||||\u00bb button_text_size__hover_enabled=\u00bboff\u00bb button_one_text_size__hover_enabled=\u00bboff\u00bb button_two_text_size__hover_enabled=\u00bboff\u00bb button_text_color__hover_enabled=\u00bboff\u00bb button_one_text_color__hover_enabled=\u00bboff\u00bb button_two_text_color__hover_enabled=\u00bboff\u00bb button_border_width__hover_enabled=\u00bboff\u00bb button_one_border_width__hover_enabled=\u00bboff\u00bb button_two_border_width__hover_enabled=\u00bboff\u00bb button_border_color__hover_enabled=\u00bboff\u00bb button_one_border_color__hover_enabled=\u00bboff\u00bb button_two_border_color__hover_enabled=\u00bboff\u00bb button_border_radius__hover_enabled=\u00bboff\u00bb button_one_border_radius__hover_enabled=\u00bboff\u00bb button_two_border_radius__hover_enabled=\u00bboff\u00bb button_letter_spacing__hover_enabled=\u00bboff\u00bb button_one_letter_spacing__hover_enabled=\u00bboff\u00bb button_two_letter_spacing__hover_enabled=\u00bboff\u00bb button_bg_color__hover_enabled=\u00bboff\u00bb button_one_bg_color__hover_enabled=\u00bboff\u00bb button_two_bg_color__hover_enabled=\u00bboff\u00bb][\/et_pb_contact_field][et_pb_contact_field field_id=\u00bbCheckbox1&#8243; field_title=\u00bb \u00bb field_type=\u00bbcheckbox\u00bb checkbox_options=\u00bb%91{%22value%22:%22Consiento al tratamiento de mis datos por parte de CUSTOMMEDIA, S.L. para las finalidades definidas en los apartados siguientes. %22,%22checked%22:0,%22dragID%22:-1}%93&#8243; required_mark=\u00bboff\u00bb fullwidth_field=\u00bbon\u00bb _builder_version=\u00bb3.26.3&#8243; form_field_text_color=\u00bb#ffffff\u00bb form_field_font_size=\u00bb16px\u00bb custom_margin=\u00bb||||false|false\u00bb custom_margin_last_edited=\u00bbon|desktop\u00bb custom_padding=\u00bb5%||||false|false\u00bb form_field_font_size_last_edited=\u00bbon|desktop\u00bb][\/et_pb_contact_field][et_pb_contact_field field_id=\u00bbCheckbox2&#8243; field_title=\u00bb \u00bb field_type=\u00bbcheckbox\u00bb checkbox_options=\u00bb%91{%22value%22:%22Consiento al tratamiento de mis datos seg\u00fan la Pol\u00edtica de privacidad de CUSTOMMEDIA, S.L. con la finalidad de gestionar la inscripci\u00f3n al evento. Puede ejercer los derechos de acceso, rectificaci\u00f3n, supresi\u00f3n, portabilidad, limitaci\u00f3n y oposici\u00f3n, como le informamos en nuestra%22,%22checked%22:0,%22dragID%22:-1,%22link_text%22:%22Pol\u00edtica de Privacidad.%22,%22link_url%22:%22https:\/\/www.equiposytalentoeventos.com\/PoliticaPrivacidad.pdf%22}%93&#8243; fullwidth_field=\u00bbon\u00bb _builder_version=\u00bb3.26.3&#8243; form_field_text_color=\u00bb#ffffff\u00bb form_field_font_size=\u00bb16px\u00bb link_option_url_new_window=\u00bbon\u00bb form_field_font_size_last_edited=\u00bbon|desktop\u00bb][\/et_pb_contact_field][et_pb_contact_field field_id=\u00bbCheckbox3&#8243; field_title=\u00bb \u00bb field_type=\u00bbcheckbox\u00bb checkbox_options=\u00bb%91{%22value%22:%22Acepto la comunicaci\u00f3n de mis datos a las empresas patrocinadoras para recibir informaci\u00f3n de sus productos y servicios. %22,%22checked%22:0,%22dragID%22:-1}%93&#8243; required_mark=\u00bboff\u00bb fullwidth_field=\u00bbon\u00bb _builder_version=\u00bb3.26.3&#8243; form_field_text_color=\u00bb#ffffff\u00bb form_field_font_size=\u00bb16px\u00bb form_field_font_size_last_edited=\u00bbon|desktop\u00bb][\/et_pb_contact_field][\/et_pb_contact_form][et_pb_button button_url=\u00bbhttps:\/\/www.equiposytalentolive.com\/\u00bb url_new_window=\u00bbon\u00bb button_text=\u00bbINSCR\u00cdBETE\u00bb disabled_on=\u00bboff|off|off\u00bb _builder_version=\u00bb3.26.3&#8243; custom_button=\u00bbon\u00bb button_text_size=\u00bb36px\u00bb button_text_color=\u00bb#ffffff\u00bb button_bg_color=\u00bb#11d8d8&#8243; button_border_width=\u00bb0px\u00bb button_border_radius=\u00bb9px\u00bb button_font=\u00bbUnivers LT 75 Black||||||||\u00bb button_use_icon=\u00bboff\u00bb background_layout=\u00bbdark\u00bb custom_margin=\u00bb-0.5%|||0.5%|false|false\u00bb custom_margin_tablet=\u00bb0%||||false|false\u00bb custom_margin_phone=\u00bb0%|10%||10%|false|false\u00bb custom_margin_last_edited=\u00bbon|desktop\u00bb custom_padding=\u00bb6%|12%|6%|12%|false|false\u00bb][\/et_pb_button][et_pb_button button_url=\u00bbhttps:\/\/www.equiposytalentolive.com\/online_798762940_112374.html\u00bb url_new_window=\u00bbon\u00bb button_text=\u00bbINSCR\u00cdBETE (Asistencia Online)\u00bb disabled_on=\u00bbon|on|on\u00bb _builder_version=\u00bb3.26.3&#8243; custom_button=\u00bbon\u00bb button_text_size=\u00bb36px\u00bb button_text_color=\u00bb#ffffff\u00bb button_bg_color=\u00bb#11d8d8&#8243; button_border_width=\u00bb0px\u00bb button_border_radius=\u00bb9px\u00bb button_font=\u00bbUnivers LT 75 Black||||||||\u00bb button_use_icon=\u00bboff\u00bb background_layout=\u00bbdark\u00bb custom_margin=\u00bb7.3%|||1%|false|false\u00bb custom_margin_tablet=\u00bb0%||||false|false\u00bb custom_margin_phone=\u00bb0%|10%||10%|false|false\u00bb custom_margin_last_edited=\u00bbon|desktop\u00bb custom_padding=\u00bb6%|12%|6%|12%|false|false\u00bb disabled=\u00bbon\u00bb][\/et_pb_button][\/et_pb_column][\/et_pb_row][\/et_pb_section][et_pb_section fb_built=\u00bb1&#8243; module_id=\u00bbcontacto\u00bb _builder_version=\u00bb3.26.3&#8243; background_color=\u00bb#00455e\u00bb][et_pb_row _builder_version=\u00bb3.26.3&#8243;][et_pb_column type=\u00bb4_4&#8243; _builder_version=\u00bb3.26.3&#8243;][et_pb_text _builder_version=\u00bb3.26.3&#8243;]<\/p>\n<h5 style=\"text-align: center;\"><span style=\"color: #ffffff;\">comunicaci\u00f3n@equiposytalento.com<\/span><\/h5>\n<p>[\/et_pb_text][\/et_pb_column][\/et_pb_row][\/et_pb_section]<\/p>\n","protected":false},"excerpt":{"rendered":"<p>CORPORATE LEARNING DAY 2225 de octubre de 2022 Teatro Goya Madrid | Evento exclusivamente presencial #CorporateLearning22TEM\u00c1TICAS LEARNING &amp; DEVELOPMENT: STRATEGIC DRIVERS IN LIQUID ENVIRONMENTS C\u00f3mo potenciar la atracci\u00f3n y fidelizaci\u00f3n del talento a trav\u00e9s del desarrollo organizacional DEVELOPMENT OF THE NEW WORK ENVIRONMENT SKILLS C\u00f3mo desarrollar y potenciar las nuevas habilidades profesionales DIVERSITY &amp; WOMEN\u2019S [&hellip;]<\/p>\n","protected":false},"author":1,"featured_media":0,"parent":0,"menu_order":0,"comment_status":"closed","ping_status":"closed","template":"","meta":{"_et_pb_use_builder":"on","_et_pb_old_content":"","_et_gb_content_width":"","footnotes":""},"_links":{"self":[{"href":"https:\/\/www.equiposytalentoeventos.com\/corporate-learning\/wp-json\/wp\/v2\/pages\/18406"}],"collection":[{"href":"https:\/\/www.equiposytalentoeventos.com\/corporate-learning\/wp-json\/wp\/v2\/pages"}],"about":[{"href":"https:\/\/www.equiposytalentoeventos.com\/corporate-learning\/wp-json\/wp\/v2\/types\/page"}],"author":[{"embeddable":true,"href":"https:\/\/www.equiposytalentoeventos.com\/corporate-learning\/wp-json\/wp\/v2\/users\/1"}],"replies":[{"embeddable":true,"href":"https:\/\/www.equiposytalentoeventos.com\/corporate-learning\/wp-json\/wp\/v2\/comments?post=18406"}],"version-history":[{"count":166,"href":"https:\/\/www.equiposytalentoeventos.com\/corporate-learning\/wp-json\/wp\/v2\/pages\/18406\/revisions"}],"predecessor-version":[{"id":19808,"href":"https:\/\/www.equiposytalentoeventos.com\/corporate-learning\/wp-json\/wp\/v2\/pages\/18406\/revisions\/19808"}],"wp:attachment":[{"href":"https:\/\/www.equiposytalentoeventos.com\/corporate-learning\/wp-json\/wp\/v2\/media?parent=18406"}],"curies":[{"name":"wp","href":"https:\/\/api.w.org\/{rel}","templated":true}]}}