{"id":16921,"date":"2021-10-26T17:02:33","date_gmt":"2021-10-26T15:02:33","guid":{"rendered":"https:\/\/www.equiposytalentoeventos.com\/corporate-learning\/?page_id=16921"},"modified":"2021-11-17T11:59:26","modified_gmt":"2021-11-17T10:59:26","slug":"edicion-2021","status":"publish","type":"page","link":"https:\/\/www.equiposytalentoeventos.com\/corporate-learning\/edicion-2021\/","title":{"rendered":"Edici\u00f3n 2021"},"content":{"rendered":"<p>[et_pb_section fb_built=\u00bb1&#8243; _builder_version=\u00bb3.26.3&#8243; background_color=\u00bbrgba(0,0,0,0.55)\u00bb background_image=\u00bbhttps:\/\/www.equiposytalentoeventos.com\/corporate-learning\/wp-content\/uploads\/2021\/10\/CorporateLearningDay21-Cabeceraok.jpg\u00bb background_position=\u00bbtop_center\u00bb background_blend=\u00bbmultiply\u00bb background_enable_video_mp4=\u00bboff\u00bb background_video_width=\u00bb1920&#8243; background_video_height=\u00bb1080&#8243; background_video_pause_outside_viewport=\u00bboff\u00bb width=\u00bb100%\u00bb custom_padding=\u00bb3px||0px|||\u00bb background_last_edited=\u00bbon|tablet\u00bb custom_css_main_element=\u00bbheight: 100vh;||display: flex;|| flex-direction: column;|| justify-content: center;\u00bb][et_pb_row _builder_version=\u00bb3.26.3&#8243; module_alignment=\u00bbcenter\u00bb][et_pb_column type=\u00bb4_4&#8243; _builder_version=\u00bb3.26.3&#8243;][et_pb_text _builder_version=\u00bb3.26.3&#8243; text_font=\u00bbRubik|700|||||||\u00bb text_text_color=\u00bb#ffffff\u00bb text_font_size=\u00bb72px\u00bb text_line_height=\u00bb90px\u00bb text_font_size_tablet=\u00bb60px\u00bb text_font_size_phone=\u00bb32px\u00bb text_font_size_last_edited=\u00bbon|desktop\u00bb text_line_height_tablet=\u00bb80px\u00bb text_line_height_phone=\u00bb44px\u00bb text_line_height_last_edited=\u00bbon|desktop\u00bb]<\/p>\n<p style=\"text-align: center;\">CORPORATE<br \/> LEARNING DAY 21<\/p>\n<p>[\/et_pb_text][et_pb_text _builder_version=\u00bb3.26.3&#8243; text_font=\u00bbUnivers||||||||\u00bb text_text_color=\u00bb#ffffff\u00bb text_font_size=\u00bb24px\u00bb text_line_height=\u00bb36px\u00bb width=\u00bb80%\u00bb width_tablet=\u00bb100%\u00bb width_phone=\u00bb100%\u00bb width_last_edited=\u00bbon|desktop\u00bb module_alignment=\u00bbcenter\u00bb custom_margin=\u00bb20px||||false|false\u00bb custom_margin_phone=\u00bb||||false|false\u00bb custom_margin_last_edited=\u00bbon|phone\u00bb custom_padding=\u00bb||||false|false\u00bb text_font_size_tablet=\u00bb22px\u00bb text_font_size_phone=\u00bb20px\u00bb text_font_size_last_edited=\u00bbon|phone\u00bb text_line_height_tablet=\u00bb32px\u00bb text_line_height_phone=\u00bb30px\u00bb text_line_height_last_edited=\u00bbon|desktop\u00bb]<\/p>\n<p style=\"text-align: center;\"><span><span style=\"color: #ffffff;\">16 de noviembre, evento h\u00edbrido<\/span><\/span><\/p>\n<p style=\"text-align: center;\"><span>Presencial y retransmitido en directo <br \/><\/span><span>desde el Museo Reina Sof\u00eda<br \/><\/span><br \/><span style=\"font-size: xx-large;\"> <strong>#CorporateLearning21<\/strong><\/span><\/p>\n<p>[\/et_pb_text][et_pb_button button_url=\u00bb#inscripcion\u00bb url_new_window=\u00bbon\u00bb button_text=\u00bbINSCR\u00cdBETE\u00bb button_alignment=\u00bbcenter\u00bb disabled_on=\u00bboff|off|off\u00bb _builder_version=\u00bb3.26.3&#8243; custom_button=\u00bbon\u00bb button_text_size=\u00bb36px\u00bb button_text_color=\u00bb#ffffff\u00bb button_bg_color=\u00bb#0ea4b2&#8243; button_border_width=\u00bb0px\u00bb button_border_radius=\u00bb9px\u00bb button_font=\u00bbUnivers LT 75 Black||||||||\u00bb button_use_icon=\u00bboff\u00bb background_layout=\u00bbdark\u00bb custom_margin_tablet=\u00bb0%||||false|false\u00bb custom_margin_phone=\u00bb0%|10%||10%|false|false\u00bb custom_margin_last_edited=\u00bbon|desktop\u00bb custom_padding=\u00bb20px|50px|20px|50px|false|false\u00bb][\/et_pb_button][\/et_pb_column][\/et_pb_row][\/et_pb_section][et_pb_section fb_built=\u00bb1&#8243; _builder_version=\u00bb3.26.3&#8243; background_color=\u00bb#001f2b\u00bb custom_margin=\u00bb||||false|false\u00bb custom_padding=\u00bb||120px||false|false\u00bb][et_pb_row custom_padding=\u00bb||1.2%||false|false\u00bb custom_padding_tablet=\u00bb15%||||false|false\u00bb custom_padding_last_edited=\u00bbon|tablet\u00bb disabled_on=\u00bboff|off|off\u00bb _builder_version=\u00bb3.26.3&#8243; width_last_edited=\u00bbon|desktop\u00bb][et_pb_column type=\u00bb4_4&#8243; _builder_version=\u00bb3.25.4&#8243;][et_pb_text _builder_version=\u00bb3.26.3&#8243; text_font=\u00bbUnivers|800|||||||\u00bb text_text_color=\u00bb#ffffff\u00bb text_font_size=\u00bb38px\u00bb text_line_height=\u00bb54px\u00bb border_width_all=\u00bb-3px\u00bb border_width_left=\u00bb0px\u00bb border_color_left=\u00bb#9cffff\u00bb custom_margin=\u00bb||42px||false|false\u00bb custom_margin_phone=\u00bb2%||||false|false\u00bb custom_margin_last_edited=\u00bbon|desktop\u00bb custom_padding=\u00bb||||false|false\u00bb text_font_size_tablet=\u00bb28px\u00bb text_font_size_phone=\u00bb24px\u00bb text_font_size_last_edited=\u00bbon|desktop\u00bb text_line_height_tablet=\u00bb40px\u00bb text_line_height_phone=\u00bb36px\u00bb text_line_height_last_edited=\u00bbon|desktop\u00bb border_radii_last_edited=\u00bbon|tablet\u00bb]<strong>TEM\u00c1TICAS <\/strong>[\/et_pb_text][\/et_pb_column][\/et_pb_row][et_pb_row column_structure=\u00bb1_3,1_3,1_3&#8243; custom_padding=\u00bb||52px|||\u00bb disabled_on=\u00bboff|off|off\u00bb _builder_version=\u00bb3.26.3&#8243; border_color_bottom=\u00bbrgba(156,255,255,0.52)\u00bb][et_pb_column type=\u00bb1_3&#8243; _builder_version=\u00bb3.26.3&#8243;][et_pb_text _builder_version=\u00bb3.26.3&#8243; text_font=\u00bbUnivers||||||||\u00bb text_text_color=\u00bb#ffffff\u00bb text_font_size=\u00bb20px\u00bb text_line_height=\u00bb30px\u00bb border_width_left=\u00bb5px\u00bb border_color_left=\u00bb#68c4d1&#8243; custom_padding=\u00bb|||24px|false|false\u00bb]<\/p>\n<p class=\"p1\"><span style=\"color: #11d8d8; font-size: large;\"><strong><span style=\"font-size: x-large;\">LEARNABILITY<\/span> <\/strong><\/span><\/p>\n<p class=\"p1\">Acelerador estrat\u00e9gico de la transformaci\u00f3n y la sostenibilidad<\/p>\n<p class=\"p1\">[\/et_pb_text][\/et_pb_column][et_pb_column type=\u00bb1_3&#8243; _builder_version=\u00bb3.26.3&#8243;][et_pb_text _builder_version=\u00bb3.26.3&#8243; text_font=\u00bbUnivers||||||||\u00bb text_text_color=\u00bb#ffffff\u00bb text_font_size=\u00bb20px\u00bb text_line_height=\u00bb30px\u00bb border_width_left=\u00bb5px\u00bb border_color_left=\u00bb#68c4d1&#8243; custom_padding=\u00bb|||24px|false|false\u00bb]<\/p>\n<h3 class=\"p1\"><span style=\"color: #11d8d8; font-size: x-large;\"><b>INTERACTIVE &#038; SOCIAL LEARNING<\/b><\/span><\/h3>\n<p class=\"p1\">Aprendizaje interactivo y gamificado<\/p>\n<p class=\"p1\">[\/et_pb_text][\/et_pb_column][et_pb_column type=\u00bb1_3&#8243; _builder_version=\u00bb3.26.3&#8243;][et_pb_text _builder_version=\u00bb3.26.3&#8243; text_font=\u00bbUnivers||||||||\u00bb text_text_color=\u00bb#ffffff\u00bb text_font_size=\u00bb20px\u00bb text_line_height=\u00bb30px\u00bb border_width_left=\u00bb5px\u00bb border_color_left=\u00bb#68c4d1&#8243; custom_padding=\u00bb|||24px|false|false\u00bb]<\/p>\n<p class=\"p1\"><span style=\"color: #11d8d8; font-size: x-large;\"><b>LEARNING AGILITY<\/b><\/span><\/p>\n<p class=\"p1\">Organizaciones que impulsan el aprendizaje creativo y el liderazgo positivo<\/p>\n<p>[\/et_pb_text][\/et_pb_column][\/et_pb_row][et_pb_row column_structure=\u00bb1_3,1_3,1_3&#8243; custom_padding=\u00bb62px||62px|||\u00bb disabled_on=\u00bboff|off|off\u00bb _builder_version=\u00bb3.26.3&#8243; border_color_bottom=\u00bbrgba(156,255,255,0.52)\u00bb][et_pb_column type=\u00bb1_3&#8243; _builder_version=\u00bb3.26.3&#8243;][et_pb_text _builder_version=\u00bb3.26.3&#8243; text_font=\u00bbUnivers||||||||\u00bb text_text_color=\u00bb#ffffff\u00bb text_font_size=\u00bb20px\u00bb text_line_height=\u00bb30px\u00bb border_width_left=\u00bb5px\u00bb border_color_left=\u00bb#68c4d1&#8243; custom_padding=\u00bb|||24px|false|false\u00bb]<\/p>\n<p class=\"p1\"><span style=\"color: #11d8d8; font-size: x-large;\"><b>A SCALABLE, APPLICABLE &amp; AGILE APPROACH <\/b><\/span><\/p>\n<p class=\"p1\">La nueva filosof\u00eda para construir programas de aprendizaje<\/p>\n<p>[\/et_pb_text][\/et_pb_column][et_pb_column type=\u00bb1_3&#8243; _builder_version=\u00bb3.26.3&#8243;][et_pb_text _builder_version=\u00bb3.26.3&#8243; text_font=\u00bbUnivers||||||||\u00bb text_text_color=\u00bb#ffffff\u00bb text_font_size=\u00bb20px\u00bb text_line_height=\u00bb30px\u00bb border_width_left=\u00bb5px\u00bb border_color_left=\u00bb#68c4d1&#8243; custom_padding=\u00bb|||24px|false|false\u00bb]<\/p>\n<p class=\"p1\"><span style=\"color: #11d8d8; font-size: x-large;\"><b>X-LEARNING <\/b><\/span><\/p>\n<p class=\"p1\">Del e-learning al aprendizaje basado en experiencias. C\u00f3mo garantizar el engagement en la formaci\u00f3n digital<\/p>\n<p class=\"p1\">\n<p>[\/et_pb_text][\/et_pb_column][et_pb_column type=\u00bb1_3&#8243; _builder_version=\u00bb3.26.3&#8243;][et_pb_text _builder_version=\u00bb3.26.3&#8243; text_font=\u00bbUnivers||||||||\u00bb text_text_color=\u00bb#ffffff\u00bb text_font_size=\u00bb20px\u00bb text_line_height=\u00bb30px\u00bb border_width_left=\u00bb5px\u00bb border_color_left=\u00bb#68c4d1&#8243; custom_padding=\u00bb|||24px|false|false\u00bb]<\/p>\n<p class=\"p1\"><span style=\"color: #11d8d8; font-size: x-large;\"><b><strong>AI AT THE SERVICE OF CONTENT <\/strong><\/b><\/span><\/p>\n<p class=\"p1\"><span class=\"s1\">C\u00f3mo la Inteligencia Artificial puede optimizar la selecci\u00f3n de contenidos para seguir aprendiendo<\/span><\/p>\n<p>[\/et_pb_text][\/et_pb_column][\/et_pb_row][et_pb_row column_structure=\u00bb1_3,1_3,1_3&#8243; custom_padding=\u00bb66px||52px|||\u00bb make_equal=\u00bbon\u00bb disabled_on=\u00bboff|off|off\u00bb _builder_version=\u00bb3.26.3&#8243; border_color_bottom=\u00bbrgba(156,255,255,0.52)\u00bb locked=\u00bboff\u00bb][et_pb_column type=\u00bb1_3&#8243; _builder_version=\u00bb3.26.3&#8243;][et_pb_text _builder_version=\u00bb3.26.3&#8243; text_font=\u00bbUnivers||||||||\u00bb text_text_color=\u00bb#ffffff\u00bb text_font_size=\u00bb20px\u00bb text_line_height=\u00bb30px\u00bb border_width_left=\u00bb5px\u00bb border_color_left=\u00bb#68c4d1&#8243; custom_padding=\u00bb|||24px|false|false\u00bb]<\/p>\n<p class=\"p1\"><span style=\"color: #11d8d8; font-size: x-large;\"><b>RE\/UPSKILLING<\/b><\/span><\/p>\n<p class=\"p1\"><span>Principales aceleradores de un proyecto RE\/UPSKILLING<\/span><\/p>\n<p class=\"p1\"><span><\/span><\/p>\n<p class=\"p1\"><span><\/span><\/p>\n<p class=\"p1\"><span><\/span><\/p>\n<p class=\"p1\"><span><\/span><\/p>\n<p>[\/et_pb_text][\/et_pb_column][et_pb_column type=\u00bb1_3&#8243; _builder_version=\u00bb3.26.3&#8243;][et_pb_text _builder_version=\u00bb3.26.3&#8243; text_font=\u00bbUnivers||||||||\u00bb text_text_color=\u00bb#ffffff\u00bb text_font_size=\u00bb20px\u00bb text_line_height=\u00bb30px\u00bb border_width_left=\u00bb5px\u00bb border_color_left=\u00bb#68c4d1&#8243; custom_padding=\u00bb|||24px|false|false\u00bb]<\/p>\n<p class=\"p1\"><span style=\"color: #11d8d8; font-size: x-large;\"><b>CLOSING THE TALENT GAP WITH LEANING<\/b><\/span><\/p>\n<p class=\"p1\"><span style=\"color: #11d8d8; font-size: x-large;\"><\/span>C\u00f3mo atraer, fidelizar y gestionar el talento a partir de la formaci\u00f3<\/p>\n<p class=\"p1\">\n<p class=\"p1\">\n<p>[\/et_pb_text][\/et_pb_column][et_pb_column type=\u00bb1_3&#8243; _builder_version=\u00bb3.26.3&#8243;][et_pb_text _builder_version=\u00bb3.26.3&#8243; text_font=\u00bbUnivers||||||||\u00bb text_text_color=\u00bb#ffffff\u00bb text_font_size=\u00bb20px\u00bb text_line_height=\u00bb30px\u00bb border_width_left=\u00bb5px\u00bb border_color_left=\u00bb#68c4d1&#8243; custom_padding=\u00bb|||24px|false|false\u00bb]<\/p>\n<p class=\"p1\"><span style=\"color: #11d8d8; font-size: x-large;\"><b>INNOVATION IS THE NEW LEARNING!<\/b><\/span><\/p>\n<p class=\"p1\">Tres speed talks sobre formatos rompedores para el nuevo elearning: webseries, videos interactivos, microlearning<\/p>\n<p>[\/et_pb_text][\/et_pb_column][\/et_pb_row][et_pb_row column_structure=\u00bb1_3,1_3,1_3&#8243; custom_padding=\u00bb58px||62px|||\u00bb disabled_on=\u00bboff|off|off\u00bb _builder_version=\u00bb3.26.3&#8243; border_width_bottom=\u00bb-1px\u00bb border_color_bottom=\u00bbrgba(156,255,255,0.52)\u00bb][et_pb_column type=\u00bb1_3&#8243; _builder_version=\u00bb3.26.3&#8243;][et_pb_text _builder_version=\u00bb3.26.3&#8243; text_font=\u00bbUnivers||||||||\u00bb text_text_color=\u00bb#ffffff\u00bb text_font_size=\u00bb20px\u00bb text_line_height=\u00bb30px\u00bb border_width_left=\u00bb5px\u00bb border_color_left=\u00bb#68c4d1&#8243; custom_padding=\u00bb|||24px|false|false\u00bb]<\/p>\n<p class=\"p1\"><span style=\"color: #11d8d8; font-size: large;\"><b><span style=\"font-size: x-large;\">HYBRID &amp; STRATEGIC LEARNING<\/span> <\/b><\/span><\/p>\n<p class=\"p1\">Tres speed talks sobre la gesti\u00f3n integral y estrat\u00e9gica del desarrollo corporativo<\/p>\n<p>[\/et_pb_text][\/et_pb_column][et_pb_column type=\u00bb1_3&#8243; _builder_version=\u00bb3.26.3&#8243;][et_pb_text _builder_version=\u00bb3.26.3&#8243; text_font=\u00bbUnivers||||||||\u00bb text_text_color=\u00bb#ffffff\u00bb text_font_size=\u00bb20px\u00bb text_line_height=\u00bb30px\u00bb border_width_left=\u00bb5px\u00bb border_color_left=\u00bb#68c4d1&#8243; custom_padding=\u00bb|||24px|false|false\u00bb]<\/p>\n<p class=\"p1\"><span style=\"color: #11d8d8; font-size: large;\"><b><span style=\"font-size: x-large;\">A LOOK TO THE FUTURE<\/span> <\/b><\/span><\/p>\n<p class=\"p1\">Cuatro speed talks sobre las tendencias que llegar\u00e1n en Learning &amp; Development<\/p>\n<p>[\/et_pb_text][\/et_pb_column][et_pb_column type=\u00bb1_3&#8243; _builder_version=\u00bb3.26.3&#8243;][et_pb_text _builder_version=\u00bb3.26.3&#8243; text_font=\u00bbUnivers||||||||\u00bb text_text_color=\u00bb#ffffff\u00bb text_font_size=\u00bb20px\u00bb text_line_height=\u00bb30px\u00bb]<\/p>\n<p class=\"p1\"><span style=\"color: #00c0fd;\"><b><strong> <\/strong><\/b><\/span><\/p>\n<p class=\"p1\"><span class=\"s1\"> <\/span><\/p>\n<p>[\/et_pb_text][\/et_pb_column][\/et_pb_row][et_pb_row column_structure=\u00bb1_4,1_4,1_4,1_4&#8243; use_custom_gutter=\u00bbon\u00bb gutter_width=\u00bb1&#8243; custom_padding=\u00bb100px||100px||false|false\u00bb custom_margin=\u00bb120px||||false|false\u00bb custom_padding_last_edited=\u00bbon|desktop\u00bb _builder_version=\u00bb3.26.3&#8243; background_color=\u00bb#001f2b\u00bb border_width_all=\u00bb1px\u00bb border_color_all=\u00bbrgba(156,255,255,0.93)\u00bb width=\u00bb90%\u00bb width_tablet=\u00bb100%\u00bb width_phone=\u00bb100%\u00bb width_last_edited=\u00bboff|desktop\u00bb max_width_tablet=\u00bb100%\u00bb max_width_phone=\u00bb100%\u00bb max_width_last_edited=\u00bboff|desktop\u00bb module_alignment=\u00bbcenter\u00bb custom_margin_last_edited=\u00bbon|desktop\u00bb module_alignment_phone=\u00bbcenter\u00bb module_alignment_last_edited=\u00bbon|desktop\u00bb custom_css_main_element=\u00bbz-index:10&#8243; custom_padding__hover_enabled=\u00bboff\u00bb][et_pb_column type=\u00bb1_4&#8243; _builder_version=\u00bb3.25.4&#8243;][et_pb_number_counter title=\u00bbPONENTES\u00bb number=\u00bb40&#8243; percent_sign=\u00bboff\u00bb _builder_version=\u00bb3.26.3&#8243; title_font=\u00bbUnivers||||||||\u00bb title_text_color=\u00bb#ffffff\u00bb title_font_size=\u00bb24px\u00bb number_font=\u00bbUnivers||||||||\u00bb number_text_color=\u00bb#008F70&#8243; number_font_size=\u00bb96px\u00bb custom_margin=\u00bb|||25%\u00bb custom_margin_tablet=\u00bb|||20%|false|false\u00bb custom_margin_phone=\u00bb2%||2%|0%|false|false\u00bb custom_margin_last_edited=\u00bbon|desktop\u00bb custom_padding=\u00bb||0px|||\u00bb title_font_size_tablet=\u00bb22px\u00bb title_font_size_phone=\u00bb20px\u00bb title_font_size_last_edited=\u00bbon|desktop\u00bb number_font_size_tablet=\u00bb80px\u00bb number_font_size_phone=\u00bb80px\u00bb number_font_size_last_edited=\u00bbon|desktop\u00bb][\/et_pb_number_counter][\/et_pb_column][et_pb_column type=\u00bb1_4&#8243; _builder_version=\u00bb3.25.4&#8243;][et_pb_number_counter title=\u00bbMESAS REDONDAS\u00bb number=\u00bb8&#8243; percent_sign=\u00bboff\u00bb _builder_version=\u00bb3.26.3&#8243; title_font=\u00bbUnivers||||||||\u00bb title_text_color=\u00bb#ffffff\u00bb title_font_size=\u00bb24px\u00bb number_font=\u00bbUnivers||||||||\u00bb number_text_color=\u00bb#006B8D\u00bb number_font_size=\u00bb96px\u00bb custom_margin_tablet=\u00bb|20%|||false|false\u00bb custom_margin_phone=\u00bb2%|0%|2%||false|false\u00bb custom_margin_last_edited=\u00bbon|phone\u00bb title_font_size_tablet=\u00bb22px\u00bb title_font_size_phone=\u00bb20px\u00bb title_font_size_last_edited=\u00bbon|desktop\u00bb number_font_size_tablet=\u00bb80px\u00bb number_font_size_phone=\u00bb80px\u00bb number_font_size_last_edited=\u00bbon|desktop\u00bb][\/et_pb_number_counter][\/et_pb_column][et_pb_column type=\u00bb1_4&#8243; _builder_version=\u00bb3.25.4&#8243;][et_pb_number_counter title=\u00bbSPEED TALKS\u00bb number=\u00bb10&#8243; percent_sign=\u00bboff\u00bb _builder_version=\u00bb3.26.3&#8243; title_font=\u00bbUnivers||||||||\u00bb title_text_color=\u00bb#ffffff\u00bb title_font_size=\u00bb24px\u00bb number_font=\u00bbUnivers||||||||\u00bb number_text_color=\u00bb#E6007E\u00bb number_font_size=\u00bb96px\u00bb custom_margin=\u00bb|25%||\u00bb custom_margin_tablet=\u00bb10%|0%||20%|false|false\u00bb custom_margin_phone=\u00bb2%|0%|2%|0%|false|false\u00bb custom_margin_last_edited=\u00bbon|desktop\u00bb title_font_size_tablet=\u00bb22px\u00bb title_font_size_phone=\u00bb20px\u00bb title_font_size_last_edited=\u00bbon|desktop\u00bb number_font_size_tablet=\u00bb80px\u00bb number_font_size_phone=\u00bb80px\u00bb number_font_size_last_edited=\u00bbon|desktop\u00bb][\/et_pb_number_counter][\/et_pb_column][et_pb_column type=\u00bb1_4&#8243; _builder_version=\u00bb3.25.4&#8243;][et_pb_number_counter title=\u00bbASISTENTES ONLINE\u00bb number=\u00bb800&#8243; percent_sign=\u00bboff\u00bb _builder_version=\u00bb3.26.3&#8243; title_font=\u00bbUnivers||||||||\u00bb title_text_color=\u00bb#ffffff\u00bb title_font_size=\u00bb24px\u00bb number_font=\u00bbUnivers||||||||\u00bb number_text_color=\u00bb#E36307&#8243; number_font_size=\u00bb96px\u00bb custom_margin=\u00bb|30%||\u00bb custom_margin_tablet=\u00bb10%|20%|||false|false\u00bb custom_margin_phone=\u00bb2%|0%|3%||false|false\u00bb custom_margin_last_edited=\u00bbon|desktop\u00bb title_font_size_tablet=\u00bb22px\u00bb title_font_size_phone=\u00bb20px\u00bb title_font_size_last_edited=\u00bbon|desktop\u00bb number_font_size_tablet=\u00bb80px\u00bb number_font_size_phone=\u00bb80px\u00bb number_font_size_last_edited=\u00bbon|desktop\u00bb][\/et_pb_number_counter][\/et_pb_column][\/et_pb_row][\/et_pb_section][et_pb_section fb_built=\u00bb1&#8243; _builder_version=\u00bb3.26.3&#8243; custom_margin=\u00bb0px||\u00bb custom_padding=\u00bb0px||120px||false|false\u00bb][et_pb_row use_custom_gutter=\u00bbon\u00bb gutter_width=\u00bb1&#8243; custom_padding=\u00bb0px||0px|||\u00bb custom_margin=\u00bb|auto||||\u00bb make_equal=\u00bbon\u00bb disabled_on=\u00bboff|off|off\u00bb _builder_version=\u00bb3.26.3&#8243; width=\u00bb100%\u00bb max_width=\u00bb2560px\u00bb module_alignment=\u00bbcenter\u00bb][et_pb_column type=\u00bb4_4&#8243; _builder_version=\u00bb3.25.4&#8243;][et_pb_gallery gallery_ids=\u00bb16917,16916,16915,16914,16912,16906,16908,16918&#8243; gallery_orderby=\u00bbrand\u00bb posts_number=\u00bb8&#8243; show_title_and_caption=\u00bboff\u00bb show_pagination=\u00bboff\u00bb _builder_version=\u00bb3.26.3&#8243;][\/et_pb_gallery][\/et_pb_column][\/et_pb_row][et_pb_row custom_padding=\u00bb5%||0px|||\u00bb custom_padding_tablet=\u00bb15%||||false|false\u00bb custom_padding_last_edited=\u00bbon|tablet\u00bb _builder_version=\u00bb3.26.3&#8243; width_last_edited=\u00bbon|desktop\u00bb][et_pb_column type=\u00bb4_4&#8243; _builder_version=\u00bb3.25.4&#8243;][et_pb_text _builder_version=\u00bb3.26.3&#8243; text_font=\u00bbUnivers|900|||||||\u00bb text_font_size=\u00bb32px\u00bb text_line_height=\u00bb54px\u00bb custom_margin_phone=\u00bb2%||||false|false\u00bb custom_margin_last_edited=\u00bbon|desktop\u00bb text_font_size_tablet=\u00bb28px\u00bb text_font_size_phone=\u00bb24px\u00bb text_font_size_last_edited=\u00bbon|desktop\u00bb text_line_height_tablet=\u00bb40px\u00bb text_line_height_phone=\u00bb36px\u00bb text_line_height_last_edited=\u00bbon|desktop\u00bb]SPONSORS PREMIUM[\/et_pb_text][et_pb_divider color=\u00bbrgba(0,0,0,0)\u00bb divider_weight=\u00bb2px\u00bb _builder_version=\u00bb3.26.3&#8243; border_width_top=\u00bb3px\u00bb border_color_top=\u00bb#11d8d8&#8243; width=\u00bb100%\u00bb width_last_edited=\u00bbon|desktop\u00bb custom_margin=\u00bb-20px||||false|false\u00bb][\/et_pb_divider][\/et_pb_column][\/et_pb_row][et_pb_row column_structure=\u00bb1_4,1_4,1_4,1_4&#8243; custom_margin=\u00bb|auto|2px|auto|false|false\u00bb _builder_version=\u00bb3.26.3&#8243;][et_pb_column type=\u00bb1_4&#8243; _builder_version=\u00bb3.26.3&#8243;][et_pb_image src=\u00bbhttps:\/\/www.equiposytalentoeventos.com\/corporate-learning\/wp-content\/uploads\/2019\/09\/02_avanzo.png\u00bb align_phone=\u00bbcenter\u00bb align_last_edited=\u00bbon|phone\u00bb _builder_version=\u00bb3.26.3&#8243; width=\u00bb80%\u00bb width_tablet=\u00bb68%\u00bb width_phone=\u00bb53%\u00bb width_last_edited=\u00bboff|phone\u00bb custom_margin=\u00bb0%||||false|false\u00bb custom_margin_tablet=\u00bb5%||||false|false\u00bb custom_margin_phone=\u00bb3%||3%||false|false\u00bb custom_margin_last_edited=\u00bbon|desktop\u00bb module_alignment_tablet=\u00bbcenter\u00bb module_alignment_last_edited=\u00bbon|tablet\u00bb][\/et_pb_image][\/et_pb_column][et_pb_column type=\u00bb1_4&#8243; _builder_version=\u00bb3.26.3&#8243;][et_pb_image src=\u00bbhttps:\/\/www.equiposytalentoeventos.com\/corporate-learning\/wp-content\/uploads\/2019\/07\/03_cegos.jpg\u00bb align=\u00bbcenter\u00bb align_last_edited=\u00bbon|desktop\u00bb _builder_version=\u00bb3.26.3&#8243; width=\u00bb41%\u00bb width_tablet=\u00bb30%\u00bb width_phone=\u00bb20%\u00bb width_last_edited=\u00bboff|desktop\u00bb max_width=\u00bb110px\u00bb module_alignment=\u00bbcenter\u00bb custom_margin=\u00bb-7%|0px||0px|false|true\u00bb custom_margin_tablet=\u00bb4%||||false|false\u00bb custom_margin_phone=\u00bb3%||0%||false|false\u00bb custom_margin_last_edited=\u00bbon|desktop\u00bb module_alignment_last_edited=\u00bbon|tablet\u00bb][\/et_pb_image][\/et_pb_column][et_pb_column type=\u00bb1_4&#8243; _builder_version=\u00bb3.26.3&#8243;][et_pb_image src=\u00bbhttps:\/\/www.equiposytalentoeventos.com\/corporate-learning\/wp-content\/uploads\/2021\/11\/NEW-CSOD-logo-HRZ-RGB.png\u00bb align_phone=\u00bbcenter\u00bb align_last_edited=\u00bbon|phone\u00bb _builder_version=\u00bb3.26.3&#8243; transform_scale=\u00bb115%|115%\u00bb width=\u00bb92%\u00bb width_tablet=\u00bb75%\u00bb width_phone=\u00bb50%\u00bb width_last_edited=\u00bbon|desktop\u00bb module_alignment=\u00bbcenter\u00bb custom_margin=\u00bb5%||||false|false\u00bb custom_margin_tablet=\u00bb12%||||false|false\u00bb custom_margin_last_edited=\u00bbon|desktop\u00bb custom_padding=\u00bb||0px|||\u00bb module_alignment_tablet=\u00bbcenter\u00bb module_alignment_last_edited=\u00bbon|desktop\u00bb][\/et_pb_image][\/et_pb_column][et_pb_column type=\u00bb1_4&#8243; _builder_version=\u00bb3.26.3&#8243;][et_pb_image src=\u00bbhttps:\/\/www.equiposytalentoeventos.com\/corporate-learning\/wp-content\/uploads\/2021\/10\/SponsorsPremium-ESCP_logo.jpg\u00bb _builder_version=\u00bb3.26.3&#8243; width=\u00bb80%\u00bb width_tablet=\u00bb74%\u00bb width_last_edited=\u00bbon|desktop\u00bb module_alignment=\u00bbcenter\u00bb][\/et_pb_image][\/et_pb_column][\/et_pb_row][et_pb_row column_structure=\u00bb1_4,1_4,1_4,1_4&#8243; custom_padding=\u00bb||46px|||\u00bb custom_margin=\u00bb8px|auto|30px|auto|false|false\u00bb _builder_version=\u00bb3.26.3&#8243;][et_pb_column type=\u00bb1_4&#8243; _builder_version=\u00bb3.26.3&#8243;][et_pb_image src=\u00bbhttps:\/\/www.equiposytalentoeventos.com\/corporate-learning\/wp-content\/uploads\/2021\/10\/SponsorsPremium-ESIC_logo.jpg\u00bb _builder_version=\u00bb3.26.3&#8243; width=\u00bb60%\u00bb width_tablet=\u00bb45%\u00bb width_last_edited=\u00bbon|desktop\u00bb max_width=\u00bb151px\u00bb module_alignment=\u00bbcenter\u00bb][\/et_pb_image][\/et_pb_column][et_pb_column type=\u00bb1_4&#8243; _builder_version=\u00bb3.26.3&#8243;][et_pb_image src=\u00bbhttps:\/\/www.equiposytalentoeventos.com\/corporate-learning\/wp-content\/uploads\/2019\/07\/goodhabitz.jpg\u00bb align=\u00bbcenter\u00bb align_phone=\u00bbcenter\u00bb align_last_edited=\u00bbon|phone\u00bb _builder_version=\u00bb3.26.3&#8243; transform_scale=\u00bb115%|115%\u00bb width=\u00bb90%\u00bb width_tablet=\u00bb69%\u00bb width_phone=\u00bb50%\u00bb width_last_edited=\u00bbon|desktop\u00bb max_width=\u00bb250px\u00bb custom_margin=\u00bb20px||||false|false\u00bb custom_margin_tablet=\u00bb10%||||false|false\u00bb custom_margin_phone=\u00bb3%||3%||false|false\u00bb custom_margin_last_edited=\u00bbon|desktop\u00bb module_alignment_tablet=\u00bbcenter\u00bb module_alignment_last_edited=\u00bbon|desktop\u00bb][\/et_pb_image][\/et_pb_column][et_pb_column type=\u00bb1_4&#8243; _builder_version=\u00bb3.26.3&#8243;][et_pb_image src=\u00bbhttps:\/\/www.equiposytalentoeventos.com\/corporate-learning\/wp-content\/uploads\/2021\/10\/Logo-Corporate_altaresolucion-Hedima.jpg\u00bb _builder_version=\u00bb3.26.3&#8243; width=\u00bb90%\u00bb width_tablet=\u00bb77%\u00bb width_last_edited=\u00bbon|desktop\u00bb max_width=\u00bb250px\u00bb module_alignment=\u00bbcenter\u00bb custom_margin=\u00bb-29px||||false|false\u00bb custom_margin_tablet=\u00bb13px||||false|false\u00bb custom_margin_last_edited=\u00bbon|desktop\u00bb][\/et_pb_image][\/et_pb_column][et_pb_column type=\u00bb1_4&#8243; _builder_version=\u00bb3.26.3&#8243;][et_pb_image src=\u00bbhttps:\/\/www.equiposytalentoeventos.com\/corporate-learning\/wp-content\/uploads\/2019\/07\/06_IDDI.jpg\u00bb align_phone=\u00bbcenter\u00bb align_last_edited=\u00bbon|desktop\u00bb _builder_version=\u00bb3.26.3&#8243; transform_scale=\u00bb115%|115%\u00bb width=\u00bb83%\u00bb width_tablet=\u00bb80%\u00bb width_phone=\u00bb55%\u00bb width_last_edited=\u00bboff|desktop\u00bb max_width=\u00bb285px\u00bb module_alignment=\u00bbcenter\u00bb custom_margin=\u00bb22px||||false|false\u00bb custom_margin_tablet=\u00bb10%||||false|false\u00bb custom_margin_phone=\u00bb||3%||false|false\u00bb custom_margin_last_edited=\u00bboff|desktop\u00bb module_alignment_tablet=\u00bbcenter\u00bb module_alignment_last_edited=\u00bboff|tablet\u00bb][\/et_pb_image][\/et_pb_column][\/et_pb_row][et_pb_row column_structure=\u00bb1_4,1_4,1_4,1_4&#8243; custom_margin=\u00bb||30px||false|false\u00bb _builder_version=\u00bb3.26.3&#8243;][et_pb_column type=\u00bb1_4&#8243; _builder_version=\u00bb3.26.3&#8243;][et_pb_image src=\u00bbhttps:\/\/www.equiposytalentoeventos.com\/corporate-learning\/wp-content\/uploads\/2021\/10\/Naturgy-ok.jpg\u00bb _builder_version=\u00bb3.26.3&#8243; width=\u00bb100%\u00bb max_width=\u00bb100%\u00bb module_alignment=\u00bbcenter\u00bb custom_margin=\u00bb-12px||||false|false\u00bb][\/et_pb_image][\/et_pb_column][et_pb_column type=\u00bb1_4&#8243; _builder_version=\u00bb3.26.3&#8243;][et_pb_image src=\u00bbhttps:\/\/www.equiposytalentoeventos.com\/corporate-learning\/wp-content\/uploads\/2021\/10\/SponsorsPremium-OVERLAP_logo.jpg\u00bb _builder_version=\u00bb3.26.3&#8243; width=\u00bb88%\u00bb max_width=\u00bb243px\u00bb module_alignment=\u00bbcenter\u00bb][\/et_pb_image][\/et_pb_column][et_pb_column type=\u00bb1_4&#8243; _builder_version=\u00bb3.26.3&#8243;][et_pb_image src=\u00bbhttps:\/\/www.equiposytalentoeventos.com\/corporate-learning\/wp-content\/uploads\/2019\/07\/08_randstad.jpg\u00bb align_phone=\u00bbcenter\u00bb align_last_edited=\u00bbon|desktop\u00bb _builder_version=\u00bb3.26.3&#8243; transform_scale=\u00bb115%|115%\u00bb width=\u00bb89%\u00bb width_tablet=\u00bb80%\u00bb width_phone=\u00bb55%\u00bb width_last_edited=\u00bboff|desktop\u00bb max_width=\u00bb250px\u00bb module_alignment=\u00bbcenter\u00bb custom_margin=\u00bb0px||||false|false\u00bb custom_margin_tablet=\u00bb14%||||false|false\u00bb custom_margin_phone=\u00bb1%||4%||false|false\u00bb custom_margin_last_edited=\u00bbon|desktop\u00bb module_alignment_tablet=\u00bbcenter\u00bb module_alignment_last_edited=\u00bboff|desktop\u00bb][\/et_pb_image][\/et_pb_column][et_pb_column type=\u00bb1_4&#8243; _builder_version=\u00bb3.26.3&#8243;][et_pb_image src=\u00bbhttps:\/\/www.equiposytalentoeventos.com\/corporate-learning\/wp-content\/uploads\/2021\/10\/speexx-logo-edit.png\u00bb _builder_version=\u00bb3.26.3&#8243; width=\u00bb76%\u00bb module_alignment=\u00bbcenter\u00bb custom_margin=\u00bb0px||||false|false\u00bb][\/et_pb_image][\/et_pb_column][\/et_pb_row][et_pb_row custom_padding=\u00bb5%||0px|||\u00bb custom_padding_phone=\u00bb10%||||false|false\u00bb custom_padding_last_edited=\u00bbon|desktop\u00bb _builder_version=\u00bb3.26.3&#8243; width_last_edited=\u00bbon|desktop\u00bb][et_pb_column type=\u00bb4_4&#8243; _builder_version=\u00bb3.25.4&#8243;][et_pb_text _builder_version=\u00bb3.26.3&#8243; text_font=\u00bbUnivers|900|||||||\u00bb text_font_size=\u00bb32px\u00bb text_line_height=\u00bb54px\u00bb text_font_size_tablet=\u00bb28px\u00bb text_font_size_phone=\u00bb24px\u00bb text_font_size_last_edited=\u00bbon|phone\u00bb text_line_height_tablet=\u00bb40px\u00bb text_line_height_phone=\u00bb36px\u00bb text_line_height_last_edited=\u00bbon|desktop\u00bb]SPONSORS[\/et_pb_text][et_pb_divider color=\u00bbrgba(0,0,0,0)\u00bb divider_weight=\u00bb2px\u00bb _builder_version=\u00bb3.26.3&#8243; border_width_top=\u00bb3px\u00bb border_color_top=\u00bb#11d8d8&#8243; width=\u00bb100%\u00bb width_last_edited=\u00bbon|desktop\u00bb custom_margin=\u00bb-20px||||false|false\u00bb][\/et_pb_divider][\/et_pb_column][\/et_pb_row][et_pb_row column_structure=\u00bb1_5,1_5,1_5,1_5,1_5&#8243; use_custom_gutter=\u00bbon\u00bb gutter_width=\u00bb4&#8243; custom_margin=\u00bb||-30px||false|false\u00bb make_equal=\u00bbon\u00bb _builder_version=\u00bb3.26.3&#8243; module_alignment=\u00bbcenter\u00bb][et_pb_column type=\u00bb1_5&#8243; _builder_version=\u00bb3.25.4&#8243;][et_pb_image src=\u00bbhttps:\/\/www.equiposytalentoeventos.com\/corporate-learning\/wp-content\/uploads\/2020\/11\/adams.png\u00bb align_phone=\u00bbcenter\u00bb align_last_edited=\u00bbon|desktop\u00bb _builder_version=\u00bb3.26.3&#8243; width=\u00bb61%\u00bb width_tablet=\u00bb60%\u00bb width_phone=\u00bb35%\u00bb width_last_edited=\u00bbon|desktop\u00bb module_alignment=\u00bbcenter\u00bb custom_margin=\u00bb-10%||||false|false\u00bb custom_margin_tablet=\u00bb||||false|false\u00bb custom_margin_phone=\u00bb3%||3%||false|false\u00bb custom_margin_last_edited=\u00bbon|phone\u00bb module_alignment_tablet=\u00bbcenter\u00bb module_alignment_last_edited=\u00bbon|desktop\u00bb][\/et_pb_image][\/et_pb_column][et_pb_column type=\u00bb1_5&#8243; _builder_version=\u00bb3.25.4&#8243;][et_pb_image src=\u00bbhttps:\/\/www.equiposytalentoeventos.com\/corporate-learning\/wp-content\/uploads\/2021\/10\/aditio-NO.jpg\u00bb align_phone=\u00bbcenter\u00bb align_last_edited=\u00bbon|desktop\u00bb _builder_version=\u00bb3.26.3&#8243; width=\u00bb100%\u00bb width_tablet=\u00bb75%\u00bb width_phone=\u00bb50%\u00bb width_last_edited=\u00bbon|desktop\u00bb custom_margin=\u00bb0px||||false|false\u00bb custom_margin_tablet=\u00bb6%||||false|false\u00bb custom_margin_phone=\u00bb3%||3%||false|false\u00bb custom_margin_last_edited=\u00bbon|desktop\u00bb module_alignment_tablet=\u00bbcenter\u00bb module_alignment_last_edited=\u00bbon|desktop\u00bb][\/et_pb_image][\/et_pb_column][et_pb_column type=\u00bb1_5&#8243; _builder_version=\u00bb3.25.4&#8243;][et_pb_image src=\u00bbhttps:\/\/www.equiposytalentoeventos.com\/corporate-learning\/wp-content\/uploads\/2019\/07\/ASTEX.jpg\u00bb align_phone=\u00bbcenter\u00bb align_last_edited=\u00bbon|desktop\u00bb _builder_version=\u00bb3.26.3&#8243; width=\u00bb70%\u00bb width_tablet=\u00bb75%\u00bb width_phone=\u00bb45%\u00bb width_last_edited=\u00bbon|desktop\u00bb module_alignment=\u00bbcenter\u00bb custom_margin_phone=\u00bb3%||3%||false|false\u00bb custom_margin_last_edited=\u00bbon|desktop\u00bb module_alignment_tablet=\u00bbcenter\u00bb module_alignment_last_edited=\u00bbon|tablet\u00bb][\/et_pb_image][\/et_pb_column][et_pb_column type=\u00bb1_5&#8243; _builder_version=\u00bb3.25.4&#8243;][et_pb_image src=\u00bbhttps:\/\/www.equiposytalentoeventos.com\/corporate-learning\/wp-content\/uploads\/2021\/10\/Aula_Magna-08-1-09-02-20-02-24-57.png\u00bb align_phone=\u00bbcenter\u00bb align_last_edited=\u00bbon|desktop\u00bb _builder_version=\u00bb3.26.3&#8243; width=\u00bb96%\u00bb width_tablet=\u00bb75%\u00bb width_phone=\u00bb50%\u00bb width_last_edited=\u00bbon|desktop\u00bb module_alignment=\u00bbcenter\u00bb custom_margin=\u00bb-4px||||false|false\u00bb custom_margin_tablet=\u00bb10%||||false|false\u00bb custom_margin_phone=\u00bb3%||3%||false|false\u00bb custom_margin_last_edited=\u00bbon|desktop\u00bb module_alignment_tablet=\u00bbcenter\u00bb module_alignment_last_edited=\u00bbon|desktop\u00bb][\/et_pb_image][\/et_pb_column][et_pb_column type=\u00bb1_5&#8243; _builder_version=\u00bb3.25.4&#8243;][et_pb_image src=\u00bbhttps:\/\/www.equiposytalentoeventos.com\/corporate-learning\/wp-content\/uploads\/2021\/10\/SponsorsNetworking-BaiFormacion_logo.jpg\u00bb align_phone=\u00bbcenter\u00bb align_last_edited=\u00bbon|desktop\u00bb _builder_version=\u00bb3.26.3&#8243; width=\u00bb80%\u00bb width_tablet=\u00bb75%\u00bb width_phone=\u00bb50%\u00bb width_last_edited=\u00bbon|desktop\u00bb module_alignment=\u00bbcenter\u00bb custom_margin=\u00bb-4px||||false|false\u00bb custom_margin_tablet=\u00bb10%||||false|false\u00bb custom_margin_phone=\u00bb3%||3%||false|false\u00bb custom_margin_last_edited=\u00bbon|desktop\u00bb module_alignment_tablet=\u00bbcenter\u00bb module_alignment_last_edited=\u00bbon|desktop\u00bb][\/et_pb_image][\/et_pb_column][\/et_pb_row][et_pb_row column_structure=\u00bb1_5,1_5,1_5,1_5,1_5&#8243; use_custom_gutter=\u00bbon\u00bb gutter_width=\u00bb4&#8243; custom_padding_tablet=\u00bb0%||||false|false\u00bb custom_margin=\u00bb12px|auto||auto||\u00bb make_equal=\u00bbon\u00bb custom_padding_last_edited=\u00bbon|desktop\u00bb _builder_version=\u00bb3.26.3&#8243; module_alignment=\u00bbcenter\u00bb][et_pb_column type=\u00bb1_5&#8243; _builder_version=\u00bb3.26.3&#8243;][et_pb_image src=\u00bbhttps:\/\/www.equiposytalentoeventos.com\/corporate-learning\/wp-content\/uploads\/2020\/10\/Binnakle_2020.png\u00bb align_phone=\u00bbcenter\u00bb align_last_edited=\u00bbon|phone\u00bb _builder_version=\u00bb3.26.3&#8243; width=\u00bb100%\u00bb width_tablet=\u00bb75%\u00bb width_phone=\u00bb50%\u00bb width_last_edited=\u00bbon|desktop\u00bb module_alignment=\u00bbcenter\u00bb custom_margin=\u00bb4%||||false|false\u00bb custom_margin_tablet=\u00bb3%||||false|false\u00bb custom_margin_phone=\u00bb3%||3%||false|false\u00bb custom_margin_last_edited=\u00bbon|desktop\u00bb module_alignment_tablet=\u00bbcenter\u00bb module_alignment_last_edited=\u00bbon|desktop\u00bb][\/et_pb_image][\/et_pb_column][et_pb_column type=\u00bb1_5&#8243; _builder_version=\u00bb3.25.4&#8243;][et_pb_image src=\u00bbhttps:\/\/www.equiposytalentoeventos.com\/corporate-learning\/wp-content\/uploads\/2021\/11\/both-Logo.jpg\u00bb _builder_version=\u00bb3.26.3&#8243; width=\u00bb80%\u00bb module_alignment=\u00bbcenter\u00bb][\/et_pb_image][\/et_pb_column][et_pb_column type=\u00bb1_5&#8243; _builder_version=\u00bb3.25.4&#8243;][et_pb_image src=\u00bbhttps:\/\/www.equiposytalentoeventos.com\/corporate-learning\/wp-content\/uploads\/2021\/10\/SponsorsNetworking-CoachHub_logo.jpg\u00bb align_phone=\u00bbcenter\u00bb align_last_edited=\u00bbon|desktop\u00bb _builder_version=\u00bb3.26.3&#8243; transform_scale=\u00bb125%|125%\u00bb width=\u00bb81%\u00bb width_tablet=\u00bb75%\u00bb width_phone=\u00bb50%\u00bb width_last_edited=\u00bbon|desktop\u00bb module_alignment=\u00bbcenter\u00bb custom_margin=\u00bb7%|||6%|false|false\u00bb custom_margin_tablet=\u00bb10%||||false|false\u00bb custom_margin_phone=\u00bb3%||3%||false|false\u00bb custom_margin_last_edited=\u00bbon|desktop\u00bb module_alignment_tablet=\u00bbcenter\u00bb module_alignment_last_edited=\u00bbon|desktop\u00bb][\/et_pb_image][\/et_pb_column][et_pb_column type=\u00bb1_5&#8243; _builder_version=\u00bb3.25.4&#8243;][et_pb_image src=\u00bbhttps:\/\/www.equiposytalentoeventos.com\/corporate-learning\/wp-content\/uploads\/2021\/10\/SponsorsNetworking-Coursera_logo.jpg\u00bb _builder_version=\u00bb3.26.3&#8243; width=\u00bb89%\u00bb module_alignment=\u00bbcenter\u00bb custom_margin=\u00bb10px||||false|false\u00bb][\/et_pb_image][\/et_pb_column][et_pb_column type=\u00bb1_5&#8243; _builder_version=\u00bb3.25.4&#8243;][et_pb_image src=\u00bbhttps:\/\/www.equiposytalentoeventos.com\/corporate-learning\/wp-content\/uploads\/2019\/07\/iformalia.jpg\u00bb align_phone=\u00bbcenter\u00bb align_last_edited=\u00bbon|desktop\u00bb _builder_version=\u00bb3.26.3&#8243; width=\u00bb67%\u00bb width_tablet=\u00bb75%\u00bb width_phone=\u00bb50%\u00bb width_last_edited=\u00bbon|phone\u00bb module_alignment=\u00bbcenter\u00bb custom_margin=\u00bb0px||||false|false\u00bb custom_margin_tablet=\u00bb10%||||false|false\u00bb custom_margin_phone=\u00bb3%||3%||false|false\u00bb custom_margin_last_edited=\u00bbon|tablet\u00bb module_alignment_tablet=\u00bbcenter\u00bb module_alignment_last_edited=\u00bbon|tablet\u00bb][\/et_pb_image][\/et_pb_column][\/et_pb_row][et_pb_row column_structure=\u00bb1_5,1_5,1_5,1_5,1_5&#8243; use_custom_gutter=\u00bbon\u00bb gutter_width=\u00bb4&#8243; custom_padding_tablet=\u00bb0%||||false|false\u00bb make_equal=\u00bbon\u00bb custom_padding_last_edited=\u00bbon|desktop\u00bb _builder_version=\u00bb3.26.3&#8243; module_alignment=\u00bbcenter\u00bb][et_pb_column type=\u00bb1_5&#8243; _builder_version=\u00bb3.26.3&#8243;][et_pb_image src=\u00bbhttps:\/\/www.equiposytalentoeventos.com\/corporate-learning\/wp-content\/uploads\/2020\/11\/read_matthews.png\u00bb align_phone=\u00bbcenter\u00bb align_last_edited=\u00bbon|desktop\u00bb _builder_version=\u00bb3.26.3&#8243; transform_scale=\u00bb125%|125%\u00bb width=\u00bb100%\u00bb width_tablet=\u00bb75%\u00bb width_phone=\u00bb50%\u00bb width_last_edited=\u00bbon|desktop\u00bb custom_margin=\u00bb0%|||6%|false|false\u00bb custom_margin_tablet=\u00bb10%||||false|false\u00bb custom_margin_phone=\u00bb3%||3%||false|false\u00bb custom_margin_last_edited=\u00bbon|desktop\u00bb module_alignment_tablet=\u00bbcenter\u00bb module_alignment_last_edited=\u00bbon|desktop\u00bb][\/et_pb_image][\/et_pb_column][et_pb_column type=\u00bb1_5&#8243; _builder_version=\u00bb3.25.4&#8243;][et_pb_image src=\u00bbhttps:\/\/www.equiposytalentoeventos.com\/corporate-learning\/wp-content\/uploads\/2021\/11\/MBA-Logo.png\u00bb _builder_version=\u00bb3.26.3&#8243; width=\u00bb80%\u00bb module_alignment=\u00bbcenter\u00bb][\/et_pb_image][\/et_pb_column][et_pb_column type=\u00bb1_5&#8243; _builder_version=\u00bb3.25.4&#8243;][et_pb_image src=\u00bbhttps:\/\/www.equiposytalentoeventos.com\/corporate-learning\/wp-content\/uploads\/2020\/11\/utopicus-school-negro.png\u00bb align=\u00bbcenter\u00bb align_phone=\u00bbcenter\u00bb align_last_edited=\u00bbon|desktop\u00bb _builder_version=\u00bb3.26.3&#8243; transform_scale=\u00bb125%|125%\u00bb width=\u00bb89%\u00bb width_tablet=\u00bb75%\u00bb width_phone=\u00bb50%\u00bb width_last_edited=\u00bbon|desktop\u00bb module_alignment=\u00bbcenter\u00bb custom_margin=\u00bb14%|||6%|false|false\u00bb custom_margin_tablet=\u00bb10%||||false|false\u00bb custom_margin_phone=\u00bb3%||3%||false|false\u00bb custom_margin_last_edited=\u00bbon|desktop\u00bb module_alignment_tablet=\u00bbcenter\u00bb module_alignment_last_edited=\u00bbon|desktop\u00bb][\/et_pb_image][\/et_pb_column][et_pb_column type=\u00bb1_5&#8243; _builder_version=\u00bb3.25.4&#8243;][et_pb_image src=\u00bbhttps:\/\/www.equiposytalentoeventos.com\/corporate-learning\/wp-content\/uploads\/2021\/11\/Voxy-Logo_Long_AquaNavy_A-1.png\u00bb _builder_version=\u00bb3.26.3&#8243; width=\u00bb84%\u00bb][\/et_pb_image][\/et_pb_column][et_pb_column type=\u00bb1_5&#8243; _builder_version=\u00bb3.25.4&#8243;][\/et_pb_column][\/et_pb_row][\/et_pb_section][et_pb_section fb_built=\u00bb1&#8243; custom_padding_last_edited=\u00bbon|desktop\u00bb disabled_on=\u00bboff|off|off\u00bb _builder_version=\u00bb3.26.3&#8243; background_color=\u00bb#002333&#8243; custom_margin=\u00bb0%||||false|false\u00bb custom_margin_phone=\u00bb||||false|false\u00bb custom_margin_last_edited=\u00bbon|phone\u00bb custom_padding=\u00bb0px||5.2%|0px||\u00bb custom_padding_phone=\u00bb||12%||false|false\u00bb][et_pb_row custom_padding=\u00bb6.1%||0px||false|false\u00bb custom_padding_tablet=\u00bb15%||||false|false\u00bb custom_padding_last_edited=\u00bbon|desktop\u00bb disabled_on=\u00bboff|off|off\u00bb _builder_version=\u00bb3.26.3&#8243; min_height=\u00bb60px\u00bb][et_pb_column type=\u00bb4_4&#8243; _builder_version=\u00bb3.25.4&#8243;][et_pb_text module_id=\u00bbprograma\u00bb module_class=\u00bb#programa\u00bb _builder_version=\u00bb3.26.3&#8243; text_font=\u00bbUnivers LT 75 Black|800|||||||\u00bb text_text_align=\u00bbcenter\u00bb text_text_color=\u00bb#ffffff\u00bb text_font_size=\u00bb32px\u00bb text_font_size_tablet=\u00bb43px\u00bb text_font_size_phone=\u00bb36px\u00bb text_font_size_last_edited=\u00bbon|desktop\u00bb text_line_height_phone=\u00bb48px\u00bb text_line_height_last_edited=\u00bbon|phone\u00bb]<\/p>\n<p style=\"color: #9cffff; text-align: left;\">PROGRAMA<\/p>\n<p>[\/et_pb_text][\/et_pb_column][\/et_pb_row][et_pb_row column_structure=\u00bb1_3,2_3&#8243; custom_padding=\u00bb5%||||false|false\u00bb custom_padding_phone=\u00bb||7%||false|false\u00bb make_equal=\u00bbon\u00bb custom_padding_last_edited=\u00bboff|phone\u00bb disabled_on=\u00bboff|off|off\u00bb _builder_version=\u00bb3.26.3&#8243; border_color_bottom=\u00bbrgba(255,255,255,0.5)\u00bb width_phone=\u00bb100%\u00bb width_last_edited=\u00bbon|phone\u00bb border_radii_last_edited=\u00bbon|phone\u00bb border_width_all_phone=\u00bb0px\u00bb border_width_all_last_edited=\u00bbon|phone\u00bb border_width_bottom_phone=\u00bb1px\u00bb border_width_bottom_last_edited=\u00bbon|phone\u00bb][et_pb_column type=\u00bb1_3&#8243; _builder_version=\u00bb4.3.2&#8243; custom_css_main_element=\u00bb\t||\u00bb][et_pb_text disabled_on=\u00bboff|off|off\u00bb _builder_version=\u00bb3.26.3&#8243; text_font=\u00bbUnivers LT 75 Black|800|||||||\u00bb text_text_color=\u00bb#ffffff\u00bb text_font_size=\u00bb26px\u00bb text_line_height=\u00bb42px\u00bb header_font=\u00bbUnivers LT 75 Black||||||||\u00bb custom_margin=\u00bb||||false|false\u00bb custom_margin_phone=\u00bb|||10%|false|false\u00bb custom_margin_last_edited=\u00bbon|desktop\u00bb text_font_size_phone=\u00bb28px\u00bb text_font_size_last_edited=\u00bbon|desktop\u00bb text_line_height_phone=\u00bb38px\u00bb text_line_height_last_edited=\u00bbon|phone\u00bb]<\/p>\n<p>09:00 &#8211; 09:15<\/p>\n<p>[\/et_pb_text][\/et_pb_column][et_pb_column type=\u00bb2_3&#8243; _builder_version=\u00bb4.3.2&#8243; border_width_left=\u00bb0px\u00bb border_radii_last_edited=\u00bbon|phone\u00bb][et_pb_text _builder_version=\u00bb3.26.3&#8243; text_font=\u00bbUnivers LT 75 Black||||||||\u00bb text_text_color=\u00bb#ffffff\u00bb text_font_size=\u00bb24px\u00bb text_line_height=\u00bb28px\u00bb border_color_left=\u00bb#ffffff\u00bb custom_padding=\u00bb|||8%|false|false\u00bb custom_padding_phone=\u00bb|10%||10%|false|false\u00bb custom_padding_last_edited=\u00bbon|desktop\u00bb text_font_size_last_edited=\u00bbon|desktop\u00bb text_line_height_last_edited=\u00bbon|desktop\u00bb border_width_left_phone=\u00bb0px\u00bb border_width_left_last_edited=\u00bbon|desktop\u00bb]<span style=\"font-size: 27px; color: #11d8d8;\"><b>BIENVENIDA<\/b><\/span><span style=\"color: rgba(255, 255, 255, 0.75);\"><\/span>[\/et_pb_text][\/et_pb_column][\/et_pb_row][et_pb_row column_structure=\u00bb1_3,2_3&#8243; custom_padding_phone=\u00bb||7%||false|false\u00bb make_equal=\u00bbon\u00bb custom_padding_last_edited=\u00bbon|phone\u00bb disabled_on=\u00bboff|off|off\u00bb _builder_version=\u00bb3.26.3&#8243; border_width_top=\u00bb2px\u00bb border_color_top=\u00bbrgba(17,216,216,0.4)\u00bb border_color_bottom=\u00bbrgba(255,255,255,0.5)\u00bb width_phone=\u00bb100%\u00bb width_last_edited=\u00bbon|phone\u00bb border_radii_last_edited=\u00bbon|phone\u00bb border_width_all_phone=\u00bb0px\u00bb border_width_all_last_edited=\u00bbon|phone\u00bb border_width_bottom_phone=\u00bb1px\u00bb border_width_bottom_last_edited=\u00bbon|phone\u00bb][et_pb_column type=\u00bb1_3&#8243; _builder_version=\u00bb4.3.2&#8243; custom_css_main_element=\u00bb\t||\u00bb][et_pb_text disabled_on=\u00bboff|off|off\u00bb _builder_version=\u00bb3.26.3&#8243; text_font=\u00bbUnivers LT 75 Black|800|||||||\u00bb text_text_color=\u00bb#ffffff\u00bb text_font_size=\u00bb26px\u00bb text_line_height=\u00bb42px\u00bb header_font=\u00bbUnivers LT 75 Black||||||||\u00bb custom_margin=\u00bb||||false|false\u00bb custom_margin_phone=\u00bb|||10%|false|false\u00bb custom_margin_last_edited=\u00bbon|desktop\u00bb text_font_size_phone=\u00bb28px\u00bb text_font_size_last_edited=\u00bbon|desktop\u00bb text_line_height_phone=\u00bb38px\u00bb text_line_height_last_edited=\u00bbon|phone\u00bb]09:15 &#8211; 09:45[\/et_pb_text][et_pb_text _builder_version=\u00bb3.26.3&#8243; text_font=\u00bbUnivers||||||||\u00bb text_text_color=\u00bb#ffffff\u00bb text_line_height=\u00bb28px\u00bb custom_padding_phone=\u00bb|10%||10%|false|false\u00bb custom_padding_last_edited=\u00bbon|phone\u00bb text_font_size_last_edited=\u00bbon|desktop\u00bb text_line_height_last_edited=\u00bbon|desktop\u00bb]<span style=\"font-size: 24px; color: #68c4d1;\"><strong>LEARNABILITY <\/strong><\/span><br \/>\n<span>como acelerador estrat\u00e9gico de la transformaci\u00f3n y la sostenibilidad<\/span>[\/et_pb_text][\/et_pb_column][et_pb_column type=\u00bb2_3&#8243; _builder_version=\u00bb4.3.2&#8243; border_width_left=\u00bb0px\u00bb border_radii_last_edited=\u00bbon|phone\u00bb][et_pb_text _builder_version=\u00bb3.26.3&#8243; text_font=\u00bbUnivers||||||||\u00bb text_text_color=\u00bb#ffffff\u00bb text_line_height=\u00bb28px\u00bb border_color_left=\u00bb#ffffff\u00bb custom_padding=\u00bb|||8%|false|false\u00bb custom_padding_phone=\u00bb|10%||10%|false|false\u00bb custom_padding_last_edited=\u00bbon|desktop\u00bb text_font_size_last_edited=\u00bbon|desktop\u00bb text_line_height_last_edited=\u00bbon|desktop\u00bb border_width_left_phone=\u00bb0px\u00bb border_width_left_last_edited=\u00bbon|desktop\u00bb]<span style=\"color: #11d8d8;\"><strong>Esther Estepa<\/strong><\/span><span style=\"color: rgba(255, 255, 255, 0.75);\">, Directora Corporativa de Talento y Experiencia de Empleado de<\/span><span style=\"color: #ffffff;\"><b> QUIR\u00d3NSALUD<\/b><\/span><br \/>\n<span style=\"color: #11d8d8;\"><strong>Scherezade Miletich<\/strong><\/span><span style=\"color: rgba(255, 255, 255, 0.75);\">, Directora \u00e1rea Desarrollo de RRHH &amp; RSC Lead de<\/span><span style=\"color: #ffffff;\"><b> FUJITSU<br \/>\n<span style=\"color: #11d8d8;\">Bego\u00f1a Dom\u00ednguez<\/span><\/b><span style=\"color: rgba(242, 242, 242, 0.75);\">, <\/span><span style=\"color: rgba(255, 255, 255, 0.75);\">Directora de Campus<\/span><b> GRUPO SANTALUC\u00cdA<\/b><\/span><br \/>\n<span style=\"color: #f2f2f2;\"><span style=\"color: #11d8d8;\"><b>Marta del Mazo<\/b><\/span><span style=\"color: rgba(255, 255, 255, 0.75);\">, Learning &amp; Training Sr. Manager de <\/span><\/span><span style=\"color: #ffffff;\"><b>REPSOL<br \/>\n<\/b><\/span><\/p>\n<p class=\"p5\">Modera <span style=\"color: #11d8d8;\"><strong>Jes\u00fas Ara\u00fajo<\/strong><\/span><span style=\"color: rgba(255, 255, 255, 0.75);\">, CEO de <\/span><span style=\"color: #ffffff;\"><b>CEGOS<\/b><\/span><\/p>\n<p>[\/et_pb_text][\/et_pb_column][\/et_pb_row][et_pb_row column_structure=\u00bb1_3,2_3&#8243; custom_padding_phone=\u00bb||7%||false|false\u00bb make_equal=\u00bbon\u00bb custom_padding_last_edited=\u00bbon|phone\u00bb disabled_on=\u00bboff|off|off\u00bb _builder_version=\u00bb3.26.3&#8243; border_width_top=\u00bb2px\u00bb border_color_top=\u00bbrgba(17,216,216,0.4)\u00bb border_color_bottom=\u00bbrgba(255,255,255,0.5)\u00bb width_phone=\u00bb100%\u00bb width_last_edited=\u00bbon|phone\u00bb border_radii_last_edited=\u00bbon|phone\u00bb border_width_all_phone=\u00bb0px\u00bb border_width_all_last_edited=\u00bbon|phone\u00bb border_width_bottom_phone=\u00bb1px\u00bb border_width_bottom_last_edited=\u00bbon|phone\u00bb][et_pb_column type=\u00bb1_3&#8243; _builder_version=\u00bb4.3.2&#8243; custom_css_main_element=\u00bb\t||\u00bb][et_pb_text disabled_on=\u00bboff|off|off\u00bb _builder_version=\u00bb3.26.3&#8243; text_font=\u00bbUnivers LT 75 Black|800|||||||\u00bb text_text_color=\u00bb#ffffff\u00bb text_font_size=\u00bb26px\u00bb text_line_height=\u00bb42px\u00bb header_font=\u00bbUnivers LT 75 Black||||||||\u00bb custom_margin=\u00bb||||false|false\u00bb custom_margin_phone=\u00bb|||10%|false|false\u00bb custom_margin_last_edited=\u00bbon|desktop\u00bb text_font_size_phone=\u00bb28px\u00bb text_font_size_last_edited=\u00bbon|desktop\u00bb text_line_height_phone=\u00bb38px\u00bb text_line_height_last_edited=\u00bbon|phone\u00bb]<\/p>\n<p>09:45 &#8211; 10:15<\/p>\n<p>[\/et_pb_text][et_pb_text _builder_version=\u00bb3.26.3&#8243; text_font=\u00bbUnivers||||||||\u00bb text_text_color=\u00bb#ffffff\u00bb text_line_height=\u00bb28px\u00bb custom_padding_phone=\u00bb|10%||10%|false|false\u00bb custom_padding_last_edited=\u00bbon|phone\u00bb text_font_size_last_edited=\u00bbon|desktop\u00bb text_line_height_last_edited=\u00bbon|desktop\u00bb]<span style=\"font-size: 24px; color: #68c4d1;\"><strong> INTERACTIVE &#038; SOCIAL LEARNING<\/strong><\/span><br \/>\n<span>Aprendizaje interactivo y gamificado<\/span>[\/et_pb_text][\/et_pb_column][et_pb_column type=\u00bb2_3&#8243; _builder_version=\u00bb4.3.2&#8243; border_width_left=\u00bb0px\u00bb border_radii_last_edited=\u00bbon|phone\u00bb][et_pb_text _builder_version=\u00bb3.26.3&#8243; text_font=\u00bbUnivers||||||||\u00bb text_text_color=\u00bb#ffffff\u00bb text_line_height=\u00bb28px\u00bb border_color_left=\u00bb#ffffff\u00bb custom_padding=\u00bb|||8%|false|false\u00bb custom_padding_phone=\u00bb|10%||10%|false|false\u00bb custom_padding_last_edited=\u00bbon|desktop\u00bb text_font_size_last_edited=\u00bbon|desktop\u00bb text_line_height_last_edited=\u00bbon|desktop\u00bb border_width_left_phone=\u00bb0px\u00bb border_width_left_last_edited=\u00bbon|desktop\u00bb]<span style=\"color: #11d8d8;\"><strong>Javier Mart\u00edn Manj\u00f3n<\/strong><\/span><span style=\"color: rgba(255, 255, 255, 0.75);\">, Learning &amp; Development Manager de<\/span><span style=\"color: #ffffff;\"><b> RANDSTAD ESPA\u00d1A<\/b><\/span><br \/>\n<span style=\"color: #11d8d8;\"><strong>Diana Cubero<\/strong><\/span><span style=\"color: rgba(255, 255, 255, 0.75);\">, Talent Manager de<\/span><span style=\"color: #ffffff;\"><b> KIABI<\/b><\/span><br \/>\n<span style=\"color: #11d8d8;\"><strong>Eva Astorga<\/strong><\/span><span style=\"color: rgba(255, 255, 255, 0.75);\">, Digital Talent Leader de <\/span><span style=\"color: #ffffff;\"><b>MAHOU SAN MIGUEL<\/b><\/span><\/p>\n<p class=\"p5\">Modera <span style=\"color: #11d8d8;\"><strong>Eva Galli<\/strong><\/span><span style=\"color: rgba(255, 255, 255, 0.75);\">, Periodista de<\/span><span style=\"color: #ffffff;\"><b> EQUIPOS&amp;TALENTO<\/b><\/span><\/p>\n<p>[\/et_pb_text][\/et_pb_column][\/et_pb_row][et_pb_row column_structure=\u00bb1_3,2_3&#8243; custom_padding_phone=\u00bb||7%||false|false\u00bb make_equal=\u00bbon\u00bb custom_padding_last_edited=\u00bbon|phone\u00bb disabled_on=\u00bboff|off|off\u00bb _builder_version=\u00bb3.26.3&#8243; border_width_top=\u00bb2px\u00bb border_color_top=\u00bbrgba(17,216,216,0.4)\u00bb border_color_bottom=\u00bbrgba(255,255,255,0.5)\u00bb width_phone=\u00bb100%\u00bb width_last_edited=\u00bbon|phone\u00bb border_radii_last_edited=\u00bbon|phone\u00bb border_width_all_phone=\u00bb0px\u00bb border_width_all_last_edited=\u00bbon|phone\u00bb border_width_bottom_phone=\u00bb1px\u00bb border_width_bottom_last_edited=\u00bbon|phone\u00bb][et_pb_column type=\u00bb1_3&#8243; _builder_version=\u00bb4.3.2&#8243; custom_css_main_element=\u00bb\t||\u00bb][et_pb_text disabled_on=\u00bboff|off|off\u00bb _builder_version=\u00bb3.26.3&#8243; text_font=\u00bbUnivers LT 75 Black|800|||||||\u00bb text_text_color=\u00bb#ffffff\u00bb text_font_size=\u00bb26px\u00bb text_line_height=\u00bb42px\u00bb header_font=\u00bbUnivers LT 75 Black||||||||\u00bb custom_margin=\u00bb||||false|false\u00bb custom_margin_phone=\u00bb|||10%|false|false\u00bb custom_margin_last_edited=\u00bbon|desktop\u00bb text_font_size_phone=\u00bb28px\u00bb text_font_size_last_edited=\u00bbon|desktop\u00bb text_line_height_phone=\u00bb38px\u00bb text_line_height_last_edited=\u00bbon|phone\u00bb]<\/p>\n<p>10:15 &#8211; 10:45<\/p>\n<p>[\/et_pb_text][et_pb_text _builder_version=\u00bb3.26.3&#8243; text_font=\u00bbUnivers||||||||\u00bb text_text_color=\u00bb#ffffff\u00bb text_line_height=\u00bb28px\u00bb custom_padding_phone=\u00bb|10%||10%|false|false\u00bb custom_padding_last_edited=\u00bbon|phone\u00bb text_font_size_last_edited=\u00bbon|desktop\u00bb text_line_height_last_edited=\u00bbon|desktop\u00bb]<\/p>\n<p><span style=\"font-size: 24px; color: #68c4d1;\"><strong>LEARNING AGILITY<\/strong><\/span><br \/><span>Organizaciones que impulsan el aprendizaje creativo y el liderazgo positivo<\/span><\/p>\n<p>[\/et_pb_text][\/et_pb_column][et_pb_column type=\u00bb2_3&#8243; _builder_version=\u00bb4.3.2&#8243; border_width_left=\u00bb0px\u00bb border_radii_last_edited=\u00bbon|phone\u00bb][et_pb_text _builder_version=\u00bb3.26.3&#8243; text_font=\u00bbUnivers||||||||\u00bb text_text_color=\u00bb#ffffff\u00bb text_line_height=\u00bb28px\u00bb border_color_left=\u00bb#ffffff\u00bb custom_padding=\u00bb|||8%|false|false\u00bb custom_padding_phone=\u00bb|10%||10%|false|false\u00bb custom_padding_last_edited=\u00bbon|desktop\u00bb text_font_size_last_edited=\u00bbon|desktop\u00bb text_line_height_last_edited=\u00bbon|desktop\u00bb border_width_left_phone=\u00bb0px\u00bb border_width_left_last_edited=\u00bbon|desktop\u00bb]<span style=\"color: #11d8d8;\"><strong>Alfredo Jacobo<\/strong><\/span><span style=\"color: rgba(255, 255, 255, 0.75);\">, Head of Learning &amp; Talent de<\/span> <span style=\"color: #ffffff;\"><b>ING<\/b><\/span><br \/>\n<span style=\"color: #11d8d8;\"><strong>Natalia Grijalba<\/strong><\/span><span style=\"color: rgba(255, 255, 255, 0.75);\">,\u00a0Head of Learning de<\/span><span style=\"color: #ffffff;\"><b>\u00a0EY<\/b> <\/span><\/p>\n<p class=\"p5\">Modera\u00a0<span style=\"color: #11d8d8;\"><b>Mar\u00eda S\u00e1nchez-Arjona<\/b><\/span><span style=\"color: rgba(255, 255, 255, 0.75);\">, Directora General de<\/span>\u00a0<span style=\"color: #ffffff;\"><b>IDDI<\/b><\/span><\/p>\n<p>[\/et_pb_text][\/et_pb_column][\/et_pb_row][et_pb_row column_structure=\u00bb1_3,2_3&#8243; custom_padding_phone=\u00bb||7%||false|false\u00bb make_equal=\u00bbon\u00bb custom_padding_last_edited=\u00bbon|phone\u00bb disabled_on=\u00bboff|off|off\u00bb _builder_version=\u00bb3.26.3&#8243; border_width_top=\u00bb2px\u00bb border_color_top=\u00bbrgba(17,216,216,0.4)\u00bb border_color_bottom=\u00bbrgba(255,255,255,0.5)\u00bb width_phone=\u00bb100%\u00bb width_last_edited=\u00bbon|phone\u00bb border_radii_last_edited=\u00bbon|phone\u00bb border_width_all_phone=\u00bb0px\u00bb border_width_all_last_edited=\u00bbon|phone\u00bb border_width_bottom_phone=\u00bb1px\u00bb border_width_bottom_last_edited=\u00bbon|phone\u00bb][et_pb_column type=\u00bb1_3&#8243; _builder_version=\u00bb4.3.2&#8243; custom_css_main_element=\u00bb\t||\u00bb][et_pb_text disabled_on=\u00bboff|off|off\u00bb _builder_version=\u00bb3.26.3&#8243; text_font=\u00bbUnivers LT 75 Black|800|||||||\u00bb text_text_color=\u00bb#ffffff\u00bb text_font_size=\u00bb26px\u00bb text_line_height=\u00bb42px\u00bb header_font=\u00bbUnivers LT 75 Black||||||||\u00bb custom_margin=\u00bb||||false|false\u00bb custom_margin_phone=\u00bb|||10%|false|false\u00bb custom_margin_last_edited=\u00bbon|desktop\u00bb text_font_size_phone=\u00bb28px\u00bb text_font_size_last_edited=\u00bbon|desktop\u00bb text_line_height_phone=\u00bb38px\u00bb text_line_height_last_edited=\u00bbon|phone\u00bb]<\/p>\n<p>10:45 &#8211; 11:15<\/p>\n<p>[\/et_pb_text][et_pb_text _builder_version=\u00bb3.26.3&#8243; text_font=\u00bbUnivers||||||||\u00bb text_text_color=\u00bb#ffffff\u00bb text_line_height=\u00bb28px\u00bb custom_padding_phone=\u00bb|10%||10%|false|false\u00bb custom_padding_last_edited=\u00bbon|phone\u00bb text_font_size_last_edited=\u00bbon|desktop\u00bb text_line_height_last_edited=\u00bbon|desktop\u00bb]<\/p>\n<p><span style=\"font-size: 24px; color: #68c4d1;\"><strong>A SCALABLE, APPLICABLE &amp; AGILE APPROACH<\/strong><\/span><br \/><span>La nueva filosof\u00eda para construir programas de aprendizaje<\/span><\/p>\n<p>[\/et_pb_text][\/et_pb_column][et_pb_column type=\u00bb2_3&#8243; _builder_version=\u00bb4.3.2&#8243; border_width_left=\u00bb0px\u00bb border_radii_last_edited=\u00bbon|phone\u00bb][et_pb_text _builder_version=\u00bb3.26.3&#8243; text_font=\u00bbUnivers||||||||\u00bb text_text_color=\u00bb#ffffff\u00bb text_line_height=\u00bb28px\u00bb border_color_left=\u00bb#ffffff\u00bb custom_padding=\u00bb|||8%|false|false\u00bb custom_padding_phone=\u00bb|10%||10%|false|false\u00bb custom_padding_last_edited=\u00bbon|desktop\u00bb text_font_size_last_edited=\u00bbon|desktop\u00bb text_line_height_last_edited=\u00bbon|desktop\u00bb border_width_left_phone=\u00bb0px\u00bb border_width_left_last_edited=\u00bbon|desktop\u00bb]<\/p>\n<p><span class=\"s1\"><span style=\"color: #11d8d8;\"><span style=\"color: #ffffff;\"><strong><span style=\"color: #11d8d8;\">Alicia Guti\u00e9rrez Gonz\u00e1lez<\/span><span style=\"color: rgba(255, 255, 255, 0.75);\">,<\/span><\/strong><span style=\"color: rgba(255, 255, 255, 0.75);\"> Responsable de Formaci\u00f3n de Negocio de<span style=\"color: #ffffff;\"><strong> AXA<\/strong><\/span><\/span><\/span><br \/> <\/span><\/span><span style=\"color: rgba(255, 255, 255, 0.75);\"><span style=\"color: #11d8d8;\"><strong>Luz Santillana Romero<\/strong><\/span>, Directora de Desarrollo y Compromiso de <\/span> <span style=\"color: #ffffff;\"><b>INDRA<br \/> <\/b><span style=\"color: rgba(255, 255, 255, 0.75);\"><span style=\"color: #11d8d8;\"><strong><span>Ana\u00a0Margarita\u00a0Fern\u00e1ndez\u00a0Reid<\/span><\/strong><\/span>, Project Manager de<\/span> <span style=\"color: #ffffff;\"><b>ATOS<br \/> <\/b><\/span><\/span><\/p>\n<p class=\"p5\">Modera\u00a0<span style=\"color: #11d8d8;\"><b>Alan McShane<\/b><\/span><span style=\"color: rgba(255, 255, 255, 0.75);\">, Facilitator &amp; Trainer de<\/span>\u00a0<span style=\"color: #ffffff;\"><b>ESCP<\/b><\/span><\/p>\n<p>[\/et_pb_text][\/et_pb_column][\/et_pb_row][et_pb_row column_structure=\u00bb1_3,2_3&#8243; custom_padding_phone=\u00bb||7%||false|false\u00bb make_equal=\u00bbon\u00bb custom_padding_last_edited=\u00bbon|phone\u00bb disabled_on=\u00bboff|off|off\u00bb _builder_version=\u00bb3.26.3&#8243; border_width_top=\u00bb2px\u00bb border_color_top=\u00bbrgba(17,216,216,0.4)\u00bb border_color_bottom=\u00bbrgba(255,255,255,0.5)\u00bb width_phone=\u00bb100%\u00bb width_last_edited=\u00bbon|phone\u00bb border_radii_last_edited=\u00bbon|phone\u00bb border_width_all_phone=\u00bb0px\u00bb border_width_all_last_edited=\u00bbon|phone\u00bb border_width_bottom_phone=\u00bb1px\u00bb border_width_bottom_last_edited=\u00bbon|phone\u00bb][et_pb_column type=\u00bb1_3&#8243; _builder_version=\u00bb4.3.2&#8243; custom_css_main_element=\u00bb\t||\u00bb][et_pb_text disabled_on=\u00bboff|off|off\u00bb _builder_version=\u00bb3.26.3&#8243; text_font=\u00bbUnivers LT 75 Black|800|||||||\u00bb text_text_color=\u00bb#ffffff\u00bb text_font_size=\u00bb26px\u00bb text_line_height=\u00bb42px\u00bb header_font=\u00bbUnivers LT 75 Black||||||||\u00bb custom_margin=\u00bb||||false|false\u00bb custom_margin_phone=\u00bb|||10%|false|false\u00bb custom_margin_last_edited=\u00bbon|desktop\u00bb text_font_size_phone=\u00bb28px\u00bb text_font_size_last_edited=\u00bbon|desktop\u00bb text_line_height_phone=\u00bb38px\u00bb text_line_height_last_edited=\u00bbon|phone\u00bb]<\/p>\n<p>11:15 &#8211; 11:45<\/p>\n<p>[\/et_pb_text][et_pb_text _builder_version=\u00bb3.26.3&#8243; text_font=\u00bbUnivers||||||||\u00bb text_text_color=\u00bb#ffffff\u00bb text_line_height=\u00bb28px\u00bb custom_padding=\u00bb0px|||||\u00bb custom_padding_phone=\u00bb|10%||10%|false|false\u00bb custom_padding_last_edited=\u00bbon|phone\u00bb text_font_size_last_edited=\u00bbon|desktop\u00bb text_line_height_last_edited=\u00bbon|desktop\u00bb]<\/p>\n<p><span style=\"font-size: 24px; color: #68c4d1;\"><strong>X-LEARNING<\/strong> <\/span><br \/><span>Del e-learning al aprendizaje basado en experiencias. C\u00f3mo garantizar el engagement en la formaci\u00f3n digital<\/span><\/p>\n<p>[\/et_pb_text][\/et_pb_column][et_pb_column type=\u00bb2_3&#8243; _builder_version=\u00bb4.3.2&#8243; border_width_left=\u00bb0px\u00bb border_radii_last_edited=\u00bbon|phone\u00bb][et_pb_text _builder_version=\u00bb3.26.3&#8243; text_font=\u00bbUnivers||||||||\u00bb text_text_color=\u00bb#ffffff\u00bb text_line_height=\u00bb28px\u00bb border_color_left=\u00bb#ffffff\u00bb custom_padding=\u00bb|||8%|false|false\u00bb custom_padding_phone=\u00bb|10%||10%|false|false\u00bb custom_padding_last_edited=\u00bbon|desktop\u00bb text_font_size_last_edited=\u00bbon|desktop\u00bb text_line_height_last_edited=\u00bbon|desktop\u00bb border_width_left_phone=\u00bb0px\u00bb border_width_left_last_edited=\u00bbon|desktop\u00bb]<span style=\"color: #11d8d8;\"><b>Carlos Mart\u00ednez<\/b><\/span><span style=\"color: rgba(255, 255, 255, 0.75);\">, Head of Global HR Center of Excellent de<\/span> <span style=\"color: #ffffff;\"> <b>SACYR<\/b><\/span><br \/>\n<span style=\"color: #11d8d8;\"><b>Pablo Flores<\/b><\/span><span style=\"color: rgba(255, 255, 255, 0.75);\">, Head of Leadership, Talent &amp; Rewards de<\/span> <span style=\"color: #ffffff;\"> <b>HEINEKEN<\/b><\/span><br \/>\n<span style=\"color: #11d8d8;\"><b>Alberto Serrano<\/b><\/span><span style=\"color: rgba(255, 255, 255, 0.75);\">, Director HRBP y Talento de<\/span> <span style=\"color: #ffffff;\"> <b> COFARES <\/b><\/span><\/p>\n<p class=\"p5\">Modera\u00a0<span style=\"color: #11d8d8;\"><b>Roberto Mart\u00edn<\/b><\/span><span style=\"color: rgba(255, 255, 255, 0.75);\">, Head of Digital Marketing &amp; Growth de <\/span><span style=\"color: #ffffff;\"><b>SPEEXX<\/b><\/span><\/p>\n<p>[\/et_pb_text][\/et_pb_column][\/et_pb_row][et_pb_row column_structure=\u00bb1_3,2_3&#8243; custom_padding_phone=\u00bb||7%||false|false\u00bb make_equal=\u00bbon\u00bb custom_padding_last_edited=\u00bbon|phone\u00bb disabled_on=\u00bboff|off|off\u00bb _builder_version=\u00bb3.26.3&#8243; border_width_top=\u00bb2px\u00bb border_color_top=\u00bbrgba(17,216,216,0.4)\u00bb border_color_bottom=\u00bbrgba(255,255,255,0.5)\u00bb width_phone=\u00bb100%\u00bb width_last_edited=\u00bbon|phone\u00bb border_radii_last_edited=\u00bbon|phone\u00bb border_width_all_phone=\u00bb0px\u00bb border_width_all_last_edited=\u00bbon|phone\u00bb border_width_bottom_phone=\u00bb1px\u00bb border_width_bottom_last_edited=\u00bbon|phone\u00bb][et_pb_column type=\u00bb1_3&#8243; _builder_version=\u00bb4.3.2&#8243; custom_css_main_element=\u00bb\t||\u00bb][et_pb_text disabled_on=\u00bboff|off|off\u00bb _builder_version=\u00bb3.26.3&#8243; text_font=\u00bbUnivers LT 75 Black|800|||||||\u00bb text_text_color=\u00bb#ffffff\u00bb text_font_size=\u00bb26px\u00bb text_line_height=\u00bb42px\u00bb header_font=\u00bbUnivers LT 75 Black||||||||\u00bb custom_margin=\u00bb||||false|false\u00bb custom_margin_phone=\u00bb|||10%|false|false\u00bb custom_margin_last_edited=\u00bbon|desktop\u00bb text_font_size_phone=\u00bb28px\u00bb text_font_size_last_edited=\u00bbon|desktop\u00bb text_line_height_phone=\u00bb38px\u00bb text_line_height_last_edited=\u00bbon|phone\u00bb]<\/p>\n<p>11:45 &#8211; 12:15<\/p>\n<p>[\/et_pb_text][et_pb_text _builder_version=\u00bb3.26.3&#8243; text_font=\u00bbUnivers||||||||\u00bb text_text_color=\u00bb#ffffff\u00bb text_line_height=\u00bb28px\u00bb custom_padding=\u00bb0px|||||\u00bb custom_padding_phone=\u00bb|10%||10%|false|false\u00bb custom_padding_last_edited=\u00bbon|phone\u00bb text_font_size_last_edited=\u00bbon|desktop\u00bb text_line_height_last_edited=\u00bbon|desktop\u00bb]<\/p>\n<p><span style=\"font-size: 24px; color: #68c4d1;\"><strong>AI AT THE SERVICE OF CONTENT<\/strong><\/span><br \/><span>C\u00f3mo la Inteligencia Artificial puede optimizar la selecci\u00f3n de contenidos para seguir aprendiendo<\/span><\/p>\n<p>[\/et_pb_text][\/et_pb_column][et_pb_column type=\u00bb2_3&#8243; _builder_version=\u00bb4.3.2&#8243; border_width_left=\u00bb0px\u00bb border_radii_last_edited=\u00bbon|phone\u00bb][et_pb_text _builder_version=\u00bb3.26.3&#8243; text_font=\u00bbUnivers||||||||\u00bb text_text_color=\u00bb#ffffff\u00bb text_line_height=\u00bb28px\u00bb border_color_left=\u00bb#ffffff\u00bb custom_padding=\u00bb||0px|8%|false|false\u00bb custom_padding_phone=\u00bb|10%||10%|false|false\u00bb custom_padding_last_edited=\u00bbon|desktop\u00bb text_font_size_last_edited=\u00bbon|desktop\u00bb text_line_height_last_edited=\u00bbon|desktop\u00bb border_width_left_phone=\u00bb0px\u00bb border_width_left_last_edited=\u00bbon|desktop\u00bb]<span style=\"color: #11d8d8;\"><strong>Ram\u00f3n Garc\u00eda Espeleta<\/strong><\/span><span style=\"color: rgba(255, 255, 255, 0.75);\">,\u00a0Gerente de la plataforma Virtaula de <\/span><span style=\"color: #ffffff;\"> <b>CAIXABANK<\/b><\/span><br \/>\n<span style=\"color: #11d8d8;\"><strong>Roberto Pradas<\/strong><\/span><span style=\"color: rgba(255, 255, 255, 0.75);\">,\u00a0Gerente de Aprendizaje de <\/span><span style=\"color: #ffffff;\"> <b>TELEF\u00d3NICA<\/b><\/span><br \/>\n<span style=\"color: #11d8d8;\"><strong>Fernando Casares<\/strong><\/span><span style=\"color: rgba(255, 255, 255, 0.75);\">,\u00a0Responsable de soluciones de aprendizaje de<\/span><span style=\"color: #ffffff;\"> <b>CORREOS<\/b><\/span><\/p>\n<p class=\"p5\">Modera\u00a0<span style=\"color: #11d8d8;\"><b>Guillermo San Roman<\/b><\/span><span style=\"color: rgba(255, 255, 255, 0.75);\">, Regional Director South Europe at <\/span><span style=\"color: #ffffff;\"><b>CORNESTONE ONDEMAND <\/b><\/span><\/p>\n<p>[\/et_pb_text][\/et_pb_column][\/et_pb_row][et_pb_row column_structure=\u00bb1_3,2_3&#8243; custom_padding_phone=\u00bb||7%||false|false\u00bb make_equal=\u00bbon\u00bb custom_padding_last_edited=\u00bbon|phone\u00bb disabled_on=\u00bboff|off|off\u00bb _builder_version=\u00bb3.26.3&#8243; border_color_all=\u00bbrgba(17,216,216,0.4)\u00bb border_width_top=\u00bb2px\u00bb border_color_bottom=\u00bbrgba(255,255,255,0.5)\u00bb width_phone=\u00bb100%\u00bb width_last_edited=\u00bbon|phone\u00bb border_radii_last_edited=\u00bbon|phone\u00bb border_width_all_phone=\u00bb0px\u00bb border_width_all_last_edited=\u00bbon|phone\u00bb border_width_bottom_phone=\u00bb1px\u00bb border_width_bottom_last_edited=\u00bbon|phone\u00bb][et_pb_column type=\u00bb1_3&#8243; _builder_version=\u00bb4.3.2&#8243; custom_css_main_element=\u00bb\t||\u00bb][et_pb_text disabled_on=\u00bboff|off|off\u00bb _builder_version=\u00bb3.26.3&#8243; text_font=\u00bbUnivers LT 75 Black|800|||||||\u00bb text_text_color=\u00bb#ffffff\u00bb text_font_size=\u00bb26px\u00bb text_line_height=\u00bb42px\u00bb header_font=\u00bbUnivers LT 75 Black||||||||\u00bb custom_margin=\u00bb||||false|false\u00bb custom_margin_phone=\u00bb|||10%|false|false\u00bb custom_margin_last_edited=\u00bbon|desktop\u00bb text_font_size_phone=\u00bb28px\u00bb text_font_size_last_edited=\u00bbon|desktop\u00bb text_line_height_phone=\u00bb38px\u00bb text_line_height_last_edited=\u00bbon|phone\u00bb]<\/p>\n<p>12:15 &#8211; 12:45<\/p>\n<p>[\/et_pb_text][et_pb_text _builder_version=\u00bb3.26.3&#8243; text_font=\u00bbUnivers||||||||\u00bb text_text_color=\u00bb#ffffff\u00bb text_line_height=\u00bb28px\u00bb custom_padding=\u00bb0px|||||\u00bb custom_padding_phone=\u00bb|10%||10%|false|false\u00bb custom_padding_last_edited=\u00bbon|phone\u00bb text_font_size_last_edited=\u00bbon|desktop\u00bb text_line_height_last_edited=\u00bbon|desktop\u00bb]<\/p>\n<p><span style=\"font-size: 24px; color: #68c4d1;\"><strong>Principales aceleradores de un proyecto RE\/UPSKILLING<\/strong><\/span><br \/> <span>Soluciones de L&amp;D para impulsar el aprendizaje en las organizaciones<\/span><\/p>\n<p>[\/et_pb_text][\/et_pb_column][et_pb_column type=\u00bb2_3&#8243; _builder_version=\u00bb4.3.2&#8243; border_width_left=\u00bb0px\u00bb border_radii_last_edited=\u00bbon|phone\u00bb][et_pb_text _builder_version=\u00bb3.26.3&#8243; text_font=\u00bbUnivers||||||||\u00bb text_text_color=\u00bb#ffffff\u00bb text_line_height=\u00bb28px\u00bb border_color_left=\u00bb#ffffff\u00bb custom_padding=\u00bb8px|||8%|false|false\u00bb custom_padding_phone=\u00bb|10%||10%|false|false\u00bb custom_padding_last_edited=\u00bbon|desktop\u00bb text_font_size_last_edited=\u00bbon|desktop\u00bb text_line_height_last_edited=\u00bbon|desktop\u00bb border_width_left_phone=\u00bb0px\u00bb border_width_left_last_edited=\u00bbon|desktop\u00bb]<\/p>\n<p><span style=\"color: #11d8d8;\"><strong>Ernesto Barrios<\/strong><\/span><span style=\"color: rgba(255, 255, 255, 0.75);\">, Learning Officer Manager de <\/span> <span style=\"color: #ffffff;\"> <b>REPSOL<\/b><\/span><span style=\"color: #11d8d8;\"><br \/><b>Diana Lod\u00edn<\/b><\/span><span style=\"color: rgba(255, 255, 255, 0.75);\">, Directora de Talent &amp; Agile de <\/span><span style=\"color: #ffffff;\"> <b>GENERALI ESPA\u00d1A<\/b><\/span>\u00a0<span style=\"color: #11d8d8;\"><br \/><strong>Palmira Garcia Anton<\/strong><\/span><span style=\"color: rgba(255, 255, 255, 0.75);\">, Talent, Leadership &amp; Culture Director de <\/span><span style=\"color: #ffffff;\"><b>PASCUAL<\/b><\/span><\/p>\n<p class=\"p5\">Modera <span style=\"color: #11d8d8;\"><b>Antonio Rubio<\/b><\/span><span style=\"color: rgba(255, 255, 255, 0.75);\">, Socio Director de I+D+i de<\/span> <b>OVERLAP<\/b><\/p>\n<p>[\/et_pb_text][\/et_pb_column][\/et_pb_row][et_pb_row column_structure=\u00bb1_3,2_3&#8243; custom_padding_phone=\u00bb||7%||false|false\u00bb make_equal=\u00bbon\u00bb custom_padding_last_edited=\u00bbon|phone\u00bb disabled_on=\u00bboff|off|off\u00bb _builder_version=\u00bb3.26.3&#8243; border_color_all=\u00bbrgba(17,216,216,0.4)\u00bb border_width_top=\u00bb2px\u00bb border_color_bottom=\u00bbrgba(255,255,255,0.5)\u00bb width_phone=\u00bb100%\u00bb width_last_edited=\u00bbon|phone\u00bb border_radii_last_edited=\u00bbon|phone\u00bb border_width_all_phone=\u00bb0px\u00bb border_width_all_last_edited=\u00bbon|phone\u00bb border_width_bottom_phone=\u00bb1px\u00bb border_width_bottom_last_edited=\u00bbon|phone\u00bb][et_pb_column type=\u00bb1_3&#8243; _builder_version=\u00bb4.3.2&#8243; custom_css_main_element=\u00bb\t||\u00bb][et_pb_text disabled_on=\u00bboff|off|off\u00bb _builder_version=\u00bb3.26.3&#8243; text_font=\u00bbUnivers LT 75 Black|800|||||||\u00bb text_text_color=\u00bb#ffffff\u00bb text_font_size=\u00bb26px\u00bb text_line_height=\u00bb42px\u00bb header_font=\u00bbUnivers LT 75 Black||||||||\u00bb custom_margin=\u00bb||||false|false\u00bb custom_margin_phone=\u00bb|||10%|false|false\u00bb custom_margin_last_edited=\u00bbon|desktop\u00bb text_font_size_phone=\u00bb28px\u00bb text_font_size_last_edited=\u00bbon|desktop\u00bb text_line_height_phone=\u00bb38px\u00bb text_line_height_last_edited=\u00bbon|phone\u00bb]<\/p>\n<p>12:45 &#8211; 13:15<\/p>\n<p>[\/et_pb_text][et_pb_text _builder_version=\u00bb3.26.3&#8243; text_font=\u00bbUnivers||||||||\u00bb text_text_color=\u00bb#ffffff\u00bb text_line_height=\u00bb28px\u00bb custom_padding=\u00bb0px||6px|||\u00bb custom_padding_phone=\u00bb|10%||10%|false|false\u00bb custom_padding_last_edited=\u00bbon|phone\u00bb text_font_size_last_edited=\u00bbon|desktop\u00bb text_line_height_last_edited=\u00bbon|desktop\u00bb]<\/p>\n<p><span style=\"font-size: 24px; color: #68c4d1;\"><strong>CLOSING THE TALENT GAP WITH LEARNING<br \/><\/strong><span style=\"font-size: large; color: #ffffff;\">C\u00f3mo atraer, fidelizar y gestionar el talento a partir de la formaci\u00f3n<\/span><\/span><br \/> <span> <\/span><\/p>\n<p>[\/et_pb_text][\/et_pb_column][et_pb_column type=\u00bb2_3&#8243; _builder_version=\u00bb4.3.2&#8243; border_width_left=\u00bb0px\u00bb border_radii_last_edited=\u00bbon|phone\u00bb][et_pb_text _builder_version=\u00bb3.26.3&#8243; text_font=\u00bbUnivers||||||||\u00bb text_text_color=\u00bb#ffffff\u00bb text_line_height=\u00bb28px\u00bb border_color_left=\u00bb#ffffff\u00bb custom_padding=\u00bb|||8%|false|false\u00bb custom_padding_phone=\u00bb|10%||10%|false|false\u00bb custom_padding_last_edited=\u00bbon|desktop\u00bb text_font_size_last_edited=\u00bbon|desktop\u00bb text_line_height_last_edited=\u00bbon|desktop\u00bb border_width_left_phone=\u00bb0px\u00bb border_width_left_last_edited=\u00bbon|desktop\u00bb]<span style=\"color: #11d8d8;\"><strong>Claudio Hern\u00e1ndez Olalla<\/strong><\/span><span style=\"color: rgba(255, 255, 255, 0.75);\">, Learning &amp; Development Manager de<\/span> <span style=\"color: #ffffff;\"> <b>ISS FACILITY SERVICES<\/b><\/span><br \/>\n<span style=\"color: #11d8d8;\"><strong>Ana Bel\u00e9n Rius<\/strong><\/span><span style=\"color: rgba(255, 255, 255, 0.75);\">, Desarrollo de Recursos Humanos en <\/span> <span style=\"color: #ffffff;\"><b>SERUNI\u00d3N<\/b><\/span><br \/>\n<span style=\"color: #11d8d8;\"><strong>Teresa Ant\u00f3n<\/strong><\/span><span style=\"color: rgba(255, 255, 255, 0.75);\">, Head of Talent Management de <\/span> <span style=\"color: #ffffff;\"><b>CEREALTO SIRO FOODS<\/b><\/span><br \/>\n<span style=\"color: #11d8d8;\"><strong>\u00c1ngela Pascual Gonz\u00e1lez<\/strong><\/span><span style=\"color: rgba(255, 255, 255, 0.75);\">, Talent and Performance de<\/span> <span style=\"color: #ffffff;\"> <b>NATIONALE-NEDERLANDEN<\/b><\/span><\/p>\n<p class=\"p5\">Modera <span style=\"color: #11d8d8;\"><strong>Roberto Fern\u00e1ndez<\/strong><\/span><span style=\"color: rgba(255, 255, 255, 0.75);\">, Periodista de <\/span><span style=\"color: #ffffff;\"> <b> GOODHABITZ <\/b><\/span><\/p>\n<p>[\/et_pb_text][\/et_pb_column][\/et_pb_row][et_pb_row column_structure=\u00bb1_3,2_3&#8243; custom_padding_phone=\u00bb||7%||false|false\u00bb make_equal=\u00bbon\u00bb custom_padding_last_edited=\u00bbon|phone\u00bb disabled_on=\u00bboff|off|off\u00bb _builder_version=\u00bb3.26.3&#8243; border_width_top=\u00bb2px\u00bb border_color_top=\u00bbrgba(17,216,216,0.4)\u00bb border_color_bottom=\u00bbrgba(255,255,255,0.5)\u00bb width_phone=\u00bb100%\u00bb width_last_edited=\u00bbon|phone\u00bb border_radii_last_edited=\u00bbon|phone\u00bb border_width_all_phone=\u00bb0px\u00bb border_width_all_last_edited=\u00bbon|phone\u00bb border_width_bottom_phone=\u00bb1px\u00bb border_width_bottom_last_edited=\u00bbon|phone\u00bb][et_pb_column type=\u00bb1_3&#8243; _builder_version=\u00bb4.3.2&#8243; custom_css_main_element=\u00bb\t||\u00bb][et_pb_text disabled_on=\u00bboff|off|off\u00bb _builder_version=\u00bb3.26.3&#8243; text_font=\u00bbUnivers LT 75 Black|800|||||||\u00bb text_text_color=\u00bb#ffffff\u00bb text_font_size=\u00bb26px\u00bb text_line_height=\u00bb42px\u00bb header_font=\u00bbUnivers LT 75 Black||||||||\u00bb custom_margin=\u00bb||||false|false\u00bb custom_margin_phone=\u00bb|||10%|false|false\u00bb custom_margin_last_edited=\u00bbon|desktop\u00bb text_font_size_phone=\u00bb28px\u00bb text_font_size_last_edited=\u00bbon|desktop\u00bb text_line_height_phone=\u00bb38px\u00bb text_line_height_last_edited=\u00bbon|phone\u00bb]<\/p>\n<p>13:15 &#8211; 13:45<\/p>\n<p>[\/et_pb_text][et_pb_text _builder_version=\u00bb3.26.3&#8243; text_font=\u00bbUnivers||||||||\u00bb text_text_color=\u00bb#ffffff\u00bb text_line_height=\u00bb28px\u00bb custom_padding=\u00bb0px|||||\u00bb custom_padding_phone=\u00bb|10%||10%|false|false\u00bb custom_padding_last_edited=\u00bbon|phone\u00bb text_font_size_last_edited=\u00bbon|desktop\u00bb text_line_height_last_edited=\u00bbon|desktop\u00bb]<span style=\"font-size: 24px; color: #68c4d1;\"><strong>INNOVATION IS THE NEW LEARNING!<\/strong><\/span><br \/>\n<span>Tres speed talks sobre formatos rompedores para el nuevo elearning: webseries, videos interactivos, microlearning<\/span>[\/et_pb_text][\/et_pb_column][et_pb_column type=\u00bb2_3&#8243; _builder_version=\u00bb4.3.2&#8243; border_width_left=\u00bb0px\u00bb border_radii_last_edited=\u00bbon|phone\u00bb][et_pb_text _builder_version=\u00bb3.26.3&#8243; text_font=\u00bbUnivers||||||||\u00bb text_text_color=\u00bb#ffffff\u00bb text_line_height=\u00bb28px\u00bb border_color_left=\u00bb#ffffff\u00bb custom_padding=\u00bb|||8%|false|false\u00bb custom_padding_phone=\u00bb|10%||10%|false|false\u00bb custom_padding_last_edited=\u00bbon|desktop\u00bb text_font_size_last_edited=\u00bbon|desktop\u00bb text_line_height_last_edited=\u00bbon|desktop\u00bb border_width_left_phone=\u00bb0px\u00bb border_width_left_last_edited=\u00bbon|desktop\u00bb]<span style=\"color: #11d8d8;\"><br \/>\n<b>Cristina Esteban<\/b><\/span><span style=\"color: rgba(255, 255, 255, 0.75);\">, Gerente de Atracci\u00f3n y Formaci\u00f3n del Talento de<\/span>\u00a0<span style=\"color: #ffffff;\"><b>MUTUA MADRILE\u00d1A<\/b> <\/span><br \/>\n<span style=\"color: #11d8d8;\"><b>Jose Luis Ausin<\/b><\/span><span style=\"color: rgba(255, 255, 255, 0.75);\">, Responsable de la Universidad Corporativa de<\/span><span style=\"color: #ffffff;\"> <b>NATURGY\u00a0<\/b><\/span><br \/>\n<span style=\"color: #11d8d8;\"><b>Lourdes L\u00f3pez Carrasco<\/b><\/span><span style=\"color: rgba(255, 255, 255, 0.75);\">, Responsable de Planificaci\u00f3n y Desarrollo de Personas de<\/span><span style=\"color: #ffffff;\"> <b> CECABANK\u00a0<\/b><\/span><\/p>\n<p class=\"p5\">Modera <span style=\"color: #11d8d8;\"><b>Alba Jabato Dom\u00ednguez<\/b><\/span><span style=\"color: rgba(255, 255, 255, 0.75);\">, Jefe de Proyecto de la Content Factory de<\/span> <span style=\"color: #ffffff;\"> <b>AVANZO<\/b><\/span><\/p>\n<p>[\/et_pb_text][\/et_pb_column][\/et_pb_row][et_pb_row column_structure=\u00bb1_3,2_3&#8243; custom_padding_phone=\u00bb||7%||false|false\u00bb make_equal=\u00bbon\u00bb custom_padding_last_edited=\u00bbon|phone\u00bb disabled_on=\u00bboff|off|off\u00bb _builder_version=\u00bb3.26.3&#8243; border_width_top=\u00bb2px\u00bb border_color_top=\u00bbrgba(17,216,216,0.4)\u00bb border_color_bottom=\u00bbrgba(255,255,255,0.5)\u00bb width_phone=\u00bb100%\u00bb width_last_edited=\u00bbon|phone\u00bb border_radii_last_edited=\u00bbon|phone\u00bb border_width_all_phone=\u00bb0px\u00bb border_width_all_last_edited=\u00bbon|phone\u00bb border_width_bottom_phone=\u00bb1px\u00bb border_width_bottom_last_edited=\u00bbon|phone\u00bb][et_pb_column type=\u00bb1_3&#8243; _builder_version=\u00bb4.3.2&#8243; custom_css_main_element=\u00bb\t||\u00bb][et_pb_text disabled_on=\u00bboff|off|off\u00bb _builder_version=\u00bb3.26.3&#8243; text_font=\u00bbUnivers LT 75 Black|800|||||||\u00bb text_text_color=\u00bb#ffffff\u00bb text_font_size=\u00bb26px\u00bb text_line_height=\u00bb42px\u00bb header_font=\u00bbUnivers LT 75 Black||||||||\u00bb custom_margin=\u00bb||||false|false\u00bb custom_margin_phone=\u00bb|||10%|false|false\u00bb custom_margin_last_edited=\u00bbon|desktop\u00bb text_font_size_phone=\u00bb28px\u00bb text_font_size_last_edited=\u00bbon|desktop\u00bb text_line_height_phone=\u00bb38px\u00bb text_line_height_last_edited=\u00bbon|phone\u00bb]<\/p>\n<p>13:45 &#8211; 14:15<\/p>\n<p>[\/et_pb_text][et_pb_text _builder_version=\u00bb3.26.3&#8243; text_font=\u00bbUnivers||||||||\u00bb text_text_color=\u00bb#ffffff\u00bb text_line_height=\u00bb28px\u00bb custom_padding=\u00bb0px|||||\u00bb custom_padding_phone=\u00bb|10%||10%|false|false\u00bb custom_padding_last_edited=\u00bbon|phone\u00bb text_font_size_last_edited=\u00bbon|desktop\u00bb text_line_height_last_edited=\u00bbon|desktop\u00bb]<\/p>\n<p><span style=\"font-size: 24px; color: #68c4d1;\"><strong>HYBRID &amp; STRATEGIC LEARNING<\/strong><\/span><br \/><span>Tres speed talks sobre la gesti\u00f3n integral y estrat\u00e9gica del desarrollo corporativo<\/span><\/p>\n<p>[\/et_pb_text][\/et_pb_column][et_pb_column type=\u00bb2_3&#8243; _builder_version=\u00bb4.3.2&#8243; border_width_left=\u00bb0px\u00bb border_radii_last_edited=\u00bbon|phone\u00bb][et_pb_text _builder_version=\u00bb3.26.3&#8243; text_font=\u00bbUnivers||||||||\u00bb text_text_color=\u00bb#ffffff\u00bb text_line_height=\u00bb28px\u00bb border_color_left=\u00bb#ffffff\u00bb custom_padding=\u00bb|||8%|false|false\u00bb custom_padding_phone=\u00bb|10%||10%|false|false\u00bb custom_padding_last_edited=\u00bbon|desktop\u00bb text_font_size_last_edited=\u00bbon|desktop\u00bb text_line_height_last_edited=\u00bbon|desktop\u00bb border_width_left_phone=\u00bb0px\u00bb border_width_left_last_edited=\u00bbon|desktop\u00bb]<span style=\"color: #11d8d8;\"><strong>In\u00e9s Navarro M\u00e9ndez<\/strong><\/span><span style=\"color: rgba(255, 255, 255, 0.75);\">, Talent Manager de<\/span> <span style=\"color: #ffffff;\"> <b>\u00c1REAS<\/b><\/span><br \/>\n<span style=\"color: #11d8d8;\"><strong>Marta Sainz de los Terreros<\/strong><\/span><span style=\"color: rgba(255, 255, 255, 0.75);\">, Coordinadora Desarrollo Profesional y Formaci\u00f3n de<\/span> <span style=\"color: #ffffff;\"> <b>BANCA MARCH<\/b><\/span><br \/>\n<span style=\"color: #11d8d8;\"><b>Salvador Sanchis Plaus<\/b><\/span><span style=\"color: rgba(255, 255, 255, 0.75);\">, Director Corporativo de Gesti\u00f3n de Personas de<\/span><span style=\"color: #ffffff;\"> <b>RIBERA SALUD\u00a0<\/b><\/span><\/p>\n<p class=\"p5\">Modera <span style=\"color: #11d8d8;\"><b>Miguel \u00c1ngel G\u00f3mez<\/b><\/span><span style=\"color: rgba(255, 255, 255, 0.75);\">, Chief Sales &amp; Marketing Officer de <\/span> <span style=\"color: #ffffff;\"> <b>GRUPO HEDIMA CORPORATE L&amp;D<\/b><\/span><\/p>\n<p>[\/et_pb_text][\/et_pb_column][\/et_pb_row][et_pb_row column_structure=\u00bb1_3,2_3&#8243; custom_padding_phone=\u00bb||7%||false|false\u00bb make_equal=\u00bbon\u00bb custom_padding_last_edited=\u00bbon|phone\u00bb disabled_on=\u00bboff|off|off\u00bb _builder_version=\u00bb3.26.3&#8243; border_width_top=\u00bb2px\u00bb border_color_top=\u00bbrgba(17,216,216,0.4)\u00bb border_color_bottom=\u00bbrgba(255,255,255,0.5)\u00bb width_phone=\u00bb100%\u00bb width_last_edited=\u00bbon|phone\u00bb border_radii_last_edited=\u00bbon|phone\u00bb border_width_all_phone=\u00bb0px\u00bb border_width_all_last_edited=\u00bbon|phone\u00bb border_width_bottom_phone=\u00bb1px\u00bb border_width_bottom_last_edited=\u00bbon|phone\u00bb][et_pb_column type=\u00bb1_3&#8243; _builder_version=\u00bb4.3.2&#8243; custom_css_main_element=\u00bb\t||\u00bb][et_pb_text disabled_on=\u00bboff|off|off\u00bb _builder_version=\u00bb3.26.3&#8243; text_font=\u00bbUnivers LT 75 Black|800|||||||\u00bb text_text_color=\u00bb#ffffff\u00bb text_font_size=\u00bb26px\u00bb text_line_height=\u00bb42px\u00bb header_font=\u00bbUnivers LT 75 Black||||||||\u00bb custom_margin=\u00bb||||false|false\u00bb custom_margin_phone=\u00bb|||10%|false|false\u00bb custom_margin_last_edited=\u00bbon|desktop\u00bb text_font_size_phone=\u00bb28px\u00bb text_font_size_last_edited=\u00bbon|desktop\u00bb text_line_height_phone=\u00bb38px\u00bb text_line_height_last_edited=\u00bbon|phone\u00bb]<\/p>\n<p>14:15 &#8211; 14:45<\/p>\n<p>[\/et_pb_text][et_pb_text _builder_version=\u00bb3.26.3&#8243; text_font=\u00bbUnivers||||||||\u00bb text_text_color=\u00bb#ffffff\u00bb text_line_height=\u00bb28px\u00bb custom_padding=\u00bb0px|||||\u00bb custom_padding_phone=\u00bb|10%||10%|false|false\u00bb custom_padding_last_edited=\u00bbon|phone\u00bb text_font_size_last_edited=\u00bbon|desktop\u00bb text_line_height_last_edited=\u00bbon|desktop\u00bb]<\/p>\n<p><span style=\"font-size: 24px; color: #68c4d1;\"><strong>A LOOK TO THE FUTURE<\/strong><\/span><br \/><span>Speed talks sobre las tendencias que llegar\u00e1n en Learning &amp; Development<\/span><\/p>\n<p>[\/et_pb_text][\/et_pb_column][et_pb_column type=\u00bb2_3&#8243; _builder_version=\u00bb4.3.2&#8243; border_width_left=\u00bb0px\u00bb border_radii_last_edited=\u00bbon|phone\u00bb][et_pb_text _builder_version=\u00bb3.26.3&#8243; text_font=\u00bbUnivers||||||||\u00bb text_text_color=\u00bb#ffffff\u00bb text_line_height=\u00bb28px\u00bb border_color_left=\u00bb#ffffff\u00bb custom_padding=\u00bb||49px|8%|false|false\u00bb custom_padding_phone=\u00bb|10%||10%|false|false\u00bb custom_padding_last_edited=\u00bbon|desktop\u00bb text_font_size_last_edited=\u00bbon|desktop\u00bb text_line_height_last_edited=\u00bbon|desktop\u00bb border_width_left_phone=\u00bb0px\u00bb border_width_left_last_edited=\u00bbon|desktop\u00bb]<\/p>\n<p><span style=\"color: #11d8d8;\"><strong>Pilar Concejo<\/strong><\/span><span style=\"color: rgba(255, 255, 255, 0.75);\">, Directora de Formaci\u00f3n y Gesti\u00f3n del Talento de <\/span> <span style=\"color: #ffffff;\"> <b>BBVA<\/b><\/span><span style=\"color: #11d8d8;\"><br \/><b>Alberto Gonz\u00e1lez de Mena<\/b><\/span><span style=\"color: rgba(255, 255, 255, 0.75);\">, Learning Discipline Manager de<\/span>\u00a0<span style=\"color: #ffffff;\"> <b>BBVA<\/b> <\/span><br \/><span style=\"color: #11d8d8;\"><b>Delia Carmona<\/b><\/span><span style=\"color: rgba(255, 255, 255, 0.75);\">, People Development Senior Director de<\/span><span style=\"color: #ffffff;\"> <b>VIACOMCBS\u00a0<\/b><\/span><br \/><span style=\"color: #11d8d8;\"><b>Jos\u00e9 Mar\u00eda Mac\u00edas<\/b><\/span><span style=\"color: rgba(255, 255, 255, 0.75);\">, Director de Soluciones Digitales de <\/span><span style=\"color: #ffffff;\"> <b>ESIC CORPORATE EDUCATION<br \/><\/b><\/span><span style=\"color: #ffffff;\"><b><br \/><\/b>Modera <b><span style=\"color: #11d8d8;\"><strong>Eva Galli<\/strong><\/span><\/b><span style=\"color: rgba(255, 255, 255, 0.75);\">, Periodista de<\/span> <b>EQUIPOS&amp;TALENTO\u00a0<\/b><\/span><\/p>\n<p>[\/et_pb_text][\/et_pb_column][\/et_pb_row][et_pb_row column_structure=\u00bb1_3,2_3&#8243; custom_padding=\u00bb4%||||false|false\u00bb custom_padding_phone=\u00bb||7%||false|false\u00bb make_equal=\u00bbon\u00bb custom_padding_last_edited=\u00bboff|phone\u00bb disabled_on=\u00bboff|off|off\u00bb _builder_version=\u00bb3.26.3&#8243; border_width_top=\u00bb2px\u00bb border_color_top=\u00bbrgba(17,216,216,0.4)\u00bb border_width_bottom=\u00bb2px\u00bb border_color_bottom=\u00bbrgba(17,216,216,0.4)\u00bb width_phone=\u00bb100%\u00bb width_last_edited=\u00bbon|phone\u00bb border_radii_last_edited=\u00bbon|phone\u00bb border_width_all_phone=\u00bb0px\u00bb border_width_all_last_edited=\u00bbon|phone\u00bb border_width_bottom_phone=\u00bb1px\u00bb border_width_bottom_last_edited=\u00bbon|phone\u00bb][et_pb_column type=\u00bb1_3&#8243; _builder_version=\u00bb4.3.2&#8243; custom_css_main_element=\u00bb\t||\u00bb][et_pb_text disabled_on=\u00bboff|off|off\u00bb _builder_version=\u00bb3.26.3&#8243; text_font=\u00bbUnivers LT 75 Black|800|||||||\u00bb text_text_color=\u00bb#ffffff\u00bb text_font_size=\u00bb26px\u00bb text_line_height=\u00bb42px\u00bb header_font=\u00bbUnivers LT 75 Black||||||||\u00bb custom_margin=\u00bb-38px||||false|false\u00bb custom_margin_phone=\u00bb|||10%|false|false\u00bb custom_margin_last_edited=\u00bbon|tablet\u00bb text_font_size_phone=\u00bb28px\u00bb text_font_size_last_edited=\u00bbon|desktop\u00bb text_line_height_phone=\u00bb38px\u00bb text_line_height_last_edited=\u00bbon|phone\u00bb]<\/p>\n<p>14:45<\/p>\n<p>[\/et_pb_text][\/et_pb_column][et_pb_column type=\u00bb2_3&#8243; _builder_version=\u00bb4.3.2&#8243; border_width_left=\u00bb0px\u00bb border_radii_last_edited=\u00bbon|phone\u00bb][et_pb_text _builder_version=\u00bb3.26.3&#8243; text_font=\u00bbUnivers LT 75 Black||||||||\u00bb text_text_color=\u00bb#ffffff\u00bb text_font_size=\u00bb24px\u00bb text_line_height=\u00bb28px\u00bb border_color_left=\u00bb#ffffff\u00bb custom_margin=\u00bb-30px||||false|false\u00bb custom_padding=\u00bb|||8%|false|false\u00bb custom_padding_phone=\u00bb|10%||10%|false|false\u00bb custom_padding_last_edited=\u00bbon|desktop\u00bb text_font_size_last_edited=\u00bbon|desktop\u00bb text_line_height_last_edited=\u00bbon|desktop\u00bb border_width_left_phone=\u00bb0px\u00bb border_width_left_last_edited=\u00bbon|desktop\u00bb]<span style=\"font-size: 25px; ;color: #11d8d8;\"><b>CONCLUSIONES Y CIERRE<\/b><\/span>[\/et_pb_text][\/et_pb_column][\/et_pb_row][\/et_pb_section][et_pb_section fb_built=\u00bb1&#8243; _builder_version=\u00bb3.26.3&#8243; background_image=\u00bbhttps:\/\/www.equiposytalentoeventos.com\/corporate-learning\/wp-content\/uploads\/2021\/10\/img_LearningDay20_img-separacion.jpg\u00bb background_position=\u00bbtop_center\u00bb custom_margin=\u00bb||||false|false\u00bb custom_padding=\u00bb15%||15%||false|false\u00bb][\/et_pb_section][et_pb_section fb_built=\u00bb1&#8243; custom_padding_last_edited=\u00bbon|desktop\u00bb disabled_on=\u00bboff|off|off\u00bb _builder_version=\u00bb3.26.3&#8243; background_color=\u00bb#02394a\u00bb custom_margin=\u00bb0px||||false|false\u00bb custom_margin_phone=\u00bb||||false|false\u00bb custom_margin_last_edited=\u00bbon|phone\u00bb custom_padding=\u00bb0px||10%|||\u00bb custom_padding_phone=\u00bb||12%||false|false\u00bb][et_pb_row custom_padding=\u00bb5%||0px||false|false\u00bb custom_padding_tablet=\u00bb15%||||false|false\u00bb custom_padding_last_edited=\u00bbon|desktop\u00bb disabled_on=\u00bboff|off|off\u00bb _builder_version=\u00bb3.26.3&#8243;][et_pb_column type=\u00bb4_4&#8243; _builder_version=\u00bb3.25.4&#8243;][et_pb_text _builder_version=\u00bb3.26.3&#8243; text_font=\u00bbUnivers|800|||||||\u00bb text_text_color=\u00bb#ffffff\u00bb text_font_size=\u00bb38px\u00bb text_line_height=\u00bb54px\u00bb border_width_all=\u00bb-3px\u00bb border_width_left=\u00bb0px\u00bb border_color_left=\u00bb#9cffff\u00bb custom_margin=\u00bb||42px||false|false\u00bb custom_margin_phone=\u00bb2%||||false|false\u00bb custom_margin_last_edited=\u00bbon|desktop\u00bb custom_padding=\u00bb||||false|false\u00bb text_font_size_tablet=\u00bb28px\u00bb text_font_size_phone=\u00bb24px\u00bb text_font_size_last_edited=\u00bbon|desktop\u00bb text_line_height_tablet=\u00bb40px\u00bb text_line_height_phone=\u00bb36px\u00bb text_line_height_last_edited=\u00bbon|desktop\u00bb border_radii_last_edited=\u00bbon|tablet\u00bb]<strong>SALAS VIRTUALES <\/strong>[\/et_pb_text][\/et_pb_column][\/et_pb_row][et_pb_row column_structure=\u00bb1_2,1_6,1_6,1_6&#8243; _builder_version=\u00bb3.26.3&#8243; border_width_bottom=\u00bb2px\u00bb border_color_bottom=\u00bbrgba(17,216,216,0.4)\u00bb][et_pb_column type=\u00bb1_2&#8243; _builder_version=\u00bb3.26.3&#8243;][et_pb_text disabled_on=\u00bboff|off|off\u00bb _builder_version=\u00bb3.26.3&#8243; text_font=\u00bbUnivers LT 75 Black|800|||||||\u00bb text_text_color=\u00bb#ffffff\u00bb text_font_size=\u00bb26px\u00bb text_line_height=\u00bb42px\u00bb header_font=\u00bbUnivers LT 75 Black||||||||\u00bb border_color_bottom=\u00bb#ffffff\u00bb custom_margin=\u00bb||||false|false\u00bb custom_margin_phone=\u00bb|||10%|false|false\u00bb custom_margin_last_edited=\u00bbon|desktop\u00bb text_font_size_phone=\u00bb28px\u00bb text_font_size_last_edited=\u00bbon|desktop\u00bb text_line_height_phone=\u00bb38px\u00bb text_line_height_last_edited=\u00bbon|phone\u00bb]<span style=\"font-weight: normal; font-size 28 px; color: #ffffff; text-decoration: underline;\">Innopulse<\/span>[\/et_pb_text][et_pb_text disabled_on=\u00bboff|off|off\u00bb _builder_version=\u00bb3.26.3&#8243; text_font=\u00bb|700|||||||\u00bb text_text_color=\u00bb#ffffff\u00bb text_font_size=\u00bb26px\u00bb text_line_height=\u00bb42px\u00bb custom_margin=\u00bb|||0px|false|false\u00bb custom_margin_phone=\u00bb|||10%|false|false\u00bb custom_margin_last_edited=\u00bboff|desktop\u00bb text_font_size_phone=\u00bb28px\u00bb text_font_size_last_edited=\u00bbon|desktop\u00bb text_line_height_phone=\u00bb38px\u00bb text_line_height_last_edited=\u00bbon|phone\u00bb]<span>09:00<\/span>[\/et_pb_text][et_pb_text _builder_version=\u00bb3.26.3&#8243; text_font=\u00bbUnivers||||||||\u00bb text_text_color=\u00bb#ffffff\u00bb text_line_height=\u00bb28px\u00bb custom_padding=\u00bb0px|||||\u00bb custom_padding_phone=\u00bb|10%||10%|false|false\u00bb custom_padding_last_edited=\u00bbon|phone\u00bb text_font_size_last_edited=\u00bbon|desktop\u00bb text_line_height_last_edited=\u00bbon|desktop\u00bb]<span style=\"font-weight: bold; font-size: 32px; color: #ffffff; line-height: 1.6;\"><\/span> <span style=\"font-size: 32px; color: #68c4d1;\"><strong>GESTI\u00d3N DE LA FORMACI\u00d3N 360\u00ba CASO DE \u00c9XITO HT GROUP<\/strong><\/span><br \/>\n<span><\/span>[\/et_pb_text][\/et_pb_column][et_pb_column type=\u00bb1_6&#8243; _builder_version=\u00bb3.26.3&#8243;][et_pb_image src=\u00bbhttps:\/\/www.equiposytalentoeventos.com\/corporate-learning\/wp-content\/uploads\/2021\/11\/Emilio-iformalia_low.jpg\u00bb title_text=\u00bblaura_santacreu\u00bb align_phone=\u00bbleft\u00bb align_last_edited=\u00bbon|phone\u00bb _builder_version=\u00bb3.26.3&#8243; border_color_all=\u00bb#ffffff\u00bb max_width=\u00bb180px\u00bb custom_padding=\u00bb|0px||||\u00bb][\/et_pb_image][et_pb_text _builder_version=\u00bb3.26.3&#8243; text_font=\u00bb||||||||\u00bb text_text_color=\u00bb#ffffff\u00bb text_line_height=\u00bb28px\u00bb border_width_left=\u00bb2px\u00bb border_color_left=\u00bbrgba(17,216,216,0.4)\u00bb custom_margin=\u00bb|||0%|false|false\u00bb custom_margin_phone=\u00bb|||0%|false|false\u00bb custom_margin_last_edited=\u00bbon|desktop\u00bb custom_padding=\u00bb|||20px|false|false\u00bb text_font_size_last_edited=\u00bbon|desktop\u00bb text_line_height_last_edited=\u00bbon|desktop\u00bb]<\/p>\n<p><span style=\"font-size: 24px; color: #68c4d1;\"><strong><span>Emilio Segovia<\/span><\/strong><\/span><br \/> <span style=\"color: #ffffff;\">Responsable comercial <\/span><br \/> <span style=\"color: #11d8d8; font-size: 15px;\"><strong>INNOPULSE<\/strong><\/span><\/p>\n<p>[\/et_pb_text][\/et_pb_column][et_pb_column type=\u00bb1_6&#8243; _builder_version=\u00bb3.26.3&#8243;][et_pb_image src=\u00bbhttps:\/\/www.equiposytalentoeventos.com\/corporate-learning\/wp-content\/uploads\/2019\/09\/icono.jpg\u00bb title_text=\u00bblaura_santacreu\u00bb align_phone=\u00bbleft\u00bb align_last_edited=\u00bbon|phone\u00bb _builder_version=\u00bb3.26.3&#8243; border_color_all=\u00bb#ffffff\u00bb max_width=\u00bb180px\u00bb custom_padding=\u00bb|0px||||\u00bb][\/et_pb_image][et_pb_text _builder_version=\u00bb3.26.3&#8243; text_font=\u00bb||||||||\u00bb text_text_color=\u00bb#ffffff\u00bb text_line_height=\u00bb28px\u00bb border_width_all=\u00bb2px\u00bb border_color_all=\u00bbrgba(0,0,0,0)\u00bb border_color_bottom=\u00bbrgba(0,0,0,0)\u00bb border_color_left=\u00bbrgba(17,216,216,0.4)\u00bb custom_margin=\u00bb|||0%|false|false\u00bb custom_margin_phone=\u00bb|||0%|false|false\u00bb custom_margin_last_edited=\u00bbon|desktop\u00bb custom_padding=\u00bb|||20px|false|false\u00bb text_font_size_last_edited=\u00bbon|desktop\u00bb text_line_height_last_edited=\u00bbon|desktop\u00bb]<\/p>\n<p><span style=\"font-size: 24px; color: #68c4d1;\"><strong><span>Juan Jos\u00e9 Marcos<\/span><\/strong><\/span><br \/> <span style=\"color: #ffffff;\">Director de Formaci\u00f3n <\/span><br \/> <span style=\"color: #11d8d8; font-size: 15px;\"><strong>HT GROUP<\/strong><\/span><\/p>\n<p>[\/et_pb_text][\/et_pb_column][et_pb_column type=\u00bb1_6&#8243; _builder_version=\u00bb3.26.3&#8243;][\/et_pb_column][\/et_pb_row][et_pb_row column_structure=\u00bb1_2,1_6,1_6,1_6&#8243; custom_margin=\u00bb60px||||false|false\u00bb _builder_version=\u00bb3.26.3&#8243; border_width_bottom=\u00bb2px\u00bb border_color_bottom=\u00bbrgba(17,216,216,0.4)\u00bb][et_pb_column type=\u00bb1_2&#8243; _builder_version=\u00bb3.26.3&#8243;][et_pb_text disabled_on=\u00bboff|off|off\u00bb _builder_version=\u00bb3.26.3&#8243; text_font=\u00bbUnivers LT 75 Black|800|||||||\u00bb text_text_color=\u00bb#ffffff\u00bb text_font_size=\u00bb26px\u00bb text_line_height=\u00bb42px\u00bb header_font=\u00bbUnivers LT 75 Black||||||||\u00bb border_color_bottom=\u00bb#ffffff\u00bb custom_margin=\u00bb||||false|false\u00bb custom_margin_phone=\u00bb|||10%|false|false\u00bb custom_margin_last_edited=\u00bbon|desktop\u00bb text_font_size_phone=\u00bb28px\u00bb text_font_size_last_edited=\u00bbon|desktop\u00bb text_line_height_phone=\u00bb38px\u00bb text_line_height_last_edited=\u00bbon|phone\u00bb]<span style=\"font-weight: normal; font-size 28 px; color: #ffffff; text-decoration: underline;\">Aula Magna<\/span>[\/et_pb_text][et_pb_text disabled_on=\u00bboff|off|off\u00bb _builder_version=\u00bb3.26.3&#8243; text_font=\u00bb|700|||||||\u00bb text_text_color=\u00bb#ffffff\u00bb text_font_size=\u00bb26px\u00bb text_line_height=\u00bb42px\u00bb custom_margin=\u00bb|||0px|false|false\u00bb custom_margin_phone=\u00bb|||10%|false|false\u00bb custom_margin_last_edited=\u00bboff|desktop\u00bb text_font_size_phone=\u00bb28px\u00bb text_font_size_last_edited=\u00bbon|desktop\u00bb text_line_height_phone=\u00bb38px\u00bb text_line_height_last_edited=\u00bbon|phone\u00bb]09:30[\/et_pb_text][et_pb_text _builder_version=\u00bb3.26.3&#8243; text_font=\u00bbUnivers||||||||\u00bb text_text_color=\u00bb#ffffff\u00bb text_line_height=\u00bb28px\u00bb custom_padding=\u00bb0px|||||\u00bb custom_padding_phone=\u00bb|10%||10%|false|false\u00bb custom_padding_last_edited=\u00bbon|phone\u00bb text_font_size_last_edited=\u00bbon|desktop\u00bb text_line_height_last_edited=\u00bbon|desktop\u00bb]<span style=\"font-weight: bold; font-size: 32px; color: #ffffff;\"><\/span><span style=\"font-size: 32px; color: #68c4d1; line-height: 1.6;\"><strong>LA FORMACI\u00d3N COMO PARTE DEL EMPLOYEE JOURNEY<\/strong><\/span><br \/>\n<span><\/span>[\/et_pb_text][\/et_pb_column][et_pb_column type=\u00bb1_6&#8243; _builder_version=\u00bb3.26.3&#8243;][et_pb_image src=\u00bbhttps:\/\/www.equiposytalentoeventos.com\/corporate-learning\/wp-content\/uploads\/2021\/11\/Txema-Aula-Magna-low.jpg\u00bb title_text=\u00bblaura_santacreu\u00bb align_phone=\u00bbleft\u00bb align_last_edited=\u00bbon|phone\u00bb _builder_version=\u00bb3.26.3&#8243; border_color_all=\u00bb#ffffff\u00bb max_width=\u00bb180px\u00bb custom_padding=\u00bb|0px||||\u00bb][\/et_pb_image][et_pb_text _builder_version=\u00bb3.26.3&#8243; text_font=\u00bb||||||||\u00bb text_text_color=\u00bb#ffffff\u00bb text_line_height=\u00bb28px\u00bb border_width_left=\u00bb2px\u00bb border_color_left=\u00bbrgba(17,216,216,0.4)\u00bb custom_margin=\u00bb|||0%|false|false\u00bb custom_margin_phone=\u00bb|||0%|false|false\u00bb custom_margin_last_edited=\u00bbon|desktop\u00bb custom_padding=\u00bb|||20px|false|false\u00bb text_font_size_last_edited=\u00bbon|desktop\u00bb text_line_height_last_edited=\u00bbon|desktop\u00bb]<span style=\"font-size: 24px; color: #68c4d1;\"><strong><span>Txema Sotuela<\/span><\/strong><\/span><br \/>\n<span style=\"color: #ffffff;\">New Business Director <\/span><br \/>\n<span style=\"color: #11d8d8; font-size: 15px;\"><strong> SECUOYAS<\/strong><\/span>[\/et_pb_text][\/et_pb_column][et_pb_column type=\u00bb1_6&#8243; _builder_version=\u00bb3.26.3&#8243;][et_pb_image src=\u00bbhttps:\/\/www.equiposytalentoeventos.com\/corporate-learning\/wp-content\/uploads\/2021\/11\/Marta-Aula-GEA-Coaching.png\u00bb title_text=\u00bblaura_santacreu\u00bb align_phone=\u00bbleft\u00bb align_last_edited=\u00bbon|phone\u00bb _builder_version=\u00bb3.26.3&#8243; border_color_all=\u00bb#ffffff\u00bb max_width=\u00bb180px\u00bb custom_padding=\u00bb|0px||||\u00bb][\/et_pb_image][et_pb_text _builder_version=\u00bb3.26.3&#8243; text_font=\u00bb||||||||\u00bb text_text_color=\u00bb#ffffff\u00bb text_line_height=\u00bb28px\u00bb border_width_left=\u00bb2px\u00bb border_color_left=\u00bbrgba(17,216,216,0.4)\u00bb custom_margin=\u00bb|||0%|false|false\u00bb custom_margin_phone=\u00bb|||0%|false|false\u00bb custom_margin_last_edited=\u00bbon|desktop\u00bb custom_padding=\u00bb|||20px|false|false\u00bb text_font_size_last_edited=\u00bbon|desktop\u00bb text_line_height_last_edited=\u00bbon|desktop\u00bb]<span style=\"font-size: 24px; color: #68c4d1;\"><strong><span>Marta Vizcaino<\/span><\/strong><\/span><br \/>\n<span style=\"color: #ffffff;\">Coach ejecutiva y formadora en liderazgo<\/span><br \/>\n<span style=\"color: #11d8d8; font-size: 15px;\"><strong>GEA coaching<\/strong><\/span>[\/et_pb_text][\/et_pb_column][et_pb_column type=\u00bb1_6&#8243; _builder_version=\u00bb3.26.3&#8243;][et_pb_image src=\u00bbhttps:\/\/www.equiposytalentoeventos.com\/corporate-learning\/wp-content\/uploads\/2021\/11\/clara-aulamagna.png\u00bb title_text=\u00bblaura_santacreu\u00bb align_phone=\u00bbleft\u00bb align_last_edited=\u00bbon|phone\u00bb _builder_version=\u00bb3.26.3&#8243; border_color_all=\u00bb#ffffff\u00bb max_width=\u00bb180px\u00bb custom_padding=\u00bb|0px||||\u00bb][\/et_pb_image][et_pb_text _builder_version=\u00bb3.26.3&#8243; text_font=\u00bb||||||||\u00bb text_text_color=\u00bb#ffffff\u00bb text_line_height=\u00bb28px\u00bb border_width_left=\u00bb2px\u00bb border_color_left=\u00bbrgba(17,216,216,0.4)\u00bb custom_margin=\u00bb|||0%|false|false\u00bb custom_margin_phone=\u00bb|||0%|false|false\u00bb custom_margin_last_edited=\u00bbon|desktop\u00bb custom_padding=\u00bb|||20px|false|false\u00bb text_font_size_last_edited=\u00bbon|desktop\u00bb text_line_height_last_edited=\u00bbon|desktop\u00bb]<span style=\"font-size: 24px; color: #68c4d1;\"><strong><span>Clara Lapiedra<\/span><\/strong><\/span><br \/>\n<span style=\"color: #ffffff;\"> CEO y Fundadora de<\/span><br \/>\n<span style=\"color: #11d8d8; font-size: 15px;\"><strong> Aula Magna Business School<\/strong><\/span>[\/et_pb_text][\/et_pb_column][\/et_pb_row][et_pb_row column_structure=\u00bb1_2,1_6,1_6,1_6&#8243; custom_padding=\u00bb||||false|false\u00bb custom_margin=\u00bb60px||||false|false\u00bb _builder_version=\u00bb3.26.3&#8243; border_width_bottom=\u00bb2px\u00bb border_color_bottom=\u00bbrgba(17,216,216,0.4)\u00bb][et_pb_column type=\u00bb1_2&#8243; _builder_version=\u00bb3.26.3&#8243;][et_pb_text disabled_on=\u00bboff|off|off\u00bb _builder_version=\u00bb3.26.3&#8243; text_font=\u00bbUnivers LT 75 Black|800|||||||\u00bb text_text_color=\u00bb#ffffff\u00bb text_font_size=\u00bb26px\u00bb text_line_height=\u00bb42px\u00bb header_font=\u00bbUnivers LT 75 Black||||||||\u00bb border_color_bottom=\u00bb#ffffff\u00bb custom_margin=\u00bb||||false|false\u00bb custom_margin_phone=\u00bb|||10%|false|false\u00bb custom_margin_last_edited=\u00bbon|desktop\u00bb text_font_size_phone=\u00bb28px\u00bb text_font_size_last_edited=\u00bbon|desktop\u00bb text_line_height_phone=\u00bb38px\u00bb text_line_height_last_edited=\u00bbon|phone\u00bb]<span style=\"font-weight: normal; font-size 28 px; color: #ffffff; text-decoration: underline;\">Bai Formaci\u00f3n<\/span>[\/et_pb_text][et_pb_text disabled_on=\u00bboff|off|off\u00bb _builder_version=\u00bb3.26.3&#8243; text_font=\u00bb|700|||||||\u00bb text_text_color=\u00bb#ffffff\u00bb text_font_size=\u00bb26px\u00bb text_line_height=\u00bb42px\u00bb custom_margin=\u00bb|||0px|false|false\u00bb custom_margin_phone=\u00bb|||10%|false|false\u00bb custom_margin_last_edited=\u00bboff|desktop\u00bb text_font_size_phone=\u00bb28px\u00bb text_font_size_last_edited=\u00bbon|desktop\u00bb text_line_height_phone=\u00bb38px\u00bb text_line_height_last_edited=\u00bbon|phone\u00bb]<\/p>\n<p>10:30<\/p>\n<p>[\/et_pb_text][et_pb_text _builder_version=\u00bb3.26.3&#8243; text_font=\u00bbUnivers||||||||\u00bb text_text_color=\u00bb#ffffff\u00bb text_line_height=\u00bb28px\u00bb custom_padding=\u00bb0px|||||\u00bb custom_padding_phone=\u00bb|10%||10%|false|false\u00bb custom_padding_last_edited=\u00bbon|phone\u00bb text_font_size_last_edited=\u00bbon|desktop\u00bb text_line_height_last_edited=\u00bbon|desktop\u00bb]<span style=\"font-weight: bold; font-size: 32px; color: #ffffff; line-height: 1.6;\"><\/span> <span style=\"font-size: 32px; color: #68c4d1;\"><strong>ERTES: C\u00d3MO GESTIONAR LA FORMACI\u00d3N<\/strong><\/span><br \/>\n<span><\/span><br \/>\n<span>La \u00faltima pr\u00f3rroga de los ERTEs, tras la publicaci\u00f3n del RDL 18\/2021, incorpora medidas para favorecer a las empresas a trav\u00e9s de las exoneraciones en el pago de cotizaciones y, a su vez, beneficia a los trabajadores afectados para mejorar su cualificaci\u00f3n y empleabilidad a trav\u00e9s de la formaci\u00f3n. En este webinar trataremos las ventajas de la formaci\u00f3n en las empresas con trabajadores en Erte y c\u00f3mo gestionarla para acogernos a sus beneficios. Se crear\u00e1 un espacio para aclarar las dudas existentes en las empresas afectadas.<br \/>\n<\/span>[\/et_pb_text][\/et_pb_column][et_pb_column type=\u00bb1_6&#8243; _builder_version=\u00bb3.26.3&#8243;][et_pb_image src=\u00bbhttps:\/\/www.equiposytalentoeventos.com\/corporate-learning\/wp-content\/uploads\/2021\/11\/Beatriz-Castin\u0303eira-Bai-Formacio\u0301n.jpg\u00bb title_text=\u00bblaura_santacreu\u00bb align_phone=\u00bbleft\u00bb align_last_edited=\u00bbon|phone\u00bb _builder_version=\u00bb3.26.3&#8243; border_color_all=\u00bb#ffffff\u00bb max_width=\u00bb180px\u00bb custom_padding=\u00bb|0px||||\u00bb][\/et_pb_image][et_pb_text _builder_version=\u00bb3.26.3&#8243; text_font=\u00bb||||||||\u00bb text_text_color=\u00bb#ffffff\u00bb text_line_height=\u00bb28px\u00bb border_color_all=\u00bbrgba(17,216,216,0.4)\u00bb border_width_left=\u00bb2px\u00bb custom_margin=\u00bb|||0%|false|false\u00bb custom_margin_phone=\u00bb|||0%|false|false\u00bb custom_margin_last_edited=\u00bbon|desktop\u00bb custom_padding=\u00bb|||20px|false|false\u00bb text_font_size_last_edited=\u00bbon|desktop\u00bb text_line_height_last_edited=\u00bbon|desktop\u00bb]<\/p>\n<p><span style=\"font-size: 24px; color: #68c4d1;\"><strong><span>Beatriz Casti\u00f1eira<\/span><\/strong><\/span><br \/> <span style=\"color: #ffffff;\">Asistencia T\u00e9cnica CEOE-CEPYME<\/span><br \/> <span style=\"color: #11d8d8; font-size: 15px;\"><strong>FUNDAE<\/strong><\/span><\/p>\n<p>[\/et_pb_text][\/et_pb_column][et_pb_column type=\u00bb1_6&#8243; _builder_version=\u00bb3.26.3&#8243;][et_pb_image src=\u00bbhttps:\/\/www.equiposytalentoeventos.com\/corporate-learning\/wp-content\/uploads\/2021\/11\/Ma-Angeles-Cortes-Bai-Formacion.jpg\u00bb title_text=\u00bblaura_santacreu\u00bb align_phone=\u00bbleft\u00bb align_last_edited=\u00bbon|phone\u00bb _builder_version=\u00bb3.26.3&#8243; border_color_all=\u00bb#ffffff\u00bb max_width=\u00bb180px\u00bb custom_padding=\u00bb|0px||||\u00bb][\/et_pb_image][et_pb_text _builder_version=\u00bb3.26.3&#8243; text_font=\u00bb||||||||\u00bb text_text_color=\u00bb#ffffff\u00bb text_line_height=\u00bb28px\u00bb border_color_all=\u00bbrgba(17,216,216,0.4)\u00bb border_width_left=\u00bb2px\u00bb custom_margin=\u00bb|||0%|false|false\u00bb custom_margin_phone=\u00bb|||0%|false|false\u00bb custom_margin_last_edited=\u00bbon|desktop\u00bb custom_padding=\u00bb|||20px|false|false\u00bb text_font_size_last_edited=\u00bbon|desktop\u00bb text_line_height_last_edited=\u00bbon|desktop\u00bb]<span style=\"font-size: 24px; color: #68c4d1;\"><strong><span>M\u00aa \u00c1ngeles Cort\u00e9s<\/span><\/strong><\/span><br \/>\n<span style=\"color: #ffffff;\">Asistencia T\u00e9cnica CEOE-CEPYME <\/span><br \/>\n<span style=\"color: #11d8d8; font-size: 15px;\"><strong>FUNDAE<\/strong><\/span>[\/et_pb_text][\/et_pb_column][et_pb_column type=\u00bb1_6&#8243; _builder_version=\u00bb3.26.3&#8243;][et_pb_image src=\u00bbhttps:\/\/www.equiposytalentoeventos.com\/corporate-learning\/wp-content\/uploads\/2021\/11\/Carmen-Pont-Bai-Formacion.jpg\u00bb title_text=\u00bblaura_santacreu\u00bb align_phone=\u00bbleft\u00bb align_last_edited=\u00bbon|phone\u00bb _builder_version=\u00bb3.26.3&#8243; border_color_all=\u00bb#ffffff\u00bb max_width=\u00bb180px\u00bb custom_padding=\u00bb|0px||||\u00bb][\/et_pb_image][et_pb_text _builder_version=\u00bb3.26.3&#8243; text_font=\u00bb||||||||\u00bb text_text_color=\u00bb#ffffff\u00bb text_line_height=\u00bb28px\u00bb border_width_all=\u00bb1px\u00bb border_color_all=\u00bbrgba(0,0,0,0)\u00bb border_color_bottom=\u00bbrgba(0,0,0,0)\u00bb border_width_left=\u00bb2px\u00bb border_color_left=\u00bbrgba(17,216,216,0.4)\u00bb custom_margin=\u00bb|||0%|false|false\u00bb custom_margin_phone=\u00bb|||0%|false|false\u00bb custom_margin_last_edited=\u00bbon|desktop\u00bb custom_padding=\u00bb|||20px|false|false\u00bb text_font_size_last_edited=\u00bbon|desktop\u00bb text_line_height_last_edited=\u00bbon|desktop\u00bb]<\/p>\n<p><span style=\"font-size: 24px; color: #68c4d1;\"><strong><span>Carmen Pont<\/span><\/strong><\/span><br \/> <span style=\"color: #ffffff;\">Directora<\/span><br \/> <span style=\"color: #11d8d8; font-size: 15px;\"><strong>BAI Formaci\u00f3n<\/strong><\/span><\/p>\n<p>[\/et_pb_text][\/et_pb_column][\/et_pb_row][et_pb_row column_structure=\u00bb1_2,1_6,1_6,1_6&#8243; custom_margin=\u00bb60px||||false|false\u00bb _builder_version=\u00bb3.26.3&#8243; border_width_bottom=\u00bb2px\u00bb border_color_bottom=\u00bbrgba(17,216,216,0.4)\u00bb][et_pb_column type=\u00bb1_2&#8243; _builder_version=\u00bb3.26.3&#8243;][et_pb_text disabled_on=\u00bboff|off|off\u00bb _builder_version=\u00bb3.26.3&#8243; text_font=\u00bbUnivers LT 75 Black|800|||||||\u00bb text_text_color=\u00bb#ffffff\u00bb text_font_size=\u00bb26px\u00bb text_line_height=\u00bb42px\u00bb header_font=\u00bbUnivers LT 75 Black||||||||\u00bb border_color_bottom=\u00bb#ffffff\u00bb custom_margin=\u00bb||||false|false\u00bb custom_margin_phone=\u00bb|||10%|false|false\u00bb custom_margin_last_edited=\u00bbon|desktop\u00bb text_font_size_phone=\u00bb28px\u00bb text_font_size_last_edited=\u00bbon|desktop\u00bb text_line_height_phone=\u00bb38px\u00bb text_line_height_last_edited=\u00bbon|phone\u00bb]<span style=\"font-weight: normal; font-size 28 px; color: #ffffff; text-decoration: underline;\">Overlap<\/span>[\/et_pb_text][et_pb_text disabled_on=\u00bboff|off|off\u00bb _builder_version=\u00bb3.26.3&#8243; text_font=\u00bb|700|||||||\u00bb text_text_color=\u00bb#ffffff\u00bb text_font_size=\u00bb26px\u00bb text_line_height=\u00bb42px\u00bb custom_margin=\u00bb|||0px|false|false\u00bb custom_margin_phone=\u00bb|||10%|false|false\u00bb custom_margin_last_edited=\u00bboff|desktop\u00bb text_font_size_phone=\u00bb28px\u00bb text_font_size_last_edited=\u00bbon|desktop\u00bb text_line_height_phone=\u00bb38px\u00bb text_line_height_last_edited=\u00bbon|phone\u00bb]11:00[\/et_pb_text][et_pb_text _builder_version=\u00bb3.26.3&#8243; text_font=\u00bbUnivers||||||||\u00bb text_text_color=\u00bb#ffffff\u00bb text_line_height=\u00bb28px\u00bb custom_padding=\u00bb0px|||||\u00bb custom_padding_phone=\u00bb|10%||10%|false|false\u00bb custom_padding_last_edited=\u00bbon|phone\u00bb text_font_size_last_edited=\u00bbon|desktop\u00bb text_line_height_last_edited=\u00bbon|desktop\u00bb]<span style=\"font-weight: bold; font-size: 32px; color: #ffffff; line-height: 1.6;\"><\/span><span style=\"font-size: 32px; color: #68c4d1;\"><strong>UTILIZANDO DATA PARA MEDIR EL IMPACTO DEL APRENDIZAJE EN EL NPS<\/strong><\/span><br \/>\n<span><\/span>[\/et_pb_text][\/et_pb_column][et_pb_column type=\u00bb1_6&#8243; _builder_version=\u00bb3.26.3&#8243;][et_pb_image src=\u00bbhttps:\/\/www.equiposytalentoeventos.com\/corporate-learning\/wp-content\/uploads\/2021\/11\/Miguel-Saez-OVELAP.jpg\u00bb title_text=\u00bblaura_santacreu\u00bb align_phone=\u00bbleft\u00bb align_last_edited=\u00bbon|phone\u00bb _builder_version=\u00bb3.26.3&#8243; border_color_all=\u00bb#ffffff\u00bb max_width=\u00bb180px\u00bb custom_padding=\u00bb|0px||||\u00bb][\/et_pb_image][et_pb_text _builder_version=\u00bb3.26.3&#8243; text_font=\u00bb||||||||\u00bb text_text_color=\u00bb#ffffff\u00bb text_line_height=\u00bb28px\u00bb border_width_left=\u00bb2px\u00bb border_color_left=\u00bbrgba(17,216,216,0.4)\u00bb custom_margin=\u00bb|||0%|false|false\u00bb custom_margin_phone=\u00bb|||0%|false|false\u00bb custom_margin_last_edited=\u00bbon|desktop\u00bb custom_padding=\u00bb|||20px|false|false\u00bb text_font_size_last_edited=\u00bbon|desktop\u00bb text_line_height_last_edited=\u00bbon|desktop\u00bb]<\/p>\n<p><span style=\"font-size: 24px; color: #68c4d1;\"><strong><span>Miguel S\u00e1ez<\/span><\/strong><\/span><br \/> <span style=\"color: #ffffff;\">Gerente Data&amp;Analytics<\/span><br \/> <span style=\"color: #11d8d8; font-size: 15px;\"><strong>OVERLAP<\/strong><\/span><\/p>\n<p>[\/et_pb_text][\/et_pb_column][et_pb_column type=\u00bb1_6&#8243; _builder_version=\u00bb3.26.3&#8243;][et_pb_image src=\u00bbhttps:\/\/www.equiposytalentoeventos.com\/corporate-learning\/wp-content\/uploads\/2021\/11\/Daniel-Vaillo-OVELAP.jpg\u00bb title_text=\u00bblaura_santacreu\u00bb align_phone=\u00bbleft\u00bb align_last_edited=\u00bbon|phone\u00bb _builder_version=\u00bb3.26.3&#8243; border_color_all=\u00bb#ffffff\u00bb max_width=\u00bb180px\u00bb custom_padding=\u00bb|0px||||\u00bb][\/et_pb_image][et_pb_text _builder_version=\u00bb3.26.3&#8243; text_font=\u00bb||||||||\u00bb text_text_color=\u00bb#ffffff\u00bb text_line_height=\u00bb28px\u00bb border_width_all=\u00bb1px\u00bb border_color_all=\u00bbrgba(0,0,0,0)\u00bb border_color_bottom=\u00bbrgba(0,0,0,0)\u00bb border_width_left=\u00bb2px\u00bb border_color_left=\u00bbrgba(17,216,216,0.4)\u00bb custom_margin=\u00bb|||0%|false|false\u00bb custom_margin_phone=\u00bb|||0%|false|false\u00bb custom_margin_last_edited=\u00bbon|desktop\u00bb custom_padding=\u00bb|||20px|false|false\u00bb text_font_size_last_edited=\u00bbon|desktop\u00bb text_line_height_last_edited=\u00bbon|desktop\u00bb]<\/p>\n<p><span style=\"font-size: 24px; color: #68c4d1;\"><strong><span>Daniel Vaillo<\/span><\/strong><\/span><br \/> <span style=\"color: #ffffff;\">Consultor Business Intelligence<\/span><br \/> <span style=\"color: #11d8d8; font-size: 15px;\"><strong>OVERLAP<\/strong><\/span><\/p>\n<p>[\/et_pb_text][\/et_pb_column][et_pb_column type=\u00bb1_6&#8243; _builder_version=\u00bb3.26.3&#8243;][\/et_pb_column][\/et_pb_row][et_pb_row custom_padding=\u00bb||0px|||\u00bb _builder_version=\u00bb3.26.3&#8243;][et_pb_column type=\u00bb4_4&#8243; _builder_version=\u00bb3.26.3&#8243;][et_pb_text disabled_on=\u00bboff|off|off\u00bb _builder_version=\u00bb3.26.3&#8243; text_font=\u00bbUnivers LT 75 Black|800|||||||\u00bb text_text_color=\u00bb#ffffff\u00bb text_font_size=\u00bb26px\u00bb text_line_height=\u00bb42px\u00bb header_font=\u00bbUnivers LT 75 Black||||||||\u00bb border_color_bottom=\u00bb#ffffff\u00bb custom_margin=\u00bb||||false|false\u00bb custom_margin_phone=\u00bb|||10%|false|false\u00bb custom_margin_last_edited=\u00bbon|desktop\u00bb text_font_size_phone=\u00bb28px\u00bb text_font_size_last_edited=\u00bbon|desktop\u00bb text_line_height_phone=\u00bb38px\u00bb text_line_height_last_edited=\u00bbon|phone\u00bb]<span style=\"font-weight: normal; font-size 28 px; color: #ffffff; text-decoration: underline;\">Aditio<\/span>[\/et_pb_text][et_pb_text disabled_on=\u00bboff|off|off\u00bb _builder_version=\u00bb3.26.3&#8243; text_font=\u00bb|700|||||||\u00bb text_text_color=\u00bb#ffffff\u00bb text_font_size=\u00bb26px\u00bb text_line_height=\u00bb42px\u00bb custom_margin=\u00bb|||0px|false|false\u00bb custom_margin_phone=\u00bb|||10%|false|false\u00bb custom_margin_last_edited=\u00bboff|desktop\u00bb text_font_size_phone=\u00bb28px\u00bb text_font_size_last_edited=\u00bbon|desktop\u00bb text_line_height_phone=\u00bb38px\u00bb text_line_height_last_edited=\u00bbon|phone\u00bb]11:00 &#8211; 11:45[\/et_pb_text][et_pb_text _builder_version=\u00bb3.26.3&#8243; text_font=\u00bbUnivers||||||||\u00bb text_text_color=\u00bb#ffffff\u00bb text_line_height=\u00bb28px\u00bb custom_padding=\u00bb0px|||||\u00bb custom_padding_phone=\u00bb|10%||10%|false|false\u00bb custom_padding_last_edited=\u00bbon|phone\u00bb text_font_size_last_edited=\u00bbon|desktop\u00bb text_line_height_last_edited=\u00bbon|desktop\u00bb]<\/p>\n<p><span style=\"font-weight: bold; font-size: 32px; color: #ffffff;\"><\/span> <span style=\"font-size: 32px; color: #68c4d1; line-height: 1.6;\"><strong>NUEVOS M\u00c9TODOS DE APRENDIZAJE A TRAV\u00c9S DE V\u00cdDEO<\/strong><\/span><\/p>\n<p><span><\/span><span>C\u00f3mo trasladar conocimientos y competencias a la organizaci\u00f3n a trav\u00e9s de v\u00eddeo.<br \/> <strong>Casos de \u00e9xito:<\/strong><\/span><\/p>\n<p>[\/et_pb_text][\/et_pb_column][\/et_pb_row][et_pb_row column_structure=\u00bb1_5,1_5,1_5,1_5,1_5&#8243; _builder_version=\u00bb3.26.3&#8243; border_width_bottom=\u00bb2px\u00bb border_color_bottom=\u00bbrgba(17,216,216,0.4)\u00bb][et_pb_column type=\u00bb1_5&#8243; _builder_version=\u00bb3.26.3&#8243;][et_pb_text _builder_version=\u00bb3.26.3&#8243; text_font=\u00bbUnivers||||||||\u00bb text_text_color=\u00bb#ffffff\u00bb text_line_height=\u00bb28px\u00bb custom_padding=\u00bb0px|||||\u00bb custom_padding_phone=\u00bb|10%||10%|false|false\u00bb custom_padding_last_edited=\u00bbon|phone\u00bb text_font_size_last_edited=\u00bbon|desktop\u00bb text_line_height_last_edited=\u00bbon|desktop\u00bb]<\/p>\n<p><strong><span style=\"color: #11d8d8;\">&gt;\u00a0<\/span>VSI V\u00eddeo Scorm Interactivo<\/strong><\/p>\n<p><strong><span style=\"color: #11d8d8;\">&gt;<\/span> Banco Sabadell<\/strong><\/p>\n<p><strong><span style=\"color: #11d8d8;\">&gt;<\/span> VITA V\u00eddeo Individualizado Training As\u00edncrono<\/strong><\/p>\n<p><strong><span style=\"color: #11d8d8;\">&gt;<\/span> Pelayo Seguros<\/strong><\/p>\n<p>[\/et_pb_text][\/et_pb_column][et_pb_column type=\u00bb1_5&#8243; _builder_version=\u00bb3.26.3&#8243;][et_pb_image src=\u00bbhttps:\/\/www.equiposytalentoeventos.com\/corporate-learning\/wp-content\/uploads\/2021\/11\/Alicia-Alameda-Pelayo-Zoom-Aditio.jpg\u00bb title_text=\u00bblaura_santacreu\u00bb align_phone=\u00bbleft\u00bb align_last_edited=\u00bbon|phone\u00bb _builder_version=\u00bb3.26.3&#8243; border_color_all=\u00bb#ffffff\u00bb max_width=\u00bb180px\u00bb custom_padding=\u00bb|0px||||\u00bb][\/et_pb_image][et_pb_text _builder_version=\u00bb3.26.3&#8243; text_font=\u00bb||||||||\u00bb text_text_color=\u00bb#ffffff\u00bb text_line_height=\u00bb28px\u00bb border_width_left=\u00bb2px\u00bb border_color_left=\u00bbrgba(17,216,216,0.4)\u00bb custom_margin=\u00bb|||0%|false|false\u00bb custom_margin_phone=\u00bb|||0%|false|false\u00bb custom_margin_last_edited=\u00bbon|desktop\u00bb custom_padding=\u00bb|||20px|false|false\u00bb text_font_size_last_edited=\u00bbon|desktop\u00bb text_line_height_last_edited=\u00bbon|desktop\u00bb]<\/p>\n<p><span style=\"font-size: 24px; color: #68c4d1;\"><strong><span>Alicia Alameda<\/span><\/strong><\/span><br \/> <span style=\"color: #ffffff;\">Responsable de Talento y Desarrollo<\/span><br \/> <span style=\"color: #11d8d8; font-size: 15px;\"><strong>PELAYO SEGUROS<\/strong><\/span><\/p>\n<p>[\/et_pb_text][\/et_pb_column][et_pb_column type=\u00bb1_5&#8243; _builder_version=\u00bb3.26.3&#8243;][et_pb_image src=\u00bbhttps:\/\/www.equiposytalentoeventos.com\/corporate-learning\/wp-content\/uploads\/2021\/11\/Julian-Banc-Sabadell-zomm-Aditio.jpg\u00bb title_text=\u00bblaura_santacreu\u00bb align_phone=\u00bbleft\u00bb align_last_edited=\u00bbon|phone\u00bb _builder_version=\u00bb3.26.3&#8243; border_color_all=\u00bb#ffffff\u00bb max_width=\u00bb180px\u00bb custom_padding=\u00bb|0px||||\u00bb][\/et_pb_image][et_pb_text _builder_version=\u00bb3.26.3&#8243; text_font=\u00bb||||||||\u00bb text_text_color=\u00bb#ffffff\u00bb text_line_height=\u00bb28px\u00bb border_width_all=\u00bb1px\u00bb border_color_all=\u00bbrgba(0,0,0,0)\u00bb border_color_bottom=\u00bbrgba(0,0,0,0)\u00bb border_width_left=\u00bb2px\u00bb border_color_left=\u00bbrgba(17,216,216,0.4)\u00bb custom_margin=\u00bb|||0%|false|false\u00bb custom_margin_phone=\u00bb|||0%|false|false\u00bb custom_margin_last_edited=\u00bbon|desktop\u00bb custom_padding=\u00bb|||20px|false|false\u00bb text_font_size_last_edited=\u00bbon|desktop\u00bb text_line_height_last_edited=\u00bbon|desktop\u00bb]<\/p>\n<p><span style=\"font-size: 24px; color: #68c4d1;\"><strong><span>Juli\u00e1n Guevara<\/span><\/strong><\/span><br \/> <span style=\"color: #ffffff;\">Director de Formaci\u00f3n de Empresas y Red<\/span><br \/> <span style=\"color: #11d8d8; font-size: 15px;\"><strong>BANCO SABADELL<\/strong><\/span><\/p>\n<p>[\/et_pb_text][\/et_pb_column][et_pb_column type=\u00bb1_5&#8243; _builder_version=\u00bb3.26.3&#8243;][et_pb_image src=\u00bbhttps:\/\/www.equiposytalentoeventos.com\/corporate-learning\/wp-content\/uploads\/2021\/11\/Francisco-Andres-Aditio.jpg\u00bb title_text=\u00bblaura_santacreu\u00bb align_phone=\u00bbleft\u00bb align_last_edited=\u00bbon|phone\u00bb _builder_version=\u00bb3.26.3&#8243; border_color_all=\u00bb#ffffff\u00bb max_width=\u00bb180px\u00bb custom_padding=\u00bb|0px||||\u00bb][\/et_pb_image][et_pb_text _builder_version=\u00bb3.26.3&#8243; text_font=\u00bb||||||||\u00bb text_text_color=\u00bb#ffffff\u00bb text_line_height=\u00bb28px\u00bb border_width_left=\u00bb2px\u00bb border_color_left=\u00bbrgba(17,216,216,0.4)\u00bb custom_margin=\u00bb|||0%|false|false\u00bb custom_margin_phone=\u00bb|||0%|false|false\u00bb custom_margin_last_edited=\u00bbon|desktop\u00bb custom_padding=\u00bb|||20px|false|false\u00bb text_font_size_last_edited=\u00bbon|desktop\u00bb text_line_height_last_edited=\u00bbon|desktop\u00bb]<\/p>\n<p><span style=\"font-size: 24px; color: #68c4d1;\"><strong><span>Francisco de Andr\u00e9s<\/span><\/strong><\/span><br \/> <span style=\"color: #ffffff;\">Socio Director<\/span><br \/> <span style=\"color: #11d8d8; font-size: 15px;\"><strong>ADITIO<\/strong><\/span><\/p>\n<p>[\/et_pb_text][\/et_pb_column][et_pb_column type=\u00bb1_5&#8243; _builder_version=\u00bb3.26.3&#8243;][et_pb_image src=\u00bbhttps:\/\/www.equiposytalentoeventos.com\/corporate-learning\/wp-content\/uploads\/2021\/11\/albert_badia-Aditio.jpg\u00bb title_text=\u00bblaura_santacreu\u00bb align_phone=\u00bbleft\u00bb align_last_edited=\u00bbon|phone\u00bb _builder_version=\u00bb3.26.3&#8243; border_color_all=\u00bb#ffffff\u00bb max_width=\u00bb180px\u00bb custom_padding=\u00bb|0px||||\u00bb][\/et_pb_image][et_pb_text _builder_version=\u00bb3.26.3&#8243; text_font=\u00bb||||||||\u00bb text_text_color=\u00bb#ffffff\u00bb text_line_height=\u00bb28px\u00bb border_width_all=\u00bb1px\u00bb border_color_all=\u00bbrgba(0,0,0,0)\u00bb border_color_bottom=\u00bbrgba(0,0,0,0)\u00bb border_width_left=\u00bb2px\u00bb border_color_left=\u00bbrgba(17,216,216,0.4)\u00bb custom_margin=\u00bb|||0%|false|false\u00bb custom_margin_phone=\u00bb|||0%|false|false\u00bb custom_margin_last_edited=\u00bbon|desktop\u00bb custom_padding=\u00bb|||20px|false|false\u00bb text_font_size_last_edited=\u00bbon|desktop\u00bb text_line_height_last_edited=\u00bbon|desktop\u00bb]<\/p>\n<p><span style=\"font-size: 24px; color: #68c4d1;\"><strong><span>Albert Badia<\/span><\/strong><\/span><br \/> <span style=\"color: #ffffff;\">Socio Director<\/span><br \/> <span style=\"color: #11d8d8; font-size: 15px;\"><strong>ADITIO<\/strong><\/span><\/p>\n<p>[\/et_pb_text][\/et_pb_column][\/et_pb_row][et_pb_row column_structure=\u00bb1_2,1_6,1_6,1_6&#8243; custom_margin=\u00bb60px||||false|false\u00bb _builder_version=\u00bb3.26.3&#8243; border_width_bottom=\u00bb2px\u00bb border_color_bottom=\u00bbrgba(17,216,216,0.4)\u00bb][et_pb_column type=\u00bb1_2&#8243; _builder_version=\u00bb3.26.3&#8243;][et_pb_text disabled_on=\u00bboff|off|off\u00bb _builder_version=\u00bb3.26.3&#8243; text_font=\u00bbUnivers LT 75 Black|800|||||||\u00bb text_text_color=\u00bb#ffffff\u00bb text_font_size=\u00bb26px\u00bb text_line_height=\u00bb42px\u00bb header_font=\u00bbUnivers LT 75 Black||||||||\u00bb border_color_bottom=\u00bb#ffffff\u00bb custom_margin=\u00bb||||false|false\u00bb custom_margin_phone=\u00bb|||10%|false|false\u00bb custom_margin_last_edited=\u00bbon|desktop\u00bb text_font_size_phone=\u00bb28px\u00bb text_font_size_last_edited=\u00bbon|desktop\u00bb text_line_height_phone=\u00bb38px\u00bb text_line_height_last_edited=\u00bbon|phone\u00bb]<span style=\"font-weight: normal; font-size 28 px; color: #ffffff; text-decoration: underline;\">Astex<\/span>[\/et_pb_text][et_pb_text disabled_on=\u00bboff|off|off\u00bb _builder_version=\u00bb3.26.3&#8243; text_font=\u00bb|700|||||||\u00bb text_text_color=\u00bb#ffffff\u00bb text_font_size=\u00bb26px\u00bb text_line_height=\u00bb42px\u00bb custom_margin=\u00bb|||0px|false|false\u00bb custom_margin_phone=\u00bb|||10%|false|false\u00bb custom_margin_last_edited=\u00bboff|desktop\u00bb text_font_size_phone=\u00bb28px\u00bb text_font_size_last_edited=\u00bbon|desktop\u00bb text_line_height_phone=\u00bb38px\u00bb text_line_height_last_edited=\u00bbon|phone\u00bb]<\/p>\n<p>12:15<\/p>\n<p>[\/et_pb_text][et_pb_text _builder_version=\u00bb3.26.3&#8243; text_font=\u00bbUnivers||||||||\u00bb text_text_color=\u00bb#ffffff\u00bb text_line_height=\u00bb28px\u00bb custom_padding=\u00bb0px|||||\u00bb custom_padding_phone=\u00bb|10%||10%|false|false\u00bb custom_padding_last_edited=\u00bbon|phone\u00bb text_font_size_last_edited=\u00bbon|desktop\u00bb text_line_height_last_edited=\u00bbon|desktop\u00bb]<span style=\"font-weight: bold; font-size: 32px; color: #ffffff;\"><\/span><span style=\"font-size: 32px; color: #68c4d1;line-height: 1.6;\"><strong>INTEGRANDO LA IA EN LA FORMACI\u00d3N EN IDIOMAS<\/strong><\/span><br \/>\n<span><\/span><br \/>\nASTEX Languages Innovation, la plataforma de e-elearning que est\u00e1 revolucionando el aprendizaje de los idiomas.[\/et_pb_text][\/et_pb_column][et_pb_column type=\u00bb1_6&#8243; _builder_version=\u00bb3.26.3&#8243;][et_pb_image src=\u00bbhttps:\/\/www.equiposytalentoeventos.com\/corporate-learning\/wp-content\/uploads\/2021\/11\/Sandra-Guijorro-ASTEX.jpg\u00bb title_text=\u00bblaura_santacreu\u00bb align_phone=\u00bbleft\u00bb align_last_edited=\u00bbon|phone\u00bb _builder_version=\u00bb3.26.3&#8243; border_color_all=\u00bb#ffffff\u00bb max_width=\u00bb180px\u00bb custom_padding=\u00bb|0px||||\u00bb][\/et_pb_image][et_pb_text _builder_version=\u00bb3.26.3&#8243; text_font=\u00bb||||||||\u00bb text_text_color=\u00bb#ffffff\u00bb text_line_height=\u00bb28px\u00bb border_width_left=\u00bb2px\u00bb border_color_left=\u00bbrgba(17,216,216,0.4)\u00bb custom_margin=\u00bb|||0%|false|false\u00bb custom_margin_phone=\u00bb|||0%|false|false\u00bb custom_margin_last_edited=\u00bbon|desktop\u00bb custom_padding=\u00bb|||20px|false|false\u00bb text_font_size_last_edited=\u00bbon|desktop\u00bb text_line_height_last_edited=\u00bbon|desktop\u00bb]<span style=\"font-size: 24px; color: #68c4d1;\"><strong><span>Sandra Guijorro L\u00f3pez<\/span><\/strong><\/span><br \/>\n<span style=\"color: #ffffff;\">Innovation at<\/span><br \/>\n<span style=\"color: #11d8d8; font-size: 15px;\"><strong> ASTEX <\/strong><\/span>[\/et_pb_text][\/et_pb_column][et_pb_column type=\u00bb1_6&#8243; _builder_version=\u00bb3.26.3&#8243;][\/et_pb_column][et_pb_column type=\u00bb1_6&#8243; _builder_version=\u00bb3.26.3&#8243;][\/et_pb_column][\/et_pb_row][\/et_pb_section][et_pb_section fb_built=\u00bb1&#8243; disabled_on=\u00bboff|off|off\u00bb _builder_version=\u00bb3.26.3&#8243; background_color=\u00bb#002733&#8243; custom_padding=\u00bb0px||120px||false|false\u00bb][et_pb_row column_structure=\u00bb3_5,2_5&#8243; custom_padding=\u00bb100px||0px||false|false\u00bb custom_padding_phone=\u00bb15%||||false|false\u00bb make_equal=\u00bbon\u00bb custom_padding_last_edited=\u00bbon|phone\u00bb module_id=\u00bbspeakers\u00bb _builder_version=\u00bb3.26.3&#8243; width_last_edited=\u00bbon|desktop\u00bb][et_pb_column type=\u00bb3_5&#8243; _builder_version=\u00bb3.25.4&#8243;][et_pb_text module_id=\u00bbspeakers\u00bb module_class=\u00bb#speakers\u00bb _builder_version=\u00bb3.26.3&#8243; text_font=\u00bbUnivers|900|||||||\u00bb text_font_size=\u00bb32px\u00bb text_line_height=\u00bb54px\u00bb custom_padding=\u00bb||0px|||\u00bb text_font_size_tablet=\u00bb32px\u00bb text_font_size_phone=\u00bb32px\u00bb text_font_size_last_edited=\u00bbon|desktop\u00bb text_line_height_tablet=\u00bb42px\u00bb text_line_height_phone=\u00bb48px\u00bb text_line_height_last_edited=\u00bbon|desktop\u00bb]<span style=\"color: #ffffff;\">SPEAKERS<\/span>[\/et_pb_text][\/et_pb_column][et_pb_column type=\u00bb2_5&#8243; _builder_version=\u00bb3.25.4&#8243;][\/et_pb_column][\/et_pb_row][et_pb_row custom_padding=\u00bb||0px||false|false\u00bb custom_padding_phone=\u00bb15%||||false|false\u00bb custom_margin=\u00bb|479px||auto||\u00bb make_equal=\u00bbon\u00bb custom_padding_last_edited=\u00bbon|phone\u00bb _builder_version=\u00bb3.26.3&#8243; width_last_edited=\u00bbon|desktop\u00bb][et_pb_column type=\u00bb4_4&#8243; _builder_version=\u00bb3.25.4&#8243;][et_pb_divider color=\u00bbrgba(17,216,216,0.4)\u00bb divider_weight=\u00bb2px\u00bb _builder_version=\u00bb3.26.3&#8243; width=\u00bb100%\u00bb width_last_edited=\u00bbon|desktop\u00bb custom_margin=\u00bb-20px||||false|false\u00bb][\/et_pb_divider][\/et_pb_column][\/et_pb_row][et_pb_row column_structure=\u00bb1_4,1_4,1_4,1_4&#8243; use_custom_gutter=\u00bbon\u00bb gutter_width=\u00bb2&#8243; custom_padding=\u00bb0px|||0px||\u00bb custom_margin=\u00bb1.9%|auto||auto|false|false\u00bb make_equal=\u00bbon\u00bb disabled_on=\u00bboff|off|off\u00bb _builder_version=\u00bb3.26.3&#8243; width_phone=\u00bb75%\u00bb width_last_edited=\u00bbon|desktop\u00bb max_width_last_edited=\u00bbon|desktop\u00bb module_alignment=\u00bbcenter\u00bb min_height=\u00bb100px\u00bb custom_margin_phone=\u00bb|auto|0%|auto|false|false\u00bb custom_margin_last_edited=\u00bboff|phone\u00bb][et_pb_column type=\u00bb1_4&#8243; _builder_version=\u00bb4.3.2&#8243;][et_pb_image src=\u00bbhttps:\/\/www.equiposytalentoeventos.com\/corporate-learning\/wp-content\/uploads\/2021\/10\/EstherEstepaQuironSalud.jpg\u00bb title_text=\u00bblaura_santacreu\u00bb align_phone=\u00bbleft\u00bb align_last_edited=\u00bbon|phone\u00bb _builder_version=\u00bb3.26.3&#8243; border_color_all=\u00bb#ffffff\u00bb max_width=\u00bb180px\u00bb custom_padding=\u00bb|0px||||\u00bb][\/et_pb_image][et_pb_text _builder_version=\u00bb3.26.3&#8243; text_font=\u00bb||||||||\u00bb text_text_color=\u00bb#ffffff\u00bb text_line_height=\u00bb28px\u00bb custom_margin=\u00bb|||0%|false|false\u00bb custom_margin_phone=\u00bb|||0%|false|false\u00bb custom_margin_last_edited=\u00bbon|desktop\u00bb text_font_size_last_edited=\u00bbon|desktop\u00bb text_line_height_last_edited=\u00bbon|desktop\u00bb]<span style=\"font-size: 24px; color: #68c4d1;\"><strong><span>Esther Estepa<\/span><\/strong><\/span><br \/>\n<span style=\"color: #ffffff;\">Directora Corporativa de Talento y Experiencia de Empleado<\/span><br \/>\n<span style=\"color: #11d8d8; font-size: 15px;\"><strong>QUIR\u00d3NSALUD<\/strong><\/span>[\/et_pb_text][et_pb_social_media_follow use_icon_font_size=\u00bbon\u00bb icon_font_size=\u00bb22px\u00bb _builder_version=\u00bb3.26.3&#8243; border_radii=\u00bbon|100px|100px|100px|100px\u00bb custom_button=\u00bbon\u00bb module_alignment=\u00bbleft\u00bb custom_margin=\u00bb0%|||0%|false|false\u00bb custom_margin_phone=\u00bb|||0%|false|false\u00bb custom_margin_last_edited=\u00bbon|desktop\u00bb][et_pb_social_media_follow_network social_network=\u00bblinkedin\u00bb url=\u00bbhttps:\/\/www.linkedin.com\/in\/esther-estepa-saro\/?originalSubdomain=es\u00bb _builder_version=\u00bb3.26.3&#8243; background_color=\u00bb#007AB9&#8243; background_enable_color=\u00bbon\u00bb follow_button=\u00bboff\u00bb url_new_window=\u00bbon\u00bb]linkedin[\/et_pb_social_media_follow_network][\/et_pb_social_media_follow][\/et_pb_column][et_pb_column type=\u00bb1_4&#8243; _builder_version=\u00bb4.3.2&#8243;][et_pb_image src=\u00bbhttps:\/\/www.equiposytalentoeventos.com\/corporate-learning\/wp-content\/uploads\/2021\/10\/scherezade_miletich-1.jpg\u00bb title_text=\u00bblaura_santacreu\u00bb align_phone=\u00bbleft\u00bb align_last_edited=\u00bbon|phone\u00bb _builder_version=\u00bb3.26.3&#8243; border_color_all=\u00bb#ffffff\u00bb max_width=\u00bb100%\u00bb custom_padding=\u00bb|0px||||\u00bb locked=\u00bboff\u00bb][\/et_pb_image][et_pb_text _builder_version=\u00bb3.26.3&#8243; text_font=\u00bb||||||||\u00bb text_text_color=\u00bb#ffffff\u00bb text_line_height=\u00bb28px\u00bb custom_margin=\u00bb|||0%|false|false\u00bb custom_margin_phone=\u00bb|||0%|false|false\u00bb custom_margin_last_edited=\u00bbon|desktop\u00bb text_font_size_last_edited=\u00bbon|desktop\u00bb text_line_height_last_edited=\u00bbon|desktop\u00bb locked=\u00bboff\u00bb]<span style=\"font-size: 24px; color: #68c4d1;\"><strong><span>Scherezade Miletich<\/span><\/strong><\/span><br \/>\n<span style=\"color: #ffffff;\">Directora \u00e1rea Desarrollo de RRHH &amp; RSC Lead<\/span><br \/>\n<span style=\"color: #11d8d8; font-size: 15px;\"><strong>FUJITSU<\/strong><\/span>[\/et_pb_text][et_pb_social_media_follow use_icon_font_size=\u00bbon\u00bb icon_font_size=\u00bb22px\u00bb _builder_version=\u00bb3.26.3&#8243; border_radii=\u00bbon|100px|100px|100px|100px\u00bb custom_button=\u00bbon\u00bb module_alignment=\u00bbleft\u00bb custom_margin=\u00bb0%|||0%|false|false\u00bb custom_margin_phone=\u00bb|||0%|false|false\u00bb custom_margin_last_edited=\u00bbon|desktop\u00bb locked=\u00bboff\u00bb][et_pb_social_media_follow_network social_network=\u00bblinkedin\u00bb url=\u00bbhttps:\/\/www.linkedin.com\/in\/scherezade-miletich-sanchez-52a9b62a\/?originalSubdomain=es\u00bb _builder_version=\u00bb3.26.3&#8243; background_color=\u00bb#007AB9&#8243; background_enable_color=\u00bbon\u00bb follow_button=\u00bboff\u00bb url_new_window=\u00bbon\u00bb]linkedin[\/et_pb_social_media_follow_network][\/et_pb_social_media_follow][\/et_pb_column][et_pb_column type=\u00bb1_4&#8243; _builder_version=\u00bb4.3.2&#8243;][et_pb_image src=\u00bbhttps:\/\/www.equiposytalentoeventos.com\/corporate-learning\/wp-content\/uploads\/2021\/11\/JAVIER-MARTIN-RANDSTAD-OK-edit.jpg\u00bb title_text=\u00bblaura_santacreu\u00bb align_phone=\u00bbleft\u00bb align_last_edited=\u00bbon|phone\u00bb _builder_version=\u00bb3.26.3&#8243; border_color_all=\u00bb#ffffff\u00bb max_width=\u00bb180px\u00bb custom_padding=\u00bb|0px||||\u00bb][\/et_pb_image][et_pb_text _builder_version=\u00bb3.26.3&#8243; text_font=\u00bb||||||||\u00bb text_text_color=\u00bb#ffffff\u00bb text_line_height=\u00bb28px\u00bb custom_margin=\u00bb|||0%|false|false\u00bb custom_margin_phone=\u00bb|||0%|false|false\u00bb custom_margin_last_edited=\u00bbon|desktop\u00bb text_font_size_last_edited=\u00bbon|desktop\u00bb text_line_height_last_edited=\u00bbon|desktop\u00bb]<span style=\"font-size: 24px; color: #68c4d1;\"><strong>Javier Mart\u00edn Manj\u00f3n<\/strong><\/span><br \/>\n<span style=\"color: #ffffff;\">Learning &amp; Development Manager<\/span><br \/>\n<span style=\"color: #11d8d8; font-size: 15px;\"><strong>RANDSTAD ESPA\u00d1A<\/strong><\/span>[\/et_pb_text][et_pb_social_media_follow use_icon_font_size=\u00bbon\u00bb icon_font_size=\u00bb22px\u00bb _builder_version=\u00bb3.26.3&#8243; border_radii=\u00bbon|100px|100px|100px|100px\u00bb custom_button=\u00bbon\u00bb module_alignment=\u00bbleft\u00bb custom_margin=\u00bb0%|||0%|false|false\u00bb custom_margin_phone=\u00bb|||0%|false|false\u00bb custom_margin_last_edited=\u00bbon|desktop\u00bb locked=\u00bboff\u00bb][et_pb_social_media_follow_network social_network=\u00bblinkedin\u00bb url=\u00bbhttps:\/\/www.linkedin.com\/in\/jmartinmanjon\/?originalSubdomain=es\u00bb _builder_version=\u00bb3.26.3&#8243; background_color=\u00bb#007AB9&#8243; background_enable_color=\u00bbon\u00bb follow_button=\u00bboff\u00bb url_new_window=\u00bbon\u00bb]linkedin[\/et_pb_social_media_follow_network][\/et_pb_social_media_follow][\/et_pb_column][et_pb_column type=\u00bb1_4&#8243; _builder_version=\u00bb4.3.2&#8243;][et_pb_image src=\u00bbhttps:\/\/www.equiposytalentoeventos.com\/corporate-learning\/wp-content\/uploads\/2021\/10\/Alfredo-Jacobo-ING.jpg\u00bb title_text=\u00bblaura_santacreu\u00bb align_phone=\u00bbleft\u00bb align_last_edited=\u00bbon|phone\u00bb _builder_version=\u00bb3.26.3&#8243; border_color_all=\u00bb#ffffff\u00bb max_width=\u00bb100%\u00bb custom_padding=\u00bb|0px||||\u00bb locked=\u00bboff\u00bb][\/et_pb_image][et_pb_text _builder_version=\u00bb3.26.3&#8243; text_font=\u00bb||||||||\u00bb text_text_color=\u00bb#ffffff\u00bb text_line_height=\u00bb28px\u00bb custom_margin=\u00bb|||0%|false|false\u00bb custom_margin_phone=\u00bb|||0%|false|false\u00bb custom_margin_last_edited=\u00bbon|desktop\u00bb text_font_size_last_edited=\u00bbon|desktop\u00bb text_line_height_last_edited=\u00bbon|desktop\u00bb locked=\u00bboff\u00bb]<span style=\"font-size: 24px; color: #68c4d1;\"><strong>Alfredo Jacobo<\/strong><\/span><br \/>\n<span style=\"color: #ffffff;\"><span>Head of Learning &amp; Talent<\/span><\/span><br \/>\n<span style=\"color: #11d8d8; font-size: 15px;\"><strong>ING<\/strong><\/span>[\/et_pb_text][et_pb_social_media_follow use_icon_font_size=\u00bbon\u00bb icon_font_size=\u00bb22px\u00bb _builder_version=\u00bb3.26.3&#8243; border_radii=\u00bbon|100px|100px|100px|100px\u00bb custom_button=\u00bbon\u00bb module_alignment=\u00bbleft\u00bb custom_margin=\u00bb0%|||0%|false|false\u00bb custom_margin_phone=\u00bb|||0%|false|false\u00bb custom_margin_last_edited=\u00bbon|desktop\u00bb locked=\u00bboff\u00bb][et_pb_social_media_follow_network social_network=\u00bblinkedin\u00bb url=\u00bbhttps:\/\/www.linkedin.com\/in\/alfredo-jacobo-ph-d-b4404371\/?originalSubdomain=es\u00bb _builder_version=\u00bb3.26.3&#8243; background_color=\u00bb#007AB9&#8243; background_enable_color=\u00bbon\u00bb follow_button=\u00bboff\u00bb url_new_window=\u00bbon\u00bb]linkedin[\/et_pb_social_media_follow_network][\/et_pb_social_media_follow][\/et_pb_column][\/et_pb_row][et_pb_row column_structure=\u00bb1_4,1_4,1_4,1_4&#8243; use_custom_gutter=\u00bbon\u00bb gutter_width=\u00bb2&#8243; custom_padding=\u00bb0px|||0px||\u00bb custom_margin=\u00bb2%|auto||auto|false|false\u00bb make_equal=\u00bbon\u00bb disabled_on=\u00bboff|off|off\u00bb _builder_version=\u00bb3.26.3&#8243; width_phone=\u00bb75%\u00bb width_last_edited=\u00bbon|desktop\u00bb max_width_last_edited=\u00bbon|desktop\u00bb module_alignment=\u00bbcenter\u00bb min_height=\u00bb100px\u00bb custom_margin_phone=\u00bb|auto|0%|auto|false|false\u00bb custom_margin_last_edited=\u00bboff|phone\u00bb][et_pb_column type=\u00bb1_4&#8243; _builder_version=\u00bb4.3.2&#8243;][et_pb_image src=\u00bbhttps:\/\/www.equiposytalentoeventos.com\/corporate-learning\/wp-content\/uploads\/2021\/10\/natalia_grijalba_EY.jpg\u00bb title_text=\u00bblaura_santacreu\u00bb align_phone=\u00bbleft\u00bb align_last_edited=\u00bbon|phone\u00bb _builder_version=\u00bb3.26.3&#8243; border_color_all=\u00bb#ffffff\u00bb max_width=\u00bb180px\u00bb custom_padding=\u00bb|0px||||\u00bb][\/et_pb_image][et_pb_text _builder_version=\u00bb3.26.3&#8243; text_font=\u00bb||||||||\u00bb text_text_color=\u00bb#ffffff\u00bb text_line_height=\u00bb28px\u00bb custom_margin=\u00bb|||0%|false|false\u00bb custom_margin_phone=\u00bb|||0%|false|false\u00bb custom_margin_last_edited=\u00bbon|desktop\u00bb text_font_size_last_edited=\u00bbon|desktop\u00bb text_line_height_last_edited=\u00bbon|desktop\u00bb locked=\u00bboff\u00bb]<span style=\"font-size: 24px; color: #68c4d1;\"><strong><span>Natalia Grijalba<\/span><\/strong><\/span><br \/>\n<span style=\"color: #ffffff;\"><span>Head of Learning<\/span><\/span><br \/>\n<span style=\"color: #11d8d8; font-size: 15px;\"><strong><span>EY<\/span><\/strong><\/span>[\/et_pb_text][et_pb_social_media_follow use_icon_font_size=\u00bbon\u00bb icon_font_size=\u00bb22px\u00bb _builder_version=\u00bb3.26.3&#8243; border_radii=\u00bbon|100px|100px|100px|100px\u00bb custom_button=\u00bbon\u00bb module_alignment=\u00bbleft\u00bb custom_margin=\u00bb0%||||false|false\u00bb custom_margin_phone=\u00bb|||0%|false|false\u00bb custom_margin_last_edited=\u00bbon|desktop\u00bb locked=\u00bboff\u00bb][et_pb_social_media_follow_network social_network=\u00bblinkedin\u00bb url=\u00bbhttps:\/\/www.linkedin.com\/in\/natalia-grijalba\/?originalSubdomain=es\u00bb _builder_version=\u00bb3.26.3&#8243; background_color=\u00bb#007AB9&#8243; background_enable_color=\u00bbon\u00bb follow_button=\u00bboff\u00bb url_new_window=\u00bbon\u00bb]linkedin[\/et_pb_social_media_follow_network][\/et_pb_social_media_follow][\/et_pb_column][et_pb_column type=\u00bb1_4&#8243; _builder_version=\u00bb4.3.2&#8243;][et_pb_image src=\u00bbhttps:\/\/www.equiposytalentoeventos.com\/corporate-learning\/wp-content\/uploads\/2021\/10\/Carlos-Marti\u0301nez-SACYR_edit.jpg\u00bb title_text=\u00bblaura_santacreu\u00bb align_phone=\u00bbleft\u00bb align_last_edited=\u00bbon|phone\u00bb _builder_version=\u00bb3.26.3&#8243; border_color_all=\u00bb#ffffff\u00bb max_width=\u00bb100%\u00bb custom_padding=\u00bb|0px||||\u00bb][\/et_pb_image][et_pb_text _builder_version=\u00bb3.26.3&#8243; text_font=\u00bb||||||||\u00bb text_text_color=\u00bb#ffffff\u00bb text_line_height=\u00bb28px\u00bb custom_margin=\u00bb|||0%|false|false\u00bb custom_margin_phone=\u00bb|||0%|false|false\u00bb custom_margin_last_edited=\u00bbon|desktop\u00bb text_font_size_last_edited=\u00bbon|desktop\u00bb text_line_height_last_edited=\u00bbon|desktop\u00bb]<span style=\"font-size: 24px; color: #68c4d1;\"><strong><span>Carlos Mart\u00ednez<\/span><\/strong><\/span><br \/>\n<span style=\"color: #ffffff;\"><span>Head of Global HR Center of Excellent<\/span><\/span><br \/>\n<span style=\"color: #11d8d8; font-size: 15px;\"><strong>SACYR<\/strong><\/span>[\/et_pb_text][et_pb_social_media_follow use_icon_font_size=\u00bbon\u00bb icon_font_size=\u00bb22px\u00bb _builder_version=\u00bb3.26.3&#8243; border_radii=\u00bbon|100px|100px|100px|100px\u00bb custom_button=\u00bbon\u00bb module_alignment=\u00bbleft\u00bb custom_margin=\u00bb0%|||0%|false|false\u00bb custom_margin_phone=\u00bb|||0%|false|false\u00bb custom_margin_last_edited=\u00bbon|desktop\u00bb][et_pb_social_media_follow_network social_network=\u00bblinkedin\u00bb url=\u00bbhttps:\/\/www.linkedin.com\/in\/carlos-mart%C3%ADnez-pintado-81075a14\/?originalSubdomain=es\u00bb _builder_version=\u00bb3.26.3&#8243; background_color=\u00bb#007AB9&#8243; background_enable_color=\u00bbon\u00bb follow_button=\u00bboff\u00bb url_new_window=\u00bbon\u00bb]linkedin[\/et_pb_social_media_follow_network][\/et_pb_social_media_follow][\/et_pb_column][et_pb_column type=\u00bb1_4&#8243; _builder_version=\u00bb4.3.2&#8243;][et_pb_image src=\u00bbhttps:\/\/www.equiposytalentoeventos.com\/corporate-learning\/wp-content\/uploads\/2021\/10\/Ramo\u0301nGarci\u0301aEspeletaCAIXABANK.jpg\u00bb title_text=\u00bbtalentdaybcn20_0001_susanacortes_novartis\u00bb align_phone=\u00bbleft\u00bb align_last_edited=\u00bbon|phone\u00bb _builder_version=\u00bb3.26.3&#8243; border_color_all=\u00bb#ffffff\u00bb max_width=\u00bb180px\u00bb custom_padding=\u00bb|0px||||\u00bb][\/et_pb_image][et_pb_text _builder_version=\u00bb3.26.3&#8243; text_font=\u00bb||||||||\u00bb text_text_color=\u00bb#ffffff\u00bb text_line_height=\u00bb28px\u00bb custom_margin=\u00bb|||0%|false|false\u00bb custom_margin_phone=\u00bb|||0%|false|false\u00bb custom_margin_last_edited=\u00bbon|desktop\u00bb text_font_size_last_edited=\u00bbon|desktop\u00bb text_line_height_last_edited=\u00bbon|desktop\u00bb]<span style=\"font-size: 24px; color: #68c4d1;\"><strong>Ram\u00f3n Garc\u00eda Espeleta<\/strong><\/span><br \/>\n<span style=\"color: #ffffff;\">gerente de la plataforma Virtaula<\/span><br \/>\n<span style=\"color: #11d8d8; font-size: 15px;\"><strong>CAIXABANK<\/strong><\/span>[\/et_pb_text][et_pb_social_media_follow use_icon_font_size=\u00bbon\u00bb icon_font_size=\u00bb22px\u00bb _builder_version=\u00bb3.26.3&#8243; border_radii=\u00bbon|100px|100px|100px|100px\u00bb custom_button=\u00bbon\u00bb module_alignment=\u00bbleft\u00bb custom_margin=\u00bb0%|||0%|false|false\u00bb custom_margin_phone=\u00bb|||0%|false|false\u00bb custom_margin_last_edited=\u00bbon|desktop\u00bb][et_pb_social_media_follow_network social_network=\u00bblinkedin\u00bb url=\u00bbhttps:\/\/www.linkedin.com\/in\/ramongarciaespe\/\u00bb _builder_version=\u00bb3.26.3&#8243; background_color=\u00bb#007AB9&#8243; background_enable_color=\u00bbon\u00bb follow_button=\u00bboff\u00bb url_new_window=\u00bbon\u00bb]linkedin[\/et_pb_social_media_follow_network][\/et_pb_social_media_follow][\/et_pb_column][et_pb_column type=\u00bb1_4&#8243; _builder_version=\u00bb4.3.2&#8243;][et_pb_image src=\u00bbhttps:\/\/www.equiposytalentoeventos.com\/corporate-learning\/wp-content\/uploads\/2021\/10\/ernesto_barrios-Repsol.jpg\u00bb title_text=\u00bblaura_santacreu\u00bb align_phone=\u00bbleft\u00bb align_last_edited=\u00bbon|phone\u00bb _builder_version=\u00bb3.26.3&#8243; border_color_all=\u00bb#ffffff\u00bb max_width=\u00bb100%\u00bb custom_padding=\u00bb|0px||||\u00bb locked=\u00bboff\u00bb][\/et_pb_image][et_pb_text _builder_version=\u00bb3.26.3&#8243; text_font=\u00bb||||||||\u00bb text_text_color=\u00bb#ffffff\u00bb text_line_height=\u00bb28px\u00bb custom_margin=\u00bb|||0%|false|false\u00bb custom_margin_phone=\u00bb|||0%|false|false\u00bb custom_margin_last_edited=\u00bbon|desktop\u00bb text_font_size_last_edited=\u00bbon|desktop\u00bb text_line_height_last_edited=\u00bbon|desktop\u00bb locked=\u00bboff\u00bb]<span style=\"font-size: 24px; color: #68c4d1;\"><strong><span>Ernesto Barrios<\/span><\/strong><\/span><br \/>\n<span style=\"color: #ffffff;\"><span>Learning Officer Manager<\/span><\/span><br \/>\n<span style=\"color: #11d8d8; font-size: 15px;\"><strong><span>REPSOL<\/span><\/strong><\/span>[\/et_pb_text][et_pb_social_media_follow use_icon_font_size=\u00bbon\u00bb icon_font_size=\u00bb22px\u00bb _builder_version=\u00bb3.26.3&#8243; border_radii=\u00bbon|100px|100px|100px|100px\u00bb custom_button=\u00bbon\u00bb module_alignment=\u00bbleft\u00bb custom_margin=\u00bb0%|||0%|false|false\u00bb custom_margin_phone=\u00bb|||0%|false|false\u00bb custom_margin_last_edited=\u00bbon|desktop\u00bb][et_pb_social_media_follow_network social_network=\u00bblinkedin\u00bb url=\u00bbhttps:\/\/www.linkedin.com\/in\/ernestobarrios\/?locale=es_ES\u00bb _builder_version=\u00bb3.26.3&#8243; background_color=\u00bb#007AB9&#8243; background_enable_color=\u00bbon\u00bb follow_button=\u00bboff\u00bb url_new_window=\u00bbon\u00bb]linkedin[\/et_pb_social_media_follow_network][\/et_pb_social_media_follow][\/et_pb_column][\/et_pb_row][et_pb_row column_structure=\u00bb1_4,1_4,1_4,1_4&#8243; use_custom_gutter=\u00bbon\u00bb gutter_width=\u00bb2&#8243; custom_padding=\u00bb0px|||0px||\u00bb custom_margin=\u00bb2%|auto||auto|false|false\u00bb make_equal=\u00bbon\u00bb disabled_on=\u00bboff|off|off\u00bb _builder_version=\u00bb3.26.3&#8243; width_phone=\u00bb75%\u00bb width_last_edited=\u00bbon|desktop\u00bb max_width_last_edited=\u00bbon|desktop\u00bb module_alignment=\u00bbcenter\u00bb min_height=\u00bb100px\u00bb custom_margin_phone=\u00bb|auto|0%|auto|false|false\u00bb custom_margin_last_edited=\u00bboff|phone\u00bb][et_pb_column type=\u00bb1_4&#8243; _builder_version=\u00bb4.3.2&#8243;][et_pb_image src=\u00bbhttps:\/\/www.equiposytalentoeventos.com\/corporate-learning\/wp-content\/uploads\/2021\/10\/diana_lodin-Generali.jpg\u00bb title_text=\u00bblaura_santacreu\u00bb align_phone=\u00bbleft\u00bb align_last_edited=\u00bbon|phone\u00bb _builder_version=\u00bb3.26.3&#8243; border_color_all=\u00bb#ffffff\u00bb max_width=\u00bb100%\u00bb custom_padding=\u00bb|0px||||\u00bb][\/et_pb_image][et_pb_text _builder_version=\u00bb3.26.3&#8243; text_font=\u00bb||||||||\u00bb text_text_color=\u00bb#ffffff\u00bb text_line_height=\u00bb28px\u00bb custom_margin=\u00bb|||0%|false|false\u00bb custom_margin_phone=\u00bb|||0%|false|false\u00bb custom_margin_last_edited=\u00bbon|desktop\u00bb text_font_size_last_edited=\u00bbon|desktop\u00bb text_line_height_last_edited=\u00bbon|desktop\u00bb]<span style=\"font-size: 24px; color: #68c4d1;\"><strong>Diana Lod\u00edn<\/strong><\/span><br \/>\n<span style=\"color: #ffffff;\">Directora de Talent &amp; Agile<\/span><br \/>\n<span style=\"color: #11d8d8; font-size: 15px;\"><strong>GENERALI ESPA\u00d1A<\/strong><\/span>[\/et_pb_text][et_pb_social_media_follow use_icon_font_size=\u00bbon\u00bb icon_font_size=\u00bb22px\u00bb disabled_on=\u00bboff|off|off\u00bb _builder_version=\u00bb3.26.3&#8243; border_radii=\u00bbon|100px|100px|100px|100px\u00bb custom_button=\u00bbon\u00bb module_alignment=\u00bbleft\u00bb custom_margin=\u00bb0%||||false|false\u00bb custom_margin_phone=\u00bb|||0%|false|false\u00bb custom_margin_last_edited=\u00bbon|desktop\u00bb locked=\u00bboff\u00bb][et_pb_social_media_follow_network social_network=\u00bblinkedin\u00bb url=\u00bbhttps:\/\/www.linkedin.com\/in\/diana-lod%C3%ADn-225728\/?originalSubdomain=es\u00bb _builder_version=\u00bb3.26.3&#8243; background_color=\u00bb#007AB9&#8243; background_enable_color=\u00bbon\u00bb follow_button=\u00bboff\u00bb url_new_window=\u00bbon\u00bb]linkedin[\/et_pb_social_media_follow_network][\/et_pb_social_media_follow][\/et_pb_column][et_pb_column type=\u00bb1_4&#8243; _builder_version=\u00bb4.3.2&#8243;][et_pb_image src=\u00bbhttps:\/\/www.equiposytalentoeventos.com\/corporate-learning\/wp-content\/uploads\/2021\/10\/palmira_garcia_PASCUAL.jpg\u00bb title_text=\u00bblaura_santacreu\u00bb align_phone=\u00bbleft\u00bb align_last_edited=\u00bbon|phone\u00bb _builder_version=\u00bb3.26.3&#8243; border_color_all=\u00bb#ffffff\u00bb max_width=\u00bb180px\u00bb custom_padding=\u00bb|0px||||\u00bb][\/et_pb_image][et_pb_text _builder_version=\u00bb3.26.3&#8243; text_font=\u00bb||||||||\u00bb text_text_color=\u00bb#ffffff\u00bb text_line_height=\u00bb28px\u00bb custom_margin=\u00bb|||0%|false|false\u00bb custom_margin_phone=\u00bb|||0%|false|false\u00bb custom_margin_last_edited=\u00bbon|desktop\u00bb text_font_size_last_edited=\u00bbon|desktop\u00bb text_line_height_last_edited=\u00bbon|desktop\u00bb]<span style=\"font-size: 24px; color: #68c4d1;\"><strong>Palmira Garcia Anton<\/strong><\/span><br \/>\n<span style=\"color: #ffffff;\"><span>Talent, Leadership &amp; Culture Director <\/span><\/span><br \/>\n<span style=\"color: #11d8d8; font-size: 15px;\"><strong><span>PASCUAL<\/span><\/strong><\/span>[\/et_pb_text][et_pb_social_media_follow use_icon_font_size=\u00bbon\u00bb icon_font_size=\u00bb22px\u00bb disabled_on=\u00bboff|off|off\u00bb _builder_version=\u00bb3.26.3&#8243; border_radii=\u00bbon|100px|100px|100px|100px\u00bb custom_button=\u00bbon\u00bb module_alignment=\u00bbleft\u00bb custom_margin=\u00bb0%||||false|false\u00bb custom_margin_phone=\u00bb|||0%|false|false\u00bb custom_margin_last_edited=\u00bbon|desktop\u00bb locked=\u00bboff\u00bb][et_pb_social_media_follow_network social_network=\u00bblinkedin\u00bb url=\u00bbhttps:\/\/www.linkedin.com\/in\/palmiragarciaanton?originalSubdomain=es\u00bb _builder_version=\u00bb3.26.3&#8243; background_color=\u00bb#007AB9&#8243; background_enable_color=\u00bbon\u00bb follow_button=\u00bboff\u00bb url_new_window=\u00bbon\u00bb]linkedin[\/et_pb_social_media_follow_network][\/et_pb_social_media_follow][\/et_pb_column][et_pb_column type=\u00bb1_4&#8243; _builder_version=\u00bb4.3.2&#8243;][et_pb_image src=\u00bbhttps:\/\/www.equiposytalentoeventos.com\/corporate-learning\/wp-content\/uploads\/2021\/10\/Claudio-Herna\u0301ndez-Olalla-ISS.jpg\u00bb title_text=\u00bbvanessa_berrido\u00bb align_phone=\u00bbleft\u00bb align_last_edited=\u00bbon|phone\u00bb _builder_version=\u00bb3.26.3&#8243; border_color_all=\u00bb#ffffff\u00bb max_width=\u00bb180px\u00bb custom_padding=\u00bb|0px||||\u00bb][\/et_pb_image][et_pb_text _builder_version=\u00bb3.26.3&#8243; text_font=\u00bb||||||||\u00bb text_text_color=\u00bb#ffffff\u00bb text_line_height=\u00bb28px\u00bb custom_margin=\u00bb|||0%|false|false\u00bb custom_margin_phone=\u00bb|||0%|false|false\u00bb custom_margin_last_edited=\u00bbon|desktop\u00bb text_font_size_last_edited=\u00bbon|desktop\u00bb text_line_height_last_edited=\u00bbon|desktop\u00bb]<\/p>\n<p><span style=\"font-size: 24px; color: #68c4d1;\"><strong>Claudio Hern\u00e1ndez Olalla<\/strong><\/span><br \/><span style=\"color: #ffffff;\">Learning &amp; Development Manager<\/span><br \/><span style=\"color: #11d8d8; font-size: 15px;\"><strong>ISS FACILITY SERVICES <\/strong><\/span><\/p>\n<p>[\/et_pb_text][et_pb_social_media_follow use_icon_font_size=\u00bbon\u00bb icon_font_size=\u00bb22px\u00bb _builder_version=\u00bb3.26.3&#8243; border_radii=\u00bbon|100px|100px|100px|100px\u00bb custom_button=\u00bbon\u00bb module_alignment=\u00bbleft\u00bb custom_margin=\u00bb0%|||0%|false|false\u00bb custom_margin_phone=\u00bb|||0%|false|false\u00bb custom_margin_last_edited=\u00bbon|desktop\u00bb locked=\u00bboff\u00bb][et_pb_social_media_follow_network social_network=\u00bblinkedin\u00bb url=\u00bbhttps:\/\/www.linkedin.com\/in\/claudio-hernandezolalla\/?originalSubdomain=es\u00bb _builder_version=\u00bb3.26.3&#8243; background_color=\u00bb#007AB9&#8243; background_enable_color=\u00bbon\u00bb follow_button=\u00bboff\u00bb url_new_window=\u00bbon\u00bb]linkedin[\/et_pb_social_media_follow_network][\/et_pb_social_media_follow][\/et_pb_column][et_pb_column type=\u00bb1_4&#8243; _builder_version=\u00bb4.3.2&#8243;][et_pb_image src=\u00bbhttps:\/\/www.equiposytalentoeventos.com\/corporate-learning\/wp-content\/uploads\/2021\/10\/Ana-Rius-Serunion.jpg\u00bb title_text=\u00bbtalentdaybcn20_0003_Ricard-Casas-ISS\u00bb align_phone=\u00bbleft\u00bb align_last_edited=\u00bbon|phone\u00bb _builder_version=\u00bb3.26.3&#8243; border_color_all=\u00bb#ffffff\u00bb max_width=\u00bb180px\u00bb custom_padding=\u00bb|0px||||\u00bb][\/et_pb_image][et_pb_text _builder_version=\u00bb3.26.3&#8243; text_font=\u00bb||||||||\u00bb text_text_color=\u00bb#ffffff\u00bb text_line_height=\u00bb28px\u00bb custom_margin=\u00bb|||0%|false|false\u00bb custom_margin_phone=\u00bb|||0%|false|false\u00bb custom_margin_last_edited=\u00bbon|desktop\u00bb text_font_size_last_edited=\u00bbon|desktop\u00bb text_line_height_last_edited=\u00bbon|desktop\u00bb]<span style=\"font-size: 24px; color: #68c4d1;\"><strong><span>Ana Bel\u00e9n Rius<\/span><\/strong><\/span><br \/>\n<span style=\"color: #ffffff;\"><span>Desarrollo de Recursos Humanos <\/span><\/span><br \/>\n<span style=\"color: #11d8d8; font-size: 15px;\"><strong>SERUNI\u00d3N<\/strong><\/span>[\/et_pb_text][et_pb_social_media_follow use_icon_font_size=\u00bbon\u00bb icon_font_size=\u00bb22px\u00bb _builder_version=\u00bb3.26.3&#8243; border_radii=\u00bbon|100px|100px|100px|100px\u00bb custom_button=\u00bbon\u00bb module_alignment=\u00bbleft\u00bb custom_margin=\u00bb0%|||0%|false|false\u00bb custom_margin_phone=\u00bb|||0%|false|false\u00bb custom_margin_last_edited=\u00bbon|desktop\u00bb locked=\u00bboff\u00bb][et_pb_social_media_follow_network social_network=\u00bblinkedin\u00bb url=\u00bbhttps:\/\/www.linkedin.com\/in\/ana-rius-71176429\/?originalSubdomain=es\u00bb _builder_version=\u00bb3.26.3&#8243; background_color=\u00bb#007AB9&#8243; background_enable_color=\u00bbon\u00bb follow_button=\u00bboff\u00bb url_new_window=\u00bbon\u00bb]linkedin[\/et_pb_social_media_follow_network][\/et_pb_social_media_follow][\/et_pb_column][\/et_pb_row][et_pb_row column_structure=\u00bb1_4,1_4,1_4,1_4&#8243; use_custom_gutter=\u00bbon\u00bb gutter_width=\u00bb2&#8243; custom_padding=\u00bb0px|||0px||\u00bb custom_margin=\u00bb2%|auto||auto|false|false\u00bb make_equal=\u00bbon\u00bb disabled_on=\u00bboff|off|off\u00bb _builder_version=\u00bb3.26.3&#8243; width_phone=\u00bb75%\u00bb width_last_edited=\u00bbon|desktop\u00bb max_width_last_edited=\u00bbon|desktop\u00bb module_alignment=\u00bbcenter\u00bb min_height=\u00bb100px\u00bb custom_margin_phone=\u00bb|auto|0%|auto|false|false\u00bb custom_margin_last_edited=\u00bboff|phone\u00bb][et_pb_column type=\u00bb1_4&#8243; _builder_version=\u00bb4.3.2&#8243;][et_pb_image src=\u00bbhttps:\/\/www.equiposytalentoeventos.com\/corporate-learning\/wp-content\/uploads\/2021\/10\/TeresaAntono_CERALTO_SIRO.jpeg\u00bb title_text=\u00bblaura_santacreu\u00bb align_phone=\u00bbleft\u00bb align_last_edited=\u00bbon|phone\u00bb disabled_on=\u00bboff|off|off\u00bb _builder_version=\u00bb3.26.3&#8243; border_color_all=\u00bb#ffffff\u00bb max_width=\u00bb180px\u00bb custom_padding=\u00bb|0px||||\u00bb][\/et_pb_image][et_pb_text _builder_version=\u00bb3.26.3&#8243; text_font=\u00bb||||||||\u00bb text_text_color=\u00bb#ffffff\u00bb text_line_height=\u00bb28px\u00bb custom_margin=\u00bb|||0%|false|false\u00bb custom_margin_phone=\u00bb|||0%|false|false\u00bb custom_margin_last_edited=\u00bbon|desktop\u00bb text_font_size_last_edited=\u00bbon|desktop\u00bb text_line_height_last_edited=\u00bbon|desktop\u00bb]<span style=\"font-size: 24px; color: #68c4d1;\"><strong><span>Teresa Ant\u00f3n<\/span><\/strong><\/span><br \/>\n<span style=\"color: #ffffff;\"><span>Head of Talent Management<\/span><\/span><br \/>\n<span style=\"color: #11d8d8; font-size: 15px;\"><strong><span>CERALTO SIRO FOODS<\/span><\/strong><\/span>[\/et_pb_text][et_pb_social_media_follow use_icon_font_size=\u00bbon\u00bb icon_font_size=\u00bb22px\u00bb _builder_version=\u00bb3.26.3&#8243; border_radii=\u00bbon|100px|100px|100px|100px\u00bb custom_button=\u00bbon\u00bb module_alignment=\u00bbleft\u00bb custom_margin=\u00bb0%|||0%|false|false\u00bb custom_margin_phone=\u00bb|||0%|false|false\u00bb custom_margin_last_edited=\u00bbon|desktop\u00bb][et_pb_social_media_follow_network social_network=\u00bblinkedin\u00bb url=\u00bbhttps:\/\/es.linkedin.com\/in\/teresaanton\u00bb _builder_version=\u00bb3.26.3&#8243; background_color=\u00bb#007AB9&#8243; background_enable_color=\u00bbon\u00bb follow_button=\u00bboff\u00bb url_new_window=\u00bbon\u00bb]linkedin[\/et_pb_social_media_follow_network][\/et_pb_social_media_follow][\/et_pb_column][et_pb_column type=\u00bb1_4&#8243; _builder_version=\u00bb4.3.2&#8243;][et_pb_image src=\u00bbhttps:\/\/www.equiposytalentoeventos.com\/corporate-learning\/wp-content\/uploads\/2021\/10\/Marta-Sainz-Banca-March.jpg\u00bb title_text=\u00bbvanessa_berrido\u00bb align_phone=\u00bbleft\u00bb align_last_edited=\u00bbon|phone\u00bb _builder_version=\u00bb3.26.3&#8243; border_color_all=\u00bb#ffffff\u00bb max_width=\u00bb180px\u00bb custom_padding=\u00bb|0px||||\u00bb][\/et_pb_image][et_pb_text _builder_version=\u00bb3.26.3&#8243; text_font=\u00bb||||||||\u00bb text_text_color=\u00bb#ffffff\u00bb text_line_height=\u00bb28px\u00bb custom_margin=\u00bb|||0%|false|false\u00bb custom_margin_phone=\u00bb|||0%|false|false\u00bb custom_margin_last_edited=\u00bbon|desktop\u00bb text_font_size_last_edited=\u00bbon|desktop\u00bb text_line_height_last_edited=\u00bbon|desktop\u00bb]<span style=\"font-size: 24px; color: #68c4d1;\"><strong><span>Marta Sainz de los Terreros<br \/>\n<\/span><\/strong><\/span><span style=\"color: #ffffff;\"><span>Coordinadora Desarrollo Profesional y Formaci\u00f3n<br \/>\n<strong><span style=\"font-size: 15px; color: #11d8d8;\">BANCA MARCH<\/span><\/strong><\/span><\/span><span style=\"font-size: 15px;\"><strong><span style=\"color: rgba(255, 255, 255, 0);\"><\/span><\/strong><\/span>[\/et_pb_text][et_pb_social_media_follow use_icon_font_size=\u00bbon\u00bb icon_font_size=\u00bb22px\u00bb _builder_version=\u00bb3.26.3&#8243; border_radii=\u00bbon|100px|100px|100px|100px\u00bb custom_button=\u00bbon\u00bb module_alignment=\u00bbleft\u00bb custom_margin=\u00bb0%|||0%|false|false\u00bb custom_margin_phone=\u00bb|||0%|false|false\u00bb custom_margin_last_edited=\u00bbon|desktop\u00bb][et_pb_social_media_follow_network social_network=\u00bblinkedin\u00bb url=\u00bbhttps:\/\/www.linkedin.com\/in\/martasainzdelosterreros\/\u00bb _builder_version=\u00bb3.26.3&#8243; background_color=\u00bb#007AB9&#8243; background_enable_color=\u00bbon\u00bb follow_button=\u00bboff\u00bb url_new_window=\u00bbon\u00bb]linkedin[\/et_pb_social_media_follow_network][\/et_pb_social_media_follow][\/et_pb_column][et_pb_column type=\u00bb1_4&#8243; _builder_version=\u00bb4.3.2&#8243;][et_pb_image src=\u00bbhttps:\/\/www.equiposytalentoeventos.com\/corporate-learning\/wp-content\/uploads\/2021\/10\/Cristina-Esteban-Mutua.jpg\u00bb title_text=\u00bbvanessa_berrido\u00bb align_phone=\u00bbleft\u00bb align_last_edited=\u00bbon|phone\u00bb _builder_version=\u00bb3.26.3&#8243; border_color_all=\u00bb#ffffff\u00bb max_width=\u00bb180px\u00bb custom_padding=\u00bb|0px||||\u00bb][\/et_pb_image][et_pb_text _builder_version=\u00bb3.26.3&#8243; text_font=\u00bb||||||||\u00bb text_text_color=\u00bb#ffffff\u00bb text_line_height=\u00bb28px\u00bb custom_margin=\u00bb|||0%|false|false\u00bb custom_margin_phone=\u00bb|||0%|false|false\u00bb custom_margin_last_edited=\u00bbon|desktop\u00bb text_font_size_last_edited=\u00bbon|desktop\u00bb text_line_height_last_edited=\u00bbon|desktop\u00bb]<span style=\"font-size: 24px; color: #68c4d1;\"><strong><span>Cristina Esteban<\/span><\/strong><\/span><br \/>\n<span style=\"color: #ffffff;\"><span>Gerente de Atracci\u00f3n y Formaci\u00f3n del Talento<\/span><\/span><br \/>\n<span style=\"color: #11d8d8; font-size: 15px;\"><strong>MUTUA MADRILE\u00d1A<\/strong><\/span>[\/et_pb_text][et_pb_social_media_follow use_icon_font_size=\u00bbon\u00bb icon_font_size=\u00bb22px\u00bb _builder_version=\u00bb3.26.3&#8243; border_radii=\u00bbon|100px|100px|100px|100px\u00bb custom_button=\u00bbon\u00bb module_alignment=\u00bbleft\u00bb custom_margin=\u00bb0%|||0%|false|false\u00bb custom_margin_phone=\u00bb|||0%|false|false\u00bb custom_margin_last_edited=\u00bbon|desktop\u00bb][et_pb_social_media_follow_network social_network=\u00bblinkedin\u00bb url=\u00bbhttps:\/\/www.linkedin.com\/in\/cristina-esteban-823b20a6\/?originalSubdomain=es\u00bb _builder_version=\u00bb3.26.3&#8243; background_color=\u00bb#007AB9&#8243; background_enable_color=\u00bbon\u00bb follow_button=\u00bboff\u00bb url_new_window=\u00bbon\u00bb]linkedin[\/et_pb_social_media_follow_network][\/et_pb_social_media_follow][\/et_pb_column][et_pb_column type=\u00bb1_4&#8243; _builder_version=\u00bb4.3.2&#8243;][et_pb_image src=\u00bbhttps:\/\/www.equiposytalentoeventos.com\/corporate-learning\/wp-content\/uploads\/2021\/10\/JoseLuisAusinNATURGY.jpg\u00bb title_text=\u00bblaura_santacreu\u00bb align_phone=\u00bbleft\u00bb align_last_edited=\u00bbon|phone\u00bb _builder_version=\u00bb3.26.3&#8243; border_color_all=\u00bb#ffffff\u00bb max_width=\u00bb180px\u00bb custom_padding=\u00bb|0px||||\u00bb][\/et_pb_image][et_pb_text _builder_version=\u00bb3.26.3&#8243; text_font=\u00bb||||||||\u00bb text_text_color=\u00bb#ffffff\u00bb text_line_height=\u00bb28px\u00bb custom_margin=\u00bb|||0%|false|false\u00bb custom_margin_phone=\u00bb|||0%|false|false\u00bb custom_margin_last_edited=\u00bbon|desktop\u00bb text_font_size_last_edited=\u00bbon|desktop\u00bb text_line_height_last_edited=\u00bbon|desktop\u00bb]<span style=\"font-size: 24px; color: #68c4d1;\"><strong><span>Jose Luis Ausin<\/span><\/strong><\/span><br \/>\n<span style=\"color: #ffffff;\"><span>Responsable de la Universidad Corporativa<\/span><\/span><br \/>\n<span style=\"color: #11d8d8; font-size: 15px;\"><strong><span>NATURGY<\/span><\/strong><\/span>[\/et_pb_text][et_pb_social_media_follow use_icon_font_size=\u00bbon\u00bb icon_font_size=\u00bb22px\u00bb _builder_version=\u00bb3.26.3&#8243; border_radii=\u00bbon|100px|100px|100px|100px\u00bb custom_button=\u00bbon\u00bb module_alignment=\u00bbleft\u00bb custom_margin=\u00bb0%|||0%|false|false\u00bb custom_margin_phone=\u00bb|||0%|false|false\u00bb custom_margin_last_edited=\u00bbon|desktop\u00bb][et_pb_social_media_follow_network social_network=\u00bblinkedin\u00bb url=\u00bbhttps:\/\/www.linkedin.com\/in\/jose-luis-ausin-83aa61210\/?originalSubdomain=es\u00bb _builder_version=\u00bb3.26.3&#8243; background_color=\u00bb#007AB9&#8243; background_enable_color=\u00bbon\u00bb follow_button=\u00bboff\u00bb url_new_window=\u00bbon\u00bb]linkedin[\/et_pb_social_media_follow_network][\/et_pb_social_media_follow][\/et_pb_column][\/et_pb_row][et_pb_row column_structure=\u00bb1_4,1_4,1_4,1_4&#8243; use_custom_gutter=\u00bbon\u00bb gutter_width=\u00bb2&#8243; custom_padding=\u00bb0px|||0px||\u00bb custom_margin=\u00bb2%|auto||auto|false|false\u00bb make_equal=\u00bbon\u00bb disabled_on=\u00bboff|off|off\u00bb _builder_version=\u00bb3.26.3&#8243; width_phone=\u00bb75%\u00bb width_last_edited=\u00bbon|desktop\u00bb max_width_last_edited=\u00bbon|desktop\u00bb module_alignment=\u00bbcenter\u00bb min_height=\u00bb100px\u00bb custom_margin_phone=\u00bb|auto|0%|auto|false|false\u00bb custom_margin_last_edited=\u00bboff|phone\u00bb][et_pb_column type=\u00bb1_4&#8243; _builder_version=\u00bb4.3.2&#8243;][et_pb_image src=\u00bbhttps:\/\/www.equiposytalentoeventos.com\/corporate-learning\/wp-content\/uploads\/2021\/10\/Pilar-Concejo-BBVA.jpg\u00bb title_text=\u00bbvanessa_berrido\u00bb align_phone=\u00bbleft\u00bb align_last_edited=\u00bbon|phone\u00bb _builder_version=\u00bb3.26.3&#8243; border_color_all=\u00bb#ffffff\u00bb max_width=\u00bb180px\u00bb custom_padding=\u00bb|0px||||\u00bb][\/et_pb_image][et_pb_text _builder_version=\u00bb3.26.3&#8243; text_font=\u00bb||||||||\u00bb text_text_color=\u00bb#ffffff\u00bb text_line_height=\u00bb28px\u00bb custom_margin=\u00bb|||0%|false|false\u00bb custom_margin_phone=\u00bb|||0%|false|false\u00bb custom_margin_last_edited=\u00bbon|desktop\u00bb text_font_size_last_edited=\u00bbon|desktop\u00bb text_line_height_last_edited=\u00bbon|desktop\u00bb]<span style=\"font-size: 24px; color: #68c4d1;\"><strong><span>Pilar Concejo<\/span><\/strong><\/span><br \/>\n<span style=\"color: #ffffff;\"><span>Directora de Formaci\u00f3n y Gesti\u00f3n del Talento<\/span><\/span><br \/>\n<span style=\"color: #11d8d8; font-size: 15px;\"><strong><span>BBVA<\/span><\/strong><\/span>[\/et_pb_text][et_pb_social_media_follow use_icon_font_size=\u00bbon\u00bb icon_font_size=\u00bb22px\u00bb _builder_version=\u00bb3.26.3&#8243; border_radii=\u00bbon|100px|100px|100px|100px\u00bb custom_button=\u00bbon\u00bb module_alignment=\u00bbleft\u00bb custom_margin=\u00bb0%|||0%|false|false\u00bb custom_margin_phone=\u00bb|||0%|false|false\u00bb custom_margin_last_edited=\u00bbon|desktop\u00bb][et_pb_social_media_follow_network social_network=\u00bblinkedin\u00bb url=\u00bbhttps:\/\/www.linkedin.com\/in\/pilar-concejo-548010b4?originalSubdomain=es\u00bb _builder_version=\u00bb3.26.3&#8243; background_color=\u00bb#007AB9&#8243; background_enable_color=\u00bbon\u00bb follow_button=\u00bboff\u00bb url_new_window=\u00bbon\u00bb]linkedin[\/et_pb_social_media_follow_network][\/et_pb_social_media_follow][\/et_pb_column][et_pb_column type=\u00bb1_4&#8243; _builder_version=\u00bb4.3.2&#8243;][et_pb_image src=\u00bbhttps:\/\/www.equiposytalentoeventos.com\/corporate-learning\/wp-content\/uploads\/2021\/10\/Alberto-Gonza\u0301lez-de-Mena-BBVA.jpg\u00bb title_text=\u00bblaura_santacreu\u00bb align_phone=\u00bbleft\u00bb align_last_edited=\u00bbon|phone\u00bb _builder_version=\u00bb3.26.3&#8243; border_color_all=\u00bb#ffffff\u00bb max_width=\u00bb180px\u00bb custom_padding=\u00bb|0px||||\u00bb][\/et_pb_image][et_pb_text _builder_version=\u00bb3.26.3&#8243; text_font=\u00bb||||||||\u00bb text_text_color=\u00bb#ffffff\u00bb text_line_height=\u00bb28px\u00bb custom_margin=\u00bb|||0%|false|false\u00bb custom_margin_phone=\u00bb|||0%|false|false\u00bb custom_margin_last_edited=\u00bbon|desktop\u00bb text_font_size_last_edited=\u00bbon|desktop\u00bb text_line_height_last_edited=\u00bbon|desktop\u00bb]<\/p>\n<p><span style=\"font-size: 24px; color: #68c4d1;\"><strong><span>Alberto Gonz\u00e1lez de Mena<\/span><\/strong><\/span><br \/><span style=\"color: #ffffff;\"><span>Learning Discipline Manager<\/span><\/span><br \/><span style=\"color: #11d8d8; font-size: 15px;\"><strong><span>BBVA<\/span><\/strong><\/span><\/p>\n<p>[\/et_pb_text][et_pb_social_media_follow use_icon_font_size=\u00bbon\u00bb icon_font_size=\u00bb22px\u00bb _builder_version=\u00bb3.26.3&#8243; border_radii=\u00bbon|100px|100px|100px|100px\u00bb custom_button=\u00bbon\u00bb module_alignment=\u00bbleft\u00bb custom_margin=\u00bb0%|||0%|false|false\u00bb custom_margin_phone=\u00bb|||0%|false|false\u00bb custom_margin_last_edited=\u00bbon|desktop\u00bb][et_pb_social_media_follow_network social_network=\u00bblinkedin\u00bb url=\u00bbhttps:\/\/www.linkedin.com\/in\/ealbertogonz%C3%A1lezdemena?originalSubdomain=es\u00bb _builder_version=\u00bb3.26.3&#8243; background_color=\u00bb#007AB9&#8243; background_enable_color=\u00bbon\u00bb follow_button=\u00bboff\u00bb url_new_window=\u00bbon\u00bb]linkedin[\/et_pb_social_media_follow_network][\/et_pb_social_media_follow][\/et_pb_column][et_pb_column type=\u00bb1_4&#8243; _builder_version=\u00bb4.3.2&#8243;][et_pb_image src=\u00bbhttps:\/\/www.equiposytalentoeventos.com\/corporate-learning\/wp-content\/uploads\/2021\/10\/Delia-Carmona-VIACOM.jpg\u00bb title_text=\u00bbvanessa_berrido\u00bb align_phone=\u00bbleft\u00bb align_last_edited=\u00bbon|phone\u00bb _builder_version=\u00bb3.26.3&#8243; border_color_all=\u00bb#ffffff\u00bb max_width=\u00bb100%\u00bb custom_padding=\u00bb|0px||||\u00bb][\/et_pb_image][et_pb_text _builder_version=\u00bb3.26.3&#8243; text_font=\u00bb||||||||\u00bb text_text_color=\u00bb#ffffff\u00bb text_line_height=\u00bb28px\u00bb custom_margin=\u00bb|||0%|false|false\u00bb custom_margin_phone=\u00bb|||0%|false|false\u00bb custom_margin_last_edited=\u00bbon|desktop\u00bb text_font_size_last_edited=\u00bbon|desktop\u00bb text_line_height_last_edited=\u00bbon|desktop\u00bb]<span style=\"font-size: 24px; color: #68c4d1;\"><strong><span>Delia Carmona<\/span><\/strong><\/span><br \/>\n<span style=\"color: #ffffff;\"><span>People Development Senior Director<\/span><\/span><br \/>\n<span style=\"color: #11d8d8; font-size: 15px;\"><strong><span>VIACOMCBS<\/span><\/strong><\/span>[\/et_pb_text][et_pb_social_media_follow use_icon_font_size=\u00bbon\u00bb icon_font_size=\u00bb22px\u00bb _builder_version=\u00bb3.26.3&#8243; border_radii=\u00bbon|100px|100px|100px|100px\u00bb custom_button=\u00bbon\u00bb module_alignment=\u00bbleft\u00bb custom_margin=\u00bb0%|||0%|false|false\u00bb custom_margin_phone=\u00bb|||0%|false|false\u00bb custom_margin_last_edited=\u00bbon|desktop\u00bb][et_pb_social_media_follow_network social_network=\u00bblinkedin\u00bb url=\u00bbhttps:\/\/www.linkedin.com\/in\/deliacarmona?originalSubdomain=es\u00bb _builder_version=\u00bb3.26.3&#8243; background_color=\u00bb#007AB9&#8243; background_enable_color=\u00bbon\u00bb follow_button=\u00bboff\u00bb url_new_window=\u00bbon\u00bb]linkedin[\/et_pb_social_media_follow_network][\/et_pb_social_media_follow][\/et_pb_column][et_pb_column type=\u00bb1_4&#8243; _builder_version=\u00bb4.3.2&#8243;][et_pb_image src=\u00bbhttps:\/\/www.equiposytalentoeventos.com\/corporate-learning\/wp-content\/uploads\/2021\/10\/Diana_Cubero-Kiabi-1.jpg\u00bb title_text=\u00bblaura_santacreu\u00bb align_phone=\u00bbleft\u00bb align_last_edited=\u00bbon|phone\u00bb disabled_on=\u00bboff|off|off\u00bb _builder_version=\u00bb3.26.3&#8243; border_color_all=\u00bb#ffffff\u00bb max_width=\u00bb180px\u00bb custom_padding=\u00bb|0px||||\u00bb][\/et_pb_image][et_pb_text disabled_on=\u00bboff|off|off\u00bb _builder_version=\u00bb3.26.3&#8243; text_font=\u00bb||||||||\u00bb text_text_color=\u00bb#ffffff\u00bb text_line_height=\u00bb28px\u00bb custom_margin=\u00bb|||0%|false|false\u00bb custom_margin_phone=\u00bb|||0%|false|false\u00bb custom_margin_last_edited=\u00bbon|desktop\u00bb text_font_size_last_edited=\u00bbon|desktop\u00bb text_line_height_last_edited=\u00bbon|desktop\u00bb]<span style=\"font-size: 24px; color: #68c4d1;\"><strong><span>Diana Cubero<\/span><\/strong><\/span><br \/>\n<span style=\"color: #ffffff;\"><span>Talent Manager <\/span><\/span><br \/>\n<span style=\"color: #11d8d8; font-size: 15px;\"><strong><span>KIABI<\/span><\/strong><\/span>[\/et_pb_text][\/et_pb_column][\/et_pb_row][et_pb_row column_structure=\u00bb1_4,1_4,1_4,1_4&#8243; use_custom_gutter=\u00bbon\u00bb gutter_width=\u00bb2&#8243; custom_padding=\u00bb0px|||0px||\u00bb custom_margin=\u00bb2%|auto||auto|false|false\u00bb make_equal=\u00bbon\u00bb disabled_on=\u00bboff|off|off\u00bb _builder_version=\u00bb3.26.3&#8243; width_phone=\u00bb75%\u00bb width_last_edited=\u00bbon|desktop\u00bb max_width_last_edited=\u00bbon|desktop\u00bb module_alignment=\u00bbcenter\u00bb min_height=\u00bb100px\u00bb custom_margin_phone=\u00bb|auto|0%|auto|false|false\u00bb custom_margin_last_edited=\u00bboff|phone\u00bb][et_pb_column type=\u00bb1_4&#8243; _builder_version=\u00bb4.3.2&#8243;][et_pb_image src=\u00bbhttps:\/\/www.equiposytalentoeventos.com\/corporate-learning\/wp-content\/uploads\/2021\/11\/Eva-Astorga-MAHOU-SAN-MIGUEL-edit.jpg\u00bb title_text=\u00bbvanessa_berrido\u00bb align_phone=\u00bbleft\u00bb align_last_edited=\u00bbon|phone\u00bb _builder_version=\u00bb3.26.3&#8243; border_color_all=\u00bb#ffffff\u00bb max_width=\u00bb180px\u00bb custom_padding=\u00bb|0px||||\u00bb][\/et_pb_image][et_pb_text _builder_version=\u00bb3.26.3&#8243; text_font=\u00bb||||||||\u00bb text_text_color=\u00bb#ffffff\u00bb text_line_height=\u00bb28px\u00bb custom_margin=\u00bb|||0%|false|false\u00bb custom_margin_phone=\u00bb|||0%|false|false\u00bb custom_margin_last_edited=\u00bbon|desktop\u00bb text_font_size_last_edited=\u00bbon|desktop\u00bb text_line_height_last_edited=\u00bbon|desktop\u00bb]<span style=\"font-size: 24px; color: #68c4d1;\"><strong><span>Eva Astorga<\/span><\/strong><\/span><br \/>\n<span style=\"color: #ffffff;\"><span>Digital Talent Leader<\/span><\/span><br \/>\n<span style=\"color: #11d8d8; font-size: 15px;\"><strong><span>MAHOU SAN MIGUEL<\/span><\/strong><\/span>[\/et_pb_text][et_pb_social_media_follow use_icon_font_size=\u00bbon\u00bb icon_font_size=\u00bb22px\u00bb _builder_version=\u00bb3.26.3&#8243; border_radii=\u00bbon|100px|100px|100px|100px\u00bb custom_button=\u00bbon\u00bb module_alignment=\u00bbleft\u00bb custom_margin=\u00bb0%|||0%|false|false\u00bb custom_margin_phone=\u00bb|||0%|false|false\u00bb custom_margin_last_edited=\u00bbon|desktop\u00bb][et_pb_social_media_follow_network social_network=\u00bblinkedin\u00bb url=\u00bbhttps:\/\/www.linkedin.com\/in\/eastorga\/?originalSubdomain=es\u00bb _builder_version=\u00bb3.26.3&#8243; background_color=\u00bb#007AB9&#8243; background_enable_color=\u00bbon\u00bb follow_button=\u00bboff\u00bb url_new_window=\u00bbon\u00bb]linkedin[\/et_pb_social_media_follow_network][\/et_pb_social_media_follow][\/et_pb_column][et_pb_column type=\u00bb1_4&#8243; _builder_version=\u00bb4.3.2&#8243;][et_pb_image src=\u00bbhttps:\/\/www.equiposytalentoeventos.com\/corporate-learning\/wp-content\/uploads\/2021\/10\/pablo_flores_Heineken.jpg\u00bb title_text=\u00bblaura_santacreu\u00bb align_phone=\u00bbleft\u00bb align_last_edited=\u00bbon|phone\u00bb _builder_version=\u00bb3.26.3&#8243; border_color_all=\u00bb#ffffff\u00bb max_width=\u00bb180px\u00bb custom_padding=\u00bb|0px||||\u00bb][\/et_pb_image][et_pb_text _builder_version=\u00bb3.26.3&#8243; text_font=\u00bb||||||||\u00bb text_text_color=\u00bb#ffffff\u00bb text_line_height=\u00bb28px\u00bb custom_margin=\u00bb|||0%|false|false\u00bb custom_margin_phone=\u00bb|||0%|false|false\u00bb custom_margin_last_edited=\u00bbon|desktop\u00bb text_font_size_last_edited=\u00bbon|desktop\u00bb text_line_height_last_edited=\u00bbon|desktop\u00bb]<\/p>\n<p><span style=\"font-size: 24px; color: #68c4d1;\"><strong><span>Pablo Flores<\/span><\/strong><\/span><br \/><span style=\"color: #ffffff;\"><span>Head of Leadership, Talent &amp; Rewards <\/span><\/span><br \/><span style=\"color: #11d8d8; font-size: 15px;\"><strong><span>HEINEKEN<\/span><\/strong><\/span><\/p>\n<p>[\/et_pb_text][et_pb_social_media_follow use_icon_font_size=\u00bbon\u00bb icon_font_size=\u00bb22px\u00bb _builder_version=\u00bb3.26.3&#8243; border_radii=\u00bbon|100px|100px|100px|100px\u00bb custom_button=\u00bbon\u00bb module_alignment=\u00bbleft\u00bb custom_margin=\u00bb0%|||0%|false|false\u00bb custom_margin_phone=\u00bb|||0%|false|false\u00bb custom_margin_last_edited=\u00bbon|desktop\u00bb][et_pb_social_media_follow_network social_network=\u00bblinkedin\u00bb url=\u00bbhttps:\/\/www.linkedin.com\/in\/pablo-flores-chacartegui\/?locale=en_US\u00bb _builder_version=\u00bb3.26.3&#8243; background_color=\u00bb#007AB9&#8243; background_enable_color=\u00bbon\u00bb follow_button=\u00bboff\u00bb url_new_window=\u00bbon\u00bb]linkedin[\/et_pb_social_media_follow_network][\/et_pb_social_media_follow][\/et_pb_column][et_pb_column type=\u00bb1_4&#8243; _builder_version=\u00bb4.3.2&#8243;][et_pb_image src=\u00bbhttps:\/\/www.equiposytalentoeventos.com\/corporate-learning\/wp-content\/uploads\/2021\/10\/roberto_prada_TELEFONICA.jpg\u00bb title_text=\u00bbvanessa_berrido\u00bb align_phone=\u00bbleft\u00bb align_last_edited=\u00bbon|phone\u00bb _builder_version=\u00bb3.26.3&#8243; border_color_all=\u00bb#ffffff\u00bb max_width=\u00bb180px\u00bb custom_padding=\u00bb|0px||||\u00bb][\/et_pb_image][et_pb_text _builder_version=\u00bb3.26.3&#8243; text_font=\u00bb||||||||\u00bb text_text_color=\u00bb#ffffff\u00bb text_line_height=\u00bb28px\u00bb custom_margin=\u00bb|||0%|false|false\u00bb custom_margin_phone=\u00bb|||0%|false|false\u00bb custom_margin_last_edited=\u00bbon|desktop\u00bb text_font_size_last_edited=\u00bbon|desktop\u00bb text_line_height_last_edited=\u00bbon|desktop\u00bb]<span style=\"font-size: 24px; color: #68c4d1;\"><strong><span>Roberto Pradas<\/span><\/strong><\/span><br \/>\n<span style=\"color: #ffffff;\"><span>Gerente de Aprendizaje<\/span><\/span><br \/>\n<span style=\"color: #11d8d8; font-size: 15px;\"><strong><span>TELEF\u00d3NICA<\/span><\/strong><\/span>[\/et_pb_text][\/et_pb_column][et_pb_column type=\u00bb1_4&#8243; _builder_version=\u00bb4.3.2&#8243;][et_pb_image src=\u00bbhttps:\/\/www.equiposytalentoeventos.com\/corporate-learning\/wp-content\/uploads\/2021\/11\/Fernando-Casares-correos.jpg\u00bb title_text=\u00bblaura_santacreu\u00bb align_phone=\u00bbleft\u00bb align_last_edited=\u00bbon|phone\u00bb disabled_on=\u00bboff|off|off\u00bb _builder_version=\u00bb3.26.3&#8243; border_color_all=\u00bb#ffffff\u00bb max_width=\u00bb180px\u00bb custom_padding=\u00bb|0px||||\u00bb][\/et_pb_image][et_pb_text disabled_on=\u00bboff|off|off\u00bb _builder_version=\u00bb3.26.3&#8243; text_font=\u00bb||||||||\u00bb text_text_color=\u00bb#ffffff\u00bb text_line_height=\u00bb28px\u00bb custom_margin=\u00bb|||0%|false|false\u00bb custom_margin_phone=\u00bb|||0%|false|false\u00bb custom_margin_last_edited=\u00bbon|desktop\u00bb text_font_size_last_edited=\u00bbon|desktop\u00bb text_line_height_last_edited=\u00bbon|desktop\u00bb]<span style=\"font-size: 24px; color: #68c4d1;\"><strong><span>Fernando Casares<\/span><\/strong><\/span><br \/>\n<span style=\"color: #ffffff;\"><span>Responsable de soluciones de aprendizaje<\/span><\/span><br \/>\n<span style=\"color: #11d8d8; font-size: 15px;\"><strong><span>CORREOS<\/span><\/strong><\/span>[\/et_pb_text][\/et_pb_column][\/et_pb_row][et_pb_row column_structure=\u00bb1_4,1_4,1_4,1_4&#8243; use_custom_gutter=\u00bbon\u00bb gutter_width=\u00bb2&#8243; custom_padding=\u00bb0px|||0px||\u00bb custom_margin=\u00bb2%|auto||auto|false|false\u00bb make_equal=\u00bbon\u00bb disabled_on=\u00bboff|off|off\u00bb _builder_version=\u00bb3.26.3&#8243; border_color_all=\u00bb#ffffff\u00bb width_phone=\u00bb75%\u00bb width_last_edited=\u00bbon|desktop\u00bb max_width_last_edited=\u00bbon|desktop\u00bb module_alignment=\u00bbcenter\u00bb min_height=\u00bb100px\u00bb custom_margin_phone=\u00bb|auto|0%|auto|false|false\u00bb custom_margin_last_edited=\u00bboff|phone\u00bb][et_pb_column type=\u00bb1_4&#8243; _builder_version=\u00bb4.3.2&#8243;][et_pb_image src=\u00bbhttps:\/\/www.equiposytalentoeventos.com\/corporate-learning\/wp-content\/uploads\/2021\/10\/Captura-de-pantalla-2021-10-27-a-las-16.51.31.png\u00bb title_text=\u00bbvanessa_berrido\u00bb align_phone=\u00bbleft\u00bb align_last_edited=\u00bbon|phone\u00bb _builder_version=\u00bb3.26.3&#8243; border_color_all=\u00bb#ffffff\u00bb max_width=\u00bb180px\u00bb custom_padding=\u00bb|0px||||\u00bb][\/et_pb_image][et_pb_text _builder_version=\u00bb3.26.3&#8243; text_font=\u00bb||||||||\u00bb text_text_color=\u00bb#ffffff\u00bb text_line_height=\u00bb28px\u00bb custom_margin=\u00bb|||0%|false|false\u00bb custom_margin_phone=\u00bb|||0%|false|false\u00bb custom_margin_last_edited=\u00bbon|desktop\u00bb text_font_size_last_edited=\u00bbon|desktop\u00bb text_line_height_last_edited=\u00bbon|desktop\u00bb]<span style=\"font-size: 24px; color: #68c4d1;\"><strong><span>In\u00e9s Navarro M\u00e9ndez<\/span><\/strong><\/span><br \/>\n<span style=\"color: #ffffff;\"><span>Talent Manager <\/span><\/span><br \/>\n<span style=\"color: #11d8d8; font-size: 15px;\"><strong><span>\u00c1REAS<\/span><\/strong><\/span>[\/et_pb_text][et_pb_social_media_follow use_icon_font_size=\u00bbon\u00bb icon_font_size=\u00bb22px\u00bb _builder_version=\u00bb3.26.3&#8243; border_radii=\u00bbon|100px|100px|100px|100px\u00bb custom_button=\u00bbon\u00bb module_alignment=\u00bbleft\u00bb custom_margin=\u00bb0%|||0%|false|false\u00bb custom_margin_phone=\u00bb|||0%|false|false\u00bb custom_margin_last_edited=\u00bbon|desktop\u00bb][et_pb_social_media_follow_network social_network=\u00bblinkedin\u00bb url=\u00bbhttps:\/\/www.linkedin.com\/in\/in\u00e9s-navarro-m\u00e9ndez-3a52066\/?originalSubdomain=es\u00bb _builder_version=\u00bb3.26.3&#8243; background_color=\u00bb#007AB9&#8243; background_enable_color=\u00bbon\u00bb follow_button=\u00bboff\u00bb url_new_window=\u00bbon\u00bb]linkedin[\/et_pb_social_media_follow_network][\/et_pb_social_media_follow][\/et_pb_column][et_pb_column type=\u00bb1_4&#8243; _builder_version=\u00bb4.3.2&#8243;][et_pb_image src=\u00bbhttps:\/\/www.equiposytalentoeventos.com\/corporate-learning\/wp-content\/uploads\/2021\/10\/alberto_serrano_COFARES.jpg\u00bb title_text=\u00bblaura_santacreu\u00bb align_phone=\u00bbleft\u00bb align_last_edited=\u00bbon|phone\u00bb _builder_version=\u00bb3.26.3&#8243; border_color_all=\u00bb#ffffff\u00bb max_width=\u00bb180px\u00bb custom_padding=\u00bb|0px||||\u00bb][\/et_pb_image][et_pb_text _builder_version=\u00bb3.26.3&#8243; text_font=\u00bb||||||||\u00bb text_text_color=\u00bb#ffffff\u00bb text_line_height=\u00bb28px\u00bb custom_margin=\u00bb|||0%|false|false\u00bb custom_margin_phone=\u00bb|||0%|false|false\u00bb custom_margin_last_edited=\u00bbon|desktop\u00bb text_font_size_last_edited=\u00bbon|desktop\u00bb text_line_height_last_edited=\u00bbon|desktop\u00bb]<span style=\"font-size: 24px; color: #68c4d1;\"><strong><span>Alberto Serrano<\/span><\/strong><\/span><br \/>\n<span style=\"color: #ffffff;\"><span>Director HRBP y Talento <\/span><\/span><br \/>\n<span style=\"color: #11d8d8; font-size: 15px;\"><strong><span>COFARES<\/span><\/strong><\/span>[\/et_pb_text][et_pb_social_media_follow use_icon_font_size=\u00bbon\u00bb icon_font_size=\u00bb22px\u00bb _builder_version=\u00bb3.26.3&#8243; border_radii=\u00bbon|100px|100px|100px|100px\u00bb custom_button=\u00bbon\u00bb module_alignment=\u00bbleft\u00bb custom_margin=\u00bb0%|||0%|false|false\u00bb custom_margin_phone=\u00bb|||0%|false|false\u00bb custom_margin_last_edited=\u00bbon|desktop\u00bb][et_pb_social_media_follow_network social_network=\u00bblinkedin\u00bb url=\u00bbhttps:\/\/www.linkedin.com\/in\/albertoserranodeville\/\u00bb _builder_version=\u00bb3.26.3&#8243; background_color=\u00bb#007AB9&#8243; background_enable_color=\u00bbon\u00bb follow_button=\u00bboff\u00bb url_new_window=\u00bbon\u00bb]linkedin[\/et_pb_social_media_follow_network][\/et_pb_social_media_follow][\/et_pb_column][et_pb_column type=\u00bb1_4&#8243; _builder_version=\u00bb4.3.2&#8243;][et_pb_image src=\u00bbhttps:\/\/www.equiposytalentoeventos.com\/corporate-learning\/wp-content\/uploads\/2021\/10\/LourdesLopez_CECABANK.jpg\u00bb title_text=\u00bbvanessa_berrido\u00bb align_phone=\u00bbleft\u00bb align_last_edited=\u00bbon|phone\u00bb _builder_version=\u00bb3.26.3&#8243; border_color_all=\u00bb#ffffff\u00bb max_width=\u00bb180px\u00bb custom_padding=\u00bb|0px||||\u00bb][\/et_pb_image][et_pb_text _builder_version=\u00bb3.26.3&#8243; text_font=\u00bb||||||||\u00bb text_text_color=\u00bb#ffffff\u00bb text_line_height=\u00bb28px\u00bb custom_margin=\u00bb|||0%|false|false\u00bb custom_margin_phone=\u00bb|||0%|false|false\u00bb custom_margin_last_edited=\u00bbon|desktop\u00bb text_font_size_last_edited=\u00bbon|desktop\u00bb text_line_height_last_edited=\u00bbon|desktop\u00bb]<span style=\"font-size: 24px; color: #68c4d1;\"><strong><span>Lourdes L\u00f3pez<\/span><\/strong><\/span><br \/>\n<span style=\"color: #ffffff;\"><span>Responsable de Planificaci\u00f3n y Desarrollo de Personas<\/span><\/span><br \/>\n<span style=\"color: #11d8d8; font-size: 15px;\"><strong><span>CECABANK<\/span><\/strong><\/span>[\/et_pb_text][et_pb_social_media_follow use_icon_font_size=\u00bbon\u00bb icon_font_size=\u00bb22px\u00bb _builder_version=\u00bb3.26.3&#8243; border_radii=\u00bbon|100px|100px|100px|100px\u00bb custom_button=\u00bbon\u00bb module_alignment=\u00bbleft\u00bb custom_margin=\u00bb0%|||0%|false|false\u00bb custom_margin_phone=\u00bb|||0%|false|false\u00bb custom_margin_last_edited=\u00bbon|desktop\u00bb][et_pb_social_media_follow_network social_network=\u00bblinkedin\u00bb url=\u00bbhttps:\/\/www.linkedin.com\/in\/llourdeslopezcarrasco\/?originalSubdomain=es\u00bb _builder_version=\u00bb3.26.3&#8243; background_color=\u00bb#007AB9&#8243; background_enable_color=\u00bbon\u00bb follow_button=\u00bboff\u00bb url_new_window=\u00bbon\u00bb]linkedin[\/et_pb_social_media_follow_network][\/et_pb_social_media_follow][\/et_pb_column][et_pb_column type=\u00bb1_4&#8243; _builder_version=\u00bb4.3.2&#8243;][et_pb_image src=\u00bbhttps:\/\/www.equiposytalentoeventos.com\/corporate-learning\/wp-content\/uploads\/2021\/10\/begon\u0303a-dominguez-santalucia.jpg\u00bb title_text=\u00bblaura_santacreu\u00bb align_phone=\u00bbleft\u00bb align_last_edited=\u00bbon|phone\u00bb disabled_on=\u00bboff|off|off\u00bb _builder_version=\u00bb3.26.3&#8243; border_color_all=\u00bb#ffffff\u00bb max_width=\u00bb180px\u00bb custom_padding=\u00bb|0px||||\u00bb][\/et_pb_image][et_pb_text disabled_on=\u00bboff|off|off\u00bb _builder_version=\u00bb3.26.3&#8243; text_font=\u00bb||||||||\u00bb text_text_color=\u00bb#ffffff\u00bb text_line_height=\u00bb28px\u00bb custom_margin=\u00bb|||0%|false|false\u00bb custom_margin_phone=\u00bb|||0%|false|false\u00bb custom_margin_last_edited=\u00bbon|desktop\u00bb text_font_size_last_edited=\u00bbon|desktop\u00bb text_line_height_last_edited=\u00bbon|desktop\u00bb]<span style=\"font-size: 24px; color: #68c4d1;\"><strong><span>Bego\u00f1a Dom\u00ednguez<\/span><\/strong><\/span><br \/>\n<span style=\"color: #ffffff;\"><span>Directora de Campus<\/span><\/span><br \/>\n<span style=\"font-size: 15px; color: #11d8d8;\"><strong>GRUPO SANTALUC\u00cdA<\/strong><\/span>[\/et_pb_text][et_pb_social_media_follow use_icon_font_size=\u00bbon\u00bb icon_font_size=\u00bb22px\u00bb _builder_version=\u00bb3.26.3&#8243; border_radii=\u00bbon|100px|100px|100px|100px\u00bb custom_button=\u00bbon\u00bb module_alignment=\u00bbleft\u00bb custom_margin=\u00bb0%|||0%|false|false\u00bb custom_margin_phone=\u00bb|||0%|false|false\u00bb custom_margin_last_edited=\u00bbon|desktop\u00bb][et_pb_social_media_follow_network social_network=\u00bblinkedin\u00bb url=\u00bbhttps:\/\/www.linkedin.com\/in\/begonadominguezredruello\/?originalSubdomain=es\u00bb _builder_version=\u00bb3.26.3&#8243; background_color=\u00bb#007AB9&#8243; background_enable_color=\u00bbon\u00bb follow_button=\u00bboff\u00bb url_new_window=\u00bbon\u00bb]linkedin[\/et_pb_social_media_follow_network][\/et_pb_social_media_follow][\/et_pb_column][\/et_pb_row][et_pb_row column_structure=\u00bb1_4,1_4,1_4,1_4&#8243; use_custom_gutter=\u00bbon\u00bb gutter_width=\u00bb2&#8243; custom_padding=\u00bb0px|||0px||\u00bb custom_margin=\u00bb2%|auto||auto|false|false\u00bb make_equal=\u00bbon\u00bb disabled_on=\u00bboff|off|off\u00bb _builder_version=\u00bb3.26.3&#8243; border_color_all=\u00bb#ffffff\u00bb width_phone=\u00bb75%\u00bb width_last_edited=\u00bbon|desktop\u00bb max_width_last_edited=\u00bbon|desktop\u00bb module_alignment=\u00bbcenter\u00bb min_height=\u00bb100px\u00bb custom_margin_phone=\u00bb|auto|0%|auto|false|false\u00bb custom_margin_last_edited=\u00bboff|phone\u00bb][et_pb_column type=\u00bb1_4&#8243; _builder_version=\u00bb4.3.2&#8243;][et_pb_image src=\u00bbhttps:\/\/www.equiposytalentoeventos.com\/corporate-learning\/wp-content\/uploads\/2021\/11\/Alicia-Gutierrez-AXA-edit.jpg\u00bb title_text=\u00bbvanessa_berrido\u00bb align_phone=\u00bbleft\u00bb align_last_edited=\u00bbon|phone\u00bb _builder_version=\u00bb3.26.3&#8243; border_color_all=\u00bb#ffffff\u00bb max_width=\u00bb180px\u00bb custom_padding=\u00bb|0px||||\u00bb][\/et_pb_image][et_pb_text _builder_version=\u00bb3.26.3&#8243; text_font=\u00bb||||||||\u00bb text_text_color=\u00bb#ffffff\u00bb text_line_height=\u00bb28px\u00bb custom_margin=\u00bb|||0%|false|false\u00bb custom_margin_phone=\u00bb|||0%|false|false\u00bb custom_margin_last_edited=\u00bbon|desktop\u00bb text_font_size_last_edited=\u00bbon|desktop\u00bb text_line_height_last_edited=\u00bbon|desktop\u00bb]<span style=\"font-size: 24px; color: #68c4d1;\"><strong><span>Alicia Guti\u00e9rrez Gonz\u00e1lez<br \/>\n<\/span><\/strong><\/span><span style=\"color: #ffffff;\"><span> Responsable de Formaci\u00f3n de Negocio<\/span><\/span><br \/>\n<span style=\"font-size: 15px; color: #11d8d8;\"><strong>AXA<\/strong> <\/span>[\/et_pb_text][et_pb_social_media_follow use_icon_font_size=\u00bbon\u00bb icon_font_size=\u00bb22px\u00bb _builder_version=\u00bb3.26.3&#8243; border_radii=\u00bbon|100px|100px|100px|100px\u00bb custom_button=\u00bbon\u00bb module_alignment=\u00bbleft\u00bb custom_margin=\u00bb0%|||0%|false|false\u00bb custom_margin_phone=\u00bb|||0%|false|false\u00bb custom_margin_last_edited=\u00bbon|desktop\u00bb][et_pb_social_media_follow_network social_network=\u00bblinkedin\u00bb url=\u00bbhttps:\/\/www.linkedin.com\/in\/alicia-guti\u00e9rrez-gonz\u00e1lez-6013957b\/\u00bb _builder_version=\u00bb3.26.3&#8243; background_color=\u00bb#007AB9&#8243; background_enable_color=\u00bbon\u00bb follow_button=\u00bboff\u00bb url_new_window=\u00bbon\u00bb]linkedin[\/et_pb_social_media_follow_network][\/et_pb_social_media_follow][\/et_pb_column][et_pb_column type=\u00bb1_4&#8243; _builder_version=\u00bb4.3.2&#8243;][et_pb_image src=\u00bbhttps:\/\/www.equiposytalentoeventos.com\/corporate-learning\/wp-content\/uploads\/2021\/11\/Marta-del-Mazo-Repsol-New.jpg\u00bb title_text=\u00bbvanessa_berrido\u00bb align_phone=\u00bbleft\u00bb align_last_edited=\u00bbon|phone\u00bb _builder_version=\u00bb3.26.3&#8243; border_color_all=\u00bb#ffffff\u00bb max_width=\u00bb180px\u00bb custom_padding=\u00bb|0px||||\u00bb][\/et_pb_image][et_pb_text _builder_version=\u00bb3.26.3&#8243; text_font=\u00bb||||||||\u00bb text_text_color=\u00bb#ffffff\u00bb text_line_height=\u00bb28px\u00bb custom_margin=\u00bb|||0%|false|false\u00bb custom_margin_phone=\u00bb|||0%|false|false\u00bb custom_margin_last_edited=\u00bbon|desktop\u00bb text_font_size_last_edited=\u00bbon|desktop\u00bb text_line_height_last_edited=\u00bbon|desktop\u00bb]<span style=\"font-size: 24px; color: #68c4d1;\"><strong><span>Marta del Mazo<br \/>\n<\/span><\/strong><\/span><span style=\"color: #ffffff;\"><span> Marta del Mazo, Learning &amp; Training Sr. Manager <strong><br \/>\n<span style=\"font-size: 15px; color: #11d8d8;\">REPSOL <\/span><\/strong><\/span><\/span><span style=\"font-size: 15px;\"><strong><span style=\"color: rgba(255, 255, 255, 0);\"><\/span><\/strong><\/span>[\/et_pb_text][et_pb_social_media_follow use_icon_font_size=\u00bbon\u00bb icon_font_size=\u00bb22px\u00bb _builder_version=\u00bb3.26.3&#8243; border_radii=\u00bbon|100px|100px|100px|100px\u00bb custom_button=\u00bbon\u00bb module_alignment=\u00bbleft\u00bb custom_margin=\u00bb0%|||0%|false|false\u00bb custom_margin_phone=\u00bb|||0%|false|false\u00bb custom_margin_last_edited=\u00bbon|desktop\u00bb][et_pb_social_media_follow_network social_network=\u00bblinkedin\u00bb url=\u00bbhttps:\/\/www.linkedin.com\/in\/marta-del-mazo-roquero-55261829\/\u00bb _builder_version=\u00bb3.26.3&#8243; background_color=\u00bb#007AB9&#8243; background_enable_color=\u00bbon\u00bb follow_button=\u00bboff\u00bb url_new_window=\u00bbon\u00bb]linkedin[\/et_pb_social_media_follow_network][\/et_pb_social_media_follow][\/et_pb_column][et_pb_column type=\u00bb1_4&#8243; _builder_version=\u00bb4.3.2&#8243;][et_pb_image src=\u00bbhttps:\/\/www.equiposytalentoeventos.com\/corporate-learning\/wp-content\/uploads\/2021\/10\/luz_santillana_indra.jpg\u00bb title_text=\u00bbvanessa_berrido\u00bb align_phone=\u00bbleft\u00bb align_last_edited=\u00bbon|phone\u00bb _builder_version=\u00bb3.26.3&#8243; border_color_all=\u00bb#ffffff\u00bb max_width=\u00bb180px\u00bb custom_padding=\u00bb|0px||||\u00bb][\/et_pb_image][et_pb_text _builder_version=\u00bb3.26.3&#8243; text_font=\u00bb||||||||\u00bb text_text_color=\u00bb#ffffff\u00bb text_line_height=\u00bb28px\u00bb custom_margin=\u00bb|||0%|false|false\u00bb custom_margin_phone=\u00bb|||0%|false|false\u00bb custom_margin_last_edited=\u00bbon|desktop\u00bb text_font_size_last_edited=\u00bbon|desktop\u00bb text_line_height_last_edited=\u00bbon|desktop\u00bb]<span style=\"font-size: 24px; color: #68c4d1;\"><strong><span>Luz Santillana Romero<br \/>\n<\/span><\/strong><\/span><span style=\"color: #ffffff;\"><span>Directora de Desarrollo y Compromiso<br \/>\n<strong><span style=\"font-size: 15px; color: #11d8d8;\">INDRA<\/span><\/strong><\/span><\/span><span style=\"font-size: 15px;\"><strong><span style=\"color: rgba(255, 255, 255, 0);\"><\/span><\/strong><\/span>[\/et_pb_text][et_pb_social_media_follow use_icon_font_size=\u00bbon\u00bb icon_font_size=\u00bb22px\u00bb _builder_version=\u00bb3.26.3&#8243; border_radii=\u00bbon|100px|100px|100px|100px\u00bb custom_button=\u00bbon\u00bb module_alignment=\u00bbleft\u00bb custom_margin=\u00bb0%|||0%|false|false\u00bb custom_margin_phone=\u00bb|||0%|false|false\u00bb custom_margin_last_edited=\u00bbon|desktop\u00bb][et_pb_social_media_follow_network social_network=\u00bblinkedin\u00bb url=\u00bbhttps:\/\/www.linkedin.com\/in\/luz-santillana-romero-22509731\/\u00bb _builder_version=\u00bb3.26.3&#8243; background_color=\u00bb#007AB9&#8243; background_enable_color=\u00bbon\u00bb follow_button=\u00bboff\u00bb url_new_window=\u00bbon\u00bb]linkedin[\/et_pb_social_media_follow_network][\/et_pb_social_media_follow][\/et_pb_column][et_pb_column type=\u00bb1_4&#8243; _builder_version=\u00bb4.3.2&#8243;][et_pb_image src=\u00bbhttps:\/\/www.equiposytalentoeventos.com\/corporate-learning\/wp-content\/uploads\/2021\/11\/A\u0301ngela-Nationale-Nederlanden.jpg\u00bb title_text=\u00bbvanessa_berrido\u00bb align_phone=\u00bbleft\u00bb align_last_edited=\u00bbon|phone\u00bb _builder_version=\u00bb3.26.3&#8243; border_color_all=\u00bb#ffffff\u00bb max_width=\u00bb180px\u00bb custom_padding=\u00bb|0px||||\u00bb][\/et_pb_image][et_pb_text _builder_version=\u00bb3.26.3&#8243; text_font=\u00bb||||||||\u00bb text_text_color=\u00bb#ffffff\u00bb text_line_height=\u00bb28px\u00bb custom_margin=\u00bb|||0%|false|false\u00bb custom_margin_phone=\u00bb|||0%|false|false\u00bb custom_margin_last_edited=\u00bbon|desktop\u00bb text_font_size_last_edited=\u00bbon|desktop\u00bb text_line_height_last_edited=\u00bbon|desktop\u00bb]<span style=\"font-size: 24px; color: #68c4d1;\"><strong><span>\u00c1ngela Pascual Gonz\u00e1lez<\/span><\/strong><\/span><br \/>\n<span style=\"color: #ffffff;\"><span>Talent and Performance<strong><br \/>\n<span style=\"font-size: 15px; color: #11d8d8;\">NATIONALE-NEDERLANDEN<\/span><\/strong><\/span><\/span><span style=\"font-size: 15px;\"><strong><span style=\"color: rgba(255, 255, 255, 0);\"><\/span><\/strong><\/span>[\/et_pb_text][et_pb_social_media_follow use_icon_font_size=\u00bbon\u00bb icon_font_size=\u00bb22px\u00bb _builder_version=\u00bb3.26.3&#8243; border_radii=\u00bbon|100px|100px|100px|100px\u00bb custom_button=\u00bbon\u00bb module_alignment=\u00bbleft\u00bb custom_margin=\u00bb0%|||0%|false|false\u00bb custom_margin_phone=\u00bb|||0%|false|false\u00bb custom_margin_last_edited=\u00bbon|desktop\u00bb][et_pb_social_media_follow_network social_network=\u00bblinkedin\u00bb url=\u00bbhttps:\/\/www.linkedin.com\/in\/\u00e1ngela-pascual-gonz\u00e1lez-02528745\/?originalSubdomain=es\u00bb _builder_version=\u00bb3.26.3&#8243; background_color=\u00bb#007AB9&#8243; background_enable_color=\u00bbon\u00bb follow_button=\u00bboff\u00bb url_new_window=\u00bbon\u00bb]linkedin[\/et_pb_social_media_follow_network][\/et_pb_social_media_follow][\/et_pb_column][\/et_pb_row][et_pb_row column_structure=\u00bb1_4,1_4,1_4,1_4&#8243; use_custom_gutter=\u00bbon\u00bb gutter_width=\u00bb2&#8243; custom_padding=\u00bb0px|||0px||\u00bb custom_margin=\u00bb2%|auto||auto|false|false\u00bb make_equal=\u00bbon\u00bb disabled_on=\u00bboff|off|off\u00bb _builder_version=\u00bb3.26.3&#8243; border_color_all=\u00bb#ffffff\u00bb width_phone=\u00bb75%\u00bb width_last_edited=\u00bbon|desktop\u00bb max_width_last_edited=\u00bbon|desktop\u00bb module_alignment=\u00bbcenter\u00bb min_height=\u00bb100px\u00bb custom_margin_phone=\u00bb|auto|0%|auto|false|false\u00bb custom_margin_last_edited=\u00bboff|phone\u00bb][et_pb_column type=\u00bb1_4&#8243; _builder_version=\u00bb4.3.2&#8243;][et_pb_image src=\u00bbhttps:\/\/www.equiposytalentoeventos.com\/corporate-learning\/wp-content\/uploads\/2021\/11\/Salvador-Sanchis-Ribera-Salud-edit.jpg\u00bb title_text=\u00bbvanessa_berrido\u00bb align_phone=\u00bbleft\u00bb align_last_edited=\u00bbon|phone\u00bb _builder_version=\u00bb3.26.3&#8243; border_color_all=\u00bb#ffffff\u00bb max_width=\u00bb180px\u00bb custom_padding=\u00bb|0px||||\u00bb][\/et_pb_image][et_pb_text _builder_version=\u00bb3.26.3&#8243; text_font=\u00bb||||||||\u00bb text_text_color=\u00bb#ffffff\u00bb text_line_height=\u00bb28px\u00bb custom_margin=\u00bb|||0%|false|false\u00bb custom_margin_phone=\u00bb|||0%|false|false\u00bb custom_margin_last_edited=\u00bbon|desktop\u00bb text_font_size_last_edited=\u00bbon|desktop\u00bb text_line_height_last_edited=\u00bbon|desktop\u00bb]<\/p>\n<p><span style=\"font-size: 24px; color: #68c4d1;\"><strong><span><b>Salvador Sanchis Plaus<\/b><br \/><\/span><\/strong><\/span><span style=\"color: #ffffff;\"><span>Director Corporativo de Gesti\u00f3n de Personas<\/span><\/span><br \/><span style=\"font-size: 15px; color: #11d8d8;\"><strong><b>RIBERA SALUD<\/b><\/strong> <\/span><\/p>\n<p>[\/et_pb_text][et_pb_social_media_follow use_icon_font_size=\u00bbon\u00bb icon_font_size=\u00bb22px\u00bb _builder_version=\u00bb3.26.3&#8243; border_radii=\u00bbon|100px|100px|100px|100px\u00bb custom_button=\u00bbon\u00bb module_alignment=\u00bbleft\u00bb custom_margin=\u00bb0%|||0%|false|false\u00bb custom_margin_phone=\u00bb|||0%|false|false\u00bb custom_margin_last_edited=\u00bbon|desktop\u00bb][et_pb_social_media_follow_network social_network=\u00bblinkedin\u00bb url=\u00bbhttps:\/\/www.linkedin.com\/in\/salvador-sanchis-plaus-b0a27b20\/\u00bb _builder_version=\u00bb3.26.3&#8243; background_color=\u00bb#007AB9&#8243; background_enable_color=\u00bbon\u00bb follow_button=\u00bboff\u00bb url_new_window=\u00bbon\u00bb]linkedin[\/et_pb_social_media_follow_network][\/et_pb_social_media_follow][\/et_pb_column][et_pb_column type=\u00bb1_4&#8243; _builder_version=\u00bb4.3.2&#8243;][et_pb_image src=\u00bbhttps:\/\/www.equiposytalentoeventos.com\/corporate-learning\/wp-content\/uploads\/2021\/11\/Ana-Margarita-ATOS-edit.jpg\u00bb title_text=\u00bbvanessa_berrido\u00bb align_phone=\u00bbleft\u00bb align_last_edited=\u00bbon|phone\u00bb _builder_version=\u00bb3.26.3&#8243; border_color_all=\u00bb#ffffff\u00bb max_width=\u00bb180px\u00bb custom_padding=\u00bb|0px||||\u00bb][\/et_pb_image][et_pb_text _builder_version=\u00bb3.26.3&#8243; text_font=\u00bb||||||||\u00bb text_text_color=\u00bb#ffffff\u00bb text_line_height=\u00bb28px\u00bb custom_margin=\u00bb|||0%|false|false\u00bb custom_margin_phone=\u00bb|||0%|false|false\u00bb custom_margin_last_edited=\u00bbon|desktop\u00bb text_font_size_last_edited=\u00bbon|desktop\u00bb text_line_height_last_edited=\u00bbon|desktop\u00bb]<span style=\"font-size: 24px; color: #68c4d1;\"><strong><span><b>Ana Margarita Fern\u00e1ndez Reid<\/b><br \/>\n<\/span><\/strong><\/span><span style=\"color: #ffffff;\"><span>Project Manager<\/span><\/span><br \/>\n<span style=\"font-size: 15px; color: #11d8d8;\"><strong><b>ATOS<\/b><\/strong> <\/span>[\/et_pb_text][et_pb_social_media_follow use_icon_font_size=\u00bbon\u00bb icon_font_size=\u00bb22px\u00bb _builder_version=\u00bb3.26.3&#8243; border_radii=\u00bbon|100px|100px|100px|100px\u00bb custom_button=\u00bbon\u00bb module_alignment=\u00bbleft\u00bb custom_margin=\u00bb0%|||0%|false|false\u00bb custom_margin_phone=\u00bb|||0%|false|false\u00bb custom_margin_last_edited=\u00bbon|desktop\u00bb][et_pb_social_media_follow_network social_network=\u00bblinkedin\u00bb url=\u00bbhttps:\/\/www.linkedin.com\/in\/ana-margarita-fernandez-reid-57145975\/?originalSubdomain=es\u00bb _builder_version=\u00bb3.26.3&#8243; background_color=\u00bb#007AB9&#8243; background_enable_color=\u00bbon\u00bb follow_button=\u00bboff\u00bb url_new_window=\u00bbon\u00bb]linkedin[\/et_pb_social_media_follow_network][\/et_pb_social_media_follow][\/et_pb_column][et_pb_column type=\u00bb1_4&#8243; _builder_version=\u00bb4.3.2&#8243;][\/et_pb_column][et_pb_column type=\u00bb1_4&#8243; _builder_version=\u00bb4.3.2&#8243;][\/et_pb_column][\/et_pb_row][\/et_pb_section][et_pb_section fb_built=\u00bb1&#8243; _builder_version=\u00bb3.26.3&#8243; background_color=\u00bb#001921&#8243;][et_pb_row custom_padding=\u00bb||0px||false|false\u00bb custom_padding_phone=\u00bb15%||||false|false\u00bb make_equal=\u00bbon\u00bb custom_padding_last_edited=\u00bbon|phone\u00bb _builder_version=\u00bb3.26.3&#8243; width_last_edited=\u00bbon|desktop\u00bb locked=\u00bboff\u00bb][et_pb_column type=\u00bb4_4&#8243; _builder_version=\u00bb3.25.4&#8243;][et_pb_text module_id=\u00bbspeakers\u00bb module_class=\u00bb#speakers\u00bb _builder_version=\u00bb3.26.3&#8243; text_font=\u00bbUnivers|900|||||||\u00bb text_font_size=\u00bb32px\u00bb text_line_height=\u00bb54px\u00bb custom_padding=\u00bb||0px|||\u00bb text_font_size_tablet=\u00bb32px\u00bb text_font_size_phone=\u00bb32px\u00bb text_font_size_last_edited=\u00bbon|desktop\u00bb text_line_height_tablet=\u00bb42px\u00bb text_line_height_phone=\u00bb48px\u00bb text_line_height_last_edited=\u00bbon|desktop\u00bb]<span style=\"color: #ffffff;\">MODERADORES<\/span>[\/et_pb_text][et_pb_divider color=\u00bbrgba(17,216,216,0.4)\u00bb divider_weight=\u00bb2px\u00bb _builder_version=\u00bb3.26.3&#8243; width=\u00bb100%\u00bb width_last_edited=\u00bbon|desktop\u00bb custom_margin=\u00bb-20px||||false|false\u00bb][\/et_pb_divider][\/et_pb_column][\/et_pb_row][et_pb_row column_structure=\u00bb1_4,1_4,1_4,1_4&#8243; use_custom_gutter=\u00bbon\u00bb gutter_width=\u00bb2&#8243; custom_padding=\u00bb0px|||0px||\u00bb custom_margin=\u00bb2%|auto||auto|false|false\u00bb make_equal=\u00bbon\u00bb disabled_on=\u00bboff|off|off\u00bb _builder_version=\u00bb3.26.3&#8243; width_phone=\u00bb75%\u00bb width_last_edited=\u00bbon|desktop\u00bb max_width_last_edited=\u00bbon|desktop\u00bb module_alignment=\u00bbcenter\u00bb min_height=\u00bb100px\u00bb custom_margin_phone=\u00bb|auto|0%|auto|false|false\u00bb custom_margin_last_edited=\u00bboff|phone\u00bb][et_pb_column type=\u00bb1_4&#8243; _builder_version=\u00bb4.3.2&#8243;][et_pb_image src=\u00bbhttps:\/\/www.equiposytalentoeventos.com\/corporate-learning\/wp-content\/uploads\/2020\/11\/jesus_araujo.jpg\u00bb title_text=\u00bbvanessa_berrido\u00bb align_phone=\u00bbleft\u00bb align_last_edited=\u00bbon|phone\u00bb _builder_version=\u00bb3.26.3&#8243; border_color_all=\u00bb#ffffff\u00bb max_width=\u00bb100%\u00bb custom_padding=\u00bb|0px||||\u00bb locked=\u00bboff\u00bb][\/et_pb_image][et_pb_text _builder_version=\u00bb3.26.3&#8243; text_font=\u00bb||||||||\u00bb text_text_color=\u00bb#ffffff\u00bb text_line_height=\u00bb28px\u00bb custom_margin=\u00bb|||0%|false|false\u00bb custom_margin_phone=\u00bb|||0%|false|false\u00bb custom_margin_last_edited=\u00bbon|desktop\u00bb text_font_size_last_edited=\u00bbon|desktop\u00bb text_line_height_last_edited=\u00bbon|desktop\u00bb locked=\u00bboff\u00bb]<span style=\"font-size: 24px; color: #68c4d1;\"><strong>Jes\u00fas Ara\u00fajo<\/strong><\/span><br \/>\n<span style=\"color: #ffffff;\">CEO<\/span><br \/>\n<span style=\"color: #11d8d8; font-size: 15px;\"><strong>CEGOS ESPA\u00d1A &amp; LATAM<\/strong><\/span>[\/et_pb_text][et_pb_social_media_follow use_icon_font_size=\u00bbon\u00bb icon_font_size=\u00bb22px\u00bb disabled_on=\u00bbon|on|on\u00bb _builder_version=\u00bb3.26.3&#8243; border_radii=\u00bbon|100px|100px|100px|100px\u00bb custom_button=\u00bbon\u00bb module_alignment=\u00bbleft\u00bb custom_margin=\u00bb0%|||0%|false|false\u00bb custom_margin_phone=\u00bb|||0%|false|false\u00bb custom_margin_last_edited=\u00bbon|desktop\u00bb disabled=\u00bbon\u00bb locked=\u00bboff\u00bb][et_pb_social_media_follow_network social_network=\u00bblinkedin\u00bb url=\u00bbhttps:\/\/www.linkedin.com\/in\/jesusaraujo\/\u00bb _builder_version=\u00bb3.26.3&#8243; background_color=\u00bb#007AB9&#8243; background_enable_color=\u00bbon\u00bb follow_button=\u00bboff\u00bb url_new_window=\u00bbon\u00bb]linkedin[\/et_pb_social_media_follow_network][et_pb_social_media_follow_network social_network=\u00bbtwitter\u00bb url=\u00bbhttps:\/\/twitter.com\/Jaraujo_cegos\u00bb _builder_version=\u00bb3.26.3&#8243; background_color=\u00bb#00aced\u00bb custom_margin=\u00bb|||4%|false|false\u00bb follow_button=\u00bboff\u00bb url_new_window=\u00bbon\u00bb]twitter[\/et_pb_social_media_follow_network][\/et_pb_social_media_follow][\/et_pb_column][et_pb_column type=\u00bb1_4&#8243; _builder_version=\u00bb4.3.2&#8243;][et_pb_image src=\u00bbhttps:\/\/www.equiposytalentoeventos.com\/corporate-learning\/wp-content\/uploads\/2020\/10\/cl_0006_Maria-Sanchez-Arjona.jpg\u00bb title_text=\u00bblaura_santacreu\u00bb align_phone=\u00bbleft\u00bb align_last_edited=\u00bbon|phone\u00bb _builder_version=\u00bb3.26.3&#8243; border_color_all=\u00bb#ffffff\u00bb max_width=\u00bb100%\u00bb custom_padding=\u00bb|0px||||\u00bb locked=\u00bboff\u00bb][\/et_pb_image][et_pb_text _builder_version=\u00bb3.26.3&#8243; text_font=\u00bb||||||||\u00bb text_text_color=\u00bb#ffffff\u00bb text_line_height=\u00bb28px\u00bb custom_margin=\u00bb|||0%|false|false\u00bb custom_margin_phone=\u00bb|||0%|false|false\u00bb custom_margin_last_edited=\u00bbon|desktop\u00bb text_font_size_last_edited=\u00bbon|desktop\u00bb text_line_height_last_edited=\u00bbon|desktop\u00bb locked=\u00bboff\u00bb]<span style=\"font-size: 24px; color: #68c4d1;\"><strong>Mar\u00eda S\u00e1nchez-Arjona<\/strong><\/span><br \/>\n<span style=\"color: #ffffff;\">Directora<\/span><br \/>\n<span style=\"color: #11d8d8; font-size: 15px;\"><strong>IDDI<\/strong><\/span>[\/et_pb_text][et_pb_social_media_follow use_icon_font_size=\u00bbon\u00bb icon_font_size=\u00bb22px\u00bb disabled_on=\u00bbon|on|on\u00bb _builder_version=\u00bb3.26.3&#8243; border_radii=\u00bbon|100px|100px|100px|100px\u00bb custom_button=\u00bbon\u00bb module_alignment=\u00bbleft\u00bb custom_margin=\u00bb0%|||0%|false|false\u00bb custom_margin_phone=\u00bb|||0%|false|false\u00bb custom_margin_last_edited=\u00bbon|desktop\u00bb disabled=\u00bbon\u00bb locked=\u00bboff\u00bb][et_pb_social_media_follow_network social_network=\u00bblinkedin\u00bb url=\u00bbhttps:\/\/www.linkedin.com\/in\/mariasanchezarjonabonilla\/\u00bb _builder_version=\u00bb3.26.3&#8243; background_color=\u00bb#007AB9&#8243; background_enable_color=\u00bbon\u00bb follow_button=\u00bboff\u00bb url_new_window=\u00bbon\u00bb]linkedin[\/et_pb_social_media_follow_network][\/et_pb_social_media_follow][\/et_pb_column][et_pb_column type=\u00bb1_4&#8243; _builder_version=\u00bb4.3.2&#8243;][et_pb_image src=\u00bbhttps:\/\/www.equiposytalentoeventos.com\/corporate-learning\/wp-content\/uploads\/2021\/11\/Alan-McShane-ESCP-OK.jpg\u00bb title_text=\u00bblaura_santacreu\u00bb align_phone=\u00bbleft\u00bb align_last_edited=\u00bbon|phone\u00bb _builder_version=\u00bb3.26.3&#8243; border_color_all=\u00bb#ffffff\u00bb max_width=\u00bb180px\u00bb custom_padding=\u00bb|0px||||\u00bb locked=\u00bboff\u00bb][\/et_pb_image][et_pb_text _builder_version=\u00bb3.26.3&#8243; text_font=\u00bb||||||||\u00bb text_text_color=\u00bb#ffffff\u00bb text_line_height=\u00bb28px\u00bb custom_margin=\u00bb|||0%|false|false\u00bb custom_margin_phone=\u00bb|||0%|false|false\u00bb custom_margin_last_edited=\u00bbon|desktop\u00bb text_font_size_last_edited=\u00bbon|desktop\u00bb text_line_height_last_edited=\u00bbon|desktop\u00bb locked=\u00bboff\u00bb]<span style=\"font-size: 24px; color: #68c4d1;\"><strong><span>Alan McShane<\/span><\/strong><\/span><br \/>\n<span style=\"color: #ffffff;\"><span>Facilitator &amp; Trainer<\/span><\/span><br \/>\n<span style=\"color: #11d8d8; font-size: 15px;\"><strong><span>ESCP<\/span><\/strong><\/span>[\/et_pb_text][\/et_pb_column][et_pb_column type=\u00bb1_4&#8243; _builder_version=\u00bb4.3.2&#8243;][et_pb_image src=\u00bbhttps:\/\/www.equiposytalentoeventos.com\/corporate-learning\/wp-content\/uploads\/2021\/10\/05RobertoMartinSPEEXX_edit2.jpg\u00bb title_text=\u00bbtalentdaybcn20_0003_Ricard-Casas-ISS\u00bb align_phone=\u00bbleft\u00bb align_last_edited=\u00bbon|phone\u00bb _builder_version=\u00bb3.26.3&#8243; border_color_all=\u00bb#ffffff\u00bb width=\u00bb180px\u00bb max_width=\u00bb100%\u00bb custom_padding=\u00bb|0px||||\u00bb locked=\u00bboff\u00bb][\/et_pb_image][et_pb_text _builder_version=\u00bb3.26.3&#8243; text_font=\u00bb||||||||\u00bb text_text_color=\u00bb#ffffff\u00bb text_line_height=\u00bb28px\u00bb custom_margin=\u00bb|||0%|false|false\u00bb custom_margin_phone=\u00bb|||0%|false|false\u00bb custom_margin_last_edited=\u00bbon|desktop\u00bb custom_padding=\u00bb||0px|||\u00bb text_font_size_last_edited=\u00bbon|desktop\u00bb text_line_height_last_edited=\u00bbon|desktop\u00bb locked=\u00bboff\u00bb]<\/p>\n<p><span style=\"font-size: 24px; color: #68c4d1;\"><strong>Roberto Mart\u00edn<\/strong><\/span><br \/><span style=\"color: #ffffff;\">Head of Digital Marketing &amp; Growth<\/span><br \/><span style=\"color: #11d8d8; font-size: 15px;\"><strong>SPEEXX<\/strong><\/span><\/p>\n<p>[\/et_pb_text][\/et_pb_column][\/et_pb_row][et_pb_row column_structure=\u00bb1_4,1_4,1_4,1_4&#8243; use_custom_gutter=\u00bbon\u00bb gutter_width=\u00bb2&#8243; custom_padding=\u00bb0px|||0px||\u00bb custom_margin=\u00bb2%|auto||auto|false|false\u00bb make_equal=\u00bbon\u00bb disabled_on=\u00bboff|off|off\u00bb _builder_version=\u00bb3.26.3&#8243; width_phone=\u00bb75%\u00bb width_last_edited=\u00bbon|desktop\u00bb max_width_last_edited=\u00bbon|desktop\u00bb module_alignment=\u00bbcenter\u00bb min_height=\u00bb100px\u00bb custom_margin_phone=\u00bb|auto|0%|auto|false|false\u00bb custom_margin_last_edited=\u00bboff|phone\u00bb][et_pb_column type=\u00bb1_4&#8243; _builder_version=\u00bb4.3.2&#8243;][et_pb_image src=\u00bbhttps:\/\/www.equiposytalentoeventos.com\/corporate-learning\/wp-content\/uploads\/2021\/10\/06GuillermoSanRoman_Cornerstone.jpg\u00bb title_text=\u00bbtalentdaybcn20_0003_Ricard-Casas-ISS\u00bb align_phone=\u00bbleft\u00bb align_last_edited=\u00bbon|phone\u00bb _builder_version=\u00bb3.26.3&#8243; border_color_all=\u00bb#ffffff\u00bb max_width=\u00bb100%\u00bb custom_padding=\u00bb|0px||||\u00bb locked=\u00bboff\u00bb][\/et_pb_image][et_pb_text _builder_version=\u00bb3.26.3&#8243; text_font=\u00bb||||||||\u00bb text_text_color=\u00bb#ffffff\u00bb text_line_height=\u00bb28px\u00bb custom_margin=\u00bb|||0%|false|false\u00bb custom_margin_phone=\u00bb|||0%|false|false\u00bb custom_margin_last_edited=\u00bbon|desktop\u00bb text_font_size_last_edited=\u00bbon|desktop\u00bb text_line_height_last_edited=\u00bbon|desktop\u00bb locked=\u00bboff\u00bb]<span style=\"font-size: 24px; color: #68c4d1;\"><strong>Guillermo San Roman<\/strong><\/span><br \/>\n<span style=\"color: #ffffff;\">Regional Director South Europe<\/span><br \/>\n<span style=\"color: #11d8d8; font-size: 15px;\"><strong>CORNESTONE ONDEMAND<\/strong><\/span>[\/et_pb_text][\/et_pb_column][et_pb_column type=\u00bb1_4&#8243; _builder_version=\u00bb4.3.2&#8243;][et_pb_image src=\u00bbhttps:\/\/www.equiposytalentoeventos.com\/corporate-learning\/wp-content\/uploads\/2021\/10\/07ANTONIO-RUBIO_Overlap-edit.jpg\u00bb title_text=\u00bblaura_santacreu\u00bb align_phone=\u00bbleft\u00bb align_last_edited=\u00bbon|phone\u00bb _builder_version=\u00bb3.26.3&#8243; border_color_all=\u00bb#ffffff\u00bb max_width=\u00bb100%\u00bb custom_padding=\u00bb|0px||||\u00bb locked=\u00bboff\u00bb][\/et_pb_image][et_pb_text _builder_version=\u00bb3.26.3&#8243; text_font=\u00bb||||||||\u00bb text_text_color=\u00bb#ffffff\u00bb text_line_height=\u00bb28px\u00bb custom_margin=\u00bb|||0%|false|false\u00bb custom_margin_phone=\u00bb|||0%|false|false\u00bb custom_margin_last_edited=\u00bbon|desktop\u00bb text_font_size_last_edited=\u00bbon|desktop\u00bb text_line_height_last_edited=\u00bbon|desktop\u00bb locked=\u00bboff\u00bb]<span style=\"font-size: 24px; color: #68c4d1;\"><strong><span>Antonio Rubio<\/span><\/strong><\/span><br \/>\n<span style=\"color: #ffffff;\"><span>Socio Director de I+D+i<\/span><\/span><br \/>\n<span style=\"color: #11d8d8; font-size: 15px;\"><strong><span>OVERLAP<\/span><\/strong><\/span>[\/et_pb_text][\/et_pb_column][et_pb_column type=\u00bb1_4&#8243; _builder_version=\u00bb4.3.2&#8243;][et_pb_image src=\u00bbhttps:\/\/www.equiposytalentoeventos.com\/corporate-learning\/wp-content\/uploads\/2021\/10\/Roberto-Ferna\u0301ndez-Telecinco_edit.jpg\u00bb title_text=\u00bblaura_santacreu\u00bb align_phone=\u00bbleft\u00bb align_last_edited=\u00bbon|phone\u00bb _builder_version=\u00bb3.26.3&#8243; border_color_all=\u00bb#ffffff\u00bb max_width=\u00bb180px\u00bb custom_padding=\u00bb|0px||||\u00bb][\/et_pb_image][et_pb_text _builder_version=\u00bb3.26.3&#8243; text_font=\u00bb||||||||\u00bb text_text_color=\u00bb#ffffff\u00bb text_line_height=\u00bb28px\u00bb custom_margin=\u00bb|||0%|false|false\u00bb custom_margin_phone=\u00bb|||0%|false|false\u00bb custom_margin_last_edited=\u00bbon|desktop\u00bb text_font_size_last_edited=\u00bbon|desktop\u00bb text_line_height_last_edited=\u00bbon|desktop\u00bb locked=\u00bboff\u00bb]<span style=\"font-size: 24px; color: #68c4d1;\"><strong>Roberto Fern\u00e1ndez<\/strong><\/span><br \/>\n<span style=\"color: #ffffff;\">periodista<\/span><br \/>\n<span style=\"color: #11d8d8; font-size: 15px;\"><strong>MEDIASET<\/strong><\/span>[\/et_pb_text][\/et_pb_column][et_pb_column type=\u00bb1_4&#8243; _builder_version=\u00bb4.3.2&#8243;][et_pb_image src=\u00bbhttps:\/\/www.equiposytalentoeventos.com\/corporate-learning\/wp-content\/uploads\/2021\/10\/09Alba_Jabato_AVANZO-edit.jpg\u00bb title_text=\u00bbtalentdaybcn20_0003_Ricard-Casas-ISS\u00bb align_phone=\u00bbleft\u00bb align_last_edited=\u00bbon|phone\u00bb _builder_version=\u00bb3.26.3&#8243; border_color_all=\u00bb#ffffff\u00bb max_width=\u00bb100%\u00bb custom_padding=\u00bb|0px||||\u00bb locked=\u00bboff\u00bb][\/et_pb_image][et_pb_text _builder_version=\u00bb3.26.3&#8243; text_font=\u00bb||||||||\u00bb text_text_color=\u00bb#ffffff\u00bb text_line_height=\u00bb28px\u00bb custom_margin=\u00bb|||0%|false|false\u00bb custom_margin_phone=\u00bb|||0%|false|false\u00bb custom_margin_last_edited=\u00bbon|desktop\u00bb custom_padding=\u00bb||0px|||\u00bb text_font_size_last_edited=\u00bbon|desktop\u00bb text_line_height_last_edited=\u00bbon|desktop\u00bb locked=\u00bboff\u00bb]<span style=\"font-size: 24px; color: #68c4d1;\"><strong>Alba Jabato Dom\u00ednguez<\/strong><\/span><br \/>\n<span style=\"color: #ffffff;\">Jefe de Proyecto de la Content Factory<\/span><br \/>\n<span style=\"color: #11d8d8; font-size: 15px;\"><strong>AVANZO<\/strong><\/span>[\/et_pb_text][\/et_pb_column][\/et_pb_row][et_pb_row column_structure=\u00bb1_4,1_4,1_4,1_4&#8243; use_custom_gutter=\u00bbon\u00bb gutter_width=\u00bb2&#8243; custom_padding=\u00bb0px|||0px||\u00bb custom_margin=\u00bb2%|auto||auto|false|false\u00bb make_equal=\u00bbon\u00bb disabled_on=\u00bboff|off|off\u00bb _builder_version=\u00bb3.26.3&#8243; width_phone=\u00bb75%\u00bb width_last_edited=\u00bbon|desktop\u00bb max_width_last_edited=\u00bbon|desktop\u00bb module_alignment=\u00bbcenter\u00bb min_height=\u00bb100px\u00bb custom_margin_phone=\u00bb|auto|0%|auto|false|false\u00bb custom_margin_last_edited=\u00bboff|phone\u00bb][et_pb_column type=\u00bb1_4&#8243; _builder_version=\u00bb4.3.2&#8243;][et_pb_image src=\u00bbhttps:\/\/www.equiposytalentoeventos.com\/corporate-learning\/wp-content\/uploads\/2021\/10\/10MiguelAngelBartomolone_HEDIMA.jpg\u00bb title_text=\u00bbtalentdaybcn20_0003_Ricard-Casas-ISS\u00bb align_phone=\u00bbleft\u00bb align_last_edited=\u00bbon|phone\u00bb _builder_version=\u00bb3.26.3&#8243; border_color_all=\u00bb#ffffff\u00bb max_width=\u00bb180px\u00bb custom_padding=\u00bb|0px||||\u00bb locked=\u00bboff\u00bb][\/et_pb_image][et_pb_text _builder_version=\u00bb3.26.3&#8243; text_font=\u00bb||||||||\u00bb text_text_color=\u00bb#ffffff\u00bb text_line_height=\u00bb28px\u00bb custom_margin=\u00bb|||0%|false|false\u00bb custom_margin_phone=\u00bb|||0%|false|false\u00bb custom_margin_last_edited=\u00bbon|desktop\u00bb text_font_size_last_edited=\u00bbon|desktop\u00bb text_line_height_last_edited=\u00bbon|desktop\u00bb locked=\u00bboff\u00bb]<span style=\"font-size: 24px; color: #68c4d1;\"><strong>Miguel \u00c1ngel G\u00f3mez Bartolom\u00e9<\/strong><\/span><br \/>\n<span style=\"color: #ffffff;\">Director Marketing &amp; Ventas<\/span><br \/>\n<span style=\"color: #11d8d8; font-size: 15px;\"><strong>HEDIMA<\/strong><\/span>[\/et_pb_text][\/et_pb_column][et_pb_column type=\u00bb1_4&#8243; _builder_version=\u00bb4.3.2&#8243;][et_pb_image src=\u00bbhttps:\/\/www.equiposytalentoeventos.com\/corporate-learning\/wp-content\/uploads\/2021\/10\/11_JoseMariaMacias_ESIC.jpg\u00bb title_text=\u00bblaura_santacreu\u00bb align_phone=\u00bbleft\u00bb align_last_edited=\u00bbon|phone\u00bb _builder_version=\u00bb3.26.3&#8243; border_color_all=\u00bb#ffffff\u00bb max_width=\u00bb180px\u00bb custom_padding=\u00bb|0px||||\u00bb locked=\u00bboff\u00bb][\/et_pb_image][et_pb_text _builder_version=\u00bb3.26.3&#8243; text_font=\u00bb||||||||\u00bb text_text_color=\u00bb#ffffff\u00bb text_line_height=\u00bb28px\u00bb custom_margin=\u00bb|||0%|false|false\u00bb custom_margin_phone=\u00bb|||0%|false|false\u00bb custom_margin_last_edited=\u00bbon|desktop\u00bb text_font_size_last_edited=\u00bbon|desktop\u00bb text_line_height_last_edited=\u00bbon|desktop\u00bb locked=\u00bboff\u00bb]<span style=\"font-size: 24px; color: #68c4d1;\"><strong><span>Jos\u00e9 Mar\u00eda Mac\u00edas<\/span><\/strong><\/span><br \/>\n<span style=\"color: #ffffff;\"><span>Director de Soluciones Digitales<\/span><\/span><br \/>\n<span style=\"color: #11d8d8; font-size: 15px;\"><strong><span>ESIC CORPORATE EDUCATION<\/span><\/strong><\/span>[\/et_pb_text][\/et_pb_column][et_pb_column type=\u00bb1_4&#8243; _builder_version=\u00bb4.3.2&#8243;][et_pb_image src=\u00bbhttps:\/\/www.equiposytalentoeventos.com\/corporate-learning\/wp-content\/uploads\/2021\/10\/02Eva_Galli_EquiposyTalento.png\u00bb title_text=\u00bbvanessa_berrido\u00bb _builder_version=\u00bb3.26.3&#8243; border_color_all=\u00bb#ffffff\u00bb locked=\u00bboff\u00bb][\/et_pb_image][et_pb_text _builder_version=\u00bb3.26.3&#8243; text_font=\u00bb||||||||\u00bb text_text_color=\u00bb#ffffff\u00bb text_line_height=\u00bb28px\u00bb custom_margin=\u00bb|||0%|false|false\u00bb custom_margin_phone=\u00bb|||0%|false|false\u00bb custom_margin_last_edited=\u00bbon|desktop\u00bb text_font_size_last_edited=\u00bbon|desktop\u00bb text_line_height_last_edited=\u00bbon|desktop\u00bb locked=\u00bboff\u00bb]<span style=\"font-size: 24px; color: #68c4d1;\"><strong>Eva Galli<\/strong><\/span><br \/>\n<span style=\"color: #ffffff;\">Periodista<\/span><br \/>\n<span style=\"color: #11d8d8; font-size: 15px;\"><strong>EQUIPOS&amp;TALENTO<\/strong><\/span>[\/et_pb_text][\/et_pb_column][et_pb_column type=\u00bb1_4&#8243; _builder_version=\u00bb4.3.2&#8243;][\/et_pb_column][\/et_pb_row][\/et_pb_section][et_pb_section fb_built=\u00bb1&#8243; custom_padding_last_edited=\u00bbon|desktop\u00bb module_id=\u00bbinscripcion\u00bb _builder_version=\u00bb3.26.3&#8243; background_color=\u00bbrgba(0,0,0,0.79)\u00bb background_image=\u00bbhttps:\/\/www.equiposytalentoeventos.com\/corporate-learning\/wp-content\/uploads\/2021\/10\/CorporateLearningDay21-footer1.jpg\u00bb background_blend=\u00bbmultiply\u00bb custom_margin=\u00bb0px||||false|false\u00bb custom_margin_phone=\u00bb||0%||false|false\u00bb custom_margin_last_edited=\u00bbon|desktop\u00bb custom_padding=\u00bb6px||0px||false|false\u00bb custom_padding_phone=\u00bb||0%||false|false\u00bb background_last_edited=\u00bbon|phone\u00bb background_enable_image_phone=\u00bboff\u00bb disabled_on=\u00bbon|on|on\u00bb disabled=\u00bbon\u00bb][et_pb_row custom_padding=\u00bb5%|5%||5%\u00bb custom_padding_phone=\u00bb3%|0%||10%|false|false\u00bb custom_margin=\u00bb0.2%|auto||auto|false|false\u00bb custom_padding_last_edited=\u00bbon|phone\u00bb disabled_on=\u00bboff|off|off\u00bb _builder_version=\u00bb3.26.3&#8243; background_enable_color=\u00bboff\u00bb width_tablet=\u00bb85%\u00bb width_phone=\u00bb100%\u00bb width_last_edited=\u00bbon|phone\u00bb][et_pb_column type=\u00bb4_4&#8243; _builder_version=\u00bb3.25.4&#8243;][et_pb_text _builder_version=\u00bb3.26.3&#8243; text_font=\u00bbUnivers LT 75 Black||||||||\u00bb text_text_align=\u00bbcenter\u00bb text_text_color=\u00bb#ffffff\u00bb text_font_size=\u00bb42px\u00bb text_line_height=\u00bb90px\u00bb width_phone=\u00bb100%\u00bb width_last_edited=\u00bbon|desktop\u00bb custom_margin=\u00bb||-0.6%||false|false\u00bb custom_margin_phone=\u00bb7%||5%||false|false\u00bb custom_margin_last_edited=\u00bbon|phone\u00bb text_font_size_phone=\u00bb36px\u00bb text_font_size_last_edited=\u00bbon|desktop\u00bb text_line_height_phone=\u00bb54px\u00bb text_line_height_last_edited=\u00bbon|desktop\u00bb text_orientation_last_edited=\u00bbon|desktop\u00bb]<\/p>\n<p style=\"text-align: left;\">Inscr\u00edbete a Corporate Learning<\/p>\n<p>[\/et_pb_text][\/et_pb_column][\/et_pb_row][et_pb_row column_structure=\u00bb2_5,3_5&#8243; custom_padding=\u00bb0%|5%|6.5%|5%||\u00bb custom_padding_phone=\u00bb|10%|7%|10%|false|false\u00bb custom_margin=\u00bb||\u00bb custom_padding_last_edited=\u00bbon|desktop\u00bb disabled_on=\u00bboff|off|off\u00bb module_id=\u00bbinscribete\u00bb _builder_version=\u00bb3.26.3&#8243; box_shadow_style=\u00bbpreset3&#8243; width_tablet=\u00bb85%\u00bb width_phone=\u00bb100%\u00bb width_last_edited=\u00bbon|phone\u00bb][et_pb_column type=\u00bb2_5&#8243; _builder_version=\u00bb3.25.4&#8243;][et_pb_text _builder_version=\u00bb3.26.3&#8243; text_font=\u00bbUnivers||||||||\u00bb text_text_color=\u00bb#ffffff\u00bb text_font_size=\u00bb16px\u00bb text_line_height=\u00bb26px\u00bb custom_margin=\u00bb0.7%|||||\u00bb custom_margin_phone=\u00bb0%||10%||false|false\u00bb custom_margin_last_edited=\u00bbon|phone\u00bb text_font_size_last_edited=\u00bbon|desktop\u00bb text_line_height_last_edited=\u00bbon|desktop\u00bb]<\/p>\n<p>La Inscripci\u00f3n al Corporate LearningDay va dirigida exclusivamente a Directivos del \u00e1rea de Recursos Humanos de empresas, acreditando dicha condici\u00f3n.<\/p>\n<p>El evento no va dirigido a proveedores de servicios de recursos humanos.<\/p>\n<p>La organizaci\u00f3n no permitir\u00e1 la asistencia a personas de Consultoras y empresas proveedoras de servicios. En tal caso, s\u00f3lo se permitir\u00e1 el acceso a los representantes de las empresas patrocinadoras.<\/p>\n<p><strong>* Los datos de acceso online a la jornada se enviar\u00e1n a trav\u00e9s del correo electr\u00f3nico y de un SMS enviado al tel\u00e9fono m\u00f3vil indicado en el formulario de inscripci\u00f3n.<\/strong><\/p>\n<p>[\/et_pb_text][\/et_pb_column][et_pb_column type=\u00bb3_5&#8243; _builder_version=\u00bb3.25.4&#8243;][et_pb_contact_form captcha=\u00bboff\u00bb email=\u00bbcomunicacion@custommedia.es\u00bb success_message=\u00bbGracias por el inter\u00e9s. En unos d\u00edas le confirmaremos su plaza en Corporate Learning Day21&#8243; submit_button_text=\u00bbENVIAR\u00bb disabled_on=\u00bbon|on|on\u00bb _builder_version=\u00bb3.26.3&#8243; form_field_background_color=\u00bbrgba(255,255,255,0.3)\u00bb form_field_text_color=\u00bb#ffffff\u00bb form_field_focus_background_color=\u00bb#ffffff\u00bb form_field_focus_text_color=\u00bb#000000&#8243; form_field_custom_margin_phone=\u00bb4%||4%||false|false\u00bb form_field_custom_margin_last_edited=\u00bbon|phone\u00bb form_field_font=\u00bbUnivers||||||||\u00bb form_field_font_size=\u00bb20px\u00bb custom_button=\u00bbon\u00bb button_text_size=\u00bb40px\u00bb button_text_color=\u00bb#02394A\u00bb button_bg_color=\u00bb#ffffff\u00bb button_border_width=\u00bb0px\u00bb button_border_radius=\u00bb0px\u00bb button_font=\u00bbUnivers LT 75 Black||||||||\u00bb button_use_icon=\u00bboff\u00bb button_custom_margin=\u00bb34px|600px|||false|false\u00bb button_custom_margin_tablet=\u00bb7%|25%|5%||false|false\u00bb button_custom_margin_phone=\u00bb15%|15%|15%||false|false\u00bb button_custom_margin_last_edited=\u00bboff|phone\u00bb button_custom_padding=\u00bb||||false|false\u00bb custom_margin_last_edited=\u00bbon|phone\u00bb custom_padding=\u00bb||0px|||\u00bb form_field_font_size_last_edited=\u00bbon|desktop\u00bb button_text_size_tablet=\u00bb42px\u00bb button_text_size_phone=\u00bb36px\u00bb button_text_size_last_edited=\u00bboff|phone\u00bb button_text_color_last_edited=\u00bboff|desktop\u00bb custom_css_main_element=\u00bbclass=%22et-pb-contact-message%22||color:#ffffff;||\u00bb custom_css_contact_button=\u00bb||\u00bb disabled=\u00bbon\u00bb button_text_color__hover_enabled=\u00bbon\u00bb button_text_color__hover=\u00bb#ffffff\u00bb button_bg_color__hover_enabled=\u00bbon\u00bb button_bg_color__hover=\u00bb#00556b\u00bb button_bg_enable_color__hover=\u00bbon\u00bb button_text_size__hover_enabled=\u00bbon\u00bb button_text_size__hover=\u00bb40px\u00bb button_border_radius__hover_enabled=\u00bbon\u00bb button_border_radius__hover=\u00bb0px\u00bb custom_margin__hover_enabled=\u00bbon\u00bb][et_pb_contact_field field_id=\u00bbName\u00bb field_title=\u00bbNombre\u00bb _builder_version=\u00bb3.26.3&#8243; border_radii=\u00bbon||||\u00bb button_text_size__hover_enabled=\u00bboff\u00bb button_one_text_size__hover_enabled=\u00bboff\u00bb button_two_text_size__hover_enabled=\u00bboff\u00bb button_text_color__hover_enabled=\u00bboff\u00bb button_one_text_color__hover_enabled=\u00bboff\u00bb button_two_text_color__hover_enabled=\u00bboff\u00bb button_border_width__hover_enabled=\u00bboff\u00bb button_one_border_width__hover_enabled=\u00bboff\u00bb button_two_border_width__hover_enabled=\u00bboff\u00bb button_border_color__hover_enabled=\u00bboff\u00bb button_one_border_color__hover_enabled=\u00bboff\u00bb button_two_border_color__hover_enabled=\u00bboff\u00bb button_border_radius__hover_enabled=\u00bboff\u00bb button_one_border_radius__hover_enabled=\u00bboff\u00bb button_two_border_radius__hover_enabled=\u00bboff\u00bb button_letter_spacing__hover_enabled=\u00bboff\u00bb button_one_letter_spacing__hover_enabled=\u00bboff\u00bb button_two_letter_spacing__hover_enabled=\u00bboff\u00bb button_bg_color__hover_enabled=\u00bboff\u00bb button_one_bg_color__hover_enabled=\u00bboff\u00bb button_two_bg_color__hover_enabled=\u00bboff\u00bb][\/et_pb_contact_field][et_pb_contact_field field_id=\u00bbLastname\u00bb field_title=\u00bbApellidos\u00bb _builder_version=\u00bb3.26.3&#8243; border_radii=\u00bbon||||\u00bb button_text_size__hover_enabled=\u00bboff\u00bb button_one_text_size__hover_enabled=\u00bboff\u00bb button_two_text_size__hover_enabled=\u00bboff\u00bb button_text_color__hover_enabled=\u00bboff\u00bb button_one_text_color__hover_enabled=\u00bboff\u00bb button_two_text_color__hover_enabled=\u00bboff\u00bb button_border_width__hover_enabled=\u00bboff\u00bb button_one_border_width__hover_enabled=\u00bboff\u00bb button_two_border_width__hover_enabled=\u00bboff\u00bb button_border_color__hover_enabled=\u00bboff\u00bb button_one_border_color__hover_enabled=\u00bboff\u00bb button_two_border_color__hover_enabled=\u00bboff\u00bb button_border_radius__hover_enabled=\u00bboff\u00bb button_one_border_radius__hover_enabled=\u00bboff\u00bb button_two_border_radius__hover_enabled=\u00bboff\u00bb button_letter_spacing__hover_enabled=\u00bboff\u00bb button_one_letter_spacing__hover_enabled=\u00bboff\u00bb button_two_letter_spacing__hover_enabled=\u00bboff\u00bb button_bg_color__hover_enabled=\u00bboff\u00bb button_one_bg_color__hover_enabled=\u00bboff\u00bb button_two_bg_color__hover_enabled=\u00bboff\u00bb][\/et_pb_contact_field][et_pb_contact_field field_id=\u00bbBusiness\u00bb field_title=\u00bbEmpresa\u00bb _builder_version=\u00bb3.26.3&#8243; border_radii=\u00bbon||||\u00bb button_text_size__hover_enabled=\u00bboff\u00bb button_one_text_size__hover_enabled=\u00bboff\u00bb button_two_text_size__hover_enabled=\u00bboff\u00bb button_text_color__hover_enabled=\u00bboff\u00bb button_one_text_color__hover_enabled=\u00bboff\u00bb button_two_text_color__hover_enabled=\u00bboff\u00bb button_border_width__hover_enabled=\u00bboff\u00bb button_one_border_width__hover_enabled=\u00bboff\u00bb button_two_border_width__hover_enabled=\u00bboff\u00bb button_border_color__hover_enabled=\u00bboff\u00bb button_one_border_color__hover_enabled=\u00bboff\u00bb button_two_border_color__hover_enabled=\u00bboff\u00bb button_border_radius__hover_enabled=\u00bboff\u00bb button_one_border_radius__hover_enabled=\u00bboff\u00bb button_two_border_radius__hover_enabled=\u00bboff\u00bb button_letter_spacing__hover_enabled=\u00bboff\u00bb button_one_letter_spacing__hover_enabled=\u00bboff\u00bb button_two_letter_spacing__hover_enabled=\u00bboff\u00bb button_bg_color__hover_enabled=\u00bboff\u00bb button_one_bg_color__hover_enabled=\u00bboff\u00bb button_two_bg_color__hover_enabled=\u00bboff\u00bb][\/et_pb_contact_field][et_pb_contact_field field_id=\u00bbCharge\u00bb field_title=\u00bbCargo\u00bb _builder_version=\u00bb3.26.3&#8243; border_radii=\u00bbon||||\u00bb button_text_size__hover_enabled=\u00bboff\u00bb button_one_text_size__hover_enabled=\u00bboff\u00bb button_two_text_size__hover_enabled=\u00bboff\u00bb button_text_color__hover_enabled=\u00bboff\u00bb button_one_text_color__hover_enabled=\u00bboff\u00bb button_two_text_color__hover_enabled=\u00bboff\u00bb button_border_width__hover_enabled=\u00bboff\u00bb button_one_border_width__hover_enabled=\u00bboff\u00bb button_two_border_width__hover_enabled=\u00bboff\u00bb button_border_color__hover_enabled=\u00bboff\u00bb button_one_border_color__hover_enabled=\u00bboff\u00bb button_two_border_color__hover_enabled=\u00bboff\u00bb button_border_radius__hover_enabled=\u00bboff\u00bb button_one_border_radius__hover_enabled=\u00bboff\u00bb button_two_border_radius__hover_enabled=\u00bboff\u00bb button_letter_spacing__hover_enabled=\u00bboff\u00bb button_one_letter_spacing__hover_enabled=\u00bboff\u00bb button_two_letter_spacing__hover_enabled=\u00bboff\u00bb button_bg_color__hover_enabled=\u00bboff\u00bb button_one_bg_color__hover_enabled=\u00bboff\u00bb button_two_bg_color__hover_enabled=\u00bboff\u00bb][\/et_pb_contact_field][et_pb_contact_field field_id=\u00bbPhone\u00bb field_title=\u00bbM\u00f3vil*\u00bb allowed_symbols=\u00bbnumbers\u00bb _builder_version=\u00bb3.26.3&#8243; border_radii=\u00bbon||||\u00bb button_text_size__hover_enabled=\u00bboff\u00bb button_one_text_size__hover_enabled=\u00bboff\u00bb button_two_text_size__hover_enabled=\u00bboff\u00bb button_text_color__hover_enabled=\u00bboff\u00bb button_one_text_color__hover_enabled=\u00bboff\u00bb button_two_text_color__hover_enabled=\u00bboff\u00bb button_border_width__hover_enabled=\u00bboff\u00bb button_one_border_width__hover_enabled=\u00bboff\u00bb button_two_border_width__hover_enabled=\u00bboff\u00bb button_border_color__hover_enabled=\u00bboff\u00bb button_one_border_color__hover_enabled=\u00bboff\u00bb button_two_border_color__hover_enabled=\u00bboff\u00bb button_border_radius__hover_enabled=\u00bboff\u00bb button_one_border_radius__hover_enabled=\u00bboff\u00bb button_two_border_radius__hover_enabled=\u00bboff\u00bb button_letter_spacing__hover_enabled=\u00bboff\u00bb button_one_letter_spacing__hover_enabled=\u00bboff\u00bb button_two_letter_spacing__hover_enabled=\u00bboff\u00bb button_bg_color__hover_enabled=\u00bboff\u00bb button_one_bg_color__hover_enabled=\u00bboff\u00bb button_two_bg_color__hover_enabled=\u00bboff\u00bb][\/et_pb_contact_field][et_pb_contact_field field_id=\u00bbEmail\u00bb field_title=\u00bbEmail\u00bb field_type=\u00bbemail\u00bb _builder_version=\u00bb3.26.3&#8243; border_radii=\u00bbon||||\u00bb button_text_size__hover_enabled=\u00bboff\u00bb button_one_text_size__hover_enabled=\u00bboff\u00bb button_two_text_size__hover_enabled=\u00bboff\u00bb button_text_color__hover_enabled=\u00bboff\u00bb button_one_text_color__hover_enabled=\u00bboff\u00bb button_two_text_color__hover_enabled=\u00bboff\u00bb button_border_width__hover_enabled=\u00bboff\u00bb button_one_border_width__hover_enabled=\u00bboff\u00bb button_two_border_width__hover_enabled=\u00bboff\u00bb button_border_color__hover_enabled=\u00bboff\u00bb button_one_border_color__hover_enabled=\u00bboff\u00bb button_two_border_color__hover_enabled=\u00bboff\u00bb button_border_radius__hover_enabled=\u00bboff\u00bb button_one_border_radius__hover_enabled=\u00bboff\u00bb button_two_border_radius__hover_enabled=\u00bboff\u00bb button_letter_spacing__hover_enabled=\u00bboff\u00bb button_one_letter_spacing__hover_enabled=\u00bboff\u00bb button_two_letter_spacing__hover_enabled=\u00bboff\u00bb button_bg_color__hover_enabled=\u00bboff\u00bb button_one_bg_color__hover_enabled=\u00bboff\u00bb button_two_bg_color__hover_enabled=\u00bboff\u00bb][\/et_pb_contact_field][et_pb_contact_field field_id=\u00bbTipo_de_asistencia\u00bb field_title=\u00bbTipo de asistencia\u00bb field_type=\u00bbselect\u00bb select_options=\u00bb%91{%22value%22:%22Asistencia Presencial%22,%22checked%22:0,%22dragID%22:-1},{%22value%22:%22Asistencia Online%22,%22checked%22:0,%22dragID%22:0}%93&#8243; fullwidth_field=\u00bbon\u00bb _builder_version=\u00bb3.26.3&#8243; hover_enabled=\u00bb0&#8243; form_field_background_color__hover_enabled=\u00bbon\u00bb][\/et_pb_contact_field][et_pb_contact_field field_id=\u00bbCheckbox1&#8243; field_title=\u00bb \u00bb field_type=\u00bbcheckbox\u00bb checkbox_options=\u00bb%91{%22value%22:%22Consiento al tratamiento de mis datos por parte de CUSTOMMEDIA, S.L. para las finalidades definidas en los apartados siguientes. %22,%22checked%22:0,%22dragID%22:-1}%93&#8243; required_mark=\u00bboff\u00bb fullwidth_field=\u00bbon\u00bb _builder_version=\u00bb3.26.3&#8243; form_field_text_color=\u00bb#ffffff\u00bb form_field_font_size=\u00bb16px\u00bb custom_margin=\u00bb||||false|false\u00bb custom_margin_last_edited=\u00bbon|desktop\u00bb custom_padding=\u00bb5%||||false|false\u00bb form_field_font_size_last_edited=\u00bbon|desktop\u00bb][\/et_pb_contact_field][et_pb_contact_field field_id=\u00bbCheckbox2&#8243; field_title=\u00bb \u00bb field_type=\u00bbcheckbox\u00bb checkbox_options=\u00bb%91{%22value%22:%22Consiento al tratamiento de mis datos seg\u00fan la Pol\u00edtica de privacidad de CUSTOMMEDIA, S.L. con la finalidad de gestionar la inscripci\u00f3n al evento. Puede ejercer los derechos de acceso, rectificaci\u00f3n, supresi\u00f3n, portabilidad, limitaci\u00f3n y oposici\u00f3n, como le informamos en nuestra%22,%22checked%22:0,%22dragID%22:-1,%22link_text%22:%22Pol\u00edtica de Privacidad.%22,%22link_url%22:%22https:\/\/www.equiposytalentoeventos.com\/PoliticaPrivacidad.pdf%22}%93&#8243; fullwidth_field=\u00bbon\u00bb _builder_version=\u00bb3.26.3&#8243; form_field_text_color=\u00bb#ffffff\u00bb form_field_font_size=\u00bb16px\u00bb link_option_url_new_window=\u00bbon\u00bb form_field_font_size_last_edited=\u00bbon|desktop\u00bb][\/et_pb_contact_field][et_pb_contact_field field_id=\u00bbCheckbox3&#8243; field_title=\u00bb \u00bb field_type=\u00bbcheckbox\u00bb checkbox_options=\u00bb%91{%22value%22:%22Acepto la comunicaci\u00f3n de mis datos a las empresas patrocinadoras para recibir informaci\u00f3n de sus productos y servicios. %22,%22checked%22:0,%22dragID%22:-1}%93&#8243; required_mark=\u00bboff\u00bb fullwidth_field=\u00bbon\u00bb _builder_version=\u00bb3.26.3&#8243; form_field_text_color=\u00bb#ffffff\u00bb form_field_font_size=\u00bb16px\u00bb form_field_font_size_last_edited=\u00bbon|desktop\u00bb][\/et_pb_contact_field][\/et_pb_contact_form][et_pb_button button_url=\u00bbhttps:\/\/www.equiposytalentolive.com\/presencial_798762940_112086.html\u00bb url_new_window=\u00bbon\u00bb button_text=\u00bbINSCR\u00cdBETE (Asistencia Presencial)\u00bb disabled_on=\u00bboff|off|off\u00bb _builder_version=\u00bb3.26.3&#8243; custom_button=\u00bbon\u00bb button_text_size=\u00bb36px\u00bb button_text_color=\u00bb#ffffff\u00bb button_bg_color=\u00bb#11d8d8&#8243; button_border_width=\u00bb0px\u00bb button_border_radius=\u00bb9px\u00bb button_font=\u00bbUnivers LT 75 Black||||||||\u00bb button_use_icon=\u00bboff\u00bb background_layout=\u00bbdark\u00bb custom_margin=\u00bb-0.5%|||0.5%|false|false\u00bb custom_margin_tablet=\u00bb0%||||false|false\u00bb custom_margin_phone=\u00bb0%|10%||10%|false|false\u00bb custom_margin_last_edited=\u00bbon|desktop\u00bb custom_padding=\u00bb6%|12%|6%|12%|false|false\u00bb][\/et_pb_button][et_pb_button button_url=\u00bbhttps:\/\/www.equiposytalentolive.com\/online_798762940_112374.html\u00bb url_new_window=\u00bbon\u00bb button_text=\u00bbINSCR\u00cdBETE (Asistencia Online)\u00bb disabled_on=\u00bboff|off|off\u00bb _builder_version=\u00bb3.26.3&#8243; custom_button=\u00bbon\u00bb button_text_size=\u00bb36px\u00bb button_text_color=\u00bb#ffffff\u00bb button_bg_color=\u00bb#11d8d8&#8243; button_border_width=\u00bb0px\u00bb button_border_radius=\u00bb9px\u00bb button_font=\u00bbUnivers LT 75 Black||||||||\u00bb button_use_icon=\u00bboff\u00bb background_layout=\u00bbdark\u00bb custom_margin=\u00bb7.3%|||1%|false|false\u00bb custom_margin_tablet=\u00bb0%||||false|false\u00bb custom_margin_phone=\u00bb0%|10%||10%|false|false\u00bb custom_margin_last_edited=\u00bbon|desktop\u00bb custom_padding=\u00bb6%|12%|6%|12%|false|false\u00bb][\/et_pb_button][\/et_pb_column][\/et_pb_row][\/et_pb_section][et_pb_section fb_built=\u00bb1&#8243; module_id=\u00bbcontacto\u00bb _builder_version=\u00bb3.26.3&#8243; background_color=\u00bb#00455e\u00bb][et_pb_row _builder_version=\u00bb3.26.3&#8243;][et_pb_column type=\u00bb4_4&#8243; _builder_version=\u00bb3.26.3&#8243;][et_pb_text _builder_version=\u00bb3.26.3&#8243;]<\/p>\n<h5 style=\"text-align: center;\"><span style=\"color: #ffffff;\">comunicaci\u00f3n@equiposytalento.com<\/span><\/h5>\n<p>[\/et_pb_text][\/et_pb_column][\/et_pb_row][\/et_pb_section]<\/p>\n","protected":false},"excerpt":{"rendered":"<p>CORPORATE LEARNING DAY 2116 de noviembre, evento h\u00edbrido Presencial y retransmitido en directo desde el Museo Reina Sof\u00eda #CorporateLearning21TEM\u00c1TICAS LEARNABILITY Acelerador estrat\u00e9gico de la transformaci\u00f3n y la sostenibilidad INTERACTIVE &#038; SOCIAL LEARNING Aprendizaje interactivo y gamificado LEARNING AGILITY Organizaciones que impulsan el aprendizaje creativo y el liderazgo positivoA SCALABLE, APPLICABLE &amp; AGILE APPROACH La nueva [&hellip;]<\/p>\n","protected":false},"author":1,"featured_media":0,"parent":0,"menu_order":0,"comment_status":"closed","ping_status":"closed","template":"","meta":{"_et_pb_use_builder":"on","_et_pb_old_content":"","_et_gb_content_width":"","footnotes":""},"_links":{"self":[{"href":"https:\/\/www.equiposytalentoeventos.com\/corporate-learning\/wp-json\/wp\/v2\/pages\/16921"}],"collection":[{"href":"https:\/\/www.equiposytalentoeventos.com\/corporate-learning\/wp-json\/wp\/v2\/pages"}],"about":[{"href":"https:\/\/www.equiposytalentoeventos.com\/corporate-learning\/wp-json\/wp\/v2\/types\/page"}],"author":[{"embeddable":true,"href":"https:\/\/www.equiposytalentoeventos.com\/corporate-learning\/wp-json\/wp\/v2\/users\/1"}],"replies":[{"embeddable":true,"href":"https:\/\/www.equiposytalentoeventos.com\/corporate-learning\/wp-json\/wp\/v2\/comments?post=16921"}],"version-history":[{"count":130,"href":"https:\/\/www.equiposytalentoeventos.com\/corporate-learning\/wp-json\/wp\/v2\/pages\/16921\/revisions"}],"predecessor-version":[{"id":18404,"href":"https:\/\/www.equiposytalentoeventos.com\/corporate-learning\/wp-json\/wp\/v2\/pages\/16921\/revisions\/18404"}],"wp:attachment":[{"href":"https:\/\/www.equiposytalentoeventos.com\/corporate-learning\/wp-json\/wp\/v2\/media?parent=16921"}],"curies":[{"name":"wp","href":"https:\/\/api.w.org\/{rel}","templated":true}]}}