{"id":10018,"date":"2020-10-20T17:20:46","date_gmt":"2020-10-20T15:20:46","guid":{"rendered":"https:\/\/www.equiposytalentoeventos.com\/corporate-learning\/?page_id=10018"},"modified":"2020-12-04T14:29:53","modified_gmt":"2020-12-04T13:29:53","slug":"edicion-2020","status":"publish","type":"page","link":"https:\/\/www.equiposytalentoeventos.com\/corporate-learning\/edicion-2020\/","title":{"rendered":"Edici\u00f3n 2020"},"content":{"rendered":"<p>[et_pb_section fb_built=\u00bb1&#8243; _builder_version=\u00bb3.26.3&#8243; background_color=\u00bbrgba(0,0,0,0.55)\u00bb background_image=\u00bbhttps:\/\/www.equiposytalentoeventos.com\/corporate-learning\/wp-content\/uploads\/2020\/10\/header.jpg\u00bb background_blend=\u00bbmultiply\u00bb background_enable_video_mp4=\u00bboff\u00bb background_video_width=\u00bb1920&#8243; background_video_height=\u00bb1080&#8243; background_video_pause_outside_viewport=\u00bboff\u00bb custom_padding=\u00bb||0px|||\u00bb background_last_edited=\u00bbon|tablet\u00bb custom_css_main_element=\u00bbheight: 100vh;\u00bb][et_pb_row custom_padding=\u00bb||0px|||\u00bb custom_padding_tablet=\u00bb6%||||false|false\u00bb custom_padding_phone=\u00bb0%||||false|false\u00bb custom_padding_last_edited=\u00bbon|phone\u00bb _builder_version=\u00bb3.26.3&#8243;][et_pb_column type=\u00bb4_4&#8243; _builder_version=\u00bb3.25.4&#8243;][et_pb_text _builder_version=\u00bb3.26.3&#8243; text_font=\u00bbRubik|700|||||||\u00bb text_text_color=\u00bb#ffffff\u00bb text_font_size=\u00bb72px\u00bb text_line_height=\u00bb90px\u00bb text_font_size_tablet=\u00bb60px\u00bb text_font_size_phone=\u00bb32px\u00bb text_font_size_last_edited=\u00bbon|desktop\u00bb text_line_height_tablet=\u00bb80px\u00bb text_line_height_phone=\u00bb44px\u00bb text_line_height_last_edited=\u00bbon|desktop\u00bb]<\/p>\n<p>CORPORATE<br \/> LEARNING DAY 20<\/p>\n<p>[\/et_pb_text][\/et_pb_column][\/et_pb_row][et_pb_row column_structure=\u00bb3_5,2_5&#8243; custom_padding=\u00bb20px||0px||false|false\u00bb custom_padding_tablet=\u00bb6%||||false|false\u00bb custom_padding_phone=\u00bb0%||||false|false\u00bb custom_padding_last_edited=\u00bbon|phone\u00bb _builder_version=\u00bb3.26.3&#8243;][et_pb_column type=\u00bb3_5&#8243; _builder_version=\u00bb3.25.4&#8243;][et_pb_text _builder_version=\u00bb3.26.3&#8243; text_font=\u00bbUnivers||||||||\u00bb text_text_color=\u00bb#ffffff\u00bb text_font_size=\u00bb24px\u00bb text_line_height=\u00bb36px\u00bb width=\u00bb60%\u00bb width_tablet=\u00bb100%\u00bb width_phone=\u00bb100%\u00bb width_last_edited=\u00bbon|desktop\u00bb module_alignment=\u00bbleft\u00bb custom_margin=\u00bb2.5%||-3px|||\u00bb custom_margin_phone=\u00bb||||false|false\u00bb custom_margin_last_edited=\u00bbon|phone\u00bb text_font_size_tablet=\u00bb22px\u00bb text_font_size_phone=\u00bb20px\u00bb text_font_size_last_edited=\u00bbon|phone\u00bb text_line_height_tablet=\u00bb32px\u00bb text_line_height_phone=\u00bb30px\u00bb text_line_height_last_edited=\u00bbon|desktop\u00bb]<\/p>\n<p><span>25 de Noviembre de 2020<\/span><\/p>\n<p><strong>#CorporateLearning20<\/strong><\/p>\n<p>Retransmisi\u00f3n en Streaming desde el Museo Reina Sof\u00eda<\/p>\n<p>&nbsp;<\/p>\n<p>[\/et_pb_text][\/et_pb_column][et_pb_column type=\u00bb2_5&#8243; _builder_version=\u00bb3.25.4&#8243;][et_pb_button button_url=\u00bbhttps:\/\/www.youtube.com\/playlist?list=PLpqR742e01ZlX5RQagGwaai6wrfo16oYM\u00bb url_new_window=\u00bbon\u00bb button_text=\u00bbACCEDE A LOS V\u00cdDEOS DE CORPORATE LEARNING\u00bb disabled_on=\u00bboff|off|off\u00bb _builder_version=\u00bb3.26.3&#8243; custom_button=\u00bbon\u00bb button_text_size=\u00bb20px\u00bb button_bg_color=\u00bb#00c0fd\u00bb button_border_width=\u00bb0px\u00bb button_border_radius=\u00bb0px\u00bb button_font=\u00bbUnivers LT 75 Black||||||||\u00bb button_use_icon=\u00bboff\u00bb background_layout=\u00bbdark\u00bb custom_margin=\u00bb5%|-10%||-20%|false|false\u00bb custom_margin_tablet=\u00bb0%||||false|false\u00bb custom_margin_phone=\u00bb0%|10%||10%|false|false\u00bb custom_margin_last_edited=\u00bbon|desktop\u00bb custom_padding=\u00bb5%|6%|5%|6%|false|false\u00bb button_alignment=\u00bbcenter\u00bb][\/et_pb_button][et_pb_button button_url=\u00bbhttps:\/\/www.equiposytalentolive.com\/areaPrivada\u00bb url_new_window=\u00bbon\u00bb button_text=\u00bbhttps:\/\/www.equiposytalentolive.com\/areaPrivada\u00bb button_alignment=\u00bbcenter\u00bb disabled_on=\u00bbon|on|on\u00bb _builder_version=\u00bb3.26.3&#8243; custom_button=\u00bbon\u00bb button_text_size=\u00bb28px\u00bb button_text_color=\u00bb#0c71c3&#8243; button_bg_color=\u00bb#ffffff\u00bb button_border_radius=\u00bb0px\u00bb custom_margin=\u00bb30%|||-50%|false|false\u00bb custom_margin_phone=\u00bb11%||-10%||false|false\u00bb custom_margin_last_edited=\u00bbon|phone\u00bb button_text_size_phone=\u00bb20px\u00bb button_text_size_last_edited=\u00bbon|phone\u00bb disabled=\u00bbon\u00bb][\/et_pb_button][\/et_pb_column][\/et_pb_row][et_pb_row column_structure=\u00bb1_4,3_4&#8243; use_custom_gutter=\u00bbon\u00bb gutter_width=\u00bb1&#8243; custom_padding=\u00bb10%||0px|||\u00bb custom_padding_tablet=\u00bb22%||||false|false\u00bb custom_padding_phone=\u00bb19%||||false|false\u00bb make_equal=\u00bbon\u00bb custom_padding_last_edited=\u00bbon|tablet\u00bb disabled_on=\u00bbon|on|on\u00bb _builder_version=\u00bb3.26.3&#8243; width=\u00bb60%\u00bb width_tablet=\u00bb60%\u00bb width_phone=\u00bb100%\u00bb width_last_edited=\u00bbon|phone\u00bb max_width_last_edited=\u00bbon|desktop\u00bb module_alignment=\u00bbright\u00bb module_alignment_phone=\u00bbcenter\u00bb module_alignment_last_edited=\u00bbon|phone\u00bb disabled=\u00bbon\u00bb][et_pb_column type=\u00bb1_4&#8243; _builder_version=\u00bb3.26.3&#8243; background_color=\u00bb#00C0FD\u00bb][et_pb_text _builder_version=\u00bb3.26.3&#8243; text_font=\u00bb|800|||||||\u00bb text_text_align=\u00bbcenter\u00bb text_text_color=\u00bb#ffffff\u00bb text_font_size=\u00bb28px\u00bb custom_margin=\u00bb35%||||false|false\u00bb custom_margin_phone=\u00bb10%||10%||false|false\u00bb custom_margin_last_edited=\u00bbon|phone\u00bb link_option_url=\u00bb#inscribete\u00bb]<\/p>\n<p>INSCR\u00cdBETE<\/p>\n<p>[\/et_pb_text][\/et_pb_column][et_pb_column type=\u00bb3_4&#8243; _builder_version=\u00bb3.26.3&#8243; background_color=\u00bbrgba(255,255,255,0.3)\u00bb][et_pb_text _builder_version=\u00bb3.26.3&#8243; text_font=\u00bbUnivers||||||||\u00bb text_text_color=\u00bb#ffffff\u00bb text_font_size=\u00bb26px\u00bb text_line_height=\u00bb32px\u00bb custom_margin=\u00bb|-22px||||\u00bb custom_margin_phone=\u00bb|0px||0px|false|false\u00bb custom_margin_last_edited=\u00bbon|desktop\u00bb custom_padding=\u00bb5%||6.5%|25%\u00bb custom_padding_phone=\u00bb5%|0%|5%|22%|false|false\u00bb custom_padding_last_edited=\u00bbon|desktop\u00bb text_text_align_phone=\u00bbleft\u00bb text_text_align_last_edited=\u00bbon|phone\u00bb text_font_size_tablet=\u00bb22px\u00bb text_font_size_phone=\u00bb20px\u00bb text_font_size_last_edited=\u00bbon|desktop\u00bb text_line_height_phone=\u00bb30px\u00bb text_line_height_last_edited=\u00bbon|desktop\u00bb text_orientation_phone=\u00bbcenter\u00bb text_orientation_last_edited=\u00bbon|phone\u00bb]<\/p>\n<p><span>25 de Noviembre de 2020<\/span><br \/> Museo Reina Sof\u00eda (Madrid)<\/p>\n<p><strong>#CorporateLearning20<\/strong><\/p>\n<p>[\/et_pb_text][\/et_pb_column][\/et_pb_row][\/et_pb_section][et_pb_section fb_built=\u00bb1&#8243; _builder_version=\u00bb3.25.4&#8243; background_color=\u00bb#02394A\u00bb custom_padding=\u00bb||1px|||\u00bb][et_pb_row column_structure=\u00bb1_3,1_3,1_3&#8243; use_custom_gutter=\u00bbon\u00bb gutter_width=\u00bb2&#8243; custom_padding=\u00bb7%||4px|||\u00bb custom_margin=\u00bb|auto|-3px|auto||\u00bb make_equal=\u00bbon\u00bb custom_padding_last_edited=\u00bbon|desktop\u00bb disabled_on=\u00bbon|on|on\u00bb _builder_version=\u00bb3.26.3&#8243; disabled=\u00bbon\u00bb][et_pb_column type=\u00bb1_3&#8243; _builder_version=\u00bb3.26.3&#8243;][et_pb_text _builder_version=\u00bb3.26.3&#8243; text_font=\u00bbUnivers||||||||\u00bb text_text_color=\u00bb#00C0FD\u00bb text_font_size_tablet=\u00bb16px\u00bb text_font_size_phone=\u00bb16px\u00bb text_font_size_last_edited=\u00bbon|desktop\u00bb]<span>FORMACI\u00d3N, DESARROLLO Y APRENDIZAJE<\/span>[\/et_pb_text][et_pb_text _builder_version=\u00bb3.26.3&#8243; text_font=\u00bbUnivers|700|||||||\u00bb text_text_color=\u00bb#ffffff\u00bb text_font_size=\u00bb32px\u00bb text_line_height=\u00bb47px\u00bb width=\u00bb70%\u00bb width_phone=\u00bb100%\u00bb width_last_edited=\u00bbon|desktop\u00bb custom_margin=\u00bb0px|||||\u00bb custom_margin_phone=\u00bb0%||5%||false|false\u00bb custom_margin_last_edited=\u00bbon|desktop\u00bb text_font_size_tablet=\u00bb28px\u00bb text_font_size_phone=\u00bb20px\u00bb text_font_size_last_edited=\u00bbon|desktop\u00bb text_line_height_tablet=\u00bb42px\u00bb text_line_height_phone=\u00bb30px\u00bb text_line_height_last_edited=\u00bbon|desktop\u00bb]<\/p>\n<p><span>Principales tendencias en aprendizaje corporativo<\/span><\/p>\n<p>[\/et_pb_text][\/et_pb_column][et_pb_column type=\u00bb1_3&#8243; _builder_version=\u00bb3.26.3&#8243; background_color=\u00bbrgba(0,107,141,0.5)\u00bb custom_css_main_element=\u00bbborder-top: 7px solid #00c0fd;\u00bb][et_pb_text _builder_version=\u00bb3.26.3&#8243; text_font=\u00bbUnivers||||||||\u00bb text_text_color=\u00bb#ffffff\u00bb text_font_size=\u00bb20px\u00bb text_line_height=\u00bb30px\u00bb custom_margin=\u00bb12%|10%|17%|10%|false|false\u00bb custom_margin_last_edited=\u00bbon|desktop\u00bb text_font_size_last_edited=\u00bbon|desktop\u00bb text_line_height_last_edited=\u00bbon|desktop\u00bb]<\/p>\n<p><strong>LEARNING<\/strong><\/p>\n<p>\u00b7 Corporate Training Journey<\/p>\n<p>\u00b7 Learning Experience<\/p>\n<p>\u00b7 Game thinking learning<\/p>\n<p>\u00b7 Learnability<\/p>\n<p>[\/et_pb_text][\/et_pb_column][et_pb_column type=\u00bb1_3&#8243; _builder_version=\u00bb3.25.4&#8243; background_color=\u00bbrgba(0,107,141,0.5)\u00bb custom_css_main_element=\u00bbborder-top: 7px solid #00c0fd;\u00bb][et_pb_text _builder_version=\u00bb3.26.3&#8243; text_font=\u00bbUnivers||||||||\u00bb text_text_color=\u00bb#ffffff\u00bb text_font_size=\u00bb20px\u00bb text_line_height=\u00bb30px\u00bb custom_margin=\u00bb12%|10%|17%|10%|false|false\u00bb custom_margin_last_edited=\u00bbon|desktop\u00bb text_font_size_last_edited=\u00bbon|desktop\u00bb text_line_height_last_edited=\u00bbon|desktop\u00bb]<\/p>\n<p><strong>DEVELOPMENT<\/strong><\/p>\n<p>\u00b7 Aprendizaje viral y social learning<\/p>\n<p>\u00b7 Mobile learning y microlearning\u00a0<\/p>\n<p>\u00b7 Aprendizaje y transformaci\u00f3n<\/p>\n<p>[\/et_pb_text][\/et_pb_column][\/et_pb_row][et_pb_row custom_padding=\u00bb||1.2%||false|false\u00bb custom_padding_tablet=\u00bb15%||||false|false\u00bb custom_padding_last_edited=\u00bbon|tablet\u00bb disabled_on=\u00bboff|off|off\u00bb _builder_version=\u00bb3.26.3&#8243; width_last_edited=\u00bbon|desktop\u00bb][et_pb_column type=\u00bb4_4&#8243; _builder_version=\u00bb3.25.4&#8243;][et_pb_text _builder_version=\u00bb3.26.3&#8243; text_font=\u00bbUnivers|800|||||||\u00bb text_text_color=\u00bb#ffffff\u00bb text_font_size=\u00bb32px\u00bb text_line_height=\u00bb54px\u00bb custom_margin_phone=\u00bb2%||||false|false\u00bb custom_margin_last_edited=\u00bbon|desktop\u00bb text_font_size_tablet=\u00bb28px\u00bb text_font_size_phone=\u00bb24px\u00bb text_font_size_last_edited=\u00bbon|desktop\u00bb text_line_height_tablet=\u00bb40px\u00bb text_line_height_phone=\u00bb36px\u00bb text_line_height_last_edited=\u00bbon|desktop\u00bb]<\/p>\n<p><strong>TEM\u00c1TICAS<\/strong><\/p>\n<p>[\/et_pb_text][\/et_pb_column][\/et_pb_row][et_pb_row column_structure=\u00bb1_3,1_3,1_3&#8243; disabled_on=\u00bboff|off|off\u00bb _builder_version=\u00bb3.26.3&#8243;][et_pb_column type=\u00bb1_3&#8243; _builder_version=\u00bb3.26.3&#8243;][et_pb_text _builder_version=\u00bb3.26.3&#8243; text_font=\u00bbUnivers||||||||\u00bb text_text_color=\u00bb#ffffff\u00bb text_font_size=\u00bb20px\u00bb text_line_height=\u00bb30px\u00bb]<\/p>\n<p class=\"p1\"><span style=\"color: #00c0fd;\"><strong>RETHINKING CORPORATE LEARNING &amp; DEVELOPMENT<\/strong><\/span><\/p>\n<p class=\"p1\">El reto de reinventar los modelos de aprendizaje y desarrollo corporativo despu\u00e9s de la pandemia<\/p>\n<p>[\/et_pb_text][\/et_pb_column][et_pb_column type=\u00bb1_3&#8243; _builder_version=\u00bb3.26.3&#8243;][et_pb_text _builder_version=\u00bb3.26.3&#8243; text_font=\u00bbUnivers||||||||\u00bb text_text_color=\u00bb#ffffff\u00bb text_font_size=\u00bb20px\u00bb text_line_height=\u00bb30px\u00bb]<\/p>\n<p class=\"p1\"><span style=\"color: #00c0fd;\"><b><span>FROM SKILLS TO PERFORMANCE: LEADERSHIP<\/span><\/b><\/span><\/p>\n<p class=\"p1\">Una estrategia pionera en formaci\u00f3n para impulsar el rendimiento y competitividad de los empleados<\/p>\n<p>[\/et_pb_text][\/et_pb_column][et_pb_column type=\u00bb1_3&#8243; _builder_version=\u00bb3.26.3&#8243;][et_pb_text _builder_version=\u00bb3.26.3&#8243; text_font=\u00bbUnivers||||||||\u00bb text_text_color=\u00bb#ffffff\u00bb text_font_size=\u00bb20px\u00bb text_line_height=\u00bb30px\u00bb]<\/p>\n<p class=\"p1\"><span style=\"color: #00c0fd;\"><b>BOTTOM-UP &amp; PERSONALIZED TRAINING MODELS <\/b><\/span><\/p>\n<p class=\"p1\">Modelos de aprendizaje \u2018a la carta\u2019 con el empleado como protagonista de su propio desarrollo<\/p>\n<p>[\/et_pb_text][\/et_pb_column][\/et_pb_row][et_pb_row column_structure=\u00bb1_3,1_3,1_3&#8243; disabled_on=\u00bboff|off|off\u00bb _builder_version=\u00bb3.26.3&#8243;][et_pb_column type=\u00bb1_3&#8243; _builder_version=\u00bb3.26.3&#8243;][et_pb_text _builder_version=\u00bb3.26.3&#8243; text_font=\u00bbUnivers||||||||\u00bb text_text_color=\u00bb#ffffff\u00bb text_font_size=\u00bb20px\u00bb text_line_height=\u00bb30px\u00bb custom_padding=\u00bb0px|||||\u00bb]<\/p>\n<p class=\"p1\"><span style=\"color: #00c0fd;\"><b>FUN LEARNING EXPERIENCE<\/b><\/span><\/p>\n<p class=\"p1\">Tenemos el canal y el formato. \u00bfC\u00f3mo conseguir el <em>engagement<\/em>?<\/p>\n<p>[\/et_pb_text][\/et_pb_column][et_pb_column type=\u00bb1_3&#8243; _builder_version=\u00bb3.26.3&#8243;][et_pb_text _builder_version=\u00bb3.26.3&#8243; text_font=\u00bbUnivers||||||||\u00bb text_text_color=\u00bb#ffffff\u00bb text_font_size=\u00bb20px\u00bb text_line_height=\u00bb30px\u00bb custom_padding=\u00bb0px|||||\u00bb]<\/p>\n<p class=\"p1\"><span style=\"color: #00c0fd;\"><b>SMART WORKING &amp; LEARNING <\/b><\/span><\/p>\n<p class=\"p1\">Teletrabajo y teleaprendizaje en entornos VUCA<\/p>\n<p>[\/et_pb_text][\/et_pb_column][et_pb_column type=\u00bb1_3&#8243; _builder_version=\u00bb3.26.3&#8243;][et_pb_text _builder_version=\u00bb3.26.3&#8243; text_font=\u00bbUnivers||||||||\u00bb text_text_color=\u00bb#ffffff\u00bb text_font_size=\u00bb20px\u00bb text_line_height=\u00bb30px\u00bb]<\/p>\n<p class=\"p1\"><span style=\"color: #00c0fd;\"><b><strong>REINVENTING LEADERSHIP FOR CURRENT CHANGING TIMES<\/strong><\/b><\/span><\/p>\n<p class=\"p1\">El liderazgo como agente de cambio en la organizaci\u00f3n<span class=\"s1\"> <\/span><\/p>\n<p>[\/et_pb_text][\/et_pb_column][\/et_pb_row][et_pb_row column_structure=\u00bb1_3,1_3,1_3&#8243; disabled_on=\u00bboff|off|off\u00bb _builder_version=\u00bb3.26.3&#8243; locked=\u00bboff\u00bb][et_pb_column type=\u00bb1_3&#8243; _builder_version=\u00bb3.26.3&#8243;][et_pb_text _builder_version=\u00bb3.26.3&#8243; text_font=\u00bbUnivers||||||||\u00bb text_text_color=\u00bb#ffffff\u00bb text_font_size=\u00bb20px\u00bb text_line_height=\u00bb30px\u00bb custom_padding=\u00bb0px|||||\u00bb]<\/p>\n<p class=\"p1\"><span style=\"color: #00c0fd;\"><b><span>EXCITING LEARNING EXPERIENCE<\/span><\/b><\/span><\/p>\n<p class=\"p1\"><span>Experiencias de aprendizaje emocionantes<\/span><\/p>\n<p>[\/et_pb_text][\/et_pb_column][et_pb_column type=\u00bb1_3&#8243; _builder_version=\u00bb3.26.3&#8243;][et_pb_text _builder_version=\u00bb3.26.3&#8243; text_font=\u00bbUnivers||||||||\u00bb text_text_color=\u00bb#ffffff\u00bb text_font_size=\u00bb20px\u00bb text_line_height=\u00bb30px\u00bb custom_padding=\u00bb0px|||||\u00bb]<\/p>\n<p class=\"p1\"><span style=\"color: #00c0fd;\"><b>STORYTELLING TO CONNECT &amp; LEARN<\/b><\/span><\/p>\n<p class=\"p1\">Historia para conectar y aprender en 3 Speed Talks<\/p>\n<p>[\/et_pb_text][\/et_pb_column][et_pb_column type=\u00bb1_3&#8243; _builder_version=\u00bb3.26.3&#8243;][et_pb_text _builder_version=\u00bb3.26.3&#8243; text_font=\u00bbUnivers||||||||\u00bb text_text_color=\u00bb#ffffff\u00bb text_font_size=\u00bb20px\u00bb text_line_height=\u00bb30px\u00bb]<\/p>\n<p class=\"p1\"><span style=\"color: #00c0fd;\"><b>LEARNING FROM HOME CHALLENGES<\/b><\/span><\/p>\n<p class=\"p1\">Los retos del aprendizaje en remoto<\/p>\n<p>[\/et_pb_text][\/et_pb_column][\/et_pb_row][et_pb_row column_structure=\u00bb1_4,1_4,1_4,1_4&#8243; use_custom_gutter=\u00bbon\u00bb gutter_width=\u00bb1&#8243; custom_padding=\u00bb7%||6%\u00bb custom_margin=\u00bb10%|auto|-24.6%|auto||\u00bb custom_padding_last_edited=\u00bbon|desktop\u00bb _builder_version=\u00bb3.26.3&#8243; background_color=\u00bb#1e1e21&#8243; width=\u00bb100%\u00bb width_tablet=\u00bb100%\u00bb width_phone=\u00bb100%\u00bb width_last_edited=\u00bbon|desktop\u00bb max_width=\u00bb90%\u00bb max_width_tablet=\u00bb100%\u00bb max_width_phone=\u00bb100%\u00bb max_width_last_edited=\u00bbon|desktop\u00bb module_alignment=\u00bbleft\u00bb custom_margin_last_edited=\u00bbon|desktop\u00bb module_alignment_phone=\u00bbcenter\u00bb module_alignment_last_edited=\u00bbon|desktop\u00bb custom_css_main_element=\u00bbz-index:10&#8243;][et_pb_column type=\u00bb1_4&#8243; _builder_version=\u00bb3.25.4&#8243;][et_pb_number_counter title=\u00bbPONENTES\u00bb number=\u00bb40&#8243; percent_sign=\u00bboff\u00bb _builder_version=\u00bb3.26.3&#8243; title_font=\u00bbUnivers||||||||\u00bb title_text_color=\u00bb#ffffff\u00bb title_font_size=\u00bb24px\u00bb number_font=\u00bbUnivers||||||||\u00bb number_text_color=\u00bb#008F70&#8243; number_font_size=\u00bb96px\u00bb custom_margin=\u00bb|||25%\u00bb custom_margin_tablet=\u00bb|||20%|false|false\u00bb custom_margin_phone=\u00bb2%||2%|0%|false|false\u00bb custom_margin_last_edited=\u00bbon|desktop\u00bb custom_padding=\u00bb||0px|||\u00bb title_font_size_tablet=\u00bb22px\u00bb title_font_size_phone=\u00bb20px\u00bb title_font_size_last_edited=\u00bbon|desktop\u00bb number_font_size_tablet=\u00bb80px\u00bb number_font_size_phone=\u00bb80px\u00bb number_font_size_last_edited=\u00bbon|desktop\u00bb][\/et_pb_number_counter][\/et_pb_column][et_pb_column type=\u00bb1_4&#8243; _builder_version=\u00bb3.25.4&#8243;][et_pb_number_counter title=\u00bbMESAS REDONDAS\u00bb number=\u00bb7&#8243; percent_sign=\u00bboff\u00bb _builder_version=\u00bb3.26.3&#8243; title_font=\u00bbUnivers||||||||\u00bb title_text_color=\u00bb#ffffff\u00bb title_font_size=\u00bb24px\u00bb number_font=\u00bbUnivers||||||||\u00bb number_text_color=\u00bb#006B8D\u00bb number_font_size=\u00bb96px\u00bb custom_margin_tablet=\u00bb|20%|||false|false\u00bb custom_margin_phone=\u00bb2%|0%|2%||false|false\u00bb custom_margin_last_edited=\u00bbon|phone\u00bb title_font_size_tablet=\u00bb22px\u00bb title_font_size_phone=\u00bb20px\u00bb title_font_size_last_edited=\u00bbon|desktop\u00bb number_font_size_tablet=\u00bb80px\u00bb number_font_size_phone=\u00bb80px\u00bb number_font_size_last_edited=\u00bbon|desktop\u00bb][\/et_pb_number_counter][\/et_pb_column][et_pb_column type=\u00bb1_4&#8243; _builder_version=\u00bb3.25.4&#8243;][et_pb_number_counter title=\u00bbSPEED TALKS\u00bb number=\u00bb6&#8243; percent_sign=\u00bboff\u00bb _builder_version=\u00bb3.26.3&#8243; title_font=\u00bbUnivers||||||||\u00bb title_text_color=\u00bb#ffffff\u00bb title_font_size=\u00bb24px\u00bb number_font=\u00bbUnivers||||||||\u00bb number_text_color=\u00bb#E6007E\u00bb number_font_size=\u00bb96px\u00bb custom_margin=\u00bb|25%||\u00bb custom_margin_tablet=\u00bb10%|0%||20%|false|false\u00bb custom_margin_phone=\u00bb2%|0%|2%|0%|false|false\u00bb custom_margin_last_edited=\u00bbon|desktop\u00bb title_font_size_tablet=\u00bb22px\u00bb title_font_size_phone=\u00bb20px\u00bb title_font_size_last_edited=\u00bbon|desktop\u00bb number_font_size_tablet=\u00bb80px\u00bb number_font_size_phone=\u00bb80px\u00bb number_font_size_last_edited=\u00bbon|desktop\u00bb][\/et_pb_number_counter][\/et_pb_column][et_pb_column type=\u00bb1_4&#8243; _builder_version=\u00bb3.25.4&#8243;][et_pb_number_counter title=\u00bbASISTENTES ONLINE\u00bb number=\u00bb800&#8243; percent_sign=\u00bboff\u00bb _builder_version=\u00bb3.26.3&#8243; title_font=\u00bbUnivers||||||||\u00bb title_text_color=\u00bb#ffffff\u00bb title_font_size=\u00bb24px\u00bb number_font=\u00bbUnivers||||||||\u00bb number_text_color=\u00bb#E36307&#8243; number_font_size=\u00bb96px\u00bb custom_margin=\u00bb|30%||\u00bb custom_margin_tablet=\u00bb10%|20%|||false|false\u00bb custom_margin_phone=\u00bb2%|0%|3%||false|false\u00bb custom_margin_last_edited=\u00bbon|desktop\u00bb title_font_size_tablet=\u00bb22px\u00bb title_font_size_phone=\u00bb20px\u00bb title_font_size_last_edited=\u00bbon|desktop\u00bb number_font_size_tablet=\u00bb80px\u00bb number_font_size_phone=\u00bb80px\u00bb number_font_size_last_edited=\u00bbon|desktop\u00bb][\/et_pb_number_counter][\/et_pb_column][\/et_pb_row][et_pb_row custom_padding=\u00bb||0px|||\u00bb _builder_version=\u00bb3.25.4&#8243; width=\u00bb60%\u00bb width_last_edited=\u00bbon|desktop\u00bb module_alignment=\u00bbright\u00bb min_height_last_edited=\u00bbon|desktop\u00bb][et_pb_column type=\u00bb4_4&#8243; _builder_version=\u00bb3.25.4&#8243;][et_pb_image src=\u00bbhttps:\/\/www.equiposytalentoeventos.com\/corporate-learning\/wp-content\/uploads\/2019\/07\/trama.png\u00bb force_fullwidth=\u00bbon\u00bb disabled_on=\u00bbon|on|off\u00bb _builder_version=\u00bb3.25.4&#8243; background_color=\u00bbrgba(0,107,141,0.5)\u00bb custom_margin=\u00bb-26.5%||\u00bb custom_margin_last_edited=\u00bbon|desktop\u00bb custom_padding=\u00bb|||||\u00bb custom_css_main_element=\u00bbz-index:2;\u00bb][\/et_pb_image][\/et_pb_column][\/et_pb_row][\/et_pb_section][et_pb_section fb_built=\u00bb1&#8243; _builder_version=\u00bb3.25.4&#8243; custom_margin=\u00bb0px||\u00bb custom_padding=\u00bb0px||0px|||\u00bb][et_pb_row use_custom_gutter=\u00bbon\u00bb gutter_width=\u00bb1&#8243; custom_padding=\u00bb0px||0px|||\u00bb custom_margin=\u00bb|auto||||\u00bb make_equal=\u00bbon\u00bb disabled_on=\u00bboff|off|off\u00bb _builder_version=\u00bb3.26.3&#8243; width=\u00bb100%\u00bb max_width=\u00bb2560px\u00bb module_alignment=\u00bbcenter\u00bb][et_pb_column type=\u00bb4_4&#8243; _builder_version=\u00bb3.25.4&#8243;][et_pb_gallery gallery_ids=\u00bb10032,10033,10034,10035,10036,10037,10038,10039,10040,10041&#8243; gallery_orderby=\u00bbrand\u00bb posts_number=\u00bb8&#8243; show_title_and_caption=\u00bboff\u00bb show_pagination=\u00bboff\u00bb _builder_version=\u00bb3.26.3&#8243;][\/et_pb_gallery][\/et_pb_column][\/et_pb_row][et_pb_row column_structure=\u00bb1_2,1_2&#8243; use_custom_gutter=\u00bbon\u00bb gutter_width=\u00bb1&#8243; custom_padding=\u00bb0px||0px|||\u00bb custom_margin=\u00bb|auto||||\u00bb make_equal=\u00bbon\u00bb disabled_on=\u00bbon|on|on\u00bb _builder_version=\u00bb3.25.4&#8243; width=\u00bb100%\u00bb max_width=\u00bb2560px\u00bb module_alignment=\u00bbcenter\u00bb disabled=\u00bbon\u00bb][et_pb_column type=\u00bb1_2&#8243; _builder_version=\u00bb3.25.4&#8243;][et_pb_image src=\u00bbhttps:\/\/www.equiposytalentoeventos.com\/corporate-learning\/wp-content\/uploads\/2019\/07\/imagen_01.jpg\u00bb force_fullwidth=\u00bbon\u00bb _builder_version=\u00bb3.25.4&#8243;][\/et_pb_image][\/et_pb_column][et_pb_column type=\u00bb1_2&#8243; _builder_version=\u00bb3.25.4&#8243;][et_pb_image src=\u00bbhttps:\/\/www.equiposytalentoeventos.com\/corporate-learning\/wp-content\/uploads\/2019\/07\/imagen_02.jpg\u00bb force_fullwidth=\u00bbon\u00bb _builder_version=\u00bb3.25.4&#8243;][\/et_pb_image][\/et_pb_column][\/et_pb_row][et_pb_row custom_padding=\u00bb0px||0px|||\u00bb custom_margin=\u00bb0px|auto||auto||\u00bb disabled_on=\u00bbon|on|on\u00bb _builder_version=\u00bb3.25.4&#8243; width=\u00bb100%\u00bb max_width=\u00bb2560px\u00bb module_alignment=\u00bbcenter\u00bb disabled=\u00bbon\u00bb][et_pb_column type=\u00bb4_4&#8243; _builder_version=\u00bb3.25.4&#8243;][et_pb_image src=\u00bbhttps:\/\/www.equiposytalentoeventos.com\/corporate-learning\/wp-content\/uploads\/2019\/07\/imagen_03.jpg\u00bb force_fullwidth=\u00bbon\u00bb _builder_version=\u00bb3.25.4&#8243;][\/et_pb_image][\/et_pb_column][\/et_pb_row][et_pb_row column_structure=\u00bb1_2,1_2&#8243; use_custom_gutter=\u00bbon\u00bb gutter_width=\u00bb1&#8243; custom_padding=\u00bb0px||1px|||\u00bb custom_margin=\u00bb0px|auto||auto||\u00bb make_equal=\u00bbon\u00bb disabled_on=\u00bbon|on|on\u00bb _builder_version=\u00bb3.25.4&#8243; width=\u00bb100%\u00bb max_width=\u00bb2560px\u00bb disabled=\u00bbon\u00bb][et_pb_column type=\u00bb1_2&#8243; _builder_version=\u00bb3.25.4&#8243;][et_pb_image src=\u00bbhttps:\/\/www.equiposytalentoeventos.com\/corporate-learning\/wp-content\/uploads\/2019\/07\/imagen_04.jpg\u00bb force_fullwidth=\u00bbon\u00bb _builder_version=\u00bb3.25.4&#8243;][\/et_pb_image][\/et_pb_column][et_pb_column type=\u00bb1_2&#8243; _builder_version=\u00bb3.25.4&#8243;][et_pb_image src=\u00bbhttps:\/\/www.equiposytalentoeventos.com\/corporate-learning\/wp-content\/uploads\/2019\/07\/imagen_05.jpg\u00bb force_fullwidth=\u00bbon\u00bb _builder_version=\u00bb3.25.4&#8243;][\/et_pb_image][\/et_pb_column][\/et_pb_row][et_pb_row custom_padding=\u00bb10%||0px|||\u00bb custom_padding_tablet=\u00bb15%||||false|false\u00bb custom_padding_last_edited=\u00bbon|tablet\u00bb _builder_version=\u00bb3.26.3&#8243; width_last_edited=\u00bbon|desktop\u00bb][et_pb_column type=\u00bb4_4&#8243; _builder_version=\u00bb3.25.4&#8243;][et_pb_text _builder_version=\u00bb3.26.3&#8243; text_font=\u00bbUnivers|900|||||||\u00bb text_font_size=\u00bb32px\u00bb text_line_height=\u00bb54px\u00bb custom_margin_phone=\u00bb2%||||false|false\u00bb custom_margin_last_edited=\u00bbon|desktop\u00bb text_font_size_tablet=\u00bb28px\u00bb text_font_size_phone=\u00bb24px\u00bb text_font_size_last_edited=\u00bbon|desktop\u00bb text_line_height_tablet=\u00bb40px\u00bb text_line_height_phone=\u00bb36px\u00bb text_line_height_last_edited=\u00bbon|desktop\u00bb]<\/p>\n<p>SPONSORS PREMIUM<\/p>\n<p>[\/et_pb_text][et_pb_divider color=\u00bb#006B8D\u00bb divider_weight=\u00bb2px\u00bb _builder_version=\u00bb3.25.4&#8243; width=\u00bb100%\u00bb width_last_edited=\u00bbon|desktop\u00bb][\/et_pb_divider][\/et_pb_column][\/et_pb_row][et_pb_row column_structure=\u00bb1_5,1_5,1_5,1_5,1_5&#8243; use_custom_gutter=\u00bbon\u00bb gutter_width=\u00bb4&#8243; make_equal=\u00bbon\u00bb _builder_version=\u00bb3.26.3&#8243; module_alignment=\u00bbcenter\u00bb][et_pb_column type=\u00bb1_5&#8243; _builder_version=\u00bb3.25.4&#8243;][et_pb_image src=\u00bbhttps:\/\/www.equiposytalentoeventos.com\/corporate-learning\/wp-content\/uploads\/2019\/09\/02_avanzo.png\u00bb align_phone=\u00bbcenter\u00bb align_last_edited=\u00bbon|phone\u00bb _builder_version=\u00bb3.26.3&#8243; width=\u00bb90%\u00bb width_tablet=\u00bb68%\u00bb width_phone=\u00bb53%\u00bb width_last_edited=\u00bbon|phone\u00bb custom_margin=\u00bb0%||||false|false\u00bb custom_margin_tablet=\u00bb5%||||false|false\u00bb custom_margin_phone=\u00bb3%||3%||false|false\u00bb custom_margin_last_edited=\u00bbon|desktop\u00bb module_alignment_tablet=\u00bbcenter\u00bb module_alignment_last_edited=\u00bbon|tablet\u00bb][\/et_pb_image][\/et_pb_column][et_pb_column type=\u00bb1_5&#8243; _builder_version=\u00bb3.25.4&#8243;][et_pb_image src=\u00bbhttps:\/\/www.equiposytalentoeventos.com\/corporate-learning\/wp-content\/uploads\/2019\/07\/03_cegos.jpg\u00bb align=\u00bbcenter\u00bb align_last_edited=\u00bbon|desktop\u00bb _builder_version=\u00bb3.26.3&#8243; width=\u00bb45%\u00bb width_tablet=\u00bb30%\u00bb width_phone=\u00bb20%\u00bb width_last_edited=\u00bbon|desktop\u00bb custom_margin=\u00bb-7%||||false|false\u00bb custom_margin_tablet=\u00bb4%||||false|false\u00bb custom_margin_phone=\u00bb3%||0%||false|false\u00bb custom_margin_last_edited=\u00bbon|desktop\u00bb module_alignment_last_edited=\u00bbon|tablet\u00bb][\/et_pb_image][\/et_pb_column][et_pb_column type=\u00bb1_5&#8243; _builder_version=\u00bb3.25.4&#8243;][et_pb_image src=\u00bbhttps:\/\/www.equiposytalentoeventos.com\/corporate-learning\/wp-content\/uploads\/2018\/09\/comillas_horizontal-01.png\u00bb align=\u00bbcenter\u00bb align_phone=\u00bbcenter\u00bb align_last_edited=\u00bbon|phone\u00bb _builder_version=\u00bb3.26.3&#8243; transform_scale=\u00bb115%|115%\u00bb width=\u00bb100%\u00bb width_tablet=\u00bb68%\u00bb width_phone=\u00bb53%\u00bb width_last_edited=\u00bbon|phone\u00bb custom_margin=\u00bb0%||||false|false\u00bb custom_margin_tablet=\u00bb10%||||false|false\u00bb custom_margin_phone=\u00bb3%||3%||false|false\u00bb custom_margin_last_edited=\u00bbon|desktop\u00bb module_alignment_tablet=\u00bbcenter\u00bb module_alignment_last_edited=\u00bbon|tablet\u00bb][\/et_pb_image][\/et_pb_column][et_pb_column type=\u00bb1_5&#8243; _builder_version=\u00bb3.25.4&#8243;][et_pb_image src=\u00bbhttps:\/\/www.equiposytalentoeventos.com\/corporate-learning\/wp-content\/uploads\/2020\/11\/cornerstone.jpg\u00bb align_phone=\u00bbcenter\u00bb align_last_edited=\u00bbon|phone\u00bb _builder_version=\u00bb3.26.3&#8243; transform_scale=\u00bb115%|115%\u00bb width=\u00bb100%\u00bb width_tablet=\u00bb75%\u00bb width_phone=\u00bb50%\u00bb width_last_edited=\u00bbon|desktop\u00bb custom_margin=\u00bb5%||||false|false\u00bb custom_margin_tablet=\u00bb12%||||false|false\u00bb custom_margin_last_edited=\u00bbon|desktop\u00bb module_alignment_tablet=\u00bbcenter\u00bb module_alignment_last_edited=\u00bbon|desktop\u00bb][\/et_pb_image][\/et_pb_column][et_pb_column type=\u00bb1_5&#8243; _builder_version=\u00bb3.25.4&#8243;][et_pb_image src=\u00bbhttps:\/\/www.equiposytalentoeventos.com\/corporate-learning\/wp-content\/uploads\/2019\/10\/educativa.png\u00bb align=\u00bbcenter\u00bb align_phone=\u00bbcenter\u00bb align_last_edited=\u00bbon|phone\u00bb _builder_version=\u00bb3.26.3&#8243; transform_scale=\u00bb115%|115%\u00bb width_tablet=\u00bb65%\u00bb width_phone=\u00bb50%\u00bb width_last_edited=\u00bbon|desktop\u00bb custom_margin=\u00bb-14%||||false|false\u00bb custom_margin_tablet=\u00bb10%||||false|false\u00bb custom_margin_phone=\u00bb3%||3%||false|false\u00bb custom_margin_last_edited=\u00bbon|desktop\u00bb module_alignment_tablet=\u00bbcenter\u00bb module_alignment_last_edited=\u00bbon|desktop\u00bb][\/et_pb_image][\/et_pb_column][\/et_pb_row][et_pb_row column_structure=\u00bb1_5,1_5,1_5,1_5,1_5&#8243; use_custom_gutter=\u00bbon\u00bb gutter_width=\u00bb4&#8243; custom_padding_phone=\u00bb0px||||false|false\u00bb make_equal=\u00bbon\u00bb custom_padding_last_edited=\u00bbon|desktop\u00bb _builder_version=\u00bb3.26.3&#8243; module_alignment=\u00bbcenter\u00bb][et_pb_column type=\u00bb1_5&#8243; _builder_version=\u00bb3.25.4&#8243;][et_pb_image src=\u00bbhttps:\/\/www.equiposytalentoeventos.com\/corporate-learning\/wp-content\/uploads\/2019\/07\/goodhabitz.jpg\u00bb align=\u00bbcenter\u00bb align_phone=\u00bbcenter\u00bb align_last_edited=\u00bbon|phone\u00bb _builder_version=\u00bb3.26.3&#8243; transform_scale=\u00bb115%|115%\u00bb width_tablet=\u00bb75%\u00bb width_phone=\u00bb50%\u00bb width_last_edited=\u00bbon|desktop\u00bb custom_margin_tablet=\u00bb10%||||false|false\u00bb custom_margin_phone=\u00bb3%||3%||false|false\u00bb custom_margin_last_edited=\u00bbon|desktop\u00bb module_alignment_tablet=\u00bbcenter\u00bb module_alignment_last_edited=\u00bbon|desktop\u00bb][\/et_pb_image][\/et_pb_column][et_pb_column type=\u00bb1_5&#8243; _builder_version=\u00bb3.25.4&#8243;][et_pb_image src=\u00bbhttps:\/\/www.equiposytalentoeventos.com\/corporate-learning\/wp-content\/uploads\/2019\/07\/06_IDDI.jpg\u00bb align_phone=\u00bbcenter\u00bb align_last_edited=\u00bbon|desktop\u00bb _builder_version=\u00bb3.26.3&#8243; transform_scale=\u00bb115%|115%\u00bb width_tablet=\u00bb80%\u00bb width_phone=\u00bb55%\u00bb width_last_edited=\u00bbon|desktop\u00bb custom_margin_tablet=\u00bb10%||||false|false\u00bb custom_margin_phone=\u00bb||3%||false|false\u00bb custom_margin_last_edited=\u00bbon|desktop\u00bb module_alignment_tablet=\u00bbcenter\u00bb module_alignment_last_edited=\u00bbon|tablet\u00bb][\/et_pb_image][\/et_pb_column][et_pb_column type=\u00bb1_5&#8243; _builder_version=\u00bb3.25.4&#8243;][et_pb_image src=\u00bbhttps:\/\/www.equiposytalentoeventos.com\/corporate-learning\/wp-content\/uploads\/2019\/07\/netex.jpg\u00bb align_phone=\u00bbcenter\u00bb align_last_edited=\u00bbon|phone\u00bb _builder_version=\u00bb3.26.3&#8243; transform_scale=\u00bb115%|115%\u00bb width=\u00bb100%\u00bb width_tablet=\u00bb80%\u00bb width_phone=\u00bb55%\u00bb width_last_edited=\u00bbon|desktop\u00bb custom_margin=\u00bb-3%||||false|false\u00bb custom_margin_tablet=\u00bb4%||||false|false\u00bb custom_margin_phone=\u00bb||3%||false|false\u00bb custom_margin_last_edited=\u00bbon|desktop\u00bb module_alignment_tablet=\u00bbcenter\u00bb module_alignment_last_edited=\u00bbon|desktop\u00bb][\/et_pb_image][\/et_pb_column][et_pb_column type=\u00bb1_5&#8243; _builder_version=\u00bb3.25.4&#8243;][et_pb_image src=\u00bbhttps:\/\/www.equiposytalentoeventos.com\/corporate-learning\/wp-content\/uploads\/2019\/07\/08_randstad.jpg\u00bb align_phone=\u00bbcenter\u00bb align_last_edited=\u00bbon|desktop\u00bb _builder_version=\u00bb3.26.3&#8243; transform_scale=\u00bb115%|115%\u00bb width_tablet=\u00bb80%\u00bb width_phone=\u00bb55%\u00bb width_last_edited=\u00bbon|desktop\u00bb custom_margin=\u00bb1%||||false|false\u00bb custom_margin_tablet=\u00bb14%||||false|false\u00bb custom_margin_phone=\u00bb1%||4%||false|false\u00bb custom_margin_last_edited=\u00bbon|desktop\u00bb module_alignment_tablet=\u00bbcenter\u00bb module_alignment_last_edited=\u00bbon|desktop\u00bb][\/et_pb_image][\/et_pb_column][et_pb_column type=\u00bb1_5&#8243; _builder_version=\u00bb3.25.4&#8243;][et_pb_image src=\u00bbhttps:\/\/www.equiposytalentoeventos.com\/corporate-learning\/wp-content\/uploads\/2019\/07\/09_speex.jpg\u00bb align_phone=\u00bbcenter\u00bb align_last_edited=\u00bbon|desktop\u00bb _builder_version=\u00bb3.26.3&#8243; width=\u00bb100%\u00bb width_tablet=\u00bb75%\u00bb width_phone=\u00bb52%\u00bb width_last_edited=\u00bbon|desktop\u00bb module_alignment=\u00bbright\u00bb custom_margin=\u00bb2%||||false|false\u00bb custom_margin_tablet=\u00bb10%||||false|false\u00bb custom_margin_phone=\u00bb3%|0px|3%|0px|false|false\u00bb custom_margin_last_edited=\u00bbon|desktop\u00bb module_alignment_tablet=\u00bbcenter\u00bb module_alignment_phone=\u00bbcenter\u00bb module_alignment_last_edited=\u00bbon|desktop\u00bb][\/et_pb_image][\/et_pb_column][\/et_pb_row][et_pb_row custom_padding=\u00bb5%||0px|||\u00bb custom_padding_phone=\u00bb10%||||false|false\u00bb custom_padding_last_edited=\u00bbon|desktop\u00bb _builder_version=\u00bb3.26.3&#8243; width_last_edited=\u00bbon|desktop\u00bb][et_pb_column type=\u00bb4_4&#8243; _builder_version=\u00bb3.25.4&#8243;][et_pb_text _builder_version=\u00bb3.26.3&#8243; text_font=\u00bbUnivers|900|||||||\u00bb text_font_size=\u00bb32px\u00bb text_line_height=\u00bb54px\u00bb text_font_size_tablet=\u00bb28px\u00bb text_font_size_phone=\u00bb24px\u00bb text_font_size_last_edited=\u00bbon|phone\u00bb text_line_height_tablet=\u00bb40px\u00bb text_line_height_phone=\u00bb36px\u00bb text_line_height_last_edited=\u00bbon|desktop\u00bb]<\/p>\n<p>SPONSORS<\/p>\n<p>[\/et_pb_text][et_pb_divider color=\u00bb#006B8D\u00bb divider_weight=\u00bb2px\u00bb _builder_version=\u00bb3.25.4&#8243; width=\u00bb100%\u00bb width_last_edited=\u00bbon|desktop\u00bb][\/et_pb_divider][\/et_pb_column][\/et_pb_row][et_pb_row column_structure=\u00bb1_6,1_6,1_6,1_6,1_6,1_6&#8243; use_custom_gutter=\u00bbon\u00bb gutter_width=\u00bb4&#8243; make_equal=\u00bbon\u00bb _builder_version=\u00bb3.26.3&#8243; module_alignment=\u00bbcenter\u00bb][et_pb_column type=\u00bb1_6&#8243; _builder_version=\u00bb3.25.4&#8243;][et_pb_image src=\u00bbhttps:\/\/www.equiposytalentoeventos.com\/corporate-learning\/wp-content\/uploads\/2020\/11\/adams.png\u00bb align_phone=\u00bbcenter\u00bb align_last_edited=\u00bbon|desktop\u00bb _builder_version=\u00bb3.26.3&#8243; width=\u00bb61%\u00bb width_tablet=\u00bb60%\u00bb width_phone=\u00bb35%\u00bb width_last_edited=\u00bbon|desktop\u00bb module_alignment=\u00bbcenter\u00bb custom_margin=\u00bb-10%||||false|false\u00bb custom_margin_tablet=\u00bb||||false|false\u00bb custom_margin_phone=\u00bb3%||3%||false|false\u00bb custom_margin_last_edited=\u00bbon|phone\u00bb module_alignment_tablet=\u00bbcenter\u00bb module_alignment_last_edited=\u00bbon|desktop\u00bb][\/et_pb_image][\/et_pb_column][et_pb_column type=\u00bb1_6&#8243; _builder_version=\u00bb3.25.4&#8243;][et_pb_image src=\u00bbhttps:\/\/www.equiposytalentoeventos.com\/corporate-learning\/wp-content\/uploads\/2019\/09\/01_aiwin_2.jpg\u00bb align_phone=\u00bbcenter\u00bb align_last_edited=\u00bbon|desktop\u00bb _builder_version=\u00bb3.26.3&#8243; width=\u00bb100%\u00bb width_tablet=\u00bb75%\u00bb width_phone=\u00bb50%\u00bb width_last_edited=\u00bbon|desktop\u00bb custom_margin=\u00bb2%||||false|false\u00bb custom_margin_tablet=\u00bb6%||||false|false\u00bb custom_margin_phone=\u00bb3%||3%||false|false\u00bb custom_margin_last_edited=\u00bbon|desktop\u00bb module_alignment_tablet=\u00bbcenter\u00bb module_alignment_last_edited=\u00bbon|desktop\u00bb][\/et_pb_image][\/et_pb_column][et_pb_column type=\u00bb1_6&#8243; _builder_version=\u00bb3.25.4&#8243;][et_pb_image src=\u00bbhttps:\/\/www.equiposytalentoeventos.com\/corporate-learning\/wp-content\/uploads\/2019\/07\/ASTEX.jpg\u00bb align_phone=\u00bbcenter\u00bb align_last_edited=\u00bbon|desktop\u00bb _builder_version=\u00bb3.26.3&#8243; width=\u00bb80%\u00bb width_tablet=\u00bb75%\u00bb width_phone=\u00bb45%\u00bb width_last_edited=\u00bbon|desktop\u00bb custom_margin_phone=\u00bb3%||3%||false|false\u00bb custom_margin_last_edited=\u00bbon|desktop\u00bb module_alignment_tablet=\u00bbcenter\u00bb module_alignment_last_edited=\u00bbon|tablet\u00bb][\/et_pb_image][\/et_pb_column][et_pb_column type=\u00bb1_6&#8243; _builder_version=\u00bb3.25.4&#8243;][et_pb_image src=\u00bbhttps:\/\/www.equiposytalentoeventos.com\/corporate-learning\/wp-content\/uploads\/2020\/10\/Binnakle_2020.png\u00bb align_phone=\u00bbcenter\u00bb align_last_edited=\u00bbon|desktop\u00bb _builder_version=\u00bb3.26.3&#8243; width=\u00bb100%\u00bb width_tablet=\u00bb75%\u00bb width_phone=\u00bb50%\u00bb width_last_edited=\u00bbon|desktop\u00bb custom_margin=\u00bb2%||||false|false\u00bb custom_margin_tablet=\u00bb10%||||false|false\u00bb custom_margin_phone=\u00bb3%||3%||false|false\u00bb custom_margin_last_edited=\u00bbon|desktop\u00bb module_alignment_tablet=\u00bbcenter\u00bb module_alignment_last_edited=\u00bbon|desktop\u00bb][\/et_pb_image][\/et_pb_column][et_pb_column type=\u00bb1_6&#8243; _builder_version=\u00bb3.25.4&#8243;][et_pb_image src=\u00bbhttps:\/\/www.equiposytalentoeventos.com\/corporate-learning\/wp-content\/uploads\/2020\/10\/logo-drillster-01.png\u00bb align_phone=\u00bbcenter\u00bb align_last_edited=\u00bbon|desktop\u00bb _builder_version=\u00bb3.26.3&#8243; width_tablet=\u00bb75%\u00bb width_phone=\u00bb50%\u00bb width_last_edited=\u00bbon|phone\u00bb custom_margin_tablet=\u00bb10%||||false|false\u00bb custom_margin_phone=\u00bb3%||3%||false|false\u00bb custom_margin_last_edited=\u00bbon|tablet\u00bb module_alignment_tablet=\u00bbcenter\u00bb module_alignment_last_edited=\u00bbon|tablet\u00bb][\/et_pb_image][\/et_pb_column][et_pb_column type=\u00bb1_6&#8243; _builder_version=\u00bb3.25.4&#8243;][et_pb_image src=\u00bbhttps:\/\/www.equiposytalentoeventos.com\/corporate-learning\/wp-content\/uploads\/2020\/11\/homuork_granate.png\u00bb align_phone=\u00bbcenter\u00bb align_last_edited=\u00bbon|desktop\u00bb _builder_version=\u00bb3.26.3&#8243; width_tablet=\u00bb75%\u00bb width_phone=\u00bb50%\u00bb width_last_edited=\u00bbon|phone\u00bb custom_margin=\u00bb-3%||||false|false\u00bb custom_margin_tablet=\u00bb10%||||false|false\u00bb custom_margin_phone=\u00bb3%||3%||false|false\u00bb custom_margin_last_edited=\u00bbon|tablet\u00bb module_alignment_tablet=\u00bbcenter\u00bb module_alignment_last_edited=\u00bbon|tablet\u00bb][\/et_pb_image][\/et_pb_column][\/et_pb_row][et_pb_row column_structure=\u00bb1_6,1_6,1_6,1_6,1_6,1_6&#8243; use_custom_gutter=\u00bbon\u00bb gutter_width=\u00bb4&#8243; custom_padding_tablet=\u00bb0%||||false|false\u00bb make_equal=\u00bbon\u00bb custom_padding_last_edited=\u00bbon|desktop\u00bb _builder_version=\u00bb3.26.3&#8243; module_alignment=\u00bbcenter\u00bb][et_pb_column type=\u00bb1_6&#8243; _builder_version=\u00bb3.25.4&#8243;][et_pb_image src=\u00bbhttps:\/\/www.equiposytalentoeventos.com\/corporate-learning\/wp-content\/uploads\/2019\/07\/iformalia.jpg\u00bb align_phone=\u00bbcenter\u00bb align_last_edited=\u00bbon|phone\u00bb _builder_version=\u00bb3.26.3&#8243; width=\u00bb70%\u00bb width_tablet=\u00bb75%\u00bb width_phone=\u00bb50%\u00bb width_last_edited=\u00bbon|desktop\u00bb custom_margin=\u00bb-4%||||false|false\u00bb custom_margin_tablet=\u00bb3%||||false|false\u00bb custom_margin_phone=\u00bb3%||3%||false|false\u00bb custom_margin_last_edited=\u00bbon|desktop\u00bb module_alignment_tablet=\u00bbcenter\u00bb module_alignment_last_edited=\u00bbon|desktop\u00bb][\/et_pb_image][\/et_pb_column][et_pb_column type=\u00bb1_6&#8243; _builder_version=\u00bb3.25.4&#8243;][et_pb_image src=\u00bbhttps:\/\/www.equiposytalentoeventos.com\/corporate-learning\/wp-content\/uploads\/2020\/11\/05_moebius.png\u00bb align_phone=\u00bbcenter\u00bb align_last_edited=\u00bbon|desktop\u00bb _builder_version=\u00bb3.26.3&#8243; transform_scale=\u00bb125%|125%\u00bb width=\u00bb100%\u00bb width_tablet=\u00bb75%\u00bb width_phone=\u00bb50%\u00bb width_last_edited=\u00bbon|desktop\u00bb custom_margin=\u00bb0%|||6%|false|false\u00bb custom_margin_tablet=\u00bb10%||||false|false\u00bb custom_margin_phone=\u00bb3%||3%||false|false\u00bb custom_margin_last_edited=\u00bbon|desktop\u00bb module_alignment_tablet=\u00bbcenter\u00bb module_alignment_last_edited=\u00bbon|desktop\u00bb][\/et_pb_image][\/et_pb_column][et_pb_column type=\u00bb1_6&#8243; _builder_version=\u00bb3.25.4&#8243;][et_pb_image src=\u00bbhttps:\/\/www.equiposytalentoeventos.com\/corporate-learning\/wp-content\/uploads\/2020\/11\/read_matthews.png\u00bb align_phone=\u00bbcenter\u00bb align_last_edited=\u00bbon|desktop\u00bb _builder_version=\u00bb3.26.3&#8243; transform_scale=\u00bb125%|125%\u00bb width=\u00bb100%\u00bb width_tablet=\u00bb75%\u00bb width_phone=\u00bb50%\u00bb width_last_edited=\u00bbon|desktop\u00bb custom_margin=\u00bb0%|||6%|false|false\u00bb custom_margin_tablet=\u00bb10%||||false|false\u00bb custom_margin_phone=\u00bb3%||3%||false|false\u00bb custom_margin_last_edited=\u00bbon|desktop\u00bb module_alignment_tablet=\u00bbcenter\u00bb module_alignment_last_edited=\u00bbon|desktop\u00bb][\/et_pb_image][\/et_pb_column][et_pb_column type=\u00bb1_6&#8243; _builder_version=\u00bb3.25.4&#8243;][et_pb_image src=\u00bbhttps:\/\/www.equiposytalentoeventos.com\/corporate-learning\/wp-content\/uploads\/2020\/11\/utopicus-school-negro.png\u00bb align_phone=\u00bbcenter\u00bb align_last_edited=\u00bbon|desktop\u00bb _builder_version=\u00bb3.26.3&#8243; transform_scale=\u00bb125%|125%\u00bb width=\u00bb100%\u00bb width_tablet=\u00bb75%\u00bb width_phone=\u00bb50%\u00bb width_last_edited=\u00bbon|desktop\u00bb custom_margin=\u00bb14%|||6%|false|false\u00bb custom_margin_tablet=\u00bb10%||||false|false\u00bb custom_margin_phone=\u00bb3%||3%||false|false\u00bb custom_margin_last_edited=\u00bbon|desktop\u00bb module_alignment_tablet=\u00bbcenter\u00bb module_alignment_last_edited=\u00bbon|desktop\u00bb][\/et_pb_image][\/et_pb_column][et_pb_column type=\u00bb1_6&#8243; _builder_version=\u00bb3.25.4&#8243;][\/et_pb_column][et_pb_column type=\u00bb1_6&#8243; _builder_version=\u00bb3.25.4&#8243;][\/et_pb_column][\/et_pb_row][\/et_pb_section][et_pb_section fb_built=\u00bb1&#8243; custom_padding_last_edited=\u00bbon|desktop\u00bb disabled_on=\u00bboff|off|off\u00bb _builder_version=\u00bb3.26.3&#8243; background_color=\u00bb#02394a\u00bb custom_margin=\u00bb12%||||false|false\u00bb custom_margin_phone=\u00bb||||false|false\u00bb custom_margin_last_edited=\u00bbon|phone\u00bb custom_padding=\u00bb0px||10%|||\u00bb custom_padding_phone=\u00bb||12%||false|false\u00bb][et_pb_row custom_padding=\u00bb5%||0px||false|false\u00bb custom_padding_tablet=\u00bb15%||||false|false\u00bb custom_padding_last_edited=\u00bbon|desktop\u00bb disabled_on=\u00bboff|off|off\u00bb _builder_version=\u00bb3.26.3&#8243;][et_pb_column type=\u00bb4_4&#8243; _builder_version=\u00bb3.25.4&#8243;][et_pb_text module_id=\u00bbprograma\u00bb module_class=\u00bb#programa\u00bb _builder_version=\u00bb3.26.3&#8243; text_font=\u00bbUnivers LT 75 Black|800|||||||\u00bb text_text_align=\u00bbcenter\u00bb text_text_color=\u00bb#ffffff\u00bb text_font_size=\u00bb32px\u00bb text_font_size_tablet=\u00bb43px\u00bb text_font_size_phone=\u00bb36px\u00bb text_font_size_last_edited=\u00bbon|desktop\u00bb text_line_height_phone=\u00bb48px\u00bb text_line_height_last_edited=\u00bbon|phone\u00bb]<\/p>\n<p style=\"text-align: left;\">PROGRAMA<\/p>\n<p>[\/et_pb_text][et_pb_text module_id=\u00bbprograma\u00bb module_class=\u00bb#programa\u00bb _builder_version=\u00bb3.26.3&#8243; text_font=\u00bbUnivers|800|||||||\u00bb text_text_align=\u00bbcenter\u00bb text_text_color=\u00bb#ffffff\u00bb text_font_size=\u00bb24px\u00bb text_font_size_tablet=\u00bb43px\u00bb text_font_size_phone=\u00bb36px\u00bb text_font_size_last_edited=\u00bbon|desktop\u00bb text_line_height_phone=\u00bb48px\u00bb text_line_height_last_edited=\u00bbon|phone\u00bb]<\/p>\n<p style=\"text-align: left;\">Ponentes ya confirmados<\/p>\n<p>[\/et_pb_text][\/et_pb_column][\/et_pb_row][et_pb_row column_structure=\u00bb1_3,2_3&#8243; custom_padding=\u00bb5%||||false|false\u00bb custom_padding_phone=\u00bb||7%||false|false\u00bb make_equal=\u00bbon\u00bb custom_padding_last_edited=\u00bboff|phone\u00bb disabled_on=\u00bboff|off|off\u00bb _builder_version=\u00bb3.26.3&#8243; border_color_bottom=\u00bbrgba(255,255,255,0.5)\u00bb width_phone=\u00bb100%\u00bb width_last_edited=\u00bbon|phone\u00bb border_radii_last_edited=\u00bbon|phone\u00bb border_width_all_phone=\u00bb0px\u00bb border_width_all_last_edited=\u00bbon|phone\u00bb border_width_bottom_phone=\u00bb1px\u00bb border_width_bottom_last_edited=\u00bbon|phone\u00bb][et_pb_column type=\u00bb1_3&#8243; _builder_version=\u00bb4.3.2&#8243; custom_css_main_element=\u00bb\t||\u00bb][et_pb_text disabled_on=\u00bboff|off|off\u00bb _builder_version=\u00bb3.26.3&#8243; text_font=\u00bbUnivers LT 75 Black|800|||||||\u00bb text_text_color=\u00bb#ffffff\u00bb text_font_size=\u00bb26px\u00bb text_line_height=\u00bb42px\u00bb header_font=\u00bbUnivers LT 75 Black||||||||\u00bb custom_margin=\u00bb||||false|false\u00bb custom_margin_phone=\u00bb|||10%|false|false\u00bb custom_margin_last_edited=\u00bbon|desktop\u00bb text_font_size_phone=\u00bb28px\u00bb text_font_size_last_edited=\u00bbon|desktop\u00bb text_line_height_phone=\u00bb38px\u00bb text_line_height_last_edited=\u00bbon|phone\u00bb]<\/p>\n<p>09:00 &#8211; 09:15<\/p>\n<p>[\/et_pb_text][\/et_pb_column][et_pb_column type=\u00bb2_3&#8243; _builder_version=\u00bb4.3.2&#8243; border_width_left=\u00bb0px\u00bb border_radii_last_edited=\u00bbon|phone\u00bb][et_pb_text _builder_version=\u00bb3.26.3&#8243; text_font=\u00bbUnivers LT 75 Black||||||||\u00bb text_text_color=\u00bb#ffffff\u00bb text_font_size=\u00bb24px\u00bb text_line_height=\u00bb28px\u00bb border_width_left=\u00bb1px\u00bb border_color_left=\u00bb#ffffff\u00bb custom_padding=\u00bb|||8%|false|false\u00bb custom_padding_phone=\u00bb|10%||10%|false|false\u00bb custom_padding_last_edited=\u00bbon|desktop\u00bb text_font_size_last_edited=\u00bbon|desktop\u00bb text_line_height_last_edited=\u00bbon|desktop\u00bb border_width_left_phone=\u00bb0px\u00bb border_width_left_last_edited=\u00bbon|desktop\u00bb]<\/p>\n<p><span style=\"color: #00c0fd;\"><b>BIENVENIDA<\/b><\/span><span style=\"color: rgba(255, 255, 255, 0.75);\"><\/span><\/p>\n<p>[\/et_pb_text][\/et_pb_column][\/et_pb_row][et_pb_row column_structure=\u00bb1_3,2_3&#8243; custom_padding_phone=\u00bb||7%||false|false\u00bb make_equal=\u00bbon\u00bb custom_padding_last_edited=\u00bbon|phone\u00bb disabled_on=\u00bboff|off|off\u00bb _builder_version=\u00bb4.4.7&#8243; border_color_bottom=\u00bbrgba(255,255,255,0.5)\u00bb width_phone=\u00bb100%\u00bb width_last_edited=\u00bbon|phone\u00bb border_radii_last_edited=\u00bbon|phone\u00bb border_width_all_phone=\u00bb0px\u00bb border_width_all_last_edited=\u00bbon|phone\u00bb border_width_bottom_phone=\u00bb1px\u00bb border_width_bottom_last_edited=\u00bbon|phone\u00bb][et_pb_column type=\u00bb1_3&#8243; _builder_version=\u00bb4.3.2&#8243; custom_css_main_element=\u00bb\t||\u00bb][et_pb_text disabled_on=\u00bboff|off|off\u00bb _builder_version=\u00bb3.26.3&#8243; text_font=\u00bbUnivers LT 75 Black|800|||||||\u00bb text_text_color=\u00bb#ffffff\u00bb text_font_size=\u00bb26px\u00bb text_line_height=\u00bb42px\u00bb header_font=\u00bbUnivers LT 75 Black||||||||\u00bb custom_margin=\u00bb||||false|false\u00bb custom_margin_phone=\u00bb|||10%|false|false\u00bb custom_margin_last_edited=\u00bbon|desktop\u00bb text_font_size_phone=\u00bb28px\u00bb text_font_size_last_edited=\u00bbon|desktop\u00bb text_line_height_phone=\u00bb38px\u00bb text_line_height_last_edited=\u00bbon|phone\u00bb]<\/p>\n<p>09:15 &#8211; 09:45<\/p>\n<p>[\/et_pb_text][et_pb_text _builder_version=\u00bb3.26.3&#8243; text_font=\u00bbUnivers||||||||\u00bb text_text_color=\u00bb#ffffff\u00bb text_line_height=\u00bb28px\u00bb custom_padding_phone=\u00bb|10%||10%|false|false\u00bb custom_padding_last_edited=\u00bbon|phone\u00bb text_font_size_last_edited=\u00bbon|desktop\u00bb text_line_height_last_edited=\u00bbon|desktop\u00bb]<\/p>\n<p><span style=\"color: #00c0fd;\"><strong>FROM SKILLS TO PERFORMANCE: LEADERSHIP<\/strong><\/span><br \/> Una estrategia pionera en formaci\u00f3n para impulsar el rendimiento y la competitividad de los empleados<\/p>\n<p>[\/et_pb_text][\/et_pb_column][et_pb_column type=\u00bb2_3&#8243; _builder_version=\u00bb4.3.2&#8243; border_width_left=\u00bb0px\u00bb border_radii_last_edited=\u00bbon|phone\u00bb][et_pb_text _builder_version=\u00bb3.26.3&#8243; text_font=\u00bbUnivers||||||||\u00bb text_text_color=\u00bb#ffffff\u00bb text_line_height=\u00bb28px\u00bb border_width_left=\u00bb1px\u00bb border_color_left=\u00bb#ffffff\u00bb custom_padding=\u00bb|||8%|false|false\u00bb custom_padding_phone=\u00bb|10%||10%|false|false\u00bb custom_padding_last_edited=\u00bbon|desktop\u00bb text_font_size_last_edited=\u00bbon|desktop\u00bb text_line_height_last_edited=\u00bbon|desktop\u00bb border_width_left_phone=\u00bb0px\u00bb border_width_left_last_edited=\u00bbon|desktop\u00bb]<\/p>\n<p><span style=\"color: #00c0fd;\"><b>Javier Bello<\/b><\/span><span style=\"color: rgba(255, 255, 255, 0.75);\">, Learning Manager de<\/span>\u00a0<b>BBVA\u00a0<span><span style=\"color: #39d5f1;\"><br \/><span style=\"color: #00c0fd;\">Gema G\u00f3ngora<\/span><\/span><\/span><\/b><span style=\"color: rgba(255, 255, 255, 0.75);\"><span style=\"color: rgba(255, 255, 255, 0.76);\">,<\/span> Global Director of Recruiting, Learning &amp; Development de<b><span style=\"color: #ffffff;\">\u00a0IBERDROLA<\/span><br \/><span style=\"color: #00c0fd;\">Sara Garc\u00e9s<\/span><\/b>,\u00a0University Leader de<b>\u00a0<span style=\"color: #ffffff;\">AIRBUS<\/span>\u00a0<\/b><\/span><b style=\"font-size: 18px;\"><span style=\"color: #39d5f1;\"><br \/> <\/span><\/b><\/p>\n<p><b style=\"font-size: 18px;\"><span style=\"color: #39d5f1;\"><span style=\"color: #00c0fd;\"><\/span><\/span><\/b><span style=\"font-size: 18px; color: #ffffff;\">Modera<\/span><span style=\"font-size: 18px;\"> <\/span><span style=\"font-size: 18px; color: #39d5f1;\"><span style=\"color: #00c0fd;\"><strong>Jes\u00fas Ara\u00fajo<\/strong><\/span><span style=\"color: rgba(255, 255, 255, 0.75);\">, CEO de<\/span><strong> <span style=\"color: #ffffff;\">CEGOS ESPA\u00d1A Y LATAM<\/span><\/strong><\/span><\/p>\n<p>[\/et_pb_text][\/et_pb_column][\/et_pb_row][et_pb_row column_structure=\u00bb1_3,2_3&#8243; custom_padding_phone=\u00bb||7%||false|false\u00bb make_equal=\u00bbon\u00bb custom_padding_last_edited=\u00bbon|phone\u00bb disabled_on=\u00bboff|off|off\u00bb _builder_version=\u00bb4.4.7&#8243; border_color_bottom=\u00bbrgba(255,255,255,0.5)\u00bb width_phone=\u00bb100%\u00bb width_last_edited=\u00bbon|phone\u00bb border_radii_last_edited=\u00bbon|phone\u00bb border_width_all_phone=\u00bb0px\u00bb border_width_all_last_edited=\u00bbon|phone\u00bb border_width_bottom_phone=\u00bb1px\u00bb border_width_bottom_last_edited=\u00bbon|phone\u00bb][et_pb_column type=\u00bb1_3&#8243; _builder_version=\u00bb4.3.2&#8243; custom_css_main_element=\u00bb\t||\u00bb][et_pb_text disabled_on=\u00bboff|off|off\u00bb _builder_version=\u00bb3.26.3&#8243; text_font=\u00bbUnivers LT 75 Black|800|||||||\u00bb text_text_color=\u00bb#ffffff\u00bb text_font_size=\u00bb26px\u00bb text_line_height=\u00bb42px\u00bb header_font=\u00bbUnivers LT 75 Black||||||||\u00bb custom_margin=\u00bb||||false|false\u00bb custom_margin_phone=\u00bb|||10%|false|false\u00bb custom_margin_last_edited=\u00bbon|desktop\u00bb text_font_size_phone=\u00bb28px\u00bb text_font_size_last_edited=\u00bbon|desktop\u00bb text_line_height_phone=\u00bb38px\u00bb text_line_height_last_edited=\u00bbon|phone\u00bb]<\/p>\n<p>09:45 &#8211; 10:15<\/p>\n<p>[\/et_pb_text][et_pb_text _builder_version=\u00bb3.26.3&#8243; text_font=\u00bbUnivers||||||||\u00bb text_text_color=\u00bb#ffffff\u00bb text_line_height=\u00bb28px\u00bb custom_padding_phone=\u00bb|10%||10%|false|false\u00bb custom_padding_last_edited=\u00bbon|phone\u00bb text_font_size_last_edited=\u00bbon|desktop\u00bb text_line_height_last_edited=\u00bbon|desktop\u00bb]<\/p>\n<p><span style=\"color: #00c0fd;\"><strong>RETHINKING CORPORATE LEARNING &amp; DEVELOPMENT<\/strong><\/span><br \/> El reto de reinventar los modelos de aprendizaje y desarrollo corporativo ante la pandemia<\/p>\n<p>[\/et_pb_text][\/et_pb_column][et_pb_column type=\u00bb2_3&#8243; _builder_version=\u00bb4.3.2&#8243; border_width_left=\u00bb0px\u00bb border_radii_last_edited=\u00bbon|phone\u00bb][et_pb_text _builder_version=\u00bb3.26.3&#8243; text_font=\u00bbUnivers||||||||\u00bb text_text_color=\u00bb#ffffff\u00bb text_line_height=\u00bb28px\u00bb border_width_left=\u00bb1px\u00bb border_color_left=\u00bb#ffffff\u00bb custom_padding=\u00bb|||8%|false|false\u00bb custom_padding_phone=\u00bb|10%||10%|false|false\u00bb custom_padding_last_edited=\u00bbon|desktop\u00bb text_font_size_last_edited=\u00bbon|desktop\u00bb text_line_height_last_edited=\u00bbon|desktop\u00bb border_width_left_phone=\u00bb0px\u00bb border_width_left_last_edited=\u00bbon|desktop\u00bb]<\/p>\n<p><span style=\"color: #00c0fd;\"><b>Alicia Hern\u00e1ndez<\/b><\/span><span style=\"color: rgba(255, 255, 255, 0.75);\">, Talent &amp; L&amp;D Manager de<\/span>\u00a0<b>VODAFONE\u00a0<span><span style=\"color: #39d5f1;\"><br \/><span style=\"color: #00c0fd;\">Cristina Hern\u00e1ndez<\/span><\/span><\/span><\/b><span style=\"color: rgba(255, 255, 255, 0.75);\"><span style=\"color: rgba(255, 255, 255, 0.75);\">,<\/span>\u00a0Associated Director Learning &amp; Development de<b><span style=\"color: #ffffff;\">\u00a0MSD<\/span><br \/><span style=\"color: #00c0fd;\">Oriol Mas<\/span><\/b>, Director General de<b>\u00a0<span style=\"color: #ffffff;\">RANDSTAD DIRECT TRAINING &amp; HUMAN CAPITAL CONSULTING<\/span>\u00a0<\/b><\/span><b style=\"font-size: 18px;\"><span style=\"color: #39d5f1;\"><br \/> <\/span><\/b><\/p>\n<p><b style=\"font-size: 18px;\"><span style=\"color: #39d5f1;\"><span style=\"color: #00c0fd;\"><\/span><\/span><\/b><span style=\"font-size: 18px; color: #ffffff;\">Modera<\/span><span style=\"font-size: 18px;\"> <\/span><span style=\"font-size: 18px; color: #39d5f1;\"><span style=\"color: #00c0fd;\"><strong>Eva Galli<\/strong><\/span><span style=\"color: rgba(255, 255, 255, 0.75);\">, Periodista de<\/span><strong>\u00a0<span style=\"color: #ffffff;\">EQUIPOS&amp;TALENTO<\/span><\/strong><\/span><\/p>\n<p>[\/et_pb_text][\/et_pb_column][\/et_pb_row][et_pb_row column_structure=\u00bb1_3,2_3&#8243; custom_padding_phone=\u00bb||7%||false|false\u00bb make_equal=\u00bbon\u00bb custom_padding_last_edited=\u00bbon|phone\u00bb disabled_on=\u00bboff|off|off\u00bb _builder_version=\u00bb4.4.7&#8243; border_color_bottom=\u00bbrgba(255,255,255,0.5)\u00bb width_phone=\u00bb100%\u00bb width_last_edited=\u00bbon|phone\u00bb border_radii_last_edited=\u00bbon|phone\u00bb border_width_all_phone=\u00bb0px\u00bb border_width_all_last_edited=\u00bbon|phone\u00bb border_width_bottom_phone=\u00bb1px\u00bb border_width_bottom_last_edited=\u00bbon|phone\u00bb][et_pb_column type=\u00bb1_3&#8243; _builder_version=\u00bb4.3.2&#8243; custom_css_main_element=\u00bb\t||\u00bb][et_pb_text disabled_on=\u00bboff|off|off\u00bb _builder_version=\u00bb3.26.3&#8243; text_font=\u00bbUnivers LT 75 Black|800|||||||\u00bb text_text_color=\u00bb#ffffff\u00bb text_font_size=\u00bb26px\u00bb text_line_height=\u00bb42px\u00bb header_font=\u00bbUnivers LT 75 Black||||||||\u00bb custom_margin=\u00bb||||false|false\u00bb custom_margin_phone=\u00bb|||10%|false|false\u00bb custom_margin_last_edited=\u00bbon|desktop\u00bb text_font_size_phone=\u00bb28px\u00bb text_font_size_last_edited=\u00bbon|desktop\u00bb text_line_height_phone=\u00bb38px\u00bb text_line_height_last_edited=\u00bbon|phone\u00bb]<\/p>\n<p>10:15 &#8211; 10:45<\/p>\n<p>[\/et_pb_text][et_pb_text _builder_version=\u00bb3.26.3&#8243; text_font=\u00bbUnivers||||||||\u00bb text_text_color=\u00bb#ffffff\u00bb text_line_height=\u00bb28px\u00bb custom_padding_phone=\u00bb|10%||10%|false|false\u00bb custom_padding_last_edited=\u00bbon|phone\u00bb text_font_size_last_edited=\u00bbon|desktop\u00bb text_line_height_last_edited=\u00bbon|desktop\u00bb]<\/p>\n<p><span style=\"color: #00c0fd;\"><strong>REINVENTING LEADERSHIP FOR CURRENT CHANGING TIMES<\/strong><\/span><br \/> El liderazgo como agente de cambio en la organizaci\u00f3n<\/p>\n<p>[\/et_pb_text][\/et_pb_column][et_pb_column type=\u00bb2_3&#8243; _builder_version=\u00bb4.3.2&#8243; border_width_left=\u00bb0px\u00bb border_radii_last_edited=\u00bbon|phone\u00bb][et_pb_text _builder_version=\u00bb3.26.3&#8243; text_font=\u00bbUnivers||||||||\u00bb text_text_color=\u00bb#ffffff\u00bb text_line_height=\u00bb28px\u00bb border_width_left=\u00bb1px\u00bb border_color_left=\u00bb#ffffff\u00bb custom_padding=\u00bb|||8%|false|false\u00bb custom_padding_phone=\u00bb|10%||10%|false|false\u00bb custom_padding_last_edited=\u00bbon|desktop\u00bb text_font_size_last_edited=\u00bbon|desktop\u00bb text_line_height_last_edited=\u00bbon|desktop\u00bb border_width_left_phone=\u00bb0px\u00bb border_width_left_last_edited=\u00bbon|desktop\u00bb]<\/p>\n<p><span class=\"s1\"><span style=\"color: #00c0fd;\"><b>Mar Garre<\/b><\/span><span style=\"color: rgba(255, 255, 255, 0.75);\"><span style=\"color: rgba(255, 255, 255, 0.76);\">, Directora<\/span> de Personas y Comunicaci\u00f3n de<\/span><b>\u00a0L\u00cdNEA DIRECTA<\/b><\/span><br \/><span style=\"color: #00c0fd; font-size: 18px;\"><b>Esther Estepa<\/b><\/span><span style=\"color: rgba(255, 255, 255, 0.75);\">,\u00a0<span>Directora Corporativa de Talento y Experiencia del Empleado de<\/span><\/span><b style=\"font-size: 18px;\">\u00a0QUIR\u00d3NSALUD\u00a0<\/b><br \/><span style=\"color: #00c0fd;\"><b>Scherezade Miletich<\/b><\/span><span style=\"color: rgba(255, 255, 255, 0.75);\">, Directora \u00e1rea Desarrollo de RRHH &amp; RSC Lead de<\/span> <b>FUJITSU<\/b><\/p>\n<p class=\"p5\">Modera\u00a0<span style=\"color: #00c0fd;\"><b>Mar\u00eda S\u00e1nchez-Arjona<\/b><\/span><span style=\"color: rgba(255, 255, 255, 0.75);\">, Directora General de<\/span>\u00a0<b>IDDI<\/b><\/p>\n<p>[\/et_pb_text][\/et_pb_column][\/et_pb_row][et_pb_row column_structure=\u00bb1_3,2_3&#8243; custom_padding_phone=\u00bb||7%||false|false\u00bb make_equal=\u00bbon\u00bb custom_padding_last_edited=\u00bbon|phone\u00bb disabled_on=\u00bboff|off|off\u00bb _builder_version=\u00bb4.4.7&#8243; border_color_bottom=\u00bbrgba(255,255,255,0.5)\u00bb width_phone=\u00bb100%\u00bb width_last_edited=\u00bbon|phone\u00bb border_radii_last_edited=\u00bbon|phone\u00bb border_width_all_phone=\u00bb0px\u00bb border_width_all_last_edited=\u00bbon|phone\u00bb border_width_bottom_phone=\u00bb1px\u00bb border_width_bottom_last_edited=\u00bbon|phone\u00bb][et_pb_column type=\u00bb1_3&#8243; _builder_version=\u00bb4.3.2&#8243; custom_css_main_element=\u00bb\t||\u00bb][et_pb_text disabled_on=\u00bboff|off|off\u00bb _builder_version=\u00bb3.26.3&#8243; text_font=\u00bbUnivers LT 75 Black|800|||||||\u00bb text_text_color=\u00bb#ffffff\u00bb text_font_size=\u00bb26px\u00bb text_line_height=\u00bb42px\u00bb header_font=\u00bbUnivers LT 75 Black||||||||\u00bb custom_margin=\u00bb||||false|false\u00bb custom_margin_phone=\u00bb|||10%|false|false\u00bb custom_margin_last_edited=\u00bbon|desktop\u00bb text_font_size_phone=\u00bb28px\u00bb text_font_size_last_edited=\u00bbon|desktop\u00bb text_line_height_phone=\u00bb38px\u00bb text_line_height_last_edited=\u00bbon|phone\u00bb]<\/p>\n<p>10:45 &#8211; 11:15<\/p>\n<p>[\/et_pb_text][et_pb_text _builder_version=\u00bb3.26.3&#8243; text_font=\u00bbUnivers||||||||\u00bb text_text_color=\u00bb#ffffff\u00bb text_line_height=\u00bb28px\u00bb custom_padding_phone=\u00bb|10%||10%|false|false\u00bb custom_padding_last_edited=\u00bbon|phone\u00bb text_font_size_last_edited=\u00bbon|desktop\u00bb text_line_height_last_edited=\u00bbon|desktop\u00bb]<\/p>\n<p><span style=\"color: #00c0fd;\"><strong>EXCITING LEARNING EXPERIENCES<\/strong><\/span><br \/>El equilibrio entre presupuesto, el desarrollo de contenidos y la experiencia de aprendizaje<\/p>\n<p>[\/et_pb_text][\/et_pb_column][et_pb_column type=\u00bb2_3&#8243; _builder_version=\u00bb4.3.2&#8243; border_width_left=\u00bb0px\u00bb border_radii_last_edited=\u00bbon|phone\u00bb][et_pb_text _builder_version=\u00bb3.26.3&#8243; text_font=\u00bbUnivers||||||||\u00bb text_text_color=\u00bb#ffffff\u00bb text_line_height=\u00bb28px\u00bb border_width_left=\u00bb1px\u00bb border_color_left=\u00bb#ffffff\u00bb custom_padding=\u00bb|||8%|false|false\u00bb custom_padding_phone=\u00bb|10%||10%|false|false\u00bb custom_padding_last_edited=\u00bbon|desktop\u00bb text_font_size_last_edited=\u00bbon|desktop\u00bb text_line_height_last_edited=\u00bbon|desktop\u00bb border_width_left_phone=\u00bb0px\u00bb border_width_left_last_edited=\u00bbon|desktop\u00bb]<span class=\"s1\"><span style=\"color: #00c0fd;\"><b>Francisco Navarro<\/b><\/span><span style=\"color: rgba(255, 255, 255, 0.75);\">, Global HR Lead Consultant, Career &amp; Skills Global Technology Services de<\/span> <b>IBM<\/b><\/span><br \/>\n<span style=\"color: #00c0fd; font-size: 18px;\"><b>Bel\u00e9n Foncillas<\/b><\/span><span style=\"font-size: 18px; color: rgba(255, 255, 255, 0.75);\">, Learning Solutions Manager de <\/span><b style=\"font-size: 18px;\">SCHNEIDER ELECTRIC\u00a0<\/b><span style=\"color: #00c0fd;\"><br \/><strong>Ernesto Barrios<\/strong><\/span><span style=\"color: rgba(255, 255, 255, 0.74);\">,\u00a0Learning Office Manager de<\/span><span>\u00a0<\/span><strong>REPSOL<\/strong><\/p>\n<p>Modera <span style=\"color: #00c0fd; font-size: 18px;\"><b>Ricardo Devai<\/b><\/span><span style=\"font-size: 18px; color: rgba(255, 255, 255, 0.74);\">, Senior Learning Consultant en <\/span><b style=\"font-size: 18px;\">NETEX LEARNING<\/b>[\/et_pb_text][\/et_pb_column][\/et_pb_row][et_pb_row column_structure=\u00bb1_3,2_3&#8243; custom_padding_phone=\u00bb||7%||false|false\u00bb make_equal=\u00bbon\u00bb custom_padding_last_edited=\u00bbon|phone\u00bb disabled_on=\u00bboff|off|off\u00bb _builder_version=\u00bb4.4.7&#8243; border_color_bottom=\u00bbrgba(255,255,255,0.5)\u00bb width_phone=\u00bb100%\u00bb width_last_edited=\u00bbon|phone\u00bb border_radii_last_edited=\u00bbon|phone\u00bb border_width_all_phone=\u00bb0px\u00bb border_width_all_last_edited=\u00bbon|phone\u00bb border_width_bottom_phone=\u00bb1px\u00bb border_width_bottom_last_edited=\u00bbon|phone\u00bb][et_pb_column type=\u00bb1_3&#8243; _builder_version=\u00bb4.3.2&#8243; custom_css_main_element=\u00bb\t||\u00bb][et_pb_text disabled_on=\u00bboff|off|off\u00bb _builder_version=\u00bb3.26.3&#8243; text_font=\u00bbUnivers LT 75 Black|800|||||||\u00bb text_text_color=\u00bb#ffffff\u00bb text_font_size=\u00bb26px\u00bb text_line_height=\u00bb42px\u00bb header_font=\u00bbUnivers LT 75 Black||||||||\u00bb custom_margin=\u00bb||||false|false\u00bb custom_margin_phone=\u00bb|||10%|false|false\u00bb custom_margin_last_edited=\u00bbon|desktop\u00bb text_font_size_phone=\u00bb28px\u00bb text_font_size_last_edited=\u00bbon|desktop\u00bb text_line_height_phone=\u00bb38px\u00bb text_line_height_last_edited=\u00bbon|phone\u00bb]<\/p>\n<p>11:15 &#8211; 11:45<\/p>\n<p>[\/et_pb_text][et_pb_text _builder_version=\u00bb3.26.3&#8243; text_font=\u00bbUnivers||||||||\u00bb text_text_color=\u00bb#ffffff\u00bb text_line_height=\u00bb28px\u00bb custom_padding=\u00bb0px|||||\u00bb custom_padding_phone=\u00bb|10%||10%|false|false\u00bb custom_padding_last_edited=\u00bbon|phone\u00bb text_font_size_last_edited=\u00bbon|desktop\u00bb text_line_height_last_edited=\u00bbon|desktop\u00bb]<\/p>\n<p><span style=\"color: #00c0fd;\"><strong>LEARNING FROM HOME CHALLENGES<\/strong><\/span><br \/>Los retos del aprendizaje en remoto<\/p>\n<p>[\/et_pb_text][\/et_pb_column][et_pb_column type=\u00bb2_3&#8243; _builder_version=\u00bb4.3.2&#8243; border_width_left=\u00bb0px\u00bb border_radii_last_edited=\u00bbon|phone\u00bb][et_pb_text _builder_version=\u00bb3.26.3&#8243; text_font=\u00bbUnivers||||||||\u00bb text_text_color=\u00bb#ffffff\u00bb text_line_height=\u00bb28px\u00bb border_width_left=\u00bb1px\u00bb border_color_left=\u00bb#ffffff\u00bb custom_padding=\u00bb|||8%|false|false\u00bb custom_padding_phone=\u00bb|10%||10%|false|false\u00bb custom_padding_last_edited=\u00bbon|desktop\u00bb text_font_size_last_edited=\u00bbon|desktop\u00bb text_line_height_last_edited=\u00bbon|desktop\u00bb border_width_left_phone=\u00bb0px\u00bb border_width_left_last_edited=\u00bbon|desktop\u00bb]<\/p>\n<p><span class=\"s1\"><span style=\"color: #00c0fd;\"><b>Jaime Canosa<\/b><\/span><span style=\"color: rgba(255, 255, 255, 0.74);\">, Responsable de Formaci\u00f3n de<\/span> <b>FERROVIAL<\/b><\/span><br \/><span class=\"s1\"><span style=\"color: #00c0fd;\"><b>Sara Galera<\/b><\/span><span style=\"color: rgba(255, 255, 255, 0.74);\">, Head of Training Unit de<\/span> <b>BANCO DE ESPA\u00d1A\u00a0<span style=\"color: #00c0fd;\"><br \/>Mercedes Retana<\/span><\/b><span style=\"color: rgba(255, 255, 255, 0.76);\">, Responsable de Formaci\u00f3n de<\/span><b><span> AB AZUCARERA IBERIA, S.L.U.<\/span><\/b><\/span><\/p>\n<p><span style=\"font-size: 18px;\">Modera\u00a0<\/span><span style=\"font-size: 18px; color: #00c0fd;\"><b>Elena Gim\u00e9nez<\/b><\/span><span style=\"font-size: 18px; color: rgba(255, 255, 255, 0.74);\">, Directora de<\/span><span style=\"font-size: 18px;\">\u00a0<\/span><b style=\"font-size: 18px;\">SPEEXX ESPA\u00d1A<\/b><\/p>\n<p>[\/et_pb_text][\/et_pb_column][\/et_pb_row][et_pb_row column_structure=\u00bb1_3,2_3&#8243; custom_padding_phone=\u00bb||7%||false|false\u00bb make_equal=\u00bbon\u00bb custom_padding_last_edited=\u00bbon|phone\u00bb disabled_on=\u00bboff|off|off\u00bb _builder_version=\u00bb4.4.7&#8243; border_color_bottom=\u00bbrgba(255,255,255,0.5)\u00bb width_phone=\u00bb100%\u00bb width_last_edited=\u00bbon|phone\u00bb border_radii_last_edited=\u00bbon|phone\u00bb border_width_all_phone=\u00bb0px\u00bb border_width_all_last_edited=\u00bbon|phone\u00bb border_width_bottom_phone=\u00bb1px\u00bb border_width_bottom_last_edited=\u00bbon|phone\u00bb][et_pb_column type=\u00bb1_3&#8243; _builder_version=\u00bb4.3.2&#8243; custom_css_main_element=\u00bb\t||\u00bb][et_pb_text disabled_on=\u00bboff|off|off\u00bb _builder_version=\u00bb3.26.3&#8243; text_font=\u00bbUnivers LT 75 Black|800|||||||\u00bb text_text_color=\u00bb#ffffff\u00bb text_font_size=\u00bb26px\u00bb text_line_height=\u00bb42px\u00bb header_font=\u00bbUnivers LT 75 Black||||||||\u00bb custom_margin=\u00bb||||false|false\u00bb custom_margin_phone=\u00bb|||10%|false|false\u00bb custom_margin_last_edited=\u00bbon|desktop\u00bb text_font_size_phone=\u00bb28px\u00bb text_font_size_last_edited=\u00bbon|desktop\u00bb text_line_height_phone=\u00bb38px\u00bb text_line_height_last_edited=\u00bbon|phone\u00bb]<\/p>\n<p>11:45 &#8211; 12:15<\/p>\n<p>[\/et_pb_text][et_pb_text _builder_version=\u00bb3.26.3&#8243; text_font=\u00bbUnivers||||||||\u00bb text_text_color=\u00bb#ffffff\u00bb text_line_height=\u00bb28px\u00bb custom_padding=\u00bb0px|||||\u00bb custom_padding_phone=\u00bb|10%||10%|false|false\u00bb custom_padding_last_edited=\u00bbon|phone\u00bb text_font_size_last_edited=\u00bbon|desktop\u00bb text_line_height_last_edited=\u00bbon|desktop\u00bb]<\/p>\n<p><span style=\"color: #00c0fd;\"><strong>PERSONALIZED TRAINING MODELS<\/strong><\/span><br \/><span style=\"font-size: 18px;\">Modelos de aprendizaje \u2018a la carta\u2019 en los que el empleado es due\u00f1o de su propio desarrollo<\/span><\/p>\n<div id=\"v1replybody1\">\n<div id=\"v1v1replybody1\">\n<ul><\/ul>\n<\/div>\n<\/div>\n<p>[\/et_pb_text][\/et_pb_column][et_pb_column type=\u00bb2_3&#8243; _builder_version=\u00bb4.3.2&#8243; border_width_left=\u00bb0px\u00bb border_radii_last_edited=\u00bbon|phone\u00bb][et_pb_text _builder_version=\u00bb3.26.3&#8243; text_font=\u00bbUnivers||||||||\u00bb text_text_color=\u00bb#ffffff\u00bb text_line_height=\u00bb28px\u00bb border_width_left=\u00bb1px\u00bb border_color_left=\u00bb#ffffff\u00bb custom_padding=\u00bb||0px|8%|false|false\u00bb custom_padding_phone=\u00bb|10%||10%|false|false\u00bb custom_padding_last_edited=\u00bbon|desktop\u00bb text_font_size_last_edited=\u00bbon|desktop\u00bb text_line_height_last_edited=\u00bbon|desktop\u00bb border_width_left_phone=\u00bb0px\u00bb border_width_left_last_edited=\u00bbon|desktop\u00bb]<\/p>\n<p><span style=\"color: #00c0fd;\"><strong>Alberto Serrano<\/strong><\/span><span style=\"color: rgba(255, 255, 255, 0.75);\">,\u00a0<\/span><span style=\"color: rgba(255, 255, 255, 0.75);\">Director de Talento de<\/span><span>\u00a0<\/span><strong>GRUPO<\/strong><span>\u00a0<\/span><strong>COFARES\u00a0<\/strong><br \/> <strong><span style=\"color: #00c0fd;\">Carlos Ramos<\/span><\/strong><span style=\"color: rgba(255, 255, 255, 0.75);\">, Manager de Talent Management de<\/span><strong><span>\u00a0<\/span>CLAREL\u00a0<span style=\"color: #00c0fd;\"><br \/> Beatriz Malpartida<\/span><\/strong><span style=\"color: rgba(255, 255, 255, 0.74);\">, Directora de Talento para<\/span><strong><span>\u00a0SUNTORY IBERIA<\/span><\/strong><\/p>\n<p><span style=\"font-size: 18px;\">Modera<\/span><strong style=\"font-size: 18px;\">\u00a0<span style=\"color: #00c0fd;\">Emilio Cuellas<\/span><\/strong><span style=\"color: rgba(255, 255, 255, 0.75);\">, EMEA Account Manager de<\/span><strong style=\"font-size: 18px;\"> CORNERSTONE<\/strong><\/p>\n<p>[\/et_pb_text][\/et_pb_column][\/et_pb_row][et_pb_row column_structure=\u00bb1_3,2_3&#8243; custom_padding_phone=\u00bb||7%||false|false\u00bb make_equal=\u00bbon\u00bb custom_padding_last_edited=\u00bbon|phone\u00bb disabled_on=\u00bboff|off|off\u00bb _builder_version=\u00bb4.4.7&#8243; border_color_bottom=\u00bbrgba(255,255,255,0.5)\u00bb width_phone=\u00bb100%\u00bb width_last_edited=\u00bbon|phone\u00bb border_radii_last_edited=\u00bbon|phone\u00bb border_width_all_phone=\u00bb0px\u00bb border_width_all_last_edited=\u00bbon|phone\u00bb border_width_bottom_phone=\u00bb1px\u00bb border_width_bottom_last_edited=\u00bbon|phone\u00bb][et_pb_column type=\u00bb1_3&#8243; _builder_version=\u00bb4.3.2&#8243; custom_css_main_element=\u00bb\t||\u00bb][et_pb_text disabled_on=\u00bboff|off|off\u00bb _builder_version=\u00bb3.26.3&#8243; text_font=\u00bbUnivers LT 75 Black|800|||||||\u00bb text_text_color=\u00bb#ffffff\u00bb text_font_size=\u00bb26px\u00bb text_line_height=\u00bb42px\u00bb header_font=\u00bbUnivers LT 75 Black||||||||\u00bb custom_margin=\u00bb||||false|false\u00bb custom_margin_phone=\u00bb|||10%|false|false\u00bb custom_margin_last_edited=\u00bbon|desktop\u00bb text_font_size_phone=\u00bb28px\u00bb text_font_size_last_edited=\u00bbon|desktop\u00bb text_line_height_phone=\u00bb38px\u00bb text_line_height_last_edited=\u00bbon|phone\u00bb]<\/p>\n<p>12:15 &#8211; 12:45<\/p>\n<p>[\/et_pb_text][et_pb_text _builder_version=\u00bb3.26.3&#8243; text_font=\u00bbUnivers||||||||\u00bb text_text_color=\u00bb#ffffff\u00bb text_line_height=\u00bb28px\u00bb custom_padding=\u00bb0px|||||\u00bb custom_padding_phone=\u00bb|10%||10%|false|false\u00bb custom_padding_last_edited=\u00bbon|phone\u00bb text_font_size_last_edited=\u00bbon|desktop\u00bb text_line_height_last_edited=\u00bbon|desktop\u00bb]<\/p>\n<p><span style=\"color: #00c0fd;\"><strong>EMPOWERING DIGITAL TALENT<\/strong><\/span><br \/>Modelos formativos para empoderar el talento en la era digital, en 3 Speed Talks<\/p>\n<p>[\/et_pb_text][\/et_pb_column][et_pb_column type=\u00bb2_3&#8243; _builder_version=\u00bb4.3.2&#8243; border_width_left=\u00bb0px\u00bb border_radii_last_edited=\u00bbon|phone\u00bb][et_pb_text _builder_version=\u00bb3.26.3&#8243; text_font=\u00bbUnivers||||||||\u00bb text_text_color=\u00bb#ffffff\u00bb text_line_height=\u00bb28px\u00bb border_width_left=\u00bb1px\u00bb border_color_left=\u00bb#ffffff\u00bb custom_padding=\u00bb8px|||8%|false|false\u00bb custom_padding_phone=\u00bb|10%||10%|false|false\u00bb custom_padding_last_edited=\u00bbon|desktop\u00bb text_font_size_last_edited=\u00bbon|desktop\u00bb text_line_height_last_edited=\u00bbon|desktop\u00bb border_width_left_phone=\u00bb0px\u00bb border_width_left_last_edited=\u00bbon|desktop\u00bb]<\/p>\n<p class=\"p1\"><span class=\"s1\"><span style=\"color: #00c0fd;\"><b>Diana Lodin<\/b><\/span><span style=\"color: rgba(255, 255, 255, 0.75);\">, Head of Talent &amp; Agile de<\/span> <b>GENERALI<\/b><\/span><span style=\"font-size: 18px; color: #00c0fd;\"><br \/>\n<b>Ver\u00f3nica Barrera<\/b><\/span><span style=\"font-size: 18px; color: rgba(255, 255, 255, 0.75);\">, Talent, Development &amp; Learning Manager de <\/span><b style=\"font-size: 18px;\">SAINT-GOBAIN PLACO&amp;ISOVER\u00a0<span style=\"color: #00c0fd;\"><br \/><strong>Diana Cubero<\/strong><\/span><\/b><span><span style=\"color: rgba(255, 255, 255, 0.75);\">, Talent &amp; People Experience Manager de<\/span>\u00a0<\/span><b style=\"font-size: 18px;\"><strong>KIABI<\/strong>\u00a0<\/b><\/p>\n<p class=\"p1\"><span class=\"s1\">Presenta <span style=\"color: #00c0fd;\"><b>Pedro C\u00e9sar Mart\u00ednez<\/b><\/span><span style=\"color: rgba(255, 255, 255, 0.75);\">, Director del M\u00e1ster Universitario de Recursos Humanos de<\/span><b> ICADE BUSINESS SCHOOL<\/b><\/span><\/p>\n<p>[\/et_pb_text][\/et_pb_column][\/et_pb_row][et_pb_row column_structure=\u00bb1_3,2_3&#8243; custom_padding_phone=\u00bb||7%||false|false\u00bb make_equal=\u00bbon\u00bb custom_padding_last_edited=\u00bbon|phone\u00bb disabled_on=\u00bboff|off|off\u00bb _builder_version=\u00bb4.4.7&#8243; border_color_bottom=\u00bbrgba(255,255,255,0.5)\u00bb width_phone=\u00bb100%\u00bb width_last_edited=\u00bbon|phone\u00bb border_radii_last_edited=\u00bbon|phone\u00bb border_width_all_phone=\u00bb0px\u00bb border_width_all_last_edited=\u00bbon|phone\u00bb border_width_bottom_phone=\u00bb1px\u00bb border_width_bottom_last_edited=\u00bbon|phone\u00bb][et_pb_column type=\u00bb1_3&#8243; _builder_version=\u00bb4.3.2&#8243; custom_css_main_element=\u00bb\t||\u00bb][et_pb_text disabled_on=\u00bboff|off|off\u00bb _builder_version=\u00bb3.26.3&#8243; text_font=\u00bbUnivers LT 75 Black|800|||||||\u00bb text_text_color=\u00bb#ffffff\u00bb text_font_size=\u00bb26px\u00bb text_line_height=\u00bb42px\u00bb header_font=\u00bbUnivers LT 75 Black||||||||\u00bb custom_margin=\u00bb||||false|false\u00bb custom_margin_phone=\u00bb|||10%|false|false\u00bb custom_margin_last_edited=\u00bbon|desktop\u00bb text_font_size_phone=\u00bb28px\u00bb text_font_size_last_edited=\u00bbon|desktop\u00bb text_line_height_phone=\u00bb38px\u00bb text_line_height_last_edited=\u00bbon|phone\u00bb]<\/p>\n<p>12:45 &#8211; 13:15<\/p>\n<p>[\/et_pb_text][et_pb_text _builder_version=\u00bb3.26.3&#8243; text_font=\u00bbUnivers||||||||\u00bb text_text_color=\u00bb#ffffff\u00bb text_line_height=\u00bb28px\u00bb custom_padding=\u00bb0px|||||\u00bb custom_padding_phone=\u00bb|10%||10%|false|false\u00bb custom_padding_last_edited=\u00bbon|phone\u00bb text_font_size_last_edited=\u00bbon|desktop\u00bb text_line_height_last_edited=\u00bbon|desktop\u00bb]<\/p>\n<p><span style=\"color: #00c0fd;\"><strong>STORYTELLING TO CONNECT &amp; LEARN<\/strong><\/span><br \/><span style=\"font-size: 18px;\">Historias para conectar y aprender, en 3 Speed Talks<\/span><\/p>\n<p>[\/et_pb_text][\/et_pb_column][et_pb_column type=\u00bb2_3&#8243; _builder_version=\u00bb4.3.2&#8243; border_width_left=\u00bb0px\u00bb border_radii_last_edited=\u00bbon|phone\u00bb][et_pb_text _builder_version=\u00bb3.26.3&#8243; text_font=\u00bbUnivers||||||||\u00bb text_text_color=\u00bb#ffffff\u00bb text_line_height=\u00bb28px\u00bb border_width_left=\u00bb1px\u00bb border_color_left=\u00bb#ffffff\u00bb custom_padding=\u00bb|||8%|false|false\u00bb custom_padding_phone=\u00bb|10%||10%|false|false\u00bb custom_padding_last_edited=\u00bbon|desktop\u00bb text_font_size_last_edited=\u00bbon|desktop\u00bb text_line_height_last_edited=\u00bbon|desktop\u00bb border_width_left_phone=\u00bb0px\u00bb border_width_left_last_edited=\u00bbon|desktop\u00bb]<\/p>\n<p><span class=\"s1\"><span style=\"color: #00c0fd;\"><b>Alfonso Caballero<\/b><\/span><span style=\"color: rgba(255, 255, 255, 0.75);\">, Cultural Transformation &amp; Training Manager de<\/span> <b>MERCK<\/b><\/span><br \/><span class=\"s1\"><b><span style=\"color: #00c0fd;\">Roc\u00edo Su\u00e1rez<\/span><\/b><span style=\"color: rgba(255, 255, 255, 0.75);\">, Manager de Aprendizaje y Formaci\u00f3n de<\/span><b>\u00a0MAHOU SAN MIGUEL<\/b><\/span><br \/><span class=\"s1\"><span style=\"color: #00c0fd;\"><b>Jos\u00e9<span class=\"Apple-converted-space\">\u00a0 <\/span>Fernando Carvajal<\/b><\/span><span style=\"color: rgba(255, 255, 255, 0.75);\">, Security Manager de<\/span> <b>INDRA<\/b><\/span><\/p>\n<p>Presenta <b style=\"font-size: 18px;\"><span style=\"color: #00c0fd;\">Juan Jos\u00e9 Gait\u00e1n<\/span><\/b><span style=\"font-size: 18px; color: rgba(255, 255, 255, 0.75);\">, Director general de <\/span><b style=\"font-size: 18px;\">EDUCATIVA<\/b><\/p>\n<p>[\/et_pb_text][\/et_pb_column][\/et_pb_row][et_pb_row column_structure=\u00bb1_3,2_3&#8243; custom_padding_phone=\u00bb||7%||false|false\u00bb make_equal=\u00bbon\u00bb custom_padding_last_edited=\u00bbon|phone\u00bb disabled_on=\u00bboff|off|off\u00bb _builder_version=\u00bb4.4.7&#8243; border_color_bottom=\u00bbrgba(255,255,255,0.5)\u00bb width_phone=\u00bb100%\u00bb width_last_edited=\u00bbon|phone\u00bb border_radii_last_edited=\u00bbon|phone\u00bb border_width_all_phone=\u00bb0px\u00bb border_width_all_last_edited=\u00bbon|phone\u00bb border_width_bottom_phone=\u00bb1px\u00bb border_width_bottom_last_edited=\u00bbon|phone\u00bb][et_pb_column type=\u00bb1_3&#8243; _builder_version=\u00bb4.3.2&#8243; custom_css_main_element=\u00bb\t||\u00bb][et_pb_text disabled_on=\u00bboff|off|off\u00bb _builder_version=\u00bb3.26.3&#8243; text_font=\u00bbUnivers LT 75 Black|800|||||||\u00bb text_text_color=\u00bb#ffffff\u00bb text_font_size=\u00bb26px\u00bb text_line_height=\u00bb42px\u00bb header_font=\u00bbUnivers LT 75 Black||||||||\u00bb custom_margin=\u00bb||||false|false\u00bb custom_margin_phone=\u00bb|||10%|false|false\u00bb custom_margin_last_edited=\u00bbon|desktop\u00bb text_font_size_phone=\u00bb28px\u00bb text_font_size_last_edited=\u00bbon|desktop\u00bb text_line_height_phone=\u00bb38px\u00bb text_line_height_last_edited=\u00bbon|phone\u00bb]<\/p>\n<p>13:15 &#8211; 13:45<\/p>\n<p>[\/et_pb_text][et_pb_text _builder_version=\u00bb3.26.3&#8243; text_font=\u00bbUnivers||||||||\u00bb text_text_color=\u00bb#ffffff\u00bb text_line_height=\u00bb28px\u00bb custom_padding=\u00bb0px|||||\u00bb custom_padding_phone=\u00bb|10%||10%|false|false\u00bb custom_padding_last_edited=\u00bbon|phone\u00bb text_font_size_last_edited=\u00bbon|desktop\u00bb text_line_height_last_edited=\u00bbon|desktop\u00bb]<\/p>\n<p><span style=\"color: #00c0fd;\"><strong>SMART WORKING &amp; LEARNING<\/strong><\/span><br \/><span style=\"font-size: 18px;\"><\/span>Teletrabajo y Teleaprendizaje en entornos VUCA<\/p>\n<p>[\/et_pb_text][\/et_pb_column][et_pb_column type=\u00bb2_3&#8243; _builder_version=\u00bb4.3.2&#8243; border_width_left=\u00bb0px\u00bb border_radii_last_edited=\u00bbon|phone\u00bb][et_pb_text _builder_version=\u00bb3.26.3&#8243; text_font=\u00bbUnivers||||||||\u00bb text_text_color=\u00bb#ffffff\u00bb text_line_height=\u00bb28px\u00bb border_width_left=\u00bb1px\u00bb border_color_left=\u00bb#ffffff\u00bb custom_padding=\u00bb|||8%|false|false\u00bb custom_padding_phone=\u00bb|10%||10%|false|false\u00bb custom_padding_last_edited=\u00bbon|desktop\u00bb text_font_size_last_edited=\u00bbon|desktop\u00bb text_line_height_last_edited=\u00bbon|desktop\u00bb border_width_left_phone=\u00bb0px\u00bb border_width_left_last_edited=\u00bbon|desktop\u00bb]<span class=\"s1\"><span style=\"color: #00c0fd;\"><b>Isabel Gavilanes<\/b><\/span><span style=\"color: rgba(255, 255, 255, 0.75);\">, Directora de Gesti\u00f3n y Desarrollo de Talento de<\/span> <b>ALCAMPO<\/b><\/span><span class=\"s1\" style=\"font-size: 18px;\"><span style=\"color: #00c0fd;\"><br \/>\n<b>Juan Luis Regaliza<\/b><\/span><span style=\"color: rgba(255, 255, 255, 0.75);\">, Director de Selecci\u00f3n, Formaci\u00f3n y Desarrollo de<\/span>\u00a0<\/span><b style=\"font-size: 18px;\">EL CORTE INGL\u00c9S<\/b><br \/>\n<span class=\"s3\"><\/span><span class=\"s1\"><span style=\"color: #00c0fd;\"><b>Teresa Tortonda<\/b><\/span><span style=\"color: rgba(255, 255, 255, 0.75);\">, Learning &amp; Development Manager de<\/span> <b>RENTOKIL\u00a0<\/b><\/span><br \/>\n<span style=\"color: #00c0fd;\"><b><strong>M\u00f3nica Lauda<\/strong><\/b><\/span><span style=\"font-size: 18px;\"><span style=\"color: rgba(255, 255, 255, 0.75);\">, Subdirectora de Formaci\u00f3n y Gesti\u00f3n del Talento en<\/span>\u00a0<\/span><b style=\"font-size: 18px;\"><strong>INECO<\/strong><\/b><\/p>\n<p><span class=\"s1\">Modera <span style=\"color: #00c0fd;\"><b>Max Hamann<\/b><\/span><span style=\"color: rgba(255, 255, 255, 0.75);\">, Gerente de la Oficina de Proyectos e Innovaci\u00f3n de<\/span> <b>AVANZO<\/b><\/span>[\/et_pb_text][\/et_pb_column][\/et_pb_row][\/et_pb_section][et_pb_section fb_built=\u00bb1&#8243; _builder_version=\u00bb3.26.3&#8243; background_image=\u00bbhttps:\/\/www.equiposytalentoeventos.com\/corporate-learning\/wp-content\/uploads\/2020\/11\/bkg_webinar.jpg\u00bb custom_margin=\u00bb||||false|false\u00bb custom_padding=\u00bb15%||15%||false|false\u00bb][\/et_pb_section][et_pb_section fb_built=\u00bb1&#8243; custom_padding_last_edited=\u00bbon|desktop\u00bb disabled_on=\u00bboff|off|off\u00bb _builder_version=\u00bb3.26.3&#8243; background_color=\u00bb#02394a\u00bb custom_margin=\u00bb0px||||false|false\u00bb custom_margin_phone=\u00bb||||false|false\u00bb custom_margin_last_edited=\u00bbon|phone\u00bb custom_padding=\u00bb0px||10%|||\u00bb custom_padding_phone=\u00bb||12%||false|false\u00bb][et_pb_row custom_padding=\u00bb5%||0px||false|false\u00bb custom_padding_tablet=\u00bb15%||||false|false\u00bb custom_padding_last_edited=\u00bbon|desktop\u00bb disabled_on=\u00bboff|off|off\u00bb _builder_version=\u00bb3.26.3&#8243;][et_pb_column type=\u00bb4_4&#8243; _builder_version=\u00bb3.25.4&#8243;][et_pb_text module_id=\u00bbprograma\u00bb module_class=\u00bb#programa\u00bb _builder_version=\u00bb3.26.3&#8243; text_font=\u00bbUnivers LT 75 Black|800|||||||\u00bb text_text_align=\u00bbcenter\u00bb text_text_color=\u00bb#ffffff\u00bb text_font_size=\u00bb32px\u00bb text_font_size_tablet=\u00bb43px\u00bb text_font_size_phone=\u00bb36px\u00bb text_font_size_last_edited=\u00bbon|desktop\u00bb text_line_height_phone=\u00bb48px\u00bb text_line_height_last_edited=\u00bbon|phone\u00bb]<\/p>\n<p style=\"text-align: left;\">SALAS VIRTUALES<\/p>\n<p>[\/et_pb_text][\/et_pb_column][\/et_pb_row][et_pb_row column_structure=\u00bb1_3,2_3&#8243; custom_padding=\u00bb7.5%||||false|false\u00bb custom_padding_phone=\u00bb||7%||false|false\u00bb make_equal=\u00bbon\u00bb custom_padding_last_edited=\u00bbon|phone\u00bb _builder_version=\u00bb3.26.3&#8243; border_color_bottom=\u00bbrgba(255,255,255,0.5)\u00bb width_phone=\u00bb100%\u00bb width_last_edited=\u00bbon|phone\u00bb border_radii_last_edited=\u00bbon|phone\u00bb border_width_all_phone=\u00bb0px\u00bb border_width_all_last_edited=\u00bbon|phone\u00bb border_width_bottom_phone=\u00bb1px\u00bb border_width_bottom_last_edited=\u00bbon|phone\u00bb][et_pb_column type=\u00bb1_3&#8243; _builder_version=\u00bb4.3.2&#8243; custom_css_main_element=\u00bb\t||\u00bb][et_pb_image src=\u00bbhttps:\/\/www.equiposytalentoeventos.com\/corporate-learning\/wp-content\/uploads\/2020\/11\/bbelen_merino.png\u00bb title_text=\u00bbdaniel\u00bb align=\u00bbcenter\u00bb align_phone=\u00bbleft\u00bb align_last_edited=\u00bbon|phone\u00bb _builder_version=\u00bb3.26.3&#8243; custom_margin_phone=\u00bb|||8%|false|false\u00bb custom_margin_last_edited=\u00bbon|phone\u00bb][\/et_pb_image][et_pb_image src=\u00bbhttps:\/\/www.equiposytalentoeventos.com\/corporate-learning\/wp-content\/uploads\/2020\/11\/erika_delariva.png\u00bb title_text=\u00bbdaniel\u00bb align=\u00bbcenter\u00bb align_phone=\u00bbleft\u00bb align_last_edited=\u00bbon|phone\u00bb _builder_version=\u00bb3.26.3&#8243; custom_margin_phone=\u00bb|||8%|false|false\u00bb custom_margin_last_edited=\u00bbon|phone\u00bb][\/et_pb_image][\/et_pb_column][et_pb_column type=\u00bb2_3&#8243; _builder_version=\u00bb4.4.7&#8243; border_width_left=\u00bb1px\u00bb border_color_left=\u00bb#ffffff\u00bb border_radii_last_edited=\u00bbon|phone\u00bb][et_pb_text disabled_on=\u00bboff|off|off\u00bb _builder_version=\u00bb3.26.3&#8243; text_font=\u00bb|700|||||||\u00bb text_text_color=\u00bb#ffffff\u00bb text_font_size=\u00bb26px\u00bb text_line_height=\u00bb42px\u00bb custom_margin=\u00bb|||8%|false|false\u00bb custom_margin_phone=\u00bb|||10%|false|false\u00bb custom_margin_last_edited=\u00bboff|desktop\u00bb text_font_size_phone=\u00bb28px\u00bb text_font_size_last_edited=\u00bbon|desktop\u00bb text_line_height_phone=\u00bb38px\u00bb text_line_height_last_edited=\u00bbon|phone\u00bb]<\/p>\n<p><span>09:00 &#8211; 16:00<\/span><\/p>\n<p>[\/et_pb_text][et_pb_text _builder_version=\u00bb3.26.3&#8243; text_font=\u00bb||||||||\u00bb text_text_color=\u00bb#ffffff\u00bb text_line_height=\u00bb28px\u00bb border_color_left=\u00bb#ffffff\u00bb custom_padding=\u00bb|||8%|false|false\u00bb custom_padding_phone=\u00bb|10%||10%|false|false\u00bb custom_padding_last_edited=\u00bbon|desktop\u00bb text_font_size_last_edited=\u00bbon|desktop\u00bb text_line_height_last_edited=\u00bbon|desktop\u00bb border_width_left_phone=\u00bb0px\u00bb border_width_left_last_edited=\u00bbon|desktop\u00bb]<\/p>\n<p class=\"v1MsoNormal\"><span style=\"color: #39d5f1;\"><b>Aclara tus dudas de formaci\u00f3n online. Canal abierto<\/b><\/span><\/p>\n<p class=\"v1MsoNormal\"><span>Bel\u00e9n Merino y \u00c9rika de la Riva &#8211; Consultoras e-learning<\/span><\/p>\n<p>[\/et_pb_text][et_pb_button button_url=\u00bbhttps:\/\/zoom.us\/j\/99305721657&#8243; url_new_window=\u00bbon\u00bb button_text=\u00bbAcceder\u00bb disabled_on=\u00bbon|on|on\u00bb _builder_version=\u00bb3.26.3&#8243; custom_button=\u00bbon\u00bb button_text_color=\u00bb#ffffff\u00bb button_bg_color=\u00bb#03588C\u00bb button_border_width=\u00bb0px\u00bb button_border_radius=\u00bb0px\u00bb button_font=\u00bb||||||||\u00bb button_use_icon=\u00bboff\u00bb custom_margin=\u00bb|||8%|false|false\u00bb disabled=\u00bbon\u00bb button_bg_color__hover_enabled=\u00bbon|desktop\u00bb button_text_color__hover_enabled=\u00bbon|desktop\u00bb][\/et_pb_button][\/et_pb_column][\/et_pb_row][et_pb_row column_structure=\u00bb1_3,2_3&#8243; custom_padding=\u00bb7.5%||||false|false\u00bb custom_padding_phone=\u00bb||7%||false|false\u00bb make_equal=\u00bbon\u00bb custom_padding_last_edited=\u00bbon|phone\u00bb _builder_version=\u00bb3.26.3&#8243; border_color_bottom=\u00bbrgba(255,255,255,0.5)\u00bb width_phone=\u00bb100%\u00bb width_last_edited=\u00bbon|phone\u00bb border_radii_last_edited=\u00bbon|phone\u00bb border_width_all_phone=\u00bb0px\u00bb border_width_all_last_edited=\u00bbon|phone\u00bb border_width_bottom_phone=\u00bb1px\u00bb border_width_bottom_last_edited=\u00bbon|phone\u00bb][et_pb_column type=\u00bb1_3&#8243; _builder_version=\u00bb4.3.2&#8243; custom_css_main_element=\u00bb\t||\u00bb][et_pb_image src=\u00bbhttps:\/\/www.equiposytalentoeventos.com\/corporate-learning\/wp-content\/uploads\/2020\/11\/javier_garcia.png\u00bb title_text=\u00bbdaniel\u00bb align=\u00bbcenter\u00bb align_phone=\u00bbleft\u00bb align_last_edited=\u00bbon|phone\u00bb _builder_version=\u00bb3.26.3&#8243; custom_margin_phone=\u00bb|||8%|false|false\u00bb custom_margin_last_edited=\u00bbon|phone\u00bb][\/et_pb_image][\/et_pb_column][et_pb_column type=\u00bb2_3&#8243; _builder_version=\u00bb4.4.7&#8243; border_width_left=\u00bb1px\u00bb border_color_left=\u00bb#ffffff\u00bb border_radii_last_edited=\u00bbon|phone\u00bb][et_pb_text disabled_on=\u00bboff|off|off\u00bb _builder_version=\u00bb3.26.3&#8243; text_font=\u00bb|700|||||||\u00bb text_text_color=\u00bb#ffffff\u00bb text_font_size=\u00bb26px\u00bb text_line_height=\u00bb42px\u00bb custom_margin=\u00bb|||8%|false|false\u00bb custom_margin_phone=\u00bb|||10%|false|false\u00bb custom_margin_last_edited=\u00bboff|desktop\u00bb text_font_size_phone=\u00bb28px\u00bb text_font_size_last_edited=\u00bbon|desktop\u00bb text_line_height_phone=\u00bb38px\u00bb text_line_height_last_edited=\u00bbon|phone\u00bb]<\/p>\n<p><span>10:00 &#8211; 10:30<\/span><\/p>\n<p>[\/et_pb_text][et_pb_text _builder_version=\u00bb3.26.3&#8243; text_font=\u00bb||||||||\u00bb text_text_color=\u00bb#ffffff\u00bb text_line_height=\u00bb28px\u00bb border_color_left=\u00bb#ffffff\u00bb custom_padding=\u00bb|||8%|false|false\u00bb custom_padding_phone=\u00bb|10%||10%|false|false\u00bb custom_padding_last_edited=\u00bbon|desktop\u00bb text_font_size_last_edited=\u00bbon|desktop\u00bb text_line_height_last_edited=\u00bbon|desktop\u00bb border_width_left_phone=\u00bb0px\u00bb border_width_left_last_edited=\u00bbon|desktop\u00bb]<\/p>\n<p class=\"v1MsoNormal\"><span style=\"color: #39d5f1;\"><b><span>COMPETENCIAS O H\u00c1BITOS DITGITALES, LA CLAVE PARA EL RESKILLING EN EL NUEVO ECOSISTEMA DIGITAL<\/span><\/b><\/span><\/p>\n<p class=\"v1MsoNormal\">Javier Garc\u00eda Arias, Profesor M\u00e1ster Universitario en Recursos Humanos de ICADE Business School<\/p>\n<p>[\/et_pb_text][et_pb_button button_url=\u00bbhttps:\/\/zoom.us\/j\/96200187647?pwd=U3ZQcmpGTE1KeEptOUg1NnZIeXB3UT09&#8243; url_new_window=\u00bbon\u00bb button_text=\u00bbAcceder\u00bb disabled_on=\u00bbon|on|on\u00bb _builder_version=\u00bb3.26.3&#8243; custom_button=\u00bbon\u00bb button_text_color=\u00bb#ffffff\u00bb button_bg_color=\u00bb#03588C\u00bb button_border_width=\u00bb0px\u00bb button_border_radius=\u00bb0px\u00bb button_font=\u00bb||||||||\u00bb button_use_icon=\u00bboff\u00bb custom_margin=\u00bb|||8%|false|false\u00bb disabled=\u00bbon\u00bb button_bg_color__hover_enabled=\u00bbon|desktop\u00bb button_text_color__hover_enabled=\u00bbon|desktop\u00bb][\/et_pb_button][\/et_pb_column][\/et_pb_row][et_pb_row column_structure=\u00bb1_3,2_3&#8243; custom_padding=\u00bb7.5%||||false|false\u00bb custom_padding_phone=\u00bb||7%||false|false\u00bb make_equal=\u00bbon\u00bb custom_padding_last_edited=\u00bbon|phone\u00bb _builder_version=\u00bb3.26.3&#8243; border_color_bottom=\u00bbrgba(255,255,255,0.5)\u00bb width_phone=\u00bb100%\u00bb width_last_edited=\u00bbon|phone\u00bb border_radii_last_edited=\u00bbon|phone\u00bb border_width_all_phone=\u00bb0px\u00bb border_width_all_last_edited=\u00bbon|phone\u00bb border_width_bottom_phone=\u00bb1px\u00bb border_width_bottom_last_edited=\u00bbon|phone\u00bb][et_pb_column type=\u00bb1_3&#8243; _builder_version=\u00bb4.3.2&#8243; custom_css_main_element=\u00bb\t||\u00bb][et_pb_image src=\u00bbhttps:\/\/www.equiposytalentoeventos.com\/corporate-learning\/wp-content\/uploads\/2020\/11\/vanesa_vilaseca.png\u00bb title_text=\u00bbdaniel\u00bb align=\u00bbcenter\u00bb align_phone=\u00bbleft\u00bb align_last_edited=\u00bbon|phone\u00bb _builder_version=\u00bb3.26.3&#8243; custom_margin_phone=\u00bb|||8%|false|false\u00bb custom_margin_last_edited=\u00bbon|phone\u00bb][\/et_pb_image][et_pb_image src=\u00bbhttps:\/\/www.equiposytalentoeventos.com\/corporate-learning\/wp-content\/uploads\/2020\/11\/pere_francesc_torrens.png\u00bb title_text=\u00bbdaniel\u00bb align=\u00bbcenter\u00bb align_phone=\u00bbleft\u00bb align_last_edited=\u00bbon|phone\u00bb _builder_version=\u00bb3.26.3&#8243; custom_margin_phone=\u00bb|||8%|false|false\u00bb custom_margin_last_edited=\u00bbon|phone\u00bb][\/et_pb_image][et_pb_image src=\u00bbhttps:\/\/www.equiposytalentoeventos.com\/corporate-learning\/wp-content\/uploads\/2020\/11\/begona_gonzalez.png\u00bb title_text=\u00bbdaniel\u00bb align=\u00bbcenter\u00bb align_phone=\u00bbleft\u00bb align_last_edited=\u00bbon|phone\u00bb _builder_version=\u00bb3.26.3&#8243; custom_margin_phone=\u00bb|||8%|false|false\u00bb custom_margin_last_edited=\u00bbon|phone\u00bb][\/et_pb_image][et_pb_image src=\u00bbhttps:\/\/www.equiposytalentoeventos.com\/corporate-learning\/wp-content\/uploads\/2020\/11\/francisco_puerto.png\u00bb title_text=\u00bbdaniel\u00bb align=\u00bbcenter\u00bb align_phone=\u00bbleft\u00bb align_last_edited=\u00bbon|phone\u00bb _builder_version=\u00bb3.26.3&#8243; custom_margin_phone=\u00bb|||8%|false|false\u00bb custom_margin_last_edited=\u00bbon|phone\u00bb][\/et_pb_image][\/et_pb_column][et_pb_column type=\u00bb2_3&#8243; _builder_version=\u00bb4.4.7&#8243; border_width_left=\u00bb1px\u00bb border_color_left=\u00bb#ffffff\u00bb border_radii_last_edited=\u00bbon|phone\u00bb][et_pb_text disabled_on=\u00bboff|off|off\u00bb _builder_version=\u00bb3.26.3&#8243; text_font=\u00bb|700|||||||\u00bb text_text_color=\u00bb#ffffff\u00bb text_font_size=\u00bb26px\u00bb text_line_height=\u00bb42px\u00bb custom_margin=\u00bb|||8%|false|false\u00bb custom_margin_phone=\u00bb|||10%|false|false\u00bb custom_margin_last_edited=\u00bboff|desktop\u00bb text_font_size_phone=\u00bb28px\u00bb text_font_size_last_edited=\u00bbon|desktop\u00bb text_line_height_phone=\u00bb38px\u00bb text_line_height_last_edited=\u00bbon|phone\u00bb]<\/p>\n<p><span>10:00 &#8211; 10:45<\/span><\/p>\n<p>[\/et_pb_text][et_pb_text _builder_version=\u00bb3.26.3&#8243; text_font=\u00bb||||||||\u00bb text_text_color=\u00bb#ffffff\u00bb text_line_height=\u00bb28px\u00bb border_color_left=\u00bb#ffffff\u00bb custom_padding=\u00bb|||8%|false|false\u00bb custom_padding_phone=\u00bb|10%||10%|false|false\u00bb custom_padding_last_edited=\u00bbon|desktop\u00bb text_font_size_last_edited=\u00bbon|desktop\u00bb text_line_height_last_edited=\u00bbon|desktop\u00bb border_width_left_phone=\u00bb0px\u00bb border_width_left_last_edited=\u00bbon|desktop\u00bb]<\/p>\n<p class=\"v1MsoNormal\"><span style=\"color: #39d5f1;\"><b>La experiencia de RIU Hoteles, Grupo Alsea, GAME y OPPLUS. La formaci\u00f3n de oferta, el complemento perfecto<\/b><\/span><\/p>\n<p class=\"v1MsoNormal\"><span>Vanesa Villaseca, Responsable de Formaci\u00f3n de Game Espa\u00f1a<br \/> Pere Francesc Torrens, Director Corporativo de Formaci\u00f3n en RIU HOTELES<br \/> \u200bBego\u00f1a Gonzalez, Formaci\u00f3n Corporativa en Grupo Alsea (Domino&#8217;s Pizza, Starbucks, Burger King, Vips)\u00a0<\/span><span style=\"font-size: 18px;\"><br \/>Francisco Miguel Puerto Capit\u00e1n. Consultor Interno Desarrollo y Formaci\u00f3n OPPLUS (Grupo BBVA)<\/span><\/p>\n<p>[\/et_pb_text][et_pb_button button_url=\u00bbhttps:\/\/www.youtube.com\/watch?v=cahm9RgzxBE\u00bb url_new_window=\u00bbon\u00bb button_text=\u00bbAcceder\u00bb disabled_on=\u00bbon|on|on\u00bb _builder_version=\u00bb3.26.3&#8243; custom_button=\u00bbon\u00bb button_text_color=\u00bb#ffffff\u00bb button_bg_color=\u00bb#03588C\u00bb button_border_width=\u00bb0px\u00bb button_border_radius=\u00bb0px\u00bb button_font=\u00bb||||||||\u00bb button_use_icon=\u00bboff\u00bb custom_margin=\u00bb|||8%|false|false\u00bb disabled=\u00bbon\u00bb button_bg_color__hover_enabled=\u00bbon|desktop\u00bb button_text_color__hover_enabled=\u00bbon|desktop\u00bb][\/et_pb_button][\/et_pb_column][\/et_pb_row][et_pb_row column_structure=\u00bb1_3,2_3&#8243; custom_padding=\u00bb7.5%||||false|false\u00bb custom_padding_phone=\u00bb||7%||false|false\u00bb make_equal=\u00bbon\u00bb custom_padding_last_edited=\u00bbon|phone\u00bb _builder_version=\u00bb3.26.3&#8243; border_color_bottom=\u00bbrgba(255,255,255,0.5)\u00bb width_phone=\u00bb100%\u00bb width_last_edited=\u00bbon|phone\u00bb border_radii_last_edited=\u00bbon|phone\u00bb border_width_all_phone=\u00bb0px\u00bb border_width_all_last_edited=\u00bbon|phone\u00bb border_width_bottom_phone=\u00bb1px\u00bb border_width_bottom_last_edited=\u00bbon|phone\u00bb][et_pb_column type=\u00bb1_3&#8243; _builder_version=\u00bb4.3.2&#8243; custom_css_main_element=\u00bb\t||\u00bb][et_pb_image src=\u00bbhttps:\/\/www.equiposytalentoeventos.com\/corporate-learning\/wp-content\/uploads\/2020\/11\/diego_perez.png\u00bb title_text=\u00bbdaniel\u00bb align=\u00bbcenter\u00bb align_phone=\u00bbleft\u00bb align_last_edited=\u00bbon|phone\u00bb _builder_version=\u00bb3.26.3&#8243; custom_margin_phone=\u00bb|||8%|false|false\u00bb custom_margin_last_edited=\u00bbon|phone\u00bb][\/et_pb_image][\/et_pb_column][et_pb_column type=\u00bb2_3&#8243; _builder_version=\u00bb4.4.7&#8243; border_width_left=\u00bb1px\u00bb border_color_left=\u00bb#ffffff\u00bb border_radii_last_edited=\u00bbon|phone\u00bb][et_pb_text disabled_on=\u00bboff|off|off\u00bb _builder_version=\u00bb3.26.3&#8243; text_font=\u00bb|700|||||||\u00bb text_text_color=\u00bb#ffffff\u00bb text_font_size=\u00bb26px\u00bb text_line_height=\u00bb42px\u00bb custom_margin=\u00bb|||8%|false|false\u00bb custom_margin_phone=\u00bb|||10%|false|false\u00bb custom_margin_last_edited=\u00bboff|desktop\u00bb text_font_size_phone=\u00bb28px\u00bb text_font_size_last_edited=\u00bbon|desktop\u00bb text_line_height_phone=\u00bb38px\u00bb text_line_height_last_edited=\u00bbon|phone\u00bb]<\/p>\n<p><span>10:15 &#8211; 10:45<\/span><\/p>\n<p>[\/et_pb_text][et_pb_text _builder_version=\u00bb3.26.3&#8243; text_font=\u00bb||||||||\u00bb text_text_color=\u00bb#ffffff\u00bb text_line_height=\u00bb28px\u00bb border_color_left=\u00bb#ffffff\u00bb custom_padding=\u00bb|||8%|false|false\u00bb custom_padding_phone=\u00bb|10%||10%|false|false\u00bb custom_padding_last_edited=\u00bbon|desktop\u00bb text_font_size_last_edited=\u00bbon|desktop\u00bb text_line_height_last_edited=\u00bbon|desktop\u00bb border_width_left_phone=\u00bb0px\u00bb border_width_left_last_edited=\u00bbon|desktop\u00bb]<\/p>\n<p class=\"v1MsoNormal\"><span style=\"color: #39d5f1;\"><b>I<span>formalia: gesti\u00f3n de la formaci\u00f3n presencial en la actualidad mediante Aulas Virtuales<\/span><\/b><\/span><\/p>\n<p class=\"v1MsoNormal\"><span>Diego P\u00e9rez, CEO de Iformalia<\/span><\/p>\n<p>[\/et_pb_text][et_pb_button button_url=\u00bbhttps:\/\/teams.microsoft.com\/dl\/launcher\/launcher.html?url=%2F_%23%2Fl%2Fmeetup-join%2F19%3Ameeting_ZDZmZmI3ODgtZjMwOC00YWU3LThjOTctNzQ1ZWZhNmVlODZj%40thread.v2%2F0%3Fcontext%3D%257b%2522Tid%2522%253a%252255ebc626-c187-4104-ad23-6ba253a4430a%2522%252c%2522Oid%2522%253a%2522618a437f-63df-4051-aa8f-b6f78ad37d57%2522%257d%26anon%3Dtrue&#038;type=meetup-join&#038;deeplinkId=a5797b10-278f-402b-8dea-9a1a29a9e5a9&#038;directDl=true&#038;msLaunch=true&#038;enableMobilePage=true&#038;suppressPrompt=true\u00bb url_new_window=\u00bbon\u00bb button_text=\u00bbAcceder\u00bb disabled_on=\u00bbon|on|on\u00bb _builder_version=\u00bb3.26.3&#8243; custom_button=\u00bbon\u00bb button_text_color=\u00bb#ffffff\u00bb button_bg_color=\u00bb#03588C\u00bb button_border_width=\u00bb0px\u00bb button_border_radius=\u00bb0px\u00bb button_font=\u00bb||||||||\u00bb button_use_icon=\u00bboff\u00bb custom_margin=\u00bb|||8%|false|false\u00bb disabled=\u00bbon\u00bb button_bg_color__hover_enabled=\u00bbon|desktop\u00bb button_text_color__hover_enabled=\u00bbon|desktop\u00bb][\/et_pb_button][\/et_pb_column][\/et_pb_row][et_pb_row column_structure=\u00bb1_3,2_3&#8243; custom_padding=\u00bb7.5%||||false|false\u00bb custom_padding_phone=\u00bb||7%||false|false\u00bb make_equal=\u00bbon\u00bb custom_padding_last_edited=\u00bbon|phone\u00bb _builder_version=\u00bb3.26.3&#8243; border_color_bottom=\u00bbrgba(255,255,255,0.5)\u00bb width_phone=\u00bb100%\u00bb width_last_edited=\u00bbon|phone\u00bb border_radii_last_edited=\u00bbon|phone\u00bb border_width_all_phone=\u00bb0px\u00bb border_width_all_last_edited=\u00bbon|phone\u00bb border_width_bottom_phone=\u00bb1px\u00bb border_width_bottom_last_edited=\u00bbon|phone\u00bb][et_pb_column type=\u00bb1_3&#8243; _builder_version=\u00bb4.3.2&#8243; custom_css_main_element=\u00bb\t||\u00bb][et_pb_image src=\u00bbhttps:\/\/www.equiposytalentoeventos.com\/corporate-learning\/wp-content\/uploads\/2020\/11\/Alexandra-MaratchI.png\u00bb title_text=\u00bbdaniel\u00bb align=\u00bbcenter\u00bb align_phone=\u00bbleft\u00bb align_last_edited=\u00bbon|phone\u00bb _builder_version=\u00bb3.26.3&#8243; custom_margin_phone=\u00bb|||8%|false|false\u00bb custom_margin_last_edited=\u00bbon|phone\u00bb][\/et_pb_image][\/et_pb_column][et_pb_column type=\u00bb2_3&#8243; _builder_version=\u00bb4.4.7&#8243; border_width_left=\u00bb1px\u00bb border_color_left=\u00bb#ffffff\u00bb border_radii_last_edited=\u00bbon|phone\u00bb][et_pb_text disabled_on=\u00bboff|off|off\u00bb _builder_version=\u00bb3.26.3&#8243; text_font=\u00bb|700|||||||\u00bb text_text_color=\u00bb#ffffff\u00bb text_font_size=\u00bb26px\u00bb text_line_height=\u00bb42px\u00bb custom_margin=\u00bb|||8%|false|false\u00bb custom_margin_phone=\u00bb|||10%|false|false\u00bb custom_margin_last_edited=\u00bboff|desktop\u00bb text_font_size_phone=\u00bb28px\u00bb text_font_size_last_edited=\u00bbon|desktop\u00bb text_line_height_phone=\u00bb38px\u00bb text_line_height_last_edited=\u00bbon|phone\u00bb]<\/p>\n<p><span>10:15 &#8211; 11:15<\/span><\/p>\n<p>[\/et_pb_text][et_pb_text _builder_version=\u00bb3.26.3&#8243; text_font=\u00bb||||||||\u00bb text_text_color=\u00bb#ffffff\u00bb text_line_height=\u00bb28px\u00bb border_color_left=\u00bb#ffffff\u00bb custom_padding=\u00bb|||8%|false|false\u00bb custom_padding_phone=\u00bb|10%||10%|false|false\u00bb custom_padding_last_edited=\u00bbon|desktop\u00bb text_font_size_last_edited=\u00bbon|desktop\u00bb text_line_height_last_edited=\u00bbon|desktop\u00bb border_width_left_phone=\u00bb0px\u00bb border_width_left_last_edited=\u00bbon|desktop\u00bb]<\/p>\n<p class=\"v1MsoNormal\"><span style=\"color: #39d5f1;\"><strong><span>C\u00f3mo digitalizar tu plan de formaci\u00f3n en 2021<\/span><\/strong><\/span><\/p>\n<p class=\"v1xmsolistparagraph\"><span>Alexandra Maratchi, Co-fundadora y CEO de Homuork<\/span><\/p>\n<p><span lang=\"ES\"><\/span><\/p>\n<p class=\"v1MsoNormal\"><span><\/span><\/p>\n<p>[\/et_pb_text][et_pb_button button_url=\u00bbhttps:\/\/us02web.zoom.us\/j\/88295858896&#8243; url_new_window=\u00bbon\u00bb button_text=\u00bbAcceder\u00bb disabled_on=\u00bbon|on|on\u00bb _builder_version=\u00bb3.26.3&#8243; custom_button=\u00bbon\u00bb button_text_color=\u00bb#ffffff\u00bb button_bg_color=\u00bb#03588C\u00bb button_border_width=\u00bb0px\u00bb button_border_radius=\u00bb0px\u00bb button_font=\u00bb||||||||\u00bb button_use_icon=\u00bboff\u00bb custom_margin=\u00bb|||8%|false|false\u00bb disabled=\u00bbon\u00bb button_bg_color__hover_enabled=\u00bbon|desktop\u00bb button_text_color__hover_enabled=\u00bbon|desktop\u00bb][\/et_pb_button][\/et_pb_column][\/et_pb_row][et_pb_row column_structure=\u00bb1_3,2_3&#8243; custom_padding=\u00bb7.5%||||false|false\u00bb custom_padding_phone=\u00bb||7%||false|false\u00bb make_equal=\u00bbon\u00bb custom_padding_last_edited=\u00bbon|phone\u00bb _builder_version=\u00bb3.26.3&#8243; border_color_bottom=\u00bbrgba(255,255,255,0.5)\u00bb width_phone=\u00bb100%\u00bb width_last_edited=\u00bbon|phone\u00bb border_radii_last_edited=\u00bbon|phone\u00bb border_width_all_phone=\u00bb0px\u00bb border_width_all_last_edited=\u00bbon|phone\u00bb border_width_bottom_phone=\u00bb1px\u00bb border_width_bottom_last_edited=\u00bbon|phone\u00bb][et_pb_column type=\u00bb1_3&#8243; _builder_version=\u00bb4.3.2&#8243; custom_css_main_element=\u00bb\t||\u00bb][et_pb_image src=\u00bbhttps:\/\/www.equiposytalentoeventos.com\/corporate-learning\/wp-content\/uploads\/2020\/11\/david_nath-1.png\u00bb title_text=\u00bbdaniel\u00bb align=\u00bbcenter\u00bb align_phone=\u00bbleft\u00bb align_last_edited=\u00bbon|phone\u00bb _builder_version=\u00bb3.26.3&#8243; custom_margin_phone=\u00bb|||8%|false|false\u00bb custom_margin_last_edited=\u00bbon|phone\u00bb][\/et_pb_image][et_pb_image src=\u00bbhttps:\/\/www.equiposytalentoeventos.com\/corporate-learning\/wp-content\/uploads\/2020\/11\/leopoldo_rojas.png\u00bb title_text=\u00bbdaniel\u00bb align=\u00bbcenter\u00bb align_phone=\u00bbleft\u00bb align_last_edited=\u00bbon|phone\u00bb _builder_version=\u00bb3.26.3&#8243; custom_margin_phone=\u00bb|||8%|false|false\u00bb custom_margin_last_edited=\u00bbon|phone\u00bb][\/et_pb_image][\/et_pb_column][et_pb_column type=\u00bb2_3&#8243; _builder_version=\u00bb4.4.7&#8243; border_width_left=\u00bb1px\u00bb border_color_left=\u00bb#ffffff\u00bb border_radii_last_edited=\u00bbon|phone\u00bb][et_pb_text disabled_on=\u00bboff|off|off\u00bb _builder_version=\u00bb3.26.3&#8243; text_font=\u00bb|700|||||||\u00bb text_text_color=\u00bb#ffffff\u00bb text_font_size=\u00bb26px\u00bb text_line_height=\u00bb42px\u00bb custom_margin=\u00bb|||8%|false|false\u00bb custom_margin_phone=\u00bb|||10%|false|false\u00bb custom_margin_last_edited=\u00bboff|desktop\u00bb text_font_size_phone=\u00bb28px\u00bb text_font_size_last_edited=\u00bbon|desktop\u00bb text_line_height_phone=\u00bb38px\u00bb text_line_height_last_edited=\u00bbon|phone\u00bb]<\/p>\n<p><span>10:30 &#8211; 11:10<\/span><\/p>\n<p>[\/et_pb_text][et_pb_text _builder_version=\u00bb3.26.3&#8243; text_font=\u00bb||||||||\u00bb text_text_color=\u00bb#ffffff\u00bb text_line_height=\u00bb28px\u00bb border_color_left=\u00bb#ffffff\u00bb custom_padding=\u00bb|||8%|false|false\u00bb custom_padding_phone=\u00bb|10%||10%|false|false\u00bb custom_padding_last_edited=\u00bbon|desktop\u00bb text_font_size_last_edited=\u00bbon|desktop\u00bb text_line_height_last_edited=\u00bbon|desktop\u00bb border_width_left_phone=\u00bb0px\u00bb border_width_left_last_edited=\u00bbon|desktop\u00bb]<\/p>\n<p class=\"v1MsoNormal\"><span style=\"color: #39d5f1;\"><b>ENGAGEMENT IN DIGITAL LEARNING? LET&#8217;S INCREASE FOR 2021<\/b><\/span><\/p>\n<p class=\"v1MsoNormal\"><span style=\"color: #39d5f1;\"><b>T\u00e9cnicas y claves para un programa de formaci\u00f3n con alta participaci\u00f3n<\/b><\/span><\/p>\n<p class=\"v1MsoNormal\"><span>David Nath &#8211; Senior Sales Development SPEEXX<\/span><\/p>\n<p class=\"v1MsoNormal\"><span>Leopoldo Rojas &#8211; Senior Sales Development SPEEXX<\/span><\/p>\n<p>[\/et_pb_text][et_pb_button button_url=\u00bbhttps:\/\/attendee.gotowebinar.com\/register\/277068545139057680&#8243; url_new_window=\u00bbon\u00bb button_text=\u00bbAcceder\u00bb disabled_on=\u00bbon|on|on\u00bb _builder_version=\u00bb3.26.3&#8243; custom_button=\u00bbon\u00bb button_text_color=\u00bb#ffffff\u00bb button_bg_color=\u00bb#03588C\u00bb button_border_width=\u00bb0px\u00bb button_border_radius=\u00bb0px\u00bb button_font=\u00bb||||||||\u00bb button_use_icon=\u00bboff\u00bb custom_margin=\u00bb|||8%|false|false\u00bb disabled=\u00bbon\u00bb button_bg_color__hover_enabled=\u00bbon|desktop\u00bb button_text_color__hover_enabled=\u00bbon|desktop\u00bb][\/et_pb_button][\/et_pb_column][\/et_pb_row][et_pb_row column_structure=\u00bb1_3,2_3&#8243; custom_padding=\u00bb7.5%||||false|false\u00bb custom_padding_phone=\u00bb||7%||false|false\u00bb make_equal=\u00bbon\u00bb custom_padding_last_edited=\u00bbon|phone\u00bb _builder_version=\u00bb3.26.3&#8243; border_color_bottom=\u00bbrgba(255,255,255,0.5)\u00bb width_phone=\u00bb100%\u00bb width_last_edited=\u00bbon|phone\u00bb border_radii_last_edited=\u00bbon|phone\u00bb border_width_all_phone=\u00bb0px\u00bb border_width_all_last_edited=\u00bbon|phone\u00bb border_width_bottom_phone=\u00bb1px\u00bb border_width_bottom_last_edited=\u00bbon|phone\u00bb][et_pb_column type=\u00bb1_3&#8243; _builder_version=\u00bb4.3.2&#8243; custom_css_main_element=\u00bb\t||\u00bb][et_pb_image src=\u00bbhttps:\/\/www.equiposytalentoeventos.com\/corporate-learning\/wp-content\/uploads\/2020\/11\/sergio_jimenez.png\u00bb title_text=\u00bbdaniel\u00bb align=\u00bbcenter\u00bb align_phone=\u00bbleft\u00bb align_last_edited=\u00bbon|phone\u00bb _builder_version=\u00bb3.26.3&#8243; custom_margin_phone=\u00bb|||8%|false|false\u00bb custom_margin_last_edited=\u00bbon|phone\u00bb][\/et_pb_image][\/et_pb_column][et_pb_column type=\u00bb2_3&#8243; _builder_version=\u00bb4.4.7&#8243; border_width_left=\u00bb1px\u00bb border_color_left=\u00bb#ffffff\u00bb border_radii_last_edited=\u00bbon|phone\u00bb][et_pb_text disabled_on=\u00bboff|off|off\u00bb _builder_version=\u00bb3.26.3&#8243; text_font=\u00bb|700|||||||\u00bb text_text_color=\u00bb#ffffff\u00bb text_font_size=\u00bb26px\u00bb text_line_height=\u00bb42px\u00bb custom_margin=\u00bb|||8%|false|false\u00bb custom_margin_phone=\u00bb|||10%|false|false\u00bb custom_margin_last_edited=\u00bboff|desktop\u00bb text_font_size_phone=\u00bb28px\u00bb text_font_size_last_edited=\u00bbon|desktop\u00bb text_line_height_phone=\u00bb38px\u00bb text_line_height_last_edited=\u00bbon|phone\u00bb]<\/p>\n<p><span>10:45 &#8211; 11:15<\/span><\/p>\n<p>[\/et_pb_text][et_pb_text _builder_version=\u00bb3.26.3&#8243; text_font=\u00bb||||||||\u00bb text_text_color=\u00bb#ffffff\u00bb text_line_height=\u00bb28px\u00bb border_color_left=\u00bb#ffffff\u00bb custom_padding=\u00bb|||8%|false|false\u00bb custom_padding_phone=\u00bb|10%||10%|false|false\u00bb custom_padding_last_edited=\u00bbon|desktop\u00bb text_font_size_last_edited=\u00bbon|desktop\u00bb text_line_height_last_edited=\u00bbon|desktop\u00bb border_width_left_phone=\u00bb0px\u00bb border_width_left_last_edited=\u00bbon|desktop\u00bb]<\/p>\n<p class=\"v1MsoNormal\"><span style=\"color: #39d5f1;\"><b><span>\u00bfPor qu\u00e9 tu empresa deber\u00eda pensar como si fuera una empresa de entretenimiento?<\/span><\/b><\/span><\/p>\n<p class=\"v1MsoNormal\">\n<p>Sergio Jim\u00e9nez, Fundador y CEO de Aiwin<\/p>\n<p>&nbsp;<\/p>\n<p>&nbsp;<\/p>\n<p>[\/et_pb_text][et_pb_button button_url=\u00bbhttp:\/\/meet.google.com\/cqc-emnc-yyb\u00bb url_new_window=\u00bbon\u00bb button_text=\u00bbAcceder\u00bb disabled_on=\u00bbon|on|on\u00bb _builder_version=\u00bb3.26.3&#8243; custom_button=\u00bbon\u00bb button_text_color=\u00bb#ffffff\u00bb button_bg_color=\u00bb#03588C\u00bb button_border_width=\u00bb0px\u00bb button_border_radius=\u00bb0px\u00bb button_font=\u00bb||||||||\u00bb button_use_icon=\u00bboff\u00bb custom_margin=\u00bb|||8%|false|false\u00bb disabled=\u00bbon\u00bb button_bg_color__hover_enabled=\u00bbon|desktop\u00bb button_text_color__hover_enabled=\u00bbon|desktop\u00bb][\/et_pb_button][\/et_pb_column][\/et_pb_row][et_pb_row column_structure=\u00bb1_3,2_3&#8243; custom_padding=\u00bb7.5%||||false|false\u00bb custom_padding_phone=\u00bb||7%||false|false\u00bb make_equal=\u00bbon\u00bb custom_padding_last_edited=\u00bbon|phone\u00bb _builder_version=\u00bb3.26.3&#8243; border_color_bottom=\u00bbrgba(255,255,255,0.5)\u00bb width_phone=\u00bb100%\u00bb width_last_edited=\u00bbon|phone\u00bb border_radii_last_edited=\u00bbon|phone\u00bb border_width_all_phone=\u00bb0px\u00bb border_width_all_last_edited=\u00bbon|phone\u00bb border_width_bottom_phone=\u00bb1px\u00bb border_width_bottom_last_edited=\u00bbon|phone\u00bb][et_pb_column type=\u00bb1_3&#8243; _builder_version=\u00bb4.3.2&#8243; custom_css_main_element=\u00bb\t||\u00bb][et_pb_image src=\u00bbhttps:\/\/www.equiposytalentoeventos.com\/corporate-learning\/wp-content\/uploads\/2020\/11\/virginia_gaitan.png\u00bb title_text=\u00bbdaniel\u00bb align=\u00bbcenter\u00bb align_phone=\u00bbleft\u00bb align_last_edited=\u00bbon|phone\u00bb _builder_version=\u00bb3.26.3&#8243; custom_margin_phone=\u00bb|||8%|false|false\u00bb custom_margin_last_edited=\u00bbon|phone\u00bb][\/et_pb_image][\/et_pb_column][et_pb_column type=\u00bb2_3&#8243; _builder_version=\u00bb4.4.7&#8243; border_width_left=\u00bb1px\u00bb border_color_left=\u00bb#ffffff\u00bb border_radii_last_edited=\u00bbon|phone\u00bb][et_pb_text disabled_on=\u00bboff|off|off\u00bb _builder_version=\u00bb3.26.3&#8243; text_font=\u00bb|700|||||||\u00bb text_text_color=\u00bb#ffffff\u00bb text_font_size=\u00bb26px\u00bb text_line_height=\u00bb42px\u00bb custom_margin=\u00bb|||8%|false|false\u00bb custom_margin_phone=\u00bb|||10%|false|false\u00bb custom_margin_last_edited=\u00bboff|desktop\u00bb text_font_size_phone=\u00bb28px\u00bb text_font_size_last_edited=\u00bbon|desktop\u00bb text_line_height_phone=\u00bb38px\u00bb text_line_height_last_edited=\u00bbon|phone\u00bb]<\/p>\n<p><span>11:00<\/span><\/p>\n<p>[\/et_pb_text][et_pb_text _builder_version=\u00bb3.26.3&#8243; text_font=\u00bb||||||||\u00bb text_text_color=\u00bb#ffffff\u00bb text_line_height=\u00bb28px\u00bb border_color_left=\u00bb#ffffff\u00bb custom_padding=\u00bb|||8%|false|false\u00bb custom_padding_phone=\u00bb|10%||10%|false|false\u00bb custom_padding_last_edited=\u00bbon|desktop\u00bb text_font_size_last_edited=\u00bbon|desktop\u00bb text_line_height_last_edited=\u00bbon|desktop\u00bb border_width_left_phone=\u00bb0px\u00bb border_width_left_last_edited=\u00bbon|desktop\u00bb]<\/p>\n<p class=\"v1MsoNormal\"><span style=\"color: #39d5f1;\"><b><span>Aplicando la inteligencia emocional a cursos online<\/span><\/b><\/span><\/p>\n<p class=\"v1MsoNormal\">\n<p>Virginia Gait\u00e1n- Consultora creativa e-learning<\/p>\n<p>&nbsp;<\/p>\n<p>&nbsp;<\/p>\n<p>[\/et_pb_text][et_pb_button button_url=\u00bbhttps:\/\/zoom.us\/j\/98534531710&#8243; url_new_window=\u00bbon\u00bb button_text=\u00bbAcceder\u00bb disabled_on=\u00bbon|on|on\u00bb _builder_version=\u00bb3.26.3&#8243; custom_button=\u00bbon\u00bb button_text_color=\u00bb#ffffff\u00bb button_bg_color=\u00bb#03588C\u00bb button_border_width=\u00bb0px\u00bb button_border_radius=\u00bb0px\u00bb button_font=\u00bb||||||||\u00bb button_use_icon=\u00bboff\u00bb custom_margin=\u00bb|||8%|false|false\u00bb disabled=\u00bbon\u00bb button_bg_color__hover_enabled=\u00bbon|desktop\u00bb button_text_color__hover_enabled=\u00bbon|desktop\u00bb][\/et_pb_button][\/et_pb_column][\/et_pb_row][et_pb_row column_structure=\u00bb1_3,2_3&#8243; custom_padding=\u00bb7.5%||||false|false\u00bb custom_padding_phone=\u00bb||7%||false|false\u00bb make_equal=\u00bbon\u00bb custom_padding_last_edited=\u00bbon|phone\u00bb _builder_version=\u00bb3.26.3&#8243; border_color_bottom=\u00bbrgba(255,255,255,0.5)\u00bb width_phone=\u00bb100%\u00bb width_last_edited=\u00bbon|phone\u00bb border_radii_last_edited=\u00bbon|phone\u00bb border_width_all_phone=\u00bb0px\u00bb border_width_all_last_edited=\u00bbon|phone\u00bb border_width_bottom_phone=\u00bb1px\u00bb border_width_bottom_last_edited=\u00bbon|phone\u00bb][et_pb_column type=\u00bb1_3&#8243; _builder_version=\u00bb4.3.2&#8243; custom_css_main_element=\u00bb\t||\u00bb][et_pb_image src=\u00bbhttps:\/\/www.equiposytalentoeventos.com\/corporate-learning\/wp-content\/uploads\/2020\/11\/maria_jesus_espejo.png\u00bb title_text=\u00bbdaniel\u00bb align=\u00bbcenter\u00bb align_phone=\u00bbleft\u00bb align_last_edited=\u00bbon|phone\u00bb _builder_version=\u00bb3.26.3&#8243; custom_margin_phone=\u00bb|||8%|false|false\u00bb custom_margin_last_edited=\u00bbon|phone\u00bb][\/et_pb_image][\/et_pb_column][et_pb_column type=\u00bb2_3&#8243; _builder_version=\u00bb4.4.7&#8243; border_width_left=\u00bb1px\u00bb border_color_left=\u00bb#ffffff\u00bb border_radii_last_edited=\u00bbon|phone\u00bb][et_pb_text disabled_on=\u00bboff|off|off\u00bb _builder_version=\u00bb3.26.3&#8243; text_font=\u00bb|700|||||||\u00bb text_text_color=\u00bb#ffffff\u00bb text_font_size=\u00bb26px\u00bb text_line_height=\u00bb42px\u00bb custom_margin=\u00bb|||8%|false|false\u00bb custom_margin_phone=\u00bb|||10%|false|false\u00bb custom_margin_last_edited=\u00bboff|desktop\u00bb text_font_size_phone=\u00bb28px\u00bb text_font_size_last_edited=\u00bbon|desktop\u00bb text_line_height_phone=\u00bb38px\u00bb text_line_height_last_edited=\u00bbon|phone\u00bb]<\/p>\n<p><span>11:00 &#8211; 11:45<\/span><\/p>\n<p>[\/et_pb_text][et_pb_text _builder_version=\u00bb3.26.3&#8243; text_font=\u00bb||||||||\u00bb text_text_color=\u00bb#ffffff\u00bb text_line_height=\u00bb28px\u00bb border_color_left=\u00bb#ffffff\u00bb custom_padding=\u00bb|||8%|false|false\u00bb custom_padding_phone=\u00bb|10%||10%|false|false\u00bb custom_padding_last_edited=\u00bbon|desktop\u00bb text_font_size_last_edited=\u00bbon|desktop\u00bb text_line_height_last_edited=\u00bbon|desktop\u00bb border_width_left_phone=\u00bb0px\u00bb border_width_left_last_edited=\u00bbon|desktop\u00bb]<\/p>\n<p class=\"v1MsoNormal\"><span style=\"color: #39d5f1;\"><b><span>Competencias Delta en las organizaciones. Practice, Process, People<\/span><\/b><\/span><\/p>\n<p class=\"v1MsoNormal\">\n<p><span>Mar\u00eda Jes\u00fas Gonz\u00e1lez Espejo \u2013 Fundadora del Instituto de Innovaci\u00f3n Legal<\/span><\/p>\n<p>&nbsp;<\/p>\n<p>&nbsp;<\/p>\n<p>[\/et_pb_text][et_pb_button button_url=\u00bbhttps:\/\/www.youtube.com\/watch?v=n27a9tBt0HQ\u00bb url_new_window=\u00bbon\u00bb button_text=\u00bbAcceder\u00bb disabled_on=\u00bbon|on|on\u00bb _builder_version=\u00bb3.26.3&#8243; custom_button=\u00bbon\u00bb button_text_color=\u00bb#ffffff\u00bb button_bg_color=\u00bb#03588C\u00bb button_border_width=\u00bb0px\u00bb button_border_radius=\u00bb0px\u00bb button_font=\u00bb||||||||\u00bb button_use_icon=\u00bboff\u00bb custom_margin=\u00bb|||8%|false|false\u00bb disabled=\u00bbon\u00bb button_bg_color__hover_enabled=\u00bbon|desktop\u00bb button_text_color__hover_enabled=\u00bbon|desktop\u00bb][\/et_pb_button][\/et_pb_column][\/et_pb_row][et_pb_row column_structure=\u00bb1_3,2_3&#8243; custom_padding=\u00bb7.5%||||false|false\u00bb custom_padding_phone=\u00bb||7%||false|false\u00bb make_equal=\u00bbon\u00bb custom_padding_last_edited=\u00bbon|phone\u00bb _builder_version=\u00bb3.26.3&#8243; border_color_bottom=\u00bbrgba(255,255,255,0.5)\u00bb width_phone=\u00bb100%\u00bb width_last_edited=\u00bbon|phone\u00bb border_radii_last_edited=\u00bbon|phone\u00bb border_width_all_phone=\u00bb0px\u00bb border_width_all_last_edited=\u00bbon|phone\u00bb border_width_bottom_phone=\u00bb1px\u00bb border_width_bottom_last_edited=\u00bbon|phone\u00bb][et_pb_column type=\u00bb1_3&#8243; _builder_version=\u00bb4.3.2&#8243; custom_css_main_element=\u00bb\t||\u00bb][et_pb_image src=\u00bbhttps:\/\/www.equiposytalentoeventos.com\/corporate-learning\/wp-content\/uploads\/2020\/11\/patricia-sierra.png\u00bb title_text=\u00bbdaniel\u00bb align=\u00bbcenter\u00bb align_phone=\u00bbleft\u00bb align_last_edited=\u00bbon|phone\u00bb _builder_version=\u00bb3.26.3&#8243; custom_margin_phone=\u00bb|||8%|false|false\u00bb custom_margin_last_edited=\u00bbon|phone\u00bb][\/et_pb_image][et_pb_image src=\u00bbhttps:\/\/www.equiposytalentoeventos.com\/corporate-learning\/wp-content\/uploads\/2020\/11\/natalia-muro.png\u00bb title_text=\u00bbdaniel\u00bb align=\u00bbcenter\u00bb align_phone=\u00bbleft\u00bb align_last_edited=\u00bbon|phone\u00bb _builder_version=\u00bb3.26.3&#8243; custom_margin_phone=\u00bb|||8%|false|false\u00bb custom_margin_last_edited=\u00bbon|phone\u00bb][\/et_pb_image][\/et_pb_column][et_pb_column type=\u00bb2_3&#8243; _builder_version=\u00bb4.4.7&#8243; border_width_left=\u00bb1px\u00bb border_color_left=\u00bb#ffffff\u00bb border_radii_last_edited=\u00bbon|phone\u00bb][et_pb_text disabled_on=\u00bboff|off|off\u00bb _builder_version=\u00bb3.26.3&#8243; text_font=\u00bb|700|||||||\u00bb text_text_color=\u00bb#ffffff\u00bb text_font_size=\u00bb26px\u00bb text_line_height=\u00bb42px\u00bb custom_margin=\u00bb|||8%|false|false\u00bb custom_margin_phone=\u00bb|||10%|false|false\u00bb custom_margin_last_edited=\u00bboff|desktop\u00bb text_font_size_phone=\u00bb28px\u00bb text_font_size_last_edited=\u00bbon|desktop\u00bb text_line_height_phone=\u00bb38px\u00bb text_line_height_last_edited=\u00bbon|phone\u00bb]<\/p>\n<p><span>11:15 &#8211; 11:45<\/span><\/p>\n<p>[\/et_pb_text][et_pb_text _builder_version=\u00bb3.26.3&#8243; text_font=\u00bb||||||||\u00bb text_text_color=\u00bb#ffffff\u00bb text_line_height=\u00bb28px\u00bb border_color_left=\u00bb#ffffff\u00bb custom_padding=\u00bb|||8%|false|false\u00bb custom_padding_phone=\u00bb|10%||10%|false|false\u00bb custom_padding_last_edited=\u00bbon|desktop\u00bb text_font_size_last_edited=\u00bbon|desktop\u00bb text_line_height_last_edited=\u00bbon|desktop\u00bb border_width_left_phone=\u00bb0px\u00bb border_width_left_last_edited=\u00bbon|desktop\u00bb]<\/p>\n<p class=\"v1MsoNormal\"><span style=\"color: #39d5f1;\"><strong>Las cosas claras: C\u00f3mo dar Feedback<\/strong><\/span><\/p>\n<p><span lang=\"ES\">Patricia Sierra &#8211; Client Manager GOODHABITZ<\/span><\/p>\n<p><span lang=\"ES\">Natalia Muro &#8211; Client Manager GOODHABITZ<\/span><\/p>\n<p><span lang=\"ES\"><\/span><\/p>\n<p class=\"v1MsoNormal\"><span><\/span><\/p>\n<p>[\/et_pb_text][et_pb_button button_url=\u00bbhttps:\/\/teams.microsoft.com\/l\/meetup-join\/19%3ameeting_MTZjYjEwZWMtNmI1My00ZDY4LWFkMmYtNGZlNDk5MWQwNzE4%40thread.v2\/0?context=%7b%22Tid%22%3a%2240fbc934-1de2-41d6-9330-c06d7ab05a6b%22%2c%22Oid%22%3a%22e00b0c79-62f0-4467-b257-4268d79d0fc0%22%7d\u00bb url_new_window=\u00bbon\u00bb button_text=\u00bbAcceder\u00bb disabled_on=\u00bbon|on|on\u00bb _builder_version=\u00bb3.26.3&#8243; custom_button=\u00bbon\u00bb button_text_color=\u00bb#ffffff\u00bb button_bg_color=\u00bb#03588C\u00bb button_border_width=\u00bb0px\u00bb button_border_radius=\u00bb0px\u00bb button_font=\u00bb||||||||\u00bb button_use_icon=\u00bboff\u00bb custom_margin=\u00bb|||8%|false|false\u00bb disabled=\u00bbon\u00bb button_bg_color__hover_enabled=\u00bbon|desktop\u00bb button_text_color__hover_enabled=\u00bbon|desktop\u00bb][\/et_pb_button][\/et_pb_column][\/et_pb_row][et_pb_row column_structure=\u00bb1_3,2_3&#8243; custom_padding=\u00bb7.5%||||false|false\u00bb custom_padding_phone=\u00bb||7%||false|false\u00bb make_equal=\u00bbon\u00bb custom_padding_last_edited=\u00bbon|phone\u00bb _builder_version=\u00bb3.26.3&#8243; border_color_bottom=\u00bbrgba(255,255,255,0.5)\u00bb width_phone=\u00bb100%\u00bb width_last_edited=\u00bbon|phone\u00bb border_radii_last_edited=\u00bbon|phone\u00bb border_width_all_phone=\u00bb0px\u00bb border_width_all_last_edited=\u00bbon|phone\u00bb border_width_bottom_phone=\u00bb1px\u00bb border_width_bottom_last_edited=\u00bbon|phone\u00bb][et_pb_column type=\u00bb1_3&#8243; _builder_version=\u00bb4.3.2&#8243; custom_css_main_element=\u00bb\t||\u00bb][et_pb_image src=\u00bbhttps:\/\/www.equiposytalentoeventos.com\/corporate-learning\/wp-content\/uploads\/2020\/11\/michael_bruce.png\u00bb title_text=\u00bbdaniel\u00bb align=\u00bbcenter\u00bb align_phone=\u00bbleft\u00bb align_last_edited=\u00bbon|phone\u00bb _builder_version=\u00bb3.26.3&#8243; custom_margin_phone=\u00bb|||8%|false|false\u00bb custom_margin_last_edited=\u00bbon|phone\u00bb][\/et_pb_image][\/et_pb_column][et_pb_column type=\u00bb2_3&#8243; _builder_version=\u00bb4.4.7&#8243; border_width_left=\u00bb1px\u00bb border_color_left=\u00bb#ffffff\u00bb border_radii_last_edited=\u00bbon|phone\u00bb][et_pb_text disabled_on=\u00bboff|off|off\u00bb _builder_version=\u00bb3.26.3&#8243; text_font=\u00bb|700|||||||\u00bb text_text_color=\u00bb#ffffff\u00bb text_font_size=\u00bb26px\u00bb text_line_height=\u00bb42px\u00bb custom_margin=\u00bb|||8%|false|false\u00bb custom_margin_phone=\u00bb|||10%|false|false\u00bb custom_margin_last_edited=\u00bboff|desktop\u00bb text_font_size_phone=\u00bb28px\u00bb text_font_size_last_edited=\u00bbon|desktop\u00bb text_line_height_phone=\u00bb38px\u00bb text_line_height_last_edited=\u00bbon|phone\u00bb]<\/p>\n<p><span>11:15 &#8211; 12:00<\/span><\/p>\n<p>[\/et_pb_text][et_pb_text _builder_version=\u00bb3.26.3&#8243; text_font=\u00bb||||||||\u00bb text_text_color=\u00bb#ffffff\u00bb text_line_height=\u00bb28px\u00bb border_color_left=\u00bb#ffffff\u00bb custom_padding=\u00bb|||8%|false|false\u00bb custom_padding_phone=\u00bb|10%||10%|false|false\u00bb custom_padding_last_edited=\u00bbon|desktop\u00bb text_font_size_last_edited=\u00bbon|desktop\u00bb text_line_height_last_edited=\u00bbon|desktop\u00bb border_width_left_phone=\u00bb0px\u00bb border_width_left_last_edited=\u00bbon|desktop\u00bb]<\/p>\n<p class=\"v1MsoNormal\"><span style=\"color: #39d5f1;\"><strong><span>How to lead inovative learning projects in English<\/span><\/strong><\/span><\/p>\n<p class=\"v1xmsolistparagraph\"><span>Michael Bruce Berendzen,<\/span><span><\/span><span>\u00a0Director de Estudios en ASTEX<\/span><\/p>\n<p><span lang=\"ES\"><\/span><\/p>\n<p class=\"v1MsoNormal\"><span><\/span><\/p>\n<p>[\/et_pb_text][et_pb_button button_url=\u00bbhttps:\/\/zoom.us\/j\/92007830304?pwd=OEQ3ckZQWmZWNVk2d1A3KzZBVG43QT09&#8243; url_new_window=\u00bbon\u00bb button_text=\u00bbAcceder\u00bb disabled_on=\u00bbon|on|on\u00bb _builder_version=\u00bb3.26.3&#8243; custom_button=\u00bbon\u00bb button_text_color=\u00bb#ffffff\u00bb button_bg_color=\u00bb#03588C\u00bb button_border_width=\u00bb0px\u00bb button_border_radius=\u00bb0px\u00bb button_font=\u00bb||||||||\u00bb button_use_icon=\u00bboff\u00bb custom_margin=\u00bb|||8%|false|false\u00bb disabled=\u00bbon\u00bb button_bg_color__hover_enabled=\u00bbon|desktop\u00bb button_text_color__hover_enabled=\u00bbon|desktop\u00bb][\/et_pb_button][\/et_pb_column][\/et_pb_row][et_pb_row column_structure=\u00bb1_3,2_3&#8243; custom_padding=\u00bb7.5%||||false|false\u00bb custom_padding_phone=\u00bb||7%||false|false\u00bb make_equal=\u00bbon\u00bb custom_padding_last_edited=\u00bbon|phone\u00bb _builder_version=\u00bb3.26.3&#8243; border_color_bottom=\u00bbrgba(255,255,255,0.5)\u00bb width_phone=\u00bb100%\u00bb width_last_edited=\u00bbon|phone\u00bb border_radii_last_edited=\u00bbon|phone\u00bb border_width_all_phone=\u00bb0px\u00bb border_width_all_last_edited=\u00bbon|phone\u00bb border_width_bottom_phone=\u00bb1px\u00bb border_width_bottom_last_edited=\u00bbon|phone\u00bb][et_pb_column type=\u00bb1_3&#8243; _builder_version=\u00bb4.3.2&#8243; custom_css_main_element=\u00bb\t||\u00bb][et_pb_image src=\u00bbhttps:\/\/www.equiposytalentoeventos.com\/corporate-learning\/wp-content\/uploads\/2020\/11\/jose_martin.png\u00bb title_text=\u00bbdaniel\u00bb align=\u00bbcenter\u00bb align_phone=\u00bbleft\u00bb align_last_edited=\u00bbon|phone\u00bb _builder_version=\u00bb3.26.3&#8243; custom_margin_phone=\u00bb|||8%|false|false\u00bb custom_margin_last_edited=\u00bbon|phone\u00bb][\/et_pb_image][\/et_pb_column][et_pb_column type=\u00bb2_3&#8243; _builder_version=\u00bb4.4.7&#8243; border_width_left=\u00bb1px\u00bb border_color_left=\u00bb#ffffff\u00bb border_radii_last_edited=\u00bbon|phone\u00bb][et_pb_text disabled_on=\u00bboff|off|off\u00bb _builder_version=\u00bb3.26.3&#8243; text_font=\u00bb|700|||||||\u00bb text_text_color=\u00bb#ffffff\u00bb text_font_size=\u00bb26px\u00bb text_line_height=\u00bb42px\u00bb custom_margin=\u00bb|||8%|false|false\u00bb custom_margin_phone=\u00bb|||10%|false|false\u00bb custom_margin_last_edited=\u00bboff|desktop\u00bb text_font_size_phone=\u00bb28px\u00bb text_font_size_last_edited=\u00bbon|desktop\u00bb text_line_height_phone=\u00bb38px\u00bb text_line_height_last_edited=\u00bbon|phone\u00bb]<\/p>\n<p><span>11:30 &#8211; 12:00<\/span><\/p>\n<p>[\/et_pb_text][et_pb_text _builder_version=\u00bb3.26.3&#8243; text_font=\u00bb||||||||\u00bb text_text_color=\u00bb#ffffff\u00bb text_line_height=\u00bb28px\u00bb border_color_left=\u00bb#ffffff\u00bb custom_padding=\u00bb|||8%|false|false\u00bb custom_padding_phone=\u00bb|10%||10%|false|false\u00bb custom_padding_last_edited=\u00bbon|desktop\u00bb text_font_size_last_edited=\u00bbon|desktop\u00bb text_line_height_last_edited=\u00bbon|desktop\u00bb border_width_left_phone=\u00bb0px\u00bb border_width_left_last_edited=\u00bbon|desktop\u00bb]<\/p>\n<p class=\"v1MsoNormal\"><span style=\"color: #39d5f1;\"><strong><span>\u00a0Descubre learningCloud: demo en directo<\/span><\/strong><\/span><\/p>\n<p class=\"v1MsoNormal\"><span>Jos\u00e9 Mart\u00edn, Director de Desarrollo de Producto en Netex Learning<\/span><\/p>\n<p><span lang=\"ES\"><\/span><\/p>\n<p class=\"v1MsoNormal\"><span><\/span><\/p>\n<p>[\/et_pb_text][et_pb_button button_url=\u00bbhttps:\/\/attendee.gotowebinar.com\/register\/1832821423398137100&#8243; url_new_window=\u00bbon\u00bb button_text=\u00bbAcceder\u00bb disabled_on=\u00bbon|on|on\u00bb _builder_version=\u00bb3.26.3&#8243; custom_button=\u00bbon\u00bb button_text_color=\u00bb#ffffff\u00bb button_bg_color=\u00bb#03588C\u00bb button_border_width=\u00bb0px\u00bb button_border_radius=\u00bb0px\u00bb button_font=\u00bb||||||||\u00bb button_use_icon=\u00bboff\u00bb custom_margin=\u00bb|||8%|false|false\u00bb disabled=\u00bbon\u00bb button_bg_color__hover_enabled=\u00bbon|desktop\u00bb button_text_color__hover_enabled=\u00bbon|desktop\u00bb][\/et_pb_button][\/et_pb_column][\/et_pb_row][et_pb_row column_structure=\u00bb1_3,2_3&#8243; custom_padding=\u00bb7.5%||||false|false\u00bb custom_padding_phone=\u00bb||7%||false|false\u00bb make_equal=\u00bbon\u00bb custom_padding_last_edited=\u00bbon|phone\u00bb _builder_version=\u00bb3.26.3&#8243; border_color_bottom=\u00bbrgba(255,255,255,0.5)\u00bb width_phone=\u00bb100%\u00bb width_last_edited=\u00bbon|phone\u00bb border_radii_last_edited=\u00bbon|phone\u00bb border_width_all_phone=\u00bb0px\u00bb border_width_all_last_edited=\u00bbon|phone\u00bb border_width_bottom_phone=\u00bb1px\u00bb border_width_bottom_last_edited=\u00bbon|phone\u00bb][et_pb_column type=\u00bb1_3&#8243; _builder_version=\u00bb4.3.2&#8243; custom_css_main_element=\u00bb\t||\u00bb][et_pb_image src=\u00bbhttps:\/\/www.equiposytalentoeventos.com\/corporate-learning\/wp-content\/uploads\/2020\/11\/montse_sanahuja.png\u00bb title_text=\u00bbdaniel\u00bb align=\u00bbcenter\u00bb align_phone=\u00bbleft\u00bb align_last_edited=\u00bbon|phone\u00bb _builder_version=\u00bb3.26.3&#8243; custom_margin_phone=\u00bb|||8%|false|false\u00bb custom_margin_last_edited=\u00bbon|phone\u00bb][\/et_pb_image][\/et_pb_column][et_pb_column type=\u00bb2_3&#8243; _builder_version=\u00bb4.4.7&#8243; border_width_left=\u00bb1px\u00bb border_color_left=\u00bb#ffffff\u00bb border_radii_last_edited=\u00bbon|phone\u00bb][et_pb_text disabled_on=\u00bboff|off|off\u00bb _builder_version=\u00bb3.26.3&#8243; text_font=\u00bb|700|||||||\u00bb text_text_color=\u00bb#ffffff\u00bb text_font_size=\u00bb26px\u00bb text_line_height=\u00bb42px\u00bb custom_margin=\u00bb|||8%|false|false\u00bb custom_margin_phone=\u00bb|||10%|false|false\u00bb custom_margin_last_edited=\u00bboff|desktop\u00bb text_font_size_phone=\u00bb28px\u00bb text_font_size_last_edited=\u00bbon|desktop\u00bb text_line_height_phone=\u00bb38px\u00bb text_line_height_last_edited=\u00bbon|phone\u00bb]<\/p>\n<p><span>12:00<\/span><\/p>\n<p>[\/et_pb_text][et_pb_text _builder_version=\u00bb3.26.3&#8243; text_font=\u00bb||||||||\u00bb text_text_color=\u00bb#ffffff\u00bb text_line_height=\u00bb28px\u00bb border_color_left=\u00bb#ffffff\u00bb custom_padding=\u00bb|||8%|false|false\u00bb custom_padding_phone=\u00bb|10%||10%|false|false\u00bb custom_padding_last_edited=\u00bbon|desktop\u00bb text_font_size_last_edited=\u00bbon|desktop\u00bb text_line_height_last_edited=\u00bbon|desktop\u00bb border_width_left_phone=\u00bb0px\u00bb border_width_left_last_edited=\u00bbon|desktop\u00bb]<\/p>\n<p class=\"v1v1MsoNormal\"><span style=\"color: #39d5f1;\"><strong>COMMS &amp; REMOTE. Camino hacia la cultura corporativa virtual<\/strong><\/span><\/p>\n<p class=\"v1v1MsoNormal\">Montse Sanahuja,\u00a0Consultora de comunicaci\u00f3n senior y formadora en Both<\/p>\n<p><span lang=\"ES\"><\/span><\/p>\n<p class=\"v1MsoNormal\"><span><\/span><\/p>\n<p>[\/et_pb_text][et_pb_button button_url=\u00bbhttps:\/\/us02web.zoom.us\/j\/83192420202?pwd=cEVsNXI0Uy93MjFRbFJ3VzVoc2djZz09&#8243; url_new_window=\u00bbon\u00bb button_text=\u00bbAcceder\u00bb disabled_on=\u00bbon|on|on\u00bb _builder_version=\u00bb3.26.3&#8243; custom_button=\u00bbon\u00bb button_text_color=\u00bb#ffffff\u00bb button_bg_color=\u00bb#03588C\u00bb button_border_width=\u00bb0px\u00bb button_border_radius=\u00bb0px\u00bb button_font=\u00bb||||||||\u00bb button_use_icon=\u00bboff\u00bb custom_margin=\u00bb|||8%|false|false\u00bb disabled=\u00bbon\u00bb button_bg_color__hover_enabled=\u00bbon|desktop\u00bb button_text_color__hover_enabled=\u00bbon|desktop\u00bb][\/et_pb_button][\/et_pb_column][\/et_pb_row][et_pb_row column_structure=\u00bb1_3,2_3&#8243; custom_padding=\u00bb7.5%||||false|false\u00bb custom_padding_phone=\u00bb||7%||false|false\u00bb make_equal=\u00bbon\u00bb custom_padding_last_edited=\u00bbon|phone\u00bb _builder_version=\u00bb3.26.3&#8243; border_color_bottom=\u00bbrgba(255,255,255,0.5)\u00bb width_phone=\u00bb100%\u00bb width_last_edited=\u00bbon|phone\u00bb border_radii_last_edited=\u00bbon|phone\u00bb border_width_all_phone=\u00bb0px\u00bb border_width_all_last_edited=\u00bbon|phone\u00bb border_width_bottom_phone=\u00bb1px\u00bb border_width_bottom_last_edited=\u00bbon|phone\u00bb][et_pb_column type=\u00bb1_3&#8243; _builder_version=\u00bb4.3.2&#8243; custom_css_main_element=\u00bb\t||\u00bb][et_pb_image src=\u00bbhttps:\/\/www.equiposytalentoeventos.com\/corporate-learning\/wp-content\/uploads\/2020\/11\/matthew_lavia.png\u00bb title_text=\u00bbdaniel\u00bb align=\u00bbcenter\u00bb align_phone=\u00bbleft\u00bb align_last_edited=\u00bbon|phone\u00bb _builder_version=\u00bb3.26.3&#8243; custom_margin_phone=\u00bb|||8%|false|false\u00bb custom_margin_last_edited=\u00bbon|phone\u00bb][\/et_pb_image][\/et_pb_column][et_pb_column type=\u00bb2_3&#8243; _builder_version=\u00bb4.4.7&#8243; border_width_left=\u00bb1px\u00bb border_color_left=\u00bb#ffffff\u00bb border_radii_last_edited=\u00bbon|phone\u00bb][et_pb_text disabled_on=\u00bboff|off|off\u00bb _builder_version=\u00bb3.26.3&#8243; text_font=\u00bb|700|||||||\u00bb text_text_color=\u00bb#ffffff\u00bb text_font_size=\u00bb26px\u00bb text_line_height=\u00bb42px\u00bb custom_margin=\u00bb|||8%|false|false\u00bb custom_margin_phone=\u00bb|||10%|false|false\u00bb custom_margin_last_edited=\u00bboff|desktop\u00bb text_font_size_phone=\u00bb28px\u00bb text_font_size_last_edited=\u00bbon|desktop\u00bb text_line_height_phone=\u00bb38px\u00bb text_line_height_last_edited=\u00bbon|phone\u00bb]<\/p>\n<p><span>12:00 &#8211; 12:45<\/span><\/p>\n<p>[\/et_pb_text][et_pb_text _builder_version=\u00bb3.26.3&#8243; text_font=\u00bb||||||||\u00bb text_text_color=\u00bb#ffffff\u00bb text_line_height=\u00bb28px\u00bb border_color_left=\u00bb#ffffff\u00bb custom_padding=\u00bb|||8%|false|false\u00bb custom_padding_phone=\u00bb|10%||10%|false|false\u00bb custom_padding_last_edited=\u00bbon|desktop\u00bb text_font_size_last_edited=\u00bbon|desktop\u00bb text_line_height_last_edited=\u00bbon|desktop\u00bb border_width_left_phone=\u00bb0px\u00bb border_width_left_last_edited=\u00bbon|desktop\u00bb]<\/p>\n<p class=\"v1MsoNormal\"><span style=\"color: #39d5f1;\"><strong><span>\u00bfPor qu\u00e9 tus empleados nunca hablar\u00e1n bien ingl\u00e9s?<\/span><\/strong><\/span><\/p>\n<p>Matthew Lav\u00eda \u2013 Lead Trainer Sky Languages<\/p>\n<p><span lang=\"ES\"><\/span><\/p>\n<p class=\"v1MsoNormal\"><span><\/span><\/p>\n<p>[\/et_pb_text][et_pb_button button_url=\u00bbhttps:\/\/www.youtube.com\/watch?v=fbgm0e6gx8w\u00bb url_new_window=\u00bbon\u00bb button_text=\u00bbAcceder\u00bb disabled_on=\u00bbon|on|on\u00bb _builder_version=\u00bb3.26.3&#8243; custom_button=\u00bbon\u00bb button_text_color=\u00bb#ffffff\u00bb button_bg_color=\u00bb#03588C\u00bb button_border_width=\u00bb0px\u00bb button_border_radius=\u00bb0px\u00bb button_font=\u00bb||||||||\u00bb button_use_icon=\u00bboff\u00bb custom_margin=\u00bb|||8%|false|false\u00bb disabled=\u00bbon\u00bb button_bg_color__hover_enabled=\u00bbon|desktop\u00bb button_text_color__hover_enabled=\u00bbon|desktop\u00bb][\/et_pb_button][\/et_pb_column][\/et_pb_row][et_pb_row column_structure=\u00bb1_3,2_3&#8243; custom_padding=\u00bb7.5%||||false|false\u00bb custom_padding_phone=\u00bb||7%||false|false\u00bb make_equal=\u00bbon\u00bb custom_padding_last_edited=\u00bbon|phone\u00bb _builder_version=\u00bb3.26.3&#8243; border_color_bottom=\u00bbrgba(255,255,255,0.5)\u00bb width_phone=\u00bb100%\u00bb width_last_edited=\u00bbon|phone\u00bb border_radii_last_edited=\u00bbon|phone\u00bb border_width_all_phone=\u00bb0px\u00bb border_width_all_last_edited=\u00bbon|phone\u00bb border_width_bottom_phone=\u00bb1px\u00bb border_width_bottom_last_edited=\u00bbon|phone\u00bb][et_pb_column type=\u00bb1_3&#8243; _builder_version=\u00bb4.3.2&#8243; custom_css_main_element=\u00bb\t||\u00bb][et_pb_image src=\u00bbhttps:\/\/www.equiposytalentoeventos.com\/corporate-learning\/wp-content\/uploads\/2020\/11\/constanza.png\u00bb title_text=\u00bbdaniel\u00bb align=\u00bbcenter\u00bb align_phone=\u00bbleft\u00bb align_last_edited=\u00bbon|phone\u00bb _builder_version=\u00bb3.26.3&#8243; custom_margin_phone=\u00bb|||8%|false|false\u00bb custom_margin_last_edited=\u00bbon|phone\u00bb][\/et_pb_image][et_pb_image src=\u00bbhttps:\/\/www.equiposytalentoeventos.com\/corporate-learning\/wp-content\/uploads\/2020\/11\/Mario-Chacon.png\u00bb title_text=\u00bbdaniel\u00bb align=\u00bbcenter\u00bb align_phone=\u00bbleft\u00bb align_last_edited=\u00bbon|phone\u00bb _builder_version=\u00bb3.26.3&#8243; custom_margin_phone=\u00bb|||8%|false|false\u00bb custom_margin_last_edited=\u00bbon|phone\u00bb][\/et_pb_image][\/et_pb_column][et_pb_column type=\u00bb2_3&#8243; _builder_version=\u00bb4.4.7&#8243; border_width_left=\u00bb1px\u00bb border_color_left=\u00bb#ffffff\u00bb border_radii_last_edited=\u00bbon|phone\u00bb][et_pb_text disabled_on=\u00bboff|off|off\u00bb _builder_version=\u00bb3.26.3&#8243; text_font=\u00bb|700|||||||\u00bb text_text_color=\u00bb#ffffff\u00bb text_font_size=\u00bb26px\u00bb text_line_height=\u00bb42px\u00bb custom_margin=\u00bb|||8%|false|false\u00bb custom_margin_phone=\u00bb|||10%|false|false\u00bb custom_margin_last_edited=\u00bboff|desktop\u00bb text_font_size_phone=\u00bb28px\u00bb text_font_size_last_edited=\u00bbon|desktop\u00bb text_line_height_phone=\u00bb38px\u00bb text_line_height_last_edited=\u00bbon|phone\u00bb]<\/p>\n<p><span>12:00 &#8211; 12:45<\/span><\/p>\n<p>[\/et_pb_text][et_pb_text _builder_version=\u00bb3.26.3&#8243; text_font=\u00bb||||||||\u00bb text_text_color=\u00bb#ffffff\u00bb text_line_height=\u00bb28px\u00bb border_color_left=\u00bb#ffffff\u00bb custom_padding=\u00bb|||8%|false|false\u00bb custom_padding_phone=\u00bb|10%||10%|false|false\u00bb custom_padding_last_edited=\u00bbon|desktop\u00bb text_font_size_last_edited=\u00bbon|desktop\u00bb text_line_height_last_edited=\u00bbon|desktop\u00bb border_width_left_phone=\u00bb0px\u00bb border_width_left_last_edited=\u00bbon|desktop\u00bb]<\/p>\n<p class=\"v1MsoNormal\"><span style=\"color: #39d5f1;\"><strong><span><b>Upskilling for Remote &amp; Flexible Teams<\/b><\/span><\/strong><\/span><span style=\"font-size: 18px;\">\u00a0<\/span><\/p>\n<p><span lang=\"IT\">Costanza Vannutelli \u2013 Head of UtopicSchool<\/span><\/p>\n<p><span lang=\"IT\">Mario Chacon \u2013 Learning Program Leader UtopicSchool<\/span><\/p>\n<p><span lang=\"ES\"><\/span><\/p>\n<p class=\"v1MsoNormal\"><span><\/span><\/p>\n<p>[\/et_pb_text][et_pb_button button_url=\u00bbhttps:\/\/us02web.zoom.us\/j\/82930382611&#8243; url_new_window=\u00bbon\u00bb button_text=\u00bbAcceder\u00bb disabled_on=\u00bbon|on|on\u00bb _builder_version=\u00bb3.26.3&#8243; custom_button=\u00bbon\u00bb button_text_color=\u00bb#ffffff\u00bb button_bg_color=\u00bb#03588C\u00bb button_border_width=\u00bb0px\u00bb button_border_radius=\u00bb0px\u00bb button_font=\u00bb||||||||\u00bb button_use_icon=\u00bboff\u00bb custom_margin=\u00bb|||8%|false|false\u00bb disabled=\u00bbon\u00bb button_bg_color__hover_enabled=\u00bbon|desktop\u00bb button_text_color__hover_enabled=\u00bbon|desktop\u00bb][\/et_pb_button][\/et_pb_column][\/et_pb_row][et_pb_row column_structure=\u00bb1_3,2_3&#8243; custom_padding=\u00bb7.5%||||false|false\u00bb custom_padding_phone=\u00bb||7%||false|false\u00bb make_equal=\u00bbon\u00bb custom_padding_last_edited=\u00bbon|phone\u00bb _builder_version=\u00bb3.26.3&#8243; border_color_bottom=\u00bbrgba(255,255,255,0.5)\u00bb width_phone=\u00bb100%\u00bb width_last_edited=\u00bbon|phone\u00bb border_radii_last_edited=\u00bbon|phone\u00bb border_width_all_phone=\u00bb0px\u00bb border_width_all_last_edited=\u00bbon|phone\u00bb border_width_bottom_phone=\u00bb1px\u00bb border_width_bottom_last_edited=\u00bbon|phone\u00bb][et_pb_column type=\u00bb1_3&#8243; _builder_version=\u00bb4.3.2&#8243; custom_css_main_element=\u00bb\t||\u00bb][et_pb_image src=\u00bbhttps:\/\/www.equiposytalentoeventos.com\/corporate-learning\/wp-content\/uploads\/2020\/11\/diego_perez.png\u00bb title_text=\u00bbdaniel\u00bb align=\u00bbcenter\u00bb align_phone=\u00bbleft\u00bb align_last_edited=\u00bbon|phone\u00bb _builder_version=\u00bb3.26.3&#8243; custom_margin_phone=\u00bb|||8%|false|false\u00bb custom_margin_last_edited=\u00bbon|phone\u00bb][\/et_pb_image][\/et_pb_column][et_pb_column type=\u00bb2_3&#8243; _builder_version=\u00bb4.4.7&#8243; border_width_left=\u00bb1px\u00bb border_color_left=\u00bb#ffffff\u00bb border_radii_last_edited=\u00bbon|phone\u00bb][et_pb_text disabled_on=\u00bboff|off|off\u00bb _builder_version=\u00bb3.26.3&#8243; text_font=\u00bb|700|||||||\u00bb text_text_color=\u00bb#ffffff\u00bb text_font_size=\u00bb26px\u00bb text_line_height=\u00bb42px\u00bb custom_margin=\u00bb|||8%|false|false\u00bb custom_margin_phone=\u00bb|||10%|false|false\u00bb custom_margin_last_edited=\u00bboff|desktop\u00bb text_font_size_phone=\u00bb28px\u00bb text_font_size_last_edited=\u00bbon|desktop\u00bb text_line_height_phone=\u00bb38px\u00bb text_line_height_last_edited=\u00bbon|phone\u00bb]<\/p>\n<p><span>12:15 &#8211; 12:45<\/span><\/p>\n<p>[\/et_pb_text][et_pb_text _builder_version=\u00bb3.26.3&#8243; text_font=\u00bb||||||||\u00bb text_text_color=\u00bb#ffffff\u00bb text_line_height=\u00bb28px\u00bb border_color_left=\u00bb#ffffff\u00bb custom_padding=\u00bb|||8%|false|false\u00bb custom_padding_phone=\u00bb|10%||10%|false|false\u00bb custom_padding_last_edited=\u00bbon|desktop\u00bb text_font_size_last_edited=\u00bbon|desktop\u00bb text_line_height_last_edited=\u00bbon|desktop\u00bb border_width_left_phone=\u00bb0px\u00bb border_width_left_last_edited=\u00bbon|desktop\u00bb]<\/p>\n<p class=\"v1MsoNormal\"><span style=\"color: #39d5f1;\"><strong><span><b>Iformalia: Firma Digital, digitalizaci\u00f3n de procesos en la formaci\u00f3n (firma de asistencia, entrega de documentos, cuestionarios,&#8230;)<\/b><\/span><\/strong><\/span><span style=\"font-size: 18px;\">\u00a0<\/span><\/p>\n<p><span lang=\"IT\"><span>Diego P\u00e9rez, CEO de Iformalia<\/span><\/span><\/p>\n<p><span lang=\"ES\"><\/span><\/p>\n<p class=\"v1MsoNormal\"><span><\/span><\/p>\n<p>[\/et_pb_text][et_pb_button button_url=\u00bbhttps:\/\/teams.microsoft.com\/dl\/launcher\/launcher.html?url=%2F_%23%2Fl%2Fmeetup-join%2F19%3Ameeting_ZWYxNmNlNWMtN2RkMy00ZmI1LThmNjUtZjZlOGJjZDk0NTMz%40thread.v2%2F0%3Fcontext%3D%257b%2522Tid%2522%253a%252255ebc626-c187-4104-ad23-6ba253a4430a%2522%252c%2522Oid%2522%253a%2522618a437f-63df-4051-aa8f-b6f78ad37d57%2522%257d%26anon%3Dtrue&#038;type=meetup-join&#038;deeplinkId=c5a38ffb-8e2f-4d37-aa16-d46cac926934&#038;directDl=true&#038;msLaunch=true&#038;enableMobilePage=true&#038;suppressPrompt=true\u00bb url_new_window=\u00bbon\u00bb button_text=\u00bbAcceder\u00bb disabled_on=\u00bbon|on|on\u00bb _builder_version=\u00bb3.26.3&#8243; custom_button=\u00bbon\u00bb button_text_color=\u00bb#ffffff\u00bb button_bg_color=\u00bb#03588C\u00bb button_border_width=\u00bb0px\u00bb button_border_radius=\u00bb0px\u00bb button_font=\u00bb||||||||\u00bb button_use_icon=\u00bboff\u00bb custom_margin=\u00bb|||8%|false|false\u00bb disabled=\u00bbon\u00bb button_bg_color__hover_enabled=\u00bbon|desktop\u00bb button_text_color__hover_enabled=\u00bbon|desktop\u00bb][\/et_pb_button][\/et_pb_column][\/et_pb_row][et_pb_row column_structure=\u00bb1_3,2_3&#8243; custom_padding=\u00bb7.5%||||false|false\u00bb custom_padding_phone=\u00bb||7%||false|false\u00bb make_equal=\u00bbon\u00bb custom_padding_last_edited=\u00bbon|phone\u00bb _builder_version=\u00bb3.26.3&#8243; border_color_bottom=\u00bbrgba(255,255,255,0.5)\u00bb width_phone=\u00bb100%\u00bb width_last_edited=\u00bbon|phone\u00bb border_radii_last_edited=\u00bbon|phone\u00bb border_width_all_phone=\u00bb0px\u00bb border_width_all_last_edited=\u00bbon|phone\u00bb border_width_bottom_phone=\u00bb1px\u00bb border_width_bottom_last_edited=\u00bbon|phone\u00bb][et_pb_column type=\u00bb1_3&#8243; _builder_version=\u00bb4.3.2&#8243; custom_css_main_element=\u00bb\t||\u00bb][et_pb_image src=\u00bbhttps:\/\/www.equiposytalentoeventos.com\/corporate-learning\/wp-content\/uploads\/2020\/11\/pilar_prada.png\u00bb title_text=\u00bbdaniel\u00bb align=\u00bbcenter\u00bb align_phone=\u00bbleft\u00bb align_last_edited=\u00bbon|phone\u00bb _builder_version=\u00bb3.26.3&#8243; custom_margin_phone=\u00bb|||8%|false|false\u00bb custom_margin_last_edited=\u00bbon|phone\u00bb][\/et_pb_image][et_pb_image src=\u00bbhttps:\/\/www.equiposytalentoeventos.com\/corporate-learning\/wp-content\/uploads\/2020\/11\/miguel_perez.png\u00bb title_text=\u00bbdaniel\u00bb align=\u00bbcenter\u00bb align_phone=\u00bbleft\u00bb align_last_edited=\u00bbon|phone\u00bb _builder_version=\u00bb3.26.3&#8243; custom_margin_phone=\u00bb|||8%|false|false\u00bb custom_margin_last_edited=\u00bbon|phone\u00bb][\/et_pb_image][\/et_pb_column][et_pb_column type=\u00bb2_3&#8243; _builder_version=\u00bb4.4.7&#8243; border_width_left=\u00bb1px\u00bb border_color_left=\u00bb#ffffff\u00bb border_radii_last_edited=\u00bbon|phone\u00bb][et_pb_text disabled_on=\u00bboff|off|off\u00bb _builder_version=\u00bb3.26.3&#8243; text_font=\u00bb|700|||||||\u00bb text_text_color=\u00bb#ffffff\u00bb text_font_size=\u00bb26px\u00bb text_line_height=\u00bb42px\u00bb custom_margin=\u00bb|||8%|false|false\u00bb custom_margin_phone=\u00bb|||10%|false|false\u00bb custom_margin_last_edited=\u00bboff|desktop\u00bb text_font_size_phone=\u00bb28px\u00bb text_font_size_last_edited=\u00bbon|desktop\u00bb text_line_height_phone=\u00bb38px\u00bb text_line_height_last_edited=\u00bbon|phone\u00bb]<\/p>\n<p><span>12:30 &#8211; 13:00<\/span><\/p>\n<p>[\/et_pb_text][et_pb_text _builder_version=\u00bb3.26.3&#8243; text_font=\u00bb||||||||\u00bb text_text_color=\u00bb#ffffff\u00bb text_line_height=\u00bb28px\u00bb border_color_left=\u00bb#ffffff\u00bb custom_padding=\u00bb|||8%|false|false\u00bb custom_padding_phone=\u00bb|10%||10%|false|false\u00bb custom_padding_last_edited=\u00bbon|desktop\u00bb text_font_size_last_edited=\u00bbon|desktop\u00bb text_line_height_last_edited=\u00bbon|desktop\u00bb border_width_left_phone=\u00bb0px\u00bb border_width_left_last_edited=\u00bbon|desktop\u00bb]<\/p>\n<p class=\"v1MsoNormal\"><span style=\"color: #39d5f1;\"><strong><span>Experiencias 2020: casos de \u00e9xito<\/span><\/strong><\/span><\/p>\n<p class=\"v1xmsolistparagraph\"><span>Pilar Prada y Miguel P\u00e9rez, Senior Learning Consultants en Netex Learning<\/span><\/p>\n<p><span lang=\"ES\"><\/span><\/p>\n<p class=\"v1MsoNormal\"><span><\/span><\/p>\n<p>[\/et_pb_text][et_pb_button button_url=\u00bbhttps:\/\/attendee.gotowebinar.com\/register\/6688254876052368140&#8243; url_new_window=\u00bbon\u00bb button_text=\u00bbAcceder\u00bb disabled_on=\u00bbon|on|on\u00bb _builder_version=\u00bb3.26.3&#8243; custom_button=\u00bbon\u00bb button_text_color=\u00bb#ffffff\u00bb button_bg_color=\u00bb#03588C\u00bb button_border_width=\u00bb0px\u00bb button_border_radius=\u00bb0px\u00bb button_font=\u00bb||||||||\u00bb button_use_icon=\u00bboff\u00bb custom_margin=\u00bb|||8%|false|false\u00bb disabled=\u00bbon\u00bb button_bg_color__hover_enabled=\u00bbon|desktop\u00bb button_text_color__hover_enabled=\u00bbon|desktop\u00bb][\/et_pb_button][\/et_pb_column][\/et_pb_row][et_pb_row column_structure=\u00bb1_3,2_3&#8243; custom_padding=\u00bb7.5%||||false|false\u00bb custom_padding_phone=\u00bb||7%||false|false\u00bb make_equal=\u00bbon\u00bb custom_padding_last_edited=\u00bbon|phone\u00bb _builder_version=\u00bb3.26.3&#8243; border_color_bottom=\u00bbrgba(255,255,255,0.5)\u00bb width_phone=\u00bb100%\u00bb width_last_edited=\u00bbon|phone\u00bb border_radii_last_edited=\u00bbon|phone\u00bb border_width_all_phone=\u00bb0px\u00bb border_width_all_last_edited=\u00bbon|phone\u00bb border_width_bottom_phone=\u00bb1px\u00bb border_width_bottom_last_edited=\u00bbon|phone\u00bb][et_pb_column type=\u00bb1_3&#8243; _builder_version=\u00bb4.3.2&#8243; custom_css_main_element=\u00bb\t||\u00bb][et_pb_image src=\u00bbhttps:\/\/www.equiposytalentoeventos.com\/corporate-learning\/wp-content\/uploads\/2020\/11\/Philippe-Delespesse.png\u00bb title_text=\u00bbdaniel\u00bb align=\u00bbcenter\u00bb align_phone=\u00bbleft\u00bb align_last_edited=\u00bbon|phone\u00bb _builder_version=\u00bb3.26.3&#8243; custom_margin_phone=\u00bb|||8%|false|false\u00bb custom_margin_last_edited=\u00bbon|phone\u00bb][\/et_pb_image][et_pb_image src=\u00bbhttps:\/\/www.equiposytalentoeventos.com\/corporate-learning\/wp-content\/uploads\/2020\/11\/Lourdes_Cateura.png\u00bb title_text=\u00bbdaniel\u00bb align=\u00bbcenter\u00bb align_phone=\u00bbleft\u00bb align_last_edited=\u00bbon|phone\u00bb _builder_version=\u00bb3.26.3&#8243; custom_margin_phone=\u00bb|||8%|false|false\u00bb custom_margin_last_edited=\u00bbon|phone\u00bb][\/et_pb_image][\/et_pb_column][et_pb_column type=\u00bb2_3&#8243; _builder_version=\u00bb4.4.7&#8243; border_width_left=\u00bb1px\u00bb border_color_left=\u00bb#ffffff\u00bb border_radii_last_edited=\u00bbon|phone\u00bb][et_pb_text disabled_on=\u00bboff|off|off\u00bb _builder_version=\u00bb3.26.3&#8243; text_font=\u00bb|700|||||||\u00bb text_text_color=\u00bb#ffffff\u00bb text_font_size=\u00bb26px\u00bb text_line_height=\u00bb42px\u00bb custom_margin=\u00bb|||8%|false|false\u00bb custom_margin_phone=\u00bb|||10%|false|false\u00bb custom_margin_last_edited=\u00bboff|desktop\u00bb text_font_size_phone=\u00bb28px\u00bb text_font_size_last_edited=\u00bbon|desktop\u00bb text_line_height_phone=\u00bb38px\u00bb text_line_height_last_edited=\u00bbon|phone\u00bb]<\/p>\n<p><span>12:45 &#8211; 13:15<\/span><\/p>\n<p>[\/et_pb_text][et_pb_text _builder_version=\u00bb3.26.3&#8243; text_font=\u00bb||||||||\u00bb text_text_color=\u00bb#ffffff\u00bb text_line_height=\u00bb28px\u00bb border_color_left=\u00bb#ffffff\u00bb custom_padding=\u00bb|||8%|false|false\u00bb custom_padding_phone=\u00bb|10%||10%|false|false\u00bb custom_padding_last_edited=\u00bbon|desktop\u00bb text_font_size_last_edited=\u00bbon|desktop\u00bb text_line_height_last_edited=\u00bbon|desktop\u00bb border_width_left_phone=\u00bb0px\u00bb border_width_left_last_edited=\u00bbon|desktop\u00bb]<\/p>\n<p class=\"v1MsoNormal\"><span style=\"color: #39d5f1;\"><b><span>C\u00d3MO USAR LA GAMIFICACI\u00d3N PARA OPTIMIZAR LA FORMACI\u00d3N Y EL DESARROLLO DE TALENTO<\/span><\/b><\/span><\/p>\n<p class=\"v1MsoNormal\">Philippe Delespesse y Lourdes Cateura, socios fundadores de Binnakle Serious Games for Transformation<\/p>\n<p>[\/et_pb_text][et_pb_button button_url=\u00bbhttps:\/\/zoom.us\/j\/94411758521&#8243; url_new_window=\u00bbon\u00bb button_text=\u00bbAcceder\u00bb disabled_on=\u00bbon|on|on\u00bb _builder_version=\u00bb3.26.3&#8243; custom_button=\u00bbon\u00bb button_text_color=\u00bb#ffffff\u00bb button_bg_color=\u00bb#03588C\u00bb button_border_width=\u00bb0px\u00bb button_border_radius=\u00bb0px\u00bb button_font=\u00bb||||||||\u00bb button_use_icon=\u00bboff\u00bb custom_margin=\u00bb|||8%|false|false\u00bb disabled=\u00bbon\u00bb button_bg_color__hover_enabled=\u00bbon|desktop\u00bb button_text_color__hover_enabled=\u00bbon|desktop\u00bb][\/et_pb_button][\/et_pb_column][\/et_pb_row][et_pb_row column_structure=\u00bb1_3,2_3&#8243; custom_padding=\u00bb7.5%||||false|false\u00bb custom_padding_phone=\u00bb||7%||false|false\u00bb make_equal=\u00bbon\u00bb custom_padding_last_edited=\u00bbon|phone\u00bb _builder_version=\u00bb3.26.3&#8243; border_color_bottom=\u00bbrgba(255,255,255,0.5)\u00bb width_phone=\u00bb100%\u00bb width_last_edited=\u00bbon|phone\u00bb border_radii_last_edited=\u00bbon|phone\u00bb border_width_all_phone=\u00bb0px\u00bb border_width_all_last_edited=\u00bbon|phone\u00bb border_width_bottom_phone=\u00bb1px\u00bb border_width_bottom_last_edited=\u00bbon|phone\u00bb][et_pb_column type=\u00bb1_3&#8243; _builder_version=\u00bb4.3.2&#8243; custom_css_main_element=\u00bb\t||\u00bb][et_pb_image src=\u00bbhttps:\/\/www.equiposytalentoeventos.com\/corporate-learning\/wp-content\/uploads\/2020\/11\/juan_antonio.png\u00bb title_text=\u00bbdaniel\u00bb align=\u00bbcenter\u00bb align_phone=\u00bbleft\u00bb align_last_edited=\u00bbon|phone\u00bb _builder_version=\u00bb3.26.3&#8243; custom_margin_phone=\u00bb|||8%|false|false\u00bb custom_margin_last_edited=\u00bbon|phone\u00bb][\/et_pb_image][et_pb_image src=\u00bbhttps:\/\/www.equiposytalentoeventos.com\/corporate-learning\/wp-content\/uploads\/2020\/11\/jose_luis_pascual.png\u00bb title_text=\u00bbdaniel\u00bb align=\u00bbcenter\u00bb align_phone=\u00bbleft\u00bb align_last_edited=\u00bbon|phone\u00bb _builder_version=\u00bb3.26.3&#8243; custom_margin_phone=\u00bb|||8%|false|false\u00bb custom_margin_last_edited=\u00bbon|phone\u00bb][\/et_pb_image][\/et_pb_column][et_pb_column type=\u00bb2_3&#8243; _builder_version=\u00bb4.4.7&#8243; border_width_left=\u00bb1px\u00bb border_color_left=\u00bb#ffffff\u00bb border_radii_last_edited=\u00bbon|phone\u00bb][et_pb_text disabled_on=\u00bboff|off|off\u00bb _builder_version=\u00bb3.26.3&#8243; text_font=\u00bb|700|||||||\u00bb text_text_color=\u00bb#ffffff\u00bb text_font_size=\u00bb26px\u00bb text_line_height=\u00bb42px\u00bb custom_margin=\u00bb|||8%|false|false\u00bb custom_margin_phone=\u00bb|||10%|false|false\u00bb custom_margin_last_edited=\u00bboff|desktop\u00bb text_font_size_phone=\u00bb28px\u00bb text_font_size_last_edited=\u00bbon|desktop\u00bb text_line_height_phone=\u00bb38px\u00bb text_line_height_last_edited=\u00bbon|phone\u00bb]<\/p>\n<p><span>13:00 &#8211; 13:45<\/span><\/p>\n<p>[\/et_pb_text][et_pb_text _builder_version=\u00bb3.26.3&#8243; text_font=\u00bb||||||||\u00bb text_text_color=\u00bb#ffffff\u00bb text_line_height=\u00bb28px\u00bb border_color_left=\u00bb#ffffff\u00bb custom_padding=\u00bb|||8%|false|false\u00bb custom_padding_phone=\u00bb|10%||10%|false|false\u00bb custom_padding_last_edited=\u00bbon|desktop\u00bb text_font_size_last_edited=\u00bbon|desktop\u00bb text_line_height_last_edited=\u00bbon|desktop\u00bb border_width_left_phone=\u00bb0px\u00bb border_width_left_last_edited=\u00bbon|desktop\u00bb]<\/p>\n<p class=\"v1MsoNormal\"><span style=\"color: #39d5f1;\"><b><span>Tendencias de vanguardia en Gesti\u00f3n del Talento y Direcci\u00f3n de Recursos Humanos, con Sagardoy Business&amp;Law School<\/span><\/b><\/span><\/p>\n<p><span>Juan Antonio Fern\u00e1ndez L\u00f3pez \u2013 Director de Programas en Sagardoy Business &amp; Law School\u00a0<\/span><\/p>\n<p><span>Jos\u00e9 Luis Pascual &#8211; Socio-Director de Lukkap<\/span><\/p>\n<p>[\/et_pb_text][et_pb_button button_url=\u00bbhttps:\/\/www.youtube.com\/watch?v=huYyvV0d5Ko\u00bb url_new_window=\u00bbon\u00bb button_text=\u00bbAcceder\u00bb disabled_on=\u00bbon|on|on\u00bb _builder_version=\u00bb3.26.3&#8243; custom_button=\u00bbon\u00bb button_text_color=\u00bb#ffffff\u00bb button_bg_color=\u00bb#03588C\u00bb button_border_width=\u00bb0px\u00bb button_border_radius=\u00bb0px\u00bb button_font=\u00bb||||||||\u00bb button_use_icon=\u00bboff\u00bb custom_margin=\u00bb|||8%|false|false\u00bb disabled=\u00bbon\u00bb button_bg_color__hover_enabled=\u00bbon|desktop\u00bb button_text_color__hover_enabled=\u00bbon|desktop\u00bb][\/et_pb_button][\/et_pb_column][\/et_pb_row][\/et_pb_section][et_pb_section fb_built=\u00bb1&#8243; disabled_on=\u00bboff|off|off\u00bb _builder_version=\u00bb3.26.3&#8243; custom_padding=\u00bb0px||2px|||\u00bb][et_pb_row column_structure=\u00bb3_5,2_5&#8243; custom_padding=\u00bb10%||0px|||\u00bb custom_padding_phone=\u00bb15%||||false|false\u00bb make_equal=\u00bbon\u00bb custom_padding_last_edited=\u00bbon|phone\u00bb module_id=\u00bbspeakers\u00bb _builder_version=\u00bb3.26.3&#8243; width_last_edited=\u00bbon|desktop\u00bb][et_pb_column type=\u00bb3_5&#8243; _builder_version=\u00bb3.25.4&#8243;][et_pb_text module_id=\u00bbspeakers\u00bb module_class=\u00bb#speakers\u00bb _builder_version=\u00bb3.26.3&#8243; text_font=\u00bbUnivers|900|||||||\u00bb text_font_size=\u00bb32px\u00bb text_line_height=\u00bb54px\u00bb custom_padding=\u00bb||0px|||\u00bb text_font_size_tablet=\u00bb32px\u00bb text_font_size_phone=\u00bb32px\u00bb text_font_size_last_edited=\u00bbon|desktop\u00bb text_line_height_tablet=\u00bb42px\u00bb text_line_height_phone=\u00bb48px\u00bb text_line_height_last_edited=\u00bbon|desktop\u00bb]<\/p>\n<p>SPEAKERS<\/p>\n<p>[\/et_pb_text][\/et_pb_column][et_pb_column type=\u00bb2_5&#8243; _builder_version=\u00bb3.25.4&#8243;][\/et_pb_column][\/et_pb_row][et_pb_row custom_padding=\u00bb||0px||false|false\u00bb custom_padding_phone=\u00bb15%||||false|false\u00bb make_equal=\u00bbon\u00bb custom_padding_last_edited=\u00bbon|phone\u00bb _builder_version=\u00bb3.26.3&#8243; width_last_edited=\u00bbon|desktop\u00bb][et_pb_column type=\u00bb4_4&#8243; _builder_version=\u00bb3.25.4&#8243;][et_pb_divider color=\u00bb#006B8D\u00bb divider_weight=\u00bb2px\u00bb _builder_version=\u00bb3.25.4&#8243; width=\u00bb100%\u00bb width_last_edited=\u00bbon|desktop\u00bb][\/et_pb_divider][\/et_pb_column][\/et_pb_row][et_pb_row column_structure=\u00bb1_4,1_4,1_4,1_4&#8243; use_custom_gutter=\u00bbon\u00bb gutter_width=\u00bb2&#8243; custom_padding=\u00bb0px|||0px||\u00bb custom_margin=\u00bb5%|auto||auto|false|false\u00bb make_equal=\u00bbon\u00bb disabled_on=\u00bboff|off|off\u00bb _builder_version=\u00bb3.26.3&#8243; width_phone=\u00bb75%\u00bb width_last_edited=\u00bbon|desktop\u00bb max_width_last_edited=\u00bbon|desktop\u00bb module_alignment=\u00bbcenter\u00bb min_height=\u00bb100px\u00bb custom_margin_phone=\u00bb|auto|0%|auto|false|false\u00bb custom_margin_last_edited=\u00bboff|phone\u00bb][et_pb_column type=\u00bb1_4&#8243; _builder_version=\u00bb4.3.2&#8243;][et_pb_image src=\u00bbhttps:\/\/www.equiposytalentoeventos.com\/corporate-learning\/wp-content\/uploads\/2020\/11\/gema_gongora.jpg\u00bb title_text=\u00bblaura_santacreu\u00bb align_phone=\u00bbleft\u00bb align_last_edited=\u00bbon|phone\u00bb _builder_version=\u00bb3.26.3&#8243; max_width=\u00bb100%\u00bb custom_padding=\u00bb|0px||||\u00bb][\/et_pb_image][et_pb_text _builder_version=\u00bb3.26.3&#8243; text_font=\u00bb||||||||\u00bb text_text_color=\u00bb#ffffff\u00bb text_line_height=\u00bb28px\u00bb custom_margin=\u00bb|||0%|false|false\u00bb custom_margin_phone=\u00bb|||0%|false|false\u00bb custom_margin_last_edited=\u00bbon|desktop\u00bb text_font_size_last_edited=\u00bbon|desktop\u00bb text_line_height_last_edited=\u00bbon|desktop\u00bb]<\/p>\n<p><span style=\"font-size: 24px; color: #00c0fd;\"><strong><span>Gema G\u00f3ngora<\/span><\/strong><\/span><br \/><span style=\"color: #000000;\">Global Director of Recruiting, Learning &amp; Development<\/span><br \/><span style=\"color: #00c0fd; font-size: 15px;\"><strong>IBERDROLA<\/strong><\/span><\/p>\n<p>[\/et_pb_text][et_pb_social_media_follow use_icon_font_size=\u00bbon\u00bb icon_font_size=\u00bb22px\u00bb _builder_version=\u00bb3.26.3&#8243; border_radii=\u00bbon|100px|100px|100px|100px\u00bb custom_button=\u00bbon\u00bb module_alignment=\u00bbleft\u00bb custom_margin=\u00bb0%|||0%|false|false\u00bb custom_margin_phone=\u00bb|||0%|false|false\u00bb custom_margin_last_edited=\u00bbon|desktop\u00bb][et_pb_social_media_follow_network social_network=\u00bblinkedin\u00bb url=\u00bbhttps:\/\/www.linkedin.com\/in\/gema-g%C3%B3ngora-bachiller-6807a698\/?originalSubdomain=es\u00bb _builder_version=\u00bb3.26.3&#8243; background_color=\u00bb#007AB9&#8243; background_enable_color=\u00bbon\u00bb follow_button=\u00bboff\u00bb url_new_window=\u00bbon\u00bb]linkedin[\/et_pb_social_media_follow_network][\/et_pb_social_media_follow][\/et_pb_column][et_pb_column type=\u00bb1_4&#8243; _builder_version=\u00bb4.3.2&#8243;][et_pb_image src=\u00bbhttps:\/\/www.equiposytalentoeventos.com\/corporate-learning\/wp-content\/uploads\/2020\/10\/Jaime-Canosa.jpg\u00bb title_text=\u00bblaura_santacreu\u00bb align_phone=\u00bbleft\u00bb align_last_edited=\u00bbon|phone\u00bb _builder_version=\u00bb3.26.3&#8243; max_width=\u00bb100%\u00bb custom_padding=\u00bb|0px||||\u00bb locked=\u00bboff\u00bb][\/et_pb_image][et_pb_text _builder_version=\u00bb3.26.3&#8243; text_font=\u00bb||||||||\u00bb text_text_color=\u00bb#ffffff\u00bb text_line_height=\u00bb28px\u00bb custom_margin=\u00bb|||0%|false|false\u00bb custom_margin_phone=\u00bb|||0%|false|false\u00bb custom_margin_last_edited=\u00bbon|desktop\u00bb text_font_size_last_edited=\u00bbon|desktop\u00bb text_line_height_last_edited=\u00bbon|desktop\u00bb locked=\u00bboff\u00bb]<\/p>\n<p><span style=\"font-size: 24px; color: #00c0fd;\"><strong><span>Jaime Canosa<\/span><\/strong><\/span><br \/><span style=\"color: #000000;\">Responsable de Formaci\u00f3n<\/span><br \/><span style=\"color: #00c0fd; font-size: 15px;\"><strong>FERROVIAL<\/strong><\/span><\/p>\n<p>[\/et_pb_text][et_pb_social_media_follow use_icon_font_size=\u00bbon\u00bb icon_font_size=\u00bb22px\u00bb _builder_version=\u00bb3.26.3&#8243; border_radii=\u00bbon|100px|100px|100px|100px\u00bb custom_button=\u00bbon\u00bb module_alignment=\u00bbleft\u00bb custom_margin=\u00bb0%|||0%|false|false\u00bb custom_margin_phone=\u00bb|||0%|false|false\u00bb custom_margin_last_edited=\u00bbon|desktop\u00bb locked=\u00bboff\u00bb][et_pb_social_media_follow_network social_network=\u00bblinkedin\u00bb url=\u00bbhttps:\/\/www.linkedin.com\/in\/jaime-canosa-4b94ab5\/?originalSubdomain=es\u00bb _builder_version=\u00bb3.26.3&#8243; background_color=\u00bb#007AB9&#8243; background_enable_color=\u00bbon\u00bb follow_button=\u00bboff\u00bb url_new_window=\u00bbon\u00bb]linkedin[\/et_pb_social_media_follow_network][\/et_pb_social_media_follow][\/et_pb_column][et_pb_column type=\u00bb1_4&#8243; _builder_version=\u00bb4.3.2&#8243;][et_pb_image src=\u00bbhttps:\/\/www.equiposytalentoeventos.com\/corporate-learning\/wp-content\/uploads\/2020\/10\/cl_0010_Javier-Bello.jpg\u00bb title_text=\u00bblaura_santacreu\u00bb align_phone=\u00bbleft\u00bb align_last_edited=\u00bbon|phone\u00bb _builder_version=\u00bb3.26.3&#8243; max_width=\u00bb100%\u00bb custom_padding=\u00bb|0px||||\u00bb][\/et_pb_image][et_pb_text _builder_version=\u00bb3.26.3&#8243; text_font=\u00bb||||||||\u00bb text_text_color=\u00bb#ffffff\u00bb text_line_height=\u00bb28px\u00bb custom_margin=\u00bb|||0%|false|false\u00bb custom_margin_phone=\u00bb|||0%|false|false\u00bb custom_margin_last_edited=\u00bbon|desktop\u00bb text_font_size_last_edited=\u00bbon|desktop\u00bb text_line_height_last_edited=\u00bbon|desktop\u00bb]<\/p>\n<p><span style=\"font-size: 24px; color: #00c0fd;\"><strong>Javier Bello<\/strong><\/span><br \/><span style=\"color: #000000;\">Learning Manager<\/span><br \/><span style=\"color: #00c0fd; font-size: 15px;\"><strong>BBVA<\/strong><\/span><\/p>\n<p>[\/et_pb_text][et_pb_social_media_follow use_icon_font_size=\u00bbon\u00bb icon_font_size=\u00bb22px\u00bb _builder_version=\u00bb3.26.3&#8243; border_radii=\u00bbon|100px|100px|100px|100px\u00bb custom_button=\u00bbon\u00bb module_alignment=\u00bbleft\u00bb custom_margin=\u00bb0%|||0%|false|false\u00bb custom_margin_phone=\u00bb|||0%|false|false\u00bb custom_margin_last_edited=\u00bbon|desktop\u00bb][et_pb_social_media_follow_network social_network=\u00bblinkedin\u00bb url=\u00bbhttps:\/\/www.linkedin.com\/in\/fco-javier-bello-nieto-61538b17\/\u00bb _builder_version=\u00bb3.26.3&#8243; background_color=\u00bb#007AB9&#8243; background_enable_color=\u00bbon\u00bb follow_button=\u00bboff\u00bb url_new_window=\u00bbon\u00bb]linkedin[\/et_pb_social_media_follow_network][\/et_pb_social_media_follow][\/et_pb_column][et_pb_column type=\u00bb1_4&#8243; _builder_version=\u00bb4.3.2&#8243;][et_pb_image src=\u00bbhttps:\/\/www.equiposytalentoeventos.com\/corporate-learning\/wp-content\/uploads\/2020\/11\/scherezade_miletich-1.jpg\u00bb title_text=\u00bblaura_santacreu\u00bb align_phone=\u00bbleft\u00bb align_last_edited=\u00bbon|phone\u00bb _builder_version=\u00bb3.26.3&#8243; max_width=\u00bb100%\u00bb custom_padding=\u00bb|0px||||\u00bb locked=\u00bboff\u00bb][\/et_pb_image][et_pb_text _builder_version=\u00bb3.26.3&#8243; text_font=\u00bb||||||||\u00bb text_text_color=\u00bb#ffffff\u00bb text_line_height=\u00bb28px\u00bb custom_margin=\u00bb|||0%|false|false\u00bb custom_margin_phone=\u00bb|||0%|false|false\u00bb custom_margin_last_edited=\u00bbon|desktop\u00bb text_font_size_last_edited=\u00bbon|desktop\u00bb text_line_height_last_edited=\u00bbon|desktop\u00bb locked=\u00bboff\u00bb]<\/p>\n<p><span style=\"font-size: 24px; color: #00c0fd;\"><strong>Scherezade Miletich<\/strong><\/span><br \/><span style=\"color: #000000;\"><span>Directora \u00e1rea Desarrollo de RRHH &amp; RSC Lead<\/span><\/span><br \/><span style=\"color: #00c0fd; font-size: 15px;\"><strong>FUJITSU<\/strong><\/span><\/p>\n<p>[\/et_pb_text][et_pb_social_media_follow use_icon_font_size=\u00bbon\u00bb icon_font_size=\u00bb22px\u00bb _builder_version=\u00bb3.26.3&#8243; border_radii=\u00bbon|100px|100px|100px|100px\u00bb custom_button=\u00bbon\u00bb module_alignment=\u00bbleft\u00bb custom_margin=\u00bb0%|||0%|false|false\u00bb custom_margin_phone=\u00bb|||0%|false|false\u00bb custom_margin_last_edited=\u00bbon|desktop\u00bb locked=\u00bboff\u00bb][et_pb_social_media_follow_network social_network=\u00bblinkedin\u00bb url=\u00bbhttps:\/\/www.linkedin.com\/in\/scherezade-miletich-6a48307\/?originalSubdomain=es\u00bb _builder_version=\u00bb3.26.3&#8243; background_color=\u00bb#007AB9&#8243; background_enable_color=\u00bbon\u00bb follow_button=\u00bboff\u00bb url_new_window=\u00bbon\u00bb]linkedin[\/et_pb_social_media_follow_network][\/et_pb_social_media_follow][\/et_pb_column][\/et_pb_row][et_pb_row column_structure=\u00bb1_4,1_4,1_4,1_4&#8243; use_custom_gutter=\u00bbon\u00bb gutter_width=\u00bb2&#8243; custom_padding=\u00bb0px|||0px||\u00bb custom_margin=\u00bb2%|auto||auto|false|false\u00bb make_equal=\u00bbon\u00bb disabled_on=\u00bboff|off|off\u00bb _builder_version=\u00bb3.26.3&#8243; width_phone=\u00bb75%\u00bb width_last_edited=\u00bbon|desktop\u00bb max_width_last_edited=\u00bbon|desktop\u00bb module_alignment=\u00bbcenter\u00bb min_height=\u00bb100px\u00bb custom_margin_phone=\u00bb|auto|0%|auto|false|false\u00bb custom_margin_last_edited=\u00bboff|phone\u00bb][et_pb_column type=\u00bb1_4&#8243; _builder_version=\u00bb4.3.2&#8243;][et_pb_image src=\u00bbhttps:\/\/www.equiposytalentoeventos.com\/corporate-learning\/wp-content\/uploads\/2020\/11\/rocio_suarez.jpg\u00bb title_text=\u00bblaura_santacreu\u00bb align_phone=\u00bbleft\u00bb align_last_edited=\u00bbon|phone\u00bb _builder_version=\u00bb3.26.3&#8243; max_width=\u00bb100%\u00bb custom_padding=\u00bb|0px||||\u00bb locked=\u00bboff\u00bb][\/et_pb_image][et_pb_text _builder_version=\u00bb3.26.3&#8243; text_font=\u00bb||||||||\u00bb text_text_color=\u00bb#ffffff\u00bb text_line_height=\u00bb28px\u00bb custom_margin=\u00bb|||0%|false|false\u00bb custom_margin_phone=\u00bb|||0%|false|false\u00bb custom_margin_last_edited=\u00bbon|desktop\u00bb text_font_size_last_edited=\u00bbon|desktop\u00bb text_line_height_last_edited=\u00bbon|desktop\u00bb locked=\u00bboff\u00bb]<\/p>\n<p><span style=\"font-size: 24px; color: #00c0fd;\"><strong><span>Roc\u00edo Su\u00e1rez<\/span><\/strong><\/span><br \/><span style=\"color: #000000;\"><span>Manager de Aprendizaje y Formaci\u00f3n\u00a0<\/span><\/span><br \/><span style=\"color: #00c0fd; font-size: 15px;\"><strong><span>MAHOU SAN MIGUEL<\/span><\/strong><\/span><\/p>\n<p>[\/et_pb_text][et_pb_social_media_follow use_icon_font_size=\u00bbon\u00bb icon_font_size=\u00bb22px\u00bb _builder_version=\u00bb3.26.3&#8243; border_radii=\u00bbon|100px|100px|100px|100px\u00bb custom_button=\u00bbon\u00bb module_alignment=\u00bbleft\u00bb custom_margin=\u00bb0%||||false|false\u00bb custom_margin_phone=\u00bb|||0%|false|false\u00bb custom_margin_last_edited=\u00bbon|desktop\u00bb locked=\u00bboff\u00bb][et_pb_social_media_follow_network social_network=\u00bblinkedin\u00bb url=\u00bbhttps:\/\/www.linkedin.com\/in\/roc%C3%ADo-su%C3%A1rez-gonz%C3%A1lez-91883b175\/\u00bb _builder_version=\u00bb3.26.3&#8243; background_color=\u00bb#007AB9&#8243; background_enable_color=\u00bbon\u00bb follow_button=\u00bboff\u00bb url_new_window=\u00bbon\u00bb]linkedin[\/et_pb_social_media_follow_network][et_pb_social_media_follow_network social_network=\u00bbtwitter\u00bb url=\u00bbhttps:\/\/twitter.com\/mahou_es\u00bb _builder_version=\u00bb3.26.3&#8243; background_color=\u00bb#00aced\u00bb custom_margin=\u00bb|||4%|false|false\u00bb follow_button=\u00bboff\u00bb url_new_window=\u00bbon\u00bb]twitter[\/et_pb_social_media_follow_network][\/et_pb_social_media_follow][\/et_pb_column][et_pb_column type=\u00bb1_4&#8243; _builder_version=\u00bb4.3.2&#8243;][et_pb_image src=\u00bbhttps:\/\/www.equiposytalentoeventos.com\/corporate-learning\/wp-content\/uploads\/2020\/11\/Alicia-Hernandez-Fuentes.jpg\u00bb title_text=\u00bblaura_santacreu\u00bb align_phone=\u00bbleft\u00bb align_last_edited=\u00bbon|phone\u00bb _builder_version=\u00bb3.26.3&#8243; max_width=\u00bb100%\u00bb custom_padding=\u00bb|0px||||\u00bb][\/et_pb_image][et_pb_text _builder_version=\u00bb3.26.3&#8243; text_font=\u00bb||||||||\u00bb text_text_color=\u00bb#ffffff\u00bb text_line_height=\u00bb28px\u00bb custom_margin=\u00bb|||0%|false|false\u00bb custom_margin_phone=\u00bb|||0%|false|false\u00bb custom_margin_last_edited=\u00bbon|desktop\u00bb text_font_size_last_edited=\u00bbon|desktop\u00bb text_line_height_last_edited=\u00bbon|desktop\u00bb]<\/p>\n<p><span style=\"font-size: 24px; color: #00c0fd;\"><strong><span>Alicia Hern\u00e1ndez<\/span><\/strong><\/span><br \/><span style=\"color: #000000;\"><span>Talent &amp; L&amp;D Manager<\/span><\/span><br \/><span style=\"color: #00c0fd; font-size: 15px;\"><strong>VODAFONE<\/strong><\/span><\/p>\n<p>[\/et_pb_text][et_pb_social_media_follow use_icon_font_size=\u00bbon\u00bb icon_font_size=\u00bb22px\u00bb _builder_version=\u00bb3.26.3&#8243; border_radii=\u00bbon|100px|100px|100px|100px\u00bb custom_button=\u00bbon\u00bb module_alignment=\u00bbleft\u00bb custom_margin=\u00bb0%|||0%|false|false\u00bb custom_margin_phone=\u00bb|||0%|false|false\u00bb custom_margin_last_edited=\u00bbon|desktop\u00bb][et_pb_social_media_follow_network social_network=\u00bblinkedin\u00bb url=\u00bbhttps:\/\/www.linkedin.com\/in\/aliciahernandezfuentes\/?originalSubdomain=es\u00bb _builder_version=\u00bb3.26.3&#8243; background_color=\u00bb#007AB9&#8243; background_enable_color=\u00bbon\u00bb follow_button=\u00bboff\u00bb url_new_window=\u00bbon\u00bb]linkedin[\/et_pb_social_media_follow_network][\/et_pb_social_media_follow][\/et_pb_column][et_pb_column type=\u00bb1_4&#8243; _builder_version=\u00bb4.3.2&#8243;][et_pb_image src=\u00bbhttps:\/\/www.equiposytalentoeventos.com\/corporate-learning\/wp-content\/uploads\/2020\/10\/cl_0007_Mar-Garre.jpg\u00bb title_text=\u00bbtalentdaybcn20_0001_susanacortes_novartis\u00bb align_phone=\u00bbleft\u00bb align_last_edited=\u00bbon|phone\u00bb _builder_version=\u00bb3.26.3&#8243; max_width=\u00bb100%\u00bb custom_padding=\u00bb|0px||||\u00bb][\/et_pb_image][et_pb_text _builder_version=\u00bb3.26.3&#8243; text_font=\u00bb||||||||\u00bb text_text_color=\u00bb#ffffff\u00bb text_line_height=\u00bb28px\u00bb custom_margin=\u00bb|||0%|false|false\u00bb custom_margin_phone=\u00bb|||0%|false|false\u00bb custom_margin_last_edited=\u00bbon|desktop\u00bb text_font_size_last_edited=\u00bbon|desktop\u00bb text_line_height_last_edited=\u00bbon|desktop\u00bb]<\/p>\n<p><span style=\"font-size: 24px; color: #00c0fd;\"><strong>Mar Garre<\/strong><\/span><br \/><span style=\"color: #000000;\">Directora de Personas y Comunicaci\u00f3n<\/span><br \/><span style=\"color: #00c0fd; font-size: 15px;\"><strong>L\u00cdNEA DIRECTA<\/strong><\/span><\/p>\n<p>[\/et_pb_text][et_pb_social_media_follow use_icon_font_size=\u00bbon\u00bb icon_font_size=\u00bb22px\u00bb _builder_version=\u00bb3.26.3&#8243; border_radii=\u00bbon|100px|100px|100px|100px\u00bb custom_button=\u00bbon\u00bb module_alignment=\u00bbleft\u00bb custom_margin=\u00bb0%|||0%|false|false\u00bb custom_margin_phone=\u00bb|||0%|false|false\u00bb custom_margin_last_edited=\u00bbon|desktop\u00bb][et_pb_social_media_follow_network social_network=\u00bblinkedin\u00bb url=\u00bbhttps:\/\/www.linkedin.com\/in\/mar-garre\/\u00bb _builder_version=\u00bb3.26.3&#8243; background_color=\u00bb#007AB9&#8243; background_enable_color=\u00bbon\u00bb follow_button=\u00bboff\u00bb url_new_window=\u00bbon\u00bb]linkedin[\/et_pb_social_media_follow_network][\/et_pb_social_media_follow][\/et_pb_column][et_pb_column type=\u00bb1_4&#8243; _builder_version=\u00bb4.3.2&#8243;][et_pb_image src=\u00bbhttps:\/\/www.equiposytalentoeventos.com\/corporate-learning\/wp-content\/uploads\/2020\/11\/oriol_mas.jpg\u00bb title_text=\u00bblaura_santacreu\u00bb align_phone=\u00bbleft\u00bb align_last_edited=\u00bbon|phone\u00bb _builder_version=\u00bb3.26.3&#8243; max_width=\u00bb100%\u00bb custom_padding=\u00bb|0px||||\u00bb locked=\u00bboff\u00bb][\/et_pb_image][et_pb_text _builder_version=\u00bb3.26.3&#8243; text_font=\u00bb||||||||\u00bb text_text_color=\u00bb#ffffff\u00bb text_line_height=\u00bb28px\u00bb custom_margin=\u00bb|||0%|false|false\u00bb custom_margin_phone=\u00bb|||0%|false|false\u00bb custom_margin_last_edited=\u00bbon|desktop\u00bb text_font_size_last_edited=\u00bbon|desktop\u00bb text_line_height_last_edited=\u00bbon|desktop\u00bb locked=\u00bboff\u00bb]<\/p>\n<p><span style=\"font-size: 24px; color: #00c0fd;\"><strong><span>Oriol Mas<\/span><\/strong><\/span><br \/><span style=\"color: #000000;\"><span>Director General<\/span><\/span><br \/><span style=\"color: #00c0fd; font-size: 15px;\"><strong><span>RANDSTAD DIRECT, TRAINING &amp; HUMAN CAPITAL CONSULTING<\/span><\/strong><\/span><\/p>\n<p>[\/et_pb_text][\/et_pb_column][\/et_pb_row][et_pb_row column_structure=\u00bb1_4,1_4,1_4,1_4&#8243; use_custom_gutter=\u00bbon\u00bb gutter_width=\u00bb2&#8243; custom_padding=\u00bb0px|||0px||\u00bb custom_margin=\u00bb2%|auto||auto|false|false\u00bb make_equal=\u00bbon\u00bb disabled_on=\u00bboff|off|off\u00bb _builder_version=\u00bb3.26.3&#8243; width_phone=\u00bb75%\u00bb width_last_edited=\u00bbon|desktop\u00bb max_width_last_edited=\u00bbon|desktop\u00bb module_alignment=\u00bbcenter\u00bb min_height=\u00bb100px\u00bb custom_margin_phone=\u00bb|auto|0%|auto|false|false\u00bb custom_margin_last_edited=\u00bboff|phone\u00bb][et_pb_column type=\u00bb1_4&#8243; _builder_version=\u00bb4.3.2&#8243;][et_pb_image src=\u00bbhttps:\/\/www.equiposytalentoeventos.com\/corporate-learning\/wp-content\/uploads\/2020\/10\/cl_0002_Isabel-Gavilanes.jpg\u00bb title_text=\u00bblaura_santacreu\u00bb align_phone=\u00bbleft\u00bb align_last_edited=\u00bbon|phone\u00bb _builder_version=\u00bb3.26.3&#8243; max_width=\u00bb100%\u00bb custom_padding=\u00bb|0px||||\u00bb][\/et_pb_image][et_pb_text _builder_version=\u00bb3.26.3&#8243; text_font=\u00bb||||||||\u00bb text_text_color=\u00bb#ffffff\u00bb text_line_height=\u00bb28px\u00bb custom_margin=\u00bb|||0%|false|false\u00bb custom_margin_phone=\u00bb|||0%|false|false\u00bb custom_margin_last_edited=\u00bbon|desktop\u00bb text_font_size_last_edited=\u00bbon|desktop\u00bb text_line_height_last_edited=\u00bbon|desktop\u00bb]<\/p>\n<p><span style=\"font-size: 24px; color: #00c0fd;\"><strong>Isabel Gavilanes<\/strong><\/span><br \/><span style=\"color: #000000;\">Directora de Gesti\u00f3n y Desarrollo de Talento<\/span><br \/><span style=\"color: #00c0fd; font-size: 15px;\"><strong>ALCAMPO<\/strong><\/span><\/p>\n<p>[\/et_pb_text][et_pb_social_media_follow use_icon_font_size=\u00bbon\u00bb icon_font_size=\u00bb22px\u00bb _builder_version=\u00bb3.26.3&#8243; border_radii=\u00bbon|100px|100px|100px|100px\u00bb custom_button=\u00bbon\u00bb module_alignment=\u00bbleft\u00bb custom_margin=\u00bb0%|||0%|false|false\u00bb custom_margin_phone=\u00bb|||0%|false|false\u00bb custom_margin_last_edited=\u00bbon|desktop\u00bb locked=\u00bboff\u00bb][et_pb_social_media_follow_network social_network=\u00bblinkedin\u00bb url=\u00bbhttps:\/\/www.linkedin.com\/in\/isabel-gavilanes-gomez-1b632524\/\u00bb _builder_version=\u00bb3.26.3&#8243; background_color=\u00bb#007AB9&#8243; background_enable_color=\u00bbon\u00bb follow_button=\u00bboff\u00bb url_new_window=\u00bbon\u00bb]linkedin[\/et_pb_social_media_follow_network][\/et_pb_social_media_follow][\/et_pb_column][et_pb_column type=\u00bb1_4&#8243; _builder_version=\u00bb4.3.2&#8243;][et_pb_image src=\u00bbhttps:\/\/www.equiposytalentoeventos.com\/corporate-learning\/wp-content\/uploads\/2020\/11\/veronica_barrera.jpg\u00bb title_text=\u00bbvanessa_berrido\u00bb align_phone=\u00bbleft\u00bb align_last_edited=\u00bbon|phone\u00bb _builder_version=\u00bb3.26.3&#8243; max_width=\u00bb100%\u00bb custom_padding=\u00bb|0px||||\u00bb][\/et_pb_image][et_pb_text _builder_version=\u00bb3.26.3&#8243; text_font=\u00bb||||||||\u00bb text_text_color=\u00bb#ffffff\u00bb text_line_height=\u00bb28px\u00bb custom_margin=\u00bb|||0%|false|false\u00bb custom_margin_phone=\u00bb|||0%|false|false\u00bb custom_margin_last_edited=\u00bbon|desktop\u00bb text_font_size_last_edited=\u00bbon|desktop\u00bb text_line_height_last_edited=\u00bbon|desktop\u00bb]<\/p>\n<p><span style=\"font-size: 24px; color: #00c0fd;\"><strong>Ver\u00f3nica Barrera<\/strong><\/span><br \/><span style=\"color: #000000;\"><span>Responsable Talento, Desarrollo y Formaci\u00f3n<\/span><\/span><br \/><span style=\"color: #00c0fd; font-size: 15px;\"><strong><span>SAINT GOBAIN PLACO &amp; ISOVER<\/span><\/strong><\/span><\/p>\n<p>[\/et_pb_text][et_pb_social_media_follow use_icon_font_size=\u00bbon\u00bb icon_font_size=\u00bb22px\u00bb _builder_version=\u00bb3.26.3&#8243; border_radii=\u00bbon|100px|100px|100px|100px\u00bb custom_button=\u00bbon\u00bb module_alignment=\u00bbleft\u00bb custom_margin=\u00bb0%||||false|false\u00bb custom_margin_phone=\u00bb|||0%|false|false\u00bb custom_margin_last_edited=\u00bbon|desktop\u00bb locked=\u00bboff\u00bb][et_pb_social_media_follow_network social_network=\u00bblinkedin\u00bb url=\u00bbhttps:\/\/www.linkedin.com\/in\/ver%C3%B3nica-barrera-toro-03839b17\/\u00bb _builder_version=\u00bb3.26.3&#8243; background_color=\u00bb#007AB9&#8243; background_enable_color=\u00bbon\u00bb follow_button=\u00bboff\u00bb url_new_window=\u00bbon\u00bb]linkedin[\/et_pb_social_media_follow_network][et_pb_social_media_follow_network social_network=\u00bbtwitter\u00bb url=\u00bbhttps:\/\/twitter.com\/SaintGobainES\u00bb _builder_version=\u00bb3.26.3&#8243; background_color=\u00bb#00aced\u00bb custom_margin=\u00bb|||4%|false|false\u00bb follow_button=\u00bboff\u00bb url_new_window=\u00bbon\u00bb]twitter[\/et_pb_social_media_follow_network][\/et_pb_social_media_follow][\/et_pb_column][et_pb_column type=\u00bb1_4&#8243; _builder_version=\u00bb4.3.2&#8243;][et_pb_image src=\u00bbhttps:\/\/www.equiposytalentoeventos.com\/corporate-learning\/wp-content\/uploads\/2020\/10\/cl_0001_Juan-Luis-Regaliza.jpg\u00bb title_text=\u00bbvanessa_berrido\u00bb align_phone=\u00bbleft\u00bb align_last_edited=\u00bbon|phone\u00bb _builder_version=\u00bb3.26.3&#8243; max_width=\u00bb100%\u00bb custom_padding=\u00bb|0px||||\u00bb][\/et_pb_image][et_pb_text _builder_version=\u00bb3.26.3&#8243; text_font=\u00bb||||||||\u00bb text_text_color=\u00bb#ffffff\u00bb text_line_height=\u00bb28px\u00bb custom_margin=\u00bb|||0%|false|false\u00bb custom_margin_phone=\u00bb|||0%|false|false\u00bb custom_margin_last_edited=\u00bbon|desktop\u00bb text_font_size_last_edited=\u00bbon|desktop\u00bb text_line_height_last_edited=\u00bbon|desktop\u00bb]<\/p>\n<p><span style=\"font-size: 24px; color: #00c0fd;\"><strong>Juan Luis Regaliza<\/strong><\/span><br \/><span style=\"color: #000000;\">Director de Selecci\u00f3n, Formaci\u00f3n y Desarrollo<\/span><br \/><span style=\"color: #00c0fd; font-size: 15px;\"><strong>EL CORTE INGL\u00c9S<\/strong><\/span><\/p>\n<p>[\/et_pb_text][\/et_pb_column][et_pb_column type=\u00bb1_4&#8243; _builder_version=\u00bb4.3.2&#8243;][et_pb_image src=\u00bbhttps:\/\/www.equiposytalentoeventos.com\/corporate-learning\/wp-content\/uploads\/2020\/10\/cristina_hernandez.jpg\u00bb title_text=\u00bbtalentdaybcn20_0003_Ricard-Casas-ISS\u00bb align_phone=\u00bbleft\u00bb align_last_edited=\u00bbon|phone\u00bb _builder_version=\u00bb3.26.3&#8243; max_width=\u00bb100%\u00bb custom_padding=\u00bb|0px||||\u00bb][\/et_pb_image][et_pb_text _builder_version=\u00bb3.26.3&#8243; text_font=\u00bb||||||||\u00bb text_text_color=\u00bb#ffffff\u00bb text_line_height=\u00bb28px\u00bb custom_margin=\u00bb|||0%|false|false\u00bb custom_margin_phone=\u00bb|||0%|false|false\u00bb custom_margin_last_edited=\u00bbon|desktop\u00bb text_font_size_last_edited=\u00bbon|desktop\u00bb text_line_height_last_edited=\u00bbon|desktop\u00bb]<\/p>\n<p><span style=\"font-size: 24px; color: #00c0fd;\"><strong><span>Cristina Hern\u00e1ndez<\/span><\/strong><\/span><br \/><span style=\"color: #000000;\"><span>Associated Director Learning &amp; Development<\/span><\/span><br \/><span style=\"color: #00c0fd; font-size: 15px;\"><strong>MERCK SHARP &amp; DOHME<\/strong><\/span><\/p>\n<p>[\/et_pb_text][\/et_pb_column][\/et_pb_row][et_pb_row column_structure=\u00bb1_4,1_4,1_4,1_4&#8243; use_custom_gutter=\u00bbon\u00bb gutter_width=\u00bb2&#8243; custom_padding=\u00bb0px|||0px||\u00bb custom_margin=\u00bb2%|auto||auto|false|false\u00bb make_equal=\u00bbon\u00bb disabled_on=\u00bboff|off|off\u00bb _builder_version=\u00bb3.26.3&#8243; width_phone=\u00bb75%\u00bb width_last_edited=\u00bbon|desktop\u00bb max_width_last_edited=\u00bbon|desktop\u00bb module_alignment=\u00bbcenter\u00bb min_height=\u00bb100px\u00bb custom_margin_phone=\u00bb|auto|0%|auto|false|false\u00bb custom_margin_last_edited=\u00bboff|phone\u00bb][et_pb_column type=\u00bb1_4&#8243; _builder_version=\u00bb4.3.2&#8243;][et_pb_image src=\u00bbhttps:\/\/www.equiposytalentoeventos.com\/corporate-learning\/wp-content\/uploads\/2020\/11\/Jose-Fernando-Carvajal.jpg\u00bb title_text=\u00bbvanessa_berrido\u00bb align_phone=\u00bbleft\u00bb align_last_edited=\u00bbon|phone\u00bb _builder_version=\u00bb3.26.3&#8243; max_width=\u00bb100%\u00bb custom_padding=\u00bb|0px||||\u00bb][\/et_pb_image][et_pb_text _builder_version=\u00bb3.26.3&#8243; text_font=\u00bb||||||||\u00bb text_text_color=\u00bb#ffffff\u00bb text_line_height=\u00bb28px\u00bb custom_margin=\u00bb|||0%|false|false\u00bb custom_margin_phone=\u00bb|||0%|false|false\u00bb custom_margin_last_edited=\u00bbon|desktop\u00bb text_font_size_last_edited=\u00bbon|desktop\u00bb text_line_height_last_edited=\u00bbon|desktop\u00bb]<\/p>\n<p><span style=\"font-size: 24px; color: #00c0fd;\"><strong><span>Jose Fernando Carvajal<\/span><\/strong><\/span><br \/><span style=\"color: #000000;\"><span>Security Manager<\/span><\/span><br \/><span style=\"color: #00c0fd; font-size: 15px;\"><strong><span>INDRA SISTEMAS<\/span><\/strong><\/span><\/p>\n<p>[\/et_pb_text][et_pb_social_media_follow use_icon_font_size=\u00bbon\u00bb icon_font_size=\u00bb22px\u00bb _builder_version=\u00bb3.26.3&#8243; border_radii=\u00bbon|100px|100px|100px|100px\u00bb custom_button=\u00bbon\u00bb module_alignment=\u00bbleft\u00bb custom_margin=\u00bb0%|||0%|false|false\u00bb custom_margin_phone=\u00bb|||0%|false|false\u00bb custom_margin_last_edited=\u00bbon|desktop\u00bb][et_pb_social_media_follow_network social_network=\u00bblinkedin\u00bb url=\u00bbhttps:\/\/www.linkedin.com\/in\/jose-fernando-carvajal-vi%C3%B3n-8a5887\/?originalSubdomain=es\u00bb _builder_version=\u00bb3.26.3&#8243; background_color=\u00bb#007AB9&#8243; background_enable_color=\u00bbon\u00bb follow_button=\u00bboff\u00bb url_new_window=\u00bbon\u00bb]linkedin[\/et_pb_social_media_follow_network][\/et_pb_social_media_follow][\/et_pb_column][et_pb_column type=\u00bb1_4&#8243; _builder_version=\u00bb4.3.2&#8243;][et_pb_image src=\u00bbhttps:\/\/www.equiposytalentoeventos.com\/corporate-learning\/wp-content\/uploads\/2020\/11\/belen_foncillas.jpg\u00bb title_text=\u00bbvanessa_berrido\u00bb align_phone=\u00bbleft\u00bb align_last_edited=\u00bbon|phone\u00bb _builder_version=\u00bb3.26.3&#8243; max_width=\u00bb100%\u00bb custom_padding=\u00bb|0px||||\u00bb][\/et_pb_image][et_pb_text _builder_version=\u00bb3.26.3&#8243; text_font=\u00bb||||||||\u00bb text_text_color=\u00bb#ffffff\u00bb text_line_height=\u00bb28px\u00bb custom_margin=\u00bb|||0%|false|false\u00bb custom_margin_phone=\u00bb|||0%|false|false\u00bb custom_margin_last_edited=\u00bbon|desktop\u00bb text_font_size_last_edited=\u00bbon|desktop\u00bb text_line_height_last_edited=\u00bbon|desktop\u00bb]<\/p>\n<p><span style=\"font-size: 24px; color: #00c0fd;\"><strong><span>Bel\u00e9n Foncillas<\/span><\/strong><\/span><br \/><span style=\"color: #000000;\"><span>Learning Solutions Manager<\/span><\/span><br \/><span style=\"color: #00c0fd; font-size: 15px;\"><strong><span>SCHNEIDER ELECTRIC<\/span><\/strong><\/span><\/p>\n<p>[\/et_pb_text][et_pb_social_media_follow use_icon_font_size=\u00bbon\u00bb icon_font_size=\u00bb22px\u00bb _builder_version=\u00bb3.26.3&#8243; border_radii=\u00bbon|100px|100px|100px|100px\u00bb custom_button=\u00bbon\u00bb module_alignment=\u00bbleft\u00bb custom_margin=\u00bb0%|||0%|false|false\u00bb custom_margin_phone=\u00bb|||0%|false|false\u00bb custom_margin_last_edited=\u00bbon|desktop\u00bb][et_pb_social_media_follow_network social_network=\u00bblinkedin\u00bb url=\u00bbhttps:\/\/www.linkedin.com\/in\/belenfoncillashrlearningpeopledigital\/\u00bb _builder_version=\u00bb3.26.3&#8243; background_color=\u00bb#007AB9&#8243; background_enable_color=\u00bbon\u00bb follow_button=\u00bboff\u00bb url_new_window=\u00bbon\u00bb]linkedin[\/et_pb_social_media_follow_network][\/et_pb_social_media_follow][\/et_pb_column][et_pb_column type=\u00bb1_4&#8243; _builder_version=\u00bb4.3.2&#8243;][et_pb_image src=\u00bbhttps:\/\/www.equiposytalentoeventos.com\/corporate-learning\/wp-content\/uploads\/2020\/11\/alberto_serrano.jpg\u00bb title_text=\u00bblaura_santacreu\u00bb align_phone=\u00bbleft\u00bb align_last_edited=\u00bbon|phone\u00bb _builder_version=\u00bb3.26.3&#8243; max_width=\u00bb100%\u00bb custom_padding=\u00bb|0px||||\u00bb][\/et_pb_image][et_pb_text _builder_version=\u00bb3.26.3&#8243; text_font=\u00bb||||||||\u00bb text_text_color=\u00bb#ffffff\u00bb text_line_height=\u00bb28px\u00bb custom_margin=\u00bb|||0%|false|false\u00bb custom_margin_phone=\u00bb|||0%|false|false\u00bb custom_margin_last_edited=\u00bbon|desktop\u00bb text_font_size_last_edited=\u00bbon|desktop\u00bb text_line_height_last_edited=\u00bbon|desktop\u00bb]<\/p>\n<p><span style=\"font-size: 24px; color: #00c0fd;\"><strong><span>Alberto Serrano<\/span><\/strong><\/span><br \/><span style=\"color: #000000;\"><span>Director de HRPB y Talento<\/span><\/span><br \/><span style=\"color: #00c0fd; font-size: 15px;\"><strong>COFARES<\/strong><\/span><\/p>\n<p>[\/et_pb_text][et_pb_social_media_follow use_icon_font_size=\u00bbon\u00bb icon_font_size=\u00bb22px\u00bb _builder_version=\u00bb3.26.3&#8243; border_radii=\u00bbon|100px|100px|100px|100px\u00bb custom_button=\u00bbon\u00bb module_alignment=\u00bbleft\u00bb custom_margin=\u00bb0%|||0%|false|false\u00bb custom_margin_phone=\u00bb|||0%|false|false\u00bb custom_margin_last_edited=\u00bbon|desktop\u00bb][et_pb_social_media_follow_network social_network=\u00bblinkedin\u00bb url=\u00bbhttps:\/\/www.linkedin.com\/in\/albertoserranodeville\/?originalSubdomain=es\u00bb _builder_version=\u00bb3.26.3&#8243; background_color=\u00bb#007AB9&#8243; background_enable_color=\u00bbon\u00bb follow_button=\u00bboff\u00bb url_new_window=\u00bbon\u00bb]linkedin[\/et_pb_social_media_follow_network][\/et_pb_social_media_follow][\/et_pb_column][et_pb_column type=\u00bb1_4&#8243; _builder_version=\u00bb4.3.2&#8243;][et_pb_image src=\u00bbhttps:\/\/www.equiposytalentoeventos.com\/corporate-learning\/wp-content\/uploads\/2020\/11\/esther_quiron.jpg\u00bb title_text=\u00bblaura_santacreu\u00bb align_phone=\u00bbleft\u00bb align_last_edited=\u00bbon|phone\u00bb _builder_version=\u00bb3.26.3&#8243; max_width=\u00bb100%\u00bb custom_padding=\u00bb|0px||||\u00bb][\/et_pb_image][et_pb_text _builder_version=\u00bb3.26.3&#8243; text_font=\u00bb||||||||\u00bb text_text_color=\u00bb#ffffff\u00bb text_line_height=\u00bb28px\u00bb custom_margin=\u00bb|||0%|false|false\u00bb custom_margin_phone=\u00bb|||0%|false|false\u00bb custom_margin_last_edited=\u00bbon|desktop\u00bb text_font_size_last_edited=\u00bbon|desktop\u00bb text_line_height_last_edited=\u00bbon|desktop\u00bb]<\/p>\n<p><span style=\"font-size: 24px; color: #00c0fd;\"><strong><span>Esther Estepa<\/span><\/strong><\/span><br \/><span style=\"color: #000000;\"><span>Directora Corporativa de Talento y Experiencia del Empleado<\/span><\/span><br \/><span style=\"color: #00c0fd; font-size: 15px;\"><strong><span>QUIR\u00d3NSALUD<\/span><\/strong><\/span><\/p>\n<p>[\/et_pb_text][et_pb_social_media_follow use_icon_font_size=\u00bbon\u00bb icon_font_size=\u00bb22px\u00bb _builder_version=\u00bb3.26.3&#8243; border_radii=\u00bbon|100px|100px|100px|100px\u00bb custom_button=\u00bbon\u00bb module_alignment=\u00bbleft\u00bb custom_margin=\u00bb0%|||0%|false|false\u00bb custom_margin_phone=\u00bb|||0%|false|false\u00bb custom_margin_last_edited=\u00bbon|desktop\u00bb][et_pb_social_media_follow_network social_network=\u00bblinkedin\u00bb url=\u00bbhttps:\/\/www.linkedin.com\/in\/esther-estepa-saro-0121a245\/\u00bb _builder_version=\u00bb3.26.3&#8243; background_color=\u00bb#007AB9&#8243; background_enable_color=\u00bbon\u00bb follow_button=\u00bboff\u00bb url_new_window=\u00bbon\u00bb]linkedin[\/et_pb_social_media_follow_network][et_pb_social_media_follow_network social_network=\u00bbtwitter\u00bb url=\u00bbhttps:\/\/twitter.com\/quironsalud\u00bb _builder_version=\u00bb3.26.3&#8243; background_color=\u00bb#00aced\u00bb custom_margin=\u00bb|||4%|false|false\u00bb follow_button=\u00bboff\u00bb url_new_window=\u00bbon\u00bb]twitter[\/et_pb_social_media_follow_network][\/et_pb_social_media_follow][\/et_pb_column][\/et_pb_row][et_pb_row column_structure=\u00bb1_4,1_4,1_4,1_4&#8243; use_custom_gutter=\u00bbon\u00bb gutter_width=\u00bb2&#8243; custom_padding=\u00bb0px|||0px||\u00bb custom_margin=\u00bb2%|auto||auto|false|false\u00bb make_equal=\u00bbon\u00bb disabled_on=\u00bboff|off|off\u00bb _builder_version=\u00bb3.26.3&#8243; width_phone=\u00bb75%\u00bb width_last_edited=\u00bbon|desktop\u00bb max_width_last_edited=\u00bbon|desktop\u00bb module_alignment=\u00bbcenter\u00bb min_height=\u00bb100px\u00bb custom_margin_phone=\u00bb|auto|0%|auto|false|false\u00bb custom_margin_last_edited=\u00bboff|phone\u00bb][et_pb_column type=\u00bb1_4&#8243; _builder_version=\u00bb4.3.2&#8243;][et_pb_image src=\u00bbhttps:\/\/www.equiposytalentoeventos.com\/corporate-learning\/wp-content\/uploads\/2020\/11\/Sara-Galera.jpg\u00bb title_text=\u00bbvanessa_berrido\u00bb align_phone=\u00bbleft\u00bb align_last_edited=\u00bbon|phone\u00bb _builder_version=\u00bb3.26.3&#8243; max_width=\u00bb100%\u00bb custom_padding=\u00bb|0px||||\u00bb][\/et_pb_image][et_pb_text _builder_version=\u00bb3.26.3&#8243; text_font=\u00bb||||||||\u00bb text_text_color=\u00bb#ffffff\u00bb text_line_height=\u00bb28px\u00bb custom_margin=\u00bb|||0%|false|false\u00bb custom_margin_phone=\u00bb|||0%|false|false\u00bb custom_margin_last_edited=\u00bbon|desktop\u00bb text_font_size_last_edited=\u00bbon|desktop\u00bb text_line_height_last_edited=\u00bbon|desktop\u00bb]<\/p>\n<p><span style=\"font-size: 24px; color: #00c0fd;\"><strong><span>Sara Galera<\/span><\/strong><\/span><br \/><span style=\"color: #000000;\"><span>Head of Training Unit<\/span><\/span><br \/><span style=\"color: #00c0fd; font-size: 15px;\"><strong><span>BANCO DE ESPA\u00d1A<\/span><\/strong><\/span><\/p>\n<p>[\/et_pb_text][et_pb_social_media_follow use_icon_font_size=\u00bbon\u00bb icon_font_size=\u00bb22px\u00bb _builder_version=\u00bb3.26.3&#8243; border_radii=\u00bbon|100px|100px|100px|100px\u00bb custom_button=\u00bbon\u00bb module_alignment=\u00bbleft\u00bb custom_margin=\u00bb0%|||0%|false|false\u00bb custom_margin_phone=\u00bb|||0%|false|false\u00bb custom_margin_last_edited=\u00bbon|desktop\u00bb][et_pb_social_media_follow_network social_network=\u00bblinkedin\u00bb url=\u00bbhttps:\/\/www.linkedin.com\/in\/sara-galera-franco-31682712\/?originalSubdomain=es\u00bb _builder_version=\u00bb3.26.3&#8243; background_color=\u00bb#007AB9&#8243; background_enable_color=\u00bbon\u00bb follow_button=\u00bboff\u00bb url_new_window=\u00bbon\u00bb]linkedin[\/et_pb_social_media_follow_network][\/et_pb_social_media_follow][\/et_pb_column][et_pb_column type=\u00bb1_4&#8243; _builder_version=\u00bb4.3.2&#8243;][et_pb_image src=\u00bbhttps:\/\/www.equiposytalentoeventos.com\/corporate-learning\/wp-content\/uploads\/2020\/11\/teresa_tortonda.jpg\u00bb title_text=\u00bblaura_santacreu\u00bb align_phone=\u00bbleft\u00bb align_last_edited=\u00bbon|phone\u00bb _builder_version=\u00bb3.26.3&#8243; max_width=\u00bb100%\u00bb custom_padding=\u00bb|0px||||\u00bb][\/et_pb_image][et_pb_text _builder_version=\u00bb3.26.3&#8243; text_font=\u00bb||||||||\u00bb text_text_color=\u00bb#ffffff\u00bb text_line_height=\u00bb28px\u00bb custom_margin=\u00bb|||0%|false|false\u00bb custom_margin_phone=\u00bb|||0%|false|false\u00bb custom_margin_last_edited=\u00bbon|desktop\u00bb text_font_size_last_edited=\u00bbon|desktop\u00bb text_line_height_last_edited=\u00bbon|desktop\u00bb]<\/p>\n<p><span style=\"font-size: 24px; color: #00c0fd;\"><strong><span>Teresa Tortonda<\/span><\/strong><\/span><br \/><span style=\"color: #000000;\"><span>Responsable de Desarrollo y Talento<\/span><\/span><br \/><span style=\"color: #00c0fd; font-size: 15px;\"><strong><span>RENTOKIL INITIAL<\/span><\/strong><\/span><\/p>\n<p>[\/et_pb_text][et_pb_social_media_follow use_icon_font_size=\u00bbon\u00bb icon_font_size=\u00bb22px\u00bb _builder_version=\u00bb3.26.3&#8243; border_radii=\u00bbon|100px|100px|100px|100px\u00bb custom_button=\u00bbon\u00bb module_alignment=\u00bbleft\u00bb custom_margin=\u00bb0%|||0%|false|false\u00bb custom_margin_phone=\u00bb|||0%|false|false\u00bb custom_margin_last_edited=\u00bbon|desktop\u00bb][et_pb_social_media_follow_network social_network=\u00bblinkedin\u00bb url=\u00bbhttps:\/\/www.linkedin.com\/in\/teresatortondamayo\/?originalSubdomain=es\u00bb _builder_version=\u00bb3.26.3&#8243; background_color=\u00bb#007AB9&#8243; background_enable_color=\u00bbon\u00bb follow_button=\u00bboff\u00bb url_new_window=\u00bbon\u00bb]linkedin[\/et_pb_social_media_follow_network][\/et_pb_social_media_follow][\/et_pb_column][et_pb_column type=\u00bb1_4&#8243; _builder_version=\u00bb4.3.2&#8243;][et_pb_image src=\u00bbhttps:\/\/www.equiposytalentoeventos.com\/corporate-learning\/wp-content\/uploads\/2020\/10\/Alfonso-M-Caballero.jpg\u00bb title_text=\u00bbvanessa_berrido\u00bb align_phone=\u00bbleft\u00bb align_last_edited=\u00bbon|phone\u00bb _builder_version=\u00bb3.26.3&#8243; max_width=\u00bb100%\u00bb custom_padding=\u00bb|0px||||\u00bb][\/et_pb_image][et_pb_text _builder_version=\u00bb3.26.3&#8243; text_font=\u00bb||||||||\u00bb text_text_color=\u00bb#ffffff\u00bb text_line_height=\u00bb28px\u00bb custom_margin=\u00bb|||0%|false|false\u00bb custom_margin_phone=\u00bb|||0%|false|false\u00bb custom_margin_last_edited=\u00bbon|desktop\u00bb text_font_size_last_edited=\u00bbon|desktop\u00bb text_line_height_last_edited=\u00bbon|desktop\u00bb]<\/p>\n<p><span style=\"font-size: 24px; color: #00c0fd;\"><strong><span>Alfonso M. Caballero<\/span><\/strong><\/span><br \/><span style=\"color: #000000;\"><span>Cultural Transformation &amp; Training Manager<\/span><\/span><br \/><span style=\"color: #00c0fd; font-size: 15px;\"><strong><span>MERCK<\/span><\/strong><\/span><\/p>\n<p>[\/et_pb_text][et_pb_social_media_follow use_icon_font_size=\u00bbon\u00bb icon_font_size=\u00bb22px\u00bb _builder_version=\u00bb3.26.3&#8243; border_radii=\u00bbon|100px|100px|100px|100px\u00bb custom_button=\u00bbon\u00bb module_alignment=\u00bbleft\u00bb custom_margin=\u00bb0%|||0%|false|false\u00bb custom_margin_phone=\u00bb|||0%|false|false\u00bb custom_margin_last_edited=\u00bbon|desktop\u00bb][et_pb_social_media_follow_network social_network=\u00bblinkedin\u00bb url=\u00bbhttps:\/\/www.linkedin.com\/in\/alfonso-caballero-aguadoguado-training\/?originalSubdomain=es\u00bb _builder_version=\u00bb3.26.3&#8243; background_color=\u00bb#007AB9&#8243; background_enable_color=\u00bbon\u00bb follow_button=\u00bboff\u00bb url_new_window=\u00bbon\u00bb]linkedin[\/et_pb_social_media_follow_network][\/et_pb_social_media_follow][\/et_pb_column][et_pb_column type=\u00bb1_4&#8243; _builder_version=\u00bb4.3.2&#8243;][et_pb_image src=\u00bbhttps:\/\/www.equiposytalentoeventos.com\/corporate-learning\/wp-content\/uploads\/2020\/11\/sara_graces.jpg\u00bb title_text=\u00bblaura_santacreu\u00bb align_phone=\u00bbleft\u00bb align_last_edited=\u00bbon|phone\u00bb _builder_version=\u00bb3.26.3&#8243; max_width=\u00bb100%\u00bb custom_padding=\u00bb|0px||||\u00bb][\/et_pb_image][et_pb_text _builder_version=\u00bb3.26.3&#8243; text_font=\u00bb||||||||\u00bb text_text_color=\u00bb#ffffff\u00bb text_line_height=\u00bb28px\u00bb custom_margin=\u00bb|||0%|false|false\u00bb custom_margin_phone=\u00bb|||0%|false|false\u00bb custom_margin_last_edited=\u00bbon|desktop\u00bb text_font_size_last_edited=\u00bbon|desktop\u00bb text_line_height_last_edited=\u00bbon|desktop\u00bb]<\/p>\n<p><span style=\"font-size: 24px; color: #00c0fd;\"><strong><span>Sara Garc\u00e9s<\/span><\/strong><\/span><br \/><span style=\"color: #000000;\"><span>Leadership University Leader<\/span><\/span><br \/><span style=\"color: #00c0fd; font-size: 15px;\"><strong><span>AIRBUS<\/span><\/strong><\/span><\/p>\n<p>[\/et_pb_text][et_pb_social_media_follow use_icon_font_size=\u00bbon\u00bb icon_font_size=\u00bb22px\u00bb _builder_version=\u00bb3.26.3&#8243; border_radii=\u00bbon|100px|100px|100px|100px\u00bb custom_button=\u00bbon\u00bb module_alignment=\u00bbleft\u00bb custom_margin=\u00bb0%|||0%|false|false\u00bb custom_margin_phone=\u00bb|||0%|false|false\u00bb custom_margin_last_edited=\u00bbon|desktop\u00bb][et_pb_social_media_follow_network social_network=\u00bblinkedin\u00bb url=\u00bbhttps:\/\/www.linkedin.com\/in\/sara-garces-montero-3baa0b4a\/?originalSubdomain=es\u00bb _builder_version=\u00bb3.26.3&#8243; background_color=\u00bb#007AB9&#8243; background_enable_color=\u00bbon\u00bb follow_button=\u00bboff\u00bb url_new_window=\u00bbon\u00bb]linkedin[\/et_pb_social_media_follow_network][\/et_pb_social_media_follow][\/et_pb_column][\/et_pb_row][et_pb_row column_structure=\u00bb1_4,1_4,1_4,1_4&#8243; use_custom_gutter=\u00bbon\u00bb gutter_width=\u00bb2&#8243; custom_padding=\u00bb0px|||0px||\u00bb custom_margin=\u00bb2%|auto||auto|false|false\u00bb make_equal=\u00bbon\u00bb disabled_on=\u00bboff|off|off\u00bb _builder_version=\u00bb3.26.3&#8243; width_phone=\u00bb75%\u00bb width_last_edited=\u00bbon|desktop\u00bb max_width_last_edited=\u00bbon|desktop\u00bb module_alignment=\u00bbcenter\u00bb min_height=\u00bb100px\u00bb custom_margin_phone=\u00bb|auto|0%|auto|false|false\u00bb custom_margin_last_edited=\u00bboff|phone\u00bb][et_pb_column type=\u00bb1_4&#8243; _builder_version=\u00bb4.3.2&#8243;][et_pb_image src=\u00bbhttps:\/\/www.equiposytalentoeventos.com\/corporate-learning\/wp-content\/uploads\/2020\/11\/diana_lodin.jpg\u00bb title_text=\u00bbvanessa_berrido\u00bb align_phone=\u00bbleft\u00bb align_last_edited=\u00bbon|phone\u00bb _builder_version=\u00bb3.26.3&#8243; max_width=\u00bb100%\u00bb custom_padding=\u00bb|0px||||\u00bb][\/et_pb_image][et_pb_text _builder_version=\u00bb3.26.3&#8243; text_font=\u00bb||||||||\u00bb text_text_color=\u00bb#ffffff\u00bb text_line_height=\u00bb28px\u00bb custom_margin=\u00bb|||0%|false|false\u00bb custom_margin_phone=\u00bb|||0%|false|false\u00bb custom_margin_last_edited=\u00bbon|desktop\u00bb text_font_size_last_edited=\u00bbon|desktop\u00bb text_line_height_last_edited=\u00bbon|desktop\u00bb]<\/p>\n<p><span style=\"font-size: 24px; color: #00c0fd;\"><strong><span>Diana Lodin<\/span><\/strong><\/span><br \/><span style=\"color: #000000;\"><span>Head of Talent &amp; Agile<\/span><\/span><br \/><span style=\"color: #00c0fd; font-size: 15px;\"><strong><span>GENERALI<\/span><\/strong><\/span><\/p>\n<p>[\/et_pb_text][et_pb_social_media_follow use_icon_font_size=\u00bbon\u00bb icon_font_size=\u00bb22px\u00bb _builder_version=\u00bb3.26.3&#8243; border_radii=\u00bbon|100px|100px|100px|100px\u00bb custom_button=\u00bbon\u00bb module_alignment=\u00bbleft\u00bb custom_margin=\u00bb0%||||false|false\u00bb custom_margin_phone=\u00bb|||0%|false|false\u00bb custom_margin_last_edited=\u00bbon|desktop\u00bb][et_pb_social_media_follow_network social_network=\u00bblinkedin\u00bb url=\u00bbhttps:\/\/www.linkedin.com\/in\/diana-lodin-225728\/\u00bb _builder_version=\u00bb3.26.3&#8243; background_color=\u00bb#007AB9&#8243; background_enable_color=\u00bbon\u00bb follow_button=\u00bboff\u00bb url_new_window=\u00bbon\u00bb]linkedin[\/et_pb_social_media_follow_network][et_pb_social_media_follow_network social_network=\u00bbtwitter\u00bb url=\u00bbhttps:\/\/twitter.com\/generali_es\u00bb _builder_version=\u00bb3.26.3&#8243; background_color=\u00bb#00aced\u00bb custom_margin=\u00bb|||4%|false|false\u00bb follow_button=\u00bboff\u00bb url_new_window=\u00bbon\u00bb]twitter[\/et_pb_social_media_follow_network][\/et_pb_social_media_follow][\/et_pb_column][et_pb_column type=\u00bb1_4&#8243; _builder_version=\u00bb4.3.2&#8243;][et_pb_image src=\u00bbhttps:\/\/www.equiposytalentoeventos.com\/corporate-learning\/wp-content\/uploads\/2020\/11\/francico_navarro.jpg\u00bb title_text=\u00bbtalentdaybcn20_0003_Ricard-Casas-ISS\u00bb align_phone=\u00bbleft\u00bb align_last_edited=\u00bbon|phone\u00bb _builder_version=\u00bb3.26.3&#8243; max_width=\u00bb100%\u00bb custom_padding=\u00bb|0px||||\u00bb locked=\u00bboff\u00bb][\/et_pb_image][et_pb_text _builder_version=\u00bb3.26.3&#8243; text_font=\u00bb||||||||\u00bb text_text_color=\u00bb#ffffff\u00bb text_line_height=\u00bb28px\u00bb custom_margin=\u00bb|||0%|false|false\u00bb custom_margin_phone=\u00bb|||0%|false|false\u00bb custom_margin_last_edited=\u00bbon|desktop\u00bb custom_padding=\u00bb||0px|||\u00bb text_font_size_last_edited=\u00bbon|desktop\u00bb text_line_height_last_edited=\u00bbon|desktop\u00bb locked=\u00bboff\u00bb]<\/p>\n<p><span style=\"font-size: 24px; color: #00c0fd;\"><strong>Francisco Navarro<\/strong><\/span><br \/><span style=\"color: #000000;\"><span>Global HR Lead Consultant, Career &amp; Skills Global Technology Services<\/span><\/span><br \/><span style=\"color: #00c0fd; font-size: 15px;\"><strong>IBM<\/strong><\/span><\/p>\n<p>[\/et_pb_text][et_pb_social_media_follow use_icon_font_size=\u00bbon\u00bb icon_font_size=\u00bb22px\u00bb _builder_version=\u00bb3.26.3&#8243; border_radii=\u00bbon|100px|100px|100px|100px\u00bb custom_button=\u00bbon\u00bb module_alignment=\u00bbleft\u00bb custom_margin=\u00bb0%||||false|false\u00bb custom_margin_phone=\u00bb|||0%|false|false\u00bb custom_margin_last_edited=\u00bbon|desktop\u00bb][et_pb_social_media_follow_network social_network=\u00bblinkedin\u00bb url=\u00bbhttps:\/\/www.linkedin.com\/in\/francisco-navarro-morgado-747b20104\/\u00bb _builder_version=\u00bb3.26.3&#8243; background_color=\u00bb#007AB9&#8243; background_enable_color=\u00bbon\u00bb follow_button=\u00bboff\u00bb url_new_window=\u00bbon\u00bb]linkedin[\/et_pb_social_media_follow_network][et_pb_social_media_follow_network social_network=\u00bbtwitter\u00bb url=\u00bbhttps:\/\/twitter.com\/IBM_ES\u00bb _builder_version=\u00bb3.26.3&#8243; background_color=\u00bb#00aced\u00bb custom_margin=\u00bb|||4%|false|false\u00bb follow_button=\u00bboff\u00bb url_new_window=\u00bbon\u00bb]twitter[\/et_pb_social_media_follow_network][\/et_pb_social_media_follow][\/et_pb_column][et_pb_column type=\u00bb1_4&#8243; _builder_version=\u00bb4.3.2&#8243;][et_pb_image src=\u00bbhttps:\/\/www.equiposytalentoeventos.com\/corporate-learning\/wp-content\/uploads\/2020\/11\/carlos_ramos.jpg\u00bb title_text=\u00bbtalentdaybcn20_0003_Ricard-Casas-ISS\u00bb align_phone=\u00bbleft\u00bb align_last_edited=\u00bbon|phone\u00bb _builder_version=\u00bb3.26.3&#8243; max_width=\u00bb100%\u00bb custom_padding=\u00bb|0px||||\u00bb locked=\u00bboff\u00bb][\/et_pb_image][et_pb_text _builder_version=\u00bb3.26.3&#8243; text_font=\u00bb||||||||\u00bb text_text_color=\u00bb#ffffff\u00bb text_line_height=\u00bb28px\u00bb custom_margin=\u00bb|||0%|false|false\u00bb custom_margin_phone=\u00bb|||0%|false|false\u00bb custom_margin_last_edited=\u00bbon|desktop\u00bb custom_padding=\u00bb||0px|||\u00bb text_font_size_last_edited=\u00bbon|desktop\u00bb text_line_height_last_edited=\u00bbon|desktop\u00bb locked=\u00bboff\u00bb]<\/p>\n<p><span style=\"font-size: 24px; color: #00c0fd;\"><strong>Carlos Ramos<\/strong><\/span><br \/><span style=\"color: #000000;\"><span>Manager de Talent Management<\/span><\/span><br \/><span style=\"color: #00c0fd; font-size: 15px;\"><strong>CLAREL<\/strong><\/span><\/p>\n<p>[\/et_pb_text][et_pb_social_media_follow use_icon_font_size=\u00bbon\u00bb icon_font_size=\u00bb22px\u00bb _builder_version=\u00bb3.26.3&#8243; border_radii=\u00bbon|100px|100px|100px|100px\u00bb custom_button=\u00bbon\u00bb module_alignment=\u00bbleft\u00bb custom_margin=\u00bb0%||||false|false\u00bb custom_margin_phone=\u00bb|||0%|false|false\u00bb custom_margin_last_edited=\u00bbon|desktop\u00bb][et_pb_social_media_follow_network social_network=\u00bblinkedin\u00bb url=\u00bbhttps:\/\/www.linkedin.com\/in\/carlos-ramos-alcalde-0223b634\/\u00bb _builder_version=\u00bb3.26.3&#8243; background_color=\u00bb#007AB9&#8243; background_enable_color=\u00bbon\u00bb follow_button=\u00bboff\u00bb url_new_window=\u00bbon\u00bb]linkedin[\/et_pb_social_media_follow_network][et_pb_social_media_follow_network social_network=\u00bbtwitter\u00bb url=\u00bbhttps:\/\/twitter.com\/Clarel_Esp\u00bb _builder_version=\u00bb3.26.3&#8243; background_color=\u00bb#00aced\u00bb custom_margin=\u00bb|||4%|false|false\u00bb follow_button=\u00bboff\u00bb url_new_window=\u00bbon\u00bb]twitter[\/et_pb_social_media_follow_network][\/et_pb_social_media_follow][\/et_pb_column][et_pb_column type=\u00bb1_4&#8243; _builder_version=\u00bb4.3.2&#8243;][et_pb_image src=\u00bbhttps:\/\/www.equiposytalentoeventos.com\/corporate-learning\/wp-content\/uploads\/2020\/11\/Diana_Cubero.jpg\u00bb title_text=\u00bbtalentdaybcn20_0003_Ricard-Casas-ISS\u00bb align_phone=\u00bbleft\u00bb align_last_edited=\u00bbon|phone\u00bb _builder_version=\u00bb3.26.3&#8243; max_width=\u00bb100%\u00bb custom_padding=\u00bb|0px||||\u00bb locked=\u00bboff\u00bb][\/et_pb_image][et_pb_text _builder_version=\u00bb3.26.3&#8243; text_font=\u00bb||||||||\u00bb text_text_color=\u00bb#ffffff\u00bb text_line_height=\u00bb28px\u00bb custom_margin=\u00bb|||0%|false|false\u00bb custom_margin_phone=\u00bb|||0%|false|false\u00bb custom_margin_last_edited=\u00bbon|desktop\u00bb custom_padding=\u00bb||0px|||\u00bb text_font_size_last_edited=\u00bbon|desktop\u00bb text_line_height_last_edited=\u00bbon|desktop\u00bb locked=\u00bboff\u00bb]<\/p>\n<p><span style=\"font-size: 24px; color: #00c0fd;\"><strong>Diana Cubero<\/strong><\/span><br \/><span style=\"color: #000000;\"><span>Talent &amp; People Experience Manager<\/span><\/span><br \/><span style=\"color: #00c0fd; font-size: 15px;\"><strong>KIABI<\/strong><\/span><\/p>\n<p>[\/et_pb_text][et_pb_social_media_follow use_icon_font_size=\u00bbon\u00bb icon_font_size=\u00bb22px\u00bb _builder_version=\u00bb3.26.3&#8243; border_radii=\u00bbon|100px|100px|100px|100px\u00bb custom_button=\u00bbon\u00bb module_alignment=\u00bbleft\u00bb custom_margin=\u00bb0%||||false|false\u00bb custom_margin_phone=\u00bb|||0%|false|false\u00bb custom_margin_last_edited=\u00bbon|desktop\u00bb][et_pb_social_media_follow_network social_network=\u00bblinkedin\u00bb url=\u00bbhttps:\/\/www.linkedin.com\/in\/diana-cubero-torrijos\/\u00bb _builder_version=\u00bb3.26.3&#8243; background_color=\u00bb#007AB9&#8243; background_enable_color=\u00bbon\u00bb follow_button=\u00bboff\u00bb url_new_window=\u00bbon\u00bb]linkedin[\/et_pb_social_media_follow_network][et_pb_social_media_follow_network social_network=\u00bbtwitter\u00bb url=\u00bbhttps:\/\/twitter.com\/KiabiES\u00bb _builder_version=\u00bb3.26.3&#8243; background_color=\u00bb#00aced\u00bb custom_margin=\u00bb|||4%|false|false\u00bb follow_button=\u00bboff\u00bb url_new_window=\u00bbon\u00bb]twitter[\/et_pb_social_media_follow_network][\/et_pb_social_media_follow][\/et_pb_column][\/et_pb_row][et_pb_row column_structure=\u00bb1_4,1_4,1_4,1_4&#8243; use_custom_gutter=\u00bbon\u00bb gutter_width=\u00bb2&#8243; custom_padding=\u00bb0px|||0px||\u00bb custom_margin=\u00bb2%|auto||auto|false|false\u00bb make_equal=\u00bbon\u00bb disabled_on=\u00bboff|off|off\u00bb _builder_version=\u00bb3.26.3&#8243; width_phone=\u00bb75%\u00bb width_last_edited=\u00bbon|desktop\u00bb max_width_last_edited=\u00bbon|desktop\u00bb module_alignment=\u00bbcenter\u00bb min_height=\u00bb100px\u00bb custom_margin_phone=\u00bb|auto|0%|auto|false|false\u00bb custom_margin_last_edited=\u00bboff|phone\u00bb][et_pb_column type=\u00bb1_4&#8243; _builder_version=\u00bb4.3.2&#8243;][et_pb_image src=\u00bbhttps:\/\/www.equiposytalentoeventos.com\/corporate-learning\/wp-content\/uploads\/2020\/11\/ernesto_barrios.jpg\u00bb title_text=\u00bbvanessa_berrido\u00bb align_phone=\u00bbleft\u00bb align_last_edited=\u00bbon|phone\u00bb _builder_version=\u00bb3.26.3&#8243; max_width=\u00bb100%\u00bb custom_padding=\u00bb|0px||||\u00bb][\/et_pb_image][et_pb_text _builder_version=\u00bb3.26.3&#8243; text_font=\u00bb||||||||\u00bb text_text_color=\u00bb#ffffff\u00bb text_line_height=\u00bb28px\u00bb custom_margin=\u00bb|||0%|false|false\u00bb custom_margin_phone=\u00bb|||0%|false|false\u00bb custom_margin_last_edited=\u00bbon|desktop\u00bb text_font_size_last_edited=\u00bbon|desktop\u00bb text_line_height_last_edited=\u00bbon|desktop\u00bb]<\/p>\n<p><span style=\"font-size: 24px; color: #00c0fd;\"><strong><span>Ernesto Barrios<\/span><\/strong><\/span><br \/><span style=\"color: #000000;\"><span>Learning Office Manager<\/span><\/span><br \/><span style=\"color: #00c0fd; font-size: 15px;\"><strong><span>REPSOL<\/span><\/strong><\/span><\/p>\n<p>[\/et_pb_text][et_pb_social_media_follow use_icon_font_size=\u00bbon\u00bb icon_font_size=\u00bb22px\u00bb _builder_version=\u00bb3.26.3&#8243; border_radii=\u00bbon|100px|100px|100px|100px\u00bb custom_button=\u00bbon\u00bb module_alignment=\u00bbleft\u00bb custom_margin=\u00bb0%||||false|false\u00bb custom_margin_phone=\u00bb|||0%|false|false\u00bb custom_margin_last_edited=\u00bbon|desktop\u00bb][et_pb_social_media_follow_network social_network=\u00bblinkedin\u00bb url=\u00bbhttps:\/\/www.linkedin.com\/in\/ernestobarrios\/\u00bb _builder_version=\u00bb3.26.3&#8243; background_color=\u00bb#007AB9&#8243; background_enable_color=\u00bbon\u00bb follow_button=\u00bboff\u00bb url_new_window=\u00bbon\u00bb]linkedin[\/et_pb_social_media_follow_network][et_pb_social_media_follow_network social_network=\u00bbtwitter\u00bb url=\u00bbhttps:\/\/twitter.com\/ebarriosgb\u00bb _builder_version=\u00bb3.26.3&#8243; background_color=\u00bb#00aced\u00bb custom_margin=\u00bb|||4%|false|false\u00bb follow_button=\u00bboff\u00bb url_new_window=\u00bbon\u00bb]twitter[\/et_pb_social_media_follow_network][\/et_pb_social_media_follow][\/et_pb_column][et_pb_column type=\u00bb1_4&#8243; _builder_version=\u00bb4.3.2&#8243;][et_pb_image src=\u00bbhttps:\/\/www.equiposytalentoeventos.com\/corporate-learning\/wp-content\/uploads\/2020\/11\/mercedes_retana.jpg\u00bb title_text=\u00bbtalentdaybcn20_0003_Ricard-Casas-ISS\u00bb align_phone=\u00bbleft\u00bb align_last_edited=\u00bbon|phone\u00bb _builder_version=\u00bb3.26.3&#8243; max_width=\u00bb100%\u00bb custom_padding=\u00bb|0px||||\u00bb locked=\u00bboff\u00bb][\/et_pb_image][et_pb_text _builder_version=\u00bb3.26.3&#8243; text_font=\u00bb||||||||\u00bb text_text_color=\u00bb#ffffff\u00bb text_line_height=\u00bb28px\u00bb custom_margin=\u00bb|||0%|false|false\u00bb custom_margin_phone=\u00bb|||0%|false|false\u00bb custom_margin_last_edited=\u00bbon|desktop\u00bb custom_padding=\u00bb||0px|||\u00bb text_font_size_last_edited=\u00bbon|desktop\u00bb text_line_height_last_edited=\u00bbon|desktop\u00bb locked=\u00bboff\u00bb]<\/p>\n<p><span style=\"font-size: 24px; color: #00c0fd;\"><strong>Mercedes Retana<\/strong><\/span><br \/><span style=\"color: #000000;\"><span>Responsable de Formaci\u00f3n<\/span><\/span><br \/><span style=\"color: #00c0fd; font-size: 15px;\"><strong><span>AB AZUCARERA IBERIA, S.L.U<\/span><\/strong><\/span><\/p>\n<p>[\/et_pb_text][et_pb_social_media_follow use_icon_font_size=\u00bbon\u00bb icon_font_size=\u00bb22px\u00bb _builder_version=\u00bb3.26.3&#8243; border_radii=\u00bbon|100px|100px|100px|100px\u00bb custom_button=\u00bbon\u00bb module_alignment=\u00bbleft\u00bb custom_margin=\u00bb0%||||false|false\u00bb custom_margin_phone=\u00bb|||0%|false|false\u00bb custom_margin_last_edited=\u00bbon|desktop\u00bb][et_pb_social_media_follow_network social_network=\u00bblinkedin\u00bb url=\u00bbhttps:\/\/www.linkedin.com\/in\/mercedesretana\/\u00bb _builder_version=\u00bb3.26.3&#8243; background_color=\u00bb#007AB9&#8243; background_enable_color=\u00bbon\u00bb follow_button=\u00bboff\u00bb url_new_window=\u00bbon\u00bb]linkedin[\/et_pb_social_media_follow_network][et_pb_social_media_follow_network social_network=\u00bbtwitter\u00bb url=\u00bbhttps:\/\/twitter.com\/merretana\u00bb _builder_version=\u00bb3.26.3&#8243; background_color=\u00bb#00aced\u00bb custom_margin=\u00bb|||4%|false|false\u00bb follow_button=\u00bboff\u00bb url_new_window=\u00bbon\u00bb]twitter[\/et_pb_social_media_follow_network][\/et_pb_social_media_follow][\/et_pb_column][et_pb_column type=\u00bb1_4&#8243; _builder_version=\u00bb4.3.2&#8243;][et_pb_image src=\u00bbhttps:\/\/www.equiposytalentoeventos.com\/corporate-learning\/wp-content\/uploads\/2020\/11\/monica_lauda.jpg\u00bb title_text=\u00bbtalentdaybcn20_0003_Ricard-Casas-ISS\u00bb align_phone=\u00bbleft\u00bb align_last_edited=\u00bbon|phone\u00bb _builder_version=\u00bb3.26.3&#8243; max_width=\u00bb100%\u00bb custom_padding=\u00bb|0px||||\u00bb locked=\u00bboff\u00bb][\/et_pb_image][et_pb_text _builder_version=\u00bb3.26.3&#8243; text_font=\u00bb||||||||\u00bb text_text_color=\u00bb#ffffff\u00bb text_line_height=\u00bb28px\u00bb custom_margin=\u00bb|||0%|false|false\u00bb custom_margin_phone=\u00bb|||0%|false|false\u00bb custom_margin_last_edited=\u00bbon|desktop\u00bb custom_padding=\u00bb||0px|||\u00bb text_font_size_last_edited=\u00bbon|desktop\u00bb text_line_height_last_edited=\u00bbon|desktop\u00bb locked=\u00bboff\u00bb]<\/p>\n<p><span style=\"font-size: 24px; color: #00c0fd;\"><strong>M\u00f3nica Lauda<\/strong><\/span><br \/><span style=\"color: #000000;\"><span>Subdirectora de Formaci\u00f3n y Gesti\u00f3n del Talento\u00a0<\/span><\/span><br \/><span style=\"color: #00c0fd; font-size: 15px;\"><strong><span>INECO<\/span><\/strong><\/span><\/p>\n<p>[\/et_pb_text][et_pb_social_media_follow use_icon_font_size=\u00bbon\u00bb icon_font_size=\u00bb22px\u00bb _builder_version=\u00bb3.26.3&#8243; border_radii=\u00bbon|100px|100px|100px|100px\u00bb custom_button=\u00bbon\u00bb module_alignment=\u00bbleft\u00bb custom_margin=\u00bb0%||||false|false\u00bb custom_margin_phone=\u00bb|||0%|false|false\u00bb custom_margin_last_edited=\u00bbon|desktop\u00bb][et_pb_social_media_follow_network social_network=\u00bblinkedin\u00bb url=\u00bbhttps:\/\/www.linkedin.com\/in\/m%C3%B3nica-lauda-corch%C3%B3n-37244943\/\u00bb _builder_version=\u00bb3.26.3&#8243; background_color=\u00bb#007AB9&#8243; background_enable_color=\u00bbon\u00bb follow_button=\u00bboff\u00bb url_new_window=\u00bbon\u00bb]linkedin[\/et_pb_social_media_follow_network][et_pb_social_media_follow_network social_network=\u00bbtwitter\u00bb url=\u00bbhttps:\/\/twitter.com\/Ineco_es\u00bb _builder_version=\u00bb3.26.3&#8243; background_color=\u00bb#00aced\u00bb custom_margin=\u00bb|||4%|false|false\u00bb follow_button=\u00bboff\u00bb url_new_window=\u00bbon\u00bb]twitter[\/et_pb_social_media_follow_network][\/et_pb_social_media_follow][\/et_pb_column][et_pb_column type=\u00bb1_4&#8243; _builder_version=\u00bb4.3.2&#8243;][et_pb_image src=\u00bbhttps:\/\/www.equiposytalentoeventos.com\/corporate-learning\/wp-content\/uploads\/2020\/11\/beatriz_malpartida.jpg\u00bb title_text=\u00bbtalentdaybcn20_0003_Ricard-Casas-ISS\u00bb align_phone=\u00bbleft\u00bb align_last_edited=\u00bbon|phone\u00bb _builder_version=\u00bb3.26.3&#8243; max_width=\u00bb100%\u00bb custom_padding=\u00bb|0px||||\u00bb locked=\u00bboff\u00bb][\/et_pb_image][et_pb_text _builder_version=\u00bb3.26.3&#8243; text_font=\u00bb||||||||\u00bb text_text_color=\u00bb#ffffff\u00bb text_line_height=\u00bb28px\u00bb custom_margin=\u00bb|||0%|false|false\u00bb custom_margin_phone=\u00bb|||0%|false|false\u00bb custom_margin_last_edited=\u00bbon|desktop\u00bb custom_padding=\u00bb||0px|||\u00bb text_font_size_last_edited=\u00bbon|desktop\u00bb text_line_height_last_edited=\u00bbon|desktop\u00bb locked=\u00bboff\u00bb]<\/p>\n<p><span style=\"font-size: 24px; color: #00c0fd;\"><strong><span>Beatriz Malpartida<\/span><\/strong><\/span><br \/><span style=\"color: #000000;\"><span>Directora de Talento\u00a0<\/span><\/span><br \/><span style=\"color: #00c0fd; font-size: 15px;\"><strong><span>SUNTORY IBERIA<\/span><\/strong><\/span><\/p>\n<p>[\/et_pb_text][et_pb_social_media_follow use_icon_font_size=\u00bbon\u00bb icon_font_size=\u00bb22px\u00bb _builder_version=\u00bb3.26.3&#8243; border_radii=\u00bbon|100px|100px|100px|100px\u00bb custom_button=\u00bbon\u00bb module_alignment=\u00bbleft\u00bb custom_margin=\u00bb0%||||false|false\u00bb custom_margin_phone=\u00bb|||0%|false|false\u00bb custom_margin_last_edited=\u00bbon|desktop\u00bb][et_pb_social_media_follow_network social_network=\u00bblinkedin\u00bb url=\u00bbhttps:\/\/www.linkedin.com\/in\/beatrizmalpartidajimenez\/\u00bb _builder_version=\u00bb3.26.3&#8243; background_color=\u00bb#007AB9&#8243; background_enable_color=\u00bbon\u00bb follow_button=\u00bboff\u00bb url_new_window=\u00bbon\u00bb]linkedin[\/et_pb_social_media_follow_network][et_pb_social_media_follow_network social_network=\u00bbtwitter\u00bb url=\u00bbhttps:\/\/twitter.com\/Schweppes_ES\u00bb _builder_version=\u00bb3.26.3&#8243; background_color=\u00bb#00aced\u00bb custom_margin=\u00bb|||4%|false|false\u00bb follow_button=\u00bboff\u00bb url_new_window=\u00bbon\u00bb]twitter[\/et_pb_social_media_follow_network][\/et_pb_social_media_follow][\/et_pb_column][\/et_pb_row][et_pb_row column_structure=\u00bb3_5,2_5&#8243; custom_padding=\u00bb5%||0px||false|false\u00bb custom_padding_phone=\u00bb15%||||false|false\u00bb make_equal=\u00bbon\u00bb custom_padding_last_edited=\u00bbon|phone\u00bb module_id=\u00bbspeakers\u00bb _builder_version=\u00bb3.26.3&#8243; width_last_edited=\u00bbon|desktop\u00bb][et_pb_column type=\u00bb3_5&#8243; _builder_version=\u00bb3.25.4&#8243;][et_pb_text module_id=\u00bbspeakers\u00bb module_class=\u00bb#speakers\u00bb _builder_version=\u00bb3.26.3&#8243; text_font=\u00bbUnivers|900|||||||\u00bb text_font_size=\u00bb32px\u00bb text_line_height=\u00bb54px\u00bb custom_padding=\u00bb||0px|||\u00bb text_font_size_tablet=\u00bb32px\u00bb text_font_size_phone=\u00bb32px\u00bb text_font_size_last_edited=\u00bbon|desktop\u00bb text_line_height_tablet=\u00bb42px\u00bb text_line_height_phone=\u00bb48px\u00bb text_line_height_last_edited=\u00bbon|desktop\u00bb]<\/p>\n<p>MODERADORES<\/p>\n<p>[\/et_pb_text][\/et_pb_column][et_pb_column type=\u00bb2_5&#8243; _builder_version=\u00bb3.25.4&#8243;][\/et_pb_column][\/et_pb_row][et_pb_row custom_padding=\u00bb||0px||false|false\u00bb custom_padding_phone=\u00bb15%||||false|false\u00bb make_equal=\u00bbon\u00bb custom_padding_last_edited=\u00bbon|phone\u00bb _builder_version=\u00bb3.26.3&#8243; width_last_edited=\u00bbon|desktop\u00bb locked=\u00bboff\u00bb][et_pb_column type=\u00bb4_4&#8243; _builder_version=\u00bb3.25.4&#8243;][et_pb_divider color=\u00bb#006B8D\u00bb divider_weight=\u00bb2px\u00bb _builder_version=\u00bb3.25.4&#8243; width=\u00bb100%\u00bb width_last_edited=\u00bbon|desktop\u00bb][\/et_pb_divider][\/et_pb_column][\/et_pb_row][et_pb_row column_structure=\u00bb1_4,1_4,1_4,1_4&#8243; use_custom_gutter=\u00bbon\u00bb gutter_width=\u00bb2&#8243; custom_padding=\u00bb0px|||0px||\u00bb custom_margin=\u00bb2%|auto||auto|false|false\u00bb make_equal=\u00bbon\u00bb disabled_on=\u00bboff|off|off\u00bb _builder_version=\u00bb3.26.3&#8243; width_phone=\u00bb75%\u00bb width_last_edited=\u00bbon|desktop\u00bb max_width_last_edited=\u00bbon|desktop\u00bb module_alignment=\u00bbcenter\u00bb min_height=\u00bb100px\u00bb custom_margin_phone=\u00bb|auto|0%|auto|false|false\u00bb custom_margin_last_edited=\u00bboff|phone\u00bb][et_pb_column type=\u00bb1_4&#8243; _builder_version=\u00bb4.3.2&#8243;][et_pb_image src=\u00bbhttps:\/\/www.equiposytalentoeventos.com\/corporate-learning\/wp-content\/uploads\/2020\/10\/cl_0005_Elena-Gimenez.jpg\u00bb title_text=\u00bbvanessa_berrido\u00bb _builder_version=\u00bb3.26.3&#8243; locked=\u00bboff\u00bb][\/et_pb_image][et_pb_text _builder_version=\u00bb3.26.3&#8243; text_font=\u00bb||||||||\u00bb text_text_color=\u00bb#ffffff\u00bb text_line_height=\u00bb28px\u00bb custom_margin=\u00bb|||0%|false|false\u00bb custom_margin_phone=\u00bb|||0%|false|false\u00bb custom_margin_last_edited=\u00bbon|desktop\u00bb text_font_size_last_edited=\u00bbon|desktop\u00bb text_line_height_last_edited=\u00bbon|desktop\u00bb locked=\u00bboff\u00bb]<\/p>\n<p><span style=\"font-size: 24px; color: #00c0fd;\"><strong>Elena Gim\u00e9nez<\/strong><\/span><br \/> <span style=\"color: #000000;\">Directora<\/span><br \/> <span style=\"color: #00c0fd; font-size: 15px;\"><strong>SPEEXX ESPA\u00d1A<\/strong><\/span><\/p>\n<p>[\/et_pb_text][et_pb_social_media_follow use_icon_font_size=\u00bbon\u00bb icon_font_size=\u00bb22px\u00bb _builder_version=\u00bb3.26.3&#8243; border_radii=\u00bbon|100px|100px|100px|100px\u00bb custom_button=\u00bbon\u00bb module_alignment=\u00bbleft\u00bb custom_margin=\u00bb0%|||0%|false|false\u00bb custom_margin_phone=\u00bb|||0%|false|false\u00bb custom_margin_last_edited=\u00bbon|desktop\u00bb locked=\u00bboff\u00bb][et_pb_social_media_follow_network social_network=\u00bblinkedin\u00bb url=\u00bbhttps:\/\/www.linkedin.com\/in\/elenagimenez\/\u00bb _builder_version=\u00bb3.26.3&#8243; background_color=\u00bb#007AB9&#8243; background_enable_color=\u00bbon\u00bb follow_button=\u00bboff\u00bb url_new_window=\u00bbon\u00bb]linkedin[\/et_pb_social_media_follow_network][et_pb_social_media_follow_network social_network=\u00bbtwitter\u00bb url=\u00bbhttps:\/\/twitter.com\/elenagimenez\u00bb _builder_version=\u00bb3.26.3&#8243; background_color=\u00bb#00aced\u00bb custom_margin=\u00bb|||4%|false|false\u00bb follow_button=\u00bboff\u00bb url_new_window=\u00bbon\u00bb]twitter[\/et_pb_social_media_follow_network][\/et_pb_social_media_follow][\/et_pb_column][et_pb_column type=\u00bb1_4&#8243; _builder_version=\u00bb4.3.2&#8243;][et_pb_image src=\u00bbhttps:\/\/www.equiposytalentoeventos.com\/corporate-learning\/wp-content\/uploads\/2020\/11\/juanjo_educativa.jpg\u00bb title_text=\u00bbtalentdaybcn20_0003_Ricard-Casas-ISS\u00bb align_phone=\u00bbleft\u00bb align_last_edited=\u00bbon|phone\u00bb _builder_version=\u00bb3.26.3&#8243; max_width=\u00bb100%\u00bb custom_padding=\u00bb|0px||||\u00bb locked=\u00bboff\u00bb][\/et_pb_image][et_pb_text _builder_version=\u00bb3.26.3&#8243; text_font=\u00bb||||||||\u00bb text_text_color=\u00bb#ffffff\u00bb text_line_height=\u00bb28px\u00bb custom_margin=\u00bb|||0%|false|false\u00bb custom_margin_phone=\u00bb|||0%|false|false\u00bb custom_margin_last_edited=\u00bbon|desktop\u00bb text_font_size_last_edited=\u00bbon|desktop\u00bb text_line_height_last_edited=\u00bbon|desktop\u00bb locked=\u00bboff\u00bb]<\/p>\n<p><span style=\"font-size: 24px; color: #00c0fd;\"><strong>Juan Jos\u00e9 Gait\u00e1n<\/strong><\/span><br \/><span style=\"color: #000000;\">Director General<\/span><br \/><span style=\"color: #00c0fd; font-size: 15px;\"><strong>EDUCATIVA<\/strong><\/span><\/p>\n<p>[\/et_pb_text][et_pb_social_media_follow use_icon_font_size=\u00bbon\u00bb icon_font_size=\u00bb22px\u00bb _builder_version=\u00bb3.26.3&#8243; border_radii=\u00bbon|100px|100px|100px|100px\u00bb custom_button=\u00bbon\u00bb module_alignment=\u00bbleft\u00bb custom_margin=\u00bb0%|||0%|false|false\u00bb custom_margin_phone=\u00bb|||0%|false|false\u00bb custom_margin_last_edited=\u00bbon|desktop\u00bb locked=\u00bboff\u00bb][et_pb_social_media_follow_network social_network=\u00bblinkedin\u00bb url=\u00bbhttps:\/\/www.linkedin.com\/in\/jjgaitan\/?locale=de_DE\u00bb _builder_version=\u00bb3.26.3&#8243; background_color=\u00bb#007AB9&#8243; background_enable_color=\u00bbon\u00bb follow_button=\u00bboff\u00bb url_new_window=\u00bbon\u00bb]linkedin[\/et_pb_social_media_follow_network][\/et_pb_social_media_follow][\/et_pb_column][et_pb_column type=\u00bb1_4&#8243; _builder_version=\u00bb4.3.2&#8243;][et_pb_image src=\u00bbhttps:\/\/www.equiposytalentoeventos.com\/corporate-learning\/wp-content\/uploads\/2020\/11\/pedro_cesar_martinez.jpg\u00bb title_text=\u00bbtalentdaybcn20_0003_Ricard-Casas-ISS\u00bb align_phone=\u00bbleft\u00bb align_last_edited=\u00bbon|phone\u00bb _builder_version=\u00bb3.26.3&#8243; max_width=\u00bb100%\u00bb custom_padding=\u00bb|0px||||\u00bb locked=\u00bboff\u00bb][\/et_pb_image][et_pb_text _builder_version=\u00bb3.26.3&#8243; text_font=\u00bb||||||||\u00bb text_text_color=\u00bb#ffffff\u00bb text_line_height=\u00bb28px\u00bb custom_margin=\u00bb|||0%|false|false\u00bb custom_margin_phone=\u00bb|||0%|false|false\u00bb custom_margin_last_edited=\u00bbon|desktop\u00bb text_font_size_last_edited=\u00bbon|desktop\u00bb text_line_height_last_edited=\u00bbon|desktop\u00bb locked=\u00bboff\u00bb]<\/p>\n<p><span style=\"font-size: 24px; color: #00c0fd;\"><strong>Pedro C\u00e9sar Mart\u00ednez<\/strong><\/span><br \/><span style=\"color: #000000;\"><span>Director del M\u00e1ster Universitario de Recursos Humanos<\/span><\/span><br \/><span style=\"color: #00c0fd; font-size: 15px;\"><strong>ICADE BUSINESS SCHOOL<\/strong><\/span><\/p>\n<p>[\/et_pb_text][et_pb_social_media_follow use_icon_font_size=\u00bbon\u00bb icon_font_size=\u00bb22px\u00bb _builder_version=\u00bb3.26.3&#8243; border_radii=\u00bbon|100px|100px|100px|100px\u00bb custom_button=\u00bbon\u00bb module_alignment=\u00bbleft\u00bb custom_margin=\u00bb0%|||0%|false|false\u00bb custom_margin_phone=\u00bb|||0%|false|false\u00bb custom_margin_last_edited=\u00bbon|desktop\u00bb locked=\u00bboff\u00bb][et_pb_social_media_follow_network social_network=\u00bblinkedin\u00bb url=\u00bbhttps:\/\/www.linkedin.com\/in\/pedro-c\u00e9sar-mart\u00ednez-mor\u00e1n-b45a58\/\u00bb _builder_version=\u00bb3.26.3&#8243; background_color=\u00bb#007AB9&#8243; background_enable_color=\u00bbon\u00bb follow_button=\u00bboff\u00bb url_new_window=\u00bbon\u00bb]linkedin[\/et_pb_social_media_follow_network][et_pb_social_media_follow_network social_network=\u00bbtwitter\u00bb url=\u00bbhttps:\/\/twitter.com\/UCOMILLAS\u00bb _builder_version=\u00bb3.26.3&#8243; background_color=\u00bb#00aced\u00bb custom_margin=\u00bb|||4%|false|false\u00bb follow_button=\u00bboff\u00bb url_new_window=\u00bbon\u00bb]twitter[\/et_pb_social_media_follow_network][\/et_pb_social_media_follow][\/et_pb_column][et_pb_column type=\u00bb1_4&#8243; _builder_version=\u00bb4.3.2&#8243;][et_pb_image src=\u00bbhttps:\/\/www.equiposytalentoeventos.com\/corporate-learning\/wp-content\/uploads\/2020\/11\/ricardo_devai.jpg\u00bb title_text=\u00bbtalentdaybcn20_0003_Ricard-Casas-ISS\u00bb align_phone=\u00bbleft\u00bb align_last_edited=\u00bbon|phone\u00bb _builder_version=\u00bb3.26.3&#8243; max_width=\u00bb100%\u00bb custom_padding=\u00bb|0px||||\u00bb locked=\u00bboff\u00bb][\/et_pb_image][et_pb_text _builder_version=\u00bb3.26.3&#8243; text_font=\u00bb||||||||\u00bb text_text_color=\u00bb#ffffff\u00bb text_line_height=\u00bb28px\u00bb custom_margin=\u00bb|||0%|false|false\u00bb custom_margin_phone=\u00bb|||0%|false|false\u00bb custom_margin_last_edited=\u00bbon|desktop\u00bb text_font_size_last_edited=\u00bbon|desktop\u00bb text_line_height_last_edited=\u00bbon|desktop\u00bb locked=\u00bboff\u00bb]<\/p>\n<p><span style=\"font-size: 24px; color: #00c0fd;\"><strong>Ricardo Devai<\/strong><\/span><br \/><span style=\"color: #000000;\"><span>Senior Learning Consultant<\/span><\/span><br \/><span style=\"color: #00c0fd; font-size: 15px;\"><strong>NETEX LEARNING<\/strong><\/span><\/p>\n<p>[\/et_pb_text][et_pb_social_media_follow use_icon_font_size=\u00bbon\u00bb icon_font_size=\u00bb22px\u00bb _builder_version=\u00bb3.26.3&#8243; border_radii=\u00bbon|100px|100px|100px|100px\u00bb custom_button=\u00bbon\u00bb module_alignment=\u00bbleft\u00bb custom_margin=\u00bb0%|||0%|false|false\u00bb custom_margin_phone=\u00bb|||0%|false|false\u00bb custom_margin_last_edited=\u00bbon|desktop\u00bb locked=\u00bboff\u00bb][et_pb_social_media_follow_network social_network=\u00bblinkedin\u00bb url=\u00bbhttps:\/\/www.linkedin.com\/in\/ricardo-devai\/\u00bb _builder_version=\u00bb3.26.3&#8243; background_color=\u00bb#007AB9&#8243; background_enable_color=\u00bbon\u00bb follow_button=\u00bboff\u00bb url_new_window=\u00bbon\u00bb]linkedin[\/et_pb_social_media_follow_network][et_pb_social_media_follow_network social_network=\u00bbtwitter\u00bb url=\u00bbhttps:\/\/twitter.com\/ricardodevai\u00bb _builder_version=\u00bb3.26.3&#8243; background_color=\u00bb#00aced\u00bb custom_margin=\u00bb|||4%|false|false\u00bb follow_button=\u00bboff\u00bb url_new_window=\u00bbon\u00bb]twitter[\/et_pb_social_media_follow_network][\/et_pb_social_media_follow][\/et_pb_column][\/et_pb_row][et_pb_row column_structure=\u00bb1_4,1_4,1_4,1_4&#8243; use_custom_gutter=\u00bbon\u00bb gutter_width=\u00bb2&#8243; custom_padding=\u00bb0px|||0px||\u00bb custom_margin=\u00bb2%|auto||auto|false|false\u00bb make_equal=\u00bbon\u00bb disabled_on=\u00bboff|off|off\u00bb _builder_version=\u00bb3.26.3&#8243; width_phone=\u00bb75%\u00bb width_last_edited=\u00bbon|desktop\u00bb max_width_last_edited=\u00bbon|desktop\u00bb module_alignment=\u00bbcenter\u00bb min_height=\u00bb100px\u00bb custom_margin_phone=\u00bb|auto|0%|auto|false|false\u00bb custom_margin_last_edited=\u00bboff|phone\u00bb][et_pb_column type=\u00bb1_4&#8243; _builder_version=\u00bb4.3.2&#8243;][et_pb_image src=\u00bbhttps:\/\/www.equiposytalentoeventos.com\/corporate-learning\/wp-content\/uploads\/2020\/10\/cl_0000_Max-Hamann.jpg\u00bb title_text=\u00bbtalentdaybcn20_0003_Ricard-Casas-ISS\u00bb align_phone=\u00bbleft\u00bb align_last_edited=\u00bbon|phone\u00bb _builder_version=\u00bb3.26.3&#8243; max_width=\u00bb100%\u00bb custom_padding=\u00bb|0px||||\u00bb locked=\u00bboff\u00bb][\/et_pb_image][et_pb_text _builder_version=\u00bb3.26.3&#8243; text_font=\u00bb||||||||\u00bb text_text_color=\u00bb#ffffff\u00bb text_line_height=\u00bb28px\u00bb custom_margin=\u00bb|||0%|false|false\u00bb custom_margin_phone=\u00bb|||0%|false|false\u00bb custom_margin_last_edited=\u00bbon|desktop\u00bb custom_padding=\u00bb||0px|||\u00bb text_font_size_last_edited=\u00bbon|desktop\u00bb text_line_height_last_edited=\u00bbon|desktop\u00bb locked=\u00bboff\u00bb]<\/p>\n<p><span style=\"font-size: 24px; color: #00c0fd;\"><strong>Max Hamann<\/strong><\/span><br \/><span style=\"color: #000000;\">Gerente de la Oficina de Proyectos e Innovaci\u00f3n<\/span><br \/><span style=\"color: #00c0fd; font-size: 15px;\"><strong>AVANZO<\/strong><\/span><\/p>\n<p>[\/et_pb_text][et_pb_social_media_follow use_icon_font_size=\u00bbon\u00bb icon_font_size=\u00bb22px\u00bb _builder_version=\u00bb3.26.3&#8243; border_radii=\u00bbon|100px|100px|100px|100px\u00bb custom_button=\u00bbon\u00bb module_alignment=\u00bbleft\u00bb custom_margin=\u00bb0%|||0%|false|false\u00bb custom_margin_phone=\u00bb|||0%|false|false\u00bb custom_margin_last_edited=\u00bbon|desktop\u00bb locked=\u00bboff\u00bb][et_pb_social_media_follow_network social_network=\u00bblinkedin\u00bb url=\u00bbhttps:\/\/www.linkedin.com\/in\/max-hamann-587a01b\/\u00bb _builder_version=\u00bb3.26.3&#8243; background_color=\u00bb#007AB9&#8243; background_enable_color=\u00bbon\u00bb follow_button=\u00bboff\u00bb url_new_window=\u00bbon\u00bb]linkedin[\/et_pb_social_media_follow_network][\/et_pb_social_media_follow][\/et_pb_column][et_pb_column type=\u00bb1_4&#8243; _builder_version=\u00bb4.3.2&#8243;][et_pb_image src=\u00bbhttps:\/\/www.equiposytalentoeventos.com\/corporate-learning\/wp-content\/uploads\/2020\/10\/cl_0006_Maria-Sanchez-Arjona.jpg\u00bb title_text=\u00bblaura_santacreu\u00bb align_phone=\u00bbleft\u00bb align_last_edited=\u00bbon|phone\u00bb _builder_version=\u00bb3.26.3&#8243; max_width=\u00bb100%\u00bb custom_padding=\u00bb|0px||||\u00bb locked=\u00bboff\u00bb][\/et_pb_image][et_pb_text _builder_version=\u00bb3.26.3&#8243; text_font=\u00bb||||||||\u00bb text_text_color=\u00bb#ffffff\u00bb text_line_height=\u00bb28px\u00bb custom_margin=\u00bb|||0%|false|false\u00bb custom_margin_phone=\u00bb|||0%|false|false\u00bb custom_margin_last_edited=\u00bbon|desktop\u00bb text_font_size_last_edited=\u00bbon|desktop\u00bb text_line_height_last_edited=\u00bbon|desktop\u00bb locked=\u00bboff\u00bb]<\/p>\n<p><span style=\"font-size: 24px; color: #00c0fd;\"><strong>Mar\u00eda S\u00e1nchez-Arjona<\/strong><\/span><br \/><span style=\"color: #000000;\">Directora General<\/span><br \/><span style=\"color: #00c0fd; font-size: 15px;\"><strong>IDDI<\/strong><\/span><\/p>\n<p>[\/et_pb_text][et_pb_social_media_follow use_icon_font_size=\u00bbon\u00bb icon_font_size=\u00bb22px\u00bb _builder_version=\u00bb3.26.3&#8243; border_radii=\u00bbon|100px|100px|100px|100px\u00bb custom_button=\u00bbon\u00bb module_alignment=\u00bbleft\u00bb custom_margin=\u00bb0%|||0%|false|false\u00bb custom_margin_phone=\u00bb|||0%|false|false\u00bb custom_margin_last_edited=\u00bbon|desktop\u00bb locked=\u00bboff\u00bb][et_pb_social_media_follow_network social_network=\u00bblinkedin\u00bb url=\u00bbhttps:\/\/www.linkedin.com\/in\/mariasanchezarjonabonilla\/\u00bb _builder_version=\u00bb3.26.3&#8243; background_color=\u00bb#007AB9&#8243; background_enable_color=\u00bbon\u00bb follow_button=\u00bboff\u00bb url_new_window=\u00bbon\u00bb]linkedin[\/et_pb_social_media_follow_network][\/et_pb_social_media_follow][\/et_pb_column][et_pb_column type=\u00bb1_4&#8243; _builder_version=\u00bb4.3.2&#8243;][et_pb_image src=\u00bbhttps:\/\/www.equiposytalentoeventos.com\/corporate-learning\/wp-content\/uploads\/2020\/11\/emilio_cuellas.jpg\u00bb title_text=\u00bblaura_santacreu\u00bb align_phone=\u00bbleft\u00bb align_last_edited=\u00bbon|phone\u00bb _builder_version=\u00bb3.26.3&#8243; max_width=\u00bb100%\u00bb custom_padding=\u00bb|0px||||\u00bb locked=\u00bboff\u00bb][\/et_pb_image][et_pb_text _builder_version=\u00bb3.26.3&#8243; text_font=\u00bb||||||||\u00bb text_text_color=\u00bb#ffffff\u00bb text_line_height=\u00bb28px\u00bb custom_margin=\u00bb|||0%|false|false\u00bb custom_margin_phone=\u00bb|||0%|false|false\u00bb custom_margin_last_edited=\u00bbon|desktop\u00bb text_font_size_last_edited=\u00bbon|desktop\u00bb text_line_height_last_edited=\u00bbon|desktop\u00bb locked=\u00bboff\u00bb]<\/p>\n<p><span style=\"font-size: 24px; color: #00c0fd;\"><strong><span>Emilio Cuellas<\/span><\/strong><\/span><br \/><span style=\"color: #000000;\"><span>EMEA Account Manager<\/span><\/span><br \/><span style=\"color: #00c0fd; font-size: 15px;\"><strong><span>CORNERSTONE<\/span><\/strong><\/span><\/p>\n<p>[\/et_pb_text][et_pb_social_media_follow use_icon_font_size=\u00bbon\u00bb icon_font_size=\u00bb22px\u00bb _builder_version=\u00bb3.26.3&#8243; border_radii=\u00bbon|100px|100px|100px|100px\u00bb custom_button=\u00bbon\u00bb module_alignment=\u00bbleft\u00bb custom_margin=\u00bb0%|||0%|false|false\u00bb custom_margin_phone=\u00bb|||0%|false|false\u00bb custom_margin_last_edited=\u00bbon|desktop\u00bb locked=\u00bboff\u00bb][et_pb_social_media_follow_network social_network=\u00bblinkedin\u00bb url=\u00bbhttps:\/\/www.linkedin.com\/in\/emiliocuellas\/\u00bb _builder_version=\u00bb3.26.3&#8243; background_color=\u00bb#007AB9&#8243; background_enable_color=\u00bbon\u00bb follow_button=\u00bboff\u00bb url_new_window=\u00bbon\u00bb]linkedin[\/et_pb_social_media_follow_network][et_pb_social_media_follow_network social_network=\u00bbtwitter\u00bb url=\u00bbhttps:\/\/twitter.com\/emiliocuellas\u00bb _builder_version=\u00bb3.26.3&#8243; background_color=\u00bb#00aced\u00bb custom_margin=\u00bb|||4%|false|false\u00bb follow_button=\u00bboff\u00bb url_new_window=\u00bbon\u00bb]twitter[\/et_pb_social_media_follow_network][\/et_pb_social_media_follow][\/et_pb_column][et_pb_column type=\u00bb1_4&#8243; _builder_version=\u00bb4.3.2&#8243;][et_pb_image src=\u00bbhttps:\/\/www.equiposytalentoeventos.com\/corporate-learning\/wp-content\/uploads\/2020\/11\/jesus_araujo.jpg\u00bb title_text=\u00bbvanessa_berrido\u00bb align_phone=\u00bbleft\u00bb align_last_edited=\u00bbon|phone\u00bb _builder_version=\u00bb3.26.3&#8243; max_width=\u00bb100%\u00bb custom_padding=\u00bb|0px||||\u00bb locked=\u00bboff\u00bb][\/et_pb_image][et_pb_text _builder_version=\u00bb3.26.3&#8243; text_font=\u00bb||||||||\u00bb text_text_color=\u00bb#ffffff\u00bb text_line_height=\u00bb28px\u00bb custom_margin=\u00bb|||0%|false|false\u00bb custom_margin_phone=\u00bb|||0%|false|false\u00bb custom_margin_last_edited=\u00bbon|desktop\u00bb text_font_size_last_edited=\u00bbon|desktop\u00bb text_line_height_last_edited=\u00bbon|desktop\u00bb locked=\u00bboff\u00bb]<\/p>\n<p><span style=\"font-size: 24px; color: #00c0fd;\"><strong>Jes\u00fas Ara\u00fajo<\/strong><\/span><br \/><span style=\"color: #000000;\">CEO<\/span><br \/><span style=\"color: #00c0fd; font-size: 15px;\"><strong>CEGOS ESPA\u00d1A &amp; LATAM<\/strong><\/span><\/p>\n<p>[\/et_pb_text][et_pb_social_media_follow use_icon_font_size=\u00bbon\u00bb icon_font_size=\u00bb22px\u00bb _builder_version=\u00bb3.26.3&#8243; border_radii=\u00bbon|100px|100px|100px|100px\u00bb custom_button=\u00bbon\u00bb module_alignment=\u00bbleft\u00bb custom_margin=\u00bb0%|||0%|false|false\u00bb custom_margin_phone=\u00bb|||0%|false|false\u00bb custom_margin_last_edited=\u00bbon|desktop\u00bb locked=\u00bboff\u00bb][et_pb_social_media_follow_network social_network=\u00bblinkedin\u00bb url=\u00bbhttps:\/\/www.linkedin.com\/in\/jesusaraujo\/\u00bb _builder_version=\u00bb3.26.3&#8243; background_color=\u00bb#007AB9&#8243; background_enable_color=\u00bbon\u00bb follow_button=\u00bboff\u00bb url_new_window=\u00bbon\u00bb]linkedin[\/et_pb_social_media_follow_network][et_pb_social_media_follow_network social_network=\u00bbtwitter\u00bb url=\u00bbhttps:\/\/twitter.com\/Jaraujo_cegos\u00bb _builder_version=\u00bb3.26.3&#8243; background_color=\u00bb#00aced\u00bb custom_margin=\u00bb|||4%|false|false\u00bb follow_button=\u00bboff\u00bb url_new_window=\u00bbon\u00bb]twitter[\/et_pb_social_media_follow_network][\/et_pb_social_media_follow][\/et_pb_column][\/et_pb_row][\/et_pb_section][et_pb_section fb_built=\u00bb1&#8243; custom_padding_last_edited=\u00bbon|desktop\u00bb _builder_version=\u00bb3.26.3&#8243; background_image=\u00bbhttps:\/\/www.equiposytalentoeventos.com\/corporate-learning\/wp-content\/uploads\/2020\/10\/48952859137_7b1496cb57_5k.jpg\u00bb parallax=\u00bbon\u00bb custom_margin=\u00bb10%||||false|false\u00bb custom_margin_phone=\u00bb||0%||false|false\u00bb custom_margin_last_edited=\u00bbon|desktop\u00bb custom_padding=\u00bb||25%||false|false\u00bb custom_padding_phone=\u00bb||0%||false|false\u00bb background_last_edited=\u00bbon|phone\u00bb background_enable_image_phone=\u00bboff\u00bb][et_pb_row custom_padding=\u00bb5%|5%||5%\u00bb custom_padding_phone=\u00bb3%|0%||10%|false|false\u00bb custom_margin=\u00bb-13%||||false|false\u00bb custom_padding_last_edited=\u00bbon|phone\u00bb disabled_on=\u00bbon|on|on\u00bb _builder_version=\u00bb3.26.3&#8243; background_color=\u00bb#005874&#8243; width_tablet=\u00bb85%\u00bb width_phone=\u00bb100%\u00bb width_last_edited=\u00bbon|phone\u00bb disabled=\u00bbon\u00bb][et_pb_column type=\u00bb4_4&#8243; _builder_version=\u00bb3.25.4&#8243;][et_pb_text _builder_version=\u00bb3.26.3&#8243; text_font=\u00bbUnivers LT 75 Black||||||||\u00bb text_text_align=\u00bbleft\u00bb text_text_color=\u00bb#ffffff\u00bb text_font_size=\u00bb42px\u00bb text_line_height=\u00bb90px\u00bb width_phone=\u00bb100%\u00bb width_last_edited=\u00bbon|desktop\u00bb custom_margin=\u00bb||5%||false|false\u00bb custom_margin_phone=\u00bb7%||5%||false|false\u00bb custom_margin_last_edited=\u00bbon|phone\u00bb text_font_size_phone=\u00bb36px\u00bb text_font_size_last_edited=\u00bbon|desktop\u00bb text_line_height_phone=\u00bb54px\u00bb text_line_height_last_edited=\u00bbon|desktop\u00bb text_orientation_last_edited=\u00bbon|desktop\u00bb]<\/p>\n<p>Inscr\u00edbete a Corporate Learning online<\/p>\n<p>[\/et_pb_text][\/et_pb_column][\/et_pb_row][et_pb_row column_structure=\u00bb1_2,1_2&#8243; custom_padding=\u00bb0%|5%|6.5%|5%||\u00bb custom_padding_phone=\u00bb|10%|7%|10%|false|false\u00bb custom_margin=\u00bb||\u00bb custom_padding_last_edited=\u00bbon|desktop\u00bb disabled_on=\u00bbon|on|on\u00bb module_id=\u00bbinscribete\u00bb _builder_version=\u00bb3.26.3&#8243; background_color=\u00bb#005874&#8243; box_shadow_style=\u00bbpreset3&#8243; width_tablet=\u00bb85%\u00bb width_phone=\u00bb100%\u00bb width_last_edited=\u00bbon|phone\u00bb disabled=\u00bbon\u00bb][et_pb_column type=\u00bb1_2&#8243; _builder_version=\u00bb3.25.4&#8243;][et_pb_text _builder_version=\u00bb3.26.3&#8243; text_font=\u00bbUnivers||||||||\u00bb text_text_color=\u00bb#ffffff\u00bb text_font_size=\u00bb16px\u00bb text_line_height=\u00bb26px\u00bb custom_margin=\u00bb0.7%|||||\u00bb custom_margin_phone=\u00bb0%||10%||false|false\u00bb custom_margin_last_edited=\u00bbon|phone\u00bb text_font_size_last_edited=\u00bbon|desktop\u00bb text_line_height_last_edited=\u00bbon|desktop\u00bb]<\/p>\n<p>La Inscripci\u00f3n al Corporate LearningDay va dirigida exclusivamente a Directivos del \u00e1rea de Recursos Humanos de empresas, acreditando dicha condici\u00f3n.<\/p>\n<p>El evento no va dirigido a proveedores de servicios de recursos humanos.<\/p>\n<p>La organizaci\u00f3n no permitir\u00e1 la asistencia a personas de Consultoras y empresas proveedoras de servicios. En tal caso, s\u00f3lo se permitir\u00e1 el acceso a los representantes de las empresas patrocinadoras.<\/p>\n<p><strong>* Los datos de acceso online a la jornada se enviar\u00e1n a trav\u00e9s del correo electr\u00f3nico y de un SMS enviado al tel\u00e9fono m\u00f3vil indicado en el formulario de inscripci\u00f3n.<\/strong><\/p>\n<p>[\/et_pb_text][et_pb_contact_form captcha=\u00bboff\u00bb email=\u00bbcomunicacion@custommedia.es\u00bb success_message=\u00bbGracias por el inter\u00e9s. En unos d\u00edas le confirmaremos su plaza en Corporate Learning Day20&#8243; submit_button_text=\u00bbENVIAR\u00bb disabled_on=\u00bbon|on|on\u00bb _builder_version=\u00bb3.26.3&#8243; form_field_background_color=\u00bbrgba(255,255,255,0.3)\u00bb form_field_text_color=\u00bb#ffffff\u00bb form_field_focus_background_color=\u00bb#ffffff\u00bb form_field_focus_text_color=\u00bb#000000&#8243; form_field_custom_margin_phone=\u00bb4%||4%||false|false\u00bb form_field_custom_margin_last_edited=\u00bbon|phone\u00bb form_field_font=\u00bbUnivers||||||||\u00bb form_field_font_size=\u00bb20px\u00bb custom_button=\u00bbon\u00bb button_text_size=\u00bb48px\u00bb button_text_color=\u00bb#02394A\u00bb button_bg_color=\u00bb#ffffff\u00bb button_border_width=\u00bb0px\u00bb button_border_radius=\u00bb0px\u00bb button_font=\u00bbUnivers LT 75 Black||||||||\u00bb button_use_icon=\u00bboff\u00bb button_custom_margin=\u00bb-20%|-100%|||false|false\u00bb button_custom_margin_tablet=\u00bb7%|25%|5%||false|false\u00bb button_custom_margin_phone=\u00bb15%|15%|15%||false|false\u00bb button_custom_margin_last_edited=\u00bbon|phone\u00bb button_custom_padding=\u00bb||||false|false\u00bb custom_margin_last_edited=\u00bbon|phone\u00bb custom_padding=\u00bb||0px|||\u00bb form_field_font_size_last_edited=\u00bbon|desktop\u00bb button_text_size_tablet=\u00bb42px\u00bb button_text_size_phone=\u00bb36px\u00bb button_text_size_last_edited=\u00bbon|phone\u00bb button_text_color_last_edited=\u00bboff|desktop\u00bb custom_css_main_element=\u00bbclass=%22et-pb-contact-message%22||color:#ffffff;||\u00bb custom_css_contact_button=\u00bb||\u00bb disabled=\u00bbon\u00bb button_text_color__hover_enabled=\u00bbon\u00bb button_text_color__hover=\u00bb#ffffff\u00bb button_bg_color__hover_enabled=\u00bbon\u00bb button_bg_color__hover=\u00bb#00C0FD\u00bb button_bg_enable_color__hover=\u00bbon\u00bb button_text_size__hover_enabled=\u00bbon\u00bb button_text_size__hover=\u00bb48px\u00bb button_border_radius__hover_enabled=\u00bbon\u00bb button_border_radius__hover=\u00bb0px\u00bb][et_pb_contact_field field_id=\u00bbName\u00bb field_title=\u00bbNombre\u00bb _builder_version=\u00bb3.26.3&#8243; border_radii=\u00bbon||||\u00bb button_text_size__hover_enabled=\u00bboff\u00bb button_one_text_size__hover_enabled=\u00bboff\u00bb button_two_text_size__hover_enabled=\u00bboff\u00bb button_text_color__hover_enabled=\u00bboff\u00bb button_one_text_color__hover_enabled=\u00bboff\u00bb button_two_text_color__hover_enabled=\u00bboff\u00bb button_border_width__hover_enabled=\u00bboff\u00bb button_one_border_width__hover_enabled=\u00bboff\u00bb button_two_border_width__hover_enabled=\u00bboff\u00bb button_border_color__hover_enabled=\u00bboff\u00bb button_one_border_color__hover_enabled=\u00bboff\u00bb button_two_border_color__hover_enabled=\u00bboff\u00bb button_border_radius__hover_enabled=\u00bboff\u00bb button_one_border_radius__hover_enabled=\u00bboff\u00bb button_two_border_radius__hover_enabled=\u00bboff\u00bb button_letter_spacing__hover_enabled=\u00bboff\u00bb button_one_letter_spacing__hover_enabled=\u00bboff\u00bb button_two_letter_spacing__hover_enabled=\u00bboff\u00bb button_bg_color__hover_enabled=\u00bboff\u00bb button_one_bg_color__hover_enabled=\u00bboff\u00bb button_two_bg_color__hover_enabled=\u00bboff\u00bb][\/et_pb_contact_field][et_pb_contact_field field_id=\u00bbLastname\u00bb field_title=\u00bbApellidos\u00bb _builder_version=\u00bb3.26.3&#8243; border_radii=\u00bbon||||\u00bb button_text_size__hover_enabled=\u00bboff\u00bb button_one_text_size__hover_enabled=\u00bboff\u00bb button_two_text_size__hover_enabled=\u00bboff\u00bb button_text_color__hover_enabled=\u00bboff\u00bb button_one_text_color__hover_enabled=\u00bboff\u00bb button_two_text_color__hover_enabled=\u00bboff\u00bb button_border_width__hover_enabled=\u00bboff\u00bb button_one_border_width__hover_enabled=\u00bboff\u00bb button_two_border_width__hover_enabled=\u00bboff\u00bb button_border_color__hover_enabled=\u00bboff\u00bb button_one_border_color__hover_enabled=\u00bboff\u00bb button_two_border_color__hover_enabled=\u00bboff\u00bb button_border_radius__hover_enabled=\u00bboff\u00bb button_one_border_radius__hover_enabled=\u00bboff\u00bb button_two_border_radius__hover_enabled=\u00bboff\u00bb button_letter_spacing__hover_enabled=\u00bboff\u00bb button_one_letter_spacing__hover_enabled=\u00bboff\u00bb button_two_letter_spacing__hover_enabled=\u00bboff\u00bb button_bg_color__hover_enabled=\u00bboff\u00bb button_one_bg_color__hover_enabled=\u00bboff\u00bb button_two_bg_color__hover_enabled=\u00bboff\u00bb][\/et_pb_contact_field][et_pb_contact_field field_id=\u00bbBusiness\u00bb field_title=\u00bbEmpresa\u00bb _builder_version=\u00bb3.26.3&#8243; border_radii=\u00bbon||||\u00bb button_text_size__hover_enabled=\u00bboff\u00bb button_one_text_size__hover_enabled=\u00bboff\u00bb button_two_text_size__hover_enabled=\u00bboff\u00bb button_text_color__hover_enabled=\u00bboff\u00bb button_one_text_color__hover_enabled=\u00bboff\u00bb button_two_text_color__hover_enabled=\u00bboff\u00bb button_border_width__hover_enabled=\u00bboff\u00bb button_one_border_width__hover_enabled=\u00bboff\u00bb button_two_border_width__hover_enabled=\u00bboff\u00bb button_border_color__hover_enabled=\u00bboff\u00bb button_one_border_color__hover_enabled=\u00bboff\u00bb button_two_border_color__hover_enabled=\u00bboff\u00bb button_border_radius__hover_enabled=\u00bboff\u00bb button_one_border_radius__hover_enabled=\u00bboff\u00bb button_two_border_radius__hover_enabled=\u00bboff\u00bb button_letter_spacing__hover_enabled=\u00bboff\u00bb button_one_letter_spacing__hover_enabled=\u00bboff\u00bb button_two_letter_spacing__hover_enabled=\u00bboff\u00bb button_bg_color__hover_enabled=\u00bboff\u00bb button_one_bg_color__hover_enabled=\u00bboff\u00bb button_two_bg_color__hover_enabled=\u00bboff\u00bb][\/et_pb_contact_field][et_pb_contact_field field_id=\u00bbCharge\u00bb field_title=\u00bbCargo\u00bb _builder_version=\u00bb3.26.3&#8243; border_radii=\u00bbon||||\u00bb button_text_size__hover_enabled=\u00bboff\u00bb button_one_text_size__hover_enabled=\u00bboff\u00bb button_two_text_size__hover_enabled=\u00bboff\u00bb button_text_color__hover_enabled=\u00bboff\u00bb button_one_text_color__hover_enabled=\u00bboff\u00bb button_two_text_color__hover_enabled=\u00bboff\u00bb button_border_width__hover_enabled=\u00bboff\u00bb button_one_border_width__hover_enabled=\u00bboff\u00bb button_two_border_width__hover_enabled=\u00bboff\u00bb button_border_color__hover_enabled=\u00bboff\u00bb button_one_border_color__hover_enabled=\u00bboff\u00bb button_two_border_color__hover_enabled=\u00bboff\u00bb button_border_radius__hover_enabled=\u00bboff\u00bb button_one_border_radius__hover_enabled=\u00bboff\u00bb button_two_border_radius__hover_enabled=\u00bboff\u00bb button_letter_spacing__hover_enabled=\u00bboff\u00bb button_one_letter_spacing__hover_enabled=\u00bboff\u00bb button_two_letter_spacing__hover_enabled=\u00bboff\u00bb button_bg_color__hover_enabled=\u00bboff\u00bb button_one_bg_color__hover_enabled=\u00bboff\u00bb button_two_bg_color__hover_enabled=\u00bboff\u00bb][\/et_pb_contact_field][et_pb_contact_field field_id=\u00bbPhone\u00bb field_title=\u00bbM\u00f3vil*\u00bb allowed_symbols=\u00bbnumbers\u00bb _builder_version=\u00bb3.26.3&#8243; border_radii=\u00bbon||||\u00bb button_text_size__hover_enabled=\u00bboff\u00bb button_one_text_size__hover_enabled=\u00bboff\u00bb button_two_text_size__hover_enabled=\u00bboff\u00bb button_text_color__hover_enabled=\u00bboff\u00bb button_one_text_color__hover_enabled=\u00bboff\u00bb button_two_text_color__hover_enabled=\u00bboff\u00bb button_border_width__hover_enabled=\u00bboff\u00bb button_one_border_width__hover_enabled=\u00bboff\u00bb button_two_border_width__hover_enabled=\u00bboff\u00bb button_border_color__hover_enabled=\u00bboff\u00bb button_one_border_color__hover_enabled=\u00bboff\u00bb button_two_border_color__hover_enabled=\u00bboff\u00bb button_border_radius__hover_enabled=\u00bboff\u00bb button_one_border_radius__hover_enabled=\u00bboff\u00bb button_two_border_radius__hover_enabled=\u00bboff\u00bb button_letter_spacing__hover_enabled=\u00bboff\u00bb button_one_letter_spacing__hover_enabled=\u00bboff\u00bb button_two_letter_spacing__hover_enabled=\u00bboff\u00bb button_bg_color__hover_enabled=\u00bboff\u00bb button_one_bg_color__hover_enabled=\u00bboff\u00bb button_two_bg_color__hover_enabled=\u00bboff\u00bb][\/et_pb_contact_field][et_pb_contact_field field_id=\u00bbEmail\u00bb field_title=\u00bbEmail\u00bb field_type=\u00bbemail\u00bb _builder_version=\u00bb3.26.3&#8243; border_radii=\u00bbon||||\u00bb button_text_size__hover_enabled=\u00bboff\u00bb button_one_text_size__hover_enabled=\u00bboff\u00bb button_two_text_size__hover_enabled=\u00bboff\u00bb button_text_color__hover_enabled=\u00bboff\u00bb button_one_text_color__hover_enabled=\u00bboff\u00bb button_two_text_color__hover_enabled=\u00bboff\u00bb button_border_width__hover_enabled=\u00bboff\u00bb button_one_border_width__hover_enabled=\u00bboff\u00bb button_two_border_width__hover_enabled=\u00bboff\u00bb button_border_color__hover_enabled=\u00bboff\u00bb button_one_border_color__hover_enabled=\u00bboff\u00bb button_two_border_color__hover_enabled=\u00bboff\u00bb button_border_radius__hover_enabled=\u00bboff\u00bb button_one_border_radius__hover_enabled=\u00bboff\u00bb button_two_border_radius__hover_enabled=\u00bboff\u00bb button_letter_spacing__hover_enabled=\u00bboff\u00bb button_one_letter_spacing__hover_enabled=\u00bboff\u00bb button_two_letter_spacing__hover_enabled=\u00bboff\u00bb button_bg_color__hover_enabled=\u00bboff\u00bb button_one_bg_color__hover_enabled=\u00bboff\u00bb button_two_bg_color__hover_enabled=\u00bboff\u00bb][\/et_pb_contact_field][et_pb_contact_field field_id=\u00bbCheckbox1&#8243; field_title=\u00bb \u00bb field_type=\u00bbcheckbox\u00bb checkbox_options=\u00bb%91{%22value%22:%22Consiento al tratamiento de mis datos por parte de CUSTOMMEDIA, S.L. para las finalidades definidas en los apartados siguientes. %22,%22checked%22:0,%22dragID%22:-1}%93&#8243; required_mark=\u00bboff\u00bb fullwidth_field=\u00bbon\u00bb _builder_version=\u00bb3.26.3&#8243; form_field_text_color=\u00bb#ffffff\u00bb form_field_font_size=\u00bb16px\u00bb custom_margin=\u00bb||||false|false\u00bb custom_margin_last_edited=\u00bbon|desktop\u00bb custom_padding=\u00bb5%||||false|false\u00bb form_field_font_size_last_edited=\u00bbon|desktop\u00bb][\/et_pb_contact_field][et_pb_contact_field field_id=\u00bbCheckbox2&#8243; field_title=\u00bb \u00bb field_type=\u00bbcheckbox\u00bb checkbox_options=\u00bb%91{%22value%22:%22Consiento al tratamiento de mis datos seg\u00fan la Pol\u00edtica de privacidad de CUSTOMMEDIA, S.L. con la finalidad de gestionar la inscripci\u00f3n al evento. Puede ejercer los derechos de acceso, rectificaci\u00f3n, supresi\u00f3n, portabilidad, limitaci\u00f3n y oposici\u00f3n, como le informamos en nuestra%22,%22checked%22:0,%22dragID%22:-1,%22link_text%22:%22Pol\u00edtica de Privacidad.%22,%22link_url%22:%22https:\/\/www.equiposytalentoeventos.com\/PoliticaPrivacidad.pdf%22}%93&#8243; fullwidth_field=\u00bbon\u00bb _builder_version=\u00bb3.26.3&#8243; form_field_text_color=\u00bb#ffffff\u00bb form_field_font_size=\u00bb16px\u00bb link_option_url_new_window=\u00bbon\u00bb form_field_font_size_last_edited=\u00bbon|desktop\u00bb][\/et_pb_contact_field][et_pb_contact_field field_id=\u00bbCheckbox3&#8243; field_title=\u00bb \u00bb field_type=\u00bbcheckbox\u00bb checkbox_options=\u00bb%91{%22value%22:%22Acepto la comunicaci\u00f3n de mis datos a las empresas patrocinadoras para recibir informaci\u00f3n de sus productos y servicios. %22,%22checked%22:0,%22dragID%22:-1}%93&#8243; required_mark=\u00bboff\u00bb fullwidth_field=\u00bbon\u00bb _builder_version=\u00bb3.26.3&#8243; form_field_text_color=\u00bb#ffffff\u00bb form_field_font_size=\u00bb16px\u00bb form_field_font_size_last_edited=\u00bbon|desktop\u00bb][\/et_pb_contact_field][\/et_pb_contact_form][\/et_pb_column][et_pb_column type=\u00bb1_2&#8243; _builder_version=\u00bb3.25.4&#8243;][et_pb_button button_url=\u00bbhttps:\/\/www.equiposytalentolive.com\u00bb url_new_window=\u00bbon\u00bb button_text=\u00bbINSCR\u00cdBETE\u00bb disabled_on=\u00bboff|off|off\u00bb _builder_version=\u00bb3.26.3&#8243; custom_button=\u00bbon\u00bb button_text_size=\u00bb36px\u00bb button_bg_color=\u00bb#00c0fd\u00bb button_border_width=\u00bb0px\u00bb button_border_radius=\u00bb0px\u00bb button_font=\u00bbUnivers LT 75 Black||||||||\u00bb button_use_icon=\u00bboff\u00bb background_layout=\u00bbdark\u00bb custom_margin=\u00bb21%|||8%|false|false\u00bb custom_margin_tablet=\u00bb0%||||false|false\u00bb custom_margin_phone=\u00bb0%|10%||10%|false|false\u00bb custom_margin_last_edited=\u00bbon|desktop\u00bb custom_padding=\u00bb6%|12%|6%|12%|false|false\u00bb][\/et_pb_button][\/et_pb_column][\/et_pb_row][\/et_pb_section][et_pb_section fb_built=\u00bb1&#8243; _builder_version=\u00bb3.26.3&#8243; background_color=\u00bb#02394a\u00bb custom_margin=\u00bb0px||0px||false|false\u00bb custom_padding=\u00bb0px||0%||false|false\u00bb][et_pb_row module_id=\u00bbcontacto\u00bb _builder_version=\u00bb3.26.3&#8243;][et_pb_column type=\u00bb4_4&#8243; _builder_version=\u00bb3.26.3&#8243;][et_pb_text _builder_version=\u00bb3.26.3&#8243; text_text_align=\u00bbcenter\u00bb text_text_color=\u00bb#ffffff\u00bb text_font_size=\u00bb24px\u00bb custom_margin=\u00bb6%||6%||false|false\u00bb]comunicaci\u00f3n@equiposytalento.com[\/et_pb_text][\/et_pb_column][\/et_pb_row][\/et_pb_section]<\/p>\n","protected":false},"excerpt":{"rendered":"<p>CORPORATE LEARNING DAY 2025 de Noviembre de 2020 #CorporateLearning20 Retransmisi\u00f3n en Streaming desde el Museo Reina Sof\u00eda &nbsp;INSCR\u00cdBETE25 de Noviembre de 2020 Museo Reina Sof\u00eda (Madrid) #CorporateLearning20FORMACI\u00d3N, DESARROLLO Y APRENDIZAJEPrincipales tendencias en aprendizaje corporativoLEARNING \u00b7 Corporate Training Journey \u00b7 Learning Experience \u00b7 Game thinking learning \u00b7 LearnabilityDEVELOPMENT \u00b7 Aprendizaje viral y social learning \u00b7 Mobile [&hellip;]<\/p>\n","protected":false},"author":1,"featured_media":0,"parent":0,"menu_order":0,"comment_status":"closed","ping_status":"closed","template":"","meta":{"_et_pb_use_builder":"on","_et_pb_old_content":"","_et_gb_content_width":"","footnotes":""},"_links":{"self":[{"href":"https:\/\/www.equiposytalentoeventos.com\/corporate-learning\/wp-json\/wp\/v2\/pages\/10018"}],"collection":[{"href":"https:\/\/www.equiposytalentoeventos.com\/corporate-learning\/wp-json\/wp\/v2\/pages"}],"about":[{"href":"https:\/\/www.equiposytalentoeventos.com\/corporate-learning\/wp-json\/wp\/v2\/types\/page"}],"author":[{"embeddable":true,"href":"https:\/\/www.equiposytalentoeventos.com\/corporate-learning\/wp-json\/wp\/v2\/users\/1"}],"replies":[{"embeddable":true,"href":"https:\/\/www.equiposytalentoeventos.com\/corporate-learning\/wp-json\/wp\/v2\/comments?post=10018"}],"version-history":[{"count":131,"href":"https:\/\/www.equiposytalentoeventos.com\/corporate-learning\/wp-json\/wp\/v2\/pages\/10018\/revisions"}],"predecessor-version":[{"id":16818,"href":"https:\/\/www.equiposytalentoeventos.com\/corporate-learning\/wp-json\/wp\/v2\/pages\/10018\/revisions\/16818"}],"wp:attachment":[{"href":"https:\/\/www.equiposytalentoeventos.com\/corporate-learning\/wp-json\/wp\/v2\/media?parent=10018"}],"curies":[{"name":"wp","href":"https:\/\/api.w.org\/{rel}","templated":true}]}}